{"id":2876,"date":"2018-08-04T17:47:50","date_gmt":"2018-08-04T15:47:50","guid":{"rendered":"https:\/\/www.topohvar.at\/?page_id=2876"},"modified":"2025-05-18T16:48:45","modified_gmt":"2025-05-18T14:48:45","slug":"sg-ip-04-2","status":"publish","type":"page","link":"https:\/\/www.topohvar.at\/topo\/orte\/sg\/sg-ip-04-2\/","title":{"rendered":"STARI GRAD &#8211; Informativna plo\u010da \u00bbput Demetrija Farskog\u00ab"},"content":{"rendered":"<p><a name=\"seite_oben\"><\/a><br \/>\n<img loading=\"lazy\" decoding=\"async\" class=\"alignnone wp-image-2858 size-large\" src=\"https:\/\/www.topohvar.at\/wp-content\/uploads\/2018\/08\/SG-IP-04-1-1024x503.jpg\" alt=\"\" width=\"640\" height=\"314\" srcset=\"https:\/\/www.topohvar.at\/wp-content\/uploads\/2018\/08\/SG-IP-04-1-1024x503.jpg 1024w, https:\/\/www.topohvar.at\/wp-content\/uploads\/2018\/08\/SG-IP-04-1-300x147.jpg 300w, https:\/\/www.topohvar.at\/wp-content\/uploads\/2018\/08\/SG-IP-04-1-768x377.jpg 768w\" sizes=\"auto, (max-width: 640px) 100vw, 640px\" \/><\/p>\n<p><strong>Ime \/ Name<br \/>\n<\/strong>Informativna plo\u010da \u00bbput Demetrija Farskog\u00ab \/ Hauptweg der griechischen Landteilung<\/p>\n<p><strong>Code: <\/strong>SG-IP-04\u00a0 \u00a0 \u00a0 \u00a0 \u00a0 \u00a0 \u00a0 \u00a0 \u00a0 \u00a0 \u00a0 \u00a0 \u00a0 \u00a0 \u00a0 \u00a0 \u00a0 \u00a0\u00a0<strong><a href=\"https:\/\/www.topohvar.at\/orte\/sg\/sg-ip-03-2\/\"><img loading=\"lazy\" decoding=\"async\" class=\"alignnone wp-image-533 size-full\" src=\"https:\/\/www.topohvar.at\/wp-content\/uploads\/2018\/07\/push-l-30.jpg\" alt=\"\" width=\"61\" height=\"30\" \/><\/a> <a href=\"https:\/\/www.topohvar.at\/orte\/sg\/\"><img loading=\"lazy\" decoding=\"async\" class=\"alignnone wp-image-535 size-full\" src=\"https:\/\/www.topohvar.at\/wp-content\/uploads\/2018\/07\/push-o-30.jpg\" alt=\"\" width=\"61\" height=\"30\" \/><\/a> <a href=\"https:\/\/www.topohvar.at\/orte\/sg\/sg-ip-22-1\/\"><img loading=\"lazy\" decoding=\"async\" class=\"alignnone wp-image-536 size-full\" src=\"https:\/\/www.topohvar.at\/wp-content\/uploads\/2018\/07\/push-r-30.jpg\" alt=\"\" width=\"61\" height=\"30\" \/><\/a>\u00a0<a href=\"https:\/\/www.topohvar.at\/orte\/sg\/sg-is-19-2\/\"><img loading=\"lazy\" decoding=\"async\" class=\"alignnone wp-image-12299 size-full\" src=\"https:\/\/www.topohvar.at\/wp-content\/uploads\/2018\/09\/push-next-30.jpg\" alt=\"\" width=\"61\" height=\"30\" \/><\/a>\u00a0<\/strong><\/p>\n<hr \/>\n<p><strong>Adresa \/ Adresse<br \/>\n<\/strong>Stari Grad, Put Gospojice<\/p>\n<p><strong>Lokacija \/ Position<a href=\"https:\/\/goo.gl\/maps\/tZu3He17jwEaftb7A\"><img loading=\"lazy\" decoding=\"async\" class=\"alignright wp-image-2916\" src=\"https:\/\/www.topohvar.at\/wp-content\/uploads\/2018\/08\/0556.jpg\" alt=\"\" width=\"134\" height=\"100\" \/><\/a><br \/>\n<\/strong><span style=\"color: #3366ff;\"><a style=\"color: #3366ff;\" href=\"https:\/\/goo.gl\/maps\/tZu3He17jwEaftb7A\">Latitude: N 43,18579\u00b0\u00a0 \u00a0Longitude: E 16,60867\u00b0<\/a> <\/span><strong><br \/>\n<\/strong>Visina \/ H\u00f6he: 11 m<\/p>\n<p><strong>Katastarska \u010destica \/ Grundst\u00fccke<br \/>\n<\/strong>6328, 10689\/1<div class='content-column one_half'><div style=\"padding-right:6px;\"><p><strong>Datum snimanja \/ Erfassungsdatum<br \/>\n<\/strong>02.10.2013 10:47:04<\/p>\n<hr \/>\n<p><strong>Informacije<\/strong><\/p>\n<p>Ovaj glavni pravac gr\u010dke podjele zemlji\u0161ta Starogradskog polja nazvan je u \u010dast Demetrija Farskog, najistaknutije povijesne osobe koja je potekla s ovih prostora. On je saveznik ilirske kraljice Teute, koja krajem III. st. pr. Kr. kontrolira veliki dio Jadranske obale, te osvaja i neke gr\u010dke gradove. Ilirsko gusarenje i ometanje trgovine nagna Rim, tada rastu\u0107a snagu na Sredozemlju da 229. g. pr.Kr.prvi puta po\u0161alje svoju flotu da pokori Ilirik.<\/p><\/div><\/div><div class='content-column one_half last_column'><div style=\"padding-right:0px;padding-left:6px;\"><p><strong>Stupanj za\u0161tite \/ Schutzstellung<br \/>\n<\/strong>&#8211;<\/p>\n<hr \/>\n<p><strong>Info<\/strong><\/p>\n<p>Die Hauptrichtung der griechischen Landteilung im Stari Grader Feld wurde nach Demetrios von Pharos, der bedeutendsten historischen Pers\u00f6nlichkeit die aus dieser Gegend kam, benannt. Er war Verb\u00fcndeter der illyrischen K\u00f6nigin Teuta, die am Ende des 3. Jh. v. Chr. einen gro\u00dfen Teil der Adria-K\u00fcste kontrollierte, und einige griechische St\u00e4dte gewann. Illyrischen Piraterie und eine Unterbrechung des Handels veranlassten Rom, das eine wachsende Kraft im Mittelmeer wurde, im Jahre 229 v. Chr. seine Flotte nach Illyrien zu senden um dieses zu erobern.<\/p><\/div><\/div><div class='clear_column'><\/div><div class='content-column one_half'><div style=\"padding-right:6px;\"><p>Budu\u0107i da je Demetrije tada pre\u0161ao na rimsku stranu, oni ga postave za vladara Ilirije. U deset godina vladanja Demetrije je obnovio ilirsku mo\u0107, pa se odmetnuo, prekr\u0161io sporazume sklopljene s Rimom te napadeo gradove saveznike i gusario. To je dovelo do II. ilirskog rata 219. g. pr. Kr. U kojem su Rimljani slomili njegovu mo\u0107, pokoriv\u0161i ga u velikoj bitci koja se odigrala u rodnom mu Farosu.<\/p><\/div><\/div><div class='content-column one_half last_column'><div style=\"padding-right:0px;padding-left:6px;\"><p>Demetrius wechselte auf die r\u00f6mische Seite und wurde zum Herrscher Illyriens ernannt. In den folgenden zehn Regierungsjahren erneuert Demetrius die illyrischen Kr\u00e4fte, wurde abtr\u00fcnnig, verletzte die mit Rom geschlossenen Abkommen, \u00fcberfiel verb\u00fcndete St\u00e4dte und raubte. Dies hat zum II. illyrischen Krieg im Jahr 219 v. Chr. gef\u00fchrt, in dem die R\u00f6mer seine Macht brachen und in einer gro\u00dfen Schlacht, die in seiner Heimat stattfand Pharos eroberten.<\/p><\/div><\/div><div class='clear_column'><\/div><div class='content-column one_half'><div style=\"padding-right:6px;\"><p>Demetrije Hvaranin je jedina osoba iz Farosa\u00a0 spomenuta u anti\u010dkim pisanim izvorima. Demetrije je igrao va\u017enu ulogu tijekom dvaju ilirskih ratova koje je Rim pobjedonosno zavr\u0161io u 229. i 219. godini pr. Kr. Bio je on najprije saveznik ilirskog kralja Agrona koji je kontrolirao teritorij od Kerkire (Krfa) do Farosa. Nakon Agronove smrti Demetrije se povezao s Teutom, Agronovom \u017eenom. Ona ga je imenovala guvernerom Kerkiru, nakon njegovih uspje\u0161nih plja\u010dka\u0161kih napada u Epiru i Peloponezu. To je bilo 230. godine pr. Kr. Kad su Iliri zaposjeli Kerkiru, blokirali su Otrantska vrata i to je potaknulo Rim da prije\u0111e tjesnac i napadne Kerkiru. Demetrije se u Kerkiri predao Rimljanima bez borbe, okrenuv\u0161i le\u0111a Teuti. Ona je izgubila gotovo cijeli teritorij, a Demetrije je bio imenovan od Rima da upravlja tim podru\u010djem.<\/p><\/div><\/div><div class='content-column one_half last_column'><div style=\"padding-right:0px;padding-left:6px;\"><p>Demetria Hvaranin ist die einzige Person aus Faros, die in alten schriftlichen Quellen erw\u00e4hnt wird. Demetrias spielte eine wichtige Rolle w\u00e4hrend der beiden illyrischen Kriege, die Rom 229 und 219 v. Chr. erfolgreich gewann. Er war der erste Verb\u00fcndete des illyrischen K\u00f6nigs Agron, der das Gebiet von Korfu bis Faros kontrollierte. Nach Agrons Tod gesellte sich Demetrius zu Teuta, Agrons Frau. Sie ernannte ihn nach seinen erfolgreichen Pl\u00fcnderungen in Epirus und Peloponnes zum Gouverneur von Korfu. Es war im Jahr 230 v. Chr. als die Illyrer Korfu besetzten, das Tor von Otranto blockierten und Rom veranlassten die Meerenge zu \u00fcberqueren und Korfu anzugreifen. Demetrius \u00fcbergab den R\u00f6mer Korfu kampflos und kehrte zu Teuta zur\u00fcck. Sie verlor fast das gesamte Territorium und Demetrius wurde von Rom bestimmt dieses Gebiet zu verwalten.<\/p><\/div><\/div><div class='clear_column'><\/div><div class='content-column one_half'><div style=\"padding-right:6px;\"><p>Deset godina kasnije Demetrije je plja\u010dkao uokolo, poku\u0161avaju\u0107i \u010dak upasti na Kiklade (arhipelag kojem pripada Paros). Rim ga je morao zaustaviti i po\u010deo je drugi ilirski rat. Demetrije je bio u Farosu i branio ga sa 6000 vojnika.<\/p><\/div><\/div><div class='content-column one_half last_column'><div style=\"padding-right:0px;padding-left:6px;\"><p>Zehn Jahre sp\u00e4ter raubte Demetrius wieder und versuchte sogar die Kykladen (eine Archipel der zu Paros geh\u00f6rt) zu \u00fcberfallen. Rom musste ihn aufhalten und ein weiterer Illyrischer Krieg begann. Demetrius war in Faros und verteidigte es mit 6000 Soldaten.<\/p><\/div><\/div><div class='clear_column'><\/div><div class='content-column one_half'><div style=\"padding-right:6px;\"><p>Emilije Paulo, rimski konzul, napao je Faros, zauzeo ga lukavstvom i, po anti\u010dkim izvorima, sravnio ga sa zemljom. Demetrije je pobjegao makedonskom kralju Filipu V., poti\u010du\u0107i ga da sklopi savez s Hanibalom iz Kartage i da se bori protiv Rimljana.\u00a0 Na kraju je umro u neuspjelom napadu na Mesenu, na Peloponezu, 214. godine pr. Kr.<\/p><\/div><\/div><div class='content-column one_half last_column'><div style=\"padding-right:0px;padding-left:6px;\"><p>Der r\u00f6mischer Konsul Emilie Paulo griff Faros an, nahm es durch List ein und trieb ihn, gem\u00e4\u00df uralten Quellen, zu Boden. Demetrius floh zum K\u00f6nig von Mazedonien, Filip V., und forderte ihn auf, ein B\u00fcndnis mit Hannibal von Karthago zu schlie\u00dfen und gegen die R\u00f6mer zu k\u00e4mpfen. Er starb schlie\u00dflich bei einem gescheiterten Angriff auf Mesena am Peloponnes im Jahr 214 v. Chr.<\/p><\/div><\/div><div class='clear_column'><\/div><div class='content-column one_half'><div style=\"padding-right:6px;\"><p>Arheolozi dosad nisu na\u0161li nedvojbenih dokaza o razaranju Farosa od strane Rimljana. Arheolo\u0161ki materijal, i djelomice anti\u010dki pisani izvori, svjedo\u010de da je Faros postojao kao neovisni grad, pod za\u0161titom Rima sve do sredine 1. stolje\u0107a prije Krista kad je bio uklju\u010den u Rimsku provinciju Dalmaciju.<\/p><\/div><\/div><div class='content-column one_half last_column'><div style=\"padding-right:0px;padding-left:6px;\"><p>Arch\u00e4ologen haben bisher keine Hinweise auf die Zerst\u00f6rung Faros durch die R\u00f6mer gefunden. Arch\u00e4ologisches Material und teilweise antike schriftliche Quellen bezeugen, dass Faros als unabh\u00e4ngige Stadt unter dem Schutz Roms bis zur Mitte des 1. Jahrhunderts v. Chr. existierte, als es in die r\u00f6mische Provinz Dalmatien aufgenommen wurde.<\/p><\/div><\/div><div class='clear_column'><\/div><div class='content-column one_half'><div style=\"padding-right:6px;\"><p>Prema dvama fragmentima javnog natpisa &#8211;\u00a0 psefizma &#8211; o\u010dito je me\u0111utim, da su nakon rata 219. godine pr. Kr., Farani poslali delegaciju u Paros da zatra\u017ei pomo\u0107 u obnovi grada. Poslanstvo je bilo dobro primljeno u skup\u0161tini Parosa i Praxiepis je poslan da im pomogne u obnovi grada. Iako vi\u0161e od polovice ovog natpisa nedostaje, sa\u010duvani dijelovi pokazuju iznena\u0111uju\u0107e poznavanje gr\u010dkog jezika, stilistike, diplomacije, te zakonskih i dru\u0161tvenih propisa i pravila. Sve nam to ukazuje da je zajednica Farana, nakon svih nezgoda pod Demetrijem koji ih je na kraju napustio, sa\u010duvala i odr\u017eala visoko civilizirani na\u010din \u017eivota, iako je bila u dalekom dijelu gr\u010dkog svijeta, okru\u017eena ne ba\u0161 prijateljskim susjedima.<\/p><\/div><\/div><div class='content-column one_half last_column'><div style=\"padding-right:0px;padding-left:6px;\"><p>Gem\u00e4\u00df zwei fragmentarischen Inschriften &#8211; Psephismen &#8211; ist jedoch klar, dass nach dem Krieg von 219 v. Chr. die Faraner eine Delegation nach Paros schickten, um Hilfe f\u00fcr den Wiederaufbau der Stadt anzusuchen. Die Delegation wurde in Parosa gut aufgenommen und Praxiepis wurde geschickt, um sie beim Wiederaufbau der Stadt zu unterst\u00fctzen. Obwohl mehr als die H\u00e4lfte dieser Inschrift fehlt, zeigen die erhaltenen Teile \u00fcberraschende Kenntnisse der griechischen Sprache, Stilistik, Diplomatie sowie rechtliche und soziale Vorschriften und Regeln. All dies l\u00e4sst vermuten, dass die Faran-Gemeinschaft nach all den Katastrophen unter Demetrius, der sie schlie\u00dflich verlassen hatte, eine hochzivilisierte Lebensweise aufrechterhielten, obwohl sie in einem abgelegenen Teil der griechischen Welt waren, umgeben von nicht sehr freundlichen Nachbarn.<\/p><\/div><\/div><div class='clear_column'><\/div><\/p>\n<p style=\"text-align: right;\"><a href=\"#seite_oben\">natrag na vrh \/ Seitenanfang<\/a><\/p>\n<hr \/>\n<p><strong>Linkovi \/ Links<\/strong><\/p>\n<p>&#8211;<\/p>\n","protected":false},"excerpt":{"rendered":"<p>Ime \/ Name Informativna plo\u010da \u00bbput Demetrija Farskog\u00ab \/ Hauptweg der griechischen Landteilung Code: SG-IP-04\u00a0 \u00a0 \u00a0 \u00a0 \u00a0 \u00a0 \u00a0 \u00a0 \u00a0 \u00a0 \u00a0 \u00a0 \u00a0 \u00a0 \u00a0 \u00a0 \u00a0 \u00a0\u00a0 \u00a0\u00a0 Adresa \/ Adresse Stari Grad, Put Gospojice &hellip; <a href=\"https:\/\/www.topohvar.at\/topo\/orte\/sg\/sg-ip-04-2\/\">Weiterlesen <span class=\"meta-nav\">&rarr;<\/span><\/a><\/p>\n","protected":false},"author":1,"featured_media":0,"parent":99,"menu_order":0,"comment_status":"closed","ping_status":"closed","template":"","meta":{"footnotes":""},"class_list":["post-2876","page","type-page","status-publish","hentry"],"_links":{"self":[{"href":"https:\/\/www.topohvar.at\/topo\/wp-json\/wp\/v2\/pages\/2876","targetHints":{"allow":["GET"]}}],"collection":[{"href":"https:\/\/www.topohvar.at\/topo\/wp-json\/wp\/v2\/pages"}],"about":[{"href":"https:\/\/www.topohvar.at\/topo\/wp-json\/wp\/v2\/types\/page"}],"author":[{"embeddable":true,"href":"https:\/\/www.topohvar.at\/topo\/wp-json\/wp\/v2\/users\/1"}],"replies":[{"embeddable":true,"href":"https:\/\/www.topohvar.at\/topo\/wp-json\/wp\/v2\/comments?post=2876"}],"version-history":[{"count":16,"href":"https:\/\/www.topohvar.at\/topo\/wp-json\/wp\/v2\/pages\/2876\/revisions"}],"predecessor-version":[{"id":71952,"href":"https:\/\/www.topohvar.at\/topo\/wp-json\/wp\/v2\/pages\/2876\/revisions\/71952"}],"up":[{"embeddable":true,"href":"https:\/\/www.topohvar.at\/topo\/wp-json\/wp\/v2\/pages\/99"}],"wp:attachment":[{"href":"https:\/\/www.topohvar.at\/topo\/wp-json\/wp\/v2\/media?parent=2876"}],"curies":[{"name":"wp","href":"https:\/\/api.w.org\/{rel}","templated":true}]}}