{"id":2892,"date":"2018-08-04T17:52:49","date_gmt":"2018-08-04T15:52:49","guid":{"rendered":"https:\/\/www.topohvar.at\/?page_id=2892"},"modified":"2025-05-13T19:30:16","modified_gmt":"2025-05-13T17:30:16","slug":"sg-ip-12-2","status":"publish","type":"page","link":"https:\/\/www.topohvar.at\/topo\/orte\/sg\/sg-ip-12-2\/","title":{"rendered":"STARI GRAD &#8211; Informativna plo\u010da \u00bb60. godine\u00ab"},"content":{"rendered":"<p><a name=\"seite_oben\"><\/a><br \/>\n<img loading=\"lazy\" decoding=\"async\" class=\"alignnone wp-image-2866 size-large\" src=\"https:\/\/www.topohvar.at\/wp-content\/uploads\/2018\/08\/SG-IP-12-1-1024x503.jpg\" alt=\"\" width=\"640\" height=\"314\" srcset=\"https:\/\/www.topohvar.at\/wp-content\/uploads\/2018\/08\/SG-IP-12-1-1024x503.jpg 1024w, https:\/\/www.topohvar.at\/wp-content\/uploads\/2018\/08\/SG-IP-12-1-300x147.jpg 300w, https:\/\/www.topohvar.at\/wp-content\/uploads\/2018\/08\/SG-IP-12-1-768x377.jpg 768w\" sizes=\"auto, (max-width: 640px) 100vw, 640px\" \/><\/p>\n<p><strong>Ime \/ Name<br \/>\n<\/strong>Informativna plo\u010da \u00bb60. godine\u00ab \/ Infotafel &#8211; 60 Jahre<\/p>\n<p><strong>Code: <\/strong>SG-IP-12\u00a0 \u00a0 \u00a0 \u00a0 \u00a0 \u00a0 \u00a0 \u00a0 \u00a0 \u00a0 \u00a0 \u00a0 \u00a0 \u00a0 \u00a0 \u00a0 \u00a0 \u00a0\u00a0<strong><a href=\"https:\/\/www.topohvar.at\/orte\/sg\/sg-ip-11-2\/\"><img loading=\"lazy\" decoding=\"async\" class=\"alignnone wp-image-533 size-full\" src=\"https:\/\/www.topohvar.at\/wp-content\/uploads\/2018\/07\/push-l-30.jpg\" alt=\"\" width=\"61\" height=\"30\" \/><\/a> <a href=\"https:\/\/www.topohvar.at\/orte\/sg\/\"><img loading=\"lazy\" decoding=\"async\" class=\"alignnone wp-image-535 size-full\" src=\"https:\/\/www.topohvar.at\/wp-content\/uploads\/2018\/07\/push-o-30.jpg\" alt=\"\" width=\"61\" height=\"30\" \/><\/a> <a href=\"https:\/\/www.topohvar.at\/orte\/sg\/sg-ih-00-0\/\"><img loading=\"lazy\" decoding=\"async\" class=\"alignnone wp-image-536 size-full\" src=\"https:\/\/www.topohvar.at\/wp-content\/uploads\/2018\/07\/push-r-30.jpg\" alt=\"\" width=\"61\" height=\"30\" \/><\/a>\u00a0<a href=\"https:\/\/www.topohvar.at\/orte\/sg\/sg-is-19-2\/\"><img loading=\"lazy\" decoding=\"async\" class=\"alignnone wp-image-12299 size-full\" src=\"https:\/\/www.topohvar.at\/wp-content\/uploads\/2018\/09\/push-next-30.jpg\" alt=\"\" width=\"61\" height=\"30\" \/><\/a>\u00a0<\/strong><\/p>\n<hr \/>\n<p><strong>Adresa \/ Adresse<br \/>\n<\/strong>Stari Grad, Glavica<\/p>\n<p><strong>Lokacija \/ Position<a href=\"https:\/\/goo.gl\/maps\/i9DnXSf8NfACYUVM7\"><img loading=\"lazy\" decoding=\"async\" class=\"alignright wp-image-2246\" src=\"https:\/\/www.topohvar.at\/wp-content\/uploads\/2018\/08\/0608.jpg\" alt=\"\" width=\"133\" height=\"100\" \/><\/a><br \/>\n<\/strong><span style=\"color: #3366ff;\"><a style=\"color: #3366ff;\" href=\"https:\/\/goo.gl\/maps\/i9DnXSf8NfACYUVM7\">Latitude: N 43,19092\u00b0\u00a0 \u00a0Longitude: E 16,59565\u00b0<\/a> <\/span><strong><br \/>\n<\/strong>Visina \/ H\u00f6he: 117 m<\/p>\n<p><strong>Katastarska \u010destica \/ Grundst\u00fccke<br \/>\n<\/strong>7306<div class='content-column one_half'><div style=\"padding-right:6px;\"><p><strong>Datum snimanja \/ Erfassungsdatum<br \/>\n<\/strong>21.05.2015 15:36:19<\/p>\n<hr \/>\n<p><strong>Informacije<\/strong><\/p>\n<p>Prednja strana plo\u010de<\/p>\n<p>60. godina<br \/>\nprosinca 1943. \u2013 15. Prosinca 2003.<\/p><\/div><\/div><div class='content-column one_half last_column'><div style=\"padding-right:0px;padding-left:6px;\"><p><strong>Stupanj za\u0161tite \/ Schutzstellung<br \/>\n<\/strong>&#8211;<\/p>\n<hr \/>\n<p><strong>Info<\/strong><\/p>\n<p>Vorderseite der Tafel<\/p>\n<p>60 Jahre<br \/>\nDezember 1943 bis 15. Dezember 2003.<\/p><\/div><\/div><div class='clear_column'><\/div><div class='content-column one_half'><div style=\"padding-right:6px;\"><p>Isusa osu\u0111uja na smrt \u2013 Isus umire na kri\u017eu<\/p><\/div><\/div><div class='content-column one_half last_column'><div style=\"padding-right:0px;padding-left:6px;\"><p>Jesus wird zum Tode verurteilt &#8211; Jesus stirbt am Kreuz<\/p><\/div><\/div><div class='clear_column'><\/div><div class='content-column one_half'><div style=\"padding-right:6px;\"><p>\u201ePropni Ga\u201c,svjetina vi\u010de, He I` to ona svjetina ista, Sto Ga je slavila ju\u0107er\u201eBarabu pusti, a propno Krista!\u201c A Pilat: \u0160to \u0107e, \u0161to mo\u017ee? Samo \u0107e oprati ruke, Nek drugi na sebe uzmu Njegovu krv i muke.<\/p><\/div><\/div><div class='content-column one_half last_column'><div style=\"padding-right:0px;padding-left:6px;\"><p>&#8222;Kreuzige ihn,&#8220; schrie die Menge, ist es nicht die gleiche Menge, die ihn gestern gefeiert hat? &#8222;gib Barabbas frei und kreuzige Christus!&#8220; Pilatus: Was soll geschehen? Ich wasche meine H\u00e4nde, Andere sollen sein Blut und Elend auf sich nehmen.<\/p><\/div><\/div><div class='clear_column'><\/div><div class='content-column one_half'><div style=\"padding-right:6px;\"><p>Al` Isus Pravednik stoji, Sve vidi i sve \u010duje: I onoga sa bi\u0107em, I onoga \u0161to pljuje, I onoga \u0161to mu se stavlja Na glavu trnovu krunu. Za sve njih zna, Spreman je ispiti \u010da\u0161u punu.<br \/>\nStoji Pravednik mirno. Opra\u0161ta svima i \u0161uti, Nikakvog prijekora ne\u0107e\u0161 Iz usta Njegovih \u010duti.<\/p><\/div><\/div><div class='content-column one_half last_column'><div style=\"padding-right:0px;padding-left:6px;\"><p>Aber Jesus ist rechtschaffen, jeder sieht und h\u00f6rt es: Und was ist mit dem Getr\u00e4nk, und dem Spucken, und was macht eine Dornenkrone auf seinem Kopf. Alle wissen, er ist bereit, das volle Glas zu trinken. Er steht rechtschaffen und friedlich. Er verzeiht jeden und schweigt, kein Vorwurf ist aus seinem Mund zu h\u00f6ren.<\/p><\/div><\/div><div class='clear_column'><\/div><div class='content-column one_half'><div style=\"padding-right:6px;\"><p>O Kriste dobri i blagi, Nau\u0107i me da Tvoju dobrotu i blagost slijedim i volim. I kad zbog nepravde, lazi, patim, U mukama ljutim. Ti me nau\u0107i, Kriste, da oprastam svima i \u0161utim.<br \/>\nNemoj da mrmljam i mrzim kad nevole me prate, ve\u0107 da ih \u0161ute\u0107i snosim uvijek misle\u0107i na Te. Nau\u0107i me da \u0161utim, Dok kle\u010de\u010di stojim kraj Tvojih nogu. Da nisam grijesima te\u0161kim Bol zadavao Tebi, Ne bi u oku Tvom bilo Toliko tuge i boli. Nau\u010di me da \u0161utim, Molim Te, molim, molim.<\/p><\/div><\/div><div class='content-column one_half last_column'><div style=\"padding-right:0px;padding-left:6px;\"><p>Herr Jesus Christus, sanft und mild, lehre mich deiner G\u00fcte, Sanftmut und Liebe zu folgen. Ich bin w\u00fctend ob der Ungerechtigkeit, der L\u00fcgen, der Leiden und Qualen. Lehre mich Christus, allen zu vergeben und zu schweigen. Er murrt nicht, und ich verabscheue es, wenn er mir nicht folgen will, aber ich werde es stillschweigend ertragen und immer an dich glauben. Lehre mich zu schweigen, solange ich kniee, stehe ich neben deinen F\u00fc\u00dfen. H\u00e4tte ich nicht die S\u00fcnden und starke Schmerzen, w\u00e4ren nicht in deinem Auge so viel Kummer und Schmerz. Lehre mich zu schweigen, bitte, bitte, bitte.<\/p><\/div><\/div><div class='clear_column'><\/div><div class='content-column one_half'><div style=\"padding-right:6px;\"><p>Lucija Rudan<\/p>\n<p>Kriste, oprosti mi, molim Te i njima! \u2013 Hvala Ti za \u017eivot i vid! Marinko Juri\u0107 Peretov \u2013 Pod sjenom krila Tvojih, prolazio je \u017eivot moj.<\/p><\/div><\/div><div class='content-column one_half last_column'><div style=\"padding-right:0px;padding-left:6px;\"><p>Lucija Rudan<\/p>\n<p>Christus, vergib mir, ich bitte Dich und sie! &#8211; Danke f\u00fcr Leben und Augenlicht! Marinko Juric Peretov &#8211; Unter dem Schatten deiner Fl\u00fcgel, verlief mein Leben!<\/p><\/div><\/div><div class='clear_column'><\/div><\/p>\n<hr \/>\n<div class='content-column one_half'><div style=\"padding-right:6px;\"><p>Stra\u017enja strana plo\u010de<\/p>\n<p>Reljefe izradio: akad. Slik. Robert Kuhar. \u2013 Ljevaona: GIMEKA, Marija Bistrica \u2013 Text ugravirao: \u0160TIMRAD Zagreb<\/p><\/div><\/div><div class='content-column one_half last_column'><div style=\"padding-right:0px;padding-left:6px;\"><p>R\u00fcckseite der Tafel<\/p>\n<p>Die Reliefs wurden hergestellt: Akad. Maler Robert Koch. &#8211; Gie\u00dferei: GIMEKA, Marija Bistrica &#8211; Text eingraviert: \u0160TIMRAD Zagreb<\/p><\/div><\/div><div class='clear_column'><\/div><\/p>\n<p style=\"text-align: right;\"><a href=\"#seite_oben\">natrag na vrh \/ Seitenanfang<\/a><\/p>\n<hr \/>\n<p><strong>Linkovi \/ Links<\/strong><\/p>\n<p><span style=\"color: #3366ff;\"><a style=\"color: #3366ff;\" href=\"https:\/\/www.topohvar.at\/topo\/orte\/sg\/sg-cz-03-2\/\">Kri\u017e \u00bbna Glavicu\u00ab \/ Kreuz am Glavica<\/a><br \/>\n<a style=\"color: #3366ff;\" href=\"https:\/\/www.topohvar.at\/topo\/orte\/sg\/sg-is-30-2\/\">Spomen plo\u010da pod kri\u017eem \/ Gedenktafel unter dem Kreuz<\/a><br \/>\n<\/span><span style=\"color: #3366ff;\"><a style=\"color: #3366ff;\" href=\"https:\/\/www.topohvar.at\/topo\/orte\/sg\/sg-is-31-2\/\">Druga spomen plo\u010da pod kri\u017eem \/ Zweite Gedenktafel unter dem Kreuz (Marinko Juric)<\/a><br \/>\n<\/span><span style=\"color: #3366ff;\"><a style=\"color: #3366ff;\" href=\"https:\/\/www.topohvar.at\/topo\/orte\/sg\/sg-cp-01-2\/\">Kapela \u00bbIsusa Kristu\u00ab \/ Christuskapelle<\/a><br \/>\n<\/span><span style=\"color: #3366ff;\"><a style=\"color: #3366ff;\" href=\"https:\/\/www.topohvar.at\/topo\/orte\/sg\/sg-in-37-1\/\">Natpis \u00bbna oltaru u Glavici\u00ab \/ Inschrift am Altar auf Glavica<\/a><\/span><br \/>\n<span style=\"color: #3366ff;\"><a style=\"color: #3366ff;\" href=\"https:\/\/www.topohvar.at\/topo\/orte\/sg\/sg-po-01-2\/\">Povijesni lokalitet \u00bbGlavica\u00ab \/ historische Lokalit\u00e4t Glavica<\/a><\/span><\/p>\n","protected":false},"excerpt":{"rendered":"<p>Ime \/ Name Informativna plo\u010da \u00bb60. godine\u00ab \/ Infotafel &#8211; 60 Jahre Code: SG-IP-12\u00a0 \u00a0 \u00a0 \u00a0 \u00a0 \u00a0 \u00a0 \u00a0 \u00a0 \u00a0 \u00a0 \u00a0 \u00a0 \u00a0 \u00a0 \u00a0 \u00a0 \u00a0\u00a0 \u00a0\u00a0 Adresa \/ Adresse Stari Grad, Glavica Lokacija \/ &hellip; <a href=\"https:\/\/www.topohvar.at\/topo\/orte\/sg\/sg-ip-12-2\/\">Weiterlesen <span class=\"meta-nav\">&rarr;<\/span><\/a><\/p>\n","protected":false},"author":1,"featured_media":0,"parent":99,"menu_order":0,"comment_status":"closed","ping_status":"closed","template":"","meta":{"footnotes":""},"class_list":["post-2892","page","type-page","status-publish","hentry"],"_links":{"self":[{"href":"https:\/\/www.topohvar.at\/topo\/wp-json\/wp\/v2\/pages\/2892","targetHints":{"allow":["GET"]}}],"collection":[{"href":"https:\/\/www.topohvar.at\/topo\/wp-json\/wp\/v2\/pages"}],"about":[{"href":"https:\/\/www.topohvar.at\/topo\/wp-json\/wp\/v2\/types\/page"}],"author":[{"embeddable":true,"href":"https:\/\/www.topohvar.at\/topo\/wp-json\/wp\/v2\/users\/1"}],"replies":[{"embeddable":true,"href":"https:\/\/www.topohvar.at\/topo\/wp-json\/wp\/v2\/comments?post=2892"}],"version-history":[{"count":20,"href":"https:\/\/www.topohvar.at\/topo\/wp-json\/wp\/v2\/pages\/2892\/revisions"}],"predecessor-version":[{"id":71647,"href":"https:\/\/www.topohvar.at\/topo\/wp-json\/wp\/v2\/pages\/2892\/revisions\/71647"}],"up":[{"embeddable":true,"href":"https:\/\/www.topohvar.at\/topo\/wp-json\/wp\/v2\/pages\/99"}],"wp:attachment":[{"href":"https:\/\/www.topohvar.at\/topo\/wp-json\/wp\/v2\/media?parent=2892"}],"curies":[{"name":"wp","href":"https:\/\/api.w.org\/{rel}","templated":true}]}}