{"id":3013,"date":"2018-08-05T08:15:17","date_gmt":"2018-08-05T06:15:17","guid":{"rendered":"https:\/\/www.topohvar.at\/?page_id=3013"},"modified":"2021-04-18T11:19:08","modified_gmt":"2021-04-18T09:19:08","slug":"sg-ir-03-2","status":"publish","type":"page","link":"https:\/\/www.topohvar.at\/topo\/orte\/sg\/sg-ir-03-2\/","title":{"rendered":"STARI GRAD &#8211; Reljef \u00bbtri plo\u010de na crkvicu Sv. Jeline\u00ab"},"content":{"rendered":"<p><a name=\"seite_oben\"><\/a><br \/>\n<img loading=\"lazy\" decoding=\"async\" class=\"alignnone wp-image-3001 size-large\" src=\"https:\/\/www.topohvar.at\/wp-content\/uploads\/2018\/08\/SG-IR-03-1-1024x503.jpg\" alt=\"\" width=\"640\" height=\"314\" srcset=\"https:\/\/www.topohvar.at\/wp-content\/uploads\/2018\/08\/SG-IR-03-1-1024x503.jpg 1024w, https:\/\/www.topohvar.at\/wp-content\/uploads\/2018\/08\/SG-IR-03-1-300x147.jpg 300w, https:\/\/www.topohvar.at\/wp-content\/uploads\/2018\/08\/SG-IR-03-1-768x377.jpg 768w\" sizes=\"auto, (max-width: 640px) 100vw, 640px\" \/><\/p>\n<p><strong>Ime \/ Name<br \/>\n<\/strong>Reljef \u00bbtri plo\u010de na crkvicu Sv. Jeline\u00ab \/ drei Reliefs an der Kapelle der hl. Helena<\/p>\n<p><strong>Code: <\/strong>SG-IR-03\u00a0 \u00a0 \u00a0 \u00a0 \u00a0 \u00a0 \u00a0 \u00a0 \u00a0 \u00a0 \u00a0 \u00a0 \u00a0 \u00a0 \u00a0 \u00a0 \u00a0 \u00a0\u00a0<strong><a href=\"https:\/\/www.topohvar.at\/orte\/sg\/sg-ig-01-2\/\"><img loading=\"lazy\" decoding=\"async\" class=\"alignnone wp-image-12300 size-full\" src=\"https:\/\/www.topohvar.at\/wp-content\/uploads\/2018\/09\/push-vor-30.jpg\" alt=\"\" width=\"61\" height=\"30\" \/><\/a>\u00a0<\/strong><strong><a href=\"https:\/\/www.topohvar.at\/orte\/sg\/sg-ir-02-2\/\"><img loading=\"lazy\" decoding=\"async\" class=\"alignnone wp-image-533 size-full\" src=\"https:\/\/www.topohvar.at\/wp-content\/uploads\/2018\/07\/push-l-30.jpg\" alt=\"\" width=\"61\" height=\"30\" \/><\/a> <a href=\"https:\/\/www.topohvar.at\/orte\/sg\/\"><img loading=\"lazy\" decoding=\"async\" class=\"alignnone wp-image-535 size-full\" src=\"https:\/\/www.topohvar.at\/wp-content\/uploads\/2018\/07\/push-o-30.jpg\" alt=\"\" width=\"61\" height=\"30\" \/><\/a> <a href=\"https:\/\/www.topohvar.at\/orte\/sg\/sg-ir-09-2\/\"><img loading=\"lazy\" decoding=\"async\" class=\"alignnone wp-image-536 size-full\" src=\"https:\/\/www.topohvar.at\/wp-content\/uploads\/2018\/07\/push-r-30.jpg\" alt=\"\" width=\"61\" height=\"30\" \/><\/a><\/strong><\/p>\n<hr \/>\n<p><strong>Adresa \/ Adresse<br \/>\n<\/strong>Stari Grad, Polje, put do Dol, kapela Sv. Jeline<\/p>\n<p><strong>Lokacija \/ Position<a href=\"https:\/\/goo.gl\/maps\/SevB7B7nsudacUPT7\"><img loading=\"lazy\" decoding=\"async\" class=\"alignright wp-image-2206\" src=\"https:\/\/www.topohvar.at\/wp-content\/uploads\/2018\/08\/0530.jpg\" alt=\"\" width=\"134\" height=\"100\" \/><\/a><br \/>\n<\/strong><span style=\"color: #3366ff;\"><a style=\"color: #3366ff;\" href=\"https:\/\/goo.gl\/maps\/SevB7B7nsudacUPT7\">Latitude: N 43,17839\u00b0\u00a0 \u00a0Longitude: E 16,61204\u00b0<\/a> <\/span><strong><br \/>\n<\/strong>Visina \/ H\u00f6he: 28 m<\/p>\n<p><strong>Katastarska \u010destica \/ Grundst\u00fccke<br \/>\n<\/strong>10687, 3241\/3 (Dol)<div class='content-column one_half'><div style=\"padding-right:6px;\"><p><strong>Datum snimanja \/ Erfassungsdatum<br \/>\n<\/strong>14.05.2013 12:53:00<\/p>\n<hr \/>\n<p><strong>Informacije<\/strong><\/p>\n<p>Iznad okvira vrata su uzidana tri kamena reljefa.<\/p><\/div><\/div><div class='content-column one_half last_column'><div style=\"padding-right:0px;padding-left:6px;\"><p><strong>Stupanj za\u0161tite \/ Schutzstellung<br \/>\n<\/strong>&#8211;<\/p>\n<hr \/>\n<p><strong>Info<\/strong><\/p>\n<p>\u00dcber dem T\u00fcrrahmen sind drei Steinreliefs eingemauert.<\/p><\/div><\/div><div class='clear_column'><\/div><div class='content-column one_half'><div style=\"padding-right:6px;\"><p><strong>Prvi reljef<\/strong> je stilizirani prikaz Sv. Jelene Kri\u017earice votivnim natpisom, kojuu puku nazivaju Sv. Jelina s natpisom:<\/p>\n<p style=\"text-align: left;\"><\/div><\/div><div class='content-column one_half last_column'><div style=\"padding-right:0px;padding-left:6px;\"><p><strong>Das erste Relief<\/strong> ist eine stilisierte Darstellung der hl. Helena Kri\u017earica mit Votivinschrift zu sehen und wird von der Bev\u00f6lkerung Sv. Jelina genannt. Die Inschrift lautet:<\/p><\/div><\/div><div class='clear_column'><\/div><\/p>\n<p style=\"text-align: center;\">INUENCIO SANTE CRUCIS<br \/>\nSANCTA ELENA ORA PRO NOBIS<\/p>\n<div class='content-column one_half'><div style=\"padding-right:6px;\"><p>(= Otkrivanje svetog kri\u017ea &#8211; Sveta Jelena moli za nas)<\/p><\/div><\/div><div class='content-column one_half last_column'><div style=\"padding-right:0px;padding-left:6px;\"><p>(= Entdeckt(?) das heilige Kreuz &#8211; Heilige Helena bitte f\u00fcr uns)<\/p>\n<p style=\"text-align: left;\"><\/div><\/div><div class='clear_column'><\/div><div class='content-column one_half'><div style=\"padding-right:6px;\"><p><strong>Drugi reljef<\/strong> je rimski. Radi se o uokvirenom prikazu \u017eivotinje poznate ve\u0107 sa fotografije P. Kuni\u010di\u0107a, nazivanom \u201eIpopotam\u201c, tako\u0111er isti spomenik imamo i na kartolini Starog Grada s po\u010detka 20. st.<\/p><\/div><\/div><div class='content-column one_half last_column'><div style=\"padding-right:0px;padding-left:6px;\"><p><strong>Das zweite Relief<\/strong> ist r\u00f6misch. Es ist eine gerahmte Darstellung eines Tieres, bereits bekannt von der Photographie des P. Kuni\u010di\u0107, genannt \u201eNilpferd&#8220;, das auch auf einer Ansichtskarte von Stari Grad vom Anfang des 20. Jahrhunderts zu sehen ist.<\/p><\/div><\/div><div class='clear_column'><\/div><div class='content-column one_half'><div style=\"padding-right:6px;\"><p>Reljef se u novije vrijeme datira u srednji vijek, a \u017eivotinja je interpretirana kao medvjed simbol slavenskog Velesa, zbog \u010dega je prema mi\u0161ljenju nekih na mjestu crkvice sv. Jeline nekad bilo i sveti\u0161te slavenske bo\u017eice Moko\u0161. Ovaj drugi reljef je vjerojatno spolija uzeta iz najbli\u017ee okolice ili donije taiz grada, te uzidana u kapelu prilikom njene gradnje.<\/p><\/div><\/div><div class='content-column one_half last_column'><div style=\"padding-right:0px;padding-left:6px;\"><p>Das Relief ist im Mittelalter entstanden. Das Tier wird als B\u00e4r interpretiert, das Symbol der slawischen Veles, weshalb manche an der Stelle der Kirche der hl. Helena einst das Heiligtum der slawischen G\u00f6ttin Moko\u0161 vermuten. Dieses zweite Relief ist wahrscheinlich aus der unmittelbaren Umgebung genommen oder das Geschenk der Stadt, und in die Kapelle w\u00e4hrend des Baues eingesetzt.<\/p><\/div><\/div><div class='clear_column'><\/div><div class='content-column one_half'><div style=\"padding-right:6px;\"><p>Kamena plo\u010da sa reljefom o kojoj je rije\u010d, bila je u sekundarnoj upotrebi, iako je ugra\u0111ena iznad vrata crkvice sa vanjske strane, relativno se dobro o\u010duvala osim neznatnih o\u0161te\u010denja na rubovima, te ostataka maltera u desnom donjem uglu i lijevom rubu plo\u010de.<\/p><\/div><\/div><div class='content-column one_half last_column'><div style=\"padding-right:0px;padding-left:6px;\"><p>Die besagte Steinreliefplatte wurde also wiederverwendet. Obwohl sie au\u00dfen oberhalb der Kirchent\u00fcr angebracht wurde, ist sie bis auf leichte Besch\u00e4digungen an den Kanten und M\u00f6rtelresten in der rechten unteren Ecke und am linken Rand der Platte relativ gut erhalten.<\/p><\/div><\/div><div class='clear_column'><\/div><div class='content-column one_half'><div style=\"padding-right:6px;\"><p>Plo\u010da je du\u017eine 44 cm, visine 37,5 cm i debljine 12,5 cm; Okvir je u gornjem i desnom bo\u010dnom uglu oblikovan poput cymae rectae, kako bi se \u0161to bolje naglasio prikaz \u017eivotinje koja zauzima cijelu povr\u0161inu likovnog polja, njena visina je 30 cm a du\u017eine 38 cm.<\/p><\/div><\/div><div class='content-column one_half last_column'><div style=\"padding-right:0px;padding-left:6px;\"><p>Die Platte ist 44 cm lang, 37,5 cm hoch und 12,5 cm dick; Der Rahmen ist in der oberen und rechten Seitenecke, wie eine Cymae rectae geformt, um die Darstellung des Tieres, das die gesamte Fl\u00e4che des Feldes einnimmt, zu betonen. Seine H\u00f6he betr\u00e4gt 30 cm und seine L\u00e4nge 38 cm.<\/p><\/div><\/div><div class='clear_column'><\/div><div class='content-column one_half'><div style=\"padding-right:6px;\"><p>Gornji dio glave i vrh prednje \u0161ape \u017eivotinje zadiru u desni okvir dok mu stra\u017enjica i zadnja \u0161apa ulaze unutar lijeve strane okvira. Ima sve \u010detiri \u0161ape od kojih je desna prednja malo uzdignuta, te je prati zadnja u iskoraku, dok su dvije lijeve \u0161ape priljubljene na unutarnji rub donje strane okvira. Lijeva stra\u017enja \u0161apa je otu\u010dena na donjem kraju bedra, tijelo \u017eivotinje je sna\u017eno jer se postepeno \u0161iri od stra\u017enjice prema prsima i vratu, koji se nevidi zbog toga \u0161to je glava okrenuta u lijevo i prikazana je cijela njena prednja strana.<\/p><\/div><\/div><div class='content-column one_half last_column'><div style=\"padding-right:0px;padding-left:6px;\"><p>Kopf und rechter Vorderfu\u00df des Tieres ber\u00fchren den linken Rahmen, der hintere Teil und der linke Hinterfu\u00df den rechten Rahmen. Es zeigt alle vier Pfoten. Die rechte Vorderpfote ist leicht angehoben, w\u00e4hrend die beiden linken Pfoten an der inneren Kante der Unterseite des Rahmens stehen. Die linke Schulter verj\u00fcngt sich zum unteren Ende des Oberschenkels. Der K\u00f6rper des Tieres ist kraftvoll, verbreitet sich allm\u00e4hlichen vom Ges\u00e4\u00df zur Brust und zum Hals, die unsichtbar ist, weil der Kopf nach links gedreht ist und seine Vorderseite zeigt.<\/p><\/div><\/div><div class='clear_column'><\/div><div class='content-column one_half'><div style=\"padding-right:6px;\"><p>Glava je otu\u010dena u donjem dijelu, ali se jo\u0161 vide dvije rupe nosnica spu\u0161tenog \u0161irokog nosa do samih usta \u017eivotinje. Iznad dugog i \u0161irokog nosa, u gornjem dijelu nju\u0161ke prisutna su manja o\u0161te\u010denja uzrokovana usljed atmosferija.<\/p><\/div><\/div><div class='content-column one_half last_column'><div style=\"padding-right:0px;padding-left:6px;\"><p>Der Kopf ist im unteren Teil in schlechtem Zustand, aber es sind noch zwei Nasenl\u00f6cher der breiten Schnauze zum Maul des Tieres zu sehen. Oberhalb der langen und breiten Nase weist der obere Teil der Schnauze leichte Sch\u00e4den auf, die durch die Atmosph\u00e4re verursacht wurden.<\/p><\/div><\/div><div class='clear_column'><\/div><div class='content-column one_half'><div style=\"padding-right:6px;\"><p>Griva pada do o\u010diju osobito na desno oko i jo\u0161 mogu lijepo vidjeti njeni ostaci sa nagla\u0161enim razdjeljkom po sredini tjemena glave, izme\u0111u dva velika okrugla uha.<\/p><\/div><\/div><div class='content-column one_half last_column'><div style=\"padding-right:0px;padding-left:6px;\"><p>Die M\u00e4hne f\u00e4llt auf das Auge, besonders auf das rechte Auge, und man kann immer noch sch\u00f6n die Reste des Scheitels in der Mitte des Kopfes zwischen den beiden gro\u00dfen runden Ohren sehen.<\/p><\/div><\/div><div class='clear_column'><\/div><div class='content-column one_half'><div style=\"padding-right:6px;\"><p>Prema svom likovnom prikazu na reljefu ne prikazuje ni medvjeda, a niti nilskog konja, ve\u0107 mladog i sna\u017enog lava sa grivom. Na\u010dinom izrade budu\u0107i da se na glavi jo\u0161 vide ostaci svrdla te da nije proporcionalna u odnosu na tijelo, obrada reljefa ima osnovne stilske karakteristike kasne antike.<\/p><\/div><\/div><div class='content-column one_half last_column'><div style=\"padding-right:0px;padding-left:6px;\"><p>Nach dieser bildlichen Darstellung ist es also weder B\u00e4r noch Nilpferd, sondern ein junger und m\u00e4chtiger L\u00f6we mit M\u00e4hne. Die Methode der Herstellung, wie die Reste des Bohrers, die auf dem Kopf noch sichtbar sind, und dass dieser nicht proportional zum K\u00f6rper ist, sind grundlegende Stilmerkmale der Sp\u00e4tantike.<\/p><\/div><\/div><div class='clear_column'><\/div><div class='content-column one_half'><div style=\"padding-right:6px;\"><p>Kako u kr\u0161\u0107anskoj ikonografiji lav simbolizira Krista, jasno je za\u0161to su ovaj ulomak spomenika naknadno donjeli te ga ugradili uz reljef sv. carice Jelene kri\u017earice, ako i druga dva na kojima je kri\u017e<\/p><\/div><\/div><div class='content-column one_half last_column'><div style=\"padding-right:0px;padding-left:6px;\"><p>In der christlichen Ikonographie symbolisiert der L\u00f6we Christus und es ist klar, dass dieses Fragment eines Denkmals sp\u00e4ter dem Relief der hl. Kaiserin Helena zugef\u00fcgt wurde, wie die beiden anderen, auf denen ein Kreuz ist.<\/p>\n<p style=\"text-align: left;\"><\/div><\/div><div class='clear_column'><\/div><div class='content-column one_half'><div style=\"padding-right:6px;\"><p>Na <strong>tre\u0107oj reljefnoj<\/strong> plo\u010di prikazuje se kri\u017e.<\/p><\/div><\/div><div class='content-column one_half last_column'><div style=\"padding-right:0px;padding-left:6px;\"><p>Auf der <strong>dritten Reliefplatte<\/strong> ist ein Kreuz eingemei\u00dfelt.<\/p><\/div><\/div><div class='clear_column'><\/div><\/p>\n<p style=\"text-align: center;\"><em>(Alen Mileti\u0107, arheolo\u0161ko-povijesne bilje\u0161ke o spolijama anti\u010dkog Farosa)<\/em><\/p>\n<p style=\"text-align: right;\"><a href=\"#seite_oben\">natrag na vrh \/ Seitenanfang<\/a><\/p>\n<hr \/>\n<p><strong>Linkovi \/ Links<\/strong><\/p>\n<p><span style=\"color: #3366ff;\"><a style=\"color: #3366ff;\" href=\"https:\/\/www.topohvar.at\/topo\/orte\/sg\/sg-ck-01-2\/\">Kapela \u00bbSv. Jelene\u00ab \/ Kapelle der hl. Helena<\/a><\/span><\/p>\n","protected":false},"excerpt":{"rendered":"<p>Ime \/ Name Reljef \u00bbtri plo\u010de na crkvicu Sv. Jeline\u00ab \/ drei Reliefs an der Kapelle der hl. Helena Code: SG-IR-03\u00a0 \u00a0 \u00a0 \u00a0 \u00a0 \u00a0 \u00a0 \u00a0 \u00a0 \u00a0 \u00a0 \u00a0 \u00a0 \u00a0 \u00a0 \u00a0 \u00a0 \u00a0\u00a0\u00a0 Adresa \/ &hellip; <a href=\"https:\/\/www.topohvar.at\/topo\/orte\/sg\/sg-ir-03-2\/\">Weiterlesen <span class=\"meta-nav\">&rarr;<\/span><\/a><\/p>\n","protected":false},"author":1,"featured_media":0,"parent":99,"menu_order":0,"comment_status":"closed","ping_status":"closed","template":"","meta":{"footnotes":""},"class_list":["post-3013","page","type-page","status-publish","hentry"],"_links":{"self":[{"href":"https:\/\/www.topohvar.at\/topo\/wp-json\/wp\/v2\/pages\/3013","targetHints":{"allow":["GET"]}}],"collection":[{"href":"https:\/\/www.topohvar.at\/topo\/wp-json\/wp\/v2\/pages"}],"about":[{"href":"https:\/\/www.topohvar.at\/topo\/wp-json\/wp\/v2\/types\/page"}],"author":[{"embeddable":true,"href":"https:\/\/www.topohvar.at\/topo\/wp-json\/wp\/v2\/users\/1"}],"replies":[{"embeddable":true,"href":"https:\/\/www.topohvar.at\/topo\/wp-json\/wp\/v2\/comments?post=3013"}],"version-history":[{"count":23,"href":"https:\/\/www.topohvar.at\/topo\/wp-json\/wp\/v2\/pages\/3013\/revisions"}],"predecessor-version":[{"id":48130,"href":"https:\/\/www.topohvar.at\/topo\/wp-json\/wp\/v2\/pages\/3013\/revisions\/48130"}],"up":[{"embeddable":true,"href":"https:\/\/www.topohvar.at\/topo\/wp-json\/wp\/v2\/pages\/99"}],"wp:attachment":[{"href":"https:\/\/www.topohvar.at\/topo\/wp-json\/wp\/v2\/media?parent=3013"}],"curies":[{"name":"wp","href":"https:\/\/api.w.org\/{rel}","templated":true}]}}