{"id":3171,"date":"2018-08-05T19:27:21","date_gmt":"2018-08-05T17:27:21","guid":{"rendered":"https:\/\/www.topohvar.at\/?page_id=3171"},"modified":"2021-10-31T11:20:57","modified_gmt":"2021-10-31T10:20:57","slug":"sg-is-16-2","status":"publish","type":"page","link":"https:\/\/www.topohvar.at\/topo\/orte\/sg\/sg-is-16-2\/","title":{"rendered":"STARI GRAD &#8211; Spomen plo\u010da \u00bbDon Ante Politeo, radni\u010dki blagdan\u00ab"},"content":{"rendered":"<p><a name=\"seite_oben\"><\/a><br \/>\n<img loading=\"lazy\" decoding=\"async\" class=\"alignnone wp-image-3102 size-large\" src=\"https:\/\/www.topohvar.at\/wp-content\/uploads\/2018\/08\/SG-IS-16-1-1024x503.jpg\" alt=\"\" width=\"640\" height=\"314\" srcset=\"https:\/\/www.topohvar.at\/wp-content\/uploads\/2018\/08\/SG-IS-16-1-1024x503.jpg 1024w, https:\/\/www.topohvar.at\/wp-content\/uploads\/2018\/08\/SG-IS-16-1-300x147.jpg 300w, https:\/\/www.topohvar.at\/wp-content\/uploads\/2018\/08\/SG-IS-16-1-768x377.jpg 768w\" sizes=\"auto, (max-width: 640px) 100vw, 640px\" \/><\/p>\n<p><strong>Ime \/ Name<br \/>\n<\/strong>Spomen plo\u010da \u00bbDon Ante Politeo, radni\u010dki blagdan\u00ab \/ Gedenktafel an Don Anton Politeo, Tag der Arbeit<\/p>\n<p><strong>Code: <\/strong>SG-IS-16\u00a0 \u00a0 \u00a0 \u00a0 \u00a0 \u00a0 \u00a0 \u00a0 \u00a0 \u00a0 \u00a0 \u00a0 \u00a0 \u00a0 \u00a0 \u00a0 \u00a0 \u00a0\u00a0<strong><a href=\"https:\/\/www.topohvar.at\/orte\/sg\/sg-ip-01-2\/\"><img loading=\"lazy\" decoding=\"async\" class=\"alignnone wp-image-12300 size-full\" src=\"https:\/\/www.topohvar.at\/wp-content\/uploads\/2018\/09\/push-vor-30.jpg\" alt=\"\" width=\"61\" height=\"30\" \/><\/a>\u00a0<a href=\"https:\/\/www.topohvar.at\/orte\/sg\/sg-is-09-2\/\"><img loading=\"lazy\" decoding=\"async\" class=\"alignnone wp-image-533 size-full\" src=\"https:\/\/www.topohvar.at\/wp-content\/uploads\/2018\/07\/push-l-30.jpg\" alt=\"\" width=\"61\" height=\"30\" \/><\/a> <a href=\"https:\/\/www.topohvar.at\/orte\/sg\/\"><img loading=\"lazy\" decoding=\"async\" class=\"alignnone wp-image-535 size-full\" src=\"https:\/\/www.topohvar.at\/wp-content\/uploads\/2018\/07\/push-o-30.jpg\" alt=\"\" width=\"61\" height=\"30\" \/><\/a> <a href=\"https:\/\/www.topohvar.at\/orte\/sg\/sg-is-54-1\/\"><img loading=\"lazy\" decoding=\"async\" class=\"alignnone wp-image-536 size-full\" src=\"https:\/\/www.topohvar.at\/wp-content\/uploads\/2018\/07\/push-r-30.jpg\" alt=\"\" width=\"61\" height=\"30\" \/><\/a><\/strong><\/p>\n<hr \/>\n<p><strong>Adresa \/ Adresse<br \/>\n<\/strong>Stari Grad, Trg Velo Podlo\u017ea 5<\/p>\n<p><strong>Lokacija \/ Position<a href=\"https:\/\/goo.gl\/maps\/9Q8FaPcSGqHGQVVg7\"><img loading=\"lazy\" decoding=\"async\" class=\"alignright wp-image-3356\" src=\"https:\/\/www.topohvar.at\/wp-content\/uploads\/2018\/08\/0585.jpg\" alt=\"\" width=\"133\" height=\"100\" \/><\/a><br \/>\n<\/strong><span style=\"color: #3366ff;\"><a style=\"color: #3366ff;\" href=\"https:\/\/goo.gl\/maps\/9Q8FaPcSGqHGQVVg7\">Latitude: N 43,18395\u00b0\u00a0 \u00a0Longitude: E 16,59624\u00b0<\/a> <\/span><strong><br \/>\n<\/strong>Visina \/ H\u00f6he: 1 m<\/p>\n<p><strong>Katastarska \u010destica \/ Grundst\u00fccke<br \/>\n<\/strong>*164\/2<div class='content-column one_half'><div style=\"padding-right:6px;\"><p><strong>Datum snimanja \/ Erfassungsdatum<br \/>\n<\/strong>08.10.2014 11:42:15<\/p>\n<hr \/>\n<p><strong>Informacije<\/strong><\/p>\n<p>Don Ante Politeo:\u00a0hrv. rkt. sve\u0107enik, prete\u010da kr\u0161\u0107anske socijaldemokracije u Hrvata.<\/p><\/div><\/div><div class='content-column one_half last_column'><div style=\"padding-right:0px;padding-left:6px;\"><p><strong>Stupanj za\u0161tite \/ Schutzstellung<br \/>\n<\/strong>&#8211;<\/p>\n<hr \/>\n<p><strong>Info<\/strong><\/p>\n<p>Don Ante Politeo:\u00a0Kroatischer r\u00f6misch-katholischer Priester und Vorl\u00e4ufer der christlichen Sozialdemokratie in Kroatien.<\/p><\/div><\/div><div class='clear_column'><\/div><div class='content-column one_half'><div style=\"padding-right:6px;\"><p>Natpis:<\/p>\n<p style=\"text-align: center;\">U OVOME GRADU 1. SVIBANJ 1891.<br \/>\n<strong>RADNI\u010cKI BLAGDAN<\/strong><br \/>\nPRVI U DALMACIJI PROSLAVI\u0160E<br \/>\n&#8222;RADNICI I MORNARI, GLAZBARI OBAJU GLAZBA STARIGRADSKIH&#8220;<br \/>\nI PREDVODNIK IM<br \/>\n<strong>DON ANTE POLITEO<\/strong><br \/>\nPRETE\u010cA KR\u0160\u0106ANSKE SOCIALDEMOKRACIJE<br \/>\n*<br \/>\nZNAMENITI POVIJESNI DOGA\u0110AJ SLAVE\u0106I<br \/>\nU IZHODI\u0160TU AUTOHTONOG SOCIALNOG POKRETA<br \/>\nPREDVODNIKU I ZDRU\u017dENIM PREDCIMA U SPOMEN<br \/>\nZAHVALNI I PONOSNI NARA\u0160TAJI<\/p><\/div><\/div><div class='content-column one_half last_column'><div style=\"padding-right:0px;padding-left:6px;\"><p>Inschrift:<\/p>\n<p style=\"text-align: center;\">In dieser Stadt wurde am 1. Mai 1891<br \/>\n<strong>der Feiertag der Arbeiter<\/strong><br \/>\nzum ersten Mal in Dalmatien\u00a0 gefeiert<br \/>\n&#8222;Arbeiter und Matrosen musizieren zusammen,<br \/>\nes musiziert Stari Grad&#8220;<br \/>\nund ihr Anf\u00fchrer<br \/>\n<strong>Don Anton Politeo<\/strong><br \/>\nWegbereiter der christlichen\u00a0 Sozialdemokratie<br \/>\n*<br \/>\nEin bedeutendes historisches Ereignis, das den<br \/>\nPionier und die Vorfahren der eigenst\u00e4ndigen<br \/>\nsozialen Bewegung feiert in Erinnerung an<br \/>\neine dankbare und stolze Generation.<\/p><\/div><\/div><div class='clear_column'><\/div><\/p>\n<p style=\"text-align: right;\"><a href=\"#seite_oben\">natrag na vrh \/ Seitenanfang<\/a><\/p>\n<hr \/>\n<p><strong>Linkovi \/ Links<\/strong><\/p>\n<p>&#8211;<\/p>\n","protected":false},"excerpt":{"rendered":"<p>Ime \/ Name Spomen plo\u010da \u00bbDon Ante Politeo, radni\u010dki blagdan\u00ab \/ Gedenktafel an Don Anton Politeo, Tag der Arbeit Code: SG-IS-16\u00a0 \u00a0 \u00a0 \u00a0 \u00a0 \u00a0 \u00a0 \u00a0 \u00a0 \u00a0 \u00a0 \u00a0 \u00a0 \u00a0 \u00a0 \u00a0 \u00a0 \u00a0\u00a0\u00a0 Adresa \/ &hellip; <a href=\"https:\/\/www.topohvar.at\/topo\/orte\/sg\/sg-is-16-2\/\">Weiterlesen <span class=\"meta-nav\">&rarr;<\/span><\/a><\/p>\n","protected":false},"author":1,"featured_media":0,"parent":99,"menu_order":0,"comment_status":"closed","ping_status":"closed","template":"","meta":{"footnotes":""},"class_list":["post-3171","page","type-page","status-publish","hentry"],"_links":{"self":[{"href":"https:\/\/www.topohvar.at\/topo\/wp-json\/wp\/v2\/pages\/3171","targetHints":{"allow":["GET"]}}],"collection":[{"href":"https:\/\/www.topohvar.at\/topo\/wp-json\/wp\/v2\/pages"}],"about":[{"href":"https:\/\/www.topohvar.at\/topo\/wp-json\/wp\/v2\/types\/page"}],"author":[{"embeddable":true,"href":"https:\/\/www.topohvar.at\/topo\/wp-json\/wp\/v2\/users\/1"}],"replies":[{"embeddable":true,"href":"https:\/\/www.topohvar.at\/topo\/wp-json\/wp\/v2\/comments?post=3171"}],"version-history":[{"count":14,"href":"https:\/\/www.topohvar.at\/topo\/wp-json\/wp\/v2\/pages\/3171\/revisions"}],"predecessor-version":[{"id":53088,"href":"https:\/\/www.topohvar.at\/topo\/wp-json\/wp\/v2\/pages\/3171\/revisions\/53088"}],"up":[{"embeddable":true,"href":"https:\/\/www.topohvar.at\/topo\/wp-json\/wp\/v2\/pages\/99"}],"wp:attachment":[{"href":"https:\/\/www.topohvar.at\/topo\/wp-json\/wp\/v2\/media?parent=3171"}],"curies":[{"name":"wp","href":"https:\/\/api.w.org\/{rel}","templated":true}]}}