{"id":3177,"date":"2018-08-05T19:29:03","date_gmt":"2018-08-05T17:29:03","guid":{"rendered":"https:\/\/www.topohvar.at\/?page_id=3177"},"modified":"2021-04-18T08:05:29","modified_gmt":"2021-04-18T06:05:29","slug":"sg-is-19-2","status":"publish","type":"page","link":"https:\/\/www.topohvar.at\/topo\/orte\/sg\/sg-is-19-2\/","title":{"rendered":"STARI GRAD &#8211; Spomen plo\u010da \u00bbNarodna hrvatska \u010ditaonica Stari Grad\u00ab"},"content":{"rendered":"<p><a name=\"seite_oben\"><\/a><br \/>\n<img loading=\"lazy\" decoding=\"async\" class=\"alignnone wp-image-3104 size-large\" src=\"https:\/\/www.topohvar.at\/wp-content\/uploads\/2018\/08\/SG-IS-19-1-1024x503.jpg\" alt=\"\" width=\"640\" height=\"314\" srcset=\"https:\/\/www.topohvar.at\/wp-content\/uploads\/2018\/08\/SG-IS-19-1-1024x503.jpg 1024w, https:\/\/www.topohvar.at\/wp-content\/uploads\/2018\/08\/SG-IS-19-1-300x147.jpg 300w, https:\/\/www.topohvar.at\/wp-content\/uploads\/2018\/08\/SG-IS-19-1-768x377.jpg 768w\" sizes=\"auto, (max-width: 640px) 100vw, 640px\" \/><\/p>\n<p><strong>Ime \/ Name<br \/>\n<\/strong>Spomen plo\u010da \u00bbNarodna hrvatska \u010ditaonica Stari Grad\u00ab\/ Gedenktafel an den Lesesaal<\/p>\n<p><strong>Code: <\/strong>SG-IS-19\u00a0 \u00a0 \u00a0 \u00a0 \u00a0 \u00a0 \u00a0 \u00a0 \u00a0 \u00a0 \u00a0 \u00a0 \u00a0 \u00a0 \u00a0 \u00a0 \u00a0 \u00a0\u00a0<strong><a href=\"https:\/\/www.topohvar.at\/orte\/sg\/sg-ip-01-2\/\"><img loading=\"lazy\" decoding=\"async\" class=\"alignnone wp-image-12300 size-full\" src=\"https:\/\/www.topohvar.at\/wp-content\/uploads\/2018\/09\/push-vor-30.jpg\" alt=\"\" width=\"61\" height=\"30\" \/><\/a>\u00a0<a href=\"https:\/\/www.topohvar.at\/orte\/sg\/sg-is-35-2\/\"><img loading=\"lazy\" decoding=\"async\" class=\"alignnone wp-image-533 size-full\" src=\"https:\/\/www.topohvar.at\/wp-content\/uploads\/2018\/07\/push-l-30.jpg\" alt=\"\" width=\"61\" height=\"30\" \/><\/a> <a href=\"https:\/\/www.topohvar.at\/orte\/sg\/\"><img loading=\"lazy\" decoding=\"async\" class=\"alignnone wp-image-535 size-full\" src=\"https:\/\/www.topohvar.at\/wp-content\/uploads\/2018\/07\/push-o-30.jpg\" alt=\"\" width=\"61\" height=\"30\" \/><\/a> <a href=\"https:\/\/www.topohvar.at\/orte\/sg\/sg-is-08-2\/\"><img loading=\"lazy\" decoding=\"async\" class=\"alignnone wp-image-536 size-full\" src=\"https:\/\/www.topohvar.at\/wp-content\/uploads\/2018\/07\/push-r-30.jpg\" alt=\"\" width=\"61\" height=\"30\" \/><\/a><\/strong><\/p>\n<hr \/>\n<p><strong>Adresa \/ Adresse<br \/>\n<\/strong>Stari Grad, Novo Riva 1, gradska \u010ditaonica \/ st\u00e4dtische B\u00fccherei<\/p>\n<p><strong>Lokacija \/ Position<a href=\"https:\/\/goo.gl\/maps\/rvhXRjb2TBqU6nCh8\"><img loading=\"lazy\" decoding=\"async\" class=\"alignright wp-image-3304\" src=\"https:\/\/www.topohvar.at\/wp-content\/uploads\/2018\/08\/0578.jpg\" alt=\"\" width=\"133\" height=\"100\" \/><\/a><br \/>\n<\/strong><span style=\"color: #3366ff;\"><a style=\"color: #3366ff;\" href=\"https:\/\/goo.gl\/maps\/rvhXRjb2TBqU6nCh8\">Latitude: N 43,18373\u00b0\u00a0 \u00a0Longitude: E 16,59485\u00b0<\/a> <\/span><strong><br \/>\n<\/strong>Visina \/ H\u00f6he: 1 m<\/p>\n<p><strong>Katastarska \u010destica \/ Grundst\u00fccke<br \/>\n<\/strong>*1244<div class='content-column one_half'><div style=\"padding-right:6px;\"><p><strong>Datum snimanja \/ Erfassungsdatum<br \/>\n<\/strong>11.10.2014 18:11:04<\/p>\n<hr \/>\n<p><strong>Informacije<\/strong><\/p>\n<p>Ova plo\u010da koja obilje\u017eava osnivanje \u010ditaonice visi na zgradi za gra\u0111ane Starog Grada, sagra\u0111enoj 1893. godine. Plo\u010da sadr\u017ei sljede\u0107i natpis:<\/p><\/div><\/div><div class='content-column one_half last_column'><div style=\"padding-right:0px;padding-left:6px;\"><p><strong>Stupanj za\u0161tite \/ Schutzstellung<br \/>\n<\/strong>&#8211;<\/p>\n<hr \/>\n<p><strong>Info<\/strong><\/p>\n<p>Auf dem im Jahre 1893 errichteten Geb\u00e4ude f\u00fcr die B\u00fcrger der Stadt Stari Grad, h\u00e4ngt diese Gedenktafel, die an die Gr\u00fcndung des Lesesaales erinnert. Die Tafel enth\u00e4lt folgende Inschrift:<\/p><\/div><\/div><div class='clear_column'><\/div><div class='content-column one_half'><div style=\"padding-right:6px;\"><p style=\"text-align: center;\">VELI\u010cAJU\u0106I PREPORODNU<br \/>\n&gt;NARODNU HRVATSKU \u010cITAONICU STAROGRADJANSKU&lt;<br \/>\nUTEMELJENU 1874. GODINE<br \/>\nSEBI I BUDU\u0106IM NARA\u0160TAJIMA<br \/>\nOVOGA GRADA<br \/>\nPODIGOSE<br \/>\nDIONI\u010cARI &gt;HRVATSKOG DOMA&lt;<br \/>\n1893<\/p><\/div><\/div><div class='content-column one_half last_column'><div style=\"padding-right:0px;padding-left:6px;\"><p style=\"text-align: center;\">Gepriesen sei die Erneuerung des<br \/>\n&gt;nationalen kroatischen Lesesaales in Stari Grad&lt;<br \/>\ngegr\u00fcndet im Jahr 1874<br \/>\nf\u00fcr uns und k\u00fcnftige Generationen<br \/>\ndieser Stadt<br \/>\nErrichtet von den Mitgliedern<br \/>\ndes &gt;HRVATSKOG DOMA&lt;<br \/>\nim Jahr 1893<\/p><\/div><\/div><div class='clear_column'><\/div><\/p>\n<p style=\"text-align: right;\"><a href=\"#seite_oben\">natrag na vrh \/ Seitenanfang<\/a><\/p>\n<hr \/>\n<p><strong>Linkovi \/ Links<\/strong><\/p>\n<p><span style=\"color: #3366ff;\"><a style=\"color: #3366ff;\" href=\"https:\/\/www.topohvar.at\/topo\/orte\/sg\/sg-tg-36-1\/\">Gradska \u010ditaonica \/ St\u00e4dtische B\u00fccherei und Lesesaal<\/a><\/span><\/p>\n","protected":false},"excerpt":{"rendered":"<p>Ime \/ Name Spomen plo\u010da \u00bbNarodna hrvatska \u010ditaonica Stari Grad\u00ab\/ Gedenktafel an den Lesesaal Code: SG-IS-19\u00a0 \u00a0 \u00a0 \u00a0 \u00a0 \u00a0 \u00a0 \u00a0 \u00a0 \u00a0 \u00a0 \u00a0 \u00a0 \u00a0 \u00a0 \u00a0 \u00a0 \u00a0\u00a0\u00a0 Adresa \/ Adresse Stari Grad, Novo Riva &hellip; <a href=\"https:\/\/www.topohvar.at\/topo\/orte\/sg\/sg-is-19-2\/\">Weiterlesen <span class=\"meta-nav\">&rarr;<\/span><\/a><\/p>\n","protected":false},"author":1,"featured_media":0,"parent":99,"menu_order":0,"comment_status":"closed","ping_status":"closed","template":"","meta":{"footnotes":""},"class_list":["post-3177","page","type-page","status-publish","hentry"],"_links":{"self":[{"href":"https:\/\/www.topohvar.at\/topo\/wp-json\/wp\/v2\/pages\/3177","targetHints":{"allow":["GET"]}}],"collection":[{"href":"https:\/\/www.topohvar.at\/topo\/wp-json\/wp\/v2\/pages"}],"about":[{"href":"https:\/\/www.topohvar.at\/topo\/wp-json\/wp\/v2\/types\/page"}],"author":[{"embeddable":true,"href":"https:\/\/www.topohvar.at\/topo\/wp-json\/wp\/v2\/users\/1"}],"replies":[{"embeddable":true,"href":"https:\/\/www.topohvar.at\/topo\/wp-json\/wp\/v2\/comments?post=3177"}],"version-history":[{"count":13,"href":"https:\/\/www.topohvar.at\/topo\/wp-json\/wp\/v2\/pages\/3177\/revisions"}],"predecessor-version":[{"id":48056,"href":"https:\/\/www.topohvar.at\/topo\/wp-json\/wp\/v2\/pages\/3177\/revisions\/48056"}],"up":[{"embeddable":true,"href":"https:\/\/www.topohvar.at\/topo\/wp-json\/wp\/v2\/pages\/99"}],"wp:attachment":[{"href":"https:\/\/www.topohvar.at\/topo\/wp-json\/wp\/v2\/media?parent=3177"}],"curies":[{"name":"wp","href":"https:\/\/api.w.org\/{rel}","templated":true}]}}