{"id":3179,"date":"2018-08-05T19:30:10","date_gmt":"2018-08-05T17:30:10","guid":{"rendered":"https:\/\/www.topohvar.at\/?page_id=3179"},"modified":"2021-04-18T09:14:19","modified_gmt":"2021-04-18T07:14:19","slug":"sg-is-20-2","status":"publish","type":"page","link":"https:\/\/www.topohvar.at\/topo\/orte\/sg\/sg-is-20-2\/","title":{"rendered":"STARI GRAD &#8211; Spomen plo\u010da \u00bbVinarija Ivan Lu\u010di\u0107-Lav\u010devi\u0107\u00ab"},"content":{"rendered":"<p><a name=\"seite_oben\"><\/a><br \/>\n<img loading=\"lazy\" decoding=\"async\" class=\"alignnone wp-image-3105 size-large\" src=\"https:\/\/www.topohvar.at\/wp-content\/uploads\/2018\/08\/SG-is-20-1-1024x503.jpg\" alt=\"\" width=\"640\" height=\"314\" srcset=\"https:\/\/www.topohvar.at\/wp-content\/uploads\/2018\/08\/SG-is-20-1-1024x503.jpg 1024w, https:\/\/www.topohvar.at\/wp-content\/uploads\/2018\/08\/SG-is-20-1-300x147.jpg 300w, https:\/\/www.topohvar.at\/wp-content\/uploads\/2018\/08\/SG-is-20-1-768x377.jpg 768w\" sizes=\"auto, (max-width: 640px) 100vw, 640px\" \/><\/p>\n<p><strong>Ime \/ Name<br \/>\n<\/strong>Spomen plo\u010da \u00bbVinarija Ivan Lu\u010di\u0107-Lav\u010devi\u0107\u00ab \/ Gedenktafel Kellerei Ivan Lu\u010di\u0107-Lav\u010devi\u0107<\/p>\n<p><strong>Code: <\/strong>SG-IS-20\u00a0 \u00a0 \u00a0 \u00a0 \u00a0 \u00a0 \u00a0 \u00a0 \u00a0 \u00a0 \u00a0 \u00a0 \u00a0 \u00a0 \u00a0 \u00a0 \u00a0 \u00a0\u00a0<strong><a href=\"https:\/\/www.topohvar.at\/orte\/sg\/sg-ip-01-2\/\"><img loading=\"lazy\" decoding=\"async\" class=\"alignnone wp-image-12300 size-full\" src=\"https:\/\/www.topohvar.at\/wp-content\/uploads\/2018\/09\/push-vor-30.jpg\" alt=\"\" width=\"61\" height=\"30\" \/><\/a>\u00a0<\/strong><strong><a href=\"https:\/\/www.topohvar.at\/orte\/sg\/sg-is-52-2\/\"><img loading=\"lazy\" decoding=\"async\" class=\"alignnone wp-image-533 size-full\" src=\"https:\/\/www.topohvar.at\/wp-content\/uploads\/2018\/07\/push-l-30.jpg\" alt=\"\" width=\"61\" height=\"30\" \/><\/a> <a href=\"https:\/\/www.topohvar.at\/orte\/sg\/\"><img loading=\"lazy\" decoding=\"async\" class=\"alignnone wp-image-535 size-full\" src=\"https:\/\/www.topohvar.at\/wp-content\/uploads\/2018\/07\/push-o-30.jpg\" alt=\"\" width=\"61\" height=\"30\" \/><\/a> <a href=\"https:\/\/www.topohvar.at\/orte\/sg\/sg-is-44-2\/\"><img loading=\"lazy\" decoding=\"async\" class=\"alignnone wp-image-536 size-full\" src=\"https:\/\/www.topohvar.at\/wp-content\/uploads\/2018\/07\/push-r-30.jpg\" alt=\"\" width=\"61\" height=\"30\" \/><\/a><\/strong><\/p>\n<hr \/>\n<p><strong>Adresa \/ Adresse<br \/>\n<\/strong>Stari Grad, Put Kri\u017ea 1, vinarija<\/p>\n<p><strong>Lokacija \/ Position<a href=\"https:\/\/goo.gl\/maps\/HT1vXFD31w43vQkQ7\"><img loading=\"lazy\" decoding=\"async\" class=\"alignright wp-image-3061\" src=\"https:\/\/www.topohvar.at\/wp-content\/uploads\/2018\/08\/1221.jpg\" alt=\"\" width=\"133\" height=\"100\" \/><\/a><br \/>\n<\/strong><span style=\"color: #3366ff;\"><a style=\"color: #3366ff;\" href=\"https:\/\/goo.gl\/maps\/HT1vXFD31w43vQkQ7\">Latitude: N 43,18385\u00b0\u00a0 \u00a0Longitude: E 16,60258\u00b0<\/a> <\/span><strong><br \/>\n<\/strong>Visina \/ H\u00f6he: 2 m<\/p>\n<p><strong>Katastarska \u010destica \/ Grundst\u00fccke<br \/>\n<\/strong>*1335, 4451, 4454\/1, 4454\/2, 4453\/5<div class='content-column one_half'><div style=\"padding-right:6px;\"><p><strong>Datum snimanja \/ Erfassungsdatum<br \/>\n<\/strong>15.10.2014 11:15:13<\/p>\n<hr \/>\n<p><strong>Informacije<\/strong><\/p>\n<p>Ivan Lu\u010di\u0107-Lav\u010devi\u0107<\/p>\n<p>Stari Grad, 23.12.1905. &#8211; okolica Splita, 23.12.1942. Hrvatski komunist, antifa\u0161isti\u010dki borac i narodni heroj.<\/p><\/div><\/div><div class='content-column one_half last_column'><div style=\"padding-right:0px;padding-left:6px;\"><p><strong>Stupanj za\u0161tite \/ Schutzstellung<br \/>\n<\/strong>&#8211;<\/p>\n<hr \/>\n<p><strong>Info<\/strong><\/p>\n<p>Ivan Lu\u010di\u0107-Lav\u010devi\u0107<\/p>\n<p>Geboren am 23. Dezember 1905 in Stari Grad, gestorben am 23. Dezember\u00a0 1942 in der N\u00e4he von Split. Kroatischer Kommunist, antifaschistischer K\u00e4mpfer und Volksheld.<\/p><\/div><\/div><div class='clear_column'><\/div><div class='content-column one_third'><div style=\"padding-right:6px;\"><p>Natpis:<\/p>\n<p style=\"text-align: center;\">VINARIJA<br \/>\nNARODNOG HEROJA<br \/>\n<strong>\u201eIVAN JU\u010cI\u0106 &#8211; LAV\u010cEVI\u0106\u201c<\/strong><br \/>\nSTARIGRAD<\/p><\/div><\/div><div class='content-column one_third'><div style=\"padding-right:6px;\"><p><img loading=\"lazy\" decoding=\"async\" class=\"aligncenter size-full wp-image-37451\" src=\"https:\/\/www.topohvar.at\/wp-content\/uploads\/2020\/05\/sg-is-20-6.jpg\" alt=\"\" width=\"200\" height=\"273\" \/><\/p><\/div><\/div><div class='content-column one_third last_column'><div style=\"padding-right:0px;padding-left:6px;\"><p>Inschrift:<\/p>\n<p style=\"text-align: center;\">Weinkellerei<br \/>\nNationalheld<br \/>\n<strong>\u201eIvan Ju\u010di\u0107 \u2013 Lav\u010devi\u0107\u201c<\/strong><br \/>\nStari Grad<\/p><\/div><\/div><div class='clear_column'><\/div><div class='content-column one_half'><div style=\"padding-right:6px;\"><p>23.12.1905 &#8211; na dana\u0161nji dan ro\u0111en je starogra\u0111anin Ivan Lu\u010di\u0107 Lav\u010devi\u0107 istog datuma je ubijen 1942 godine. Antifa\u0161isti\u010dki borac. Progla\u0161en od NOV-a Jugoslavije 1944. narodnim herojem. Vinarija izgra\u0111ena 50-ih godina u Starome Gradu nosila je njegovo ime. Kazali\u0161na dvorana izgra\u0111ena je kao spomen dom Ivanu Lu\u010di\u0107u Lav\u010devi\u0107u 60-ih godina pro\u0161log stolje\u0107a.<\/p><\/div><\/div><div class='content-column one_half last_column'><div style=\"padding-right:0px;padding-left:6px;\"><p>23. Dezember 1905 &#8211; an diesem Tag wurde der Starigrader B\u00fcrger Ivan Lu\u010di\u0107 Lav\u010devi\u0107 geboren und im Jahr 1942 am selben Tag get\u00f6tet. Er war antifaschistischer K\u00e4mpfer und wurde 1944 von der jugoslawischen Nationalen Befreiungsarmee zum Nationalhelden ernannt. Das in den 50er Jahren in Stari Grad erbaute Weingut trug seinen Namen. Der Theatersaal wurde in den 1960er Jahren als Gedenkst\u00e4tte f\u00fcr Ivan Lu\u010di\u0107 Lav\u010devi\u0107 erbaut.<\/p><\/div><\/div><div class='clear_column'><\/div><\/p>\n<p style=\"text-align: center;\"><em>(izvor \/ Quelle: Faros News)<\/em><\/p>\n<p style=\"text-align: right;\"><a href=\"#seite_oben\">natrag na vrh \/ Seitenanfang<\/a><\/p>\n<hr \/>\n<p><strong>Linkovi \/ Links<\/strong><\/p>\n<p><span style=\"color: #3366ff;\"><a style=\"color: #3366ff;\" href=\"https:\/\/www.topohvar.at\/topo\/orte\/sg\/sg-tg-17-1\/\">Zgrada gospodarske \u00bbVinarija\u00ab \/ Weinkellerei<\/a><br \/>\n<a style=\"color: #3366ff;\" href=\"https:\/\/www.topohvar.at\/topo\/orte\/sg\/sg-mo-06-2\/\">Bista \u00bbIvana Lu\u010di\u0107-Lav\u010devi\u0107a\u00ab \/ B\u00fcste des Ivan Lu\u010di\u0107-Lav\u010devi\u0107<\/a><br \/>\n<\/span><\/p>\n","protected":false},"excerpt":{"rendered":"<p>Ime \/ Name Spomen plo\u010da \u00bbVinarija Ivan Lu\u010di\u0107-Lav\u010devi\u0107\u00ab \/ Gedenktafel Kellerei Ivan Lu\u010di\u0107-Lav\u010devi\u0107 Code: SG-IS-20\u00a0 \u00a0 \u00a0 \u00a0 \u00a0 \u00a0 \u00a0 \u00a0 \u00a0 \u00a0 \u00a0 \u00a0 \u00a0 \u00a0 \u00a0 \u00a0 \u00a0 \u00a0\u00a0\u00a0 Adresa \/ Adresse Stari Grad, Put Kri\u017ea 1, &hellip; <a href=\"https:\/\/www.topohvar.at\/topo\/orte\/sg\/sg-is-20-2\/\">Weiterlesen <span class=\"meta-nav\">&rarr;<\/span><\/a><\/p>\n","protected":false},"author":1,"featured_media":0,"parent":99,"menu_order":0,"comment_status":"closed","ping_status":"closed","template":"","meta":{"footnotes":""},"class_list":["post-3179","page","type-page","status-publish","hentry"],"_links":{"self":[{"href":"https:\/\/www.topohvar.at\/topo\/wp-json\/wp\/v2\/pages\/3179","targetHints":{"allow":["GET"]}}],"collection":[{"href":"https:\/\/www.topohvar.at\/topo\/wp-json\/wp\/v2\/pages"}],"about":[{"href":"https:\/\/www.topohvar.at\/topo\/wp-json\/wp\/v2\/types\/page"}],"author":[{"embeddable":true,"href":"https:\/\/www.topohvar.at\/topo\/wp-json\/wp\/v2\/users\/1"}],"replies":[{"embeddable":true,"href":"https:\/\/www.topohvar.at\/topo\/wp-json\/wp\/v2\/comments?post=3179"}],"version-history":[{"count":18,"href":"https:\/\/www.topohvar.at\/topo\/wp-json\/wp\/v2\/pages\/3179\/revisions"}],"predecessor-version":[{"id":48098,"href":"https:\/\/www.topohvar.at\/topo\/wp-json\/wp\/v2\/pages\/3179\/revisions\/48098"}],"up":[{"embeddable":true,"href":"https:\/\/www.topohvar.at\/topo\/wp-json\/wp\/v2\/pages\/99"}],"wp:attachment":[{"href":"https:\/\/www.topohvar.at\/topo\/wp-json\/wp\/v2\/media?parent=3179"}],"curies":[{"name":"wp","href":"https:\/\/api.w.org\/{rel}","templated":true}]}}