{"id":3199,"date":"2018-08-05T19:34:59","date_gmt":"2018-08-05T17:34:59","guid":{"rendered":"https:\/\/www.topohvar.at\/?page_id=3199"},"modified":"2021-06-04T10:20:35","modified_gmt":"2021-06-04T08:20:35","slug":"sg-is-30-2","status":"publish","type":"page","link":"https:\/\/www.topohvar.at\/topo\/orte\/sg\/sg-is-30-2\/","title":{"rendered":"STARI GRAD &#8211; Spomen plo\u010da \u00bbpod kri\u017eem &#8211; Hvala za sa\u010duvan \u017eivot\u00ab"},"content":{"rendered":"<p><a name=\"seite_oben\"><\/a><br \/>\n<img loading=\"lazy\" decoding=\"async\" class=\"alignnone wp-image-3114 size-large\" src=\"https:\/\/www.topohvar.at\/wp-content\/uploads\/2018\/08\/SG-IS-30-1-1024x503.jpg\" alt=\"\" width=\"640\" height=\"314\" srcset=\"https:\/\/www.topohvar.at\/wp-content\/uploads\/2018\/08\/SG-IS-30-1-1024x503.jpg 1024w, https:\/\/www.topohvar.at\/wp-content\/uploads\/2018\/08\/SG-IS-30-1-300x147.jpg 300w, https:\/\/www.topohvar.at\/wp-content\/uploads\/2018\/08\/SG-IS-30-1-768x377.jpg 768w\" sizes=\"auto, (max-width: 640px) 100vw, 640px\" \/><\/p>\n<p><strong>Ime \/ Name<br \/>\n<\/strong>Spomen plo\u010da \u00bbpod kri\u017eem &#8211; Hvala za sa\u010duvan \u017eivot\u00ab \/ Gedenktafel unter dem Kreuz &#8211; Danke f\u00fcr sicheres Leben<\/p>\n<p><strong>Code: <\/strong>SG-IS-30\u00a0 \u00a0 \u00a0 \u00a0 \u00a0 \u00a0 \u00a0 \u00a0 \u00a0 \u00a0 \u00a0 \u00a0 \u00a0 \u00a0 \u00a0 \u00a0 \u00a0 \u00a0\u00a0<strong><a href=\"https:\/\/www.topohvar.at\/orte\/sg\/sg-ip-01-2\/\"><img loading=\"lazy\" decoding=\"async\" class=\"alignnone wp-image-12300 size-full\" src=\"https:\/\/www.topohvar.at\/wp-content\/uploads\/2018\/09\/push-vor-30.jpg\" alt=\"\" width=\"61\" height=\"30\" \/><\/a>\u00a0<a href=\"https:\/\/www.topohvar.at\/orte\/sg\/sg-is-47-2\/\"><img loading=\"lazy\" decoding=\"async\" class=\"alignnone wp-image-533 size-full\" src=\"https:\/\/www.topohvar.at\/wp-content\/uploads\/2018\/07\/push-l-30.jpg\" alt=\"\" width=\"61\" height=\"30\" \/><\/a> <a href=\"https:\/\/www.topohvar.at\/orte\/sg\/\"><img loading=\"lazy\" decoding=\"async\" class=\"alignnone wp-image-535 size-full\" src=\"https:\/\/www.topohvar.at\/wp-content\/uploads\/2018\/07\/push-o-30.jpg\" alt=\"\" width=\"61\" height=\"30\" \/><\/a> <a href=\"https:\/\/www.topohvar.at\/orte\/sg\/sg-is-31-2\/\"><img loading=\"lazy\" decoding=\"async\" class=\"alignnone wp-image-536 size-full\" src=\"https:\/\/www.topohvar.at\/wp-content\/uploads\/2018\/07\/push-r-30.jpg\" alt=\"\" width=\"61\" height=\"30\" \/><\/a><\/strong><\/p>\n<hr \/>\n<p><strong>Adresa \/ Adresse<br \/>\n<\/strong>Stari Grad, Glavica<\/p>\n<p><strong>Lokacija \/ Position<a href=\"https:\/\/goo.gl\/maps\/o9gNTLF7f1vr79cM7\"><img loading=\"lazy\" decoding=\"async\" class=\"alignright wp-image-2246\" src=\"https:\/\/www.topohvar.at\/wp-content\/uploads\/2018\/08\/0608.jpg\" alt=\"\" width=\"133\" height=\"100\" \/><\/a><br \/>\n<\/strong><span style=\"color: #3366ff;\"><a style=\"color: #3366ff;\" href=\"https:\/\/goo.gl\/maps\/o9gNTLF7f1vr79cM7\">Latitude: N 43,19092\u00b0\u00a0 \u00a0Longitude: E 16,59565\u00b0<\/a> <\/span><strong><br \/>\n<\/strong>Visina \/ H\u00f6he: 117 m<\/p>\n<p><strong>Katastarska \u010destica \/ Grundst\u00fccke<br \/>\n<\/strong>7306<div class='content-column one_half'><div style=\"padding-right:6px;\"><p><strong>Datum snimanja \/ Erfassungsdatum<br \/>\n<\/strong>21.05.2015 15:24:00<\/p>\n<hr \/>\n<p><strong>Informacije<\/strong><\/p>\n<p>Natpis:<\/p>\n<p style=\"text-align: center;\"><strong>HVALA ZA SA\u010cUVAN<\/strong><br \/>\n<strong>\u017dIVOT I VID<\/strong><br \/>\n15.12.1943. GOD.<br \/>\nMARINKO JURI\u0106 PERETOV<br \/>\nVELO GRABLJE<br \/>\n07.07.1990. GOD.<\/p><\/div><\/div><div class='content-column one_half last_column'><div style=\"padding-right:0px;padding-left:6px;\"><p><strong>Stupanj za\u0161tite \/ Schutzstellung<br \/>\n<\/strong>&#8211;<\/p>\n<hr \/>\n<p><strong>Info<\/strong><\/p>\n<p>Inschrift:<\/p>\n<p style=\"text-align: center;\"><strong>Danke f\u00fcr das sichere Leben<\/strong><br \/>\n<strong>und Augenlicht<\/strong><br \/>\n15.12.1943<br \/>\nMarinko Juri\u0107 Peretov<br \/>\nVelo Grablje<br \/>\n07.07.1990<\/p><\/div><\/div><div class='clear_column'><\/div><\/p>\n<hr \/>\n<div class='content-column one_third'><div style=\"padding-right:6px;\"><p>Ranije ispod oltara na Glavici nalazila se plo\u010da istog sadr\u017eaja.<\/p><\/div><\/div><div class='content-column one_third'><div style=\"padding-right:6px;\"><p><img loading=\"lazy\" decoding=\"async\" class=\"aligncenter size-full wp-image-37547\" src=\"https:\/\/www.topohvar.at\/wp-content\/uploads\/2020\/05\/sg-is-30-7.jpg\" alt=\"\" width=\"548\" height=\"530\" srcset=\"https:\/\/www.topohvar.at\/wp-content\/uploads\/2020\/05\/sg-is-30-7.jpg 548w, https:\/\/www.topohvar.at\/wp-content\/uploads\/2020\/05\/sg-is-30-7-300x290.jpg 300w\" sizes=\"auto, (max-width: 548px) 100vw, 548px\" \/><\/p><\/div><\/div><div class='content-column one_third last_column'><div style=\"padding-right:0px;padding-left:6px;\"><p>Fr\u00fcher war eine Gedenktafel gleichen Inhaltes unter dem Altar auf Glavica vorhanden.<\/p><\/div><\/div><div class='clear_column'><\/div><div class='content-column one_half'><div style=\"padding-right:6px;\"><p>Ostale spomen-plo\u010de obitelji Juri\u0107 (Roko i Marinko) nalaze se u uvali sv. Ante, na ulazu u selo i kod crkve sv. Antonije.<\/p><\/div><\/div><div class='content-column one_half last_column'><div style=\"padding-right:0px;padding-left:6px;\"><p>Weitere Gedenktafeln der Familie Juri\u0107 (Roko i Marinko) befinden sich in der Bucht sv. Ante, und zwar am Ortseingang und bei der Kirche zum hl. Antonius.<\/p><\/div><\/div><div class='clear_column'><\/div><\/p>\n<p style=\"text-align: right;\"><a href=\"#seite_oben\">natrag na vrh \/ Seitenanfang<\/a><\/p>\n<hr \/>\n<p><strong>Linkovi \/ Links<\/strong><\/p>\n<p><span style=\"color: #3366ff;\"><a style=\"color: #3366ff;\" href=\"https:\/\/www.topohvar.at\/topo\/orte\/sg\/sg-is-31-2\/\">Druga spomen plo\u010da pod kri\u017eem \/ Zweite Gedenktafel unter dem Kreuz (Marinko Juric)<\/a><br \/>\n<a style=\"color: #3366ff;\" href=\"https:\/\/www.topohvar.at\/topo\/orte\/gv\/gv-is-15-1\/\">Spomen plo\u010da \/ Gedenktafel \u00bbMarinko Juri\u0107\u00ab, uz crkvu sv. Antonije<\/a><br \/>\n<a style=\"color: #3366ff;\" href=\"https:\/\/www.topohvar.at\/topo\/orte\/gv\/gv-is-14-1\/\">Spomen plo\u010da \/ Gedenktafel \u00bbRoko i Marinko\u00ab, uvala sv. Ante<\/a><br \/>\n<a style=\"color: #3366ff;\" href=\"https:\/\/www.topohvar.at\/topo\/orte\/sg\/sg-cz-03-2\/\">Kri\u017e \u00bbna Glavicu\u00ab \/ Kreuz am Glavica<\/a><br \/>\n<\/span><span style=\"color: #3366ff;\"><a style=\"color: #3366ff;\" href=\"https:\/\/www.topohvar.at\/topo\/orte\/sg\/sg-cp-01-2\/\">Kapela \u00bbIsusa Kristu\u00ab \/ Christuskapelle<\/a><\/span><br \/>\n<span style=\"color: #3366ff;\"><a style=\"color: #3366ff;\" href=\"https:\/\/www.topohvar.at\/topo\/orte\/sg\/sg-ip-12-2\/\">Informativna plo\u010da \u00bb60. godine\u00ab \/ Tafel \u00bb60 Jahre\u00ab<\/a><br \/>\n<a style=\"color: #3366ff;\" href=\"https:\/\/www.topohvar.at\/topo\/orte\/sg\/sg-in-37-1\/\">Natpis \u00bbna oltaru u Glavici\u00ab \/ Inschrift am Altar auf Glavica<\/a><\/span><br \/>\n<span style=\"color: #3366ff;\"><a style=\"color: #3366ff;\" href=\"https:\/\/www.topohvar.at\/topo\/orte\/sg\/sg-po-01-2\/\">Povijesni lokalitet \u00bbGlavica\u00ab \/ historische Lokalit\u00e4t Glavica<\/a><\/span><br \/>\n<span style=\"color: #3366ff;\"><a style=\"color: #3366ff;\" href=\"https:\/\/www.topohvar.at\/topo\/orte\/gv\/gv-cz-10-1\/\">Velo Grablje &#8211; Kri\u017e \u00bbRoko Petri\u0107\u00ab \/ Kreuz des Roko Petri\u0107\u00b4 (Marinko Juri\u0107)<\/a><\/span><\/p>\n","protected":false},"excerpt":{"rendered":"<p>Ime \/ Name Spomen plo\u010da \u00bbpod kri\u017eem &#8211; Hvala za sa\u010duvan \u017eivot\u00ab \/ Gedenktafel unter dem Kreuz &#8211; Danke f\u00fcr sicheres Leben Code: SG-IS-30\u00a0 \u00a0 \u00a0 \u00a0 \u00a0 \u00a0 \u00a0 \u00a0 \u00a0 \u00a0 \u00a0 \u00a0 \u00a0 \u00a0 \u00a0 \u00a0 \u00a0 &hellip; <a href=\"https:\/\/www.topohvar.at\/topo\/orte\/sg\/sg-is-30-2\/\">Weiterlesen <span class=\"meta-nav\">&rarr;<\/span><\/a><\/p>\n","protected":false},"author":1,"featured_media":0,"parent":99,"menu_order":0,"comment_status":"closed","ping_status":"closed","template":"","meta":{"footnotes":""},"class_list":["post-3199","page","type-page","status-publish","hentry"],"_links":{"self":[{"href":"https:\/\/www.topohvar.at\/topo\/wp-json\/wp\/v2\/pages\/3199","targetHints":{"allow":["GET"]}}],"collection":[{"href":"https:\/\/www.topohvar.at\/topo\/wp-json\/wp\/v2\/pages"}],"about":[{"href":"https:\/\/www.topohvar.at\/topo\/wp-json\/wp\/v2\/types\/page"}],"author":[{"embeddable":true,"href":"https:\/\/www.topohvar.at\/topo\/wp-json\/wp\/v2\/users\/1"}],"replies":[{"embeddable":true,"href":"https:\/\/www.topohvar.at\/topo\/wp-json\/wp\/v2\/comments?post=3199"}],"version-history":[{"count":17,"href":"https:\/\/www.topohvar.at\/topo\/wp-json\/wp\/v2\/pages\/3199\/revisions"}],"predecessor-version":[{"id":49701,"href":"https:\/\/www.topohvar.at\/topo\/wp-json\/wp\/v2\/pages\/3199\/revisions\/49701"}],"up":[{"embeddable":true,"href":"https:\/\/www.topohvar.at\/topo\/wp-json\/wp\/v2\/pages\/99"}],"wp:attachment":[{"href":"https:\/\/www.topohvar.at\/topo\/wp-json\/wp\/v2\/media?parent=3199"}],"curies":[{"name":"wp","href":"https:\/\/api.w.org\/{rel}","templated":true}]}}