{"id":3209,"date":"2018-08-05T19:37:20","date_gmt":"2018-08-05T17:37:20","guid":{"rendered":"https:\/\/www.topohvar.at\/?page_id=3209"},"modified":"2021-04-18T09:37:36","modified_gmt":"2021-04-18T07:37:36","slug":"sg-is-35-2","status":"publish","type":"page","link":"https:\/\/www.topohvar.at\/topo\/orte\/sg\/sg-is-35-2\/","title":{"rendered":"STARI GRAD &#8211; Spomen plo\u010da \u00bbU uvoj zgradi 22. 8. 1942\u00ab"},"content":{"rendered":"<p><a name=\"seite_oben\"><\/a><br \/>\n<img loading=\"lazy\" decoding=\"async\" class=\"alignnone wp-image-3119 size-large\" src=\"https:\/\/www.topohvar.at\/wp-content\/uploads\/2018\/08\/sg-is-35-1-1024x503.jpg\" alt=\"\" width=\"640\" height=\"314\" srcset=\"https:\/\/www.topohvar.at\/wp-content\/uploads\/2018\/08\/sg-is-35-1-1024x503.jpg 1024w, https:\/\/www.topohvar.at\/wp-content\/uploads\/2018\/08\/sg-is-35-1-300x147.jpg 300w, https:\/\/www.topohvar.at\/wp-content\/uploads\/2018\/08\/sg-is-35-1-768x377.jpg 768w\" sizes=\"auto, (max-width: 640px) 100vw, 640px\" \/><\/p>\n<p><strong>Ime \/ Name<br \/>\n<\/strong>Spomen plo\u010da \u00bbU uvoj zgradi 22. 8. 1942\u00ab \/ Gedenktafel &#8211; in diesem Geb\u00e4ude am 22.8.1942<\/p>\n<p><strong>Code: <\/strong>SG-IS-35\u00a0 \u00a0 \u00a0 \u00a0 \u00a0 \u00a0 \u00a0 \u00a0 \u00a0 \u00a0 \u00a0 \u00a0 \u00a0 \u00a0 \u00a0 \u00a0 \u00a0 \u00a0\u00a0<strong><a href=\"https:\/\/www.topohvar.at\/orte\/sg\/sg-ip-01-2\/\"><img loading=\"lazy\" decoding=\"async\" class=\"alignnone wp-image-12300 size-full\" src=\"https:\/\/www.topohvar.at\/wp-content\/uploads\/2018\/09\/push-vor-30.jpg\" alt=\"\" width=\"61\" height=\"30\" \/><\/a>\u00a0<a href=\"https:\/\/www.topohvar.at\/orte\/sg\/sg-is-38-2\/\"><img loading=\"lazy\" decoding=\"async\" class=\"alignnone wp-image-533 size-full\" src=\"https:\/\/www.topohvar.at\/wp-content\/uploads\/2018\/07\/push-l-30.jpg\" alt=\"\" width=\"61\" height=\"30\" \/><\/a> <a href=\"https:\/\/www.topohvar.at\/orte\/sg\/\"><img loading=\"lazy\" decoding=\"async\" class=\"alignnone wp-image-535 size-full\" src=\"https:\/\/www.topohvar.at\/wp-content\/uploads\/2018\/07\/push-o-30.jpg\" alt=\"\" width=\"61\" height=\"30\" \/><\/a> <a href=\"https:\/\/www.topohvar.at\/orte\/sg\/sg-is-19-2\/\"><img loading=\"lazy\" decoding=\"async\" class=\"alignnone wp-image-536 size-full\" src=\"https:\/\/www.topohvar.at\/wp-content\/uploads\/2018\/07\/push-r-30.jpg\" alt=\"\" width=\"61\" height=\"30\" \/><\/a><\/strong><\/p>\n<hr \/>\n<p><strong>Adresa \/ Adresse<br \/>\n<\/strong>Stari Grad, Polje, Ku\u0107a Ra\u0161nik<\/p>\n<p><strong>Lokacija \/ Position<a href=\"https:\/\/goo.gl\/maps\/VTwyVXwiabMrZk42A\"><img loading=\"lazy\" decoding=\"async\" class=\"alignright wp-image-3469\" src=\"https:\/\/www.topohvar.at\/wp-content\/uploads\/2018\/08\/1218.jpg\" alt=\"\" width=\"134\" height=\"100\" \/><\/a><br \/>\n<\/strong><span style=\"color: #3366ff;\"><a style=\"color: #3366ff;\" href=\"https:\/\/goo.gl\/maps\/VTwyVXwiabMrZk42A\">Latitude: N 43,18611\u00b0\u00a0 \u00a0Longitude: E 16,63521\u00b0<\/a> <\/span><strong><br \/>\n<\/strong>Visina \/ H\u00f6he: 32 m<\/p>\n<p><strong>Katastarska \u010destica \/ Grundst\u00fccke<br \/>\n<\/strong>*711, 1697, 5423\/3<div class='content-column one_half'><div style=\"padding-right:6px;\"><p><strong>Datum snimanja \/ Erfassungsdatum<br \/>\n<\/strong>15.05.2012 10:23:00<\/p>\n<hr \/>\n<p><strong>Informacije<\/strong><\/p>\n<p>Spomen plo\u010da postavljena je na ku\u0107i <em>Pavi\u010di\u0107 Dinka<\/em> pok. Stjepana u predjelu <em>Ra\u0161nik<\/em>, u kojoj je u augustu 1942. godine formiran Kotarsrki NOO Hvar.<\/p><\/div><\/div><div class='content-column one_half last_column'><div style=\"padding-right:0px;padding-left:6px;\"><p><strong>Stupanj za\u0161tite \/ Schutzstellung<br \/>\n<\/strong>&#8211;<\/p>\n<hr \/>\n<p><strong>Info<\/strong><\/p>\n<p>Die Gedenktafel wurde in der Gegend von <em>Ra\u0161nik<\/em> am Haus des <em>Dinka Pavi\u010di\u0107<\/em>, genannt Stefan, wo sich im August 1942 die NOO des Kreises Hvar bildete, errichtet.<\/p><\/div><\/div><div class='clear_column'><\/div><div class='content-column one_half'><div style=\"padding-right:6px;\"><p>Natpis:<\/p>\n<p style=\"text-align: center;\">U OVOJ ZGRADI<br \/>\n22. AUGUSTA 1942<br \/>\nFORMIRAN JE KOTARSKI N. O. O.<br \/>\n\u010cIJE SU ODLUKE UBRZALE<br \/>\nRAZVITAK NARODNE REVOLUCIJE<br \/>\nNA NA\u0160EM OKOTU<br \/>\n27. JULA 1951. GOD. \u2013 KOTARSKI ODBOR<br \/>\nNARODNE FRONTE HVAR<\/p><\/div><\/div><div class='content-column one_half last_column'><div style=\"padding-right:0px;padding-left:6px;\"><p>Inschrift:<\/p>\n<p style=\"text-align: center;\">In diesem Geb\u00e4ude wurde<br \/>\nam 22. August 1942<br \/>\ndie Bezirks-NOO gegr\u00fcndet<br \/>\nderen Entscheidungen die<br \/>\nEntwicklung der nationalen Revolution<br \/>\nauf unserer Insel beschleunigten.<br \/>\n27. Juli 1951. &#8211; Bezirksausschuss der<br \/>\nNationalen Front Hvar<\/p><\/div><\/div><div class='clear_column'><\/div><div class='content-column one_half'><div style=\"padding-right:6px;\"><p>Spomen plo\u010da je postavljena od Kotarsikog odbora N. O. F. Hvar, 27. jula 1951. godine uz proslavu Dana ustanka naroda Hrvatske<strong>.<\/strong><\/p><\/div><\/div><div class='content-column one_half last_column'><div style=\"padding-right:0px;padding-left:6px;\"><p>Die Gedenktafel wurde vom Distrikt-Vorstand der N. O. F. Hvar, am 27. Juli 1951, dem kroatischen Nationalfeiertag, errichtet.<\/p><\/div><\/div><div class='clear_column'><\/div><\/p>\n<p style=\"text-align: right;\"><a href=\"#seite_oben\">natrag na vrh \/ Seitenanfang<\/a><\/p>\n<hr \/>\n<p><strong>Linkovi \/ Links<\/strong><\/p>\n<p><span style=\"color: #3366ff;\"><a style=\"color: #3366ff;\" href=\"https:\/\/www.topohvar.at\/topo\/orte\/sg\/sg-tg-02-1\/\">Ku\u0107a \u00bbDinko Pavi\u010di\u0107 (Ra\u0161nik)\u00ab \/ Haus\u00a0Dinko Pavi\u010di\u0107 in Ra\u0161nik<\/a><\/span><\/p>\n","protected":false},"excerpt":{"rendered":"<p>Ime \/ Name Spomen plo\u010da \u00bbU uvoj zgradi 22. 8. 1942\u00ab \/ Gedenktafel &#8211; in diesem Geb\u00e4ude am 22.8.1942 Code: SG-IS-35\u00a0 \u00a0 \u00a0 \u00a0 \u00a0 \u00a0 \u00a0 \u00a0 \u00a0 \u00a0 \u00a0 \u00a0 \u00a0 \u00a0 \u00a0 \u00a0 \u00a0 \u00a0\u00a0\u00a0 Adresa \/ &hellip; <a href=\"https:\/\/www.topohvar.at\/topo\/orte\/sg\/sg-is-35-2\/\">Weiterlesen <span class=\"meta-nav\">&rarr;<\/span><\/a><\/p>\n","protected":false},"author":1,"featured_media":0,"parent":99,"menu_order":0,"comment_status":"closed","ping_status":"closed","template":"","meta":{"footnotes":""},"class_list":["post-3209","page","type-page","status-publish","hentry"],"_links":{"self":[{"href":"https:\/\/www.topohvar.at\/topo\/wp-json\/wp\/v2\/pages\/3209","targetHints":{"allow":["GET"]}}],"collection":[{"href":"https:\/\/www.topohvar.at\/topo\/wp-json\/wp\/v2\/pages"}],"about":[{"href":"https:\/\/www.topohvar.at\/topo\/wp-json\/wp\/v2\/types\/page"}],"author":[{"embeddable":true,"href":"https:\/\/www.topohvar.at\/topo\/wp-json\/wp\/v2\/users\/1"}],"replies":[{"embeddable":true,"href":"https:\/\/www.topohvar.at\/topo\/wp-json\/wp\/v2\/comments?post=3209"}],"version-history":[{"count":16,"href":"https:\/\/www.topohvar.at\/topo\/wp-json\/wp\/v2\/pages\/3209\/revisions"}],"predecessor-version":[{"id":48110,"href":"https:\/\/www.topohvar.at\/topo\/wp-json\/wp\/v2\/pages\/3209\/revisions\/48110"}],"up":[{"embeddable":true,"href":"https:\/\/www.topohvar.at\/topo\/wp-json\/wp\/v2\/pages\/99"}],"wp:attachment":[{"href":"https:\/\/www.topohvar.at\/topo\/wp-json\/wp\/v2\/media?parent=3209"}],"curies":[{"name":"wp","href":"https:\/\/api.w.org\/{rel}","templated":true}]}}