{"id":3211,"date":"2018-08-05T19:38:02","date_gmt":"2018-08-05T17:38:02","guid":{"rendered":"https:\/\/www.topohvar.at\/?page_id=3211"},"modified":"2021-04-18T08:12:53","modified_gmt":"2021-04-18T06:12:53","slug":"sg-is-36-2","status":"publish","type":"page","link":"https:\/\/www.topohvar.at\/topo\/orte\/sg\/sg-is-36-2\/","title":{"rendered":"STARI GRAD &#8211; Spomen plo\u010da \u00bbDon \u0160ime Ljubi\u0107\u00ab"},"content":{"rendered":"<p><a name=\"seite_oben\"><\/a><br \/>\n<img loading=\"lazy\" decoding=\"async\" class=\"alignnone wp-image-3120 size-large\" src=\"https:\/\/www.topohvar.at\/wp-content\/uploads\/2018\/08\/SG-IS-36-1-1024x503.jpg\" alt=\"\" width=\"640\" height=\"314\" srcset=\"https:\/\/www.topohvar.at\/wp-content\/uploads\/2018\/08\/SG-IS-36-1-1024x503.jpg 1024w, https:\/\/www.topohvar.at\/wp-content\/uploads\/2018\/08\/SG-IS-36-1-300x147.jpg 300w, https:\/\/www.topohvar.at\/wp-content\/uploads\/2018\/08\/SG-IS-36-1-768x377.jpg 768w\" sizes=\"auto, (max-width: 640px) 100vw, 640px\" \/><\/p>\n<p><strong>Ime \/ Name<br \/>\n<\/strong>Spomen plo\u010da \u00bbDon \u0160ime Ljubi\u0107\u00ab\u00a0\/ Gedenktafel &#8211; Don \u0160ime Ljubi\u0107<\/p>\n<p><strong>Code: <\/strong>SG-IS-36\u00a0 \u00a0 \u00a0 \u00a0 \u00a0 \u00a0 \u00a0 \u00a0 \u00a0 \u00a0 \u00a0 \u00a0 \u00a0 \u00a0 \u00a0 \u00a0 \u00a0 \u00a0\u00a0<strong><a href=\"https:\/\/www.topohvar.at\/orte\/sg\/sg-ip-01-2\/\"><img loading=\"lazy\" decoding=\"async\" class=\"alignnone wp-image-12300 size-full\" src=\"https:\/\/www.topohvar.at\/wp-content\/uploads\/2018\/09\/push-vor-30.jpg\" alt=\"\" width=\"61\" height=\"30\" \/><\/a>\u00a0<a href=\"https:\/\/www.topohvar.at\/orte\/sg\/sg-is-46-2\/\"><img loading=\"lazy\" decoding=\"async\" class=\"alignnone wp-image-533 size-full\" src=\"https:\/\/www.topohvar.at\/wp-content\/uploads\/2018\/07\/push-l-30.jpg\" alt=\"\" width=\"61\" height=\"30\" \/><\/a> <a href=\"https:\/\/www.topohvar.at\/orte\/sg\/\"><img loading=\"lazy\" decoding=\"async\" class=\"alignnone wp-image-535 size-full\" src=\"https:\/\/www.topohvar.at\/wp-content\/uploads\/2018\/07\/push-o-30.jpg\" alt=\"\" width=\"61\" height=\"30\" \/><\/a> <a href=\"https:\/\/www.topohvar.at\/orte\/sg\/sg-is-37-2\/\"><img loading=\"lazy\" decoding=\"async\" class=\"alignnone wp-image-536 size-full\" src=\"https:\/\/www.topohvar.at\/wp-content\/uploads\/2018\/07\/push-r-30.jpg\" alt=\"\" width=\"61\" height=\"30\" \/><\/a><\/strong><\/p>\n<hr \/>\n<p><strong>Adresa \/ Adresse<br \/>\n<\/strong>Stari Grad, \u0160etali\u0161te don \u0160ime Lubi\u0107a 8<\/p>\n<p><strong>Lokacija \/ Position<a href=\"https:\/\/goo.gl\/maps\/t1oVbCzMC9T4hV8u9\"><img loading=\"lazy\" decoding=\"async\" class=\"alignright wp-image-3316\" src=\"https:\/\/www.topohvar.at\/wp-content\/uploads\/2018\/08\/1058.jpg\" alt=\"\" width=\"133\" height=\"100\" \/><\/a><br \/>\n<\/strong><span style=\"color: #3366ff;\"><a style=\"color: #3366ff;\" href=\"https:\/\/goo.gl\/maps\/t1oVbCzMC9T4hV8u9\">Latitude: N 43,18373\u00b0\u00a0 \u00a0Longitude: E 16,59182\u00b0<\/a> <\/span><strong><br \/>\n<\/strong>Visina \/ H\u00f6he: 2 m<\/p>\n<p><strong>Katastarska \u010destica \/ Grundst\u00fccke<br \/>\n<\/strong>2954\/1<div class='content-column one_half'><div style=\"padding-right:6px;\"><p><strong>Datum snimanja \/ Erfassungsdatum<br \/>\n<\/strong>16.05.2013 09:00:00<\/p>\n<hr \/>\n<p><strong>Informacije<\/strong><\/p>\n<p>Na obodnom zidu nekada\u0161nje ku\u0107e don \u0160ime Ljubi\u0107a nalazi se spomen-plo\u010da sa sljede\u0107im natpisom:<\/p><\/div><\/div><div class='content-column one_half last_column'><div style=\"padding-right:0px;padding-left:6px;\"><p><strong>Stupanj za\u0161tite \/ Schutzstellung<br \/>\n<\/strong>&#8211;<\/p>\n<hr \/>\n<p><strong>Info<\/strong><\/p>\n<p>An der Umfassungsmauer des seinerzeitigen Anwesens des Don \u0160ime Ljubi\u0107 findet sich eine Gedenktafel mit folgender Inschrift:<\/p><\/div><\/div><div class='clear_column'><\/div><div class='content-column one_half'><div style=\"padding-right:6px;\"><p style=\"text-align: center;\">S RODNIM GRADOM SJEDINJEN<br \/>\nU MAUZOLEJU OVOM SPOKOJ NA\u0110E<br \/>\nAKADEMIK<br \/>\n<strong>DON \u0160IME LJUBI\u0106<\/strong><br \/>\n(1822. \u2013 1896.)<br \/>\nHRVATSKI PREPORODITELJ I VELIKAN ZNANOSTI<br \/>\n*<br \/>\nO 111- OBLJETNICI SMRTI<br \/>\nSVOM ZASLU\u017dNOM \u010cLANU U SPOMEN<br \/>\nHVRATSKA AKADEMIJA ZNANOSTI I UMJETNOSTI<\/p><\/div><\/div><div class='content-column one_half last_column'><div style=\"padding-right:0px;padding-left:6px;\"><p style=\"text-align: center;\">Mit der Heimatstadt vereint, fand<br \/>\nin diesem Mausoleum seine Ruhe<br \/>\nder Akademiker<br \/>\n<strong>Don \u0160ime Ljubi\u0107<\/strong><br \/>\n(1822 &#8211; 1896)<br \/>\nkroatischer Reformer und gro\u00dfer Wissenschaftler<br \/>\n*<br \/>\nIn Gedenken an den 111. Todestag<br \/>\nihres verdienten Mitglieds. Die Kroatische<br \/>\nAkademie der K\u00fcnste und Wissenschaften.<\/p><\/div><\/div><div class='clear_column'><\/div><div class='content-column one_half'><div style=\"padding-right:6px;\"><p>Plaketa otkrivena je 4. listopada 2007. Autor plakete je gra\u0111anin Starog Grada Nik\u0161a Ra\u010di\u0107, k koji je, zajedno sa HAZU, odredio design, dimenzije i sam tekst spomen-plo\u010de a postavio ju je nama dobro znani bra\u010dki me\u0161tar gosp. Glu\u0161evi\u0107.<\/p><\/div><\/div><div class='content-column one_half last_column'><div style=\"padding-right:0px;padding-left:6px;\"><p>Die Gedenktafel wurde am 04.10.2007 enth\u00fcllt. Der Autor der Gedenktafel ist der Stari Grader B\u00fcrger Nik\u0161a Ra\u010di\u0107, der zusammen mit der kroatischen Akademie der Wissenschaften und K\u00fcnste das Design, die Abmessungen und den Text der Gedenktafel entworfen hat. Gefertigt wurde die Tafel von dem bekannten Meister, Herrn Glu\u0161evi\u0107 aus Bra\u010d.<\/p><\/div><\/div><div class='clear_column'><\/div><\/p>\n<p style=\"text-align: right;\"><a href=\"#seite_oben\">natrag na vrh \/ Seitenanfang<\/a><\/p>\n<hr \/>\n<div class='content-column one_half'><div style=\"padding-right:6px;\"><p><strong>\u0160ime Ljubi\u0107<\/strong>, povjesni\u010dar i arheolog.<br \/>\n* Stari Grad, 24. 5 1822 .; \u2020 ibid., 19. 10. 1896. godine.<\/p><\/div><\/div><div class='content-column one_half last_column'><div style=\"padding-right:0px;padding-left:6px;\"><p><strong>\u0160ime Ljubi\u0107,<\/strong> Historiker und Arch\u00e4ologe.<br \/>\n* Stari Grad, 24. 5. 1822; \u2020 ebenda, 19. 10. 1896.<\/p><\/div><\/div><div class='clear_column'><\/div><div class='content-column one_half'><div style=\"padding-right:6px;\"><p>Ve\u0107 dok je u Zari studirao teologiju,\u00a0po\u010deo je znanstveno raditi. Nakon zare\u0111enja 1847. godine postao je kapelan u Starom Gradu, gdje je osnovao privatnu srednju \u0161kolu i \u010ditaonicu. Zbog svoje nacionalna hrvatska djelatnost, pu\u0161ten je iz slu\u017ebe u lipnju 1849. Od studenog 1849. bio je kapelan u S. Pietru (na otoku Brazza) i 1852.-55. \u017dupnik u Starom Gradu.<\/p><\/div><\/div><div class='content-column one_half last_column'><div style=\"padding-right:0px;padding-left:6px;\"><p>Er begann bereits w\u00e4hrend des Studiums der Theologie in Zara wissenschaftlich zu arbeiten. Nach der Priesterweihe im Jahr 1847 wurde er Kaplan in Stari Grad, wo er ein Privat-Gymnasium und eine Lesehalle gr\u00fcndete. Wegen seiner nationalkroatischen T\u00e4tigkeit wurde er im Juni 1849 aus dem Dienst entlassen, ab November 1849 Kaplan in S. Pietro (auf der Insel Brazza) und 1852\u201355 Pfarrer in Stari Grad.<\/p><\/div><\/div><div class='clear_column'><\/div><div class='content-column one_half'><div style=\"padding-right:6px;\"><p>1855\u201357. Ljubi\u0107 je studirao povijest i geografiju na Sveu\u010dili\u0161tu u Be\u010du. Od 1857. radio je kao srednjo\u0161kolski u\u010ditelj u Splitu, Essegu i Rijeci; 1858. kustos Arheolo\u0161kog muzeja u Splitu. U me\u0111uvremenu je radio u Dr\u017eavnom arhivu u Veneciji do kraja 1861., \u0161to je bilo presudno za njegov budu\u0107i rad.<\/p><\/div><\/div><div class='content-column one_half last_column'><div style=\"padding-right:0px;padding-left:6px;\"><p>1855\u201357 studierte Ljubi\u0107 an der Universit\u00e4t Wien Geschichte und Geographie. Ab 1857 wirkte er als Gymnasiallehrer in Split, Esseg und Rijeka; 1858 war er Kustos des Arch\u00e4ologischen Museums in Split. In der Zwischenzeit arbeitete er bis Ende 1861 am Staatsarchiv in Venedig, was f\u00fcr seine zuk\u00fcnftige T\u00e4tigkeit entscheidend war.<\/p><\/div><\/div><div class='clear_column'><\/div><div class='content-column one_half'><div style=\"padding-right:6px;\"><p>1867. postao je jedan od \u0161esnaest prvih \u010dlanova tada novoosnovane Ju\u017enoslavenske akademije znanosti u Zagrebu i kustos arheolo\u0161kog odjela Narodnog muzeja u Zagrebu. U godinama 1871\u201392 bio je direktor Arheolo\u0161kog muzeja u Zagrebu i ure\u0111ivao \u010dasopis \u201eViestnik\u201d Hrvatskog arheolo\u0161kog dru\u0161tva. Umirovio se 1892. godine i do smrti \u017eivio u Starom Gradu.<\/p><\/div><\/div><div class='content-column one_half last_column'><div style=\"padding-right:0px;padding-left:6px;\"><p>1867 wurde er eines der sechzehn ersten Mitglieder der damals neugegr\u00fcndeten S\u00fcdslawischen Akademie der Wissenschaften in Zagreb und Kustos der arch\u00e4ologischen Abteilung des Nationalmuseums in Zagreb. In den Jahren 1871\u201392 war er Direktor des Arch\u00e4ologischen Museums in Zagreb und redigierte die Zeitschrift \u201eViestnik\u201c der kroatischen arch\u00e4ologischen Gesellschaft. 1892 trat er in den Ruhestand und lebte er bis zu seinem Tode in Stari Grad.<\/p><\/div><\/div><div class='clear_column'><\/div><div class='content-column one_half'><div style=\"padding-right:6px;\"><p>Ljubi\u0107ev znanstveni rad bio je raznovrstan i opse\u017ean &#8211; obuhva\u0107ao je uglavnom povijesna istra\u017eivanja, numizmatiku, epigrafiju, prapovijesnu i rimsku arheologiju, organizaciju muzeja i njegovo terensko istra\u017eivanje i katalogiziranje nalaza. Njegova glavna zasluga, me\u0111utim, le\u017ei u objavljivanju izvora o hrvatskoj povijesti. Bio je \u010dlan brojnih u\u010denih dru\u0161tava (Bordo, Rim, Venecija, Be\u010d, Beograd, Odesa, Moskva).<\/p><\/div><\/div><div class='content-column one_half last_column'><div style=\"padding-right:0px;padding-left:6px;\"><p>Ljubi\u0107s wissenschaftliche T\u00e4tigkeit war vielseitig und umfangreich \u2014 sie umfasste haupts\u00e4chlich historische Forschungen, Numismatik, Epigraphik, vorgeschichtliche und r\u00f6mische Arch\u00e4ologie, Organisation des Museums und seiner Terrain-Forschung sowie die Katalogisierung der Fundbest\u00e4nde. Sein Hauptverdienst liegt aber in der Herausgabe von Quellen zur kroatischen Geschichte. Er war Mitglied zahlreicher gelehrter Gesellschaften (Bordeaux, Rom, Venedig, Wien, Belgrad, Odessa, Moskau).<\/p><\/div><\/div><div class='clear_column'><\/div><\/p>\n<p style=\"text-align: right;\"><a href=\"#seite_oben\">natrag na vrh \/ Seitenanfang<\/a><\/p>\n<hr \/>\n<p><strong>Linkovi \/ Links<\/strong><\/p>\n<p><span style=\"color: #3366ff;\"><a style=\"color: #3366ff;\" href=\"https:\/\/www.topohvar.at\/topo\/orte\/sg\/sg-ck-02-2\/\">Mauzolej Don \u0160ime Ljubi\u0107a \/ Mausoleum des Don \u0160ime Ljubi\u0107<\/a><br \/>\n<a style=\"color: #3366ff;\" href=\"https:\/\/www.topohvar.at\/topo\/orte\/sg\/sg-tg-18-1\/\">Rodna ku\u0107a \u0160ime Ljubi\u0107a \/ Geburtshaus des\u00a0\u0160ime Ljubi\u0107<\/a><br \/>\n<a style=\"color: #3366ff;\" href=\"https:\/\/www.topohvar.at\/topo\/orte\/sg\/sg-is-04-2\/\">Spomen plo\u010da \u00bbRodna ku\u0107a Don \u0160ime Ljubi\u0107\u00ab \/ Gedenktafel am Geburtshaus des Don \u0160ime Ljubi\u0107<\/a><br \/>\n<a style=\"color: #3366ff;\" href=\"https:\/\/www.topohvar.at\/topo\/orte\/sg\/sg-tg-04-1\/\">Stambena zgrada Don \u0160ime Ljubi\u0107a \/ Wohnhaus des des Don \u0160ime Ljubi\u0107<\/a><br \/>\n<a style=\"color: #3366ff;\" href=\"https:\/\/www.topohvar.at\/topo\/orte\/sg\/sg-mo-07-2\/\">Bista \u00bbDon \u0160ime Ljubi\u0107a\u00ab \/ B\u00fcste des\u00a0Don \u0160ime Ljubi\u0107<\/a><br \/>\n<\/span><\/p>\n","protected":false},"excerpt":{"rendered":"<p>Ime \/ Name Spomen plo\u010da \u00bbDon \u0160ime Ljubi\u0107\u00ab\u00a0\/ Gedenktafel &#8211; Don \u0160ime Ljubi\u0107 Code: SG-IS-36\u00a0 \u00a0 \u00a0 \u00a0 \u00a0 \u00a0 \u00a0 \u00a0 \u00a0 \u00a0 \u00a0 \u00a0 \u00a0 \u00a0 \u00a0 \u00a0 \u00a0 \u00a0\u00a0\u00a0 Adresa \/ Adresse Stari Grad, \u0160etali\u0161te don \u0160ime &hellip; <a href=\"https:\/\/www.topohvar.at\/topo\/orte\/sg\/sg-is-36-2\/\">Weiterlesen <span class=\"meta-nav\">&rarr;<\/span><\/a><\/p>\n","protected":false},"author":1,"featured_media":0,"parent":99,"menu_order":0,"comment_status":"closed","ping_status":"closed","template":"","meta":{"footnotes":""},"class_list":["post-3211","page","type-page","status-publish","hentry"],"_links":{"self":[{"href":"https:\/\/www.topohvar.at\/topo\/wp-json\/wp\/v2\/pages\/3211","targetHints":{"allow":["GET"]}}],"collection":[{"href":"https:\/\/www.topohvar.at\/topo\/wp-json\/wp\/v2\/pages"}],"about":[{"href":"https:\/\/www.topohvar.at\/topo\/wp-json\/wp\/v2\/types\/page"}],"author":[{"embeddable":true,"href":"https:\/\/www.topohvar.at\/topo\/wp-json\/wp\/v2\/users\/1"}],"replies":[{"embeddable":true,"href":"https:\/\/www.topohvar.at\/topo\/wp-json\/wp\/v2\/comments?post=3211"}],"version-history":[{"count":21,"href":"https:\/\/www.topohvar.at\/topo\/wp-json\/wp\/v2\/pages\/3211\/revisions"}],"predecessor-version":[{"id":48061,"href":"https:\/\/www.topohvar.at\/topo\/wp-json\/wp\/v2\/pages\/3211\/revisions\/48061"}],"up":[{"embeddable":true,"href":"https:\/\/www.topohvar.at\/topo\/wp-json\/wp\/v2\/pages\/99"}],"wp:attachment":[{"href":"https:\/\/www.topohvar.at\/topo\/wp-json\/wp\/v2\/media?parent=3211"}],"curies":[{"name":"wp","href":"https:\/\/api.w.org\/{rel}","templated":true}]}}