{"id":3229,"date":"2018-08-05T19:42:24","date_gmt":"2018-08-05T17:42:24","guid":{"rendered":"https:\/\/www.topohvar.at\/?page_id=3229"},"modified":"2026-04-23T18:50:23","modified_gmt":"2026-04-23T16:50:23","slug":"sg-is-46-2","status":"publish","type":"page","link":"https:\/\/www.topohvar.at\/topo\/orte\/sg\/sg-is-46-2\/","title":{"rendered":"STARI GRAD &#8211; Spomen plo\u010da \u00bbIdre idre brode\u00ab"},"content":{"rendered":"<p><a name=\"seite_oben\"><\/a><br \/>\n<img loading=\"lazy\" decoding=\"async\" class=\"alignnone wp-image-3129 size-large\" src=\"https:\/\/www.topohvar.at\/wp-content\/uploads\/2018\/08\/SG-IS-46-1-1024x503.jpg\" alt=\"\" width=\"640\" height=\"314\" srcset=\"https:\/\/www.topohvar.at\/wp-content\/uploads\/2018\/08\/SG-IS-46-1-1024x503.jpg 1024w, https:\/\/www.topohvar.at\/wp-content\/uploads\/2018\/08\/SG-IS-46-1-300x147.jpg 300w, https:\/\/www.topohvar.at\/wp-content\/uploads\/2018\/08\/SG-IS-46-1-768x377.jpg 768w\" sizes=\"auto, (max-width: 640px) 100vw, 640px\" \/><\/p>\n<p><strong>Ime \/ Name<br \/>\n<\/strong>Spomen plo\u010da \u00bbIdri idri brode\u00ab\/ Gedenktafel &#8211; segle, segle mein Schiff<\/p>\n<p><strong>Code: <\/strong>SG-IS-46\u00a0 \u00a0 \u00a0 \u00a0 \u00a0 \u00a0 \u00a0 \u00a0 \u00a0 \u00a0 \u00a0 \u00a0 \u00a0 \u00a0 \u00a0 \u00a0 \u00a0 \u00a0\u00a0<strong><a href=\"https:\/\/www.topohvar.at\/orte\/sg\/sg-ip-01-2\/\"><img loading=\"lazy\" decoding=\"async\" class=\"alignnone wp-image-12300 size-full\" src=\"https:\/\/www.topohvar.at\/wp-content\/uploads\/2018\/09\/push-vor-30.jpg\" alt=\"\" width=\"61\" height=\"30\" \/><\/a>\u00a0<a href=\"https:\/\/www.topohvar.at\/orte\/sg\/sg-is-61-1\/\"><img loading=\"lazy\" decoding=\"async\" class=\"alignnone wp-image-533 size-full\" src=\"https:\/\/www.topohvar.at\/wp-content\/uploads\/2018\/07\/push-l-30.jpg\" alt=\"\" width=\"61\" height=\"30\" \/><\/a> <a href=\"https:\/\/www.topohvar.at\/orte\/sg\/\"><img loading=\"lazy\" decoding=\"async\" class=\"alignnone wp-image-535 size-full\" src=\"https:\/\/www.topohvar.at\/wp-content\/uploads\/2018\/07\/push-o-30.jpg\" alt=\"\" width=\"61\" height=\"30\" \/><\/a> <a href=\"https:\/\/www.topohvar.at\/orte\/sg\/sg-is-36-2\/\"><img loading=\"lazy\" decoding=\"async\" class=\"alignnone wp-image-536 size-full\" src=\"https:\/\/www.topohvar.at\/wp-content\/uploads\/2018\/07\/push-r-30.jpg\" alt=\"\" width=\"61\" height=\"30\" \/><\/a><\/strong><\/p>\n<hr \/>\n<p><strong>Adresa \/ Adresse<br \/>\n<\/strong>Stari Grad, \u0160etali\u0161te don \u0160ime Lubi\u0107a 4<\/p>\n<p><strong>Lokacija \/ Position<a href=\"https:\/\/goo.gl\/maps\/HybB2dtibk3zitQdA\"><img loading=\"lazy\" decoding=\"async\" class=\"alignright wp-image-3313\" src=\"https:\/\/www.topohvar.at\/wp-content\/uploads\/2018\/08\/1235.jpg\" alt=\"\" width=\"132\" height=\"100\" \/><\/a><br \/>\n<\/strong><span style=\"color: #3366ff;\"><a style=\"color: #3366ff;\" href=\"https:\/\/goo.gl\/maps\/HybB2dtibk3zitQdA\">Latitude: N 43,18391\u00b0\u00a0 \u00a0Longitude: E 16,59284\u00b0<\/a> <\/span><strong><br \/>\n<\/strong>Visina \/ H\u00f6he: 2 m<\/p>\n<p><strong>Katastarska \u010destica \/ Grundst\u00fccke<br \/>\n<\/strong>*1161<div class='content-column one_half'><div style=\"padding-right:6px;\"><p><strong>Datum snimanja \/ Erfassungsdatum<br \/>\n<\/strong>11.09.2016 15:48:09<\/p>\n<hr \/>\n<p><strong>Informacije<\/strong><\/p>\n<p>Natpis:<\/p>\n<p>IDRI IDRI BRODE<br \/>\nSIRI\u010cUJA IDRA LIPO<br \/>\nTI \u00b7 JE \u00b7 VRIME \u00b7 DO\u010cI<br \/>\nCU JA DRAGOJ<br \/>\nJER BEZ \u00b7 TEBE<br \/>\nDU\u0160O MOJE<br \/>\nSRCE VENE<\/p>\n<p>STARI &#8211;<br \/>\nGRAD<br \/>\n1 &#8211; 7 &#8211; 2011 G.<br \/>\nPALARI\u0106<br \/>\nVICKO<\/p><\/div><\/div><div class='content-column one_half last_column'><div style=\"padding-right:0px;padding-left:6px;\"><p><strong>Stupanj za\u0161tite \/ Schutzstellung<br \/>\n<\/strong>&#8211;<\/p>\n<hr \/>\n<p><strong>Info<\/strong><\/p>\n<p>Inschrift:<\/p>\n<p>Segle, segle mein Schiff<br \/>\nsegle sch\u00f6n<br \/>\nes ist Zeit<br \/>\nich werde kommen Liebes,<br \/>\ndenn ohne dich<br \/>\nmein Lieber,<br \/>\nvergeht mein Herz (?)<\/p>\n<p>Stari<br \/>\nGrad<br \/>\n1. 7. 2011<br \/>\nPalari\u0107<br \/>\nVicko<\/p><\/div><\/div><div class='clear_column'><\/div><\/p>\n<div id=\"attachment_37630\" style=\"width: 310px\" class=\"wp-caption aligncenter\"><img loading=\"lazy\" decoding=\"async\" aria-describedby=\"caption-attachment-37630\" class=\"wp-image-37630 size-medium\" src=\"https:\/\/www.topohvar.at\/wp-content\/uploads\/2020\/05\/sg-is-46-9-300x228.jpg\" alt=\"\" width=\"300\" height=\"228\" srcset=\"https:\/\/www.topohvar.at\/wp-content\/uploads\/2020\/05\/sg-is-46-9-300x228.jpg 300w, https:\/\/www.topohvar.at\/wp-content\/uploads\/2020\/05\/sg-is-46-9.jpg 394w\" sizes=\"auto, (max-width: 300px) 100vw, 300px\" \/><p id=\"caption-attachment-37630\" class=\"wp-caption-text\">2013.g.<\/p><\/div>\n<p style=\"text-align: right;\"><a href=\"#seite_oben\">natrag na vrh \/ Seitenanfang<\/a><\/p>\n<hr \/>\n<p><strong>Linkovi \/ Links<\/strong><\/p>\n<p>&#8211;<\/p>\n","protected":false},"excerpt":{"rendered":"<p>Ime \/ Name Spomen plo\u010da \u00bbIdri idri brode\u00ab\/ Gedenktafel &#8211; segle, segle mein Schiff Code: SG-IS-46\u00a0 \u00a0 \u00a0 \u00a0 \u00a0 \u00a0 \u00a0 \u00a0 \u00a0 \u00a0 \u00a0 \u00a0 \u00a0 \u00a0 \u00a0 \u00a0 \u00a0 \u00a0\u00a0\u00a0 Adresa \/ Adresse Stari Grad, \u0160etali\u0161te don &hellip; <a href=\"https:\/\/www.topohvar.at\/topo\/orte\/sg\/sg-is-46-2\/\">Weiterlesen <span class=\"meta-nav\">&rarr;<\/span><\/a><\/p>\n","protected":false},"author":1,"featured_media":0,"parent":99,"menu_order":0,"comment_status":"closed","ping_status":"closed","template":"","meta":{"footnotes":""},"class_list":["post-3229","page","type-page","status-publish","hentry"],"_links":{"self":[{"href":"https:\/\/www.topohvar.at\/topo\/wp-json\/wp\/v2\/pages\/3229","targetHints":{"allow":["GET"]}}],"collection":[{"href":"https:\/\/www.topohvar.at\/topo\/wp-json\/wp\/v2\/pages"}],"about":[{"href":"https:\/\/www.topohvar.at\/topo\/wp-json\/wp\/v2\/types\/page"}],"author":[{"embeddable":true,"href":"https:\/\/www.topohvar.at\/topo\/wp-json\/wp\/v2\/users\/1"}],"replies":[{"embeddable":true,"href":"https:\/\/www.topohvar.at\/topo\/wp-json\/wp\/v2\/comments?post=3229"}],"version-history":[{"count":16,"href":"https:\/\/www.topohvar.at\/topo\/wp-json\/wp\/v2\/pages\/3229\/revisions"}],"predecessor-version":[{"id":74448,"href":"https:\/\/www.topohvar.at\/topo\/wp-json\/wp\/v2\/pages\/3229\/revisions\/74448"}],"up":[{"embeddable":true,"href":"https:\/\/www.topohvar.at\/topo\/wp-json\/wp\/v2\/pages\/99"}],"wp:attachment":[{"href":"https:\/\/www.topohvar.at\/topo\/wp-json\/wp\/v2\/media?parent=3229"}],"curies":[{"name":"wp","href":"https:\/\/api.w.org\/{rel}","templated":true}]}}