{"id":3231,"date":"2018-08-05T19:43:03","date_gmt":"2018-08-05T17:43:03","guid":{"rendered":"https:\/\/www.topohvar.at\/?page_id=3231"},"modified":"2021-04-18T09:30:07","modified_gmt":"2021-04-18T07:30:07","slug":"sg-is-47-2","status":"publish","type":"page","link":"https:\/\/www.topohvar.at\/topo\/orte\/sg\/sg-is-47-2\/","title":{"rendered":"STARI GRAD &#8211; Spomen plo\u010da \u00bbDom za starije i nemo\u0107ne osobe\u00ab"},"content":{"rendered":"<p><a name=\"seite_oben\"><\/a><br \/>\n<img loading=\"lazy\" decoding=\"async\" class=\"alignnone wp-image-3130 size-large\" src=\"https:\/\/www.topohvar.at\/wp-content\/uploads\/2018\/08\/sg-is-47-1-1024x503.jpg\" alt=\"\" width=\"640\" height=\"314\" srcset=\"https:\/\/www.topohvar.at\/wp-content\/uploads\/2018\/08\/sg-is-47-1-1024x503.jpg 1024w, https:\/\/www.topohvar.at\/wp-content\/uploads\/2018\/08\/sg-is-47-1-300x147.jpg 300w, https:\/\/www.topohvar.at\/wp-content\/uploads\/2018\/08\/sg-is-47-1-768x377.jpg 768w\" sizes=\"auto, (max-width: 640px) 100vw, 640px\" \/><\/p>\n<p><strong>Ime \/ Name<br \/>\n<\/strong>Spomen plo\u010da \u00bbDom za starije i nemo\u0107ne osobe\u00ab \/ Gedenktgafel Heim f\u00fcr \u00e4ltere und schw\u00e4chere Menschen<\/p>\n<p><strong>Code: <\/strong>SG-IS-47\u00a0 \u00a0 \u00a0 \u00a0 \u00a0 \u00a0 \u00a0 \u00a0 \u00a0 \u00a0 \u00a0 \u00a0 \u00a0 \u00a0 \u00a0 \u00a0 \u00a0 \u00a0\u00a0<strong><a href=\"https:\/\/www.topohvar.at\/orte\/sg\/sg-ip-01-2\/\"><img loading=\"lazy\" decoding=\"async\" class=\"alignnone wp-image-12300 size-full\" src=\"https:\/\/www.topohvar.at\/wp-content\/uploads\/2018\/09\/push-vor-30.jpg\" alt=\"\" width=\"61\" height=\"30\" \/><\/a>\u00a0<\/strong><strong><a href=\"https:\/\/www.topohvar.at\/orte\/sg\/sg-is-48-2\/\"><img loading=\"lazy\" decoding=\"async\" class=\"alignnone wp-image-533 size-full\" src=\"https:\/\/www.topohvar.at\/wp-content\/uploads\/2018\/07\/push-l-30.jpg\" alt=\"\" width=\"61\" height=\"30\" \/><\/a> <a href=\"https:\/\/www.topohvar.at\/orte\/sg\/\"><img loading=\"lazy\" decoding=\"async\" class=\"alignnone wp-image-535 size-full\" src=\"https:\/\/www.topohvar.at\/wp-content\/uploads\/2018\/07\/push-o-30.jpg\" alt=\"\" width=\"61\" height=\"30\" \/><\/a> <a href=\"https:\/\/www.topohvar.at\/orte\/sg\/sg-is-30-2\/\"><img loading=\"lazy\" decoding=\"async\" class=\"alignnone wp-image-536 size-full\" src=\"https:\/\/www.topohvar.at\/wp-content\/uploads\/2018\/07\/push-r-30.jpg\" alt=\"\" width=\"61\" height=\"30\" \/><\/a><\/strong><\/p>\n<hr \/>\n<p><strong>Adresa \/ Adresse<br \/>\n<\/strong>Stari Grad, Ulica Zbora Narodne Garde 11<\/p>\n<p><strong>Lokalna polo\u017eaj \/ Position<a href=\"https:\/\/goo.gl\/maps\/zjQhkAYBXnWWb6V28\"><img loading=\"lazy\" decoding=\"async\" class=\"alignright wp-image-3442\" src=\"https:\/\/www.topohvar.at\/wp-content\/uploads\/2018\/08\/1243.jpg\" alt=\"\" width=\"133\" height=\"100\" \/><\/a><br \/>\n<\/strong><span style=\"color: #3366ff;\"><a style=\"color: #3366ff;\" href=\"https:\/\/goo.gl\/maps\/zjQhkAYBXnWWb6V28\">Latitude: N 43,18597\u00b0\u00a0 \u00a0Longitude: E 16,59502\u00b0<\/a> <\/span><strong><br \/>\n<\/strong>Visina \/ H\u00f6he: 11 m<\/p>\n<p><strong>Zemlji\u0161te \/ Grundst\u00fccke<br \/>\n<\/strong>7383\/24<div class='content-column one_half'><div style=\"padding-right:6px;\"><p><strong>Datum snimanja \/ Erfassungsdatum<br \/>\n<\/strong>22.09.2016 13:57:32<\/p>\n<hr \/>\n<p><strong>Informacije<\/strong><\/p>\n<p>Natpis:<\/p>\n<p style=\"text-align: center;\">ZA VRIJEME DOMOVINSKOG RATA<br \/>\n1991.-1996. U OVOJ ZGRADE BILE<br \/>\nSU SMJE\u0160TENE POSTROJBE ZBORA<br \/>\nNARODNE GARDE I MJE\u0160OVITOG ODREDA<br \/>\nMORNARI\u010cKOG PJE\u0160A\u0160TVA \u201eZVIR\u201c OTOK HVAR<\/p>\n<p style=\"text-align: center;\">VETERANI MOMP \u201eZVIR\u201c 2015<\/p><\/div><\/div><div class='content-column one_half last_column'><div style=\"padding-right:0px;padding-left:6px;\"><p><strong>Za\u0161titni polo\u017eaj \/ Schutzstellung<br \/>\n<\/strong>&#8211;<\/p>\n<hr \/>\n<p><strong>Info<\/strong><\/p>\n<p>Inschrift:<\/p>\n<p style=\"text-align: center;\">W\u00e4hrend des B\u00fcrgerkrieges<br \/>\n1991-1996 beherbergte dieses Geb\u00e4ude<br \/>\ndas Corps der Nationalgarde und<br \/>\ndie gemischte Infantrietruppe<br \/>\n\u201eZVIR&#8220; der Insel Hvar.<\/p>\n<p style=\"text-align: center;\">Die Veteranen MOMP \u201eZVIR&#8220;\u00a0 2015<\/p><\/div><\/div><div class='clear_column'><\/div><\/p>\n<p style=\"text-align: right;\"><a href=\"#seite_oben\">natrag na vrh \/ Seitenanfang<\/a><\/p>\n<hr \/>\n<p><strong>Linkovi \/ Links<\/strong><\/p>\n<p>&#8211;<\/p>\n","protected":false},"excerpt":{"rendered":"<p>Ime \/ Name Spomen plo\u010da \u00bbDom za starije i nemo\u0107ne osobe\u00ab \/ Gedenktgafel Heim f\u00fcr \u00e4ltere und schw\u00e4chere Menschen Code: SG-IS-47\u00a0 \u00a0 \u00a0 \u00a0 \u00a0 \u00a0 \u00a0 \u00a0 \u00a0 \u00a0 \u00a0 \u00a0 \u00a0 \u00a0 \u00a0 \u00a0 \u00a0 \u00a0\u00a0\u00a0 Adresa \/ &hellip; <a href=\"https:\/\/www.topohvar.at\/topo\/orte\/sg\/sg-is-47-2\/\">Weiterlesen <span class=\"meta-nav\">&rarr;<\/span><\/a><\/p>\n","protected":false},"author":1,"featured_media":0,"parent":99,"menu_order":0,"comment_status":"closed","ping_status":"closed","template":"","meta":{"footnotes":""},"class_list":["post-3231","page","type-page","status-publish","hentry"],"_links":{"self":[{"href":"https:\/\/www.topohvar.at\/topo\/wp-json\/wp\/v2\/pages\/3231","targetHints":{"allow":["GET"]}}],"collection":[{"href":"https:\/\/www.topohvar.at\/topo\/wp-json\/wp\/v2\/pages"}],"about":[{"href":"https:\/\/www.topohvar.at\/topo\/wp-json\/wp\/v2\/types\/page"}],"author":[{"embeddable":true,"href":"https:\/\/www.topohvar.at\/topo\/wp-json\/wp\/v2\/users\/1"}],"replies":[{"embeddable":true,"href":"https:\/\/www.topohvar.at\/topo\/wp-json\/wp\/v2\/comments?post=3231"}],"version-history":[{"count":11,"href":"https:\/\/www.topohvar.at\/topo\/wp-json\/wp\/v2\/pages\/3231\/revisions"}],"predecessor-version":[{"id":48105,"href":"https:\/\/www.topohvar.at\/topo\/wp-json\/wp\/v2\/pages\/3231\/revisions\/48105"}],"up":[{"embeddable":true,"href":"https:\/\/www.topohvar.at\/topo\/wp-json\/wp\/v2\/pages\/99"}],"wp:attachment":[{"href":"https:\/\/www.topohvar.at\/topo\/wp-json\/wp\/v2\/media?parent=3231"}],"curies":[{"name":"wp","href":"https:\/\/api.w.org\/{rel}","templated":true}]}}