{"id":35138,"date":"2020-04-12T11:04:44","date_gmt":"2020-04-12T09:04:44","guid":{"rendered":"https:\/\/www.topohvar.at\/topo\/?page_id=35138"},"modified":"2022-11-11T16:52:44","modified_gmt":"2022-11-11T15:52:44","slug":"sg-au-20-1","status":"publish","type":"page","link":"https:\/\/www.topohvar.at\/topo\/orte\/sg\/sg-au-20-1\/","title":{"rendered":"STARI GRAD &#8211; Uvale u Starigradskom zaljevu\u00ab"},"content":{"rendered":"<p><a name=\"seite_oben\"><\/a><br \/>\n<strong><img loading=\"lazy\" decoding=\"async\" class=\"alignnone wp-image-35141 size-full\" src=\"https:\/\/www.topohvar.at\/wp-content\/uploads\/2020\/04\/sg-au-20.jpg\" alt=\"\" width=\"1080\" height=\"530\" srcset=\"https:\/\/www.topohvar.at\/wp-content\/uploads\/2020\/04\/sg-au-20.jpg 1080w, https:\/\/www.topohvar.at\/wp-content\/uploads\/2020\/04\/sg-au-20-300x147.jpg 300w, https:\/\/www.topohvar.at\/wp-content\/uploads\/2020\/04\/sg-au-20-1024x503.jpg 1024w, https:\/\/www.topohvar.at\/wp-content\/uploads\/2020\/04\/sg-au-20-768x377.jpg 768w\" sizes=\"auto, (max-width: 1080px) 100vw, 1080px\" \/><\/strong><\/p>\n<p><strong>Ime \/ Name<br \/>\n<\/strong>Stari Grad &#8211; Uvale u Starigradskom zaljevu\u00ab<\/p>\n<p><strong>Code: <\/strong>SG-AU-20\/33\u00a0 \u00a0 \u00a0 \u00a0 \u00a0 \u00a0 \u00a0 \u00a0 \u00a0 \u00a0 \u00a0 \u00a0 \u00a0 \u00a0 \u00a0 \u00a0 \u00a0 \u00a0 \u00a0 \u00a0 <a href=\"https:\/\/www.topohvar.at\/orte\/sg\/sg-aa-00-1\/\"><img loading=\"lazy\" decoding=\"async\" class=\"alignnone wp-image-12300 size-full\" src=\"https:\/\/www.topohvar.at\/wp-content\/uploads\/2018\/09\/push-vor-30.jpg\" alt=\"\" width=\"61\" height=\"30\" \/><\/a> <a href=\"https:\/\/www.topohvar.at\/orte\/sg\/sg-au-10-1\/\"><img loading=\"lazy\" decoding=\"async\" class=\"alignnone wp-image-533 size-full\" src=\"https:\/\/www.topohvar.at\/wp-content\/uploads\/2018\/07\/push-l-30.jpg\" alt=\"\" width=\"61\" height=\"30\" \/><\/a> <a href=\"https:\/\/www.topohvar.at\/orte\/sg\/\"><img loading=\"lazy\" decoding=\"async\" class=\"alignnone wp-image-535 size-full\" src=\"https:\/\/www.topohvar.at\/wp-content\/uploads\/2018\/07\/push-o-30.jpg\" alt=\"\" width=\"61\" height=\"30\" \/><\/a> <a href=\"https:\/\/www.topohvar.at\/orte\/sg\/sg-ar-10-1\/\"><img loading=\"lazy\" decoding=\"async\" class=\"alignnone wp-image-536 size-full\" src=\"https:\/\/www.topohvar.at\/wp-content\/uploads\/2018\/07\/push-r-30.jpg\" alt=\"\" width=\"61\" height=\"30\" \/><\/a><\/p>\n<div class='content-column one_half'><div style=\"padding-right:6px;\"><p>Prema Urbanisti\u010dkom konceptu grada Starog Grada ure\u0111enja obalnog pojasa Starogradskog Zaljeva 2019. godine se planiraju sljede\u0107i:<\/p><\/div><\/div><div class='content-column one_half last_column'><div style=\"padding-right:0px;padding-left:6px;\"><p>Gem\u00e4\u00df Konzept der Stadt Stari Grad zur Anordnung des K\u00fcsteng\u00fcrtels im Bereich der Stari Grader-Bucht aus dem Jahr 2019 ist folgendes geplant:<\/p><\/div><\/div><div class='clear_column'><\/div><div class='content-column one_half'><div style=\"padding-right:6px;\"><p>Ure\u0111enje i nadogradnja postoje\u0107e \u0161etnice \/ trim staze do dna uvale Zavala, izvedba potrebnih instalacija (elektro-energetska, javna rasvjeta, vodooprskba, odvodnja oborinskih i otpadnih voda), oprema \u0161etnice urbanim mobiljarom (klupe, kante za sme\u0107e), slavinama za pi\u0107e, hidrantima, stanicama za popravak bicikla, info table, hortikulturno ure\u0111enje \u0161etnice<\/p><\/div><\/div><div class='content-column one_half last_column'><div style=\"padding-right:0px;padding-left:6px;\"><p>Anordnung und Modernisierung des bestehenden Promenaden- \/ Trimmpfades bis zur Bucht Zavala, Ausf\u00fchrung der notwendigen Installationen (Strom, \u00f6ffentliche Beleuchtung, Wasserversorgung, Entw\u00e4sserung von Regenwasser und Abwasser), Ausstattung der Promenade mit st\u00e4dtischen M\u00f6beln (B\u00e4nke, M\u00fclleimer), Trinkh\u00e4hnen, Hydranten, Fahrradreparaturstationen, Infotafeln, gartenbauliche Aausgestaltung der Promenade.<\/p><\/div><\/div><div class='clear_column'><\/div><\/p>\n<hr \/>\n<p><strong>Uvale od zapada prema istoku: \/ Die Buchten von West nach Ost:<\/strong><br \/>\n<a href=\"#sg-20\"><span style=\"color: #3366ff;\">L. Zavala (Uvala Vaiana)<\/span><\/a><span style=\"color: #3366ff;\">\u00a0 \/\u00a0\u00a0<a style=\"color: #3366ff;\" href=\"#sg-21\">Uvala Brezenica<\/a>\u00a0 \/\u00a0\u00a0<a style=\"color: #3366ff;\" href=\"#sg-22\">Uvala Paklina<\/a>\u00a0 \/\u00a0\u00a0<a style=\"color: #3366ff;\" href=\"#sg-23\">Vela Duboka<\/a>\u00a0 \/\u00a0 <a style=\"color: #3366ff;\" href=\"#sg-24\">Bonj<\/a>\u00a0 \/ <a style=\"color: #3366ff;\" href=\"#sg-32\">Uvala Barbareta<\/a>\u00a0 \/\u00a0 <a style=\"color: #3366ff;\" href=\"#sg-25\">Luka Stari Grad<\/a>\u00a0 \/\u00a0\u00a0<a style=\"color: #3366ff;\" href=\"#sg-26\">Lu\u010dica<\/a>\u00a0 \/\u00a0\u00a0<a style=\"color: #3366ff;\" href=\"#sg-27\">Mala Duboka<\/a>\u00a0 \/\u00a0\u00a0<a style=\"color: #3366ff;\" href=\"#sg-28\">Duboka (Uvala Osli\u0107)<\/a>\u00a0 \/\u00a0\u00a0<a style=\"color: #3366ff;\" href=\"#sg-29\">Vratenjica<\/a>\u00a0 \/\u00a0 <a style=\"color: #3366ff;\" href=\"#sg-30\">Ra\u010dice<\/a>\u00a0 \/\u00a0 <a style=\"color: #3366ff;\" href=\"#sg-31\">Zeleminac<\/a>\u00a0 \/\u00a0\u00a0<a style=\"color: #3366ff;\" href=\"#sg-33\">Uvala Maslinica<\/a><\/span><a name=\"sg-20\"><\/a><\/p>\n<hr \/>\n<div class='content-column one_half'><div style=\"padding-right:6px;\"><h3><span style=\"color: #00ccff;\"><strong>L. Zavala (Uvala Vaiana)<\/strong><\/span><\/h3>\n<p><strong>Code: <\/strong>SG-AU-20<\/p>\n<p><strong>Lokacija \/ Position<\/strong><br \/>\n<a href=\"https:\/\/goo.gl\/maps\/LFCEYUmy7SUozk5x6\"><span style=\"color: #3366ff;\">Latitude: N 43,20141\u00b0\u00a0 \u00a0Longitude: E 16,57361\u00b0<\/span><\/a><\/p>\n<p><a href=\"https:\/\/goo.gl\/maps\/LFCEYUmy7SUozk5x6\"><img loading=\"lazy\" decoding=\"async\" class=\"alignleft wp-image-35142\" src=\"https:\/\/www.topohvar.at\/wp-content\/uploads\/2020\/04\/2330.jpg\" alt=\"\" width=\"134\" height=\"100\" \/><\/a><\/div><\/div><div class='content-column one_half last_column'><div style=\"padding-right:0px;padding-left:6px;\"><p><img loading=\"lazy\" decoding=\"async\" class=\"wp-image-35166 size-medium alignright\" src=\"https:\/\/www.topohvar.at\/wp-content\/uploads\/2020\/04\/sg-au-20-1-300x300.jpg\" alt=\"\" width=\"300\" height=\"300\" srcset=\"https:\/\/www.topohvar.at\/wp-content\/uploads\/2020\/04\/sg-au-20-1-300x300.jpg 300w, https:\/\/www.topohvar.at\/wp-content\/uploads\/2020\/04\/sg-au-20-1-150x150.jpg 150w, https:\/\/www.topohvar.at\/wp-content\/uploads\/2020\/04\/sg-au-20-1.jpg 450w\" sizes=\"auto, (max-width: 300px) 100vw, 300px\" \/><\/p><\/div><\/div><div class='clear_column'><\/div><\/p>\n<div class='content-column one_half'><div style=\"padding-right:6px;\"><p>Zavala je duboki zaljev s dvije pla\u017ee. Tamo vodi zemljani put. To je popularno mjesto na kojem se privezuju jedrilice. Prema konceptu grada Starog Grada za ure\u0111enje obalnog pojasa na podru\u010dju Starog zaljeva od 2019. godine planirano je ovdje:<\/p><\/div><\/div><div class='content-column one_half last_column'><div style=\"padding-right:0px;padding-left:6px;\"><p>Zavala ist eine tiefe Bucht mit zwei Str\u00e4nden. Es gibt eine unbefestigte Stra\u00dfe, die dorthin f\u00fchrt. Sie ist ein beliebter Ort an dem Segelboote anlegen.\u00a0Gem\u00e4\u00df Konzept der Stadt Stari Grad zur Anordnung des K\u00fcsteng\u00fcrtels im Bereich der Stari Grader-Bucht aus dem Jahr 2019 ist hier geplant:<\/p><\/div><\/div><div class='clear_column'><\/div><div class='content-column one_half'><div style=\"padding-right:6px;\"><p>Izvedba\/rekonstrukcija turisti\u010dkih pristana i o\u010duvanje prirodnih udaljenih pla\u017ea (eko-pla\u017ee &#8211; klasifikacija pla\u017ea prema <em>Nacionalnom programu upravljanja i ure\u0111enja morskih pla\u017ea).<\/em><\/p><\/div><\/div><div class='content-column one_half last_column'><div style=\"padding-right:0px;padding-left:6px;\"><p>Bau \/ Wiederaufbau von touristischen Ankerpl\u00e4tzen und Beibehaltung nat\u00fcrlicher abgelegene Str\u00e4nde (\u00d6ko-Str\u00e4nde &#8211; Klassifizierung der Str\u00e4nde gem\u00e4\u00df dem nationalen Programm zur Verwaltung und Anordnung der Meeresstr\u00e4nde).<\/p><\/div><\/div><div class='clear_column'><\/div><\/p>\n<p style=\"text-align: right;\"><a href=\"#seite_oben\">natrag na vrh \/ Seitenanfang<\/a><\/p>\n<p><a name=\"sg-21\"><\/a><\/p>\n<hr \/>\n<div class='content-column one_half'><div style=\"padding-right:6px;\"><h3><span style=\"color: #00ccff;\"><strong>Uvala Brezenica<\/strong><\/span><\/h3>\n<p><strong>Code: <\/strong>SG-AU-21<\/p>\n<p><strong>Lokacija \/ Position<\/strong><br \/>\n<a href=\"https:\/\/goo.gl\/maps\/u6qRznCU2YPJjc6E7\"><span style=\"color: #3366ff;\">Latitude: N 43,19356\u00b0\u00a0 \u00a0Longitude: E 16,57470\u00b0<\/span><\/a><\/p>\n<p><a href=\"https:\/\/goo.gl\/maps\/u6qRznCU2YPJjc6E7\"><img loading=\"lazy\" decoding=\"async\" class=\"alignleft wp-image-35143\" src=\"https:\/\/www.topohvar.at\/wp-content\/uploads\/2020\/04\/2331.jpg\" alt=\"\" width=\"134\" height=\"100\" \/><\/a><\/div><\/div><div class='content-column one_half last_column'><div style=\"padding-right:0px;padding-left:6px;\"><p><img loading=\"lazy\" decoding=\"async\" class=\"alignright wp-image-35167 size-medium\" src=\"https:\/\/www.topohvar.at\/wp-content\/uploads\/2020\/04\/sg-au-21-1-300x300.jpg\" alt=\"\" width=\"300\" height=\"300\" srcset=\"https:\/\/www.topohvar.at\/wp-content\/uploads\/2020\/04\/sg-au-21-1-300x300.jpg 300w, https:\/\/www.topohvar.at\/wp-content\/uploads\/2020\/04\/sg-au-21-1-150x150.jpg 150w, https:\/\/www.topohvar.at\/wp-content\/uploads\/2020\/04\/sg-au-21-1.jpg 450w\" sizes=\"auto, (max-width: 300px) 100vw, 300px\" \/><\/p><\/div><\/div><div class='clear_column'><\/div><\/p>\n<div class='content-column one_half'><div style=\"padding-right:6px;\"><p>U Brezenici stvari postaju vrlo prirodne. Stvarno lijepa \u0161ljun\u010dana pla\u017ea, uredno nabijena izme\u0111u stjenovitih padina, puno zelenila uokolo. Dostupno neasfaltiranom cestom.<\/p><\/div><\/div><div class='content-column one_half last_column'><div style=\"padding-right:0px;padding-left:6px;\"><p>In Brezenica werden die Dinge ganz nat\u00fcrlich. Wirklich sch\u00f6ner Kieselstrand, ordentlich gepackt zwischen den felsigen H\u00e4ngen, viel Gr\u00fcn herum. Erreichbar \u00fcber eine unbefestigte Stra\u00dfe.<\/p><\/div><\/div><div class='clear_column'><\/div><div class='content-column one_half'><div style=\"padding-right:6px;\"><p>Prema konceptu grada Starog Grada za ure\u0111enje obalnog pojasa na podru\u010dju Starog zaljeva od 2019. godine planirano je ovdje:<\/p><\/div><\/div><div class='content-column one_half last_column'><div style=\"padding-right:0px;padding-left:6px;\"><p>Gem\u00e4\u00df Konzept der Stadt Stari Grad zur Anordnung des K\u00fcsteng\u00fcrtels im Bereich der Stari Grader-Bucht aus dem Jahr 2019 ist hier geplant:<\/p><\/div><\/div><div class='clear_column'><\/div><div class='content-column one_half'><div style=\"padding-right:6px;\"><p>Izvedba\/rekonstrukcija turisti\u010dkih pristana.<\/p><\/div><\/div><div class='content-column one_half last_column'><div style=\"padding-right:0px;padding-left:6px;\"><p>Bau \/ Wiederaufbau von touristischen Ankerpl\u00e4tzen.<\/p><\/div><\/div><div class='clear_column'><\/div><\/p>\n<p style=\"text-align: right;\"><a href=\"#seite_oben\">natrag na vrh \/ Seitenanfang<\/a><\/p>\n<p><a name=\"sg-22\"><\/a><\/p>\n<hr \/>\n<div class='content-column one_half'><div style=\"padding-right:6px;\"><h3><span style=\"color: #00ccff;\"><strong>Uvala Paklina<\/strong><\/span><\/h3>\n<p><strong>Code: <\/strong>SG-AU-22<\/p>\n<p><strong>Lokacija \/ Position<\/strong><br \/>\n<a href=\"https:\/\/goo.gl\/maps\/zNhkazWVcRM3J1126\"><span style=\"color: #3366ff;\">Latitude: N 43,18973\u00b0\u00a0 \u00a0Longitude: E 16,58033\u00b0<\/span><\/a><\/p>\n<p><a href=\"https:\/\/goo.gl\/maps\/zNhkazWVcRM3J1126\"><img loading=\"lazy\" decoding=\"async\" class=\"alignleft wp-image-35144\" src=\"https:\/\/www.topohvar.at\/wp-content\/uploads\/2020\/04\/2332.jpg\" alt=\"\" width=\"134\" height=\"100\" \/><\/a><\/div><\/div><div class='content-column one_half last_column'><div style=\"padding-right:0px;padding-left:6px;\"><p><img loading=\"lazy\" decoding=\"async\" class=\"alignright wp-image-35168 size-medium\" src=\"https:\/\/www.topohvar.at\/wp-content\/uploads\/2020\/04\/sg-au-22-1-300x300.jpg\" alt=\"\" width=\"300\" height=\"300\" srcset=\"https:\/\/www.topohvar.at\/wp-content\/uploads\/2020\/04\/sg-au-22-1-300x300.jpg 300w, https:\/\/www.topohvar.at\/wp-content\/uploads\/2020\/04\/sg-au-22-1-150x150.jpg 150w, https:\/\/www.topohvar.at\/wp-content\/uploads\/2020\/04\/sg-au-22-1.jpg 450w\" sizes=\"auto, (max-width: 300px) 100vw, 300px\" \/><\/p><\/div><\/div><div class='clear_column'><\/div><\/p>\n<div class='content-column one_half'><div style=\"padding-right:6px;\"><p>Prema konceptu grada Starog Grada za ure\u0111enje obalnog pojasa na podru\u010dju Starog zaljeva od 2019. godine planirano je ovdje:<\/p><\/div><\/div><div class='content-column one_half last_column'><div style=\"padding-right:0px;padding-left:6px;\"><p>Gem\u00e4\u00df Konzept der Stadt Stari Grad zur Anordnung des K\u00fcsteng\u00fcrtels im Bereich der Stari Grader-Bucht aus dem Jahr 2019 ist hier geplant:<\/p><\/div><\/div><div class='clear_column'><\/div><div class='content-column one_half'><div style=\"padding-right:6px;\"><p>Ure\u0111enje pla\u017ee za obitelji s djecom (eko-pla\u017ee &#8211; klasifikacija pla\u017ea prema <em>Nacionalnom programu upravljanja i ure\u0111enja morskih pla\u017ea)<\/em> i rekonstrukcija postoje\u0107eg turisti\u010dkog pristana.<\/p><\/div><\/div><div class='content-column one_half last_column'><div style=\"padding-right:0px;padding-left:6px;\"><p>Organisation des Strandes f\u00fcr Familien mit Kindern (\u00d6ko-Str\u00e4nde &#8211; Klassifizierung der Str\u00e4nde gem\u00e4\u00df dem nationalen Programm zur Verwaltung und Anordnung der Meeresstr\u00e4nde) und Rekonstruktion des bestehenden Touristenpiers.<\/p><\/div><\/div><div class='clear_column'><\/div><div class='content-column one_half'><div style=\"padding-right:6px;\"><p>Paklina nije daleko od civiliziranog zaljeva Velika Duboka, ali osje\u0107a se prirodnije. Na kraju se nalazi mali mol i stjenovita pla\u017ea. Uvala je dobro za\u0161ti\u0107ena od svih vjetrova osim zapada. Tako\u0111er pru\u017ea djelomi\u010dnu za\u0161titu od mistrala. Dno zaljeva je pjeskovito i djelomi\u010dno prekriveno morskom travom. Sidri se na dubinama izme\u0111u 2 i 10 m, a mnoge su stijene na obali pogodne za privez. U ljetnoj sezoni taksi vozi od uvale do grada Starog Grada..<\/p><\/div><\/div><div class='content-column one_half last_column'><div style=\"padding-right:0px;padding-left:6px;\"><p>Paklina ist nicht weit von der zivilisierten Bucht von Velika Duboka entfernt, aber sie f\u00fchlt sich naturbelassener an. Es gibt einen kleinen Pier und einen felsigen Strand am Ende. Die Bucht ist au\u00dfer vor dem Westen gut vor allen Winden gesch\u00fctzt. Es bietet auch einen teilweisen Schutz gegen den Mistral. Der Grund der Bucht ist sandig und teilweise mit Seegras bedeckt. Man kann in Tiefen zwischen 2 und 10 m ankern, und am Ufer eignen sich viele Felsen zum Festmachen. In der Sommersaison f\u00e4hrt ein Taxi von der Bucht in die Stadt Stari Grad.<\/p><\/div><\/div><div class='clear_column'><\/div><\/p>\n<p style=\"text-align: center;\"><em>(Izvor \/ Quelle: https:\/\/enavtika.si)<\/em><\/p>\n<div id=\"attachment_42452\" style=\"width: 650px\" class=\"wp-caption alignnone\"><img loading=\"lazy\" decoding=\"async\" aria-describedby=\"caption-attachment-42452\" class=\"wp-image-42452 size-full\" src=\"https:\/\/www.topohvar.at\/wp-content\/uploads\/2020\/10\/sg-au-22-2.jpg\" alt=\"\" width=\"640\" height=\"279\" srcset=\"https:\/\/www.topohvar.at\/wp-content\/uploads\/2020\/10\/sg-au-22-2.jpg 640w, https:\/\/www.topohvar.at\/wp-content\/uploads\/2020\/10\/sg-au-22-2-300x131.jpg 300w\" sizes=\"auto, (max-width: 640px) 100vw, 640px\" \/><p id=\"caption-attachment-42452\" class=\"wp-caption-text\">Foto: https:\/\/andadventure.com\/<\/p><\/div>\n<p><a name=\"sg-23\"><\/a><\/p>\n<p style=\"text-align: right;\"><a href=\"#seite_oben\">natrag na vrh \/ Seitenanfang<\/a><\/p>\n<hr \/>\n<div class='content-column one_half'><div style=\"padding-right:6px;\"><h3><span style=\"color: #00ccff;\"><strong>Vela Duboka<\/strong><\/span><\/h3>\n<p><strong>Code: <\/strong>SG-AU-23<\/p>\n<p><strong>Lokacija \/ Position<\/strong><br \/>\n<a href=\"https:\/\/goo.gl\/maps\/H9ovwBZyLFcCV19PA\"><span style=\"color: #3366ff;\">Latitude: N 43,18823\u00b0\u00a0 \u00a0Longitude: E 16,58398\u00b0<\/span><\/a><\/p>\n<p><a href=\"https:\/\/goo.gl\/maps\/H9ovwBZyLFcCV19PA\"><img loading=\"lazy\" decoding=\"async\" class=\"alignleft wp-image-35145\" src=\"https:\/\/www.topohvar.at\/wp-content\/uploads\/2020\/04\/2333.jpg\" alt=\"\" width=\"134\" height=\"100\" \/><\/a><\/div><\/div><div class='content-column one_half last_column'><div style=\"padding-right:0px;padding-left:6px;\"><p><img loading=\"lazy\" decoding=\"async\" class=\"alignright wp-image-35169 size-medium\" src=\"https:\/\/www.topohvar.at\/wp-content\/uploads\/2020\/04\/sg-au-23-1-300x300.jpg\" alt=\"\" width=\"300\" height=\"300\" srcset=\"https:\/\/www.topohvar.at\/wp-content\/uploads\/2020\/04\/sg-au-23-1-300x300.jpg 300w, https:\/\/www.topohvar.at\/wp-content\/uploads\/2020\/04\/sg-au-23-1-150x150.jpg 150w, https:\/\/www.topohvar.at\/wp-content\/uploads\/2020\/04\/sg-au-23-1.jpg 450w\" sizes=\"auto, (max-width: 300px) 100vw, 300px\" \/><\/p><\/div><\/div><div class='clear_column'><\/div><\/p>\n<div class='content-column one_half'><div style=\"padding-right:6px;\"><p>Prema konceptu grada Starog Grada za ure\u0111enje obalnog pojasa na podru\u010dju Starog zaljeva od 2019. godine planirano je ovdje:<\/p><\/div><\/div><div class='content-column one_half last_column'><div style=\"padding-right:0px;padding-left:6px;\"><p>Gem\u00e4\u00df Konzept der Stadt Stari Grad zur Anordnung des K\u00fcsteng\u00fcrtels im Bereich der Stari Grader-Bucht aus dem Jahr 2019 ist hier geplant:<\/p><\/div><\/div><div class='clear_column'><\/div><div class='content-column one_half'><div style=\"padding-right:6px;\"><p>Ure\u0111enje pla\u017ee za obitelji s djecom (eko-pla\u017ee &#8211; klasifikacija pla\u017ea prema <em>Nacionalnom programu upravljanja i ure\u0111enja morskih pla\u017ea)<\/em> i rekonstrukcija postoje\u0107eg turisti\u010dkog pristana.<\/p><\/div><\/div><div class='content-column one_half last_column'><div style=\"padding-right:0px;padding-left:6px;\"><p>Organisation des Strandes f\u00fcr Familien mit Kindern (\u00d6ko-Str\u00e4nde &#8211; Klassifizierung der Str\u00e4nde gem\u00e4\u00df dem nationalen Programm zur Verwaltung und Anordnung der Meeresstr\u00e4nde) und Rekonstruktion des bestehenden Touristenpiers.<\/p><\/div><\/div><div class='clear_column'><\/div><div class='content-column one_half'><div style=\"padding-right:6px;\"><p>Na jugoisto\u010dnoj strani uvale nalazi se mala luka. Brodovi se mogu privezati uz bok pristani\u0161ta. Luka je dobro za\u0161ti\u0107ena od sjeveroisto\u010dnog i ju\u017enog vjetra. Mistral u luci izaziva valove. Hotel Lavanda nalazi se u neposrednoj blizini luke. Put vodi du\u017e obale do grada Starigrada.<\/p><\/div><\/div><div class='content-column one_half last_column'><div style=\"padding-right:0px;padding-left:6px;\"><p>Bei der Bucht befindet sich auf seiner s\u00fcd\u00f6stlichen Seite ein\u00a0 kleiner Hafen. Schiffe k\u00f6nnen seitlich am Pier festgemacht werden. Der Hafen ist gut vor Nordost- und S\u00fcdwinden gesch\u00fctzt. Das Mistral im Hafen verursacht Wellen. Das Hotel Lavanda befindet sich in unmittelbarer N\u00e4he des Hafens. Entlang der K\u00fcste f\u00fchrt der Weg in die Stadt Stari Grad.<\/p><\/div><\/div><div class='clear_column'><\/div><\/p>\n<p><img loading=\"lazy\" decoding=\"async\" class=\"aligncenter size-full wp-image-38259\" src=\"https:\/\/www.topohvar.at\/wp-content\/uploads\/2020\/06\/sg-au-23-11.jpg\" alt=\"\" width=\"640\" height=\"314\" srcset=\"https:\/\/www.topohvar.at\/wp-content\/uploads\/2020\/06\/sg-au-23-11.jpg 640w, https:\/\/www.topohvar.at\/wp-content\/uploads\/2020\/06\/sg-au-23-11-300x147.jpg 300w\" sizes=\"auto, (max-width: 640px) 100vw, 640px\" \/><\/p>\n<p style=\"text-align: right;\"><a href=\"#seite_oben\">natrag na vrh \/ Seitenanfang<\/a><\/p>\n<p><a name=\"sg-24\"><\/a><\/p>\n<hr \/>\n<div class='content-column one_half'><div style=\"padding-right:6px;\"><h3><span style=\"color: #00ccff;\"><strong>Bonj (Banj)<\/strong><\/span><\/h3>\n<p><strong>Code: <\/strong>SG-AU-24<\/p>\n<p><strong>Lokacija \/ Position<\/strong><br \/>\n<a href=\"https:\/\/goo.gl\/maps\/AzuFjU1evHffQyRQA\"><span style=\"color: #3366ff;\">Latitude: N 43,18577\u00b0\u00a0 \u00a0Longitude: E 16,58954\u00b0<\/span><\/a><\/p>\n<p><a href=\"https:\/\/goo.gl\/maps\/AzuFjU1evHffQyRQA\"><img loading=\"lazy\" decoding=\"async\" class=\"alignleft wp-image-35146\" src=\"https:\/\/www.topohvar.at\/wp-content\/uploads\/2020\/04\/2334.jpg\" alt=\"\" width=\"134\" height=\"100\" \/><\/a><\/div><\/div><div class='content-column one_half last_column'><div style=\"padding-right:0px;padding-left:6px;\"><p><img loading=\"lazy\" decoding=\"async\" class=\"alignright wp-image-35170 size-medium\" src=\"https:\/\/www.topohvar.at\/wp-content\/uploads\/2020\/04\/sg-au-24-1-300x300.jpg\" alt=\"\" width=\"300\" height=\"300\" srcset=\"https:\/\/www.topohvar.at\/wp-content\/uploads\/2020\/04\/sg-au-24-1-300x300.jpg 300w, https:\/\/www.topohvar.at\/wp-content\/uploads\/2020\/04\/sg-au-24-1-150x150.jpg 150w, https:\/\/www.topohvar.at\/wp-content\/uploads\/2020\/04\/sg-au-24-1.jpg 341w\" sizes=\"auto, (max-width: 300px) 100vw, 300px\" \/><\/p><\/div><\/div><div class='clear_column'><\/div><div class='content-column one_half'><div style=\"padding-right:6px;\"><p>\u0160ljun\u010dana pla\u017ea smje\u0161tena je na sjevernoj strani starogradske uvale, a do nje mo\u017eete do\u0107i ugodnom \u0161etnjom uz more ili vo\u017enjom biciklom. Pla\u017ea je pogodna za obitelji s djecom za koju se nude i zabavni morski sadr\u017eaji. Ugostiteljski objekt u sklopu kupali\u0161ta i obli\u017enji restoran oboga\u0107uju ponudu kupali\u0161ta. Pla\u017ea ima ulaz u more prilago\u0111en osobama s invaliditetom.<\/p><\/div><\/div><div class='content-column one_half last_column'><div style=\"padding-right:0px;padding-left:6px;\"><p>Der Kieselstrand befindet sich an der Nordseite der Stari Grader Bucht und kann durch einen angenehmen Spaziergang am Meer oder mit dem Fahrrad erreicht werden. Der Strand ist f\u00fcr Familien mit Kindern geeignet, f\u00fcr die auch einige Attraktionen angeboten werden. Die Catering-Anlage am Strand und das nahe gelegene Restaurant bereichern das Angebot. Der Strand hat einen Zugang zum Meer, der f\u00fcr Menschen mit Behinderungen geeignet ist.<\/p><\/div><\/div><div class='clear_column'><\/div><div class='content-column one_half'><div style=\"padding-right:6px;\"><p>Prema konceptu grada Starog Grada za ure\u0111enje obalnog pojasa na podru\u010dju Starog zaljeva od 2019. godine planirano je ovdje:<\/p><\/div><\/div><div class='content-column one_half last_column'><div style=\"padding-right:0px;padding-left:6px;\"><p>Gem\u00e4\u00df Konzept der Stadt Stari Grad zur Anordnung des K\u00fcsteng\u00fcrtels im Bereich der Stari Grader-Bucht aus dem Jahr 2019 ist hier geplant:<\/p><\/div><\/div><div class='clear_column'><\/div><div class='content-column one_half'><div style=\"padding-right:6px;\"><p>Pla\u017ea sa zabavnim sadr\u017eajima za mlade (eko-pla\u017ee &#8211; klasifikacija pla\u017ea prema <em>Nacionalnom programu upravljanja i ure\u0111enja morskih pla\u017ea),<\/em> dohrana \u0161ljun\u010danih pla\u017enih povr\u0161ina i realizacija popratnih sadr\u017eaja pla\u017ee, rekonstrukcija gatova koji okru\u017euju plivali\u0161te i vaterpolo igrali\u0161ta te ure\u0111enje istog.<\/p><\/div><\/div><div class='content-column one_half last_column'><div style=\"padding-right:0px;padding-left:6px;\"><p>Strand mit Unterhaltungsm\u00f6glichkeiten f\u00fcr junge Leute (\u00d6ko-Str\u00e4nde &#8211; Klassifizierung der Str\u00e4nde gem\u00e4\u00df dem nationalen Programm zur Verwaltung und Anordnung der Meeresstr\u00e4nde), Erg\u00e4nzung des Kiesstrandes und Realisierung der dazugeh\u00f6rigen Strandeinrichtungen, Rekonstruktion der Begrenzungen rund um Schwimmbecken und Wasserballplatz.<\/p><\/div><\/div><div class='clear_column'><\/div><\/p>\n<div id=\"attachment_37432\" style=\"width: 868px\" class=\"wp-caption aligncenter\"><img loading=\"lazy\" decoding=\"async\" aria-describedby=\"caption-attachment-37432\" class=\"wp-image-37432 size-full\" src=\"https:\/\/www.topohvar.at\/wp-content\/uploads\/2020\/05\/sg-au-24-7.jpg\" alt=\"\" width=\"858\" height=\"420\" srcset=\"https:\/\/www.topohvar.at\/wp-content\/uploads\/2020\/05\/sg-au-24-7.jpg 858w, https:\/\/www.topohvar.at\/wp-content\/uploads\/2020\/05\/sg-au-24-7-300x147.jpg 300w, https:\/\/www.topohvar.at\/wp-content\/uploads\/2020\/05\/sg-au-24-7-768x376.jpg 768w\" sizes=\"auto, (max-width: 858px) 100vw, 858px\" \/><p id=\"caption-attachment-37432\" class=\"wp-caption-text\">nekada\u0161nje kupali\u0161te \/ ehemalige Badeanlage<\/p><\/div>\n<p style=\"text-align: right;\"><a name=\"sg-32\"><\/a><a href=\"#seite_oben\">natrag na vrh \/ Seitenanfang<\/a><\/p>\n<hr \/>\n<div class='content-column one_half'><div style=\"padding-right:6px;\"><h3><span style=\"color: #00ccff;\"><strong>Uvala Barbareta<\/strong><\/span><\/h3>\n<p><strong>Code: <\/strong>SG-AU-32<\/p>\n<p><strong>Lokacija \/ Position<\/strong><br \/>\n<span style=\"color: #3366ff;\"><a style=\"color: #3366ff;\" href=\"https:\/\/goo.gl\/maps\/3g1wNMebMeqSHwGW6\">Latitude: N 43,18521\u00b0\u00a0 \u00a0Longitude: E 16,59702\u00b0<\/a><\/span><\/p>\n<p><a href=\"https:\/\/goo.gl\/maps\/3g1wNMebMeqSHwGW6\"><img loading=\"lazy\" decoding=\"async\" class=\"alignleft wp-image-38042\" src=\"https:\/\/www.topohvar.at\/wp-content\/uploads\/2020\/06\/2636.jpg\" alt=\"\" width=\"134\" height=\"100\" \/><\/a><\/div><\/div><div class='content-column one_half last_column'><div style=\"padding-right:0px;padding-left:6px;\"><p><img loading=\"lazy\" decoding=\"async\" class=\"alignright wp-image-35171 size-medium\" src=\"https:\/\/www.topohvar.at\/wp-content\/uploads\/2020\/04\/sg-au-25-1-300x300.jpg\" alt=\"\" width=\"300\" height=\"300\" srcset=\"https:\/\/www.topohvar.at\/wp-content\/uploads\/2020\/04\/sg-au-25-1-300x300.jpg 300w, https:\/\/www.topohvar.at\/wp-content\/uploads\/2020\/04\/sg-au-25-1-150x150.jpg 150w, https:\/\/www.topohvar.at\/wp-content\/uploads\/2020\/04\/sg-au-25-1.jpg 450w\" sizes=\"auto, (max-width: 300px) 100vw, 300px\" \/><\/p><\/div><\/div><div class='clear_column'><\/div><a name=\"sg-25\"><\/a><\/p>\n<p style=\"text-align: right;\"><a href=\"#seite_oben\">natrag na vrh \/ Seitenanfang<\/a><\/p>\n<hr \/>\n<div class='content-column one_half'><div style=\"padding-right:6px;\"><h3><span style=\"color: #00ccff;\"><strong>Luka Stari Grad<\/strong><\/span><\/h3>\n<p><strong>Code: <\/strong>SG-AU-25<\/p>\n<p><strong>Lokacija \/ Position<\/strong><br \/>\n<a href=\"https:\/\/goo.gl\/maps\/Q6Qjbwm4u3wfx1pD8\"><span style=\"color: #3366ff;\">Latitude: N 43,18441\u00b0\u00a0 \u00a0Longitude: E 16,59539\u00b0<\/span><\/a><\/p>\n<p><a href=\"https:\/\/goo.gl\/maps\/Q6Qjbwm4u3wfx1pD8\"><img loading=\"lazy\" decoding=\"async\" class=\"alignleft wp-image-35147\" src=\"https:\/\/www.topohvar.at\/wp-content\/uploads\/2020\/04\/2335.jpg\" alt=\"\" width=\"134\" height=\"100\" \/><\/a><\/div><\/div><div class='content-column one_half last_column'><div style=\"padding-right:0px;padding-left:6px;\"><p><img loading=\"lazy\" decoding=\"async\" class=\"alignright wp-image-35171 size-medium\" src=\"https:\/\/www.topohvar.at\/wp-content\/uploads\/2020\/04\/sg-au-25-1-300x300.jpg\" alt=\"\" width=\"300\" height=\"300\" srcset=\"https:\/\/www.topohvar.at\/wp-content\/uploads\/2020\/04\/sg-au-25-1-300x300.jpg 300w, https:\/\/www.topohvar.at\/wp-content\/uploads\/2020\/04\/sg-au-25-1-150x150.jpg 150w, https:\/\/www.topohvar.at\/wp-content\/uploads\/2020\/04\/sg-au-25-1.jpg 450w\" sizes=\"auto, (max-width: 300px) 100vw, 300px\" \/><\/p><\/div><\/div><div class='clear_column'><\/div><div class='content-column one_half'><div style=\"padding-right:6px;\"><p>Luka Stari Grad na otoku Hvaru nalazi se u dobro za\u0161ti\u0107enom zaljevu, okru\u017een jednim od najstarijih hrvatskih primorskih gradova. Postoji mnogo vezova koji su opremljeni vodom i strujom. Uvala je dobro za\u0161ti\u0107ena od svih vjetrova, osim zapadnih koji donose valove u zaljev. Luka je u ljetnim mjesecima (1. lipnja do 15. rujna) vrlo zauzeta. Ve\u0107ina vezova ve\u0107 je zauzeta u 16 sati.<\/p><\/div><\/div><div class='content-column one_half last_column'><div style=\"padding-right:0px;padding-left:6px;\"><p>Der Hafen von Stari Grad auf der Insel Hvar liegt in einer gut gesch\u00fctzten Bucht, umgeben von einer der \u00e4ltesten kroatischen K\u00fcstenst\u00e4dte. Es gibt viele Liegepl\u00e4tze die mit Wasser und Strom ausgestattet sind.\u00a0Die Bucht ist gut vor allen Winden gesch\u00fctzt, mit Ausnahme der westlichen, die Wellen in die Bucht bringen. Der Hafen ist in den Sommermonaten (1. Juni bis 15. September) sehr voll. Die meisten Liegepl\u00e4tze sind bereits um 16 Uhr besetzt.<\/p><\/div><\/div><div class='clear_column'><\/div><a name=\"sg-26\"><\/a><\/p>\n<p style=\"text-align: right;\"><a href=\"#seite_oben\">natrag na vrh \/ Seitenanfang<\/a><\/p>\n<hr \/>\n<div class='content-column one_half'><div style=\"padding-right:6px;\"><h3><span style=\"color: #00ccff;\"><strong>Lu\u010dica<\/strong><\/span><\/h3>\n<p><strong>Code: <\/strong>SG-AU-26<\/p>\n<p><strong>Lokacija \/ Position<\/strong><br \/>\n<a href=\"https:\/\/goo.gl\/maps\/TyvoQQNx8jfNd1pY9\"><span style=\"color: #3366ff;\">Latitude: N 43,18427\u00b0\u00a0 \u00a0Longitude: E 16,59113\u00b0<\/span><\/a><\/p>\n<p><a href=\"https:\/\/goo.gl\/maps\/TyvoQQNx8jfNd1pY9\"><img loading=\"lazy\" decoding=\"async\" class=\"alignleft wp-image-35148\" src=\"https:\/\/www.topohvar.at\/wp-content\/uploads\/2020\/04\/2336.jpg\" alt=\"\" width=\"134\" height=\"100\" \/><\/a><\/div><\/div><div class='content-column one_half last_column'><div style=\"padding-right:0px;padding-left:6px;\"><p><img loading=\"lazy\" decoding=\"async\" class=\"alignright wp-image-35172 size-medium\" src=\"https:\/\/www.topohvar.at\/wp-content\/uploads\/2020\/04\/sg-au-26-1-300x300.jpg\" alt=\"\" width=\"300\" height=\"300\" srcset=\"https:\/\/www.topohvar.at\/wp-content\/uploads\/2020\/04\/sg-au-26-1-300x300.jpg 300w, https:\/\/www.topohvar.at\/wp-content\/uploads\/2020\/04\/sg-au-26-1-150x150.jpg 150w, https:\/\/www.topohvar.at\/wp-content\/uploads\/2020\/04\/sg-au-26-1.jpg 450w\" sizes=\"auto, (max-width: 300px) 100vw, 300px\" \/><\/p><\/div><\/div><div class='clear_column'><\/div><\/p>\n<div class='content-column one_half'><div style=\"padding-right:6px;\"><p>Ovdje je sredi\u0161te izletni\u010dkog brodarstva. Prije nego je 1999. godine izgra\u0111ena nova trajektna luka zapadno od grada, ovdje su pristali trajekti za kopno. Brodovi se mogu privezati na boku s 40-metarskim kamenim molom sa svjetionikom ili na obali, gdje su tako\u0111er dostupni vezovi. Luka je za\u0161ti\u0107ena od svih vjetrova osim zapadnih vjetrova.<\/p><\/div><\/div><div class='content-column one_half last_column'><div style=\"padding-right:0px;padding-left:6px;\"><p>Hier ist das Zentrum der Ausflugsschifffahrt. Vor Errichtung des neuen F\u00e4hrhafens westlich der Stadt im Jahr 1999 legten die F\u00e4hren zu Festland hier an.\u00a0Boote k\u00f6nnen seitlich an einem 40 m langen Steinpier mit Leuchtturm oder am Ufer festgemacht werden, wo auch Liegepl\u00e4tze zur Verf\u00fcgung stehen. Der Hafen ist vor allen Winden au\u00dfer Westwinden gesch\u00fctzt.<\/p><\/div><\/div><div class='clear_column'><\/div><\/p>\n<div id=\"attachment_37457\" style=\"width: 650px\" class=\"wp-caption aligncenter\"><img loading=\"lazy\" decoding=\"async\" aria-describedby=\"caption-attachment-37457\" class=\"wp-image-37457 size-full\" src=\"https:\/\/www.topohvar.at\/wp-content\/uploads\/2020\/05\/sg-pu-09-9.jpg\" alt=\"\" width=\"640\" height=\"315\" srcset=\"https:\/\/www.topohvar.at\/wp-content\/uploads\/2020\/05\/sg-pu-09-9.jpg 640w, https:\/\/www.topohvar.at\/wp-content\/uploads\/2020\/05\/sg-pu-09-9-300x148.jpg 300w\" sizes=\"auto, (max-width: 640px) 100vw, 640px\" \/><p id=\"caption-attachment-37457\" class=\"wp-caption-text\">stara trajektna luka \/alter F\u00e4hrhafen<\/p><\/div>\n<p style=\"text-align: right;\"><a href=\"#seite_oben\">natrag na vrh \/ Seitenanfang<\/a><\/p>\n<p><a name=\"sg-27\"><\/a><\/p>\n<hr \/>\n<div class='content-column one_half'><div style=\"padding-right:6px;\"><h3><span style=\"color: #00ccff;\"><strong>Mala Duboka<\/strong><\/span><\/h3>\n<p><strong>Code: <\/strong>SG-AU-27<\/p>\n<p><strong>Lokacija \/ Position<\/strong><br \/>\n<a href=\"https:\/\/goo.gl\/maps\/gh7A8G2yezn17tav8\"><span style=\"color: #3366ff;\">Latitude: N 43,18420\u00b0\u00a0 \u00a0Longitude: E 16,58876\u00b0<\/span><\/a><\/p>\n<p><a href=\"https:\/\/goo.gl\/maps\/gh7A8G2yezn17tav8\"><img loading=\"lazy\" decoding=\"async\" class=\"alignleft wp-image-35149\" src=\"https:\/\/www.topohvar.at\/wp-content\/uploads\/2020\/04\/2337.jpg\" alt=\"\" width=\"134\" height=\"100\" \/><\/a><\/div><\/div><div class='content-column one_half last_column'><div style=\"padding-right:0px;padding-left:6px;\"><p><img loading=\"lazy\" decoding=\"async\" class=\"alignright wp-image-35173 size-medium\" src=\"https:\/\/www.topohvar.at\/wp-content\/uploads\/2020\/04\/sg-au-27-1-300x300.jpg\" alt=\"\" width=\"300\" height=\"300\" srcset=\"https:\/\/www.topohvar.at\/wp-content\/uploads\/2020\/04\/sg-au-27-1-300x300.jpg 300w, https:\/\/www.topohvar.at\/wp-content\/uploads\/2020\/04\/sg-au-27-1-150x150.jpg 150w, https:\/\/www.topohvar.at\/wp-content\/uploads\/2020\/04\/sg-au-27-1.jpg 450w\" sizes=\"auto, (max-width: 300px) 100vw, 300px\" \/><\/p><\/div><\/div><div class='clear_column'><\/div><a name=\"sg-28\"><\/a><\/p>\n<p style=\"text-align: right;\"><a href=\"#seite_oben\">natrag na vrh \/ Seitenanfang<\/a><\/p>\n<hr \/>\n<div class='content-column one_half'><div style=\"padding-right:6px;\"><h3><span style=\"color: #00ccff;\"><strong>Duboka (Uvala Osli\u0107, Uvala Lanterna)<\/strong><\/span><\/h3>\n<p><strong>Code: <\/strong>SG-AU-28<\/p>\n<p><strong>Lokacija \/ Position<\/strong><br \/>\n<a href=\"https:\/\/goo.gl\/maps\/xjPJMfXEBR7KPYh47\"><span style=\"color: #3366ff;\">Latitude: N 43,18310\u00b0\u00a0 \u00a0Longitude: E 16,58540\u00b0<\/span><\/a><\/p>\n<p><a href=\"https:\/\/goo.gl\/maps\/xjPJMfXEBR7KPYh47\"><img loading=\"lazy\" decoding=\"async\" class=\"alignleft wp-image-35150\" src=\"https:\/\/www.topohvar.at\/wp-content\/uploads\/2020\/04\/2338.jpg\" alt=\"\" width=\"134\" height=\"100\" \/><\/a><\/div><\/div><div class='content-column one_half last_column'><div style=\"padding-right:0px;padding-left:6px;\"><p><img loading=\"lazy\" decoding=\"async\" class=\"alignright wp-image-35174 size-medium\" src=\"https:\/\/www.topohvar.at\/wp-content\/uploads\/2020\/04\/sg-au-28-1-300x300.jpg\" alt=\"\" width=\"300\" height=\"300\" srcset=\"https:\/\/www.topohvar.at\/wp-content\/uploads\/2020\/04\/sg-au-28-1-300x300.jpg 300w, https:\/\/www.topohvar.at\/wp-content\/uploads\/2020\/04\/sg-au-28-1-150x150.jpg 150w, https:\/\/www.topohvar.at\/wp-content\/uploads\/2020\/04\/sg-au-28-1.jpg 480w\" sizes=\"auto, (max-width: 300px) 100vw, 300px\" \/><\/p><\/div><\/div><div class='clear_column'><\/div><\/p>\n<div class='content-column one_half'><div style=\"padding-right:6px;\"><p>Prema konceptu grada Starog Grada za ure\u0111enje obalnog pojasa na podru\u010dju Starog zaljeva od 2019. godine planirano je ovdje:<\/p><\/div><\/div><div class='content-column one_half last_column'><div style=\"padding-right:0px;padding-left:6px;\"><p>Gem\u00e4\u00df Konzept der Stadt Stari Grad zur Anordnung des K\u00fcsteng\u00fcrtels im Bereich der Stari Grader-Bucht aus dem Jahr 2019 ist hier geplant:<\/p><\/div><\/div><div class='clear_column'><\/div><div class='content-column one_half'><div style=\"padding-right:6px;\"><p>Pove\u0107anje pla\u017enog kapaciteta &#8211; ure\u0111enje pla\u017ee za obitelji s djecom (eko-pla\u017ee &#8211; klasifikacija pla\u017ea prema <em>Nacionalnom programu upravljanja i ure\u0111enja morskih pla\u017ea)<\/em>, ure\u0111enje objekta poslovne-prete\u017eno uslu\u017ene djelatnosti i ure\u0111enje zone sportsko-rekreacijskih sadr\u017eaja.<\/p><\/div><\/div><div class='content-column one_half last_column'><div style=\"padding-right:0px;padding-left:6px;\"><p>Erh\u00f6hung der Strandkapazit\u00e4t &#8211; Gestaltung des Strandes f\u00fcr Familien mit Kindern (\u00d6ko-Str\u00e4nde &#8211; Klassifizierung der Str\u00e4nde gem\u00e4\u00df dem nationalen Programm zur Verwaltung und Anordnung der Meeresstr\u00e4nde), Vermittlung einer vorwiegend betriebswirtschaftlichen Serviceeinrichtung und Anordnung einer Zone f\u00fcr Sport- und Freizeiteinrichtungen.<\/div><\/div><div class='clear_column'><\/div><\/p>\n<p><img loading=\"lazy\" decoding=\"async\" class=\"aligncenter size-full wp-image-61702\" src=\"https:\/\/www.topohvar.at\/wp-content\/uploads\/2022\/11\/sg-au-28-10.jpg\" alt=\"\" width=\"1080\" height=\"530\" srcset=\"https:\/\/www.topohvar.at\/wp-content\/uploads\/2022\/11\/sg-au-28-10.jpg 1080w, https:\/\/www.topohvar.at\/wp-content\/uploads\/2022\/11\/sg-au-28-10-300x147.jpg 300w, https:\/\/www.topohvar.at\/wp-content\/uploads\/2022\/11\/sg-au-28-10-1024x503.jpg 1024w, https:\/\/www.topohvar.at\/wp-content\/uploads\/2022\/11\/sg-au-28-10-768x377.jpg 768w\" sizes=\"auto, (max-width: 1080px) 100vw, 1080px\" \/><\/p>\n<p style=\"text-align: right;\"><a href=\"#seite_oben\">natrag na vrh \/ Seitenanfang<\/a><\/p>\n<p><a name=\"sg-29\"><\/a><\/p>\n<hr \/>\n<div class='content-column one_half'><div style=\"padding-right:6px;\"><h3><span style=\"color: #00ccff;\"><strong>Vratenjica<\/strong><\/span><\/h3>\n<p><strong>Code: <\/strong>SG-AU-29<\/p>\n<p><strong>Lokacija \/ Position<\/strong><br \/>\n<a href=\"https:\/\/goo.gl\/maps\/YSYmRzE84H1Ku6u69\"><span style=\"color: #3366ff;\">Latitude: N 43,18175\u00b0\u00a0 \u00a0Longitude: E 16,58265\u00b0<\/span><\/a><\/p>\n<p><a href=\"https:\/\/goo.gl\/maps\/YSYmRzE84H1Ku6u69\"><img loading=\"lazy\" decoding=\"async\" class=\"alignleft wp-image-35151\" src=\"https:\/\/www.topohvar.at\/wp-content\/uploads\/2020\/04\/2339.jpg\" alt=\"\" width=\"134\" height=\"100\" \/><\/a><\/div><\/div><div class='content-column one_half last_column'><div style=\"padding-right:0px;padding-left:6px;\"><p><img loading=\"lazy\" decoding=\"async\" class=\"alignright wp-image-35175 size-medium\" src=\"https:\/\/www.topohvar.at\/wp-content\/uploads\/2020\/04\/sg-au-29-1-300x300.jpg\" alt=\"\" width=\"300\" height=\"300\" srcset=\"https:\/\/www.topohvar.at\/wp-content\/uploads\/2020\/04\/sg-au-29-1-300x300.jpg 300w, https:\/\/www.topohvar.at\/wp-content\/uploads\/2020\/04\/sg-au-29-1-150x150.jpg 150w, https:\/\/www.topohvar.at\/wp-content\/uploads\/2020\/04\/sg-au-29-1.jpg 450w\" sizes=\"auto, (max-width: 300px) 100vw, 300px\" \/><\/p><\/div><\/div><div class='clear_column'><\/div><\/p>\n<div class='content-column one_half'><div style=\"padding-right:6px;\"><p>Prema konceptu grada Starog Grada za ure\u0111enje obalnog pojasa na podru\u010dju Starog zaljeva od 2019. godine planirano je ovdje:<\/p><\/div><\/div><div class='content-column one_half last_column'><div style=\"padding-right:0px;padding-left:6px;\"><p>Gem\u00e4\u00df Konzept der Stadt Stari Grad zur Anordnung des K\u00fcsteng\u00fcrtels im Bereich der Stari Grader-Bucht aus dem Jahr 2019 ist hier geplant:<\/p><\/div><\/div><div class='clear_column'><\/div><div class='content-column one_half'><div style=\"padding-right:6px;\"><p>Ure\u0111enje pla\u017ee za pse (eko-pla\u017ee &#8211; klasifikacija pla\u017ea prema <em>Nacionalnom programu upravljanja i ure\u0111enja morskih pla\u017ea)<\/em>.<\/p><\/div><\/div><div class='content-column one_half last_column'><div style=\"padding-right:0px;padding-left:6px;\"><p>Nutzbarkeit des Strandes f\u00fcr Hunde (\u00d6ko-Str\u00e4nde &#8211; Klassifizierung der Str\u00e4nde gem\u00e4\u00df dem nationalen Programm zur Verwaltung und Anordnung der Meeresstr\u00e4nde).<\/p><\/div><\/div><div class='clear_column'><\/div><\/p>\n<p style=\"text-align: right;\"><a href=\"#seite_oben\">natrag na vrh \/ Seitenanfang<\/a><\/p>\n<p><a name=\"sg-30\"><\/a><\/p>\n<hr \/>\n<div class='content-column one_half'><div style=\"padding-right:6px;\"><h3><span style=\"color: #00ccff;\"><strong>Ra\u010dica<\/strong><\/span><\/h3>\n<p><strong>Code: <\/strong>SG-AU-30<\/p>\n<p><strong>Lokacija \/ Position<\/strong><br \/>\n<a href=\"https:\/\/goo.gl\/maps\/p2eCUJQpBEmUiucN8\"><span style=\"color: #3366ff;\">Latitude: N 43,18840\u00b0\u00a0 \u00a0Longitude: E 16,579634\u00b0<\/span><\/a><\/p>\n<p><a href=\"https:\/\/goo.gl\/maps\/nqoCBEmgG48QqLZ96\"><img loading=\"lazy\" decoding=\"async\" class=\"alignleft wp-image-35152\" src=\"https:\/\/www.topohvar.at\/wp-content\/uploads\/2020\/04\/2340.jpg\" alt=\"\" width=\"134\" height=\"100\" \/><\/a><\/div><\/div><div class='content-column one_half last_column'><div style=\"padding-right:0px;padding-left:6px;\"><div id=\"attachment_37797\" style=\"width: 310px\" class=\"wp-caption alignright\"><img loading=\"lazy\" decoding=\"async\" aria-describedby=\"caption-attachment-37797\" class=\"wp-image-37797 size-full\" src=\"https:\/\/www.topohvar.at\/wp-content\/uploads\/2020\/05\/sg-au-30-4.jpg\" alt=\"\" width=\"300\" height=\"300\" srcset=\"https:\/\/www.topohvar.at\/wp-content\/uploads\/2020\/05\/sg-au-30-4.jpg 300w, https:\/\/www.topohvar.at\/wp-content\/uploads\/2020\/05\/sg-au-30-4-150x150.jpg 150w\" sizes=\"auto, (max-width: 300px) 100vw, 300px\" \/><p id=\"caption-attachment-37797\" class=\"wp-caption-text\">Izvadak \/ Ausschnitt &#8211; koncept grada Starog Grada<\/p><\/div><\/div><\/div><div class='clear_column'><\/div><\/p>\n<div class='content-column one_half'><div style=\"padding-right:6px;\"><p>Prema konceptu grada Starog Grada za ure\u0111enje obalnog pojasa na podru\u010dju Starog zaljeva od 2019. godine planirano je ovdje:<\/p><\/div><\/div><div class='content-column one_half last_column'><div style=\"padding-right:0px;padding-left:6px;\"><p>Gem\u00e4\u00df Konzept der Stadt Stari Grad zur Anordnung des K\u00fcsteng\u00fcrtels im Bereich der Stari Grader-Bucht aus dem Jahr 2019 ist hier geplant:<\/p><\/div><\/div><div class='clear_column'><\/div><div class='content-column one_half'><div style=\"padding-right:6px;\"><p>Izgradnja benzinske crpke, izgradnja Luke nauti\u010dkog turizma Ra\u010dice maksimalnog kapaciteta 190 vezova s pripadaju\u0107im sadr\u017eajima na kopnu.<\/p><\/div><\/div><div class='content-column one_half last_column'><div style=\"padding-right:0px;padding-left:6px;\"><p>Bau einer Tankstelle, Bau des Seetourismushafens von Ra\u010dica mit einer maximalen Kapazit\u00e4t von 190 Liegepl\u00e4tzen mit zugeh\u00f6rigen Einrichtungen an Land.<\/p><\/div><\/div><div class='clear_column'><\/div><\/p>\n<p style=\"text-align: right;\"><a href=\"#seite_oben\">natrag na vrh \/ Seitenanfang<\/a><\/p>\n<p><a name=\"sg-31\"><\/a><\/p>\n<hr \/>\n<div class='content-column one_half'><div style=\"padding-right:6px;\"><h3><span style=\"color: #00ccff;\"><strong>Zeleminac<\/strong><\/span><\/h3>\n<p><strong>Code: <\/strong>SG-AU-31<\/p>\n<p><strong>Lokacija \/ Position<\/strong><br \/>\n<a href=\"https:\/\/goo.gl\/maps\/nqoCBEmgG48QqLZ96\"><span style=\"color: #3366ff;\">Latitude: N 43,18090\u00b0\u00a0 \u00a0Longitude: E 16,57537\u00b0<\/span><\/a><\/p>\n<p><a href=\"https:\/\/goo.gl\/maps\/nqoCBEmgG48QqLZ96\"><img loading=\"lazy\" decoding=\"async\" class=\"alignleft wp-image-35152\" src=\"https:\/\/www.topohvar.at\/wp-content\/uploads\/2020\/04\/2340.jpg\" alt=\"\" width=\"134\" height=\"100\" \/><\/a><\/div><\/div><div class='content-column one_half last_column'><div style=\"padding-right:0px;padding-left:6px;\"><p><img loading=\"lazy\" decoding=\"async\" class=\"alignright wp-image-35176 size-medium\" src=\"https:\/\/www.topohvar.at\/wp-content\/uploads\/2020\/04\/sg-au-30-1-300x300.jpg\" alt=\"\" width=\"300\" height=\"300\" srcset=\"https:\/\/www.topohvar.at\/wp-content\/uploads\/2020\/04\/sg-au-30-1-300x300.jpg 300w, https:\/\/www.topohvar.at\/wp-content\/uploads\/2020\/04\/sg-au-30-1-150x150.jpg 150w, https:\/\/www.topohvar.at\/wp-content\/uploads\/2020\/04\/sg-au-30-1.jpg 450w\" sizes=\"auto, (max-width: 300px) 100vw, 300px\" \/><\/p><\/div><\/div><div class='clear_column'><\/div><\/p>\n<div class='content-column one_half'><div style=\"padding-right:6px;\"><p>1999. godine je ovdje sagra\u0111ena nova trajektna luka.<\/p><\/div><\/div><div class='content-column one_half last_column'><div style=\"padding-right:0px;padding-left:6px;\"><p>Im Jahr 1999 wurde hier der neue F\u00e4hrhafen errichtet.<\/p><\/div><\/div><div class='clear_column'><\/div><\/p>\n<p><img loading=\"lazy\" decoding=\"async\" class=\"aligncenter size-full wp-image-37572\" src=\"https:\/\/www.topohvar.at\/wp-content\/uploads\/2020\/05\/sg-pu-09-8.jpg\" alt=\"\" width=\"1080\" height=\"530\" srcset=\"https:\/\/www.topohvar.at\/wp-content\/uploads\/2020\/05\/sg-pu-09-8.jpg 1080w, https:\/\/www.topohvar.at\/wp-content\/uploads\/2020\/05\/sg-pu-09-8-300x147.jpg 300w, https:\/\/www.topohvar.at\/wp-content\/uploads\/2020\/05\/sg-pu-09-8-1024x503.jpg 1024w, https:\/\/www.topohvar.at\/wp-content\/uploads\/2020\/05\/sg-pu-09-8-768x377.jpg 768w\" sizes=\"auto, (max-width: 1080px) 100vw, 1080px\" \/><\/p>\n<div class='content-column one_half'><div style=\"padding-right:6px;\"><p>Prema konceptu grada Starog Grada za ure\u0111enje obalnog pojasa na podru\u010dju Starog zaljeva od 2019. godine planirano je ovdje:<\/p><\/div><\/div><div class='content-column one_half last_column'><div style=\"padding-right:0px;padding-left:6px;\"><p>Gem\u00e4\u00df Konzept der Stadt Stari Grad zur Anordnung des K\u00fcsteng\u00fcrtels im Bereich der Stari Grader-Bucht aus dem Jahr 2019 ist hier geplant:<\/p><\/div><\/div><div class='clear_column'><\/div><div class='content-column one_half'><div style=\"padding-right:6px;\"><p>Dogradnja Luke otvorene za javni promet Stari Grad i ure\u0111enje postoje\u0107eg parkirali\u0161nog prostora<\/p><\/div><\/div><div class='content-column one_half last_column'><div style=\"padding-right:0px;padding-left:6px;\"><p>Erweiterung des f\u00fcr den \u00f6ffentlichen Verkehr zug\u00e4nglichen Hafens Stari Grad und Anordnung des vorhandenen Parkplatzes.<\/p><\/div><\/div><div class='clear_column'><\/div><\/p>\n<div id=\"attachment_37801\" style=\"width: 373px\" class=\"wp-caption aligncenter\"><img loading=\"lazy\" decoding=\"async\" aria-describedby=\"caption-attachment-37801\" class=\"wp-image-37801 size-full\" src=\"https:\/\/www.topohvar.at\/wp-content\/uploads\/2020\/05\/sg-au-31-8.jpg\" alt=\"\" width=\"363\" height=\"300\" srcset=\"https:\/\/www.topohvar.at\/wp-content\/uploads\/2020\/05\/sg-au-31-8.jpg 363w, https:\/\/www.topohvar.at\/wp-content\/uploads\/2020\/05\/sg-au-31-8-300x248.jpg 300w\" sizes=\"auto, (max-width: 363px) 100vw, 363px\" \/><p id=\"caption-attachment-37801\" class=\"wp-caption-text\">Izvadak \/ Ausschnitt &#8211; koncept grada Starog Grada<\/p><\/div>\n<p style=\"text-align: right;\"><a href=\"#seite_oben\">natrag na vrh \/ Seitenanfang<\/a><\/p>\n<p><a name=\"sg-33\"><\/a><\/p>\n<hr \/>\n<div class='content-column one_half'><div style=\"padding-right:6px;\"><h3><span style=\"color: #00ccff;\"><strong>Uvala Maslinica<\/strong><\/span><\/h3>\n<p><strong>Code: <\/strong>SG-AU-33<\/p>\n<p><strong>Lokacijaj \/ Position<\/strong><br \/>\n<a href=\"https:\/\/goo.gl\/maps\/sqbSBLvBtxQxdo3J7\"><span style=\"color: #3366ff;\">Latitude: N 43,17797\u00b0\u00a0 \u00a0Longitude: E 16,56837\u00b0<\/span><\/a><\/p>\n<p><a href=\"https:\/\/goo.gl\/maps\/sqbSBLvBtxQxdo3J7\"><img loading=\"lazy\" decoding=\"async\" class=\"alignleft wp-image-35153\" src=\"https:\/\/www.topohvar.at\/wp-content\/uploads\/2020\/04\/2341.jpg\" alt=\"\" width=\"134\" height=\"100\" \/><\/a><\/div><\/div><div class='content-column one_half last_column'><div style=\"padding-right:0px;padding-left:6px;\"><p><img loading=\"lazy\" decoding=\"async\" class=\"alignright wp-image-35177 size-medium\" src=\"https:\/\/www.topohvar.at\/wp-content\/uploads\/2020\/04\/sg-au-31-1-300x300.jpg\" alt=\"\" width=\"300\" height=\"300\" srcset=\"https:\/\/www.topohvar.at\/wp-content\/uploads\/2020\/04\/sg-au-31-1-300x300.jpg 300w, https:\/\/www.topohvar.at\/wp-content\/uploads\/2020\/04\/sg-au-31-1-150x150.jpg 150w, https:\/\/www.topohvar.at\/wp-content\/uploads\/2020\/04\/sg-au-31-1.jpg 450w\" sizes=\"auto, (max-width: 300px) 100vw, 300px\" \/><\/p><\/div><\/div><div class='clear_column'><\/div><\/p>\n<div class='content-column one_half'><div style=\"padding-right:6px;\"><p>Uvala za kupanje Maslinica nalazi se 2,5 km jugozapadno od centra grada, u blizini trajektnog pristani\u0161ta. Maslinica je poznata po lijepoj pje\u0161\u010danoj pla\u017ei s vrlo plitkom obalom koju \u0107e cijeniti obitelji s malom djecom i nepliva\u010di. Pla\u017ea je s glavne ceste i zato je utjelovljena u idili\u010dnom okru\u017eenju. No, automobilom se mo\u017eete voziti direktno na pla\u017eu. Dostupna su i invalidska parkirna mjesta. Na pla\u017ei Maslinica nema druge infrastrukture. Zbog toga se preporu\u010duje pakiranje suncobrana, kupa\u0107ih dodataka, pi\u0107a i hrane.<\/p><\/div><\/div><div class='content-column one_half last_column'><div style=\"padding-right:0px;padding-left:6px;\"><p>Die Badebucht Maslinica befindet sich 2,5 km s\u00fcdwestlich vom Ortszentrum, in der N\u00e4he des F\u00e4hranlegers. Maslinica ist f\u00fcr einen sch\u00f6nen Sandstrand mit sehr seichtem Ufer bekannt, das Familien mit Kleinkindern und Nichtschwimmer zu sch\u00e4tzen wissen. Der Strand befindet sich abseits der Hauptverkehrsstra\u00dfe und ist daher in eine idyllische Umgebung gebettet. Mit dem Auto kann man jedoch direkt an den Strand heranfahren. Es stehen auch Behindertenparkpl\u00e4tze zur Verf\u00fcgung. Am Strand Maslinica gibt es sonst keine Infrastruktur. Es wird daher empfohlen Sonnenschirme, Badeutensilien sowie Getr\u00e4nke und Speisen einzupacken.<\/p><\/div><\/div><div class='clear_column'><\/div><div class='content-column one_half'><div style=\"padding-right:6px;\"><p>Prema konceptu grada Starog Grada za ure\u0111enje obalnog pojasa na podru\u010dju Starog zaljeva od 2019. godine planirano je ovdje:<\/p><\/div><\/div><div class='content-column one_half last_column'><div style=\"padding-right:0px;padding-left:6px;\"><p>Gem\u00e4\u00df Konzept der Stadt Stari Grad zur Anordnung des K\u00fcsteng\u00fcrtels im Bereich der Stari Grader-Bucht aus dem Jahr 2019 ist hier geplant:<\/p><\/div><\/div><div class='clear_column'><\/div><div class='content-column one_half'><div style=\"padding-right:6px;\"><p>Ure\u0111enje i dogradnja kupali\u0161nih povr\u0161ina &#8211; pla\u017ea za obitelji s djecom (eko-pla\u017ee &#8211; klasifikacija pla\u017ea prema <em>Nacionalnom programu upravljanja i ure\u0111enja morskih pla\u017ea)<\/em>\u00a0i pripadnih sadr\u017eaja na kopnu<\/p><\/div><\/div><div class='content-column one_half last_column'><div style=\"padding-right:0px;padding-left:6px;\"><p>Anordnung und Erweiterung von Badebereichen &#8211; Str\u00e4nde f\u00fcr Familien mit Kindern (\u00d6ko-Str\u00e4nde &#8211; Klassifizierung der Str\u00e4nde gem\u00e4\u00df dem nationalen Programm zur Verwaltung und Anordnung der Meeresstr\u00e4nde) und zugeh\u00f6rige Einrichtungen an Land.<\/p><\/div><\/div><div class='clear_column'><\/div><\/p>\n<p style=\"text-align: right;\"><a href=\"#seite_oben\">natrag na vrh \/ Seitenanfang<\/a><\/p>\n<hr \/>\n<p><strong>Linkovi \/ Links<\/strong><\/p>\n<p>&#8211;<\/p>\n","protected":false},"excerpt":{"rendered":"<p>Ime \/ Name Stari Grad &#8211; Uvale u Starigradskom zaljevu\u00ab Code: SG-AU-20\/33\u00a0 \u00a0 \u00a0 \u00a0 \u00a0 \u00a0 \u00a0 \u00a0 \u00a0 \u00a0 \u00a0 \u00a0 \u00a0 \u00a0 \u00a0 \u00a0 \u00a0 \u00a0 \u00a0 \u00a0 Uvale od zapada prema istoku: \/ Die Buchten von &hellip; <a href=\"https:\/\/www.topohvar.at\/topo\/orte\/sg\/sg-au-20-1\/\">Weiterlesen <span class=\"meta-nav\">&rarr;<\/span><\/a><\/p>\n","protected":false},"author":1,"featured_media":0,"parent":99,"menu_order":0,"comment_status":"closed","ping_status":"closed","template":"","meta":{"footnotes":""},"class_list":["post-35138","page","type-page","status-publish","hentry"],"_links":{"self":[{"href":"https:\/\/www.topohvar.at\/topo\/wp-json\/wp\/v2\/pages\/35138","targetHints":{"allow":["GET"]}}],"collection":[{"href":"https:\/\/www.topohvar.at\/topo\/wp-json\/wp\/v2\/pages"}],"about":[{"href":"https:\/\/www.topohvar.at\/topo\/wp-json\/wp\/v2\/types\/page"}],"author":[{"embeddable":true,"href":"https:\/\/www.topohvar.at\/topo\/wp-json\/wp\/v2\/users\/1"}],"replies":[{"embeddable":true,"href":"https:\/\/www.topohvar.at\/topo\/wp-json\/wp\/v2\/comments?post=35138"}],"version-history":[{"count":51,"href":"https:\/\/www.topohvar.at\/topo\/wp-json\/wp\/v2\/pages\/35138\/revisions"}],"predecessor-version":[{"id":61704,"href":"https:\/\/www.topohvar.at\/topo\/wp-json\/wp\/v2\/pages\/35138\/revisions\/61704"}],"up":[{"embeddable":true,"href":"https:\/\/www.topohvar.at\/topo\/wp-json\/wp\/v2\/pages\/99"}],"wp:attachment":[{"href":"https:\/\/www.topohvar.at\/topo\/wp-json\/wp\/v2\/media?parent=35138"}],"curies":[{"name":"wp","href":"https:\/\/api.w.org\/{rel}","templated":true}]}}