{"id":35921,"date":"2020-04-22T16:51:09","date_gmt":"2020-04-22T14:51:09","guid":{"rendered":"https:\/\/www.topohvar.at\/topo\/?page_id=35921"},"modified":"2021-12-02T13:27:10","modified_gmt":"2021-12-02T12:27:10","slug":"os-ip-01-1","status":"publish","type":"page","link":"https:\/\/www.topohvar.at\/topo\/orte\/os\/os-ip-01-1\/","title":{"rendered":"OTOK \u0160\u0106EDRO &#8211; Informativna plo\u010da \u00bbZna\u010dajni krajobraz \u0160\u0107edro\u00ab"},"content":{"rendered":"<p><a name=\"seite_oben\"><\/a><br \/>\n<img loading=\"lazy\" decoding=\"async\" class=\"alignnone wp-image-35922 size-full\" src=\"https:\/\/www.topohvar.at\/wp-content\/uploads\/2020\/04\/os-ip-01-1.jpg\" alt=\"\" width=\"1080\" height=\"530\" srcset=\"https:\/\/www.topohvar.at\/wp-content\/uploads\/2020\/04\/os-ip-01-1.jpg 1080w, https:\/\/www.topohvar.at\/wp-content\/uploads\/2020\/04\/os-ip-01-1-300x147.jpg 300w, https:\/\/www.topohvar.at\/wp-content\/uploads\/2020\/04\/os-ip-01-1-1024x503.jpg 1024w, https:\/\/www.topohvar.at\/wp-content\/uploads\/2020\/04\/os-ip-01-1-768x377.jpg 768w\" sizes=\"auto, (max-width: 1080px) 100vw, 1080px\" \/><\/p>\n<p><strong>Ime \/ Name<br \/>\n<\/strong>Informativna plo\u010da \u00bbZna\u010dajni krajobraz \u0160\u0107edro\u00ab \/ Infotafel \u00bbbedeutende Landschaft \u0160\u0107edro\u00ab<\/p>\n<p><strong>Code: <\/strong>OS-IP-01\u00a0 \u00a0 \u00a0 \u00a0 \u00a0 \u00a0 \u00a0 \u00a0 \u00a0 \u00a0 \u00a0 \u00a0 \u00a0 \u00a0 \u00a0<strong>\u00a0 \u00a0 \u00a0 \u00a0 \u00a0\u00a0<a href=\"https:\/\/www.topohvar.at\/orte\/os\/\"><img loading=\"lazy\" decoding=\"async\" class=\"alignnone wp-image-535 size-full\" src=\"https:\/\/www.topohvar.at\/wp-content\/uploads\/2018\/07\/push-o-30.jpg\" alt=\"\" width=\"61\" height=\"30\" \/><\/a>\u00a0\u00a0<\/strong><\/p>\n<hr \/>\n<p><strong>Adresa \/ Adresse<br \/>\n<\/strong>Otok \/ Insel \u0160\u0107edro<\/p>\n<p><strong>Lokacija \/ Position<img loading=\"lazy\" decoding=\"async\" class=\"alignright wp-image-387 size-full\" src=\"https:\/\/www.topohvar.at\/wp-content\/uploads\/2018\/07\/00-00-00-1.jpg\" alt=\"\" width=\"114\" height=\"56\" \/><br \/>\n<\/strong><span style=\"color: #3366ff;\">Latitude: N 43,\u00b0\u00a0 \u00a0 Longitude: E 16,\u00b0\u00a0<\/span><strong><br \/>\n<\/strong>Visina \/ H\u00f6he: &#8211; m<\/p>\n<p><strong>Katastarska \u010destica <\/strong><strong>\/ Grundst\u00fccke<br \/>\n<\/strong>&#8211;<div class='content-column one_half'><div style=\"padding-right:6px;\"><p><strong>Datum snimanja \/ Erfassungsdatum<br \/>\n<\/strong>01.01.2000 00:00:00<\/p>\n<hr \/>\n<p><strong>Informacije<\/strong><\/p>\n<p>Tekst na plo\u010di pokraj nekih slika glasi:<\/p><\/div><\/div><div class='content-column one_half last_column'><div style=\"padding-right:0px;padding-left:6px;\"><p><strong>Stupanj za\u0161tite<\/strong><strong> \/ Schutzstellung<br \/>\n<\/strong>&#8211;<\/p>\n<hr \/>\n<p><strong>Info<\/strong><\/p>\n<p>Der Tafeltext neben einigen Bildern lautet:<\/p><\/div><\/div><div class='clear_column'><\/div><div class='content-column one_third'><div style=\"padding-right:6px;\"><p>Zna\u010dajni krajobraz<\/p>\n<p>\u201e\u0160\u0106EDRO\u201c<\/p>\n<p>Otok \u0160\u0107edro 1972. je godina za\u0161ti\u0107en u kategoriji zna\u010dajni krajobraz. Vladinom Uredbom o progla\u0161enju ekolo\u0161ke mre\u017ee podru\u010dje otoka \u0160\u0107edro utvr\u0111eno je kao podru\u010de ekolo\u0161ke mre\u017ee u svrhu o\u010duvanja preplavijenih ili dijelon preplavijenih morskih \u0161pilija, grebena, naselja morske cvjetnice posidonje (Posidonion oceanicae), pje\u0161\u010danih dna trajno prekrivenih morem te velikih pli\u010dkih uvale i zaljeva.<\/p><\/div><\/div><div class='content-column one_third'><div style=\"padding-right:6px;\"><p>Significant landscape<\/p>\n<p>\u201e\u0160\u0106EDRO\u201c<\/p>\n<p>Island \u0160\u0107edro has been declared a significant landscape in 1972. by a government declaration relating to the ecological network, seabed of the island \u0160\u0107edro has been declared a part of the network with a purpose of preserving submerged or partly submerged sea caves, reefs, Posidonia beds (Posidonia oceanica), sandbanks which are slightly covered by sea water all the time and large shallow inlets and bays.<\/p><\/div><\/div><div class='content-column one_third last_column'><div style=\"padding-right:0px;padding-left:6px;\"><p>Bedeutende Landschaft<\/p>\n<p>\u201e\u0160\u0106EDRO\u201c<\/p>\n<p>Die Insel \u0160\u0107edro wurde 1972 zur bedeutenden Landschaft erkl\u00e4rt. Durch Verordnung der Regierung wurde der Meeresboden um die Insel \u0160\u0107edro zum Teil eines \u00f6kologischen Netzwerks erkl\u00e4rt, um unter Wasser liegende oder teilweise unter Wasser liegende Meeresh\u00f6hlen, Riffe, Neptungras (Posidonia oceanica), Sandb\u00e4nke die st\u00e4ndig leicht mit Meerwasser bedeckt sind, sowie gro\u00dfe flache Einl\u00e4sse und Buchten zu erhalten.<\/p><\/div><\/div><div class='clear_column'><\/div><div class='content-column one_third'><div style=\"padding-right:6px;\"><p>\u0160\u0107edro je otok iznimne ljepote, smje\u0161ten uz ju\u017enu obalu Hvara i udaljen 2,7 km od mjesta Zavala na otoku Hvaru. Povr\u0161ina mu iznosi 8,36 km\u00b2. \u0160\u0107edro od Hvara dijeli \u0160\u0107edorski kanal, a od Kor\u010dule \u2013 Kor\u010dulanski kanal. Pored Hvara, \u0160\u0107edro naj bli\u017ee kopno jesu oto\u010di\u0107i Lukavci \u2013 tri oto\u010di\u0107a oko 3 km zapadne od \u0160\u0107edra. Ime \u0160\u0107edro dolazi od \u0161tedri, \u0161to na staroslavenskom zna\u0107i mlosrde jer je otok koji\u00a0 nudi dvije duboke, dobro za\u0161ti\u0107ene uvale popodne za sidrenje. Latinski naziv za \u0160\u0107edro je Tauris iz kojih proizlaze taljanski Tauricola ili Torcola pa se u povijesnim zapisima otok zvao Torkola.<\/p><\/div><\/div><div class='content-column one_third'><div style=\"padding-right:6px;\"><p>\u0160\u0107edro is a island of exceptional beauty, situated off the southern coastline of the island of Hvar, some 2,7 km from Zavala on Hvar. Its area amounts to 8,36 km\u00b2. \u0160\u0107edro is separated from the island of Hvar by the \u0160\u0107edro channel and from the island Kor\u010dula, by the Kor\u010dula channel. Beside Hvar, the nearest continent is islets Lukavci -three islets some 3 km west of \u0160\u0107edro. The name \u0160\u0107edro comes from the word \u201c\u0161tedri\u201d, which in the old Slavic language means mercy, because the island offers two deep and well protected coves suitable for anchoring. The Latin name of \u0160\u0107edro is Tauris from which the Italian terms Tauricola or Torcola originate; so in historical documents the island was called Torkola.<\/p><\/div><\/div><div class='content-column one_third last_column'><div style=\"padding-right:0px;padding-left:6px;\"><p>\u0160\u0107edro ist eine Insel von au\u00dfergew\u00f6hnlicher Sch\u00f6nheit und liegt vor der S\u00fcdk\u00fcste der Insel Hvar, etwa 2,7 km von der Ortschaft Zavala auf Hvar entfernt. Seine Fl\u00e4che betr\u00e4gt 8,36 km\u00b2. \u0160\u0107edro ist durch den \u0160\u0107edro-Kanal von der Insel Hvar und durch den Kor\u010dula-Kanal von der Insel Kor\u010dula getrennt. Neben der Insel Hvar sind die 3 kleinen Inseln Lukavci etwa 3 km westlich von \u0160\u0107edro am n\u00e4chsten. Der Name \u0160\u0107edro kommt vom Wort \u201e\u0161tedri\u201c, das auf Altslawisch Barmherzigkeit bedeutet, weil die Insel zwei tiefe und gut gesch\u00fctzte Buchten bietet, die zum Ankern geeignet sind. Der lateinische Name von \u0160\u0107edro ist Tauris, von dem die italienischen Begriffe Tauricola oder Torcola stammen; in historischen Dokumenten wurde die Insel Torkola genannt.<\/p><\/div><\/div><div class='clear_column'><\/div><div class='content-column one_third'><div style=\"padding-right:6px;\"><p>To je otok izrazito razvedenih obola i pokriven karakteristi\u010dnom sredozemnom vegetacijom makije i \u0161ume alepskog bora. Prema Hvarskom Statutu iz 1331. godine bio je op\u0107e dobro i rezerviran za ispa\u0161u. \u0160\u0107edro je bio vrlo plodan jer ima bilslu klimu od susjednog Hvara, a zbog no\u0107nih rosa koriste se i za uzgoj \u017eitarica. Nekad su na otoku bila naseljena mjesta Mostir i Nastane, koja su sada uglavnom napu\u0161tena; osim restorana i ostalih turisti\u010dnih objekata u ljetnoj sezoni. Danas na otoku ljeti \u017eivi otprilike 30 ludi, a zimi oko 15.<\/p><\/div><\/div><div class='content-column one_third'><div style=\"padding-right:6px;\"><p>Mediterranean vegetation of macchia and Aleppo Pine forests. According to the Hvar Statute from 1331, it was declared general goods and was reserved for pasture. \u0160\u0107edro was very fertile because of its milder climate than the neigtbouring island Hvar and, because of its night dew, it was also used for the production of crops. Once the villages on the island Mostir and Nastane were inhabited, but now they are mostly abandoned except for a restaurant and other tourist buildings that are open during summer season. Nowadays, there are about 30 people on the island during the summer, and only 15 during winters.<\/p><\/div><\/div><div class='content-column one_third last_column'><div style=\"padding-right:0px;padding-left:6px;\"><p>\u0160\u0107edro ist eine Insel mit einer au\u00dfergew\u00f6hnlich gegliederten K\u00fcste, die von der typisch mediterranen Vegetation der Macchia und Aleppo-Kiefernw\u00e4lder bedeckt ist. Nach dem Hvar-Statut von 1331 wurde sie zu allgemeinem Gut erkl\u00e4rt und der Weide vorbehalten. \u0160\u0107edro war wegen ihres milderen Klimas als die benachbarte Insel Hvar sehr fruchtbar und wurde wegen seines Nachttaus auch zum Anbau von Pflanzen gebutzt. Fr\u00fcher waren die D\u00f6rfer Mostir und Nastane auf der Insel bewohnt, heute sind sie gr\u00f6\u00dftenteils verlassen, mit Ausnahme eines Restaurants und anderer Touristengeb\u00e4ude, die w\u00e4hrend der Sommersaison ge\u00f6ffnet sind. Heutzutage leben im Sommer etwa 30 Menschen auf der Insel und im Winter nur 15.<\/p><\/div><\/div><div class='clear_column'><\/div><div class='content-column one_third'><div style=\"padding-right:6px;\"><p>Od kulturnih objekat, na otoku se nalaze crkva Gospe od milosrda i ostaci dominikanskog samostana osnovanog u uvali Mostir 1465. godine, a napu\u0161tenog u 18. stolje\u0107u. U crkvi Gospe od milosrda jo\u0161 se uvijek jednom godi\u0161nje, prve srijede u srpnju odr\u017eava bogoslu\u017eje. To je i stari kamenolom Stari Stine \u010dji gips je bio kori\u0161ten u izgradnji baroknih kapelica Hvarske katedrale. Otok je ovo koji ni danas sruju ni vodu pa se koriste gustirne, agregati i solari.<\/p><\/div><\/div><div class='content-column one_third'><div style=\"padding-right:6px;\"><p>The island has a few cultural sites such as the Church of Our Lady of Mercy and the remains of a Dominican convent founded in the Mostir cove in 1465, abandoned in the 18<sup>th<\/sup> century. Once a year, on the first Wednesday in July there is a mass held in the Church of Our Lady of Mercy. There is also the old stone quarry Stare Stine whose plaster had been used in the construction of baroque chapels of the Hvar cathedral. This is an island that even today has no water or electricity, so cisterns, aggregates and solar energy are used instead.<\/p><\/div><\/div><div class='content-column one_third last_column'><div style=\"padding-right:0px;padding-left:6px;\"><p>Die Insel hat einige kulturelle St\u00e4tten wie die Kirche Unserer Lieben Frau der Barmherzigkeit und die \u00dcberreste eines Dominikanerklosters, das 1465 in der Bucht von Mostir gegr\u00fcndet und im 18. Jahrhundert verlassen wurde. Einmal im Jahr findet am ersten Mittwoch im Juli eine Messe in der Kirche Unserer Lieben Frau der Barmherzigkeit statt. Es gibt auch den alten Steinbruch Stare Stine, dessen Gips f\u00fcr den Bau der Barockkapellen der Hvarer Kathedrale verwendet wurde. Auf der Insel gibt es bis heute weder Wasser noch Strom. Stattdessen werden Zisternen, Aggregate und Sonnenenergie verwendet.<\/p><\/div><\/div><div class='clear_column'><\/div><div class='content-column one_third'><div style=\"padding-right:6px;\"><p>Zna\u010dajnim krajobrazom \u201e\u0160\u0107edro\u201c upravlja u skladu sa Zakonom o za\u0161titi prirode. Javna ustanova za upravljanje za\u0161ti\u0107enim dijelovima prirode na podru\u010dju Splitsko-dalmatinske \u017eupanije.<\/p><\/div><\/div><div class='content-column one_third'><div style=\"padding-right:6px;\"><p>The significant landscape \u201e\u0160\u0107edro\u201c is managed by Public institution fort he Management of Protected Areas in the County of Split and Dalmatia in compliance to the Nature Protection Law.<\/p><\/div><\/div><div class='content-column one_third last_column'><div style=\"padding-right:0px;padding-left:6px;\"><p>Die bedeutende Landschaft \u201e\u0160\u0107edro\u201c wird von einer \u00f6ffentlichen Einrichtung f\u00fcr die Verwaltung von Schutzgebieten im Landkreis Split\/Dalmatien gem\u00e4\u00df dem Naturschutzgesetz verwaltet.<\/p><\/div><\/div><div class='clear_column'><\/div><\/p>\n<hr \/>\n<div class='content-column one_third'><div style=\"padding-right:6px;\"><p><span style=\"color: #339966;\">Za sve radnje i aktivnosti u za\u0161ti\u0107enom podru\u010dju potrebno je ishoditi dopu\u0161tenje koje sadr\u017ei uvjete za\u0161tite prirode. Sve aktivnosti i radnje u zna\u010dajnom krajobrazu \u201e\u0160\u0107edro\u201c odvijaju se na vlastitu odgovornost.<\/span><\/p><\/div><\/div><div class='content-column one_third'><div style=\"padding-right:6px;\"><p><span style=\"color: #339966;\">For all actions and activities in the protected area it is necessary to obtain a permission that includes the conditions of nature protection. All activities and actions in the significant landscape \u201e\u0160\u0107edro\u201c are performed at your own risk.<\/span><\/p><\/div><\/div><div class='content-column one_third last_column'><div style=\"padding-right:0px;padding-left:6px;\"><p><span style=\"color: #339966;\">F\u00fcr alle Aktionen und Aktivit\u00e4ten im Schutzgebiet ist eine Genehmigung erforderlich, die die Bedingungen des Naturschutzes beinhaltet. Alle Aktivit\u00e4ten und Aktionen in der bedeutenden Landschaft \u201e\u0160\u0107edro\u201c erfolgen auf eigenes Risiko.<\/span><\/p><\/div><\/div><div class='clear_column'><\/div><\/p>\n<p style=\"text-align: right;\"><span style=\"color: #3366ff;\"><a style=\"color: #3366ff;\" href=\"#seite_oben\">natrag na vrh \/ Seitenanfang<\/a><\/span><\/p>\n<hr \/>\n<p><strong>Linkovi \/ Links<\/strong><br \/>\n&#8211;<\/p>\n","protected":false},"excerpt":{"rendered":"<p>Ime \/ Name Informativna plo\u010da \u00bbZna\u010dajni krajobraz \u0160\u0107edro\u00ab \/ Infotafel \u00bbbedeutende Landschaft \u0160\u0107edro\u00ab Code: OS-IP-01\u00a0 \u00a0 \u00a0 \u00a0 \u00a0 \u00a0 \u00a0 \u00a0 \u00a0 \u00a0 \u00a0 \u00a0 \u00a0 \u00a0 \u00a0\u00a0 \u00a0 \u00a0 \u00a0 \u00a0\u00a0\u00a0\u00a0 Adresa \/ Adresse Otok \/ Insel \u0160\u0107edro &hellip; <a href=\"https:\/\/www.topohvar.at\/topo\/orte\/os\/os-ip-01-1\/\">Weiterlesen <span class=\"meta-nav\">&rarr;<\/span><\/a><\/p>\n","protected":false},"author":1,"featured_media":0,"parent":121,"menu_order":0,"comment_status":"closed","ping_status":"closed","template":"","meta":{"footnotes":""},"class_list":["post-35921","page","type-page","status-publish","hentry"],"_links":{"self":[{"href":"https:\/\/www.topohvar.at\/topo\/wp-json\/wp\/v2\/pages\/35921","targetHints":{"allow":["GET"]}}],"collection":[{"href":"https:\/\/www.topohvar.at\/topo\/wp-json\/wp\/v2\/pages"}],"about":[{"href":"https:\/\/www.topohvar.at\/topo\/wp-json\/wp\/v2\/types\/page"}],"author":[{"embeddable":true,"href":"https:\/\/www.topohvar.at\/topo\/wp-json\/wp\/v2\/users\/1"}],"replies":[{"embeddable":true,"href":"https:\/\/www.topohvar.at\/topo\/wp-json\/wp\/v2\/comments?post=35921"}],"version-history":[{"count":3,"href":"https:\/\/www.topohvar.at\/topo\/wp-json\/wp\/v2\/pages\/35921\/revisions"}],"predecessor-version":[{"id":54232,"href":"https:\/\/www.topohvar.at\/topo\/wp-json\/wp\/v2\/pages\/35921\/revisions\/54232"}],"up":[{"embeddable":true,"href":"https:\/\/www.topohvar.at\/topo\/wp-json\/wp\/v2\/pages\/121"}],"wp:attachment":[{"href":"https:\/\/www.topohvar.at\/topo\/wp-json\/wp\/v2\/media?parent=35921"}],"curies":[{"name":"wp","href":"https:\/\/api.w.org\/{rel}","templated":true}]}}