{"id":36741,"date":"2020-05-04T08:36:35","date_gmt":"2020-05-04T06:36:35","guid":{"rendered":"https:\/\/www.topohvar.at\/topo\/?page_id=36741"},"modified":"2021-12-07T11:43:49","modified_gmt":"2021-12-07T10:43:49","slug":"do-aa-02-2","status":"publish","type":"page","link":"https:\/\/www.topohvar.at\/topo\/orte\/do\/do-aa-02-2\/","title":{"rendered":"DOL &#8211; Zaseok \u00bbDol &#8211; Sv. Mihovil (Glavica)\u00ab"},"content":{"rendered":"<p><a name=\"seite_oben\"><\/a><br \/>\n<strong><img loading=\"lazy\" decoding=\"async\" class=\"aligncenter wp-image-36940 size-full\" src=\"https:\/\/www.topohvar.at\/wp-content\/uploads\/2020\/05\/do-aa-02-7.jpg\" alt=\"\" width=\"640\" height=\"314\" srcset=\"https:\/\/www.topohvar.at\/wp-content\/uploads\/2020\/05\/do-aa-02-7.jpg 640w, https:\/\/www.topohvar.at\/wp-content\/uploads\/2020\/05\/do-aa-02-7-300x147.jpg 300w\" sizes=\"auto, (max-width: 640px) 100vw, 640px\" \/><\/strong><\/p>\n<p><strong>Ime \/ Name<br \/>\n<\/strong>Zaseok \/ Weiler \u00bbDol &#8211; Sv. Mihovil (Glavica)\u00ab<\/p>\n<p><strong>Code: <\/strong>DO-AA-02\u00a0 \u00a0 \u00a0 \u00a0 \u00a0 \u00a0 \u00a0<a href=\"https:\/\/www.topohvar.at\/orte\/do\/do-aa-00-2\/\"><img loading=\"lazy\" decoding=\"async\" class=\"alignnone size-full wp-image-12300\" src=\"https:\/\/www.topohvar.at\/wp-content\/uploads\/2018\/09\/push-vor-30.jpg\" alt=\"\" width=\"61\" height=\"30\" \/><\/a><strong> <a href=\"https:\/\/www.topohvar.at\/orte\/do\/do-aa-01-2\/\"><img loading=\"lazy\" decoding=\"async\" class=\"alignnone wp-image-533 size-full\" src=\"https:\/\/www.topohvar.at\/wp-content\/uploads\/2018\/07\/push-l-30.jpg\" alt=\"\" width=\"61\" height=\"30\" \/><\/a> <a href=\"https:\/\/www.topohvar.at\/orte\/do\/\"><img loading=\"lazy\" decoding=\"async\" class=\"alignnone wp-image-535 size-full\" src=\"https:\/\/www.topohvar.at\/wp-content\/uploads\/2018\/07\/push-o-30.jpg\" alt=\"\" width=\"61\" height=\"30\" \/><\/a> <a href=\"https:\/\/www.topohvar.at\/orte\/do\/do-aa-03-2\/\"><img loading=\"lazy\" decoding=\"async\" class=\"alignnone wp-image-536 size-full\" src=\"https:\/\/www.topohvar.at\/wp-content\/uploads\/2018\/07\/push-r-30.jpg\" alt=\"\" width=\"61\" height=\"30\" \/><\/a> <a href=\"https:\/\/www.topohvar.at\/orte\/do\/do-ai-01-1\/\"><img loading=\"lazy\" decoding=\"async\" class=\"alignnone size-full wp-image-12299\" src=\"https:\/\/www.topohvar.at\/wp-content\/uploads\/2018\/09\/push-next-30.jpg\" alt=\"\" width=\"61\" height=\"30\" \/><\/a><\/strong><\/p>\n<hr \/>\n<p><strong>Adresa \/ Adresse<br \/>\n<\/strong>Dol, Sv. Mihovil (Glavica)<\/p>\n<p><strong>Lokacija<\/strong><strong> \/ Position<a href=\"https:\/\/goo.gl\/maps\/UXxwc4wzNzrVc1qD7\"><img loading=\"lazy\" decoding=\"async\" class=\"alignright wp-image-36735\" src=\"https:\/\/www.topohvar.at\/wp-content\/uploads\/2020\/05\/2620.jpg\" alt=\"\" width=\"134\" height=\"100\" \/><\/a><br \/>\n<\/strong><span style=\"color: #3366ff;\"><a style=\"color: #3366ff;\" href=\"https:\/\/goo.gl\/maps\/UXxwc4wzNzrVc1qD7\">Latitude: N 43,16892\u00b0\u00a0 \u00a0Longitude: E 16,61819\u00b0<\/a> <\/span><strong><br \/>\n<\/strong>Visina \/ H\u00f6he: 120 m<\/p>\n<p><strong>Katastarska \u010destica<\/strong><strong> \/ Grundst\u00fccke<br \/>\n<\/strong>&#8211; <div class='content-column one_half'><div style=\"padding-right:6px;\"><p><strong>Datum snimanja \/ Erfassungsdatum<br \/>\n<\/strong>13.05.2013 11:00:00<\/p>\n<hr \/>\n<p><strong>Informacije<\/strong><\/p>\n<p>Svega 6 km udaljeno od Starog Grada smjestilo se selo Dol. Sastoji se od tri dijela, zapadni dio &#8211; Dol Sv. Marije srednji dio Dol Sv. Mihovil i isto\u010dni dio &#8211; Dol Sv. Ana. Nadalje, nekada\u0161nji zaselak Borovik pripada selu Dol.<\/p><\/div><\/div><div class='content-column one_half last_column'><div style=\"padding-right:0px;padding-left:6px;\"><p><strong>Stupanj za\u0161tite<\/strong><strong> \/ Schutzstellung<br \/>\n<\/strong>&#8211;<\/p>\n<hr \/>\n<p><strong>Info<\/strong><\/p>\n<p>Das Dorf Dol ist 6 km von Stari Grad entfernt. Es besteht aus drei Teilen, dem westlichen Teil &#8211; Dol Sv. Maria dem mittleren Teil Dol Sv. Mihovil und dem \u00f6stlichen Teil &#8211; Dol Sv. Ana. Weiters geh\u00f6rt der ehemalige Weiler Borovik zu Dol.<\/p><\/div><\/div><div class='clear_column'><\/div><div class='content-column one_half'><div style=\"padding-right:6px;\"><p>Dio Sv. Mihovil sastoji se od samo nekoliko ku\u0107a (\u0161kolska i zadru\u017ena ku\u0107a), \u017eupne crkve s \u017eupnim ku\u0107em i mjesnog groblja.<\/p><\/div><\/div><div class='content-column one_half last_column'><div style=\"padding-right:0px;padding-left:6px;\"><p>Der Ortsteil Sv. Mihovil besteht nur aus ein paar H\u00e4usern (Schule und Genossenschaftshaus), der Pfarrkirche mit dem Pfarrhaus und dem \u00f6rtlichen Friedhof.<\/p><\/div><\/div><div class='clear_column'><\/div><\/p>\n<p><img loading=\"lazy\" decoding=\"async\" class=\"aligncenter wp-image-37840\" src=\"https:\/\/www.topohvar.at\/wp-content\/uploads\/2020\/05\/do-aa-02-11.jpg\" alt=\"\" width=\"570\" height=\"300\" srcset=\"https:\/\/www.topohvar.at\/wp-content\/uploads\/2020\/05\/do-aa-02-11.jpg 570w, https:\/\/www.topohvar.at\/wp-content\/uploads\/2020\/05\/do-aa-02-11-300x158.jpg 300w\" sizes=\"auto, (max-width: 570px) 100vw, 570px\" \/><\/p>\n<p style=\"text-align: right;\"><span style=\"color: #3366ff;\"><a style=\"color: #3366ff;\" href=\"#seite_oben\">natrag na vrh \/ Seitenanfang<\/a><\/span><\/p>\n<hr \/>\n<p><strong>Linkovi \/ Links<\/strong><\/p>\n<p><span style=\"color: #3366ff;\"><a style=\"color: #3366ff;\" href=\"https:\/\/www.topohvar.at\/topo\/orte\/do\/do-aa-00-2\/\">Selo Dol<\/a><br \/>\n<a style=\"color: #3366ff;\" href=\"http:\/\/www.tartajun.hr\/tartajun-14-broj\/\">Ivica Mo\u0161katelo, prof.: Kratak pregled povijesti Dol (Tartajun br. 14)<\/a><\/span><\/p>\n","protected":false},"excerpt":{"rendered":"<p>Ime \/ Name Zaseok \/ Weiler \u00bbDol &#8211; Sv. Mihovil (Glavica)\u00ab Code: DO-AA-02\u00a0 \u00a0 \u00a0 \u00a0 \u00a0 \u00a0 \u00a0 Adresa \/ Adresse Dol, Sv. Mihovil (Glavica) Lokacija \/ Position Latitude: N 43,16892\u00b0\u00a0 \u00a0Longitude: E 16,61819\u00b0 Visina \/ H\u00f6he: 120 m &hellip; <a href=\"https:\/\/www.topohvar.at\/topo\/orte\/do\/do-aa-02-2\/\">Weiterlesen <span class=\"meta-nav\">&rarr;<\/span><\/a><\/p>\n","protected":false},"author":1,"featured_media":0,"parent":68,"menu_order":0,"comment_status":"closed","ping_status":"closed","template":"","meta":{"footnotes":""},"class_list":["post-36741","page","type-page","status-publish","hentry"],"_links":{"self":[{"href":"https:\/\/www.topohvar.at\/topo\/wp-json\/wp\/v2\/pages\/36741","targetHints":{"allow":["GET"]}}],"collection":[{"href":"https:\/\/www.topohvar.at\/topo\/wp-json\/wp\/v2\/pages"}],"about":[{"href":"https:\/\/www.topohvar.at\/topo\/wp-json\/wp\/v2\/types\/page"}],"author":[{"embeddable":true,"href":"https:\/\/www.topohvar.at\/topo\/wp-json\/wp\/v2\/users\/1"}],"replies":[{"embeddable":true,"href":"https:\/\/www.topohvar.at\/topo\/wp-json\/wp\/v2\/comments?post=36741"}],"version-history":[{"count":12,"href":"https:\/\/www.topohvar.at\/topo\/wp-json\/wp\/v2\/pages\/36741\/revisions"}],"predecessor-version":[{"id":54891,"href":"https:\/\/www.topohvar.at\/topo\/wp-json\/wp\/v2\/pages\/36741\/revisions\/54891"}],"up":[{"embeddable":true,"href":"https:\/\/www.topohvar.at\/topo\/wp-json\/wp\/v2\/pages\/68"}],"wp:attachment":[{"href":"https:\/\/www.topohvar.at\/topo\/wp-json\/wp\/v2\/media?parent=36741"}],"curies":[{"name":"wp","href":"https:\/\/api.w.org\/{rel}","templated":true}]}}