{"id":4037,"date":"2018-08-09T08:36:23","date_gmt":"2018-08-09T06:36:23","guid":{"rendered":"https:\/\/www.topohvar.at\/?page_id=4037"},"modified":"2024-12-16T11:00:55","modified_gmt":"2024-12-16T10:00:55","slug":"sg-po-01-2","status":"publish","type":"page","link":"https:\/\/www.topohvar.at\/topo\/orte\/sg\/sg-po-01-2\/","title":{"rendered":"STARI GRAD &#8211; Povijesni lokalitet \u00bbGlavica\u00ab"},"content":{"rendered":"<p><a name=\"seite_oben\"><\/a><br \/>\n<img loading=\"lazy\" decoding=\"async\" class=\"alignnone wp-image-4017 size-large\" src=\"https:\/\/www.topohvar.at\/wp-content\/uploads\/2018\/08\/SG-PO-01-1-1024x503.jpg\" alt=\"\" width=\"640\" height=\"314\" srcset=\"https:\/\/www.topohvar.at\/wp-content\/uploads\/2018\/08\/SG-PO-01-1-1024x503.jpg 1024w, https:\/\/www.topohvar.at\/wp-content\/uploads\/2018\/08\/SG-PO-01-1-300x147.jpg 300w, https:\/\/www.topohvar.at\/wp-content\/uploads\/2018\/08\/SG-PO-01-1-768x377.jpg 768w\" sizes=\"auto, (max-width: 640px) 100vw, 640px\" \/><\/p>\n<p><strong>Ime \/ Name<br \/>\n<\/strong>Povijesni lokalitet \u00bbGlavica\u00ab \/ Historischer Ort \u00bbGlavica\u00ab<\/p>\n<p><strong>Code: <\/strong>SG-PO-01\u00a0 \u00a0 \u00a0 \u00a0 \u00a0 \u00a0 \u00a0 \u00a0 \u00a0 \u00a0 \u00a0 \u00a0 \u00a0 \u00a0 \u00a0 \u00a0 \u00a0 \u00a0\u00a0<strong><a href=\"https:\/\/www.topohvar.at\/orte\/sg\/sg-po-03-2\/\"><img loading=\"lazy\" decoding=\"async\" class=\"alignnone wp-image-533 size-full\" src=\"https:\/\/www.topohvar.at\/wp-content\/uploads\/2018\/07\/push-l-30.jpg\" alt=\"\" width=\"61\" height=\"30\" \/><\/a> <a href=\"https:\/\/www.topohvar.at\/orte\/sg\/\"><img loading=\"lazy\" decoding=\"async\" class=\"alignnone wp-image-535 size-full\" src=\"https:\/\/www.topohvar.at\/wp-content\/uploads\/2018\/07\/push-o-30.jpg\" alt=\"\" width=\"61\" height=\"30\" \/><\/a> <a href=\"https:\/\/www.topohvar.at\/orte\/sg\/sg-po-05-2\/\"><img loading=\"lazy\" decoding=\"async\" class=\"alignnone wp-image-536 size-full\" src=\"https:\/\/www.topohvar.at\/wp-content\/uploads\/2018\/07\/push-r-30.jpg\" alt=\"\" width=\"61\" height=\"30\" \/><\/a><\/strong><\/p>\n<hr \/>\n<p><strong>Adresa \/ Adresse<br \/>\n<\/strong>Stari Grad, Glavica<\/p>\n<p><strong>Lokacija \/ Position<a href=\"https:\/\/goo.gl\/maps\/ZEHGnrdZiaki3udG9\"><img loading=\"lazy\" decoding=\"async\" class=\"alignright wp-image-2246\" src=\"https:\/\/www.topohvar.at\/wp-content\/uploads\/2018\/08\/0608.jpg\" alt=\"\" width=\"133\" height=\"100\" \/><\/a><br \/>\n<\/strong><span style=\"color: #3366ff;\"><a style=\"color: #3366ff;\" href=\"https:\/\/goo.gl\/maps\/ZEHGnrdZiaki3udG9\">Latitude: N 43,19092\u00b0\u00a0 \u00a0Longitude: E 16,59565\u00b0<\/a> <\/span><strong><br \/>\n<\/strong>Visina \/ H\u00f6he: 117 m<\/p>\n<p><strong>Katastarska \u010destica \/ Grundst\u00fccke<br \/>\n<\/strong>7306<div class='content-column one_half'><div style=\"padding-right:6px;\"><p><strong>Datum snimanja \/ Erfassungsdatum<br \/>\n<\/strong>18.05.2012 07:00:00<\/p>\n<hr \/>\n<p><strong>Informacije<\/strong><\/p>\n<p>Na vrhu ovoga brijega znanoga Glavica podignuta je u I. ti. pr. Kr. ilirska gradina koja je \u010duvala prapovijesno nasalje izga\u0111eno na mjestu dana\u0161nje stare gradske jezgre Staroga Grada. Kameni prsten oko vrha Glavice ostatak je te prapovijesne utvrde.<\/p><\/div><\/div><div class='content-column one_half last_column'><div style=\"padding-right:0px;padding-left:6px;\"><p><strong>Stupanj za\u0161tite \/ Schutzstellung<br \/>\n<\/strong>&#8211;<\/p>\n<hr \/>\n<p><strong>Info<\/strong><\/p>\n<p>Am Gipfel des H\u00fcgels Glavica wurde im 1. Jt. v. Chr. eine illyrische Festung errichtet, die die erste pr\u00e4historische Siedlung auf dem Gel\u00e4nde des heutigen Stari Grad bewachte. Der Steinring rund um den Gipfel ist der Rest der pr\u00e4historischen Festung.<\/p><\/div><\/div><div class='clear_column'><\/div><div class='content-column one_half'><div style=\"padding-right:6px;\"><p>Na vrhu , na 117 m nad morem, nalazi se suhozidni bedem koji obuhva\u0107a prostor od oko 30 m promjera. Tako mali prostor svjedo\u010di da ova utvrda nije slu\u017eila za stanovanje ve\u0107e grupe ljudi. Ni ovdje se nisu vr\u0161ila arheolo\u0161ka iskopavanja, a prostor je prili\u010dno uni\u0161ten naknadnim gradnjama (tu je podignut i spomenik u \u010dast po\u010detka 20. stolje\u0107a, koji je nedavno obnovljen, i mala kapela.<\/p><\/div><\/div><div class='content-column one_half last_column'><div style=\"padding-right:0px;padding-left:6px;\"><p>Auf der Spitze des H\u00fcgel, 117 m \u00fcber dem Meer, befindet sich eine Trockenmauer auf einer Fl\u00e4che von ca. 30 m Durchmesser. Ein so kleiner Raum beweist, dass diese Festung nicht zur Unterbringung gr\u00f6\u00dferer Menschengruppen genutzt wurde. Hier gab es keine arch\u00e4ologischen Ausgrabungen, und der Platz wurde durch nachfolgende Bauten zerst\u00f6rt (es gab ein Denkmal zu Ehren des beginnenden 20. Jahrhunderts, das k\u00fcrzlich restauriert wurde, und eine kleine Kapelle.<\/p><\/div><\/div><div class='clear_column'><\/div><div class='content-column one_half'><div style=\"padding-right:6px;\"><p>Ipak, povr\u0161inskim pregledom 1984. godine, otkriven je jedan ulomak gla\u010dane prethistorijske keramike, ali on nije takav da bi ga se zasad moglo preciznije vremenski odrediti.<\/p><\/div><\/div><div class='content-column one_half last_column'><div style=\"padding-right:0px;padding-left:6px;\"><p>1984 wurde jedoch ein Fragment pr\u00e4historischer glasierter Keramik gefunden, das jedoch vorerst nicht pr\u00e4zis datiert werden konnte.<\/p><\/div><\/div><div class='clear_column'><\/div><div class='content-column one_half'><div style=\"padding-right:6px;\"><p>Iz razloga nedostatka diagnosti\u010dkog pokretnog materijala ne znamo kada je i koliko dugo gradina na Glavici bila u upotrebi. S ovog polo\u017eaja jasno se vidi Lompi\u0107, Kabal, Bra\u010d, cijelo polje i Tor, pa je on nesumnjiv strate\u0161ki punkt.<\/p><\/div><\/div><div class='content-column one_half last_column'><div style=\"padding-right:0px;padding-left:6px;\"><p>Aufgrund des fehlenden diagnostischen Bewegungsmaterials wissen wir nicht, wann und wie lange die Festung auf Glavica benutzt wurde. Von hier aus konnte man jedenfalls deutlich Lompi\u0107, Kabal, Brac, das gesamte Starigrader Feld und Tor sehen, und Glavica war daher unleugbar ein strategischer Punkt.<\/p><\/div><\/div><div class='clear_column'><\/div><\/p>\n<p style=\"text-align: right;\"><img loading=\"lazy\" decoding=\"async\" class=\"aligncenter wp-image-34582 size-full\" src=\"https:\/\/www.topohvar.at\/wp-content\/uploads\/2020\/04\/sg-po-01-31.jpg\" alt=\"\" width=\"1080\" height=\"262\" srcset=\"https:\/\/www.topohvar.at\/wp-content\/uploads\/2020\/04\/sg-po-01-31.jpg 1080w, https:\/\/www.topohvar.at\/wp-content\/uploads\/2020\/04\/sg-po-01-31-300x73.jpg 300w, https:\/\/www.topohvar.at\/wp-content\/uploads\/2020\/04\/sg-po-01-31-1024x248.jpg 1024w, https:\/\/www.topohvar.at\/wp-content\/uploads\/2020\/04\/sg-po-01-31-768x186.jpg 768w\" sizes=\"auto, (max-width: 1080px) 100vw, 1080px\" \/><a href=\"#seite_oben\">natrag na vrh \/ Seitenanfang<\/a><\/p>\n<hr \/>\n<p><strong>Linkovi \/ Links<\/strong><\/p>\n<p><span style=\"color: #3366ff;\"><a style=\"color: #3366ff;\" href=\"https:\/\/www.topohvar.at\/topo\/orte\/sg\/sg-cz-03-2\/\">Kri\u017e \u00bbna Glavicu\u00ab \/ Kreuz am Glavica<\/a><br \/>\n<a style=\"color: #3366ff;\" href=\"https:\/\/www.topohvar.at\/topo\/orte\/sg\/sg-is-30-2\/\">Spomen plo\u010da pod kri\u017eem \/ Gedenktafel unter dem Kreuz<\/a><br \/>\n<\/span><span style=\"color: #3366ff;\"><a style=\"color: #3366ff;\" href=\"https:\/\/www.topohvar.at\/topo\/orte\/sg\/sg-is-31-2\/\">Druga spomen plo\u010da pod kri\u017eem \/ Zweite Gedenktafel unter dem Kreuz (Marinko Juric)<\/a><br \/>\n<\/span><span style=\"color: #3366ff;\"><a style=\"color: #3366ff;\" href=\"https:\/\/www.topohvar.at\/topo\/orte\/sg\/sg-cp-01-2\/\">Kapela \u00bbIsusa Kristu\u00ab \/ Christuskapelle<\/a><\/span><br \/>\n<span style=\"color: #3366ff;\"><a style=\"color: #3366ff;\" href=\"https:\/\/www.topohvar.at\/topo\/orte\/sg\/sg-ip-12-2\/\">Informativna plo\u010da \u00bb60. godine\u00ab \/ Tafel \u00bb60 Jahre\u00ab<\/a><br \/>\n<a style=\"color: #3366ff;\" href=\"https:\/\/www.topohvar.at\/topo\/orte\/sg\/sg-in-37-1\/\">Natpis \u00bbna oltaru u Glavici\u00ab \/ Inschrift am Altar auf Glavica<\/a><\/span><\/p>\n<p>&nbsp;<\/p>\n","protected":false},"excerpt":{"rendered":"<p>Ime \/ Name Povijesni lokalitet \u00bbGlavica\u00ab \/ Historischer Ort \u00bbGlavica\u00ab Code: SG-PO-01\u00a0 \u00a0 \u00a0 \u00a0 \u00a0 \u00a0 \u00a0 \u00a0 \u00a0 \u00a0 \u00a0 \u00a0 \u00a0 \u00a0 \u00a0 \u00a0 \u00a0 \u00a0\u00a0 Adresa \/ Adresse Stari Grad, Glavica Lokacija \/ Position Latitude: N &hellip; <a href=\"https:\/\/www.topohvar.at\/topo\/orte\/sg\/sg-po-01-2\/\">Weiterlesen <span class=\"meta-nav\">&rarr;<\/span><\/a><\/p>\n","protected":false},"author":1,"featured_media":0,"parent":99,"menu_order":0,"comment_status":"closed","ping_status":"closed","template":"","meta":{"footnotes":""},"class_list":["post-4037","page","type-page","status-publish","hentry"],"_links":{"self":[{"href":"https:\/\/www.topohvar.at\/topo\/wp-json\/wp\/v2\/pages\/4037","targetHints":{"allow":["GET"]}}],"collection":[{"href":"https:\/\/www.topohvar.at\/topo\/wp-json\/wp\/v2\/pages"}],"about":[{"href":"https:\/\/www.topohvar.at\/topo\/wp-json\/wp\/v2\/types\/page"}],"author":[{"embeddable":true,"href":"https:\/\/www.topohvar.at\/topo\/wp-json\/wp\/v2\/users\/1"}],"replies":[{"embeddable":true,"href":"https:\/\/www.topohvar.at\/topo\/wp-json\/wp\/v2\/comments?post=4037"}],"version-history":[{"count":15,"href":"https:\/\/www.topohvar.at\/topo\/wp-json\/wp\/v2\/pages\/4037\/revisions"}],"predecessor-version":[{"id":70790,"href":"https:\/\/www.topohvar.at\/topo\/wp-json\/wp\/v2\/pages\/4037\/revisions\/70790"}],"up":[{"embeddable":true,"href":"https:\/\/www.topohvar.at\/topo\/wp-json\/wp\/v2\/pages\/99"}],"wp:attachment":[{"href":"https:\/\/www.topohvar.at\/topo\/wp-json\/wp\/v2\/media?parent=4037"}],"curies":[{"name":"wp","href":"https:\/\/api.w.org\/{rel}","templated":true}]}}