{"id":4045,"date":"2018-08-09T08:39:03","date_gmt":"2018-08-09T06:39:03","guid":{"rendered":"https:\/\/www.topohvar.at\/?page_id=4045"},"modified":"2024-12-16T10:13:07","modified_gmt":"2024-12-16T09:13:07","slug":"sg-po-05-2","status":"publish","type":"page","link":"https:\/\/www.topohvar.at\/topo\/orte\/sg\/sg-po-05-2\/","title":{"rendered":"STARI GRAD &#8211; Prapovijesna lokalitet \u00bbPurkin Kuk\u00ab"},"content":{"rendered":"<p><a name=\"seite_oben\"><\/a><br \/>\n<img loading=\"lazy\" decoding=\"async\" class=\"alignnone wp-image-4020 size-large\" src=\"https:\/\/www.topohvar.at\/wp-content\/uploads\/2018\/08\/SG-PO-05-1-1024x503.jpg\" alt=\"\" width=\"640\" height=\"314\" srcset=\"https:\/\/www.topohvar.at\/wp-content\/uploads\/2018\/08\/SG-PO-05-1-1024x503.jpg 1024w, https:\/\/www.topohvar.at\/wp-content\/uploads\/2018\/08\/SG-PO-05-1-300x147.jpg 300w, https:\/\/www.topohvar.at\/wp-content\/uploads\/2018\/08\/SG-PO-05-1-768x377.jpg 768w\" sizes=\"auto, (max-width: 640px) 100vw, 640px\" \/><\/p>\n<p><strong>Ime \/ Name<br \/>\n<\/strong>Prapovijesna lokalitet \u00bbPurkin Kuk\u00ab \/ Vorgeschichticher Ort Purkin Kuk<\/p>\n<p><strong>Code: <\/strong>SG-PO-05\u00a0 \u00a0 \u00a0 \u00a0 \u00a0 \u00a0 \u00a0 \u00a0 \u00a0 \u00a0 \u00a0 \u00a0 \u00a0 \u00a0 \u00a0 \u00a0 \u00a0 \u00a0\u00a0<strong><a href=\"https:\/\/www.topohvar.at\/orte\/sg\/sg-po-01-2\/\"><img loading=\"lazy\" decoding=\"async\" class=\"alignnone wp-image-533 size-full\" src=\"https:\/\/www.topohvar.at\/wp-content\/uploads\/2018\/07\/push-l-30.jpg\" alt=\"\" width=\"61\" height=\"30\" \/><\/a> <a href=\"https:\/\/www.topohvar.at\/orte\/sg\/\"><img loading=\"lazy\" decoding=\"async\" class=\"alignnone wp-image-535 size-full\" src=\"https:\/\/www.topohvar.at\/wp-content\/uploads\/2018\/07\/push-o-30.jpg\" alt=\"\" width=\"61\" height=\"30\" \/><\/a> <a href=\"https:\/\/www.topohvar.at\/orte\/sg\/sg-po-07-2\/\"><img loading=\"lazy\" decoding=\"async\" class=\"alignnone wp-image-536 size-full\" src=\"https:\/\/www.topohvar.at\/wp-content\/uploads\/2018\/07\/push-r-30.jpg\" alt=\"\" width=\"61\" height=\"30\" \/><\/a><\/strong><\/p>\n<hr \/>\n<p><strong>Adresa \/ Adresse<br \/>\n<\/strong>Stari Grad, Purkin Kuk<\/p>\n<p><strong>Katastarska \u010destica \/ Position<a href=\"https:\/\/goo.gl\/maps\/aNRvBMRiSTqDpS5S6\"><img loading=\"lazy\" decoding=\"async\" class=\"alignright wp-image-2995\" src=\"https:\/\/www.topohvar.at\/wp-content\/uploads\/2018\/08\/1024.jpg\" alt=\"\" width=\"134\" height=\"100\" \/><\/a><br \/>\n<\/strong><span style=\"color: #3366ff;\"><a style=\"color: #3366ff;\" href=\"https:\/\/goo.gl\/maps\/aNRvBMRiSTqDpS5S6\">Latitude: N 43,17051\u00b0\u00a0 \u00a0Longitude: E 16,60221\u00b0<\/a><\/span> <strong><br \/>\n<\/strong>Visina \/ H\u00f6he: 275 m<\/p>\n<p><strong>Zemlji\u0161te \/ Grundst\u00fccke<br \/>\n<\/strong>3988<div class='content-column one_half'><div style=\"padding-right:6px;\"><p><strong>Datum snimanja \/ Erfassungsdatum<br \/>\n<\/strong>14.05.2012 17:15:00<\/p>\n<hr \/>\n<p><strong>Informacije<\/strong><\/p>\n<p>Lokalitet Purkin Kuk je jedan od najve\u0107ih i najzna\u010dajnijih prapovijesnih gradina na otoku Hvaru uop\u0107e. Smje\u0161ten je na brdu iznad samoga Grada i to na polo\u017eaju od kuda se mogla nadzirati \u010ditava uvala ali i polje koje je polo\u017eeno izme\u0111u ovog brda, Budinjac, i blage uzvisine na sjevernoj strani otoka.<\/p><\/div><\/div><div class='content-column one_half last_column'><div style=\"padding-right:0px;padding-left:6px;\"><p><strong>Stupanj za\u0161tite \/ Schutzstellung<br \/>\n<\/strong>&#8211;<\/p>\n<hr \/>\n<p><strong>Info<\/strong><\/p>\n<p>Purkin Kuk ist eine der gr\u00f6\u00dften und bedeutendsten pr\u00e4historischen St\u00e4tten auf der Insel Hvar. Der Platz befindet sich auf einem H\u00fcgel \u00fcber der Stadt an der Stelle, von wo aus die ganze Bucht, sowie die Ebene zwischen dem H\u00fcgel <em>Budinjac<\/em> und den sanften H\u00fcgeln an der Nordseite der Insel \u00fcberwacht werden kann.<\/p><\/div><\/div><div class='clear_column'><\/div><div class='content-column one_half'><div style=\"padding-right:6px;\"><p>Za ovu gradinu imamo i povijesno svjedo\u010danstvo (Diodor Sicilski, 1. st. pr.Kr.) koje datira iz najranijih dana osnutka Grada. On spominje: &#8222;Za to vrijeme (384. pr. Kr.) su Parani koji su naselili Faros dopustili barbarima na otoku da nesmetano ostanu na veoma utvr\u0111enom mjestu, dok su oni utemeljili grad kraj mora i obzidali ga&#8220;. Navedeni polo\u017eaj mo\u017ee nam dati naslutiti karakter ove gradine. Ona je slu\u017eila kao strate\u0161ka osmatra\u010dnica koja je bdjela nad sigurno\u0161\u0107u Grada od prapovijesti do po\u010detka srednjeg vijeka ili je imala karakter nekakvog kultnog mjesta na tom istaknutom i dobro \u0161ti\u0107enom polo\u017eaju. Ono \u0161to plijeni pozornost posjetioca je svakako zapadni zid gadine koji je gra\u0111en u tehnici megalitskih bedema. Ovo je ra\u0161ireni tip gr\u010dke gradnje i potje\u010de vjerojatno iz 4. st. pr. Kr.<\/p><\/div><\/div><div class='content-column one_half last_column'><div style=\"padding-right:0px;padding-left:6px;\"><p>F\u00fcr diesen Ort haben wir historische Beweise (Diodor, 1. Jh. v. Chr.), die bis zu den fr\u00fchesten Tagen der Gr\u00fcndung der Festung zur\u00fcck gehen. Er sagte: &#8222;W\u00e4hrend dieser Zeit (384 v. Chr.) erlaubten Paraner die Faros besiedelten, Fremden ungest\u00f6rten Aufenthalt auf der Insel an einem stark befestigten Ort, w\u00e4hrend sie eine Stadt am Meer gr\u00fcndeten und sie mit Mauern umgaben.&#8220; Dieser Bericht kann uns einen Hinweis auf die Art dieser Festung geben. Sie diente als strategischer Beobachtungspunkt, wachte \u00fcber die Sicherheit der Stadt von der Vorgeschichte bis zum Beginn des Mittelalters und hatte den Charakter eine Art Kultst\u00e4tte an dieser prominenten und gut gesch\u00fctzten Stelle. Die Aufmerksamkeit der Besucher zieht insbesondere die Westwand auf sich, die in megalithischer Mauertechnik errichtet wurde. Die ist eine weit verbreitete griechische Baumethode und stammt vermutlich aus dem 4. Jh. v. Chr.<\/p><\/div><\/div><div class='clear_column'><\/div><div class='content-column one_half'><div style=\"padding-right:6px;\"><p>\u0160ime Ljubi\u0107 je ovdje prije 120 godina vr\u0161io iskopavanja, a tragovi njegova ukopa vide se i danas po gomili. Ne\u0161to prije toga jedan mu je te\u017eak donio nekoliko kremenih no\u017ei\u0107a &#8211; datirani u novije vrijeme u mla\u0111i neolitik &#8211; koje je iskopao u zemlji, blizu ove gomile, a \u0161to je vjerojatno ponukalo Ljubi\u0107a da se uputi u istra\u017eivanja koja, ne znamo za\u0161to, nisu dovr\u0161ena. Sto godina kasnije, ovdje \u0107e Marin Zaninovi\u0107, uz zapadni rub gomile, vr\u0161iti iskopavanja. Tom prigodom otkriveni su ostaci raznih masivnih zidina koji tvore nekakav kvadrat (s neistra\u017eenim isto\u010dnim dijelom) pribli\u017eno 25 x 25 m. Zidovi su razli\u010dite gradnje a njihov raspored je prili\u010dno nejasan, osobito na sjeverozapadnom dijelu. No budu\u0107i da iskopavanja nisu nikad dovr\u0161ena, a ni dovoljno precizno dokumentirana, ne mo\u017ee se zasad ulaziti u raspravo o \u010demu se ovdje radi.<\/p><\/div><\/div><div class='content-column one_half last_column'><div style=\"padding-right:0px;padding-left:6px;\"><p>\u0160ime Ljubi\u0107 hat hier vor 120 Jahren ausgegraben, und Spuren seiner Grabungen sind heute noch im Steinhaufen sichtbar. Schon vor ihm, wurden einige der kurzlebigen Klingen, die k\u00fcrzlich auf das j\u00fcngere Neolithikum datiert wurden, die auf dem Land in der N\u00e4he dieses Haufens gefunden, was vermutlich Ljubi\u0107 dazu veranlasste, hier weiter zu forschen. Hundert Jahre sp\u00e4ter wird Marin Zaninovic am westlichen Rand des H\u00fcgels Ausgrabungen durchf\u00fchren. Bei dieser Gelegenheit werden die \u00dcberreste massiver Mauern, die ein Quadrat bilden (mit dem unerforschten \u00f6stlichen Teil), in einer Gr\u00f6\u00dfe von 25 x 25 m entdeckt. Die W\u00e4nde sind von unterschiedlicher Bauweise und ihre Anordnung ist ziemlich vage, vor allem im nordwestlichen Teil. Aber da die Ausgrabungen nie abgeschlossen wurden und nicht ausreichend dokumentiert sind, kann nicht gesagt werden, was hier gemacht wurde.<\/p><\/div><\/div><div class='clear_column'><\/div><div class='content-column one_half'><div style=\"padding-right:6px;\"><p>Gradnja op\u0107enito odudara od pravilno gra\u0111enih gr\u010dkih kula na Maslinoviku i Toru, a i samih bedema Farosa, iako se na kutnim blokovima svih javlja obra\u0111en rub, takozvana anatiroza, \u0161to je karakteristika gr\u010dke vojne arhitekture. Mi\u0161ljenje kako je Purkin kuk ono &#8222;<em>jako utvr\u0111eno mjesto<\/em>&#8220; ili<em>&#8220; utvrda koja je bila silno nepristupa\u010dna&#8220;<\/em> koje spominje Diodor u vezi s bitkom koja se odigrala izme\u0111u doseljenih Grka i Ilira prve godine nakon doseljenja Parana (384. pr. Kr.), to jest mjesto gdje su Parani &#8222;<em>dopustili barbarima na otoku da nesmetano ostanu&#8220; <\/em>prebivati, zagovara se ve\u0107 du\u017ee vrijeme. Ali istra\u017eiva\u010d koji to najvi\u0161e tvrdi, zagovara uz to i mi\u0161ljenje kako je utvrdu na Purkin kuku gradio Demetrije Hvaranin, izme\u0111u 229. i 219. godine pr. Kr., koji je nikad nije dovr\u0161io! To zbunjuje, a zbunjuju\u0107a je i \u010dinjenica da dosad nije objavljen pokretni arheolo\u0161ki materijal na\u0111en prigodom iskopavanja. Taj materijal bi mo\u017eda mogao ne\u0161to re\u0107i o vremenu gradnje i o funkciji objekta, kao \u0161to to govori i materijal na\u0111en prilikom iskopavanja gr\u010dke kule na Maslinoviku. Mogu\u0107e je da zidovi tvore dio gr\u010dko\/ilirske osmatra\u010dnice (ne\u0161to sli\u010dno se zbilo i na Toru), ili pak ostatke kakvog sveti\u0161ta ili trezora nastalog uz spomenutu gomilu.<\/p><\/div><\/div><div class='content-column one_half last_column'><div style=\"padding-right:0px;padding-left:6px;\"><p>Die Konstruktion unterscheidet sich im Allgemeinen von den richtig gebauten griechischen T\u00fcrmen auf Maslinovik und Tor, und den Mauern von Pharos, obwohl alle Ecksteine bearbeitete Kanten, so genannte Anathyrosis (fein genoppte Oberfl\u00e4che) aufweisen, die charakteristisch f\u00fcr griechische Milit\u00e4rarchitektur ist. Dass Purkin kuk ein <em>\u201esehr fester Platz\u201c<\/em> oder <em>\u201eFestung, die sehr unzug\u00e4nglich war\u201c<\/em> erw\u00e4hnt Diodor im Zusammenhang mit der Schlacht, die sich zwischen den griechischen Siedlern und Illyrer, im ersten Jahr nach der Ankunft von Parana (384 vor Christus.) das hei\u00dft, es ist der Ort, wo die Parani <em>\u201edie Barbaren auf der Insel ungest\u00f6rt bleiben lie\u00dfen\u201c<\/em>. Das galt f\u00fcr lange Zeit. Aber ein Forscher, der die meisten behauptet, dass die Festung auf Purkin kuk von Demetrius Hvaranin, zwischen 229 und 219 vor Chr. Gebaut und nie beendet wurde! Es ist verwirrend und verwirrend ist auch die Tatsache, dass bei den Ausgrabungen bislang noch kein bewegliches arch\u00e4ologisches Material gefunden wurde. Dieses Material k\u00f6nnte in der Lage sein, etwas \u00fcber die Zeit des Aufbaus und Funktion des Bauwerks zu sagen, so wie es bei den Ausgrabungen des griechischen Turm auf Maslinovik der Fall ist. Es ist m\u00f6glich, dass die Mauern Teil eines griechischen \/ illyrischen Beobachtungsposten (\u00e4hnlich wie der Tor bei Jelsa) sind, oder die \u00dcberreste eines Heiligtums oder Schreins der mit dem Steinhaufen erstellt wurde.<\/p><\/div><\/div><div class='clear_column'><\/div><div class='content-column one_half'><div style=\"padding-right:6px;\"><p>Ipak, Purkin kuk nije utvrda, odnosno ne mo\u017ee biti <em>ono jako utvr\u0111eno mjesto<\/em> kojeg spominje Diodor iz jednostavnog razloga \u0161to vidljivi ostaci ne odaju oblik neke ve\u0107e utvrde (ni pribli\u017eno onakve kakvo je Gra\u010di\u0161\u0107e povrh Vrbanja ili pak Lompi\u0107 na ulazu u Starogradski zaljev), niti se naziru ostaci nekog naselja.<\/p><\/div><\/div><div class='content-column one_half last_column'><div style=\"padding-right:0px;padding-left:6px;\"><p>Jedoch ist Purkin kuk keine Festung. Es kann weder <em>jener stark befestigte Ort<\/em>, der von Diodor erw\u00e4hnt wurde &#8211; aus dem einfachen Grund, dass die sichtbaren \u00dcberreste nicht das Ausma\u00df einer gr\u00f6\u00dferen Festung haben (nicht ann\u00e4hernd wie Gra\u010di\u0161\u0107e \u00fcber Vrbanja oder Lompi\u0107 am Eingang der Starograder Bucht) &#8211; noch die \u00dcberreste einer Siedlung sein.<\/p><\/div><\/div><div class='clear_column'><\/div><div class='content-column one_half'><div style=\"padding-right:6px;\"><p>Veli\u010dina humka nije neuobi\u010dajena u Dalmaciji. Sli\u010dna joj je, na primjer, Vela gomila na Visu ili pak Velika gomila kod Igrana, da spomenem samo neposrednu okolicu. Ako bi u toj gomili i bili ostaci utvr\u0111enja onda je to utvr\u0111enje jako malo, poput onog na Glavici sa sjeverne strane Starog Grada. Ako su Lompi\u0107 i Gra\u010di\u0161\u0107e sa\u010duvani, onda bi se i Diodorovo jako utvr\u0111eno mjesto sa\u010duvalo, da je ono na Purkin kuku. Purkin kuk je preblizu Farosu i te\u0161ko je zamisliti da bi netko volio imati jako utvr\u0111eno mjesto blizu svog grada. Gdje je onda to jako utvr\u0111eno mjesto?<\/p><\/div><\/div><div class='content-column one_half last_column'><div style=\"padding-right:0px;padding-left:6px;\"><p>Die Gr\u00f6\u00dfe des H\u00fcgels ist f\u00fcr Dalmatien nicht ungew\u00f6hnlich. \u00c4hnlich wie sie beispielsweise Vela gomila auf Vis oder der gro\u00dfe H\u00fcgel in Igrana, um nur die unmittelbare Umgebung zu erw\u00e4hnen. Wenn sie die \u00dcberreste einer Festung waren, dann war diese sehr klein, wie etwa Glavica n\u00f6rdlich von Stari Grad. Wenn Lompi\u0107 und Gra\u010di\u0161\u0107e erhalten blieben, dann h\u00e4tte sich auch Diodors stark befestigter Ort Purkin kuk erhalten. Purkin kuk ist zu nah bei Faros und es ist schwer vorstellbar, dass jemand einen stark befestigten Ort in der N\u00e4he seiner Stadt hat. Wo ist aber dieser stark befestigte Ort?<\/p><\/div><\/div><div class='clear_column'><\/div><\/p>\n<p style=\"text-align: right;\"><a href=\"#seite_oben\">natrag na vrh \/ Seitenanfang<\/a><\/p>\n<hr \/>\n<p style=\"text-align: left;\"><div class='content-column one_half'><div style=\"padding-right:6px;\"><p>2020. godine pokrenut je projekt &#8222;Pou\u010dne staze Purkin kuk&#8220;. Projekt uklju\u010duje ure\u0111enje staza na Purkinom kuku, uspostavljanje i ure\u0111enje odmori\u0161ta i vidikovaca, kao i izradu, dizajn i ure\u0111enje obrazovnih i informativnih plo\u010da i putokaza.<\/p><\/div><\/div><div class='content-column one_half last_column'><div style=\"padding-right:0px;padding-left:6px;\"><p>im Jahr 2020 wurde das Projekt &#8222;Bildungswege Purkin kuk&#8220; gestartet. Das Projekt umfasst die Anordnung von Wegen auf Purkin kuk, die Einrichtung und Anordnung von Rastpl\u00e4tzen und Aussichtspunkten sowie die Herstellung, Gestaltung und Anordnung von Bildungs- und Informationstafeln und Wegweisern.<\/p><\/div><\/div><div class='clear_column'><\/div><\/p>\n<p style=\"text-align: right;\"><a href=\"#seite_oben\">natrag na vrh \/ Seitenanfang<\/a><\/p>\n<hr \/>\n<p><strong>Linkovi \/ Links<\/strong><\/p>\n<p><span style=\"color: #3366ff;\"><a style=\"color: #3366ff;\" href=\"https:\/\/www.topohvar.at\/topo\/orte\/do\/do-ip-04-2\/\">Informativna plo\u010da \u00bbPurkin kuk\u00ab \/ Infotafel \u00bbPurkin kuk\u00ab<\/a>\u00a0<\/span><\/p>\n","protected":false},"excerpt":{"rendered":"<p>Ime \/ Name Prapovijesna lokalitet \u00bbPurkin Kuk\u00ab \/ Vorgeschichticher Ort Purkin Kuk Code: SG-PO-05\u00a0 \u00a0 \u00a0 \u00a0 \u00a0 \u00a0 \u00a0 \u00a0 \u00a0 \u00a0 \u00a0 \u00a0 \u00a0 \u00a0 \u00a0 \u00a0 \u00a0 \u00a0\u00a0 Adresa \/ Adresse Stari Grad, Purkin Kuk Katastarska \u010destica &hellip; <a href=\"https:\/\/www.topohvar.at\/topo\/orte\/sg\/sg-po-05-2\/\">Weiterlesen <span class=\"meta-nav\">&rarr;<\/span><\/a><\/p>\n","protected":false},"author":1,"featured_media":0,"parent":99,"menu_order":0,"comment_status":"closed","ping_status":"closed","template":"","meta":{"footnotes":""},"class_list":["post-4045","page","type-page","status-publish","hentry"],"_links":{"self":[{"href":"https:\/\/www.topohvar.at\/topo\/wp-json\/wp\/v2\/pages\/4045","targetHints":{"allow":["GET"]}}],"collection":[{"href":"https:\/\/www.topohvar.at\/topo\/wp-json\/wp\/v2\/pages"}],"about":[{"href":"https:\/\/www.topohvar.at\/topo\/wp-json\/wp\/v2\/types\/page"}],"author":[{"embeddable":true,"href":"https:\/\/www.topohvar.at\/topo\/wp-json\/wp\/v2\/users\/1"}],"replies":[{"embeddable":true,"href":"https:\/\/www.topohvar.at\/topo\/wp-json\/wp\/v2\/comments?post=4045"}],"version-history":[{"count":16,"href":"https:\/\/www.topohvar.at\/topo\/wp-json\/wp\/v2\/pages\/4045\/revisions"}],"predecessor-version":[{"id":70791,"href":"https:\/\/www.topohvar.at\/topo\/wp-json\/wp\/v2\/pages\/4045\/revisions\/70791"}],"up":[{"embeddable":true,"href":"https:\/\/www.topohvar.at\/topo\/wp-json\/wp\/v2\/pages\/99"}],"wp:attachment":[{"href":"https:\/\/www.topohvar.at\/topo\/wp-json\/wp\/v2\/media?parent=4045"}],"curies":[{"name":"wp","href":"https:\/\/api.w.org\/{rel}","templated":true}]}}