{"id":40677,"date":"2020-08-30T17:47:42","date_gmt":"2020-08-30T15:47:42","guid":{"rendered":"https:\/\/www.topohvar.at\/topo\/?page_id=40677"},"modified":"2022-01-23T09:46:50","modified_gmt":"2022-01-23T08:46:50","slug":"op-pg-00-1","status":"publish","type":"page","link":"https:\/\/www.topohvar.at\/topo\/orte\/op\/op-pg-00-1\/","title":{"rendered":"PAKLENI OTOCI \u2013 Pretpovijesna nalazi\u0161ta \u00bb12 Ilirske gomile\u00ab"},"content":{"rendered":"<p><a name=\"seite_oben\"><\/a><br \/>\n<strong><a href=\"https:\/\/www.topohvar.at\/wp-content\/uploads\/2020\/08\/op-pg-00-1.jpg\"><img loading=\"lazy\" decoding=\"async\" class=\"aligncenter wp-image-40689 size-full\" src=\"https:\/\/www.topohvar.at\/wp-content\/uploads\/2020\/08\/op-pg-00-1.jpg\" alt=\"\" width=\"1080\" height=\"530\" srcset=\"https:\/\/www.topohvar.at\/wp-content\/uploads\/2020\/08\/op-pg-00-1.jpg 1080w, https:\/\/www.topohvar.at\/wp-content\/uploads\/2020\/08\/op-pg-00-1-300x147.jpg 300w, https:\/\/www.topohvar.at\/wp-content\/uploads\/2020\/08\/op-pg-00-1-1024x503.jpg 1024w, https:\/\/www.topohvar.at\/wp-content\/uploads\/2020\/08\/op-pg-00-1-768x377.jpg 768w\" sizes=\"auto, (max-width: 1080px) 100vw, 1080px\" \/><\/a><\/strong><\/p>\n<p><strong>Ime \/ Name<br \/>\n<\/strong>Pretpovijesna nalazi\u0161ta \u00bb12 Ilirske gomile\u00ab \/ pr\u00e4historische St\u00e4tten &#8211; 12 illyrische Grabh\u00fcgel<\/p>\n<p><strong>Code: <\/strong>OP-PG-01\/12\u00a0 \u00a0 \u00a0 \u00a0 \u00a0 \u00a0 \u00a0 \u00a0 \u00a0 \u00a0 \u00a0 \u00a0 \u00a0 \u00a0 \u00a0\u00a0<strong> <a href=\"https:\/\/www.topohvar.at\/orte\/op\/op-po-02-1\/\"><img loading=\"lazy\" decoding=\"async\" class=\"alignnone wp-image-533 size-full\" src=\"https:\/\/www.topohvar.at\/wp-content\/uploads\/2018\/07\/push-l-30.jpg\" alt=\"\" width=\"61\" height=\"30\" \/><\/a> <a href=\"https:\/\/www.topohvar.at\/orte\/op\/\"><img loading=\"lazy\" decoding=\"async\" class=\"alignnone wp-image-535 size-full\" src=\"https:\/\/www.topohvar.at\/wp-content\/uploads\/2018\/07\/push-o-30.jpg\" alt=\"\" width=\"61\" height=\"30\" \/><\/a> <a href=\"https:\/\/www.topohvar.at\/orte\/op\/op-pv-01-1\/\"><img loading=\"lazy\" decoding=\"async\" class=\"alignnone wp-image-536 size-full\" src=\"https:\/\/www.topohvar.at\/wp-content\/uploads\/2018\/07\/push-r-30.jpg\" alt=\"\" width=\"61\" height=\"30\" \/><\/a> \u00a0<\/strong><\/p>\n<hr \/>\n<p>Pojedinim objektima \/ zu den einzelnen Objekten<\/p>\n<p><strong>OTOK SV. KLEMENT &#8211; <\/strong><span style=\"color: #3366ff;\"> <a style=\"color: #3366ff;\" href=\"#pg-01\">OP-PG-01<\/a> \/\u00a0<a style=\"color: #3366ff;\" href=\"#pg-02\">OP-PG-02<\/a> \/\u00a0<a style=\"color: #3366ff;\" href=\"#pg-03\">OP-PG-03<\/a> \/\u00a0<a style=\"color: #3366ff;\" href=\"#pg-04\">OP-PG-04<\/a> \/\u00a0<a style=\"color: #3366ff;\" href=\"#pg-05\">OP-PG-05<\/a> \/\u00a0<a style=\"color: #3366ff;\" href=\"#pg-06\">OP-PG-06<\/a> \/\u00a0<a style=\"color: #3366ff;\" href=\"#pg-07\">OP-PG-07\/80\/09<\/a> \/\u00a0<a style=\"color: #3366ff;\" href=\"#pg-10\">OP-PG-10<\/a>\u00a0\/\u00a0<a style=\"color: #3366ff;\" href=\"#pg-11\">OP-PG-11<\/a><br \/>\n<span style=\"color: #000000;\"><strong>OTOK JEROLIM &#8211; <\/strong><\/span><a style=\"color: #3366ff;\" href=\"#pg-12\">OP-PG-12<\/a><\/span><\/p>\n<hr \/>\n<div class='content-column one_half'><div style=\"padding-right:6px;\"><p><strong>Informacije<\/strong><\/p>\n<p>Najstariji stanovnici Paklenih otoka su bili Iliri, a o njihovoj prisutnosti na otocima svjedo\u010de gomile, kojih je nekoliko na otoku Sveti Klement i koje ukazuju da je otok bio pogrebno mjesto. Gomile su uglavnom grobi\u0161ta, ali su se koristile i kao osmatra\u010dnice ili vjerska obredna mjesta.<\/p><\/div><\/div><div class='content-column one_half last_column'><div style=\"padding-right:0px;padding-left:6px;\"><p><strong>Info<\/strong><\/p>\n<p>Die \u00e4ltesten Bewohner der Pakleni-Inseln waren die Illyrer, und ihre Anwesenheit auf den Inseln wird durch H\u00fcgel belegt, von denen sich einige auf der Insel Sveti Klement befinden und die darauf hinweisen, dass die Insel eine Grabst\u00e4tte war. Die H\u00fcgel waren gr\u00f6\u00dftenteils Friedh\u00f6fe, wurden aber auch als Observatorien oder religi\u00f6se Ritualst\u00e4tten genutzt.<\/p><\/div><\/div><div class='clear_column'><\/div><div class='content-column one_half'><div style=\"padding-right:6px;\"><p>Neke od ovih gomila koristili su Iliri za ukope i u puno anti\u010dko doba. Prilozi u grobovima, posude, bron\u010dane kop\u010de, prstenje, oru\u0111e i oru\u017eje svjedo\u010de nam o kulturnoj razini onda\u0161njega stanovni\u0161tva i njihovim vezama, u prvome redu s ilirskim kopnom, ali i s prekomorskim Apeninskim poluotokom.<\/p><\/div><\/div><div class='content-column one_half last_column'><div style=\"padding-right:0px;padding-left:6px;\"><p>Einige dieser H\u00fcgel wurden von den Illyrern in der Antike f\u00fcr Bestattungen genutzt. Anh\u00e4nge in den Gr\u00e4bern, Gef\u00e4\u00dfe, Bronzespangen, Ringe, Werkzeuge und Waffen zeugen vom kulturellen Niveau der damaligen Bev\u00f6lkerung und ihren Verbindungen, vor allem zum illyrischen Festland, aber auch zur \u00fcberseeischen Apenninenhalbinsel.<\/p><\/div><\/div><div class='clear_column'><\/div><div class='content-column one_half'><div style=\"padding-right:6px;\"><p>U ovim su gomilama, u kamenim sanducima od plo\u010da, Iliri pokopavali svoje pokojnike i to u pravilu u zgr\u010denome polo\u017eaju, kao u maj\u010dinoj utrobi, licem okrenutim prema istoku sunca. Ovaj na\u010din ukopa bio je svojstven \u0161irokom podru\u010dju Europe od Alpa do Jadrana i od Bavarske do Rusije te spada u doba kovina, tj . u srednje bron\u010dano doba i po\u010detak \u017eeljeznog doba.<\/p><\/div><\/div><div class='content-column one_half last_column'><div style=\"padding-right:0px;padding-left:6px;\"><p>In diesen H\u00fcgeln begruben die Illyrer ihre Toten in S\u00e4rgen aus Steinplatten, gew\u00f6hnlich in gekauerter Stellung wie im Mutterleib, wobei ihre Gesichter dem Sonnenaufgang zugewandt waren. Diese Bestattungsmethode war charakteristisch f\u00fcr ein weites Gebiet Europas von den Alpen bis zur Adria und von Bayern bis Russland und geh\u00f6rt zum Metallzeitalter, d. H. in der mittleren Bronzezeit und zu Beginn der Eisenzeit.<\/p><\/div><\/div><div class='clear_column'><\/div><div class='content-column one_half'><div style=\"padding-right:6px;\"><p>Zanimljivost gomila je smje\u0161taj na otvorenim, povi\u0161enim predjelima izlo\u017eenima Suncu. Jedna se nalazi na Veloj glavi, \u010detiri su isto\u010dno od naselja Momi\u0107a polje, jedna sa jugozapadne strane vrha Glavica, dok su tri zapadno od naselja Palmi\u017eane.<\/p><\/div><\/div><div class='content-column one_half last_column'><div style=\"padding-right:0px;padding-left:6px;\"><p>Interessant ist, dass die H\u00fcgel in offenen, erh\u00f6hten Bereichen errichtet wurden, die der Sonne ausgesetzt sind. Einer befindet sich in Vela glava, vier \u00f6stlich der Siedlung Momi\u0107a polje, eine s\u00fcdwestlich des Gipfels Glavica und drei westlich der Siedlung Palmi\u017eane.<\/p><\/div><\/div><div class='clear_column'><\/div><div class='content-column one_half'><div style=\"padding-right:6px;\"><p>Kada su se Rimljani polovicom 2. st. pr. Kr. sukobili s ilirskim plemenima, posebno Dalmati, za strate\u0161ke i logisti\u010dke potrebe su, osim luka na otoku Hvaru, koristili i luke na otoku \u0160\u0107edru, kao i na Paklenim otocima. Prapovijesni grobovi (grobne gomile) na\u0111eni su na vi\u0161e mjesta na otoku Sv. Klement \u2013 ukupno desetak grobnih gomila.<\/p><\/div><\/div><div class='content-column one_half last_column'><div style=\"padding-right:0px;padding-left:6px;\"><p>Als die R\u00f6mer Mitte des 2. Jahrhunderts v. Chr. auf illyrische St\u00e4mme, insbesonders Dalmatiner stie\u00dfen, errichteten sie aus strategischen und logistischen Gr\u00fcnden neben H\u00e4fen auf der Insel Hvar auch H\u00e4fen auf der Insel Scedra sowie auf den Pakleni-Inseln. Pr\u00e4historische Gr\u00e4ber (Grabh\u00fcgel) wurden an mehreren Stellen auf der Insel Sveti Klement\u00a0 gefunden &#8211; insgesamt ein Dutzend Grabh\u00fcgel.<\/p><\/div><\/div><div class='clear_column'><\/div><div class='content-column one_half'><div style=\"padding-right:6px;\"><p>Posebno istaknuti se alaze grobne gomile na putu iz Vlake za Palmi\u017eanu (3 humka nad uvalom Planikov bok), druge grobne gomile na putu iz uvale Soline za uvalu Tar\u0161\u0107e i jednog ilirsko-helenisti\u010dkog groba na putu Vlaka \u2013 Momi\u0107a polje, budu\u0107i da se nalaze u neposrednoj blizini lokaliteta Soline.<\/p><\/div><\/div><div class='content-column one_half last_column'><div style=\"padding-right:0px;padding-left:6px;\"><p>Besonders hervorzuheben sind die Grabh\u00fcgel auf der Stra\u00dfe von Vlaka nach Palmi\u017eana (3 H\u00fcgel \u00fcber der Bucht von Planikov Bok), andere Grabh\u00fcgel auf der Stra\u00dfe von der Bucht von Soline zur Bucht von Tar\u0161\u0107e und ein illyrisch-hellenistisches Grab auf der Stra\u00dfe Vlaka-Momi\u0107a polje, da sie sich in unmittelbarer N\u00e4he des Standortes Soline in befinden.<\/p><\/div><\/div><div class='clear_column'><\/div><\/p>\n<p><img loading=\"lazy\" decoding=\"async\" class=\"aligncenter size-full wp-image-40678\" src=\"https:\/\/www.topohvar.at\/wp-content\/uploads\/2020\/08\/op-po-03-1.jpg\" alt=\"\" width=\"370\" height=\"247\" srcset=\"https:\/\/www.topohvar.at\/wp-content\/uploads\/2020\/08\/op-po-03-1.jpg 370w, https:\/\/www.topohvar.at\/wp-content\/uploads\/2020\/08\/op-po-03-1-300x200.jpg 300w\" sizes=\"auto, (max-width: 370px) 100vw, 370px\" \/><\/p>\n<p style=\"text-align: center;\"><span style=\"color: #000000;\"><em>(Izvor \/ Quelle: <\/em><span style=\"color: #3366ff;\"><a style=\"color: #3366ff;\" href=\"https:\/\/pakleniotoci.eu\/PakleniIslands\/CulHisHeritage\"><em>pakleniotoci.eu<\/em><\/a><\/span><em>)<\/em><\/span><\/p>\n<p><a name=\"pg-01\"><\/a><\/p>\n<p style=\"text-align: right;\"><span style=\"color: #3366ff;\"><a style=\"color: #3366ff;\" href=\"#seite_oben\">natrag na vrh \/ Seitenanfang<\/a><\/span><\/p>\n<hr \/>\n<div class='content-column one_half'><div style=\"padding-right:6px;\"><h2><strong>OTOK SV. KLEMENT<\/strong><\/h2>\n<h3><span style=\"color: #00ccff;\"><strong>Prapovijesno nalazi\u0161te \u00bbllirska gomila (1)\u00ab<\/strong><\/span><\/h3>\n<p><strong>Code: <\/strong>OP-PG-01<\/p>\n<p><strong>Lokalna polo\u017eaj \/ Position<\/strong><br \/>\n<span style=\"color: #3366ff;\"><a style=\"color: #3366ff;\" href=\"https:\/\/goo.gl\/maps\/o425snzqidNHpKJ76\">Latitude: N 43,17115\u00b0\u00a0 \u00a0Longitude: E 16,34700\u00b0<\/a><br \/>\n<span style=\"color: #000000;\">Visina \/ H\u00f6he: 90 m<\/span><\/span><\/p>\n<p><strong>Zemlji\u0161te \/ Grundst\u00fccke<br \/>\n<\/strong>4495\/3 (DKP Hvar)<\/p>\n<p><strong>Datum snimanja \/ Erfassungsdatum<br \/>\n<\/strong>01.01.2000 00:00:00<\/p><\/div><\/div><div class='content-column one_half last_column'><div style=\"padding-right:0px;padding-left:6px;\"><p>&nbsp;<\/p>\n<p><a href=\"https:\/\/goo.gl\/maps\/o425snzqidNHpKJ76\"><img loading=\"lazy\" decoding=\"async\" class=\"alignright wp-image-40711 size-medium\" src=\"https:\/\/www.topohvar.at\/wp-content\/uploads\/2020\/09\/op-pg-01-1-300x300.jpg\" alt=\"\" width=\"300\" height=\"300\" srcset=\"https:\/\/www.topohvar.at\/wp-content\/uploads\/2020\/09\/op-pg-01-1-300x300.jpg 300w, https:\/\/www.topohvar.at\/wp-content\/uploads\/2020\/09\/op-pg-01-1-150x150.jpg 150w, https:\/\/www.topohvar.at\/wp-content\/uploads\/2020\/09\/op-pg-01-1.jpg 450w\" sizes=\"auto, (max-width: 300px) 100vw, 300px\" \/><\/a><\/p><\/div><\/div><div class='clear_column'><\/div><a name=\"pg-02\"><\/a><\/p>\n<p style=\"text-align: right;\"><a href=\"#seite_oben\"><span style=\"color: #3366ff;\">natrag na vrh \/ Seitenanfang<\/span><\/a><\/p>\n<hr \/>\n<div class='content-column one_half'><div style=\"padding-right:6px;\"><h3><span style=\"color: #00ccff;\"><strong>Prapovijesno <\/strong><\/span><span style=\"color: #00ccff;\"><strong>nalazi\u0161te \u00bbllirska gomila (2)\u00ab<\/strong><\/span><\/h3>\n<p><strong>Code: <\/strong>OP-PG-02<\/p>\n<p><strong>Lokalna polo\u017eaj \/ Position<\/strong><br \/>\n<span style=\"color: #3366ff;\"><a style=\"color: #3366ff;\" href=\"https:\/\/goo.gl\/maps\/TTXNPTraqP6hX4Qo8\">Latitude: N 43,16925\u00b0\u00a0 \u00a0Longitude: E 16,35516\u00b0<\/a><\/span><br \/>\n<span style=\"color: #3366ff;\"><span style=\"color: #000000;\">Visina \/ H\u00f6he: 20 m<\/span><\/span><\/p>\n<p><strong>Zemlji\u0161te \/ Grundst\u00fccke<br \/>\n<\/strong>4495\/1 (DKP Hvar)<\/p>\n<p><strong>Datum snimanja \/ Erfassungsdatum<br \/>\n<\/strong>01.01.2000 00:00:00<\/p><\/div><\/div><div class='content-column one_half last_column'><div style=\"padding-right:0px;padding-left:6px;\"><p><a href=\"https:\/\/goo.gl\/maps\/TTXNPTraqP6hX4Qo8\"><img loading=\"lazy\" decoding=\"async\" class=\"alignright wp-image-40712 size-medium\" src=\"https:\/\/www.topohvar.at\/wp-content\/uploads\/2020\/09\/op-pg-02-1-300x300.jpg\" alt=\"\" width=\"300\" height=\"300\" srcset=\"https:\/\/www.topohvar.at\/wp-content\/uploads\/2020\/09\/op-pg-02-1-300x300.jpg 300w, https:\/\/www.topohvar.at\/wp-content\/uploads\/2020\/09\/op-pg-02-1-150x150.jpg 150w, https:\/\/www.topohvar.at\/wp-content\/uploads\/2020\/09\/op-pg-02-1.jpg 450w\" sizes=\"auto, (max-width: 300px) 100vw, 300px\" \/><\/a><\/p><\/div><\/div><div class='clear_column'><\/div><a name=\"pg-03\"><\/a><\/p>\n<p style=\"text-align: right;\"><a style=\"color: #3366ff;\" href=\"#seite_oben\">natrag na vrh \/ Seitenanfang<\/a><\/p>\n<hr \/>\n<div class='content-column one_half'><div style=\"padding-right:6px;\"><h3><span style=\"color: #00ccff;\"><strong>Prapovijesno <\/strong><\/span><span style=\"color: #00ccff;\"><strong>nalazi\u0161te \u00bbllirska gomila (3)\u00ab<\/strong><\/span><\/h3>\n<p><strong>Code: <\/strong>OP-PG-03<\/p>\n<p><strong>Lokalna polo\u017eaj \/ Position<\/strong><br \/>\n<span style=\"color: #3366ff;\"><a style=\"color: #3366ff;\" href=\"https:\/\/goo.gl\/maps\/6MwKh1mUwpCbnM3Z9\">Latitude: N 43,16633\u00b0\u00a0 \u00a0Longitude: E 16,35311\u00b0<\/a><\/span><br \/>\n<span style=\"color: #3366ff;\"><span style=\"color: #000000;\">Visina \/ H\u00f6he: 35 m<\/span><\/span><\/p>\n<p><strong>Zemlji\u0161te \/ Grundst\u00fccke<br \/>\n<\/strong>4340\/3 (DKP Hvar)<\/p>\n<p><strong>Datum snimanja \/ Erfassungsdatum<br \/>\n<\/strong>01.01.2000 00:00:00<\/p><\/div><\/div><div class='content-column one_half last_column'><div style=\"padding-right:0px;padding-left:6px;\"><p><a href=\"https:\/\/goo.gl\/maps\/6MwKh1mUwpCbnM3Z9\"><img loading=\"lazy\" decoding=\"async\" class=\"alignright wp-image-40713 size-medium\" src=\"https:\/\/www.topohvar.at\/wp-content\/uploads\/2020\/09\/op-pg-03-1-300x300.jpg\" alt=\"\" width=\"300\" height=\"300\" srcset=\"https:\/\/www.topohvar.at\/wp-content\/uploads\/2020\/09\/op-pg-03-1-300x300.jpg 300w, https:\/\/www.topohvar.at\/wp-content\/uploads\/2020\/09\/op-pg-03-1-150x150.jpg 150w, https:\/\/www.topohvar.at\/wp-content\/uploads\/2020\/09\/op-pg-03-1.jpg 450w\" sizes=\"auto, (max-width: 300px) 100vw, 300px\" \/><\/a><\/p><\/div><\/div><div class='clear_column'><\/div><a name=\"pg-04\"><\/a><\/p>\n<p style=\"text-align: right;\"><a style=\"color: #3366ff;\" href=\"#seite_oben\">natrag na vrh \/ Seitenanfang<\/a><\/p>\n<hr \/>\n<div class='content-column one_half'><div style=\"padding-right:6px;\"><h3><span style=\"color: #00ccff;\"><strong>Prapovijesno <\/strong><\/span><span style=\"color: #00ccff;\"><strong>nalazi\u0161te \u00bbllirska gomila (4)\u00ab<\/strong><\/span><\/h3>\n<p><strong>Code: <\/strong>OP-PG-04<\/p>\n<p><strong>Lokalna polo\u017eaj \/ Position<\/strong><br \/>\n<span style=\"color: #3366ff;\"><a style=\"color: #3366ff;\" href=\"https:\/\/goo.gl\/maps\/V1FQfQD86PxFetWZ7\">Latitude: N 43,16715\u00b0\u00a0 \u00a0Longitude: E 16,35551\u00b0<\/a><br \/>\n<span style=\"color: #000000;\">Visina \/ H\u00f6he: 40 m<\/span><br \/>\n<\/span><\/p>\n<p><strong>Zemlji\u0161te \/ Grundst\u00fccke<br \/>\n<\/strong>4495\/1 (DKP Hvar)<\/p>\n<p><strong>Datum snimanja \/ Erfassungsdatum<br \/>\n<\/strong>01.01.2000 00:00:00<\/p><\/div><\/div><div class='content-column one_half last_column'><div style=\"padding-right:0px;padding-left:6px;\"><p><a href=\"https:\/\/goo.gl\/maps\/V1FQfQD86PxFetWZ7\"><img loading=\"lazy\" decoding=\"async\" class=\"alignright wp-image-40714 size-medium\" src=\"https:\/\/www.topohvar.at\/wp-content\/uploads\/2020\/09\/op-pg-04-1-300x300.jpg\" alt=\"\" width=\"300\" height=\"300\" srcset=\"https:\/\/www.topohvar.at\/wp-content\/uploads\/2020\/09\/op-pg-04-1-300x300.jpg 300w, https:\/\/www.topohvar.at\/wp-content\/uploads\/2020\/09\/op-pg-04-1-150x150.jpg 150w, https:\/\/www.topohvar.at\/wp-content\/uploads\/2020\/09\/op-pg-04-1.jpg 450w\" sizes=\"auto, (max-width: 300px) 100vw, 300px\" \/><\/a><\/p><\/div><\/div><div class='clear_column'><\/div><a name=\"pg-05\"><\/a><\/p>\n<p style=\"text-align: right;\"><a style=\"color: #3366ff;\" href=\"#seite_oben\">natrag na vrh \/ Seitenanfang<\/a><\/p>\n<hr \/>\n<div class='content-column one_half'><div style=\"padding-right:6px;\"><h3><span style=\"color: #00ccff;\"><strong>Prapovijesno <\/strong><\/span><span style=\"color: #00ccff;\"><strong>nalazi\u0161te \u00bbllirska gomila (5)\u00ab<\/strong><\/span><\/h3>\n<p><strong>Code: <\/strong>OP-PG-05<\/p>\n<p><strong>Lokalna polo\u017eaj \/ Position<\/strong><br \/>\n<span style=\"color: #3366ff;\"><a style=\"color: #3366ff;\" href=\"https:\/\/goo.gl\/maps\/2MZUDNSWqtFACG2JA\">Latitude: N 43,16778\u00b0\u00a0 \u00a0Longitude: E 16,35698\u00b0<\/a><br \/>\n<span style=\"color: #000000;\">Visina \/ H\u00f6he: 32 m<\/span><br \/>\n<\/span><\/p>\n<p><strong>Zemlji\u0161te \/ Grundst\u00fccke<br \/>\n<\/strong>4495\/1 (DKP Hvar)<\/p>\n<p><strong>Datum snimanja \/ Erfassungsdatum<br \/>\n<\/strong>01.01.2000 00:00:00<\/p><\/div><\/div><div class='content-column one_half last_column'><div style=\"padding-right:0px;padding-left:6px;\"><p><a href=\"https:\/\/goo.gl\/maps\/2MZUDNSWqtFACG2JA\"><img loading=\"lazy\" decoding=\"async\" class=\"alignright wp-image-40715 size-medium\" src=\"https:\/\/www.topohvar.at\/wp-content\/uploads\/2020\/09\/op-pg-05-1-300x300.jpg\" alt=\"\" width=\"300\" height=\"300\" srcset=\"https:\/\/www.topohvar.at\/wp-content\/uploads\/2020\/09\/op-pg-05-1-300x300.jpg 300w, https:\/\/www.topohvar.at\/wp-content\/uploads\/2020\/09\/op-pg-05-1-150x150.jpg 150w, https:\/\/www.topohvar.at\/wp-content\/uploads\/2020\/09\/op-pg-05-1.jpg 450w\" sizes=\"auto, (max-width: 300px) 100vw, 300px\" \/><\/a><\/p><\/div><\/div><div class='clear_column'><\/div><a name=\"pg-06\"><\/a><\/p>\n<p style=\"text-align: right;\"><a style=\"color: #3366ff;\" href=\"#seite_oben\">natrag na vrh \/ Seitenanfang<\/a><\/p>\n<hr \/>\n<div class='content-column one_half'><div style=\"padding-right:6px;\"><h3><span style=\"color: #00ccff;\"><strong>Prapovijesno <\/strong><\/span><span style=\"color: #00ccff;\"><strong>nalazi\u0161te \u00bbllirska gomila (6)\u00ab<\/strong><\/span><\/h3>\n<p><strong>Code: <\/strong>OP-PG-06<\/p>\n<p><strong>Lokalna polo\u017eaj \/ Position<\/strong><br \/>\n<span style=\"color: #3366ff;\"><a style=\"color: #3366ff;\" href=\"https:\/\/goo.gl\/maps\/GrZpgQsLyDyCxFhz6\">Latitude: N 43,16204\u00b0\u00a0 \u00a0Longitude: E 16,37082\u00b0<\/a><br \/>\n<span style=\"color: #000000;\">Visina \/ H\u00f6he: 18 m<\/span><br \/>\n<\/span><\/p>\n<p><strong>Zemlji\u0161te \/ Grundst\u00fccke<br \/>\n<\/strong>4332\/1 (DKP Hvar)<\/p>\n<p><strong>Datum snimanja \/ Erfassungsdatum<br \/>\n<\/strong>01.01.2000 00:00:00<\/p><\/div><\/div><div class='content-column one_half last_column'><div style=\"padding-right:0px;padding-left:6px;\"><p><a href=\"https:\/\/goo.gl\/maps\/GrZpgQsLyDyCxFhz6\"><img loading=\"lazy\" decoding=\"async\" class=\"alignright wp-image-40716 size-medium\" src=\"https:\/\/www.topohvar.at\/wp-content\/uploads\/2020\/09\/op-pg-06-1-300x300.jpg\" alt=\"\" width=\"300\" height=\"300\" srcset=\"https:\/\/www.topohvar.at\/wp-content\/uploads\/2020\/09\/op-pg-06-1-300x300.jpg 300w, https:\/\/www.topohvar.at\/wp-content\/uploads\/2020\/09\/op-pg-06-1-150x150.jpg 150w, https:\/\/www.topohvar.at\/wp-content\/uploads\/2020\/09\/op-pg-06-1.jpg 450w\" sizes=\"auto, (max-width: 300px) 100vw, 300px\" \/><\/a><\/p><\/div><\/div><div class='clear_column'><\/div><a name=\"pg-07\"><\/a><\/p>\n<p style=\"text-align: right;\"><a style=\"color: #3366ff;\" href=\"#seite_oben\">natrag na vrh \/ Seitenanfang<\/a><\/p>\n<hr \/>\n<div class='content-column one_half'><div style=\"padding-right:6px;\"><h3><span style=\"color: #00ccff;\"><strong>Prapovijesno <\/strong><\/span><span style=\"color: #00ccff;\"><strong>nalazi\u0161te \u00bb3 llirske gomile (7\/8\/9)\u00ab<\/strong><\/span><\/h3>\n<p><strong>Code: <\/strong>OP-PG-07\/08\/09<\/p>\n<p><strong>Lokalna polo\u017eaj \/ Position<\/strong><br \/>\n<span style=\"color: #3366ff;\"><a style=\"color: #3366ff;\" href=\"https:\/\/goo.gl\/maps\/6SBTqvpnH7GDPLUBA\">Latitude: N 43,16329\u00b0\u00a0 \u00a0Longitude: E 16,38711\u00b0<\/a><br \/>\n<span style=\"color: #000000;\">Visina \/ H\u00f6he: 45 m<\/span><br \/>\n<\/span><\/p>\n<p><strong>Zemlji\u0161te \/ Grundst\u00fccke<br \/>\n<\/strong>4126\/3 (DKP Hvar)<\/p>\n<p><strong>Datum snimanja \/ Erfassungsdatum<br \/>\n<\/strong>01.01.2000 00:00:00<\/p><\/div><\/div><div class='content-column one_half last_column'><div style=\"padding-right:0px;padding-left:6px;\"><p><a href=\"https:\/\/goo.gl\/maps\/6SBTqvpnH7GDPLUBA\"><img loading=\"lazy\" decoding=\"async\" class=\"alignright wp-image-40717 size-medium\" src=\"https:\/\/www.topohvar.at\/wp-content\/uploads\/2020\/09\/op-pg-07-1-300x300.jpg\" alt=\"\" width=\"300\" height=\"300\" srcset=\"https:\/\/www.topohvar.at\/wp-content\/uploads\/2020\/09\/op-pg-07-1-300x300.jpg 300w, https:\/\/www.topohvar.at\/wp-content\/uploads\/2020\/09\/op-pg-07-1-150x150.jpg 150w, https:\/\/www.topohvar.at\/wp-content\/uploads\/2020\/09\/op-pg-07-1.jpg 450w\" sizes=\"auto, (max-width: 300px) 100vw, 300px\" \/><\/a><\/p><\/div><\/div><div class='clear_column'><\/div><a name=\"pg-10\"><\/a><\/p>\n<p style=\"text-align: right;\"><a style=\"color: #3366ff;\" href=\"#seite_oben\">natrag na vrh \/ Seitenanfang<\/a><\/p>\n<hr \/>\n<div class='content-column one_half'><div style=\"padding-right:6px;\"><h3><span style=\"color: #00ccff;\"><strong>Prapovijesno <\/strong><\/span><span style=\"color: #00ccff;\"><strong>nalazi\u0161te \u00bbllirska gomila (10)\u00ab<\/strong><\/span><\/h3>\n<p><strong>Code: <\/strong>OP-PG-10<\/p>\n<p><strong>Lokalna polo\u017eaj \/ Position<\/strong><br \/>\n<span style=\"color: #3366ff;\"><a style=\"color: #3366ff;\" href=\"https:\/\/goo.gl\/maps\/roSoYspjS7wHJuWx5\">Latitude: N 43,16093\u00b0\u00a0 \u00a0Longitude: E 16,38859\u00b0<\/a><br \/>\n<span style=\"color: #000000;\">Visina \/ H\u00f6he: 48 m<\/span><br \/>\n<\/span><\/p>\n<p><strong>Zemlji\u0161te \/ Grundst\u00fccke<br \/>\n<\/strong>4126\/2 (DKP Hvar)<\/p>\n<p><strong>Datum snimanja \/ Erfassungsdatum<br \/>\n<\/strong>01.01.2000 00:00:00<\/p><\/div><\/div><div class='content-column one_half last_column'><div style=\"padding-right:0px;padding-left:6px;\"><p><a href=\"https:\/\/goo.gl\/maps\/roSoYspjS7wHJuWx5\"><img loading=\"lazy\" decoding=\"async\" class=\"alignright wp-image-40727 size-medium\" src=\"https:\/\/www.topohvar.at\/wp-content\/uploads\/2020\/09\/op-pg-10-1-300x300.jpg\" alt=\"\" width=\"300\" height=\"300\" srcset=\"https:\/\/www.topohvar.at\/wp-content\/uploads\/2020\/09\/op-pg-10-1-300x300.jpg 300w, https:\/\/www.topohvar.at\/wp-content\/uploads\/2020\/09\/op-pg-10-1-150x150.jpg 150w, https:\/\/www.topohvar.at\/wp-content\/uploads\/2020\/09\/op-pg-10-1.jpg 450w\" sizes=\"auto, (max-width: 300px) 100vw, 300px\" \/><\/a><\/p><\/div><\/div><div class='clear_column'><\/div><a name=\"pg-11\"><\/a><\/p>\n<p style=\"text-align: right;\"><a style=\"color: #3366ff;\" href=\"#seite_oben\">natrag na vrh \/ Seitenanfang<\/a><\/p>\n<hr \/>\n<div class='content-column one_half'><div style=\"padding-right:6px;\"><h3><span style=\"color: #00ccff;\"><strong>Prapovijesno <\/strong><\/span><span style=\"color: #00ccff;\"><strong>nalazi\u0161te \u00bbllirska gomila (11)\u00ab<\/strong><\/span><\/h3>\n<p><strong>Code: <\/strong>OP-PG-11<\/p>\n<p><strong>Lokalna polo\u017eaj \/ Position<\/strong><br \/>\n<span style=\"color: #3366ff;\"><a style=\"color: #3366ff;\" href=\"https:\/\/goo.gl\/maps\/dutmwseq3qpN3Zgd6\">Latitude: N 43,16030\u00b0\u00a0 \u00a0Longitude: E 16,38660\u00b0<\/a><\/span><br \/>\n<span style=\"color: #3366ff;\"><span style=\"color: #000000;\">Visina \/ H\u00f6he: 45 m<\/span><\/span><\/p>\n<p><strong>Zemlji\u0161te \/ Grundst\u00fccke<br \/>\n<\/strong>4130\/2 (DKP Hvar)<\/p>\n<p><strong>Datum snimanja \/ Erfassungsdatum<br \/>\n<\/strong>01.01.2000 00:00:00<\/p><\/div><\/div><div class='content-column one_half last_column'><div style=\"padding-right:0px;padding-left:6px;\"><p><a href=\"https:\/\/goo.gl\/maps\/dutmwseq3qpN3Zgd6\"><img loading=\"lazy\" decoding=\"async\" class=\"alignright wp-image-40724 size-medium\" src=\"https:\/\/www.topohvar.at\/wp-content\/uploads\/2020\/09\/op-pg-11-1-300x300.jpg\" alt=\"\" width=\"300\" height=\"300\" srcset=\"https:\/\/www.topohvar.at\/wp-content\/uploads\/2020\/09\/op-pg-11-1-300x300.jpg 300w, https:\/\/www.topohvar.at\/wp-content\/uploads\/2020\/09\/op-pg-11-1-150x150.jpg 150w, https:\/\/www.topohvar.at\/wp-content\/uploads\/2020\/09\/op-pg-11-1.jpg 450w\" sizes=\"auto, (max-width: 300px) 100vw, 300px\" \/><\/a><\/p><\/div><\/div><div class='clear_column'><\/div><a name=\"pg-12\"><\/a><\/p>\n<p style=\"text-align: right;\"><a style=\"color: #3366ff;\" href=\"#seite_oben\">natrag na vrh \/ Seitenanfang<\/a><\/p>\n<hr \/>\n<div class='content-column one_half'><div style=\"padding-right:6px;\"><h2><strong>OTOK JEROLIM<\/strong><\/h2>\n<h3><span style=\"color: #00ccff;\"><strong>Prapovijesno <\/strong><\/span><span style=\"color: #00ccff;\"><strong>nalazi\u0161te \u00bbllirska gomila (12)\u00ab<\/strong><\/span><\/h3>\n<p><strong>Code: <\/strong>OP-PG-12<\/p>\n<p><strong>Lokalna polo\u017eaj \/ Position<\/strong><br \/>\n<span style=\"color: #3366ff;\"><a style=\"color: #3366ff;\" href=\"https:\/\/goo.gl\/maps\/myBrNY4Q89z8iVyD6\">Latitude: N 43,15973\u00b0\u00a0 \u00a0Longitude: E 16,43410\u00b0<\/a><\/span><br \/>\n<span style=\"color: #3366ff;\"><span style=\"color: #000000;\">Visina \/ H\u00f6he: 5 m<\/span><\/span><\/p>\n<p><strong>Zemlji\u0161te \/ Grundst\u00fccke<br \/>\n<\/strong>3911\/1 (DKP Hvar)<\/p>\n<p><strong>Datum snimanja \/ Erfassungsdatum<br \/>\n<\/strong>01.01.2000 00:00:00<\/p><\/div><\/div><div class='content-column one_half last_column'><div style=\"padding-right:0px;padding-left:6px;\"><p><a href=\"https:\/\/goo.gl\/maps\/myBrNY4Q89z8iVyD6\"><img loading=\"lazy\" decoding=\"async\" class=\"alignright wp-image-40725 size-medium\" src=\"https:\/\/www.topohvar.at\/wp-content\/uploads\/2020\/09\/op-pg-12-1-300x300.jpg\" alt=\"\" width=\"300\" height=\"300\" srcset=\"https:\/\/www.topohvar.at\/wp-content\/uploads\/2020\/09\/op-pg-12-1-300x300.jpg 300w, https:\/\/www.topohvar.at\/wp-content\/uploads\/2020\/09\/op-pg-12-1-150x150.jpg 150w, https:\/\/www.topohvar.at\/wp-content\/uploads\/2020\/09\/op-pg-12-1.jpg 450w\" sizes=\"auto, (max-width: 300px) 100vw, 300px\" \/><\/a><\/p><\/div><\/div><div class='clear_column'><\/div><a name=\"pg-12\"><\/a><\/p>\n<p style=\"text-align: right;\"><a style=\"color: #3366ff;\" href=\"#seite_oben\">natrag na vrh \/ Seitenanfang<\/a><\/p>\n<hr \/>\n<p>&nbsp;<\/p>\n<p><strong>Linkovi \/ Links<\/strong><\/p>\n<p><span style=\"color: #3366ff;\"><a style=\"color: #3366ff;\" href=\"https:\/\/pakleniotoci.eu)\">https:\/\/pakleniotoci.eu<\/a><\/span><\/p>\n","protected":false},"excerpt":{"rendered":"<p>Ime \/ Name Pretpovijesna nalazi\u0161ta \u00bb12 Ilirske gomile\u00ab \/ pr\u00e4historische St\u00e4tten &#8211; 12 illyrische Grabh\u00fcgel Code: OP-PG-01\/12\u00a0 \u00a0 \u00a0 \u00a0 \u00a0 \u00a0 \u00a0 \u00a0 \u00a0 \u00a0 \u00a0 \u00a0 \u00a0 \u00a0 \u00a0\u00a0 \u00a0 Pojedinim objektima \/ zu den einzelnen Objekten OTOK &hellip; <a href=\"https:\/\/www.topohvar.at\/topo\/orte\/op\/op-pg-00-1\/\">Weiterlesen <span class=\"meta-nav\">&rarr;<\/span><\/a><\/p>\n","protected":false},"author":1,"featured_media":0,"parent":123,"menu_order":0,"comment_status":"closed","ping_status":"closed","template":"","meta":{"footnotes":""},"class_list":["post-40677","page","type-page","status-publish","hentry"],"_links":{"self":[{"href":"https:\/\/www.topohvar.at\/topo\/wp-json\/wp\/v2\/pages\/40677","targetHints":{"allow":["GET"]}}],"collection":[{"href":"https:\/\/www.topohvar.at\/topo\/wp-json\/wp\/v2\/pages"}],"about":[{"href":"https:\/\/www.topohvar.at\/topo\/wp-json\/wp\/v2\/types\/page"}],"author":[{"embeddable":true,"href":"https:\/\/www.topohvar.at\/topo\/wp-json\/wp\/v2\/users\/1"}],"replies":[{"embeddable":true,"href":"https:\/\/www.topohvar.at\/topo\/wp-json\/wp\/v2\/comments?post=40677"}],"version-history":[{"count":35,"href":"https:\/\/www.topohvar.at\/topo\/wp-json\/wp\/v2\/pages\/40677\/revisions"}],"predecessor-version":[{"id":56628,"href":"https:\/\/www.topohvar.at\/topo\/wp-json\/wp\/v2\/pages\/40677\/revisions\/56628"}],"up":[{"embeddable":true,"href":"https:\/\/www.topohvar.at\/topo\/wp-json\/wp\/v2\/pages\/123"}],"wp:attachment":[{"href":"https:\/\/www.topohvar.at\/topo\/wp-json\/wp\/v2\/media?parent=40677"}],"curies":[{"name":"wp","href":"https:\/\/api.w.org\/{rel}","templated":true}]}}