{"id":40989,"date":"2020-09-13T19:01:45","date_gmt":"2020-09-13T17:01:45","guid":{"rendered":"https:\/\/www.topohvar.at\/topo\/?page_id=40989"},"modified":"2021-09-24T11:50:00","modified_gmt":"2021-09-24T09:50:00","slug":"sg-ov-03-2","status":"publish","type":"page","link":"https:\/\/www.topohvar.at\/topo\/orte\/sg\/sg-ov-03-2\/","title":{"rendered":"STARI GRAD &#8211; Objekt \u00bbPark kod spomen palim borcima\u00ab"},"content":{"rendered":"<p><a name=\"seite_oben\"><\/a><br \/>\n<img loading=\"lazy\" decoding=\"async\" class=\"alignnone wp-image-51880 size-full\" src=\"https:\/\/www.topohvar.at\/wp-content\/uploads\/2021\/09\/sg-ov-03-1.jpg\" alt=\"\" width=\"1080\" height=\"530\" srcset=\"https:\/\/www.topohvar.at\/wp-content\/uploads\/2021\/09\/sg-ov-03-1.jpg 1080w, https:\/\/www.topohvar.at\/wp-content\/uploads\/2021\/09\/sg-ov-03-1-300x147.jpg 300w, https:\/\/www.topohvar.at\/wp-content\/uploads\/2021\/09\/sg-ov-03-1-1024x503.jpg 1024w, https:\/\/www.topohvar.at\/wp-content\/uploads\/2021\/09\/sg-ov-03-1-768x377.jpg 768w\" sizes=\"auto, (max-width: 1080px) 100vw, 1080px\" \/><\/p>\n<p><strong>Ime \/ Name<br \/>\n<\/strong>Objekt \u00bbPark kod spomen palim borcima\u00ab \/ Park beim Kriegerdenkmal<\/p>\n<p><strong>Code: <\/strong>SG-OV-03\u00a0 \u00a0 \u00a0 \u00a0 \u00a0 \u00a0 \u00a0 \u00a0 \u00a0 \u00a0 \u00a0 \u00a0 \u00a0 \u00a0 \u00a0 \u00a0 \u00a0 \u00a0<a href=\"https:\/\/www.topohvar.at\/orte\/sg\/sg-pu-09-1\/\"><img loading=\"lazy\" decoding=\"async\" class=\"alignnone wp-image-12300 size-full\" src=\"https:\/\/www.topohvar.at\/wp-content\/uploads\/2018\/09\/push-vor-30.jpg\" alt=\"\" width=\"61\" height=\"30\" \/><\/a>\u00a0<strong><a href=\"https:\/\/www.topohvar.at\/orte\/sg\/sg-ov-02-2\/\"><img loading=\"lazy\" decoding=\"async\" class=\"alignnone wp-image-533 size-full\" src=\"https:\/\/www.topohvar.at\/wp-content\/uploads\/2018\/07\/push-l-30.jpg\" alt=\"\" width=\"61\" height=\"30\" \/><\/a> <a href=\"https:\/\/www.topohvar.at\/orte\/sg\/\"><img loading=\"lazy\" decoding=\"async\" class=\"alignnone wp-image-535 size-full\" src=\"https:\/\/www.topohvar.at\/wp-content\/uploads\/2018\/07\/push-o-30.jpg\" alt=\"\" width=\"61\" height=\"30\" \/><\/a> <a href=\"https:\/\/www.topohvar.at\/orte\/sg\/sg-ok-01-1\/\"><img loading=\"lazy\" decoding=\"async\" class=\"alignnone wp-image-536 size-full\" src=\"https:\/\/www.topohvar.at\/wp-content\/uploads\/2018\/07\/push-r-30.jpg\" alt=\"\" width=\"61\" height=\"30\" \/><\/a> <a href=\"https:\/\/www.topohvar.at\/orte\/sg\/sg-og-01-2\/\"><img loading=\"lazy\" decoding=\"async\" class=\"alignnone wp-image-12299 size-full\" src=\"https:\/\/www.topohvar.at\/wp-content\/uploads\/2018\/09\/push-next-30.jpg\" alt=\"\" width=\"61\" height=\"30\" \/><\/a><\/strong><\/p>\n<hr \/>\n<p><strong>Adresa \/ Adresse<br \/>\n<\/strong>Stari Grad, Obala Hrvatskih Branitelja<\/p>\n<p><strong>Lokacija \/ Position<a href=\"https:\/\/goo.gl\/maps\/v3m6xRW95j9FfP668\"><img loading=\"lazy\" decoding=\"async\" class=\"alignright wp-image-40992\" src=\"https:\/\/www.topohvar.at\/wp-content\/uploads\/2020\/09\/2783.jpg\" alt=\"\" width=\"134\" height=\"100\" \/><\/a><br \/>\n<\/strong><span style=\"color: #3366ff;\"><a style=\"color: #3366ff;\" href=\"https:\/\/goo.gl\/maps\/v3m6xRW95j9FfP668\">Latitude: N 43,18494\u00b0\u00a0 \u00a0Longitude: E 16,59603\u00b0 <\/a><\/span><strong><br \/>\n<\/strong>Visina \/ H\u00f6he: 1 m<\/p>\n<p><strong>Katastarska \u010destica \/ Grundst\u00fccke<br \/>\n<\/strong>7381\/1, 10845\/1<div class='content-column one_half'><div style=\"padding-right:6px;\"><p><strong>Datum snimanja \/ Erfassungsdatum<br \/>\n<\/strong>24.09.2021 09:39:00<\/p>\n<hr \/>\n<p><strong>Informacije<\/strong><\/p>\n<p>Zelena povr\u0161ina oko spomen obilje\u017eja poginulim borcima NOR-a je livada bez grmlja i drve\u0107a.<\/p><\/div><\/div><div class='content-column one_half last_column'><div style=\"padding-right:0px;padding-left:6px;\"><p><strong>Stupanj za\u0161tite \/ Schutzstellung<br \/>\n<\/strong>&#8211;<\/p>\n<hr \/>\n<p><strong>Info<\/strong><\/p>\n<p>Die Gr\u00fcnfl\u00e4che um das Denkmal f\u00fcr die Gefallenen des Nationalen Befreiungskampfes ist eine Wiesenfl\u00e4che ohne Str\u00e4ucher oder B\u00e4ume.<\/p><\/div><\/div><div class='clear_column'><\/div><\/p>\n<p style=\"text-align: right;\"><a href=\"#seite_oben\">natrag na vrh \/ Seitenanfang<\/a><\/p>\n<hr \/>\n<p><strong>Linkovi \/ Links<\/strong><\/p>\n<p><span style=\"color: #3366ff;\">Spomenik palim borcima NOR-a \/ Denkmal an die Gefallenen des Nationalen Befeiungskampfes<\/span><\/p>\n","protected":false},"excerpt":{"rendered":"<p>Ime \/ Name Objekt \u00bbPark kod spomen palim borcima\u00ab \/ Park beim Kriegerdenkmal Code: SG-OV-03\u00a0 \u00a0 \u00a0 \u00a0 \u00a0 \u00a0 \u00a0 \u00a0 \u00a0 \u00a0 \u00a0 \u00a0 \u00a0 \u00a0 \u00a0 \u00a0 \u00a0 \u00a0\u00a0 Adresa \/ Adresse Stari Grad, Obala Hrvatskih Branitelja &hellip; <a href=\"https:\/\/www.topohvar.at\/topo\/orte\/sg\/sg-ov-03-2\/\">Weiterlesen <span class=\"meta-nav\">&rarr;<\/span><\/a><\/p>\n","protected":false},"author":1,"featured_media":0,"parent":99,"menu_order":0,"comment_status":"closed","ping_status":"closed","template":"","meta":{"footnotes":""},"class_list":["post-40989","page","type-page","status-publish","hentry"],"_links":{"self":[{"href":"https:\/\/www.topohvar.at\/topo\/wp-json\/wp\/v2\/pages\/40989","targetHints":{"allow":["GET"]}}],"collection":[{"href":"https:\/\/www.topohvar.at\/topo\/wp-json\/wp\/v2\/pages"}],"about":[{"href":"https:\/\/www.topohvar.at\/topo\/wp-json\/wp\/v2\/types\/page"}],"author":[{"embeddable":true,"href":"https:\/\/www.topohvar.at\/topo\/wp-json\/wp\/v2\/users\/1"}],"replies":[{"embeddable":true,"href":"https:\/\/www.topohvar.at\/topo\/wp-json\/wp\/v2\/comments?post=40989"}],"version-history":[{"count":10,"href":"https:\/\/www.topohvar.at\/topo\/wp-json\/wp\/v2\/pages\/40989\/revisions"}],"predecessor-version":[{"id":51887,"href":"https:\/\/www.topohvar.at\/topo\/wp-json\/wp\/v2\/pages\/40989\/revisions\/51887"}],"up":[{"embeddable":true,"href":"https:\/\/www.topohvar.at\/topo\/wp-json\/wp\/v2\/pages\/99"}],"wp:attachment":[{"href":"https:\/\/www.topohvar.at\/topo\/wp-json\/wp\/v2\/media?parent=40989"}],"curies":[{"name":"wp","href":"https:\/\/api.w.org\/{rel}","templated":true}]}}