{"id":41497,"date":"2020-09-28T13:31:33","date_gmt":"2020-09-28T11:31:33","guid":{"rendered":"https:\/\/www.topohvar.at\/topo\/?page_id=41497"},"modified":"2021-12-16T18:43:26","modified_gmt":"2021-12-16T17:43:26","slug":"id-ok-01-1","status":"publish","type":"page","link":"https:\/\/www.topohvar.at\/topo\/orte\/id\/id-ok-01-1\/","title":{"rendered":"IVAN DOLAC &#8211; Objekt \u00bbCamp Paklina\u00ab"},"content":{"rendered":"<p><a name=\"seite_oben\"><\/a><br \/>\n<strong><img loading=\"lazy\" decoding=\"async\" class=\"alignnone wp-image-41499 size-full\" src=\"https:\/\/www.topohvar.at\/wp-content\/uploads\/2020\/09\/id-ok-01-1.jpg\" alt=\"\" width=\"1080\" height=\"530\" srcset=\"https:\/\/www.topohvar.at\/wp-content\/uploads\/2020\/09\/id-ok-01-1.jpg 1080w, https:\/\/www.topohvar.at\/wp-content\/uploads\/2020\/09\/id-ok-01-1-300x147.jpg 300w, https:\/\/www.topohvar.at\/wp-content\/uploads\/2020\/09\/id-ok-01-1-1024x503.jpg 1024w, https:\/\/www.topohvar.at\/wp-content\/uploads\/2020\/09\/id-ok-01-1-768x377.jpg 768w\" sizes=\"auto, (max-width: 1080px) 100vw, 1080px\" \/><\/strong><\/p>\n<p><strong>Ime \/ Name<br \/>\n<\/strong>Objekt \u00bbCamp Paklina\u00ab<\/p>\n<p><strong>Code: <\/strong>ID-OK-01\u00a0 \u00a0 \u00a0 \u00a0 \u00a0 \u00a0 \u00a0 \u00a0 \u00a0 \u00a0 \u00a0 \u00a0 \u00a0 \u00a0 \u00a0 \u00a0 \u00a0 \u00a0 \u00a0<strong><a href=\"https:\/\/www.topohvar.at\/orte\/id\/\"><img loading=\"lazy\" decoding=\"async\" class=\"alignnone wp-image-535 size-full\" src=\"https:\/\/www.topohvar.at\/wp-content\/uploads\/2018\/07\/push-o-30.jpg\" alt=\"\" width=\"61\" height=\"30\" \/><\/a> <a href=\"https:\/\/www.topohvar.at\/topo\/orte\/id\/id-on-01-1\/\"><img loading=\"lazy\" decoding=\"async\" class=\"alignnone wp-image-536 size-full\" src=\"https:\/\/www.topohvar.at\/wp-content\/uploads\/2018\/07\/push-r-30.jpg\" alt=\"\" width=\"61\" height=\"30\" \/><\/a> <\/strong><\/p>\n<hr \/>\n<p><strong>Adresa \/ Adresse<br \/>\n<\/strong>Ivan Dolac 175<\/p>\n<p><strong>Lokacija \/ Position<a href=\"https:\/\/goo.gl\/maps\/Ru3h8TnaDQKi2JBb7\"><img loading=\"lazy\" decoding=\"async\" class=\"alignright wp-image-41498\" src=\"https:\/\/www.topohvar.at\/wp-content\/uploads\/2020\/09\/2815.jpg\" alt=\"\" width=\"134\" height=\"100\" \/><\/a><br \/>\n<\/strong><span style=\"color: #3366ff;\"><a style=\"color: #3366ff;\" href=\"https:\/\/goo.gl\/maps\/Ru3h8TnaDQKi2JBb7\">Latitude: N 43,12640\u00b0\u00a0 \u00a0Longitude: E 16,64434\u00b0 <\/a><\/span><strong><br \/>\n<\/strong>Visina \/ H\u00f6he: 10 m<\/p>\n<p><strong>Katastarska \u010destica \/ Grundst\u00fccke<br \/>\n<\/strong>3309\/8<div class='content-column one_half'><div style=\"padding-right:6px;\"><p><strong>Datum snimanja \/ Erfassungsdatum<br \/>\n<\/strong>01.01.2000 00:00:00<\/p>\n<hr \/>\n<p><strong>Informacije<\/strong><\/p>\n<p>Auto kamp Paklina nalazi se na ju\u017enom dijelu otoka Hvara u selu Ivana Dolcu. Do ju\u017ene strane dolazi se kroz tunel Pitve dug 1,4 m. Me\u0111utim, smiju se voziti samo vozila \u0161irine do 2,3 m i visine 2,7 m.<\/p><\/div><\/div><div class='content-column one_half last_column'><div style=\"padding-right:0px;padding-left:6px;\"><p><strong>Stupanj za\u0161tite \/ Schutzstellung<br \/>\n<\/strong>&#8211;<\/p>\n<hr \/>\n<p><strong>Info\u00a0<\/strong><\/p>\n<p>Das Autocamp Paklina befindet sich im s\u00fcdlichen Teil der Insel Hvar in der Ortschaft Ivan Dolac. Zur S\u00fcdseite gelangt man durch den 1,4 m langen Tunnel Pitve. Es d\u00fcrfen aber nur Fahrzeuge mit einer Breite von bis zu 2,3 \u200b\u200bm und einer H\u00f6he von 2,7 m durchfahren.<\/p><\/div><\/div><div class='clear_column'><\/div><div class='content-column one_half'><div style=\"padding-right:6px;\"><p>Iz kampa se pru\u017ea pogled na susjedne otoke \u0160\u0107edro, Kor\u010dulu, Vis i Lukavce. Kamp je u vlasni\u0161tvu obitelji Ivankovi\u0107 koja se svim silama trudi stvoriti lijepu i opu\u0161tenu atmosferu. Vlasnik kampa je ribar, pa gosti ponekad mogu s njim u ribolov. Trgovine i restorani su u selu.<\/p><\/div><\/div><div class='content-column one_half last_column'><div style=\"padding-right:0px;padding-left:6px;\"><p>Vom Camp aus haben Sie einen Blick \u00fcber die Nachbarinseln \u0160\u0107edro, Kor\u010dula, Vis und Lukavci. Das Camp befindet sich im Besitz der Familie Ivankovi\u0107, die ihr Bestes versucht, um eine sch\u00f6ne und entspannte Atmosph\u00e4re zu schaffen. Der Campingbesitzer ist Fischer, daher k\u00f6nnen G\u00e4ste manchmal mit ihm angeln gehen. Gesch\u00e4fte und Restaurants befinden sich im Dorf.<\/p><\/div><\/div><div class='clear_column'><\/div><div class='content-column one_half'><div style=\"padding-right:6px;\"><p>Kamp Paklina nudi 40 parcela koje su uglavnom prikladne za \u0161atore. U kampu se mogu unajmiti i apartmani i prikolice za 3 osobe. Put do kampa je prili\u010dno uzak i strm te stoga nije pogodan za camper. Parcele imaju struju. Sanitarni \u010dvorovi su mali, ali uredni. Mogu\u0107e je unajmiti hladnjak i koristiti veliki zajedni\u010dki prostor za ro\u0161tilj. Kamp je smje\u0161ten izravno na kristalno \u010distom moru sa \u0161ljun\u010danom pla\u017eom, koju djeca dobro prihva\u0107aju.<\/p><\/div><\/div><div class='content-column one_half last_column'><div style=\"padding-right:0px;padding-left:6px;\"><p>Camping Paklina bietet 40 Stellpl\u00e4tze, die haupts\u00e4chlich f\u00fcr Zelte geeignet sind. Auf dem Campingplatz kann man auch Apartments und Wohnwagen f\u00fcr 3 Personen mieten. Die Stra\u00dfe zum Camp ist ziemlich eng und steil und daher nicht f\u00fcr Wohnmobile geeignet. Die Stellpl\u00e4tze haben Stromanschluss. Die sanit\u00e4ren Einrichtungen sind klein, aber ordentlich. Es ist m\u00f6glich, einen K\u00fchlschrank zu mieten und einen gemeinsamen gro\u00dfen Grillplatz zu nutzen. Das Camp befindet sich direkt am kristallklaren Meer mit Kiesstrand, der von Kindern gut angenommen wird.<\/p><\/div><\/div><div class='clear_column'><\/div><\/p>\n<p style=\"text-align: right;\"><a href=\"#seite_oben\">natrag na vrh \/ Seitenanfang<\/a><\/p>\n<hr \/>\n<p><strong>Linkovi \/ Links<\/strong><\/p>\n<p><span style=\"color: #3366ff;\"><a style=\"color: #3366ff;\" href=\"https:\/\/www.avtokampi.si\/campsites\/camping-paklina\">Camp Paklina<\/a><\/span><\/p>\n","protected":false},"excerpt":{"rendered":"<p>Ime \/ Name Objekt \u00bbCamp Paklina\u00ab Code: ID-OK-01\u00a0 \u00a0 \u00a0 \u00a0 \u00a0 \u00a0 \u00a0 \u00a0 \u00a0 \u00a0 \u00a0 \u00a0 \u00a0 \u00a0 \u00a0 \u00a0 \u00a0 \u00a0 \u00a0 Adresa \/ Adresse Ivan Dolac 175 Lokacija \/ Position Latitude: N 43,12640\u00b0\u00a0 \u00a0Longitude: E &hellip; <a href=\"https:\/\/www.topohvar.at\/topo\/orte\/id\/id-ok-01-1\/\">Weiterlesen <span class=\"meta-nav\">&rarr;<\/span><\/a><\/p>\n","protected":false},"author":1,"featured_media":0,"parent":83,"menu_order":0,"comment_status":"closed","ping_status":"closed","template":"","meta":{"footnotes":""},"class_list":["post-41497","page","type-page","status-publish","hentry"],"_links":{"self":[{"href":"https:\/\/www.topohvar.at\/topo\/wp-json\/wp\/v2\/pages\/41497","targetHints":{"allow":["GET"]}}],"collection":[{"href":"https:\/\/www.topohvar.at\/topo\/wp-json\/wp\/v2\/pages"}],"about":[{"href":"https:\/\/www.topohvar.at\/topo\/wp-json\/wp\/v2\/types\/page"}],"author":[{"embeddable":true,"href":"https:\/\/www.topohvar.at\/topo\/wp-json\/wp\/v2\/users\/1"}],"replies":[{"embeddable":true,"href":"https:\/\/www.topohvar.at\/topo\/wp-json\/wp\/v2\/comments?post=41497"}],"version-history":[{"count":7,"href":"https:\/\/www.topohvar.at\/topo\/wp-json\/wp\/v2\/pages\/41497\/revisions"}],"predecessor-version":[{"id":55172,"href":"https:\/\/www.topohvar.at\/topo\/wp-json\/wp\/v2\/pages\/41497\/revisions\/55172"}],"up":[{"embeddable":true,"href":"https:\/\/www.topohvar.at\/topo\/wp-json\/wp\/v2\/pages\/83"}],"wp:attachment":[{"href":"https:\/\/www.topohvar.at\/topo\/wp-json\/wp\/v2\/media?parent=41497"}],"curies":[{"name":"wp","href":"https:\/\/api.w.org\/{rel}","templated":true}]}}