{"id":42488,"date":"2020-10-12T17:34:15","date_gmt":"2020-10-12T15:34:15","guid":{"rendered":"https:\/\/www.topohvar.at\/topo\/?page_id=42488"},"modified":"2022-09-29T12:53:32","modified_gmt":"2022-09-29T10:53:32","slug":"su-tg-01-1","status":"publish","type":"page","link":"https:\/\/www.topohvar.at\/topo\/orte\/su\/su-tg-01-1\/","title":{"rendered":"SU\u0106URAJ &#8211; Javna zgrada \u00bbOp\u0107ina Su\u0107uraj\u00ab"},"content":{"rendered":"<p><a name=\"seite_oben\"><\/a><br \/>\n<strong><img loading=\"lazy\" decoding=\"async\" class=\"alignnone wp-image-60691 size-full\" src=\"https:\/\/www.topohvar.at\/wp-content\/uploads\/2022\/09\/su-tg-01-12.jpg\" alt=\"\" width=\"1080\" height=\"530\" srcset=\"https:\/\/www.topohvar.at\/wp-content\/uploads\/2022\/09\/su-tg-01-12.jpg 1080w, https:\/\/www.topohvar.at\/wp-content\/uploads\/2022\/09\/su-tg-01-12-300x147.jpg 300w, https:\/\/www.topohvar.at\/wp-content\/uploads\/2022\/09\/su-tg-01-12-1024x503.jpg 1024w, https:\/\/www.topohvar.at\/wp-content\/uploads\/2022\/09\/su-tg-01-12-768x377.jpg 768w\" sizes=\"auto, (max-width: 1080px) 100vw, 1080px\" \/><\/strong><\/p>\n<p><strong>Ime \/ Name<br \/>\n<\/strong>Javna zgrada \u00bbOp\u0107ina Su\u0107uraj \/ Gemeindeamt Su\u0107uraj\u00ab<\/p>\n<p><strong>Code: <\/strong>SU-TG-01\u00a0 \u00a0 \u00a0 \u00a0 \u00a0 \u00a0 \u00a0 \u00a0 \u00a0 \u00a0 \u00a0 \u00a0 \u00a0 \u00a0 \u00a0 \u00a0 \u00a0 \u00a0 \u00a0 \u00a0 \u00a0<a href=\"https:\/\/www.topohvar.at\/orte\/su\/su-tg-05-1\/\"><img loading=\"lazy\" decoding=\"async\" class=\"alignnone wp-image-533 size-full\" src=\"https:\/\/www.topohvar.at\/wp-content\/uploads\/2018\/07\/push-l-30.jpg\" alt=\"\" width=\"61\" height=\"30\" \/><\/a><strong> <a href=\"https:\/\/www.topohvar.at\/orte\/su\/\"><img loading=\"lazy\" decoding=\"async\" class=\"alignnone wp-image-535 size-full\" src=\"https:\/\/www.topohvar.at\/wp-content\/uploads\/2018\/07\/push-o-30.jpg\" alt=\"\" width=\"61\" height=\"30\" \/><\/a> <a href=\"https:\/\/www.topohvar.at\/orte\/su\/su-tg-03-1\/\"><img loading=\"lazy\" decoding=\"async\" class=\"alignnone wp-image-536 size-full\" src=\"https:\/\/www.topohvar.at\/wp-content\/uploads\/2018\/07\/push-r-30.jpg\" alt=\"\" width=\"61\" height=\"30\" \/><\/a> <a href=\"https:\/\/www.topohvar.at\/topo\/su-tg-06-1\/\"><img loading=\"lazy\" decoding=\"async\" class=\"alignnone wp-image-12299 size-full\" src=\"https:\/\/www.topohvar.at\/wp-content\/uploads\/2018\/09\/push-next-30.jpg\" alt=\"\" width=\"61\" height=\"30\" \/><\/a><\/strong><\/p>\n<hr \/>\n<p><strong>Adresa \/ Adresse<br \/>\n<\/strong>Su\u0107uraj, Riva 19<\/p>\n<p><strong>Lokacija<\/strong><strong> \/ Position<a href=\"https:\/\/goo.gl\/maps\/Q8yDCWVtSidZiNDa7\"><img loading=\"lazy\" decoding=\"async\" class=\"alignright wp-image-42492\" src=\"https:\/\/www.topohvar.at\/wp-content\/uploads\/2020\/10\/2910.jpg\" alt=\"\" width=\"134\" height=\"100\" \/><\/a><br \/>\n<\/strong><span style=\"color: #3366ff;\"><a style=\"color: #3366ff;\" href=\"https:\/\/goo.gl\/maps\/Q8yDCWVtSidZiNDa7\">Latitude: N 43,12611\u00b0\u00a0 \u00a0Longitude: E 17,18777\u00b0 <\/a><\/span><strong><br \/>\n<\/strong>Visina \/ H\u00f6he:\u00a0 4 m<\/p>\n<p><strong>Katastarska \u010destica <\/strong><strong>\/ Grundst\u00fccke<br \/>\n<\/strong>182\/2 <div class='content-column one_half'><div style=\"padding-right:6px;\"><p><strong>Datum snimanja \/ Erfassungsdatum<br \/>\n<\/strong>15.09.2022 17:36:00<\/p>\n<hr \/>\n<p><strong>Informacije<\/strong><\/p>\n<p>U 2015. godini izvedeni su radovi na nadogradnji i rekonstrukciji op\u0107inske zgrade. U prizemlju zgrade op\u0107ine, gdje su nekada bili uredi, sada se nalazi soba za sastanke, dok su na prvom katu stvorena 3 nova ureda.<\/p><\/div><\/div><div class='content-column one_half last_column'><div style=\"padding-right:0px;padding-left:6px;\"><p><strong>Stupanj za\u0161tite<\/strong><strong> \/ Schutzstellung<br \/>\n<\/strong>&#8211;<\/p>\n<hr \/>\n<p><strong>Info<\/strong><\/p>\n<p>Im Jahr 2015 wurden Arbeiten zur Modernisierung und zum Wiederaufbau des Geb\u00e4udes durchgef\u00fchrt. Im Erdgeschoss des Gemeindegeb\u00e4udes, wo sich fr\u00fcher die B\u00fcror\u00e4ume befanden, gibt es nun einen Besprechungsraum, w\u00e4hrend im ersten Stock 3 neue B\u00fcror\u00e4ume entstanden.<\/p><\/div><\/div><div class='clear_column'><\/div><div class='content-column one_third'><div style=\"padding-right:6px;\"><p>Obnova \/ rekonstrukcija u 2015.<\/p><\/div><\/div><div class='content-column one_third'><div style=\"padding-right:6px;\"><p><img loading=\"lazy\" decoding=\"async\" class=\"alignnone size-full wp-image-42489\" src=\"https:\/\/www.topohvar.at\/wp-content\/uploads\/2020\/10\/su-tg-01-11.jpg\" alt=\"\" width=\"200\" height=\"150\" \/><\/p><\/div><\/div><div class='content-column one_third last_column'><div style=\"padding-right:0px;padding-left:6px;\"><p>Renovierung \/ Wiederaufbau im Jahr 2015.<\/p><\/div><\/div><div class='clear_column'><\/div><\/p>\n<p><img loading=\"lazy\" decoding=\"async\" class=\"size-full wp-image-60693\" src=\"https:\/\/www.topohvar.at\/wp-content\/uploads\/2022\/09\/su-tg-01-7.jpg\" alt=\"\" width=\"1080\" height=\"378\" srcset=\"https:\/\/www.topohvar.at\/wp-content\/uploads\/2022\/09\/su-tg-01-7.jpg 1080w, https:\/\/www.topohvar.at\/wp-content\/uploads\/2022\/09\/su-tg-01-7-300x105.jpg 300w, https:\/\/www.topohvar.at\/wp-content\/uploads\/2022\/09\/su-tg-01-7-1024x358.jpg 1024w, https:\/\/www.topohvar.at\/wp-content\/uploads\/2022\/09\/su-tg-01-7-768x269.jpg 768w\" sizes=\"auto, (max-width: 1080px) 100vw, 1080px\" \/><\/p>\n<hr \/>\n<div class='content-column one_half'><div style=\"padding-right:6px;\"><p>Op\u0107inski dom nekada je va\u017eio za jednu od najljep\u0161ih zgrada u Su\u0107urju. Ovdje je bila smje\u0161tena i \u0161kola. Zgrada je stradala u Drugom svjetskom ratu.<\/p><\/div><\/div><div class='content-column one_half last_column'><div style=\"padding-right:0px;padding-left:6px;\"><p>Fr\u00fcher galt das Gemeindehaus als eines der sch\u00f6nsten Geb\u00e4ude in Su\u0107uraj. Hier war auch die Schule untergebracht. Das Geb\u00e4ude wurde im 2. Weltkrieg zerst\u00f6rt.<\/p><\/div><\/div><div class='clear_column'><\/div><\/p>\n<p><img loading=\"lazy\" decoding=\"async\" class=\"aligncenter size-full wp-image-11559\" src=\"https:\/\/www.topohvar.at\/wp-content\/uploads\/2018\/09\/su-tg-03-0.jpg\" alt=\"\" width=\"1080\" height=\"530\" srcset=\"https:\/\/www.topohvar.at\/wp-content\/uploads\/2018\/09\/su-tg-03-0.jpg 1080w, https:\/\/www.topohvar.at\/wp-content\/uploads\/2018\/09\/su-tg-03-0-300x147.jpg 300w, https:\/\/www.topohvar.at\/wp-content\/uploads\/2018\/09\/su-tg-03-0-768x377.jpg 768w, https:\/\/www.topohvar.at\/wp-content\/uploads\/2018\/09\/su-tg-03-0-1024x503.jpg 1024w\" sizes=\"auto, (max-width: 1080px) 100vw, 1080px\" \/><\/p>\n<p style=\"text-align: right;\"><span style=\"color: #3366ff;\"><a style=\"color: #3366ff;\" href=\"#seite_oben\">natrag na vrh \/ Seitenanfang<\/a><\/span><\/p>\n<p>&nbsp;<\/p>\n<hr \/>\n<p><strong>Linkovi \/ Links<\/strong><\/p>\n<p><span style=\"color: #3366ff;\"><a style=\"color: #3366ff;\" href=\"http:\/\/www.sucuraj.com\/hr\/\">Op\u0107ina \/ Gemeinde SU\u0106URAJ<\/a><\/span><\/p>\n","protected":false},"excerpt":{"rendered":"<p>Ime \/ Name Javna zgrada \u00bbOp\u0107ina Su\u0107uraj \/ Gemeindeamt Su\u0107uraj\u00ab Code: SU-TG-01\u00a0 \u00a0 \u00a0 \u00a0 \u00a0 \u00a0 \u00a0 \u00a0 \u00a0 \u00a0 \u00a0 \u00a0 \u00a0 \u00a0 \u00a0 \u00a0 \u00a0 \u00a0 \u00a0 \u00a0 \u00a0 Adresa \/ Adresse Su\u0107uraj, Riva 19 Lokacija \/ &hellip; <a href=\"https:\/\/www.topohvar.at\/topo\/orte\/su\/su-tg-01-1\/\">Weiterlesen <span class=\"meta-nav\">&rarr;<\/span><\/a><\/p>\n","protected":false},"author":1,"featured_media":0,"parent":103,"menu_order":0,"comment_status":"closed","ping_status":"closed","template":"","meta":{"footnotes":""},"class_list":["post-42488","page","type-page","status-publish","hentry"],"_links":{"self":[{"href":"https:\/\/www.topohvar.at\/topo\/wp-json\/wp\/v2\/pages\/42488","targetHints":{"allow":["GET"]}}],"collection":[{"href":"https:\/\/www.topohvar.at\/topo\/wp-json\/wp\/v2\/pages"}],"about":[{"href":"https:\/\/www.topohvar.at\/topo\/wp-json\/wp\/v2\/types\/page"}],"author":[{"embeddable":true,"href":"https:\/\/www.topohvar.at\/topo\/wp-json\/wp\/v2\/users\/1"}],"replies":[{"embeddable":true,"href":"https:\/\/www.topohvar.at\/topo\/wp-json\/wp\/v2\/comments?post=42488"}],"version-history":[{"count":11,"href":"https:\/\/www.topohvar.at\/topo\/wp-json\/wp\/v2\/pages\/42488\/revisions"}],"predecessor-version":[{"id":60694,"href":"https:\/\/www.topohvar.at\/topo\/wp-json\/wp\/v2\/pages\/42488\/revisions\/60694"}],"up":[{"embeddable":true,"href":"https:\/\/www.topohvar.at\/topo\/wp-json\/wp\/v2\/pages\/103"}],"wp:attachment":[{"href":"https:\/\/www.topohvar.at\/topo\/wp-json\/wp\/v2\/media?parent=42488"}],"curies":[{"name":"wp","href":"https:\/\/api.w.org\/{rel}","templated":true}]}}