{"id":4299,"date":"2018-08-10T13:59:18","date_gmt":"2018-08-10T11:59:18","guid":{"rendered":"https:\/\/www.topohvar.at\/?page_id=4299"},"modified":"2024-04-21T16:09:35","modified_gmt":"2024-04-21T14:09:35","slug":"sg-tg-13-1","status":"publish","type":"page","link":"https:\/\/www.topohvar.at\/topo\/orte\/sg\/sg-tg-13-1\/","title":{"rendered":"STARI GRAD &#8211; Ku\u0107a \u00bbKompleks Franetovi\u0107 (ranije Bu\u010di\u0107-Machiedo)\u00ab"},"content":{"rendered":"<p><a name=\"seite_oben\"><\/a><br \/>\n<img loading=\"lazy\" decoding=\"async\" class=\"aligncenter wp-image-31620 size-full\" src=\"https:\/\/www.topohvar.at\/wp-content\/uploads\/2020\/02\/sg-tg-13-1.jpg\" alt=\"\" width=\"640\" height=\"315\" srcset=\"https:\/\/www.topohvar.at\/wp-content\/uploads\/2020\/02\/sg-tg-13-1.jpg 640w, https:\/\/www.topohvar.at\/wp-content\/uploads\/2020\/02\/sg-tg-13-1-300x148.jpg 300w\" sizes=\"auto, (max-width: 640px) 100vw, 640px\" \/><\/p>\n<p><strong>Ime \/ Name<br \/>\n<\/strong>Ku\u0107a \u00bbKompleks Franetovi\u0107 (ranije Bu\u010di\u0107-Machiedo)\u00ab \/ Geb\u00e4udekomplex Franetovi\u0107 (fr\u00fcher Bu\u010di\u0107-Machiedo)<\/p>\n<p><strong>Code: <\/strong>SG-TG-13\u00a0 \u00a0 \u00a0 \u00a0 \u00a0 \u00a0 \u00a0 \u00a0 \u00a0 \u00a0 \u00a0 \u00a0 \u00a0 \u00a0 \u00a0 \u00a0 \u00a0 \u00a0<a href=\"https:\/\/www.topohvar.at\/orte\/sg\/sg-tg-07-1\/\"><img loading=\"lazy\" decoding=\"async\" class=\"alignnone wp-image-12300 size-full\" src=\"https:\/\/www.topohvar.at\/wp-content\/uploads\/2018\/09\/push-vor-30.jpg\" alt=\"\" width=\"61\" height=\"30\" \/><\/a>\u00a0<strong><a href=\"https:\/\/www.topohvar.at\/orte\/sg\/sg-tg-21-1\/\"><img loading=\"lazy\" decoding=\"async\" class=\"alignnone wp-image-533 size-full\" src=\"https:\/\/www.topohvar.at\/wp-content\/uploads\/2018\/07\/push-l-30.jpg\" alt=\"\" width=\"61\" height=\"30\" \/><\/a> <a href=\"https:\/\/www.topohvar.at\/orte\/sg\/\"><img loading=\"lazy\" decoding=\"async\" class=\"alignnone wp-image-535 size-full\" src=\"https:\/\/www.topohvar.at\/wp-content\/uploads\/2018\/07\/push-o-30.jpg\" alt=\"\" width=\"61\" height=\"30\" \/><\/a> <a href=\"https:\/\/www.topohvar.at\/orte\/sg\/sg-tg-33-1\/\"><img loading=\"lazy\" decoding=\"async\" class=\"alignnone wp-image-536 size-full\" src=\"https:\/\/www.topohvar.at\/wp-content\/uploads\/2018\/07\/push-r-30.jpg\" alt=\"\" width=\"61\" height=\"30\" \/><\/a>\u00a0<a href=\"https:\/\/www.topohvar.at\/orte\/sg\/sg-tg-26-1\/\"><img loading=\"lazy\" decoding=\"async\" class=\"alignnone wp-image-12299 size-full\" src=\"https:\/\/www.topohvar.at\/wp-content\/uploads\/2018\/09\/push-next-30.jpg\" alt=\"\" width=\"61\" height=\"30\" \/><\/a><\/strong><\/p>\n<hr \/>\n<p><strong>Adresa \/ Adresse<br \/>\n<\/strong>Stari Grad, Duolnjo Kola \/ Ulica Dinka Politea<\/p>\n<p><strong>Lokacija \/ Position<a href=\"https:\/\/goo.gl\/maps\/yGs3GBivhSpLYZvQ8\"><img loading=\"lazy\" decoding=\"async\" class=\"alignright wp-image-31623\" src=\"https:\/\/www.topohvar.at\/wp-content\/uploads\/2020\/02\/2122.jpg\" alt=\"\" width=\"134\" height=\"100\" \/><\/a><br \/>\n<\/strong><span style=\"color: #3366ff;\"><a style=\"color: #3366ff;\" href=\"https:\/\/goo.gl\/maps\/yGs3GBivhSpLYZvQ8\">Latitude: N 43,18393\u00b0\u00a0 \u00a0Longitude: E 16,59755\u00b0<\/a> <\/span><strong><br \/>\n<\/strong>Visina \/ H\u00f6he: 2 m<\/p>\n<p><strong>Katastarska \u010destica \/ Grundst\u00fccke<br \/>\n<\/strong>*251\/2, *251\/4, *251\/6, *251\/7, *251\/8, *251\/9, *251\/10<div class='content-column one_half'><div style=\"padding-right:6px;\"><p><strong>Datum snimanja \/ Erfassungsdatum<br \/>\n<\/strong>06.06.2020 10:00:00<\/p>\n<hr \/>\n<p><strong>Informacije<\/strong><\/p>\n<p>Ku\u0107a Franetovi\u0107 u Starome Gradu sastoji se od dijela za stanovanje i gospodarske zgrade s vrtom. Na prvom katu ku\u0107e su prozori i vrata s profiliranom natprozornicima i nadvratnikom te sa zapadne strane postoji jedan prozor goti\u010dkom oblika. Sa sjeverne strane uz stambenu ku\u0107u smje\u0161tena je prizemna gospodarska ku\u0107a koja prema dvori\u0161tu ima \u010detiri polukru\u017eno svo\u0111ena otvora u nizu arkada, dok su ostali njeni zidovi bez otvora. Pred sjevernom stranom stambene ku\u0107e je bunar na kojem je terasa. Na bunaru je natpis s imenom ranijeg vlasnika Bu\u010di\u0107a i godinom 1733. Sklop stambene i gospodarske ku\u0107e predstavlja gradnju XVII i XVIII stolje\u0107a i karakteristi\u010dan je primjer spajanja ove dvije namjene.<\/p><\/div><\/div><div class='content-column one_half last_column'><div style=\"padding-right:0px;padding-left:6px;\"><p><strong>Stupanj za\u0161tite \/ Schutzstellung<br \/>\n<\/strong>RST-0560, Z-0777<\/p>\n<hr \/>\n<p><strong>Info<\/strong><\/p>\n<p>Das Haus Franetovi\u0107 in Stari Grad besteht aus einem Wohngeb\u00e4ude und einem Nebengeb\u00e4ude mit Garten. Im ersten Stock des Hauses befinden sich Fenster und T\u00fcren mit profilierten St\u00fcrzen und Festerb\u00e4nken, und auf der Westseite befindet sich ein Fenster in gotischem Stil. Auf der Nordseite befindet sich neben dem Wohnhaus ein ebenerdiges Wirtschaftsgeb\u00e4ude, das vier halbkreisf\u00f6rmige \u00d6ffnungen in einer Reihe von Arkaden zum Innenhof hin aufweist, w\u00e4hrend der Rest seiner W\u00e4nde ohne \u00d6ffnungen ist. Vor der Nordseite des Hauses befindet sich ein Brunnen mit einer Terrasse. Auf dem Brunnen befindet sich eine Inschrift mit dem Namen des Vorbesitzers Bu\u010di\u0107 und die Jahreszahl 1733. Der Wohn- und Wirtschaftskomplex stammt aus dem 17. und 18. Jahrhundert und ist ein charakteristisches Beispiel f\u00fcr die Verschmelzung dieser beiden Funktionen.<\/p><\/div><\/div><div class='clear_column'><\/div><div class='content-column one_half'><div style=\"padding-right:6px;\"><p>Lista za\u0161ti\u0107enih kulturnih dobara Republike Hrvatske br. 02\/2007. Datum tiskanog izdanja: 06. 06. 2007. Broj registra Z-777<\/p><\/div><\/div><div class='content-column one_half last_column'><div style=\"padding-right:0px;padding-left:6px;\"><p>Liste der Kulturg\u00fcter der Republik Kroatien Nr. 02\/2007. Ver\u00f6ffentlichungsdatum: 06. 06. 2007. Registriernummer Z-777<\/p><\/div><\/div><div class='clear_column'><\/div><\/p>\n<p style=\"text-align: right;\"><a href=\"#seite_oben\">natrag na vrh \/ Seitenanfang<\/a><\/p>\n<hr \/>\n<p><strong>Linkovi \/ Links<\/strong><\/p>\n<p>&#8211;<\/p>\n","protected":false},"excerpt":{"rendered":"<p>Ime \/ Name Ku\u0107a \u00bbKompleks Franetovi\u0107 (ranije Bu\u010di\u0107-Machiedo)\u00ab \/ Geb\u00e4udekomplex Franetovi\u0107 (fr\u00fcher Bu\u010di\u0107-Machiedo) Code: SG-TG-13\u00a0 \u00a0 \u00a0 \u00a0 \u00a0 \u00a0 \u00a0 \u00a0 \u00a0 \u00a0 \u00a0 \u00a0 \u00a0 \u00a0 \u00a0 \u00a0 \u00a0 \u00a0\u00a0 \u00a0 Adresa \/ Adresse Stari Grad, Duolnjo Kola &hellip; <a href=\"https:\/\/www.topohvar.at\/topo\/orte\/sg\/sg-tg-13-1\/\">Weiterlesen <span class=\"meta-nav\">&rarr;<\/span><\/a><\/p>\n","protected":false},"author":1,"featured_media":0,"parent":99,"menu_order":0,"comment_status":"closed","ping_status":"closed","template":"","meta":{"footnotes":""},"class_list":["post-4299","page","type-page","status-publish","hentry"],"_links":{"self":[{"href":"https:\/\/www.topohvar.at\/topo\/wp-json\/wp\/v2\/pages\/4299","targetHints":{"allow":["GET"]}}],"collection":[{"href":"https:\/\/www.topohvar.at\/topo\/wp-json\/wp\/v2\/pages"}],"about":[{"href":"https:\/\/www.topohvar.at\/topo\/wp-json\/wp\/v2\/types\/page"}],"author":[{"embeddable":true,"href":"https:\/\/www.topohvar.at\/topo\/wp-json\/wp\/v2\/users\/1"}],"replies":[{"embeddable":true,"href":"https:\/\/www.topohvar.at\/topo\/wp-json\/wp\/v2\/comments?post=4299"}],"version-history":[{"count":14,"href":"https:\/\/www.topohvar.at\/topo\/wp-json\/wp\/v2\/pages\/4299\/revisions"}],"predecessor-version":[{"id":66592,"href":"https:\/\/www.topohvar.at\/topo\/wp-json\/wp\/v2\/pages\/4299\/revisions\/66592"}],"up":[{"embeddable":true,"href":"https:\/\/www.topohvar.at\/topo\/wp-json\/wp\/v2\/pages\/99"}],"wp:attachment":[{"href":"https:\/\/www.topohvar.at\/topo\/wp-json\/wp\/v2\/media?parent=4299"}],"curies":[{"name":"wp","href":"https:\/\/api.w.org\/{rel}","templated":true}]}}