{"id":4311,"date":"2018-08-10T14:07:38","date_gmt":"2018-08-10T12:07:38","guid":{"rendered":"https:\/\/www.topohvar.at\/?page_id=4311"},"modified":"2021-04-19T11:54:48","modified_gmt":"2021-04-19T09:54:48","slug":"sg-tg-10-1","status":"publish","type":"page","link":"https:\/\/www.topohvar.at\/topo\/orte\/sg\/sg-tg-10-1\/","title":{"rendered":"STARI GRAD &#8211; Biv\u0161a zgrada gospodarske \u00bbVjetrenja\u010da-mlin\u00ab"},"content":{"rendered":"<p><a name=\"seite_oben\"><\/a><br \/>\n<img loading=\"lazy\" decoding=\"async\" class=\"alignnone wp-image-4218 size-large\" src=\"https:\/\/www.topohvar.at\/wp-content\/uploads\/2018\/08\/SG-TG-10-0-1024x503.jpg\" alt=\"\" width=\"640\" height=\"314\" srcset=\"https:\/\/www.topohvar.at\/wp-content\/uploads\/2018\/08\/SG-TG-10-0-1024x503.jpg 1024w, https:\/\/www.topohvar.at\/wp-content\/uploads\/2018\/08\/SG-TG-10-0-300x147.jpg 300w, https:\/\/www.topohvar.at\/wp-content\/uploads\/2018\/08\/SG-TG-10-0-768x377.jpg 768w, https:\/\/www.topohvar.at\/wp-content\/uploads\/2018\/08\/SG-TG-10-0.jpg 1080w\" sizes=\"auto, (max-width: 640px) 100vw, 640px\" \/><\/p>\n<p><strong>Ime \/ Name<br \/>\n<\/strong>Biv\u0161a zgrada gospodarske \u00bbVjetrenja\u010da-mlin\u00ab \/ ehemalige Windm\u00fchle<\/p>\n<p><strong>Code: <\/strong>SG-TG-10\u00a0 \u00a0 \u00a0 \u00a0 \u00a0 \u00a0 \u00a0 \u00a0 \u00a0 \u00a0 \u00a0 \u00a0 \u00a0 \u00a0 \u00a0 \u00a0 \u00a0 \u00a0<a href=\"https:\/\/www.topohvar.at\/orte\/sg\/sg-tg-26-1\/\"><img loading=\"lazy\" decoding=\"async\" class=\"alignnone wp-image-12300 size-full\" src=\"https:\/\/www.topohvar.at\/wp-content\/uploads\/2018\/09\/push-vor-30.jpg\" alt=\"\" width=\"61\" height=\"30\" \/><\/a>\u00a0<strong><a href=\"https:\/\/www.topohvar.at\/orte\/sg\/sg-tg-17-1\/\"><img loading=\"lazy\" decoding=\"async\" class=\"alignnone wp-image-533 size-full\" src=\"https:\/\/www.topohvar.at\/wp-content\/uploads\/2018\/07\/push-l-30.jpg\" alt=\"\" width=\"61\" height=\"30\" \/><\/a> <a href=\"https:\/\/www.topohvar.at\/orte\/sg\/\"><img loading=\"lazy\" decoding=\"async\" class=\"alignnone wp-image-535 size-full\" src=\"https:\/\/www.topohvar.at\/wp-content\/uploads\/2018\/07\/push-o-30.jpg\" alt=\"\" width=\"61\" height=\"30\" \/><\/a> <a href=\"https:\/\/www.topohvar.at\/orte\/sg\/sg-tg-40-1\/\"><img loading=\"lazy\" decoding=\"async\" class=\"alignnone wp-image-536 size-full\" src=\"https:\/\/www.topohvar.at\/wp-content\/uploads\/2018\/07\/push-r-30.jpg\" alt=\"\" width=\"61\" height=\"30\" \/><\/a>\u00a0<a href=\"https:\/\/www.topohvar.at\/orte\/sg\/sg-tg-03-1\/\"><img loading=\"lazy\" decoding=\"async\" class=\"alignnone wp-image-12299 size-full\" src=\"https:\/\/www.topohvar.at\/wp-content\/uploads\/2018\/09\/push-next-30.jpg\" alt=\"\" width=\"61\" height=\"30\" \/><\/a><\/strong><\/p>\n<hr \/>\n<p><strong>Adresa \/ Adresse<br \/>\n<\/strong>Stari Grad, \u0160etali\u0161te slikara J. Plan\u010di\u0107a 5<\/p>\n<p><strong>Lokacija \/ Position<a href=\"https:\/\/goo.gl\/maps\/g6CqTHrC8fqhx36W8\"><img loading=\"lazy\" decoding=\"async\" class=\"alignright wp-image-4460\" src=\"https:\/\/www.topohvar.at\/wp-content\/uploads\/2018\/08\/0634.jpg\" alt=\"\" width=\"134\" height=\"100\" \/><\/a><br \/>\n<\/strong><span style=\"color: #3366ff;\"><a style=\"color: #3366ff;\" href=\"https:\/\/goo.gl\/maps\/g6CqTHrC8fqhx36W8\">Latitude: N 43,18418\u00b0\u00a0 \u00a0Longitude: E 16,59064\u00b0<\/a> <\/span><strong><br \/>\n<\/strong>Visina \/ H\u00f6he: 2 m<\/p>\n<p><strong>Katastarska \u010destica \/ Grundst\u00fccke<br \/>\n<\/strong>*1159<div class='content-column one_half'><div style=\"padding-right:6px;\"><p><strong>Datum snimanja \/ Erfassungsdatum<br \/>\n<\/strong>16.05.2013 09:20:00<\/p>\n<hr \/>\n<p><strong>Informacije<\/strong><\/p>\n<p>Vjetrenja\u010da smje\u0161tena u J. dijelu luke uz samu morsku obalu, podignuta u 19. stolje\u0107u. Sredinom 50-ih godina 20. stolje\u0107a spominje se &#8218;ru\u0161evina okrugle kule vjetrenja\u010de&#8216; koja je kasnije adaptirana za sekundarno stanovanje, pri \u010demu je devastirana i dobila je ravni krov.<\/p><\/div><\/div><div class='content-column one_half last_column'><div style=\"padding-right:0px;padding-left:6px;\"><p><strong>Stupanj za\u0161tite \/ Schutzstellung<br \/>\n<\/strong>&#8211;<\/p>\n<hr \/>\n<p><strong>Info<\/strong><\/p>\n<p>Die Windm\u00fchle befindet sich an der S\u00fcdk\u00fcste des Hafens. Sie wurde im 19. Jahrhundert erbaut. Mitte der 50-er Jahre des 20. Jahrhunderts werden &#8222;die Ruinen des Rundturm der Windm\u00fchle&#8220; erw\u00e4hnt. Sp\u00e4ter wurde sie Zweitwohnung, wobei sie teilweise zerst\u00f6rt wurde und ein Flachdach bekam.<\/p><\/div><\/div><div class='clear_column'><\/div><div class='content-column one_half'><div style=\"padding-right:6px;\"><p>Milovan Buchberger utvrdio je u razgorovu sa brodograditeljem Antunom Mila\u0161i\u0107em (r. 1929.), i njegovim starijim bratom Dinkom (r. 1927.), proizlazi da je mlin krajem 1880-ih kupio njihov djed Dinko kada se nakon plovidbe na engleskim brodovima odlu\u010dio nastaniti u Starom Gradu gdje kao kalafat kasnije otvara brodogradili\u0161te. Smatra se da je mlin u uvali Lu\u010dica 1868. izgradio Petar Ivani\u0161evi\u0107 (1807-1888), kapetan i gradona\u010delnik. Da li je ideja za gradnju mlina Ivani\u0161evi\u0107u sinula nakon smrti lije\u010dnika i posjednika Petra Ostoji\u0107a (1780-1851), koji je prvi na otoku 1810. (nakon smrti supruge Marijanke, ina\u010de sestre znamenitog Petra Nisitea) sagradio vodeni mlin u Jorinama (kod Dola), a koji je \u010dini se sbog smanjene koli\u010dine oborina, negdje sredinom 19. stolje\u0107a prestao s radom.<\/p><\/div><\/div><div class='content-column one_half last_column'><div style=\"padding-right:0px;padding-left:6px;\"><p>Milovan Buchberger glaubte &#8211; im Gespr\u00e4ch mit dem Schiffbauer Antun Mila\u0161i\u0107 (geb. 1929), und seinem \u00e4lteren Bruder Dinko (geb. 1927) &#8211; dass die M\u00fchle in den sp\u00e4ten 1880er Jahren von ihrem Gro\u00dfvater Dinko gekauft wurde, als dieser sich entschied, sich in Stari Grad niederzulassen, nachdem er auf englischen Schiffen gesegelt war, und sp\u00e4ter als Kalafater eine Werft er\u00f6ffnete. Es wird angenommen, dass die M\u00fchle 1868 von Petar Ivani\u0161evi\u0107 (1807-1888), Kapit\u00e4n und B\u00fcrgermeister, gebaut wurde. Die Idee eine M\u00fchle zu bauen d\u00fcrfte Ivani\u0161evi\u0107 nach dem Tod des Arztes und des Eigent\u00fcmers Petar Ostoji\u0107 (1780-1851), der auf die Insel 1810 kam (nach dem Tod seiner Frau Marijanka oder der Schwester des bedeutenden Peter Nisitea) der eine Wasserm\u00fchle in Jorinama (bei Dol) gebaut hatte, die aber wegen des geringen Niederschlags, irgendwo in der Mitte des 19. Jahrhunderts aufgeh\u00f6rt hatte zu arbeiten.<\/p><\/div><\/div><div class='clear_column'><\/div><\/p>\n<hr \/>\n<div class='content-column one_half'><div style=\"padding-right:6px;\"><p>U Starom Gradu postoji (jo\u0161 uvijek) vjetrenja\u010da. Druga vjetrenja\u010da nalazi se u Vrboskoj na Vete\u017einji hum i jo\u0161 dvije u gradu Hvaru.<\/p><\/div><\/div><div class='content-column one_half last_column'><div style=\"padding-right:0px;padding-left:6px;\"><p>In Stari Grad gibt (gab?) es noch eine Windm\u00fchle. Eine weitere Windm\u00fchle befindet sich in Vrboska am Vete\u017einji Hum und zwei weitere in der Stadt Hvar.<\/p><\/div><\/div><div class='clear_column'><\/div><\/p>\n<p style=\"text-align: center;\"><em>(Konzervatorska podloga kulturnog krajolika Starogradsko polje)<\/em><\/p>\n<p style=\"text-align: right;\"><a href=\"#seite_oben\">natrag na vrh \/ Seitenanfang<\/a><\/p>\n<hr \/>\n<p><strong>Linkovi \/ Links<\/strong><\/p>\n<p>&#8211;<\/p>\n","protected":false},"excerpt":{"rendered":"<p>Ime \/ Name Biv\u0161a zgrada gospodarske \u00bbVjetrenja\u010da-mlin\u00ab \/ ehemalige Windm\u00fchle Code: SG-TG-10\u00a0 \u00a0 \u00a0 \u00a0 \u00a0 \u00a0 \u00a0 \u00a0 \u00a0 \u00a0 \u00a0 \u00a0 \u00a0 \u00a0 \u00a0 \u00a0 \u00a0 \u00a0\u00a0 \u00a0 Adresa \/ Adresse Stari Grad, \u0160etali\u0161te slikara J. Plan\u010di\u0107a 5 &hellip; <a href=\"https:\/\/www.topohvar.at\/topo\/orte\/sg\/sg-tg-10-1\/\">Weiterlesen <span class=\"meta-nav\">&rarr;<\/span><\/a><\/p>\n","protected":false},"author":1,"featured_media":0,"parent":99,"menu_order":0,"comment_status":"closed","ping_status":"closed","template":"","meta":{"footnotes":""},"class_list":["post-4311","page","type-page","status-publish","hentry"],"_links":{"self":[{"href":"https:\/\/www.topohvar.at\/topo\/wp-json\/wp\/v2\/pages\/4311","targetHints":{"allow":["GET"]}}],"collection":[{"href":"https:\/\/www.topohvar.at\/topo\/wp-json\/wp\/v2\/pages"}],"about":[{"href":"https:\/\/www.topohvar.at\/topo\/wp-json\/wp\/v2\/types\/page"}],"author":[{"embeddable":true,"href":"https:\/\/www.topohvar.at\/topo\/wp-json\/wp\/v2\/users\/1"}],"replies":[{"embeddable":true,"href":"https:\/\/www.topohvar.at\/topo\/wp-json\/wp\/v2\/comments?post=4311"}],"version-history":[{"count":16,"href":"https:\/\/www.topohvar.at\/topo\/wp-json\/wp\/v2\/pages\/4311\/revisions"}],"predecessor-version":[{"id":48235,"href":"https:\/\/www.topohvar.at\/topo\/wp-json\/wp\/v2\/pages\/4311\/revisions\/48235"}],"up":[{"embeddable":true,"href":"https:\/\/www.topohvar.at\/topo\/wp-json\/wp\/v2\/pages\/99"}],"wp:attachment":[{"href":"https:\/\/www.topohvar.at\/topo\/wp-json\/wp\/v2\/media?parent=4311"}],"curies":[{"name":"wp","href":"https:\/\/api.w.org\/{rel}","templated":true}]}}