{"id":43939,"date":"2020-11-14T17:23:48","date_gmt":"2020-11-14T16:23:48","guid":{"rendered":"https:\/\/www.topohvar.at\/topo\/?page_id=43939"},"modified":"2021-12-26T17:25:24","modified_gmt":"2021-12-26T16:25:24","slug":"pr-tr-06-1","status":"publish","type":"page","link":"https:\/\/www.topohvar.at\/topo\/orte\/pr\/pr-tr-06-1\/","title":{"rendered":"PRAPATNA &#8211; Trim \u00bbPR-TR-06\u00ab"},"content":{"rendered":"<p><a name=\"seite_oben\"><\/a><br \/>\n<strong><img loading=\"lazy\" decoding=\"async\" class=\"alignleft wp-image-49910 size-full\" src=\"https:\/\/www.topohvar.at\/wp-content\/uploads\/2021\/06\/hu-tr-06-1.jpg\" alt=\"\" width=\"1080\" height=\"530\" srcset=\"https:\/\/www.topohvar.at\/wp-content\/uploads\/2021\/06\/hu-tr-06-1.jpg 1080w, https:\/\/www.topohvar.at\/wp-content\/uploads\/2021\/06\/hu-tr-06-1-300x147.jpg 300w, https:\/\/www.topohvar.at\/wp-content\/uploads\/2021\/06\/hu-tr-06-1-1024x503.jpg 1024w, https:\/\/www.topohvar.at\/wp-content\/uploads\/2021\/06\/hu-tr-06-1-768x377.jpg 768w\" sizes=\"auto, (max-width: 1080px) 100vw, 1080px\" \/><\/strong><\/p>\n<p><strong>Ime \/ Name<br \/>\n<\/strong>Trim \u00bbPR-TR-06\u00ab<\/p>\n<p><strong>Code: <\/strong>PR-TR-06\u00a0 \u00a0 \u00a0 \u00a0 \u00a0 \u00a0 \u00a0 \u00a0 \u00a0 \u00a0 \u00a0 \u00a0 \u00a0 \u00a0 <a href=\"https:\/\/www.topohvar.at\/orte\/pr\/pr-tr-00-1\/\"><img loading=\"lazy\" decoding=\"async\" class=\"alignnone wp-image-12300 size-full\" src=\"https:\/\/www.topohvar.at\/wp-content\/uploads\/2018\/09\/push-vor-30.jpg\" alt=\"\" width=\"61\" height=\"30\" \/><\/a>\u00a0<strong><a href=\"https:\/\/www.topohvar.at\/orte\/pr\/pr-tr-05-1\/\"><img loading=\"lazy\" decoding=\"async\" class=\"alignnone wp-image-533 size-full\" src=\"https:\/\/www.topohvar.at\/wp-content\/uploads\/2018\/07\/push-l-30.jpg\" alt=\"\" width=\"61\" height=\"30\" \/><\/a> <a href=\"https:\/\/www.topohvar.at\/orte\/po\/\"><img loading=\"lazy\" decoding=\"async\" class=\"alignnone wp-image-535 size-full\" src=\"https:\/\/www.topohvar.at\/wp-content\/uploads\/2018\/07\/push-o-30.jpg\" alt=\"\" width=\"61\" height=\"30\" \/><\/a> <a href=\"https:\/\/www.topohvar.at\/orte\/pr\/pr-tr-07-1\/\"><img loading=\"lazy\" decoding=\"async\" class=\"alignnone wp-image-536 size-full\" src=\"https:\/\/www.topohvar.at\/wp-content\/uploads\/2018\/07\/push-r-30.jpg\" alt=\"\" width=\"61\" height=\"30\" \/><\/a><\/strong><\/p>\n<hr \/>\n<p><strong>Adresa \/ Adresse<br \/>\n<\/strong>Zagradi\u010da, sjeverno od DC-116 \/ n\u00f6rdlich der Hauptstra\u00dfe DC-116<\/p>\n<p><strong>Lokacija \/ Position<a href=\"https:\/\/goo.gl\/maps\/nMnddZaFMHCNEKnw5\"><img loading=\"lazy\" decoding=\"async\" class=\"alignright wp-image-43941\" src=\"https:\/\/www.topohvar.at\/wp-content\/uploads\/2020\/11\/3084.jpg\" alt=\"\" width=\"134\" height=\"100\" \/><\/a><br \/>\n<\/strong><a href=\"https:\/\/goo.gl\/maps\/nMnddZaFMHCNEKnw5\"><span style=\"color: #3366ff;\">Latitude: N 43,15028\u00b0\u00a0 \u00a0Longitude: E 16,77249\u00b0<\/span><\/a> <strong><br \/>\n<\/strong>Visina \/ H\u00f6he: 208 m<\/p>\n<p><strong>Katastarska \u010destica \/ Grundst\u00fccke<br \/>\n<\/strong>4851\/36<div class='content-column one_half'><div style=\"padding-right:6px;\"><p><strong>Datum snimanja \/ Erfassungsdatum<br \/>\n<\/strong>17.06.2021 10:34:00<\/p>\n<hr \/>\n<p><strong>Informacije<\/strong><\/p>\n<p>Dvostupanjskin trim nalazi se u poljoprivrednom podru\u010dju isto\u010dno od Zagradi\u010de, sjeverno od glavne ceste DC-116. Veliki trim pa\u017eljivo je gra\u0111en i vrlo dobro o\u010duvan. \u0160i\u0161mi\u0161i se mogu na\u0107i u visokoj unutra\u0161njosti &#8211; zasad jedini trimi s tim &#8222;stanovnicima&#8220;.<\/p><\/div><\/div><div class='content-column one_half last_column'><div style=\"padding-right:0px;padding-left:6px;\"><p><strong>Stupanj za\u0161tite \/ Schutzstellung<br \/>\n<\/strong>&#8211;<\/p>\n<hr \/>\n<p><strong>Info<\/strong><\/p>\n<p>Der zweistufige Trim liegt in einem landwirtschaftlich genutzten Bereich \u00f6stlich von Zagradi\u010da, n\u00f6rdlich der Hauptstra\u00dfe DC-116. Der gro\u00dfe Trim ist sorgf\u00e4ltig errichtet und sehr gut erhalten. Im hohen Innenraum halten sich Flederm\u00e4use auf \u2013 bis jetzt der einzige Trim mit diesen \u201eBewohnern\u201c.<\/p><\/div><\/div><div class='clear_column'><\/div><div class='content-column one_half'><div style=\"padding-right:6px;\"><p>Izvor: Hrvatska osnovna karta &#8211; Geoportal DGU<\/p><\/div><\/div><div class='content-column one_half last_column'><div style=\"padding-right:0px;padding-left:6px;\"><p>Quelle: Grundkarte Kroatiens &#8211; Geoportal DGU<\/p><\/div><\/div><div class='clear_column'><\/div><div class='content-column one_half'><div style=\"padding-right:6px;\"><div id=\"attachment_50688\" style=\"width: 310px\" class=\"wp-caption aligncenter\"><img loading=\"lazy\" decoding=\"async\" aria-describedby=\"caption-attachment-50688\" class=\"size-medium wp-image-50688\" src=\"https:\/\/www.topohvar.at\/wp-content\/uploads\/2021\/08\/hu-tr-06-2-300x300.jpg\" alt=\"\" width=\"300\" height=\"300\" srcset=\"https:\/\/www.topohvar.at\/wp-content\/uploads\/2021\/08\/hu-tr-06-2-300x300.jpg 300w, https:\/\/www.topohvar.at\/wp-content\/uploads\/2021\/08\/hu-tr-06-2-150x150.jpg 150w, https:\/\/www.topohvar.at\/wp-content\/uploads\/2021\/08\/hu-tr-06-2.jpg 450w\" sizes=\"auto, (max-width: 300px) 100vw, 300px\" \/><p id=\"caption-attachment-50688\" class=\"wp-caption-text\">Ulaz \/ Eingang<\/p><\/div><\/div><\/div><div class='content-column one_half last_column'><div style=\"padding-right:0px;padding-left:6px;\"><div id=\"attachment_50687\" style=\"width: 310px\" class=\"wp-caption aligncenter\"><img loading=\"lazy\" decoding=\"async\" aria-describedby=\"caption-attachment-50687\" class=\"size-medium wp-image-50687\" src=\"https:\/\/www.topohvar.at\/wp-content\/uploads\/2021\/08\/hu-tr-06-0-300x300.jpg\" alt=\"\" width=\"300\" height=\"300\" srcset=\"https:\/\/www.topohvar.at\/wp-content\/uploads\/2021\/08\/hu-tr-06-0-300x300.jpg 300w, https:\/\/www.topohvar.at\/wp-content\/uploads\/2021\/08\/hu-tr-06-0-150x150.jpg 150w, https:\/\/www.topohvar.at\/wp-content\/uploads\/2021\/08\/hu-tr-06-0.jpg 450w\" sizes=\"auto, (max-width: 300px) 100vw, 300px\" \/><p id=\"caption-attachment-50687\" class=\"wp-caption-text\">Ulazna strana \/ Eingangsseite<\/p><\/div><\/div><\/div><div class='clear_column'><\/div><div class='content-column one_half'><div style=\"padding-right:6px;\"><p>Dana 17.06.2021 trim je posje\u0107en i ustanovljeno je sljede\u0107e:<\/p>\n<p>Lokacija: vinograd<br \/>\nPodloga: nako\u0161ena<br \/>\nPovezan s: nije povezan, samostoje\u0107i, izoliran<br \/>\nUpotreba: malo se koristi<br \/>\nStanje: vrlo dobro uzdr\u017eati<br \/>\nBroj stepenica trima: 2<br \/>\nDodatni kameni prsten: nema kamenog prstena<br \/>\nStepeni\u0161te: nema<br \/>\nOblik kamena: uglast<br \/>\nPodru\u010dje ispred ulaza: lako dostupno<br \/>\nOrijentacija ulaza: Z (270\u00b0)<br \/>\nPromjer trima (cm): 520<br \/>\nVisina trima (cm): 320<br \/>\nVisina stepenica (cm): stepenica 1: 160 , stepenica 2: 275<br \/>\nDebljina zida (cm): 110<br \/>\n\u0160irina vrata (cm): 80<br \/>\nVisina vrata (cm): 115<br \/>\n\u0160irina unutra (cm): 300<br \/>\nVisina unutra (cm): 310<br \/>\nVolumen iznutra (m3): 12,93<br \/>\nNi\u0161a 1 (P\/\u0160\/V\/D) (cm): 75 \/ 30 \/ 35 \/ 50<\/p><\/div><\/div><div class='content-column one_half last_column'><div style=\"padding-right:0px;padding-left:6px;\"><p>Am 17.06.2021 wurde der Trim besucht und n\u00e4her untersucht:<\/p>\n<p>Standort: Weingarten<br \/>\nUntergrund: geneigt<br \/>\nVerbunden mit: freistehend<br \/>\nNutzung: kaum genutzt<br \/>\nZustand: sehr gut erhalten<br \/>\nAnzahl der Trimstufen: 2<br \/>\nZus\u00e4tzlicher Steinring: kein Steinring<br \/>\nStiege: keine<br \/>\nSteinform: kantig<br \/>\nEingangsbereich: frei<br \/>\nEingangsseite: W (270\u00b0)<br \/>\nTrimdurchmesser (cm): 520<br \/>\nTrimh\u00f6he (cm): 320<br \/>\nH\u00f6he der Trimstufen (cm): Stufe 1: 160 , Stufe 2: 275<br \/>\nWandst\u00e4rke (cm): 110<br \/>\nT\u00fcrbreite (cm): 80<br \/>\nT\u00fcrh\u00f6he (cm): 115<br \/>\nInnenraumbreite (cm): 300<br \/>\nInnenraumh\u00f6he (cm): 310<br \/>\nRaumvolumen (m3): 12,93<br \/>\nNische 1 (P\/B\/H\/T) (cm): 75 \/ 30 \/ 35 \/ 50<\/p><\/div><\/div><div class='clear_column'><\/div><\/p>\n<p><img loading=\"lazy\" decoding=\"async\" class=\"alignnone wp-image-55596 size-full\" src=\"https:\/\/www.topohvar.at\/wp-content\/uploads\/2021\/12\/pr-tr-06scan.jpg\" alt=\"\" width=\"600\" height=\"916\" srcset=\"https:\/\/www.topohvar.at\/wp-content\/uploads\/2021\/12\/pr-tr-06scan.jpg 600w, https:\/\/www.topohvar.at\/wp-content\/uploads\/2021\/12\/pr-tr-06scan-197x300.jpg 197w\" sizes=\"auto, (max-width: 600px) 100vw, 600px\" \/><\/p>\n<div id=\"attachment_50689\" style=\"width: 650px\" class=\"wp-caption aligncenter\"><img loading=\"lazy\" decoding=\"async\" aria-describedby=\"caption-attachment-50689\" class=\"wp-image-50689 size-large\" src=\"https:\/\/www.topohvar.at\/wp-content\/uploads\/2021\/08\/hu-tr-06-30-1024x503.jpg\" alt=\"\" width=\"640\" height=\"314\" srcset=\"https:\/\/www.topohvar.at\/wp-content\/uploads\/2021\/08\/hu-tr-06-30-1024x503.jpg 1024w, https:\/\/www.topohvar.at\/wp-content\/uploads\/2021\/08\/hu-tr-06-30-300x147.jpg 300w, https:\/\/www.topohvar.at\/wp-content\/uploads\/2021\/08\/hu-tr-06-30-768x377.jpg 768w, https:\/\/www.topohvar.at\/wp-content\/uploads\/2021\/08\/hu-tr-06-30.jpg 1080w\" sizes=\"auto, (max-width: 640px) 100vw, 640px\" \/><p id=\"caption-attachment-50689\" class=\"wp-caption-text\">\u0160i\u0161mi\u0161i u kupoli \/ Flederm\u00e4use in der Kuppel<\/p><\/div>\n<p style=\"text-align: right;\"><a href=\"#seite_oben\">natrag na vrh \/ Seitenanfang<\/a><\/p>\n<hr \/>\n<p><strong>Linkovi \/ Links<\/strong><\/p>\n<p>&#8211;<\/p>\n","protected":false},"excerpt":{"rendered":"<p>Ime \/ Name Trim \u00bbPR-TR-06\u00ab Code: PR-TR-06\u00a0 \u00a0 \u00a0 \u00a0 \u00a0 \u00a0 \u00a0 \u00a0 \u00a0 \u00a0 \u00a0 \u00a0 \u00a0 \u00a0 \u00a0 Adresa \/ Adresse Zagradi\u010da, sjeverno od DC-116 \/ n\u00f6rdlich der Hauptstra\u00dfe DC-116 Lokacija \/ Position Latitude: N 43,15028\u00b0\u00a0 \u00a0Longitude: &hellip; <a href=\"https:\/\/www.topohvar.at\/topo\/orte\/pr\/pr-tr-06-1\/\">Weiterlesen <span class=\"meta-nav\">&rarr;<\/span><\/a><\/p>\n","protected":false},"author":1,"featured_media":0,"parent":129,"menu_order":0,"comment_status":"closed","ping_status":"closed","template":"","meta":{"footnotes":""},"class_list":["post-43939","page","type-page","status-publish","hentry"],"_links":{"self":[{"href":"https:\/\/www.topohvar.at\/topo\/wp-json\/wp\/v2\/pages\/43939","targetHints":{"allow":["GET"]}}],"collection":[{"href":"https:\/\/www.topohvar.at\/topo\/wp-json\/wp\/v2\/pages"}],"about":[{"href":"https:\/\/www.topohvar.at\/topo\/wp-json\/wp\/v2\/types\/page"}],"author":[{"embeddable":true,"href":"https:\/\/www.topohvar.at\/topo\/wp-json\/wp\/v2\/users\/1"}],"replies":[{"embeddable":true,"href":"https:\/\/www.topohvar.at\/topo\/wp-json\/wp\/v2\/comments?post=43939"}],"version-history":[{"count":12,"href":"https:\/\/www.topohvar.at\/topo\/wp-json\/wp\/v2\/pages\/43939\/revisions"}],"predecessor-version":[{"id":43943,"href":"https:\/\/www.topohvar.at\/topo\/wp-json\/wp\/v2\/pages\/43939\/revisions\/43943"}],"up":[{"embeddable":true,"href":"https:\/\/www.topohvar.at\/topo\/wp-json\/wp\/v2\/pages\/129"}],"wp:attachment":[{"href":"https:\/\/www.topohvar.at\/topo\/wp-json\/wp\/v2\/media?parent=43939"}],"curies":[{"name":"wp","href":"https:\/\/api.w.org\/{rel}","templated":true}]}}