{"id":44641,"date":"2020-11-18T08:26:03","date_gmt":"2020-11-18T07:26:03","guid":{"rendered":"https:\/\/www.topohvar.at\/topo\/?page_id=44641"},"modified":"2024-02-04T10:00:35","modified_gmt":"2024-02-04T09:00:35","slug":"zr-tr-01-1","status":"publish","type":"page","link":"https:\/\/www.topohvar.at\/topo\/orte\/zr\/zr-tr-01-1\/","title":{"rendered":"ZARA\u0106E &#8211; Trim \u00bbZR-TR-01\u00ab"},"content":{"rendered":"<p><a name=\"seite_oben\"><\/a><br \/>\n<strong><img loading=\"lazy\" decoding=\"async\" class=\"alignleft wp-image-64433 size-full\" src=\"https:\/\/www.topohvar.at\/wp-content\/uploads\/2023\/11\/zr-tr-01-3.jpg\" alt=\"\" width=\"1080\" height=\"530\" srcset=\"https:\/\/www.topohvar.at\/wp-content\/uploads\/2023\/11\/zr-tr-01-3.jpg 1080w, https:\/\/www.topohvar.at\/wp-content\/uploads\/2023\/11\/zr-tr-01-3-300x147.jpg 300w, https:\/\/www.topohvar.at\/wp-content\/uploads\/2023\/11\/zr-tr-01-3-1024x503.jpg 1024w, https:\/\/www.topohvar.at\/wp-content\/uploads\/2023\/11\/zr-tr-01-3-768x377.jpg 768w\" sizes=\"auto, (max-width: 1080px) 100vw, 1080px\" \/><\/strong><\/p>\n<p><strong>Ime \/ Name<br \/>\n<\/strong>Trim \u00bbZR-TR-01\u00ab<\/p>\n<p><strong>Code: <\/strong>ZR-TR-01\u00a0 \u00a0 \u00a0 \u00a0 \u00a0 \u00a0 \u00a0 \u00a0 \u00a0 \u00a0 \u00a0 \u00a0 \u00a0 \u00a0 <a href=\"https:\/\/www.topohvar.at\/orte\/zr\/zr-tr-00-2\/\"><img loading=\"lazy\" decoding=\"async\" class=\"alignnone wp-image-12300 size-full\" src=\"https:\/\/www.topohvar.at\/wp-content\/uploads\/2018\/09\/push-vor-30.jpg\" alt=\"\" width=\"61\" height=\"30\" \/><\/a> <strong> <a href=\"https:\/\/www.topohvar.at\/orte\/zr\/\"><img loading=\"lazy\" decoding=\"async\" class=\"alignnone wp-image-535 size-full\" src=\"https:\/\/www.topohvar.at\/wp-content\/uploads\/2018\/07\/push-o-30.jpg\" alt=\"\" width=\"61\" height=\"30\" \/><\/a> <a href=\"https:\/\/www.topohvar.at\/orte\/zr\/zr-tr-02-1\/\"><img loading=\"lazy\" decoding=\"async\" class=\"alignnone wp-image-536 size-full\" src=\"https:\/\/www.topohvar.at\/wp-content\/uploads\/2018\/07\/push-r-30.jpg\" alt=\"\" width=\"61\" height=\"30\" \/><\/a><\/strong><\/p>\n<hr \/>\n<p><strong>Adresa \/ Adresse<br \/>\n<\/strong>Zara\u0107e, izme\u0111u Velog Grablja i Zara\u0107a \/ zwischen Velo Grablje und Zara\u0107e<\/p>\n<p><strong>Lokalna polo\u017eaj \/ Position<a href=\"https:\/\/goo.gl\/maps\/3MXcLJS8zzuj3kku9\"><img loading=\"lazy\" decoding=\"async\" class=\"alignright wp-image-44642\" src=\"https:\/\/www.topohvar.at\/wp-content\/uploads\/2020\/11\/3106.jpg\" alt=\"\" width=\"134\" height=\"100\" \/><\/a><br \/>\n<\/strong><a href=\"https:\/\/goo.gl\/maps\/3MXcLJS8zzuj3kku9\"><span style=\"color: #3366ff;\">Latitude: N 43,16124\u00b0\u00a0 \u00a0Longitude: E 16,51665\u00b0<\/span><\/a> <strong><br \/>\n<\/strong>Visina \/ H\u00f6he: 281 m<\/p>\n<p><strong>Zemlji\u0161te \/ Grundst\u00fccke<br \/>\n<\/strong>2021\/8<div class='content-column one_half'><div style=\"padding-right:6px;\"><p><strong>Datum snimanja \/ Erfassungsdatum<br \/>\n<\/strong>04.10.2023 14:36:26<\/p>\n<hr \/>\n<p><strong>Informacije<\/strong><\/p>\n<p>Trim se nalazi na jugu od staze koja vodi ju\u017eno od gostionice &#8222;Lavanda&#8220; prema Motokitu, na stazi koja je neko\u0107 vodila od Velog Grablja do Zara\u0107a. Dvostupanjski trim je skriven u grmlju &#8211; te\u0161ko je pristupa\u010dan. Vanjski zid trima zidan je uglatim kamenjem. Ulaz je gra\u0111en od mo\u0107nih kamenih blokova. U unutra\u0161njost kru\u017enog oblika ulazi se preko niskog kamenog praga. Trim je u dobrom stanju ali se vi\u0161e ne koristi.<\/p><\/div><\/div><div class='content-column one_half last_column'><div style=\"padding-right:0px;padding-left:6px;\"><p><strong>Za\u0161titni polo\u017eaj \/ Schutzstellung<br \/>\n<\/strong>&#8211;<\/p>\n<hr \/>\n<p><strong>Info<\/strong><\/p>\n<p>Der Trim befindet sich s\u00fcdlich des Weges, der vom Gasthaus \u201eLavanda\u201c Richtung S\u00fcden auf den Motokit f\u00fchrt an einer Wegverbindung, die einst von Velo Grablje nach Zara\u0107e f\u00fchrte. Der zweistufige Trim ist &#8211; schwer erreichbar &#8211; im Buschwerk versteckt. Die Au\u00dfenwand des Trims ist aus kantigen Steinen errichtet. Der Eingang ist aus m\u00e4chtigen Steinquadern gebildet. \u00dcber eine niedrige Steinschwelle betritt man den runden Innenraum. Der Trim ist gut erhalten, wird aber nicht mehr genutzt.<\/p><\/div><\/div><div class='clear_column'><\/div><div class='content-column one_half'><div style=\"padding-right:6px;\"><p>Izvor: Hrvatska osnovna karta, DGU<\/p><\/div><\/div><div class='content-column one_half last_column'><div style=\"padding-right:0px;padding-left:6px;\"><p>Quelle: Grundkarte Kroatiens, DGU<\/p><\/div><\/div><div class='clear_column'><\/div><div class='content-column one_half'><div style=\"padding-right:6px;\"><div id=\"attachment_64892\" style=\"width: 310px\" class=\"wp-caption aligncenter\"><img loading=\"lazy\" decoding=\"async\" aria-describedby=\"caption-attachment-64892\" class=\"wp-image-64892 size-medium\" src=\"https:\/\/www.topohvar.at\/wp-content\/uploads\/2023\/11\/zr-tr-01-1-300x300.jpg\" alt=\"\" width=\"300\" height=\"300\" srcset=\"https:\/\/www.topohvar.at\/wp-content\/uploads\/2023\/11\/zr-tr-01-1-300x300.jpg 300w, https:\/\/www.topohvar.at\/wp-content\/uploads\/2023\/11\/zr-tr-01-1-150x150.jpg 150w, https:\/\/www.topohvar.at\/wp-content\/uploads\/2023\/11\/zr-tr-01-1.jpg 450w\" sizes=\"auto, (max-width: 300px) 100vw, 300px\" \/><p id=\"caption-attachment-64892\" class=\"wp-caption-text\">Ulaz \/ Eingang<\/p><\/div><\/div><\/div><div class='content-column one_half last_column'><div style=\"padding-right:0px;padding-left:6px;\"><div id=\"attachment_64893\" style=\"width: 310px\" class=\"wp-caption aligncenter\"><img loading=\"lazy\" decoding=\"async\" aria-describedby=\"caption-attachment-64893\" class=\"wp-image-64893 size-medium\" src=\"https:\/\/www.topohvar.at\/wp-content\/uploads\/2023\/11\/zr-tr-01-6-300x300.jpg\" alt=\"\" width=\"300\" height=\"300\" srcset=\"https:\/\/www.topohvar.at\/wp-content\/uploads\/2023\/11\/zr-tr-01-6-300x300.jpg 300w, https:\/\/www.topohvar.at\/wp-content\/uploads\/2023\/11\/zr-tr-01-6-150x150.jpg 150w, https:\/\/www.topohvar.at\/wp-content\/uploads\/2023\/11\/zr-tr-01-6.jpg 450w\" sizes=\"auto, (max-width: 300px) 100vw, 300px\" \/><p id=\"caption-attachment-64893\" class=\"wp-caption-text\">Ju\u017ena strana trima \/ S\u00fcdseite des Trims<\/p><\/div><\/div><\/div><div class='clear_column'><\/div><div class='content-column one_half'><div style=\"padding-right:6px;\"><p>Dana 04.10.2023 trim ZR-TR-01 je posje\u0107en i ustanovljeno je sljede\u0107e:<\/p>\n<p>Lokacija: grmlje<br \/>\nPodloga: nako\u0161ena<br \/>\nPovezan s: samostoje\u0107i, izoliran<br \/>\nUpotreba: malo se koristi<br \/>\nStanje: dobro sa\u010duvan<br \/>\nBroj stepenica trima: 2<br \/>\nDodatni kameni prsten: nema prstena<br \/>\nStepeni\u0161te: nema<br \/>\nOblik kamena: uglast<br \/>\nPodru\u010dje ispred ulaza: lako dostupno<br \/>\nOrijentacija ulaza: Z (290\u00b0)<br \/>\nPromjer trima (cm): 520<br \/>\nVisina trima (cm): 330<br \/>\nVisina stepenica (cm): stepenica 1: 220 , stepenica 2: 280<br \/>\nDebljina zida (cm): 110<br \/>\n\u0160irina vrata (cm): 60<br \/>\nVisina vrata (cm): 105<br \/>\n\u0160irina unutra (cm): 290 &#8211; 300<br \/>\nVisina unutra (cm): 320<br \/>\nVolumen iznutra (m3): 12,35<br \/>\nNema ni\u0161e<\/p><\/div><\/div><div class='content-column one_half last_column'><div style=\"padding-right:0px;padding-left:6px;\"><p>Am 04.10.2023 wurde der Trim ZR-TR-01 besucht und n\u00e4her untersucht:<\/p>\n<p>Standort: Buschwerk<br \/>\nUntergrund: geneigt<br \/>\nVerbunden mit: freistehend<br \/>\nNutzung: kaum genutzt<br \/>\nZustand: gut erhalten<br \/>\nAnzahl der Trimstufen: 2<br \/>\nZus\u00e4tzlicher Steinring: kein Steinring<br \/>\nStiege: keine<br \/>\nSteinform: kantig<br \/>\nEingangsbereich: frei<br \/>\nEingangsseite: W (290\u00b0)<br \/>\nTrimdurchmesser (cm): 520<br \/>\nTrimh\u00f6he (cm): 330<br \/>\nH\u00f6he der Trimstufen (cm): Stufe 1: 220 , Stufe 2: 280<br \/>\nWandst\u00e4rke (cm): 110<br \/>\nT\u00fcrbreite (cm): 60<br \/>\nT\u00fcrh\u00f6he (cm): 105<br \/>\nInnenraumbreite (cm): 290 &#8211; 300<br \/>\nInnenraumh\u00f6he (cm): 320<br \/>\nRaumvolumen (m3): 12,35<br \/>\nKeine Nische<\/p><\/div><\/div><div class='clear_column'><\/div><\/p>\n<p><img loading=\"lazy\" decoding=\"async\" class=\"aligncenter size-full wp-image-65183\" src=\"https:\/\/www.topohvar.at\/wp-content\/uploads\/2023\/12\/zr-tr-01-scan.jpg\" alt=\"\" width=\"900\" height=\"1382\" srcset=\"https:\/\/www.topohvar.at\/wp-content\/uploads\/2023\/12\/zr-tr-01-scan.jpg 900w, https:\/\/www.topohvar.at\/wp-content\/uploads\/2023\/12\/zr-tr-01-scan-195x300.jpg 195w, https:\/\/www.topohvar.at\/wp-content\/uploads\/2023\/12\/zr-tr-01-scan-667x1024.jpg 667w, https:\/\/www.topohvar.at\/wp-content\/uploads\/2023\/12\/zr-tr-01-scan-768x1179.jpg 768w\" sizes=\"auto, (max-width: 900px) 100vw, 900px\" \/><\/p>\n<p style=\"text-align: right;\"><a href=\"#seite_oben\">natrag na vrh \/ Seitenanfang<\/a><\/p>\n<hr \/>\n<p><strong>Linkovi \/ Links<\/strong><\/p>\n<p>&#8211;<\/p>\n","protected":false},"excerpt":{"rendered":"<p>Ime \/ Name Trim \u00bbZR-TR-01\u00ab Code: ZR-TR-01\u00a0 \u00a0 \u00a0 \u00a0 \u00a0 \u00a0 \u00a0 \u00a0 \u00a0 \u00a0 \u00a0 \u00a0 \u00a0 \u00a0 Adresa \/ Adresse Zara\u0107e, izme\u0111u Velog Grablja i Zara\u0107a \/ zwischen Velo Grablje und Zara\u0107e Lokalna polo\u017eaj \/ Position Latitude: &hellip; <a href=\"https:\/\/www.topohvar.at\/topo\/orte\/zr\/zr-tr-01-1\/\">Weiterlesen <span class=\"meta-nav\">&rarr;<\/span><\/a><\/p>\n","protected":false},"author":1,"featured_media":0,"parent":117,"menu_order":0,"comment_status":"closed","ping_status":"closed","template":"","meta":{"footnotes":""},"class_list":["post-44641","page","type-page","status-publish","hentry"],"_links":{"self":[{"href":"https:\/\/www.topohvar.at\/topo\/wp-json\/wp\/v2\/pages\/44641","targetHints":{"allow":["GET"]}}],"collection":[{"href":"https:\/\/www.topohvar.at\/topo\/wp-json\/wp\/v2\/pages"}],"about":[{"href":"https:\/\/www.topohvar.at\/topo\/wp-json\/wp\/v2\/types\/page"}],"author":[{"embeddable":true,"href":"https:\/\/www.topohvar.at\/topo\/wp-json\/wp\/v2\/users\/1"}],"replies":[{"embeddable":true,"href":"https:\/\/www.topohvar.at\/topo\/wp-json\/wp\/v2\/comments?post=44641"}],"version-history":[{"count":13,"href":"https:\/\/www.topohvar.at\/topo\/wp-json\/wp\/v2\/pages\/44641\/revisions"}],"predecessor-version":[{"id":65421,"href":"https:\/\/www.topohvar.at\/topo\/wp-json\/wp\/v2\/pages\/44641\/revisions\/65421"}],"up":[{"embeddable":true,"href":"https:\/\/www.topohvar.at\/topo\/wp-json\/wp\/v2\/pages\/117"}],"wp:attachment":[{"href":"https:\/\/www.topohvar.at\/topo\/wp-json\/wp\/v2\/media?parent=44641"}],"curies":[{"name":"wp","href":"https:\/\/api.w.org\/{rel}","templated":true}]}}