{"id":4849,"date":"2018-08-13T07:48:25","date_gmt":"2018-08-13T05:48:25","guid":{"rendered":"https:\/\/www.topohvar.at\/?page_id=4849"},"modified":"2021-06-06T13:56:47","modified_gmt":"2021-06-06T11:56:47","slug":"sg-tr-a8-1","status":"publish","type":"page","link":"https:\/\/www.topohvar.at\/topo\/orte\/sg\/sg-tr-a8-1\/","title":{"rendered":"STARI GRAD &#8211; Trim \u00bbSG-TR-A8\u00ab"},"content":{"rendered":"<p><a name=\"seite_oben\"><\/a><br \/>\n<img loading=\"lazy\" decoding=\"async\" class=\"alignnone wp-image-4585 size-large\" src=\"https:\/\/www.topohvar.at\/wp-content\/uploads\/2018\/08\/sg-tr-a8-0-1024x503.jpg\" alt=\"\" width=\"640\" height=\"314\" srcset=\"https:\/\/www.topohvar.at\/wp-content\/uploads\/2018\/08\/sg-tr-a8-0-1024x503.jpg 1024w, https:\/\/www.topohvar.at\/wp-content\/uploads\/2018\/08\/sg-tr-a8-0-300x147.jpg 300w, https:\/\/www.topohvar.at\/wp-content\/uploads\/2018\/08\/sg-tr-a8-0-768x377.jpg 768w, https:\/\/www.topohvar.at\/wp-content\/uploads\/2018\/08\/sg-tr-a8-0.jpg 1080w\" sizes=\"auto, (max-width: 640px) 100vw, 640px\" \/><\/p>\n<p><strong>Ime \/ Name<br \/>\n<\/strong>Trim \u00bbSG-TR-A8\u00ab<br \/>\n<strong>Code: <\/strong>SG-TR-A8\u00a0 \u00a0 \u00a0 \u00a0 \u00a0 \u00a0 \u00a0 \u00a0 \u00a0 \u00a0 \u00a0 \u00a0 \u00a0 \u00a0 \u00a0 \u00a0 \u00a0 \u00a0 \u00a0 \u00a0\u00a0<strong><a href=\"https:\/\/www.topohvar.at\/orte\/sg\/sg-tr-00-1\/\"><img loading=\"lazy\" decoding=\"async\" class=\"alignnone wp-image-12300 size-full\" src=\"https:\/\/www.topohvar.at\/wp-content\/uploads\/2018\/09\/push-vor-30.jpg\" alt=\"\" width=\"61\" height=\"30\" \/><\/a> <a href=\"https:\/\/www.topohvar.at\/orte\/sg\/sg-tr-a7-1\/\"><img loading=\"lazy\" decoding=\"async\" class=\"alignnone wp-image-533 size-full\" src=\"https:\/\/www.topohvar.at\/wp-content\/uploads\/2018\/07\/push-l-30.jpg\" alt=\"\" width=\"61\" height=\"30\" \/><\/a> <a href=\"https:\/\/www.topohvar.at\/orte\/sg\/\"><img loading=\"lazy\" decoding=\"async\" class=\"alignnone wp-image-535 size-full\" src=\"https:\/\/www.topohvar.at\/wp-content\/uploads\/2018\/07\/push-o-30.jpg\" alt=\"\" width=\"61\" height=\"30\" \/><\/a> <a href=\"https:\/\/www.topohvar.at\/orte\/sg\/sg-tr-f8-1\/\"><img loading=\"lazy\" decoding=\"async\" class=\"alignnone wp-image-536 size-full\" src=\"https:\/\/www.topohvar.at\/wp-content\/uploads\/2018\/07\/push-r-30.jpg\" alt=\"\" width=\"61\" height=\"30\" \/><\/a><\/strong><\/p>\n<hr \/>\n<p><strong>Adresa \/ Adresse<br \/>\n<\/strong>Stari Grad, Polje, Male Mo\u0107e<\/p>\n<p><strong>Lokacija \/ Position<a href=\"https:\/\/goo.gl\/maps\/vGX93PxdnCbJzMry5\"><img loading=\"lazy\" decoding=\"async\" class=\"alignright wp-image-5268\" src=\"https:\/\/www.topohvar.at\/wp-content\/uploads\/2018\/08\/1071.jpg\" alt=\"\" width=\"133\" height=\"100\" \/><\/a><br \/>\n<\/strong><span style=\"color: #3366ff;\"><a style=\"color: #3366ff;\" href=\"https:\/\/goo.gl\/maps\/vGX93PxdnCbJzMry5\">Latitude: N 43,18462\u00b0\u00a0 \u00a0Longitude: E 16,62688\u00b0<\/a> <\/span><strong><br \/>\n<\/strong>Visina \/ H\u00f6he: 24 m<\/p>\n<p><strong>Katastarska \u010destica\/ Grundst\u00fccke<br \/>\n<\/strong>6184\/4<div class='content-column one_half'><div style=\"padding-right:6px;\"><p><strong>Datum snimanja \/ Erfassungsdatum<br \/>\n<\/strong>15.05.2016 13:59:00<\/p>\n<hr \/>\n<p><strong>Informacije<\/strong><\/p>\n<p>Trim stoji u nasipu vrlo duga gomila kamenja sjeverno od stare ceste od Starog Grada prema Vrboske. Ina\u010de okrugla zgrada ima rub s desne strane ulaza. S njegove desne strane, on je povezan s kamenim suhozidom. Trim je prili\u010dno prekriven vegetacijom i vi\u0161e se ne koristi.<\/p><\/div><\/div><div class='content-column one_half last_column'><div style=\"padding-right:0px;padding-left:6px;\"><p><strong>Stupanj za\u0161tite \/ Schutzstellung<br \/>\n<\/strong>&#8211;<\/p>\n<hr \/>\n<p><strong>Info<\/strong><\/p>\n<p>Der Trim steht in der B\u00f6schung eines langgestreckten Steinhaufens n\u00f6rdlich der alten Stra\u00dfe von Stari Grad nach Vrboska. Der ansonsten runde Bau hat rechts neben dem Eingang eine Kante. Eine Trockensteinmauer schlie\u00dft rechts an. Der Trim ist ziemlich verwachsen und wird nicht mehr genutzt.<\/p><\/div><\/div><div class='clear_column'><\/div><div class='content-column one_half'><div style=\"padding-right:6px;\"><div id=\"attachment_21883\" style=\"width: 310px\" class=\"wp-caption aligncenter\"><img loading=\"lazy\" decoding=\"async\" aria-describedby=\"caption-attachment-21883\" class=\"wp-image-21883 size-full\" src=\"https:\/\/www.topohvar.at\/wp-content\/uploads\/2019\/04\/sg-tr-a8-12.jpg\" alt=\"\" width=\"300\" height=\"300\" srcset=\"https:\/\/www.topohvar.at\/wp-content\/uploads\/2019\/04\/sg-tr-a8-12.jpg 300w, https:\/\/www.topohvar.at\/wp-content\/uploads\/2019\/04\/sg-tr-a8-12-150x150.jpg 150w\" sizes=\"auto, (max-width: 300px) 100vw, 300px\" \/><p id=\"caption-attachment-21883\" class=\"wp-caption-text\">Ulaz \/ Eingang<\/p><\/div>\n<p>Dana 01.10.2018 trim je posje\u0107en i ustanovljeno je sljede\u0107e:<\/p>\n<p>Lokacija: grmlje<br \/>\nPodloga: nasip<br \/>\nPovezan s: kamenim zidom<br \/>\nUpotreba: ne koristi se<br \/>\nStanje: dobro, prekriven vegetacijom<br \/>\nBroj stepenica trima: 1<br \/>\nDodatni kameni prsten: nema kamenog prstena<br \/>\nStepeni\u0161te: nema<br \/>\nOblik kamena: uglast<br \/>\nPodru\u010dje ispred ulaza: zaraslo<br \/>\nOrijentacija ulaza: S (10\u00b0)<br \/>\nPromjer trima (cm): 320<br \/>\nVisina trima (cm): 230<br \/>\nVisina stepenica (cm): stepenica 1: 170<br \/>\nDebljina zida (cm): 70<br \/>\n\u0160irina vrata (cm): 60<br \/>\nVisina vrata (cm): 110<br \/>\n\u0160irina unutra (cm): 180<br \/>\nVisina unutra (cm): 200<br \/>\nVolumen iznutra (m3): 3,59<br \/>\nNi\u0161a 1 (P\/\u0160\/V\/D) (cm): 70 \/ 15 \/ 25 \/ 25<\/p><\/div><\/div><div class='content-column one_half last_column'><div style=\"padding-right:0px;padding-left:6px;\"><div id=\"attachment_21884\" style=\"width: 310px\" class=\"wp-caption aligncenter\"><img loading=\"lazy\" decoding=\"async\" aria-describedby=\"caption-attachment-21884\" class=\"wp-image-21884 size-full\" src=\"https:\/\/www.topohvar.at\/wp-content\/uploads\/2019\/04\/sg-tr-a8-13.jpg\" alt=\"\" width=\"300\" height=\"300\" srcset=\"https:\/\/www.topohvar.at\/wp-content\/uploads\/2019\/04\/sg-tr-a8-13.jpg 300w, https:\/\/www.topohvar.at\/wp-content\/uploads\/2019\/04\/sg-tr-a8-13-150x150.jpg 150w\" sizes=\"auto, (max-width: 300px) 100vw, 300px\" \/><p id=\"caption-attachment-21884\" class=\"wp-caption-text\">Isto\u010dna strana trima \/ Ostseite des Trim<\/p><\/div>\n<p>Am 01.10.2018 wurde der Trim besucht und n\u00e4her untersucht:<\/p>\n<p>Standort: Buschwerk<br \/>\nUntergrund: B\u00f6schung<br \/>\nVerbunden mit: Steinmauer<br \/>\nNutzung: ungenutzt<br \/>\nZustand: gut, verwachsen<br \/>\nAnzahl der Trimstufen: 1<br \/>\nZus\u00e4tzlicher Steinring: kein Steinring<br \/>\nStiege: keine<br \/>\nSteinform: kantig<br \/>\nEingangsbereich: verwachsen<br \/>\nEingangsseite: N (10\u00b0)<br \/>\nTrimdurchmesser (cm): 320<br \/>\nTrimh\u00f6he (cm): 230<br \/>\nH\u00f6he der Trimstufen (cm): Stufe 1: 170<br \/>\nWandst\u00e4rke (cm): 70<br \/>\nT\u00fcrbreite (cm): 60<br \/>\nT\u00fcrh\u00f6he (cm): 110<br \/>\nInnenraumbreite (cm): 180<br \/>\nInnenraumh\u00f6he (cm): 200<br \/>\nRaumvolumen (m3): 3,59<br \/>\nNische 1 (P\/B\/H\/T) (cm): 70 \/ 15 \/ 25 \/ 25<\/p><\/div><\/div><div class='clear_column'><\/div> <img loading=\"lazy\" decoding=\"async\" class=\"alignnone size-full wp-image-13497\" src=\"https:\/\/www.topohvar.at\/wp-content\/uploads\/2018\/12\/sg-tr-A8-sca.jpg\" alt=\"\" width=\"600\" height=\"900\" srcset=\"https:\/\/www.topohvar.at\/wp-content\/uploads\/2018\/12\/sg-tr-A8-sca.jpg 600w, https:\/\/www.topohvar.at\/wp-content\/uploads\/2018\/12\/sg-tr-A8-sca-200x300.jpg 200w\" sizes=\"auto, (max-width: 600px) 100vw, 600px\" \/><\/p>\n<p style=\"text-align: right;\"><a href=\"#seite_oben\">natrag na vrh \/ Seitenanfang<\/a><\/p>\n<hr \/>\n<p><strong>Linkovi \/ Links<\/strong><\/p>\n<p>&#8211;<\/p>\n","protected":false},"excerpt":{"rendered":"<p>Ime \/ Name Trim \u00bbSG-TR-A8\u00ab Code: SG-TR-A8\u00a0 \u00a0 \u00a0 \u00a0 \u00a0 \u00a0 \u00a0 \u00a0 \u00a0 \u00a0 \u00a0 \u00a0 \u00a0 \u00a0 \u00a0 \u00a0 \u00a0 \u00a0 \u00a0 \u00a0\u00a0 Adresa \/ Adresse Stari Grad, Polje, Male Mo\u0107e Lokacija \/ Position Latitude: N 43,18462\u00b0\u00a0 &hellip; <a href=\"https:\/\/www.topohvar.at\/topo\/orte\/sg\/sg-tr-a8-1\/\">Weiterlesen <span class=\"meta-nav\">&rarr;<\/span><\/a><\/p>\n","protected":false},"author":1,"featured_media":0,"parent":99,"menu_order":0,"comment_status":"closed","ping_status":"closed","template":"","meta":{"footnotes":""},"class_list":["post-4849","page","type-page","status-publish","hentry"],"_links":{"self":[{"href":"https:\/\/www.topohvar.at\/topo\/wp-json\/wp\/v2\/pages\/4849","targetHints":{"allow":["GET"]}}],"collection":[{"href":"https:\/\/www.topohvar.at\/topo\/wp-json\/wp\/v2\/pages"}],"about":[{"href":"https:\/\/www.topohvar.at\/topo\/wp-json\/wp\/v2\/types\/page"}],"author":[{"embeddable":true,"href":"https:\/\/www.topohvar.at\/topo\/wp-json\/wp\/v2\/users\/1"}],"replies":[{"embeddable":true,"href":"https:\/\/www.topohvar.at\/topo\/wp-json\/wp\/v2\/comments?post=4849"}],"version-history":[{"count":15,"href":"https:\/\/www.topohvar.at\/topo\/wp-json\/wp\/v2\/pages\/4849\/revisions"}],"predecessor-version":[{"id":49736,"href":"https:\/\/www.topohvar.at\/topo\/wp-json\/wp\/v2\/pages\/4849\/revisions\/49736"}],"up":[{"embeddable":true,"href":"https:\/\/www.topohvar.at\/topo\/wp-json\/wp\/v2\/pages\/99"}],"wp:attachment":[{"href":"https:\/\/www.topohvar.at\/topo\/wp-json\/wp\/v2\/media?parent=4849"}],"curies":[{"name":"wp","href":"https:\/\/api.w.org\/{rel}","templated":true}]}}