{"id":50373,"date":"2021-06-29T20:35:56","date_gmt":"2021-06-29T18:35:56","guid":{"rendered":"https:\/\/www.topohvar.at\/topo\/?page_id=50373"},"modified":"2026-04-25T10:42:21","modified_gmt":"2026-04-25T08:42:21","slug":"sg-mo-17-2","status":"publish","type":"page","link":"https:\/\/www.topohvar.at\/topo\/orte\/sg\/sg-mo-17-2\/","title":{"rendered":"STARI GRAD &#8211; Monument \u00bbLijepa nasa domovino\u00ab"},"content":{"rendered":"<p><a name=\"seite_oben\"><\/a><br \/>\n<img loading=\"lazy\" decoding=\"async\" class=\"alignnone wp-image-50375 size-full\" src=\"https:\/\/www.topohvar.at\/wp-content\/uploads\/2021\/06\/sg-mo-17-1.jpg\" alt=\"\" width=\"1080\" height=\"530\" srcset=\"https:\/\/www.topohvar.at\/wp-content\/uploads\/2021\/06\/sg-mo-17-1.jpg 1080w, https:\/\/www.topohvar.at\/wp-content\/uploads\/2021\/06\/sg-mo-17-1-300x147.jpg 300w, https:\/\/www.topohvar.at\/wp-content\/uploads\/2021\/06\/sg-mo-17-1-1024x503.jpg 1024w, https:\/\/www.topohvar.at\/wp-content\/uploads\/2021\/06\/sg-mo-17-1-768x377.jpg 768w\" sizes=\"auto, (max-width: 1080px) 100vw, 1080px\" \/><\/p>\n<p><strong>Ime \/ Name<br \/>\n<\/strong>Monument \u00bbLijepa nasa domovino\u00ab \/ Monument &#8211; unser sch\u00f6nes Vaterland<\/p>\n<p><strong>Code: <\/strong>SG-MO-17\u00a0 \u00a0 \u00a0 \u00a0 \u00a0 \u00a0 \u00a0 \u00a0 \u00a0 \u00a0 \u00a0 \u00a0 \u00a0 \u00a0 \u00a0 \u00a0 \u00a0 \u00a0 <strong><a href=\"https:\/\/www.topohvar.at\/orte\/sg\/sg-mo-03-2\/\"><img loading=\"lazy\" decoding=\"async\" class=\"alignnone wp-image-533 size-full\" src=\"https:\/\/www.topohvar.at\/wp-content\/uploads\/2018\/07\/push-l-30.jpg\" alt=\"\" width=\"61\" height=\"30\" \/><\/a> <a href=\"https:\/\/www.topohvar.at\/orte\/sg\/\"><img loading=\"lazy\" decoding=\"async\" class=\"alignnone wp-image-535 size-full\" src=\"https:\/\/www.topohvar.at\/wp-content\/uploads\/2018\/07\/push-o-30.jpg\" alt=\"\" width=\"61\" height=\"30\" \/><\/a> <a href=\"https:\/\/www.topohvar.at\/orte\/sg\/sg-mo-19-1\/\"><img loading=\"lazy\" decoding=\"async\" class=\"alignnone wp-image-536 size-full\" src=\"https:\/\/www.topohvar.at\/wp-content\/uploads\/2018\/07\/push-r-30.jpg\" alt=\"\" width=\"61\" height=\"30\" \/><\/a><\/strong><\/p>\n<hr \/>\n<p><strong>Adresa \/ Adresse<br \/>\n<\/strong>Stari Grad, Gradsko groblje<\/p>\n<p><strong>Lokacija \/ Position<a href=\"https:\/\/goo.gl\/maps\/zCrAE89GeaUyvmBz9\"><img loading=\"lazy\" decoding=\"async\" class=\"alignright wp-image-50374\" src=\"https:\/\/www.topohvar.at\/wp-content\/uploads\/2021\/06\/3264.jpg\" alt=\"\" width=\"134\" height=\"100\" \/><\/a><br \/>\n<\/strong><a href=\"https:\/\/goo.gl\/maps\/zCrAE89GeaUyvmBz9\"><span style=\"color: #3366ff;\">Latitude: N 43,18059\u00b0\u00a0 \u00a0Longitude: E 16,59604\u00b0 <\/span><\/a><strong><br \/>\n<\/strong>Visina \/ H\u00f6he: 18 m<\/p>\n<p><strong>Katastarska \u010destica \/ Grundst\u00fccke<br \/>\n<\/strong>3667\/1<div class='content-column one_half'><div style=\"padding-right:6px;\"><p><strong>Datum snimanja \/ Erfassungsdatum<br \/>\n<\/strong>11.06.2021 10:02:00<\/p>\n<hr \/>\n<p><strong>Informacije<\/strong><\/p>\n<p>Stilizirani stol (oltar?) S kri\u017eem stoji na postolju. Na pre\u010dki kri\u017ea nalazi se natpis:<\/p><\/div><\/div><div class='content-column one_half last_column'><div style=\"padding-right:0px;padding-left:6px;\"><p><strong>Stupanj za\u0161tite \/ Schutzstellung<br \/>\n<\/strong>&#8211;<\/p>\n<hr \/>\n<p><strong>Info<\/strong><\/p>\n<p>Auf einem Podest steht ein stilisierter Tisch (Altar?) mit Kreuz. Auf dem Querbalken des Kreuzes findet man die Inschrift:<\/p><\/div><\/div><div class='clear_column'><\/div><div class='content-column one_half'><div style=\"padding-right:6px;\"><p style=\"text-align: center;\">LIJEPA NASA DOMOVINO<\/p><\/div><\/div><div class='content-column one_half last_column'><div style=\"padding-right:0px;padding-left:6px;\"><p style=\"text-align: center;\">Unser sch\u00f6nes Vaterland<\/p><\/div><\/div><div class='clear_column'><\/div><div class='content-column one_half'><div style=\"padding-right:6px;\"><p>Uz kri\u017e je kocka s natpisom. Stihovi su iz Rajmunda Kuparea. Napisane su kao trajna posveta i simbol zahvalnosti hrabrim i nezaboravljenim braniteljima Staroga Grada koji su \u017ertvovali svoje \u017eivote u obrani domovine tijekom Domovinskog rata.<\/p><\/div><\/div><div class='content-column one_half last_column'><div style=\"padding-right:0px;padding-left:6px;\"><p>Neben dem Kreuz befindet sich ein Kubus mit Inschrift.\u00a0Die Verse stammen von Rajmund Kupareo. Sie wurden als dauerhafte Widmung und als Symbol der Dankbarkeit f\u00fcr die tapferen und unvergessenen Verteidiger von Stari Grad, die w\u00e4hrend des Heimatkrieges ihr Leben zur Verteidigung der Heimat opferten, geschrieben.<\/p><\/div><\/div><div class='clear_column'><\/div><div class='content-column one_half'><div style=\"padding-right:6px;\"><p style=\"text-align: center;\">STAROGRA\u00d0ANIMA<br \/>\nPALIM ZA DOMOVINU<br \/>\nHRVATSKU<\/p>\n<p style=\"text-align: center;\">Tad an\u0111ela pusti da zvoni poljima<br \/>\nOd uvale do gorskih potoka<br \/>\nDa obnovu slave u srcima boljima<br \/>\nPre\u017eivjek ljudi moga otoka.<\/p>\n<p style=\"text-align: right;\">Raimund Kupareo OP<\/p><\/div><\/div><div class='content-column one_half last_column'><div style=\"padding-right:0px;padding-left:6px;\"><p style=\"text-align: center;\">Starigrader<br \/>\nich brenne f\u00fcr die Heimat<br \/>\nKroatien<\/p>\n<p style=\"text-align: center;\">Lass die Engel die Felder klingen<br \/>\nVon der Bucht zu den Gebirgsb\u00e4chen<br \/>\nUm den Ruhm in besseren Herzen zu erneuern<br \/>\nIm Fortleben der Menschen meiner Insel.<\/p>\n<p style=\"text-align: right;\">Raimund Kupareo OP<\/p><\/div><\/div><div class='clear_column'><\/div><div class='content-column one_half'><div style=\"padding-right:6px;\"><p>Spomen obilje\u017eje postavljeno je na inicijativu udruge veterana MOMP-a \u201eZvir\u201c, a izra\u0111eno je prema autorskoj viziji arhitekte Oskara Fleischera. Svi elementi izra\u0111eni su od bijelog mramora.<\/p><\/div><\/div><div class='content-column one_half last_column'><div style=\"padding-right:0px;padding-left:6px;\"><p>Das Mahnmal wurde auf Initiative des MOMP Veteranenvereins &#8222;Zvir&#8220; errichtet und nach den Pl\u00e4nen des Architekten Oskar Fleischer gestaltet.\u00a0Alle Elemente sind aus wei\u00dfem Marmor geschaffen.<\/p><\/div><\/div><div class='clear_column'><\/div><\/p>\n<p><img loading=\"lazy\" decoding=\"async\" class=\"alignnone size-full wp-image-50378\" src=\"https:\/\/www.topohvar.at\/wp-content\/uploads\/2021\/06\/sg-mo-17-4.jpg\" alt=\"\" width=\"1080\" height=\"530\" srcset=\"https:\/\/www.topohvar.at\/wp-content\/uploads\/2021\/06\/sg-mo-17-4.jpg 1080w, https:\/\/www.topohvar.at\/wp-content\/uploads\/2021\/06\/sg-mo-17-4-300x147.jpg 300w, https:\/\/www.topohvar.at\/wp-content\/uploads\/2021\/06\/sg-mo-17-4-1024x503.jpg 1024w, https:\/\/www.topohvar.at\/wp-content\/uploads\/2021\/06\/sg-mo-17-4-768x377.jpg 768w\" sizes=\"auto, (max-width: 1080px) 100vw, 1080px\" \/><\/p>\n<p style=\"text-align: center;\"><em>Ivor: \/ Quelle: Grad Stari Grad &#8211; novosti<\/em><\/p>\n<p style=\"text-align: right;\"><a href=\"#seite_oben\">natrag na vrh \/ Seitenanfang<\/a><\/p>\n<hr \/>\n<p><strong>Linkovi \/ Links<\/strong><\/p>\n<p><span style=\"color: #3366ff;\"><a style=\"color: #3366ff;\" href=\"https:\/\/www.topohvar.at\/orte\/sg\/sg-og-01-2\/\">Gradsko groblje \/ St\u00e4dtischer Friedhof<\/a><br \/>\n<a style=\"color: #3366ff;\" href=\"https:\/\/www.topohvar.at\/topo\/orte\/sg\/sg-mo-19-1\/\">Spomenik \u00bbpalim u Prvom svjetskom ratu\u00ab \/ Denkmal &#8211; die Gefallenen des 1. Weltkrieges<\/a><br \/>\n<\/span><\/p>\n","protected":false},"excerpt":{"rendered":"<p>Ime \/ Name Monument \u00bbLijepa nasa domovino\u00ab \/ Monument &#8211; unser sch\u00f6nes Vaterland Code: SG-MO-17\u00a0 \u00a0 \u00a0 \u00a0 \u00a0 \u00a0 \u00a0 \u00a0 \u00a0 \u00a0 \u00a0 \u00a0 \u00a0 \u00a0 \u00a0 \u00a0 \u00a0 \u00a0 Adresa \/ Adresse Stari Grad, Gradsko groblje Lokacija &hellip; <a href=\"https:\/\/www.topohvar.at\/topo\/orte\/sg\/sg-mo-17-2\/\">Weiterlesen <span class=\"meta-nav\">&rarr;<\/span><\/a><\/p>\n","protected":false},"author":1,"featured_media":0,"parent":99,"menu_order":0,"comment_status":"closed","ping_status":"closed","template":"","meta":{"footnotes":""},"class_list":["post-50373","page","type-page","status-publish","hentry"],"_links":{"self":[{"href":"https:\/\/www.topohvar.at\/topo\/wp-json\/wp\/v2\/pages\/50373","targetHints":{"allow":["GET"]}}],"collection":[{"href":"https:\/\/www.topohvar.at\/topo\/wp-json\/wp\/v2\/pages"}],"about":[{"href":"https:\/\/www.topohvar.at\/topo\/wp-json\/wp\/v2\/types\/page"}],"author":[{"embeddable":true,"href":"https:\/\/www.topohvar.at\/topo\/wp-json\/wp\/v2\/users\/1"}],"replies":[{"embeddable":true,"href":"https:\/\/www.topohvar.at\/topo\/wp-json\/wp\/v2\/comments?post=50373"}],"version-history":[{"count":12,"href":"https:\/\/www.topohvar.at\/topo\/wp-json\/wp\/v2\/pages\/50373\/revisions"}],"predecessor-version":[{"id":74582,"href":"https:\/\/www.topohvar.at\/topo\/wp-json\/wp\/v2\/pages\/50373\/revisions\/74582"}],"up":[{"embeddable":true,"href":"https:\/\/www.topohvar.at\/topo\/wp-json\/wp\/v2\/pages\/99"}],"wp:attachment":[{"href":"https:\/\/www.topohvar.at\/topo\/wp-json\/wp\/v2\/media?parent=50373"}],"curies":[{"name":"wp","href":"https:\/\/api.w.org\/{rel}","templated":true}]}}