{"id":50409,"date":"2021-06-30T07:35:47","date_gmt":"2021-06-30T05:35:47","guid":{"rendered":"https:\/\/www.topohvar.at\/topo\/?page_id=50409"},"modified":"2021-06-30T09:15:19","modified_gmt":"2021-06-30T07:15:19","slug":"vj-mo-08-1","status":"publish","type":"page","link":"https:\/\/www.topohvar.at\/topo\/orte\/vj\/vj-mo-08-1\/","title":{"rendered":"VRBANJ &#8211; Spomen-kamen \u00bbIvica Stipi\u0161i\u0107\u00ab"},"content":{"rendered":"<p><a name=\"seite_oben\"><\/a><br \/>\n<strong><img loading=\"lazy\" decoding=\"async\" class=\"aligncenter wp-image-50410 size-full\" src=\"https:\/\/www.topohvar.at\/wp-content\/uploads\/2021\/06\/vj-mo-08-1.jpg\" alt=\"\" width=\"1080\" height=\"530\" srcset=\"https:\/\/www.topohvar.at\/wp-content\/uploads\/2021\/06\/vj-mo-08-1.jpg 1080w, https:\/\/www.topohvar.at\/wp-content\/uploads\/2021\/06\/vj-mo-08-1-300x147.jpg 300w, https:\/\/www.topohvar.at\/wp-content\/uploads\/2021\/06\/vj-mo-08-1-1024x503.jpg 1024w, https:\/\/www.topohvar.at\/wp-content\/uploads\/2021\/06\/vj-mo-08-1-768x377.jpg 768w\" sizes=\"auto, (max-width: 1080px) 100vw, 1080px\" \/><\/strong><\/p>\n<p><strong>Ime \/ Name<br \/>\n<\/strong>Spomen-kamen \u00bbIvica Stipi\u0161i\u0107\u00ab \/ Gedenkstein Ivica Stipi\u0161i\u0107<\/p>\n<p><strong>Code: <\/strong>VJ-MO-08\u00a0 \u00a0 \u00a0 \u00a0 \u00a0 \u00a0 \u00a0 \u00a0<strong>\u00a0 \u00a0 \u00a0 \u00a0 \u00a0 \u00a0 \u00a0 \u00a0 \u00a0 \u00a0<a href=\"https:\/\/www.topohvar.at\/orte\/vj\/vj-mo-06-1\/\"><img loading=\"lazy\" decoding=\"async\" class=\"alignnone wp-image-533 size-full\" src=\"https:\/\/www.topohvar.at\/wp-content\/uploads\/2018\/07\/push-l-30.jpg\" alt=\"\" width=\"61\" height=\"30\" \/><\/a>\u00a0<a href=\"https:\/\/www.topohvar.at\/orte\/vj\/\"><img loading=\"lazy\" decoding=\"async\" class=\"alignnone wp-image-535 size-full\" src=\"https:\/\/www.topohvar.at\/wp-content\/uploads\/2018\/07\/push-o-30.jpg\" alt=\"\" width=\"61\" height=\"30\" \/><\/a>\u00a0<a href=\"https:\/\/www.topohvar.at\/orte\/vj\/vj-mo-07-1\/\"><img loading=\"lazy\" decoding=\"async\" class=\"alignnone wp-image-536 size-full\" src=\"https:\/\/www.topohvar.at\/wp-content\/uploads\/2018\/07\/push-r-30.jpg\" alt=\"\" width=\"61\" height=\"30\" \/><\/a><\/strong><\/p>\n<hr \/>\n<p><strong>Adresa \/ Adresse<br \/>\n<\/strong>Vrbanj,\u00a0Novo groblje<\/p>\n<p><strong>Lokalna polo\u017eaj \/ Position<a href=\"https:\/\/goo.gl\/maps\/wRHbVBzw1zg4bxyGA\"><img loading=\"lazy\" decoding=\"async\" class=\"alignright wp-image-7142\" src=\"https:\/\/www.topohvar.at\/wp-content\/uploads\/2018\/08\/1727.jpg\" alt=\"\" width=\"134\" height=\"100\" \/><\/a><br \/>\n<\/strong><span style=\"color: #3366ff;\"><a style=\"color: #3366ff;\" href=\"https:\/\/goo.gl\/maps\/wRHbVBzw1zg4bxyGA\">Latitude: N 43,16909\u00b0\u00a0 \u00a0 Longitude: E 16,64622\u00b0<\/a>\u00a0<\/span><strong><br \/>\n<\/strong>Visina \/ H\u00f6he: 59 m<\/p>\n<p><strong>Zemlji\u0161te \/ Grundst\u00fccke<br \/>\n<\/strong>2401<div class='content-column one_half'><div style=\"padding-right:6px;\"><p><strong>Datum snimanja \/ Erfassungsdatum<br \/>\n<\/strong>11.06.2021 09:01:00<\/p>\n<hr \/>\n<p><strong>Informacije<\/strong><\/p>\n<p>Uz spomen kapelu za poginule u narodnooslobodila\u010dkoj borbi 1941. &#8211; 1945. nalazi se spomen kamen s plo\u010dom od crnog mramora sa sljede\u0107im natpisom:<\/p><\/div><\/div><div class='content-column one_half last_column'><div style=\"padding-right:0px;padding-left:6px;\"><p><strong>Za\u0161titni polo\u017eaj \/ Schutzstellung<br \/>\n<\/strong>&#8211;<\/p>\n<hr \/>\n<p><strong>Info<\/strong><\/p>\n<p>Neben der Ged\u00e4chtniskapelle f\u00fcr die Gefallenen des Volksbefreiungskampfes 1941 &#8211; 1945 befindet sich der Gedenkstein mit einer Tafel aus schwarzen Marmor mit folgender Inschrift:<\/p><\/div><\/div><div class='clear_column'><\/div><div class='content-column one_half'><div style=\"padding-right:6px;\"><p style=\"text-align: center;\">U \u010cAST I SLAVU<br \/>\nHRVATSKOM BRANITELJU<br \/>\nDOMOVINSKOG RATA<\/p>\n<p style=\"text-align: center;\"><strong>IVICA STIPI<\/strong><strong>\u0160I\u0106 \u2013 \u010cASNIK HRNATSKE VOJSKE<br \/>\n14.05.1971 \u2013 03.07.1992<\/strong><\/p>\n<h6 style=\"text-align: center;\">PODI\u017dU ZAHVALNI VRBANJANI 03.07.2020<\/h6><\/div><\/div><div class='content-column one_half last_column'><div style=\"padding-right:0px;padding-left:6px;\"><p style=\"text-align: center;\">Zu Ehren und Ruhm<br \/>\ndes kroatischen Verteidigers<br \/>\ndes Heimatkriegs<\/p>\n<p style=\"text-align: center;\"><strong>Ivica Stipi\u0161i\u0107 &#8211; Offizier der kroatischen Armee<\/strong><br \/>\n<strong>14.05.1971 &#8211; 03.07.1992<\/strong><\/p>\n<h6 style=\"text-align: center;\">Errichtet von den dankbaren Vrbanjern 03.07.2020<\/h6><\/div><\/div><div class='clear_column'><\/div><\/p>\n<p style=\"text-align: right;\"><span style=\"color: #3366ff;\"><a style=\"color: #3366ff;\" href=\"#seite_oben\">Natrag na vrh \/ Seitenanfang<\/a><\/span><\/p>\n<hr \/>\n<p><strong>Linkovi \/ Links<\/strong><\/p>\n<p><span style=\"color: #3366ff;\"><a style=\"color: #3366ff;\" href=\"https:\/\/www.topohvar.at\/orte\/vj\/vj-og-02-1\/\">Novo groblje \/ Neuer Friedhof<\/a><br \/>\n<a style=\"color: #3366ff;\" href=\"https:\/\/www.topohvar.at\/orte\/vj\/vj-mo-06-1\/\">Spomenik kapela pala borcima \/ Ged\u00e4chtniskapelle der Gefallenen<\/a><br \/>\n<a style=\"color: #3366ff;\" href=\"https:\/\/www.topohvar.at\/topo\/orte\/vj\/vj-tg-10-1\/\">Zgrada javne \u00bbStara mrtva\u010dnica\u00ab \/ alte Leichenhalle<\/a><br \/>\n<\/span><\/p>\n","protected":false},"excerpt":{"rendered":"<p>Ime \/ Name Spomen-kamen \u00bbIvica Stipi\u0161i\u0107\u00ab \/ Gedenkstein Ivica Stipi\u0161i\u0107 Code: VJ-MO-08\u00a0 \u00a0 \u00a0 \u00a0 \u00a0 \u00a0 \u00a0 \u00a0\u00a0 \u00a0 \u00a0 \u00a0 \u00a0 \u00a0 \u00a0 \u00a0 \u00a0 \u00a0\u00a0\u00a0 Adresa \/ Adresse Vrbanj,\u00a0Novo groblje Lokalna polo\u017eaj \/ Position Latitude: N 43,16909\u00b0\u00a0 &hellip; <a href=\"https:\/\/www.topohvar.at\/topo\/orte\/vj\/vj-mo-08-1\/\">Weiterlesen <span class=\"meta-nav\">&rarr;<\/span><\/a><\/p>\n","protected":false},"author":1,"featured_media":0,"parent":111,"menu_order":0,"comment_status":"closed","ping_status":"closed","template":"","meta":{"footnotes":""},"class_list":["post-50409","page","type-page","status-publish","hentry"],"_links":{"self":[{"href":"https:\/\/www.topohvar.at\/topo\/wp-json\/wp\/v2\/pages\/50409","targetHints":{"allow":["GET"]}}],"collection":[{"href":"https:\/\/www.topohvar.at\/topo\/wp-json\/wp\/v2\/pages"}],"about":[{"href":"https:\/\/www.topohvar.at\/topo\/wp-json\/wp\/v2\/types\/page"}],"author":[{"embeddable":true,"href":"https:\/\/www.topohvar.at\/topo\/wp-json\/wp\/v2\/users\/1"}],"replies":[{"embeddable":true,"href":"https:\/\/www.topohvar.at\/topo\/wp-json\/wp\/v2\/comments?post=50409"}],"version-history":[{"count":6,"href":"https:\/\/www.topohvar.at\/topo\/wp-json\/wp\/v2\/pages\/50409\/revisions"}],"predecessor-version":[{"id":50455,"href":"https:\/\/www.topohvar.at\/topo\/wp-json\/wp\/v2\/pages\/50409\/revisions\/50455"}],"up":[{"embeddable":true,"href":"https:\/\/www.topohvar.at\/topo\/wp-json\/wp\/v2\/pages\/111"}],"wp:attachment":[{"href":"https:\/\/www.topohvar.at\/topo\/wp-json\/wp\/v2\/media?parent=50409"}],"curies":[{"name":"wp","href":"https:\/\/api.w.org\/{rel}","templated":true}]}}