{"id":51982,"date":"2021-10-07T16:58:57","date_gmt":"2021-10-07T14:58:57","guid":{"rendered":"https:\/\/www.topohvar.at\/topo\/?page_id=51982"},"modified":"2023-06-18T18:33:47","modified_gmt":"2023-06-18T16:33:47","slug":"za-tr-a5-1","status":"publish","type":"page","link":"https:\/\/www.topohvar.at\/topo\/orte\/za\/za-tr-a5-1\/","title":{"rendered":"ZASTRA\u017dI\u0160\u0106E &#8211; Trim \u00bbZA-TR-A5\u00ab"},"content":{"rendered":"<p><a name=\"seite_oben\"><\/a><br \/>\n<strong><img loading=\"lazy\" decoding=\"async\" class=\"alignnone wp-image-51985 size-full\" src=\"https:\/\/www.topohvar.at\/wp-content\/uploads\/2021\/10\/za-tr-A5-1.jpg\" alt=\"\" width=\"1080\" height=\"530\" srcset=\"https:\/\/www.topohvar.at\/wp-content\/uploads\/2021\/10\/za-tr-A5-1.jpg 1080w, https:\/\/www.topohvar.at\/wp-content\/uploads\/2021\/10\/za-tr-A5-1-300x147.jpg 300w, https:\/\/www.topohvar.at\/wp-content\/uploads\/2021\/10\/za-tr-A5-1-1024x503.jpg 1024w, https:\/\/www.topohvar.at\/wp-content\/uploads\/2021\/10\/za-tr-A5-1-768x377.jpg 768w\" sizes=\"auto, (max-width: 1080px) 100vw, 1080px\" \/><\/strong><\/p>\n<p><strong>Ime \/ Name<br \/>\n<\/strong>Trim \u00bbZA-TR-A5\u00ab<\/p>\n<p><strong>Code: <\/strong>ZA-TR-A5\u00a0 \u00a0 \u00a0 \u00a0 \u00a0 \u00a0 \u00a0 \u00a0 \u00a0 \u00a0 \u00a0 \u00a0 \u00a0 \u00a0 <a href=\"https:\/\/www.topohvar.at\/orte\/za\/za-tr-00-00\/\"><img loading=\"lazy\" decoding=\"async\" class=\"alignnone wp-image-12300 size-full\" src=\"https:\/\/www.topohvar.at\/wp-content\/uploads\/2018\/09\/push-vor-30.jpg\" alt=\"\" width=\"61\" height=\"30\" \/><\/a>\u00a0<strong><a href=\"https:\/\/www.topohvar.at\/orte\/za\/za-tr-69-1\/\"><img loading=\"lazy\" decoding=\"async\" class=\"alignnone wp-image-533 size-full\" src=\"https:\/\/www.topohvar.at\/wp-content\/uploads\/2018\/07\/push-l-30.jpg\" alt=\"\" width=\"61\" height=\"30\" \/><\/a> <a href=\"https:\/\/www.topohvar.at\/orte\/za\/\"><img loading=\"lazy\" decoding=\"async\" class=\"alignnone wp-image-535 size-full\" src=\"https:\/\/www.topohvar.at\/wp-content\/uploads\/2018\/07\/push-o-30.jpg\" alt=\"\" width=\"61\" height=\"30\" \/><\/a> <a href=\"https:\/\/www.topohvar.at\/orte\/za\/za-tr-71-1\/\"><img loading=\"lazy\" decoding=\"async\" class=\"alignnone wp-image-536 size-full\" src=\"https:\/\/www.topohvar.at\/wp-content\/uploads\/2018\/07\/push-r-30.jpg\" alt=\"\" width=\"61\" height=\"30\" \/><\/a><\/strong><\/p>\n<hr \/>\n<p><strong>Adresa \/ Adresse<br \/>\n<\/strong>Zastra\u017ei\u0161\u0107e, Vela gl.<\/p>\n<p><strong>Lokacija \/ Position<a href=\"https:\/\/goo.gl\/maps\/s7w8bEfsN8h3f84K7\"><img loading=\"lazy\" decoding=\"async\" class=\"alignright wp-image-51983\" src=\"https:\/\/www.topohvar.at\/wp-content\/uploads\/2021\/10\/3283.jpg\" alt=\"\" width=\"134\" height=\"100\" \/><\/a><br \/>\n<\/strong><span style=\"color: #3366ff;\"><a style=\"color: #3366ff;\" href=\"https:\/\/goo.gl\/maps\/s7w8bEfsN8h3f84K7\">Latitude: N 43,14846\u00b0\u00a0 \u00a0Longitude: E 16,84951\u00b0<\/a><\/span> <strong><br \/>\n<\/strong>Visina \/ H\u00f6he: 185 m<\/p>\n<p><strong>Katastarska \u010destica \/ Grundst\u00fccke<br \/>\n<\/strong>2895\/34<div class='content-column one_half'><div style=\"padding-right:6px;\"><p><strong>Datum snimanja \/ Erfassungsdatum<br \/>\n<\/strong>06.10.2021 14:29:00<\/p>\n<hr \/>\n<p><strong>Informacije<\/strong><\/p>\n<p>Trim se nalazi u blizini staze koja vodi od M. Banda do uvala na sjeveru otoka. Oko 15 m isto\u010dno od trima nalazi se prirodna cisterna u podno\u017eju velikih gromada. Trim je potpuno integrirana u mo\u0107ni kameni zid. Pristup trimu je s nekada\u0161nje staze koja je danas potpuno zarasla u grmlje. Trapezni ulaz vodi u kru\u017enu unutra\u0161njost. Trim se vi\u0161e ne koristi.<\/p><\/div><\/div><div class='content-column one_half last_column'><div style=\"padding-right:0px;padding-left:6px;\"><p><strong>Stupanj za\u0161tite \/ Schutzstellung<br \/>\n<\/strong>&#8211;<\/p>\n<hr \/>\n<p><strong>Info<\/strong><\/p>\n<p>Der Trim befindet sich in der N\u00e4he des Weges, der von M. Banda zu den Buchten im Norden der Insel f\u00fchrt. Etwa 15 m \u00f6stlich des Trims findet sich eine nat\u00fcrliche Zisterne am Fu\u00dfe gro\u00dfer Felsbl\u00f6cke. Der Trim ist vollst\u00e4ndig in einer m\u00e4chtigen Steinmauer integriert. Sein Zugang erfolgt von einem ehemaligen Weg aus, der heute vollst\u00e4ndig mit Buschwerk \u00fcberwuchert ist. Durch den trapezf\u00f6rmigen Eingang gelangt man in den kreisrunden Innenraum. Der Trim wird nicht mehr genutzt.<\/p><\/div><\/div><div class='clear_column'><\/div><div class='content-column one_half'><div style=\"padding-right:6px;\"><div id=\"attachment_54556\" style=\"width: 310px\" class=\"wp-caption aligncenter\"><img loading=\"lazy\" decoding=\"async\" aria-describedby=\"caption-attachment-54556\" class=\"size-medium wp-image-54556\" src=\"https:\/\/www.topohvar.at\/wp-content\/uploads\/2021\/12\/za-tr-A5-10-300x300.jpg\" alt=\"\" width=\"300\" height=\"300\" srcset=\"https:\/\/www.topohvar.at\/wp-content\/uploads\/2021\/12\/za-tr-A5-10-300x300.jpg 300w, https:\/\/www.topohvar.at\/wp-content\/uploads\/2021\/12\/za-tr-A5-10-150x150.jpg 150w, https:\/\/www.topohvar.at\/wp-content\/uploads\/2021\/12\/za-tr-A5-10.jpg 450w\" sizes=\"auto, (max-width: 300px) 100vw, 300px\" \/><p id=\"caption-attachment-54556\" class=\"wp-caption-text\">Ulaz \/ Eingang<\/p><\/div>\n<p>Dana 06.10.2021 trim ZA-TR-A5 je posje\u0107en i ustanovljeno je sljede\u0107e:<\/p>\n<p>Lokacija: livada, pa\u0161njak<br \/>\nPodloga: ravna<br \/>\nPovezan s: kamenim zidom<br \/>\nUpotreba: ne koristi se<br \/>\nStanje: dobro sa\u010duvan<br \/>\nBroj stepenica trima: 1<br \/>\nDodatni kameni prsten: nema kamenog prstena<br \/>\nStepeni\u0161te: nema<br \/>\nOblik kamena: uglast<br \/>\nPodru\u010dje ispred ulaza: trnovito<br \/>\nOrijentacija ulaza: S (0\u00b0)<br \/>\nPromjer trima (cm): 380<br \/>\nVisina trima (cm): 250<br \/>\nVisina stepenica (cm): stepenica 1: 220<br \/>\nDebljina zida (cm): 75<br \/>\n\u0160irina vrata (cm): 55<br \/>\nVisina vrata (cm): 120<br \/>\n\u0160irina unutra (cm): 220 &#8211; 230<br \/>\nVisina unutra (cm): 220<br \/>\nVolumen iznutra (m3): 5,74<br \/>\nNema ni\u0161e<\/p><\/div><\/div><div class='content-column one_half last_column'><div style=\"padding-right:0px;padding-left:6px;\"><div id=\"attachment_54557\" style=\"width: 310px\" class=\"wp-caption aligncenter\"><img loading=\"lazy\" decoding=\"async\" aria-describedby=\"caption-attachment-54557\" class=\"size-medium wp-image-54557\" src=\"https:\/\/www.topohvar.at\/wp-content\/uploads\/2021\/12\/za-tr-a5-11-300x300.jpg\" alt=\"\" width=\"300\" height=\"300\" srcset=\"https:\/\/www.topohvar.at\/wp-content\/uploads\/2021\/12\/za-tr-a5-11-300x300.jpg 300w, https:\/\/www.topohvar.at\/wp-content\/uploads\/2021\/12\/za-tr-a5-11-150x150.jpg 150w, https:\/\/www.topohvar.at\/wp-content\/uploads\/2021\/12\/za-tr-a5-11.jpg 450w\" sizes=\"auto, (max-width: 300px) 100vw, 300px\" \/><p id=\"caption-attachment-54557\" class=\"wp-caption-text\">Pogled na istok \/ Blick nach Osten<\/p><\/div>\n<p>Am 06.10.2021 wurde der Trim ZA-TR-A5 besucht und n\u00e4her untersucht:<\/p>\n<p>Standort: Wiese, Weide<br \/>\nUntergrund: eben<br \/>\nVerbunden mit: Steinmauer<br \/>\nNutzung: ungenutzt<br \/>\nZustand: gut erhalten<br \/>\nAnzahl der Trimstufen: 1<br \/>\nZus\u00e4tzlicher Steinring: kein Steinring<br \/>\nStiege: keine<br \/>\nSteinform: kantig<br \/>\nEingangsbereich: Dornenhecke<br \/>\nEingangsseite: N (0\u00b0)<br \/>\nTrimdurchmesser (cm): 380<br \/>\nTrimh\u00f6he (cm): 250<br \/>\nH\u00f6he der Trimstufen (cm): Stufe 1: 220<br \/>\nWandst\u00e4rke (cm): 75<br \/>\nT\u00fcrbreite (cm): 55<br \/>\nT\u00fcrh\u00f6he (cm): 120<br \/>\nInnenraumbreite (cm): 220 &#8211; 230<br \/>\nInnenraumh\u00f6he (cm): 220<br \/>\nRaumvolumen (m3): 5,74<br \/>\nKeine Nische<\/p><\/div><\/div><div class='clear_column'><\/div><img loading=\"lazy\" decoding=\"async\" class=\"aligncenter size-full wp-image-54558\" src=\"https:\/\/www.topohvar.at\/wp-content\/uploads\/2021\/12\/za-tr-a5-1-sca.jpg\" alt=\"\" width=\"640\" height=\"956\" srcset=\"https:\/\/www.topohvar.at\/wp-content\/uploads\/2021\/12\/za-tr-a5-1-sca.jpg 640w, https:\/\/www.topohvar.at\/wp-content\/uploads\/2021\/12\/za-tr-a5-1-sca-201x300.jpg 201w\" sizes=\"auto, (max-width: 640px) 100vw, 640px\" \/><\/p>\n<p style=\"text-align: right;\"><a href=\"#seite_oben\">natrag na vrh \/ Seitenanfang<\/a><\/p>\n<hr \/>\n<p><strong>Linkovi \/ Links<\/strong><\/p>\n<p><span style=\"color: #3366ff;\"><a style=\"color: #3366ff;\" href=\"https:\/\/www.topohvar.at\/topo\/orte\/za\/za-op-00-0\/#op-19\">Objekt \u00bbGustirna uz trim ZA-TR-A5\u00ab \/ Zisterne beim Trim ZA-TR-A5<\/a><\/span><\/p>\n","protected":false},"excerpt":{"rendered":"<p>Ime \/ Name Trim \u00bbZA-TR-A5\u00ab Code: ZA-TR-A5\u00a0 \u00a0 \u00a0 \u00a0 \u00a0 \u00a0 \u00a0 \u00a0 \u00a0 \u00a0 \u00a0 \u00a0 \u00a0 \u00a0 \u00a0 Adresa \/ Adresse Zastra\u017ei\u0161\u0107e, Vela gl. Lokacija \/ Position Latitude: N 43,14846\u00b0\u00a0 \u00a0Longitude: E 16,84951\u00b0 Visina \/ H\u00f6he: 185 &hellip; <a href=\"https:\/\/www.topohvar.at\/topo\/orte\/za\/za-tr-a5-1\/\">Weiterlesen <span class=\"meta-nav\">&rarr;<\/span><\/a><\/p>\n","protected":false},"author":1,"featured_media":0,"parent":115,"menu_order":0,"comment_status":"closed","ping_status":"closed","template":"","meta":{"footnotes":""},"class_list":["post-51982","page","type-page","status-publish","hentry"],"_links":{"self":[{"href":"https:\/\/www.topohvar.at\/topo\/wp-json\/wp\/v2\/pages\/51982","targetHints":{"allow":["GET"]}}],"collection":[{"href":"https:\/\/www.topohvar.at\/topo\/wp-json\/wp\/v2\/pages"}],"about":[{"href":"https:\/\/www.topohvar.at\/topo\/wp-json\/wp\/v2\/types\/page"}],"author":[{"embeddable":true,"href":"https:\/\/www.topohvar.at\/topo\/wp-json\/wp\/v2\/users\/1"}],"replies":[{"embeddable":true,"href":"https:\/\/www.topohvar.at\/topo\/wp-json\/wp\/v2\/comments?post=51982"}],"version-history":[{"count":9,"href":"https:\/\/www.topohvar.at\/topo\/wp-json\/wp\/v2\/pages\/51982\/revisions"}],"predecessor-version":[{"id":63458,"href":"https:\/\/www.topohvar.at\/topo\/wp-json\/wp\/v2\/pages\/51982\/revisions\/63458"}],"up":[{"embeddable":true,"href":"https:\/\/www.topohvar.at\/topo\/wp-json\/wp\/v2\/pages\/115"}],"wp:attachment":[{"href":"https:\/\/www.topohvar.at\/topo\/wp-json\/wp\/v2\/media?parent=51982"}],"curies":[{"name":"wp","href":"https:\/\/api.w.org\/{rel}","templated":true}]}}