{"id":51995,"date":"2021-10-07T17:26:44","date_gmt":"2021-10-07T15:26:44","guid":{"rendered":"https:\/\/www.topohvar.at\/topo\/?page_id=51995"},"modified":"2021-12-05T18:14:35","modified_gmt":"2021-12-05T17:14:35","slug":"za-tr-a4-1","status":"publish","type":"page","link":"https:\/\/www.topohvar.at\/topo\/orte\/za\/za-tr-a4-1\/","title":{"rendered":"ZASTRA\u017dI\u0160\u0106E &#8211; Trim \u00bbZA-TR-A4\u00ab"},"content":{"rendered":"<p><a name=\"seite_oben\"><\/a><br \/>\n<strong><img loading=\"lazy\" decoding=\"async\" class=\"alignnone wp-image-51999 size-full\" src=\"https:\/\/www.topohvar.at\/wp-content\/uploads\/2021\/10\/za-tr-a4-1.jpg\" alt=\"\" width=\"1080\" height=\"530\" srcset=\"https:\/\/www.topohvar.at\/wp-content\/uploads\/2021\/10\/za-tr-a4-1.jpg 1080w, https:\/\/www.topohvar.at\/wp-content\/uploads\/2021\/10\/za-tr-a4-1-300x147.jpg 300w, https:\/\/www.topohvar.at\/wp-content\/uploads\/2021\/10\/za-tr-a4-1-1024x503.jpg 1024w, https:\/\/www.topohvar.at\/wp-content\/uploads\/2021\/10\/za-tr-a4-1-768x377.jpg 768w\" sizes=\"auto, (max-width: 1080px) 100vw, 1080px\" \/><\/strong><\/p>\n<p><strong>Ime \/ Name<br \/>\n<\/strong>Trim \u00bbZA-TR-A4\u00ab<\/p>\n<p><strong>Code: <\/strong>ZA-TR-A4\u00a0 \u00a0 \u00a0 \u00a0 \u00a0 \u00a0 \u00a0 \u00a0 \u00a0 \u00a0 \u00a0 \u00a0 \u00a0 \u00a0 <a href=\"https:\/\/www.topohvar.at\/orte\/za\/za-tr-00-00\/\"><img loading=\"lazy\" decoding=\"async\" class=\"alignnone wp-image-12300 size-full\" src=\"https:\/\/www.topohvar.at\/wp-content\/uploads\/2018\/09\/push-vor-30.jpg\" alt=\"\" width=\"61\" height=\"30\" \/><\/a>\u00a0<strong><a href=\"https:\/\/www.topohvar.at\/orte\/za\/za-tr-66-1\/\"><img loading=\"lazy\" decoding=\"async\" class=\"alignnone wp-image-533 size-full\" src=\"https:\/\/www.topohvar.at\/wp-content\/uploads\/2018\/07\/push-l-30.jpg\" alt=\"\" width=\"61\" height=\"30\" \/><\/a> <a href=\"https:\/\/www.topohvar.at\/orte\/za\/\"><img loading=\"lazy\" decoding=\"async\" class=\"alignnone wp-image-535 size-full\" src=\"https:\/\/www.topohvar.at\/wp-content\/uploads\/2018\/07\/push-o-30.jpg\" alt=\"\" width=\"61\" height=\"30\" \/><\/a> <a href=\"https:\/\/www.topohvar.at\/orte\/za\/za-tr-a7-1\/\"><img loading=\"lazy\" decoding=\"async\" class=\"alignnone wp-image-536 size-full\" src=\"https:\/\/www.topohvar.at\/wp-content\/uploads\/2018\/07\/push-r-30.jpg\" alt=\"\" width=\"61\" height=\"30\" \/><\/a><\/strong><\/p>\n<hr \/>\n<p><strong>Adresa \/ Adresse<br \/>\n<\/strong>Zastra\u017ei\u0161\u0107e, Glavica<\/p>\n<p><strong>Lokacija \/ Position<a href=\"https:\/\/goo.gl\/maps\/znfRKw63ErxUx4pX6\"><img loading=\"lazy\" decoding=\"async\" class=\"alignright wp-image-51996\" src=\"https:\/\/www.topohvar.at\/wp-content\/uploads\/2021\/10\/3284.jpg\" alt=\"\" width=\"134\" height=\"100\" \/><\/a><br \/>\n<\/strong><a href=\"https:\/\/goo.gl\/maps\/znfRKw63ErxUx4pX6\"><span style=\"color: #3366ff;\">Latitude: N 43,14222\u00b0\u00a0 \u00a0Longitude: E 16,86446\u00b0<\/span><\/a> <strong><br \/>\n<\/strong>Visina \/ H\u00f6he: 174 m<\/p>\n<p><strong>Katastarska \u010destica \/ Grundst\u00fccke<br \/>\n<\/strong>2505\/2<div class='content-column one_half'><div style=\"padding-right:6px;\"><p><strong>Datum snimanja \/ Erfassungsdatum<br \/>\n<\/strong>05.10.2021 14:13:21<\/p>\n<hr \/>\n<p><strong>Informacije<\/strong><\/p>\n<p>Dvospupanjski trim smje\u0161tena je u blizini zaseoka Glavica i uklopljena je u vrlo prepoznatljiv suhozid. Lijevo od ulaza stubi\u0161te vodi gore do zida. Trapezoidni ulaz vodi u okrugli interijer koji je pomno dizajniran odabranim kamenjem. Trim se vi\u0161e ne koristi.<\/p><\/div><\/div><div class='content-column one_half last_column'><div style=\"padding-right:0px;padding-left:6px;\"><p><strong>Stupanj za\u0161tite \/ Schutzstellung<br \/>\n<\/strong>&#8211;<\/p>\n<hr \/>\n<p><strong>Info<\/strong><\/p>\n<p>Der zweistufige Trim befindet sich im Umfeld des Weilers Glavica und ist in eienr markanten Trockensteinmauer integriert. Links vom Eingang f\u00fchrt eine Stiege hinauf auf die Mauer. Durch den trapezf\u00f6rmigen Eingang gelangt man in den runden Innenraum der mit ausgesuchten Steinen sehr sorgf\u00e4ltig gestaltet ist. Der Trim wird nicht mehr genutzt.<\/p><\/div><\/div><div class='clear_column'><\/div><div class='content-column one_half'><div style=\"padding-right:6px;\"><div id=\"attachment_54542\" style=\"width: 310px\" class=\"wp-caption aligncenter\"><img loading=\"lazy\" decoding=\"async\" aria-describedby=\"caption-attachment-54542\" class=\"size-medium wp-image-54542\" src=\"https:\/\/www.topohvar.at\/wp-content\/uploads\/2021\/12\/za-tr-a4-10-300x300.jpg\" alt=\"\" width=\"300\" height=\"300\" srcset=\"https:\/\/www.topohvar.at\/wp-content\/uploads\/2021\/12\/za-tr-a4-10-300x300.jpg 300w, https:\/\/www.topohvar.at\/wp-content\/uploads\/2021\/12\/za-tr-a4-10-150x150.jpg 150w, https:\/\/www.topohvar.at\/wp-content\/uploads\/2021\/12\/za-tr-a4-10.jpg 450w\" sizes=\"auto, (max-width: 300px) 100vw, 300px\" \/><p id=\"caption-attachment-54542\" class=\"wp-caption-text\">Ulaz \/ Eingang<\/p><\/div>\n<p>Dana 05.10.2021 trim ZA-TR-A4 je posje\u0107en i ustanovljeno je sljede\u0107e:<\/p>\n<p>Lokacija: maslinik<br \/>\nPodloga: ravna<br \/>\nPovezan s: kamenim zidom<br \/>\nUpotreba: ne koristi se<br \/>\nStanje: dobro sa\u010duvan<br \/>\nBroj stepenica trima: 2<br \/>\nDodatni kameni prsten: nema kamenog prstena<br \/>\nStepeni\u0161te: nema<br \/>\nOblik kamena: uglast<br \/>\nPodru\u010dje ispred ulaza: lako dostupno<br \/>\nOrijentacija ulaza: S (350\u00b0)<br \/>\nPromjer trima (cm): 400<br \/>\nVisina trima (cm): 250<br \/>\nVisina stepenica (cm): stepenica 1: 150 , stepenica 2: 220<br \/>\nDebljina zida (cm): 100<br \/>\n\u0160irina vrata (cm): 55<br \/>\nVisina vrata (cm): 115<br \/>\n\u0160irina unutra (cm): 170 &#8211; 200<br \/>\nVisina unutra (cm): 230<br \/>\nVolumen iznutra (m3): 3,99<br \/>\nNema ni\u0161e<\/p><\/div><\/div><div class='content-column one_half last_column'><div style=\"padding-right:0px;padding-left:6px;\"><div id=\"attachment_54543\" style=\"width: 310px\" class=\"wp-caption aligncenter\"><img loading=\"lazy\" decoding=\"async\" aria-describedby=\"caption-attachment-54543\" class=\"size-medium wp-image-54543\" src=\"https:\/\/www.topohvar.at\/wp-content\/uploads\/2021\/12\/za-tr-a4-11-300x300.jpg\" alt=\"\" width=\"300\" height=\"300\" srcset=\"https:\/\/www.topohvar.at\/wp-content\/uploads\/2021\/12\/za-tr-a4-11-300x300.jpg 300w, https:\/\/www.topohvar.at\/wp-content\/uploads\/2021\/12\/za-tr-a4-11-150x150.jpg 150w, https:\/\/www.topohvar.at\/wp-content\/uploads\/2021\/12\/za-tr-a4-11.jpg 450w\" sizes=\"auto, (max-width: 300px) 100vw, 300px\" \/><p id=\"caption-attachment-54543\" class=\"wp-caption-text\">Pogled na sjeveroistok \/ Blick nach Nordosten<\/p><\/div>\n<p>Am 05.10.2021 wurde der Trim ZA-TR-A4 besucht und n\u00e4her untersucht:<\/p>\n<p>Standort: Olivenhain<br \/>\nUntergrund: eben<br \/>\nVerbunden mit: Steinmauer<br \/>\nNutzung: ungenutzt<br \/>\nZustand: gut erhalten<br \/>\nAnzahl der Trimstufen: 2<br \/>\nZus\u00e4tzlicher Steinring: kein Steinring<br \/>\nStiege: keine<br \/>\nSteinform: kantig<br \/>\nEingangsbereich: frei<br \/>\nEingangsseite: N (350\u00b0)<br \/>\nTrimdurchmesser (cm): 400<br \/>\nTrimh\u00f6he (cm): 250<br \/>\nH\u00f6he der Trimstufen (cm): Stufe 1: 150 , Stufe 2: 220<br \/>\nWandst\u00e4rke (cm): 100<br \/>\nT\u00fcrbreite (cm): 55<br \/>\nT\u00fcrh\u00f6he (cm): 115<br \/>\nInnenraumbreite (cm): 170 &#8211; 200<br \/>\nInnenraumh\u00f6he (cm): 230<br \/>\nRaumvolumen (m3): 3,99<br \/>\nKeine Nische<\/p><\/div><\/div><div class='clear_column'><\/div><img loading=\"lazy\" decoding=\"async\" class=\"aligncenter size-full wp-image-54544\" src=\"https:\/\/www.topohvar.at\/wp-content\/uploads\/2021\/12\/za-tr-a4-1-sca.jpg\" alt=\"\" width=\"640\" height=\"941\" srcset=\"https:\/\/www.topohvar.at\/wp-content\/uploads\/2021\/12\/za-tr-a4-1-sca.jpg 640w, https:\/\/www.topohvar.at\/wp-content\/uploads\/2021\/12\/za-tr-a4-1-sca-204x300.jpg 204w\" sizes=\"auto, (max-width: 640px) 100vw, 640px\" \/><\/p>\n<p style=\"text-align: right;\"><a href=\"#seite_oben\">natrag na vrh \/ Seitenanfang<\/a><\/p>\n<hr \/>\n<p><strong>Linkovi \/ Links<\/strong><\/p>\n<p>&#8211;<\/p>\n","protected":false},"excerpt":{"rendered":"<p>Ime \/ Name Trim \u00bbZA-TR-A4\u00ab Code: ZA-TR-A4\u00a0 \u00a0 \u00a0 \u00a0 \u00a0 \u00a0 \u00a0 \u00a0 \u00a0 \u00a0 \u00a0 \u00a0 \u00a0 \u00a0 \u00a0 Adresa \/ Adresse Zastra\u017ei\u0161\u0107e, Glavica Lokacija \/ Position Latitude: N 43,14222\u00b0\u00a0 \u00a0Longitude: E 16,86446\u00b0 Visina \/ H\u00f6he: 174 m &hellip; <a href=\"https:\/\/www.topohvar.at\/topo\/orte\/za\/za-tr-a4-1\/\">Weiterlesen <span class=\"meta-nav\">&rarr;<\/span><\/a><\/p>\n","protected":false},"author":1,"featured_media":0,"parent":115,"menu_order":0,"comment_status":"closed","ping_status":"closed","template":"","meta":{"footnotes":""},"class_list":["post-51995","page","type-page","status-publish","hentry"],"_links":{"self":[{"href":"https:\/\/www.topohvar.at\/topo\/wp-json\/wp\/v2\/pages\/51995","targetHints":{"allow":["GET"]}}],"collection":[{"href":"https:\/\/www.topohvar.at\/topo\/wp-json\/wp\/v2\/pages"}],"about":[{"href":"https:\/\/www.topohvar.at\/topo\/wp-json\/wp\/v2\/types\/page"}],"author":[{"embeddable":true,"href":"https:\/\/www.topohvar.at\/topo\/wp-json\/wp\/v2\/users\/1"}],"replies":[{"embeddable":true,"href":"https:\/\/www.topohvar.at\/topo\/wp-json\/wp\/v2\/comments?post=51995"}],"version-history":[{"count":6,"href":"https:\/\/www.topohvar.at\/topo\/wp-json\/wp\/v2\/pages\/51995\/revisions"}],"predecessor-version":[{"id":54769,"href":"https:\/\/www.topohvar.at\/topo\/wp-json\/wp\/v2\/pages\/51995\/revisions\/54769"}],"up":[{"embeddable":true,"href":"https:\/\/www.topohvar.at\/topo\/wp-json\/wp\/v2\/pages\/115"}],"wp:attachment":[{"href":"https:\/\/www.topohvar.at\/topo\/wp-json\/wp\/v2\/media?parent=51995"}],"curies":[{"name":"wp","href":"https:\/\/api.w.org\/{rel}","templated":true}]}}