{"id":52130,"date":"2021-10-12T20:40:51","date_gmt":"2021-10-12T18:40:51","guid":{"rendered":"https:\/\/www.topohvar.at\/topo\/?page_id=52130"},"modified":"2023-12-05T13:55:05","modified_gmt":"2023-12-05T12:55:05","slug":"za-tr-a8-1","status":"publish","type":"page","link":"https:\/\/www.topohvar.at\/topo\/orte\/za\/za-tr-a8-1\/","title":{"rendered":"ZASTRA\u017dI\u0160\u0106E \u2013 Trim \u00bbZA-TR-A8\u00ab"},"content":{"rendered":"<p><a name=\"seite_oben\"><\/a><br \/>\n<strong><img loading=\"lazy\" decoding=\"async\" class=\"alignnone wp-image-52131 size-full\" src=\"https:\/\/www.topohvar.at\/wp-content\/uploads\/2021\/10\/za-tr-a8-1.jpg\" alt=\"\" width=\"1080\" height=\"530\" srcset=\"https:\/\/www.topohvar.at\/wp-content\/uploads\/2021\/10\/za-tr-a8-1.jpg 1080w, https:\/\/www.topohvar.at\/wp-content\/uploads\/2021\/10\/za-tr-a8-1-300x147.jpg 300w, https:\/\/www.topohvar.at\/wp-content\/uploads\/2021\/10\/za-tr-a8-1-1024x503.jpg 1024w, https:\/\/www.topohvar.at\/wp-content\/uploads\/2021\/10\/za-tr-a8-1-768x377.jpg 768w\" sizes=\"auto, (max-width: 1080px) 100vw, 1080px\" \/><\/strong><\/p>\n<p><strong>Ime \/ Name<br \/>\n<\/strong>Trim \u00bbZA-TR-A8\u00ab<\/p>\n<p><strong>Code: <\/strong>ZA-TR-A8\u00a0 \u00a0 \u00a0 \u00a0 \u00a0 \u00a0 \u00a0 \u00a0 \u00a0 \u00a0 \u00a0 \u00a0 \u00a0 \u00a0 <a href=\"https:\/\/www.topohvar.at\/orte\/za\/za-tr-00-00\/\"><img loading=\"lazy\" decoding=\"async\" class=\"alignnone wp-image-12300 size-full\" src=\"https:\/\/www.topohvar.at\/wp-content\/uploads\/2018\/09\/push-vor-30.jpg\" alt=\"\" width=\"61\" height=\"30\" \/><\/a>\u00a0<strong><a href=\"https:\/\/www.topohvar.at\/orte\/za\/za-tr-a7-1\/\"><img loading=\"lazy\" decoding=\"async\" class=\"alignnone wp-image-533 size-full\" src=\"https:\/\/www.topohvar.at\/wp-content\/uploads\/2018\/07\/push-l-30.jpg\" alt=\"\" width=\"61\" height=\"30\" \/><\/a> <a href=\"https:\/\/www.topohvar.at\/orte\/za\/\"><img loading=\"lazy\" decoding=\"async\" class=\"alignnone wp-image-535 size-full\" src=\"https:\/\/www.topohvar.at\/wp-content\/uploads\/2018\/07\/push-o-30.jpg\" alt=\"\" width=\"61\" height=\"30\" \/><\/a> <a href=\"https:\/\/www.topohvar.at\/orte\/za\/za-tr-50-1\/\"><img loading=\"lazy\" decoding=\"async\" class=\"alignnone wp-image-536 size-full\" src=\"https:\/\/www.topohvar.at\/wp-content\/uploads\/2018\/07\/push-r-30.jpg\" alt=\"\" width=\"61\" height=\"30\" \/><\/a><\/strong><\/p>\n<hr \/>\n<p><strong>Adresa \/ Adresse<br \/>\n<\/strong>Zastra\u017ei\u0161\u0107e, Glavica<\/p>\n<p><strong>Lokacija \/ Position<a href=\"https:\/\/goo.gl\/maps\/T4PYAUHLQsRvrAd1A\"><img loading=\"lazy\" decoding=\"async\" class=\"alignright wp-image-52132\" src=\"https:\/\/www.topohvar.at\/wp-content\/uploads\/2021\/10\/3328.jpg\" alt=\"\" width=\"134\" height=\"100\" \/><\/a><br \/>\n<\/strong><a href=\"https:\/\/goo.gl\/maps\/T4PYAUHLQsRvrAd1A\"><span style=\"color: #3366ff;\">Latitude: N 43,14492\u00b0\u00a0 \u00a0Longitude: E 16,86815\u00b0<\/span><\/a> <strong><br \/>\n<\/strong>Visina \/ H\u00f6he: 185 m<\/p>\n<p><strong>Katastarska \u010destica \/ Grundst\u00fccke<br \/>\n<\/strong>2507<div class='content-column one_half'><div style=\"padding-right:6px;\"><p><strong>Datum snimanja \/ Erfassungsdatum<br \/>\n<\/strong>12.10.2021 11:26:23<\/p>\n<hr \/>\n<p><strong>Informacije<\/strong><\/p>\n<p>Trim se nalazi u masliniku ispod staze koja vodi od zaseoka Glavica prema uvalama na sjeveru otoka. Hrpa kamenja pri\u010dvr\u0161\u0107ena je za dvostupanjski trim lijevo od ulaza i kratki kameni zid desno od ulaza. O\u0161te\u0107ena je hrpa kamenja i stra\u017enji dio prve stepenica trima. Ulaz se \u0161iri i vodi u nepravilnu unutra\u0161njost. Trim se koristi.<\/p><\/div><\/div><div class='content-column one_half last_column'><div style=\"padding-right:0px;padding-left:6px;\"><p><strong>Stupanj za\u0161tite \/ Schutzstellung<br \/>\n<\/strong>&#8211;<\/p>\n<hr \/>\n<p><strong>Info<\/strong><\/p>\n<p>Der Trim befindet sich in einem Olivengarten unterhalb des Weges der vom Weiler Glavica zu den Buchten im Norden der Insel f\u00fchrt. An den zweistufigen Trim ist links vom Eingang ein Steinhaufen und rechts vom Eingang eine kurze Steinmauer angebaut. Der Steinhaufen und der hintere Bereich der ersten Trimstufe sind besch\u00e4digt. Der Eingang erweitert sich und f\u00fchrt in den unregelm\u00e4\u00dfigen Innenraum. Der Trim wird genutzt.<\/p><\/div><\/div><div class='clear_column'><\/div><div class='content-column one_half'><div style=\"padding-right:6px;\"><div id=\"attachment_54618\" style=\"width: 310px\" class=\"wp-caption aligncenter\"><img loading=\"lazy\" decoding=\"async\" aria-describedby=\"caption-attachment-54618\" class=\"size-medium wp-image-54618\" src=\"https:\/\/www.topohvar.at\/wp-content\/uploads\/2021\/12\/za-tr-a8-10-300x300.jpg\" alt=\"\" width=\"300\" height=\"300\" srcset=\"https:\/\/www.topohvar.at\/wp-content\/uploads\/2021\/12\/za-tr-a8-10-300x300.jpg 300w, https:\/\/www.topohvar.at\/wp-content\/uploads\/2021\/12\/za-tr-a8-10-150x150.jpg 150w, https:\/\/www.topohvar.at\/wp-content\/uploads\/2021\/12\/za-tr-a8-10.jpg 450w\" sizes=\"auto, (max-width: 300px) 100vw, 300px\" \/><p id=\"caption-attachment-54618\" class=\"wp-caption-text\">Ulaz \/ Eingang<\/p><\/div>\n<p>Dana 12.10.2021 trim ZA-TR-A8 je posje\u0107en i ustanovljeno je sljede\u0107e:<\/p>\n<p>Lokacija: maslinik<br \/>\nPodloga: ravna<br \/>\nPovezan s: ure\u0111enom kamenom gomilom<br \/>\nUpotreba: u upotrebi<br \/>\nStanje: dijelovi su se sru\u0161ili<br \/>\nBroj stepenica trima: 2<br \/>\nDodatni kameni prsten: nema prstena<br \/>\nStepeni\u0161te: nema<br \/>\nOblik kamena: uglast<br \/>\nPodru\u010dje ispred ulaza: lako dostupno<br \/>\nOrijentacija ulaza: JZ (220\u00b0)<br \/>\nPromjer trima (cm): 520<br \/>\nVisina trima (cm): 300<br \/>\nVisina stepenica (cm): stepenica 1: 130 , stepenica 2: 240<br \/>\nDebljina zida (cm): 110<br \/>\n\u0160irina vrata (cm): 70<br \/>\nVisina vrata (cm): 110<br \/>\n\u0160irina unutra (cm): 260 &#8211; 300<br \/>\nVisina unutra (cm): 270<br \/>\nVolumen iznutra (m3): 10,45<br \/>\nNema ni\u0161e<\/p><\/div><\/div><div class='content-column one_half last_column'><div style=\"padding-right:0px;padding-left:6px;\"><div id=\"attachment_54619\" style=\"width: 310px\" class=\"wp-caption aligncenter\"><img loading=\"lazy\" decoding=\"async\" aria-describedby=\"caption-attachment-54619\" class=\"size-medium wp-image-54619\" src=\"https:\/\/www.topohvar.at\/wp-content\/uploads\/2021\/12\/za-tr-a8-11-300x300.jpg\" alt=\"\" width=\"300\" height=\"300\" srcset=\"https:\/\/www.topohvar.at\/wp-content\/uploads\/2021\/12\/za-tr-a8-11-300x300.jpg 300w, https:\/\/www.topohvar.at\/wp-content\/uploads\/2021\/12\/za-tr-a8-11-150x150.jpg 150w, https:\/\/www.topohvar.at\/wp-content\/uploads\/2021\/12\/za-tr-a8-11.jpg 450w\" sizes=\"auto, (max-width: 300px) 100vw, 300px\" \/><p id=\"caption-attachment-54619\" class=\"wp-caption-text\">Pogled na zapad \/ Blick nach Westen<\/p><\/div>\n<p>Am 12.10.2021 wurde der Trim ZA-TR-A8 besucht und n\u00e4her untersucht:<\/p>\n<p>Standort: Olivenhain<br \/>\nUntergrund: eben<br \/>\nVerbunden mit: Steinhaufen geordnet<br \/>\nNutzung: genutzt<br \/>\nZustand: Teile abgest\u00fcrzt<br \/>\nAnzahl der Trimstufen: 2<br \/>\nZus\u00e4tzlicher Steinring: kein Steinring<br \/>\nStiege: keine<br \/>\nSteinform: kantig<br \/>\nEingangsbereich: frei<br \/>\nEingangsseite: SW (220\u00b0)<br \/>\nTrimdurchmesser (cm): 520<br \/>\nTrimh\u00f6he (cm): 300<br \/>\nH\u00f6he der Trimstufen (cm): Stufe 1: 130 , Stufe 2: 240<br \/>\nWandst\u00e4rke (cm): 110<br \/>\nT\u00fcrbreite (cm): 70<br \/>\nT\u00fcrh\u00f6he (cm): 110<br \/>\nInnenraumbreite (cm): 260 &#8211; 300<br \/>\nInnenraumh\u00f6he (cm): 270<br \/>\nRaumvolumen (m3): 10,45<br \/>\nKeine Nische<\/p><\/div><\/div><div class='clear_column'><\/div><br \/>\n<img loading=\"lazy\" decoding=\"async\" class=\"aligncenter size-full wp-image-54617\" src=\"https:\/\/www.topohvar.at\/wp-content\/uploads\/2021\/12\/za-tr-a8-1-sca.jpg\" alt=\"\" width=\"640\" height=\"960\" srcset=\"https:\/\/www.topohvar.at\/wp-content\/uploads\/2021\/12\/za-tr-a8-1-sca.jpg 640w, https:\/\/www.topohvar.at\/wp-content\/uploads\/2021\/12\/za-tr-a8-1-sca-200x300.jpg 200w\" sizes=\"auto, (max-width: 640px) 100vw, 640px\" \/><\/p>\n<p style=\"text-align: right;\"><a href=\"#seite_oben\">natrag na vrh \/ Seitenanfang<\/a><\/p>\n<hr \/>\n<p><strong>Linkovi \/ Links<\/strong><\/p>\n<p>&#8211;<\/p>\n","protected":false},"excerpt":{"rendered":"<p>Ime \/ Name Trim \u00bbZA-TR-A8\u00ab Code: ZA-TR-A8\u00a0 \u00a0 \u00a0 \u00a0 \u00a0 \u00a0 \u00a0 \u00a0 \u00a0 \u00a0 \u00a0 \u00a0 \u00a0 \u00a0 \u00a0 Adresa \/ Adresse Zastra\u017ei\u0161\u0107e, Glavica Lokacija \/ Position Latitude: N 43,14492\u00b0\u00a0 \u00a0Longitude: E 16,86815\u00b0 Visina \/ H\u00f6he: 185 m &hellip; <a href=\"https:\/\/www.topohvar.at\/topo\/orte\/za\/za-tr-a8-1\/\">Weiterlesen <span class=\"meta-nav\">&rarr;<\/span><\/a><\/p>\n","protected":false},"author":1,"featured_media":0,"parent":115,"menu_order":0,"comment_status":"closed","ping_status":"closed","template":"","meta":{"footnotes":""},"class_list":["post-52130","page","type-page","status-publish","hentry"],"_links":{"self":[{"href":"https:\/\/www.topohvar.at\/topo\/wp-json\/wp\/v2\/pages\/52130","targetHints":{"allow":["GET"]}}],"collection":[{"href":"https:\/\/www.topohvar.at\/topo\/wp-json\/wp\/v2\/pages"}],"about":[{"href":"https:\/\/www.topohvar.at\/topo\/wp-json\/wp\/v2\/types\/page"}],"author":[{"embeddable":true,"href":"https:\/\/www.topohvar.at\/topo\/wp-json\/wp\/v2\/users\/1"}],"replies":[{"embeddable":true,"href":"https:\/\/www.topohvar.at\/topo\/wp-json\/wp\/v2\/comments?post=52130"}],"version-history":[{"count":6,"href":"https:\/\/www.topohvar.at\/topo\/wp-json\/wp\/v2\/pages\/52130\/revisions"}],"predecessor-version":[{"id":65232,"href":"https:\/\/www.topohvar.at\/topo\/wp-json\/wp\/v2\/pages\/52130\/revisions\/65232"}],"up":[{"embeddable":true,"href":"https:\/\/www.topohvar.at\/topo\/wp-json\/wp\/v2\/pages\/115"}],"wp:attachment":[{"href":"https:\/\/www.topohvar.at\/topo\/wp-json\/wp\/v2\/media?parent=52130"}],"curies":[{"name":"wp","href":"https:\/\/api.w.org\/{rel}","templated":true}]}}