{"id":54874,"date":"2021-12-07T10:45:07","date_gmt":"2021-12-07T09:45:07","guid":{"rendered":"https:\/\/www.topohvar.at\/topo\/?page_id=54874"},"modified":"2021-12-07T11:15:22","modified_gmt":"2021-12-07T10:15:22","slug":"po-is-05-1","status":"publish","type":"page","link":"https:\/\/www.topohvar.at\/topo\/orte\/po\/po-is-05-1\/","title":{"rendered":"Poljica &#8211; Spomen plo\u010da \u00bbStabile ed adiacenze\u00ab"},"content":{"rendered":"<p><a name=\"seite_oben\"><\/a><br \/>\n<img loading=\"lazy\" decoding=\"async\" class=\"aligncenter wp-image-54875 size-full\" src=\"https:\/\/www.topohvar.at\/wp-content\/uploads\/2021\/12\/po-in-01-1.jpg\" alt=\"\" width=\"1080\" height=\"530\" srcset=\"https:\/\/www.topohvar.at\/wp-content\/uploads\/2021\/12\/po-in-01-1.jpg 1080w, https:\/\/www.topohvar.at\/wp-content\/uploads\/2021\/12\/po-in-01-1-300x147.jpg 300w, https:\/\/www.topohvar.at\/wp-content\/uploads\/2021\/12\/po-in-01-1-1024x503.jpg 1024w, https:\/\/www.topohvar.at\/wp-content\/uploads\/2021\/12\/po-in-01-1-768x377.jpg 768w\" sizes=\"auto, (max-width: 1080px) 100vw, 1080px\" \/><\/p>\n<p><strong>Ime \/ Name<br \/>\n<\/strong>Spomen plo\u010da \u00bbStabile ed adiacenze\u00ab<\/p>\n<p><strong>Code: <\/strong>PO-IS-05\u00a0 \u00a0 \u00a0 \u00a0 \u00a0 \u00a0 \u00a0 \u00a0 <strong>\u00a0 \u00a0 \u00a0 \u00a0 \u00a0 \u00a0 \u00a0 \u00a0 \u00a0 \u00a0 \u00a0 \u00a0 \u00a0 <a href=\"https:\/\/www.topohvar.at\/orte\/po\/po-is-04-1\/\"><img loading=\"lazy\" decoding=\"async\" class=\"alignnone wp-image-533 size-full\" src=\"https:\/\/www.topohvar.at\/wp-content\/uploads\/2018\/07\/push-l-30.jpg\" alt=\"\" width=\"61\" height=\"30\" \/><\/a> <a href=\"https:\/\/www.topohvar.at\/orte\/po\/\"><img loading=\"lazy\" decoding=\"async\" class=\"alignnone wp-image-535 size-full\" src=\"https:\/\/www.topohvar.at\/wp-content\/uploads\/2018\/07\/push-o-30.jpg\" alt=\"\" width=\"61\" height=\"30\" \/><\/a> <a href=\"https:\/\/www.topohvar.at\/orte\/po\/po-is-01-1\/\"><img loading=\"lazy\" decoding=\"async\" class=\"alignnone wp-image-536 size-full\" src=\"https:\/\/www.topohvar.at\/wp-content\/uploads\/2018\/07\/push-r-30.jpg\" alt=\"\" width=\"61\" height=\"30\" \/><\/a> <\/strong><\/p>\n<hr \/>\n<p><strong>Adresa \/ Adresse<br \/>\n<\/strong>Poljica, ladanjska ku\u0107a An\u0111elinovi\u0107-Angelini<\/p>\n<p><strong>Lokacija \/ Position<img loading=\"lazy\" decoding=\"async\" class=\"alignright wp-image-387 size-full\" src=\"https:\/\/www.topohvar.at\/wp-content\/uploads\/2018\/07\/00-00-00-1.jpg\" alt=\"\" width=\"114\" height=\"56\" \/><br \/>\n<\/strong>Latitude: N 43\u00b0\u00a0 \u00a0 Longitude: E 16\u00b0\u00a0<strong><br \/>\n<\/strong>Visina \/ H\u00f6he: &#8211; m<\/p>\n<p><strong>Katastarska \u010destica <\/strong><strong>\/ Grundst\u00fccke<br \/>\n<\/strong>&#8211; <div class='content-column one_half'><div style=\"padding-right:6px;\"><p><strong>Datum snimanja \/ Erfassungsdatum<br \/>\n<\/strong>01.01.2000 00:00:00<\/p>\n<hr \/>\n<p><strong>Informacije<\/strong><\/p>\n<p>Ladanjska ku\u0107a &#8222;An\u0111elinovi\u0107-Angelini&#8220; u Poljicima prodana je 1833. godine, otkupljena od strane bra\u0107e Dubokovi\u0107 &#8222;Nadalin&#8220; iz Pitve i obnovljena 1837. godine. Spomen plo\u010da s natpisom na talijanskom jeziku nalazila se na nekada\u0161njem stambenom kompleksu i o njemu izvje\u0161\u0107uje. Postoje neke zanimljive tipografske pogre\u0161ke koje mogu upu\u0107ivati \u200b\u200bna to da su klesari \u010desto bili nepismeni ili da nisu znali govoriti talijanski.<\/p><\/div><\/div><div class='content-column one_half last_column'><div style=\"padding-right:0px;padding-left:6px;\"><p><strong>Stupanj za\u0161tite<\/strong><strong> \/ Schutzstellung<br \/>\n<\/strong>&#8211;<\/p>\n<hr \/>\n<p><strong>Info<\/strong><\/p>\n<p>Das Landhaus &#8222;An\u0111elinovi\u0107-Angelini&#8220; in Poljica wurde 1833 verkauft, durch die Dubokovi\u0107-Br\u00fcder &#8222;Nadalin&#8220; aus Pitve erworben und im Jahr 1837 umgebaut. Die Gedenktafel mit einer Inschrift in italienischer Sprache befand sich auf dem ehemaligen Wohnkomplex und berichtet dar\u00fcber. Es gibt einige interessante Steinmetzfehler, die darauf hindeuten k\u00f6nnen, dass Steinmetze oft Analphabeten waren oder kein Italienisch konnten.<\/p><\/div><\/div><div class='clear_column'><\/div><\/p>\n<p style=\"text-align: center;\">STABILE ED ADIACENZE<br \/>\nDALLI FRATELLI DUBOVICH<br \/>\nNADALIN COMPEERATE<br \/>\nNELL ANNO 1833<br \/>\nE DAI MEDESIMI COLTIVATE<br \/>\nED A MIGLIOR GUSTO<br \/>\nE FORMA RIDOTTE<br \/>\n1837<\/p>\n<div class='content-column one_half'><div style=\"padding-right:6px;\"><p>(Staju i stambene zgrade bra\u0107a Dubovich-Nadalin stekla su 1833. i obnovila 1837. s boljim ukusom i smanjenim oblikom).<\/p><\/div><\/div><div class='content-column one_half last_column'><div style=\"padding-right:0px;padding-left:6px;\"><p>(Stall und Wohngeb\u00e4ude wurden durch die Br\u00fcder Dubovich-Nadalin im Jahr 1833 erworben und mit besserem Geschmack und in reduzierter Form im Jahr 1837 umgebaut).<\/p><\/div><\/div><div class='clear_column'><\/div><div class='content-column one_half'><div style=\"padding-right:6px;\"><p><em>(Izvor: Izlo\u017eba \u201cPisma i Pismenost otoka Hvara\u201d galerija (crkva) sv. Jerolima, lipanj 2021)<\/em><\/p><\/div><\/div><div class='content-column one_half last_column'><div style=\"padding-right:0px;padding-left:6px;\"><p><em>(Quelle: Ausstellung \u201cSchrift und Schreibkunst der Insel Hvar\u201d Galerie (Kirche) sv. Jerolim, Juni 2021)<\/em><\/p><\/div><\/div><div class='clear_column'><\/div><\/p>\n<p style=\"text-align: right;\"><span style=\"color: #3366ff;\"><a style=\"color: #3366ff;\" href=\"#seite_oben\">natrag na vrh \/ Seitenanfang<\/a><\/span><\/p>\n<hr \/>\n<p><strong>Linkovi \/ Links<\/strong><\/p>\n<p><span style=\"color: #3366ff;\"><a style=\"color: #3366ff;\" href=\"https:\/\/www.topohvar.at\/orte\/po\/po-tg-02-1\/\">Ladanjska ku\u0107a \/ Landhaus \u00bbAn\u0111elinovi\u0107-Angelini\u00ab<\/a><\/span><\/p>\n","protected":false},"excerpt":{"rendered":"<p>Ime \/ Name Spomen plo\u010da \u00bbStabile ed adiacenze\u00ab Code: PO-IS-05\u00a0 \u00a0 \u00a0 \u00a0 \u00a0 \u00a0 \u00a0 \u00a0 \u00a0 \u00a0 \u00a0 \u00a0 \u00a0 \u00a0 \u00a0 \u00a0 \u00a0 \u00a0 \u00a0 \u00a0 \u00a0 Adresa \/ Adresse Poljica, ladanjska ku\u0107a An\u0111elinovi\u0107-Angelini Lokacija \/ Position &hellip; <a href=\"https:\/\/www.topohvar.at\/topo\/orte\/po\/po-is-05-1\/\">Weiterlesen <span class=\"meta-nav\">&rarr;<\/span><\/a><\/p>\n","protected":false},"author":1,"featured_media":0,"parent":91,"menu_order":0,"comment_status":"closed","ping_status":"closed","template":"","meta":{"footnotes":""},"class_list":["post-54874","page","type-page","status-publish","hentry"],"_links":{"self":[{"href":"https:\/\/www.topohvar.at\/topo\/wp-json\/wp\/v2\/pages\/54874","targetHints":{"allow":["GET"]}}],"collection":[{"href":"https:\/\/www.topohvar.at\/topo\/wp-json\/wp\/v2\/pages"}],"about":[{"href":"https:\/\/www.topohvar.at\/topo\/wp-json\/wp\/v2\/types\/page"}],"author":[{"embeddable":true,"href":"https:\/\/www.topohvar.at\/topo\/wp-json\/wp\/v2\/users\/1"}],"replies":[{"embeddable":true,"href":"https:\/\/www.topohvar.at\/topo\/wp-json\/wp\/v2\/comments?post=54874"}],"version-history":[{"count":6,"href":"https:\/\/www.topohvar.at\/topo\/wp-json\/wp\/v2\/pages\/54874\/revisions"}],"predecessor-version":[{"id":54883,"href":"https:\/\/www.topohvar.at\/topo\/wp-json\/wp\/v2\/pages\/54874\/revisions\/54883"}],"up":[{"embeddable":true,"href":"https:\/\/www.topohvar.at\/topo\/wp-json\/wp\/v2\/pages\/91"}],"wp:attachment":[{"href":"https:\/\/www.topohvar.at\/topo\/wp-json\/wp\/v2\/media?parent=54874"}],"curies":[{"name":"wp","href":"https:\/\/api.w.org\/{rel}","templated":true}]}}