{"id":55765,"date":"2022-01-02T17:54:44","date_gmt":"2022-01-02T16:54:44","guid":{"rendered":"https:\/\/www.topohvar.at\/topo\/?page_id=55765"},"modified":"2022-01-02T18:12:10","modified_gmt":"2022-01-02T17:12:10","slug":"gv-cz-12-1","status":"publish","type":"page","link":"https:\/\/www.topohvar.at\/topo\/orte\/gv\/gv-cz-12-1\/","title":{"rendered":"VELO GRABLJE &#8211; Kri\u017e \u00bbGrobljanski kri\u017e\u00ab"},"content":{"rendered":"<p><a name=\"seite_oben\"><\/a><br \/>\n<strong><img loading=\"lazy\" decoding=\"async\" class=\"aligncenter wp-image-55766 size-full\" src=\"https:\/\/www.topohvar.at\/wp-content\/uploads\/2022\/01\/gv-cz-12-1.jpg\" alt=\"\" width=\"1080\" height=\"530\" srcset=\"https:\/\/www.topohvar.at\/wp-content\/uploads\/2022\/01\/gv-cz-12-1.jpg 1080w, https:\/\/www.topohvar.at\/wp-content\/uploads\/2022\/01\/gv-cz-12-1-300x147.jpg 300w, https:\/\/www.topohvar.at\/wp-content\/uploads\/2022\/01\/gv-cz-12-1-1024x503.jpg 1024w, https:\/\/www.topohvar.at\/wp-content\/uploads\/2022\/01\/gv-cz-12-1-768x377.jpg 768w\" sizes=\"auto, (max-width: 1080px) 100vw, 1080px\" \/><\/strong><\/p>\n<p><strong>Ime \/ Name<br \/>\n<\/strong>Kri\u017e \u00bbGrobljanski kri\u017e\u00ab \/ Kreuz \u00bbFriedhofskreuz\u00ab<\/p>\n<p><strong>Code: <\/strong>GV-CZ-12\u00a0 \u00a0 \u00a0 \u00a0 \u00a0 \u00a0 \u00a0 \u00a0 \u00a0 \u00a0 \u00a0 \u00a0 \u00a0 \u00a0 \u00a0 \u00a0<strong><a href=\"https:\/\/www.topohvar.at\/orte\/gv\/gv-cz-06-1\/\"><img loading=\"lazy\" decoding=\"async\" class=\"alignnone wp-image-533 size-full\" src=\"https:\/\/www.topohvar.at\/wp-content\/uploads\/2018\/07\/push-l-30.jpg\" alt=\"\" width=\"61\" height=\"30\" \/><\/a> <a href=\"https:\/\/www.topohvar.at\/orte\/gv\/\"><img loading=\"lazy\" decoding=\"async\" class=\"alignnone wp-image-535 size-full\" src=\"https:\/\/www.topohvar.at\/wp-content\/uploads\/2018\/07\/push-o-30.jpg\" alt=\"\" width=\"61\" height=\"30\" \/><\/a> <a href=\"https:\/\/www.topohvar.at\/orte\/gv\/gv-cz-07-1\/\"><img loading=\"lazy\" decoding=\"async\" class=\"alignnone wp-image-536 size-full\" src=\"https:\/\/www.topohvar.at\/wp-content\/uploads\/2018\/07\/push-r-30.jpg\" alt=\"\" width=\"61\" height=\"30\" \/><\/a><\/strong><\/p>\n<hr \/>\n<p><strong>Adresa \/ Adresse<br \/>\n<\/strong>Velo Grablje, groblje \/ Friedhof<\/p>\n<p><strong>Lokalna polo\u017eaj \/ Position<a href=\"https:\/\/goo.gl\/maps\/Eiesc5EeQaArASYi6\"><img loading=\"lazy\" decoding=\"async\" class=\"alignright wp-image-9984\" src=\"https:\/\/www.topohvar.at\/wp-content\/uploads\/2018\/09\/1178.jpg\" alt=\"\" width=\"133\" height=\"100\" \/><\/a><br \/>\n<\/strong><a href=\"https:\/\/goo.gl\/maps\/Eiesc5EeQaArASYi6\"><span style=\"color: #3366ff;\">Latitude: N 43,16847\u00b0\u00a0 \u00a0Longitude: E 16,52039\u00b0 <\/span><\/a><strong><br \/>\n<\/strong>Visina \/ H\u00f6he: 288 m<\/p>\n<p><strong>Zemlji\u0161te \/ Grundst\u00fccke<br \/>\n<\/strong>4054 <div class='content-column one_half'><div style=\"padding-right:6px;\"><p><strong>Datum snimanja \/ Erfassungsdatum<br \/>\n<\/strong>26.09.2021 16:21:00<\/p>\n<hr \/>\n<p><strong>Informacije<\/strong><\/p>\n<p>Kri\u017e je pod krovom na ju\u017enom kraju novog groblja. Spomen plo\u010da na bazi.<\/p><\/div><\/div><div class='content-column one_half last_column'><div style=\"padding-right:0px;padding-left:6px;\"><p><strong>Za\u0161titni polo\u017eaj \/ Schutzstellung<br \/>\n<\/strong>&#8211;<\/p>\n<hr \/>\n<p><strong>Info<\/strong><\/p>\n<p>Das Kreuz befindet sich unter einem Dach am s\u00fcdlichen Ende des neuen Friedhofes. Am Sockel eine Gedenktafel.<\/p><\/div><\/div><div class='clear_column'><\/div><\/p>\n<hr \/>\n<p><strong>Linkovi \/ Links<\/strong><\/p>\n<p><span style=\"color: #3366ff;\"><a style=\"color: #3366ff;\" href=\"https:\/\/www.topohvar.at\/topo\/orte\/gv\/gv-og-01-1\/\">Groblje \/ Friedhof<\/a><br \/>\n<a style=\"color: #3366ff;\" href=\"https:\/\/www.topohvar.at\/topo\/orte\/gv\/gv-is-05-1\/\">Spomen plo\u010da \u00bbKod grobljanskog kri\u017ea\u00ab \/ Gedenktafel beim Friedhofskreuz<\/a><br \/>\n<\/span><\/p>\n","protected":false},"excerpt":{"rendered":"<p>Ime \/ Name Kri\u017e \u00bbGrobljanski kri\u017e\u00ab \/ Kreuz \u00bbFriedhofskreuz\u00ab Code: GV-CZ-12\u00a0 \u00a0 \u00a0 \u00a0 \u00a0 \u00a0 \u00a0 \u00a0 \u00a0 \u00a0 \u00a0 \u00a0 \u00a0 \u00a0 \u00a0 \u00a0 Adresa \/ Adresse Velo Grablje, groblje \/ Friedhof Lokalna polo\u017eaj \/ Position Latitude: N &hellip; <a href=\"https:\/\/www.topohvar.at\/topo\/orte\/gv\/gv-cz-12-1\/\">Weiterlesen <span class=\"meta-nav\">&rarr;<\/span><\/a><\/p>\n","protected":false},"author":1,"featured_media":0,"parent":76,"menu_order":0,"comment_status":"closed","ping_status":"closed","template":"","meta":{"footnotes":""},"class_list":["post-55765","page","type-page","status-publish","hentry"],"_links":{"self":[{"href":"https:\/\/www.topohvar.at\/topo\/wp-json\/wp\/v2\/pages\/55765","targetHints":{"allow":["GET"]}}],"collection":[{"href":"https:\/\/www.topohvar.at\/topo\/wp-json\/wp\/v2\/pages"}],"about":[{"href":"https:\/\/www.topohvar.at\/topo\/wp-json\/wp\/v2\/types\/page"}],"author":[{"embeddable":true,"href":"https:\/\/www.topohvar.at\/topo\/wp-json\/wp\/v2\/users\/1"}],"replies":[{"embeddable":true,"href":"https:\/\/www.topohvar.at\/topo\/wp-json\/wp\/v2\/comments?post=55765"}],"version-history":[{"count":3,"href":"https:\/\/www.topohvar.at\/topo\/wp-json\/wp\/v2\/pages\/55765\/revisions"}],"predecessor-version":[{"id":55771,"href":"https:\/\/www.topohvar.at\/topo\/wp-json\/wp\/v2\/pages\/55765\/revisions\/55771"}],"up":[{"embeddable":true,"href":"https:\/\/www.topohvar.at\/topo\/wp-json\/wp\/v2\/pages\/76"}],"wp:attachment":[{"href":"https:\/\/www.topohvar.at\/topo\/wp-json\/wp\/v2\/media?parent=55765"}],"curies":[{"name":"wp","href":"https:\/\/api.w.org\/{rel}","templated":true}]}}