{"id":56889,"date":"2022-01-28T18:28:26","date_gmt":"2022-01-28T17:28:26","guid":{"rendered":"https:\/\/www.topohvar.at\/topo\/?page_id=56889"},"modified":"2022-01-28T18:45:46","modified_gmt":"2022-01-28T17:45:46","slug":"hv-mo-19-1","status":"publish","type":"page","link":"https:\/\/www.topohvar.at\/topo\/orte\/hv\/hv-mo-19-1\/","title":{"rendered":"HVAR &#8211; Poprsje \u00bbSv. Pro\u0161pera\u00ab"},"content":{"rendered":"<p><a name=\"seite_oben\"><\/a><br \/>\n<img loading=\"lazy\" decoding=\"async\" class=\"alignnone wp-image-56893 size-full\" src=\"https:\/\/www.topohvar.at\/wp-content\/uploads\/2022\/01\/hv-mo-19-0.jpg\" alt=\"\" width=\"640\" height=\"314\" srcset=\"https:\/\/www.topohvar.at\/wp-content\/uploads\/2022\/01\/hv-mo-19-0.jpg 640w, https:\/\/www.topohvar.at\/wp-content\/uploads\/2022\/01\/hv-mo-19-0-300x147.jpg 300w\" sizes=\"auto, (max-width: 640px) 100vw, 640px\" \/><\/p>\n<p><strong>Ime \/ Name<br \/>\n<\/strong>Poprsje \u00bbSv. Pro\u0161pera\u00ab \/ B\u00fcste des hl. Pro\u0161per<\/p>\n<p><strong>Code: <\/strong>HV-MO-19\u00a0 \u00a0 \u00a0 \u00a0 \u00a0 \u00a0 \u00a0 \u00a0 \u00a0 \u00a0 \u00a0 \u00a0 \u00a0 \u00a0 \u00a0 \u00a0 \u00a0 \u00a0 \u00a0 \u00a0 \u00a0 \u00a0 <strong><a href=\"https:\/\/www.topohvar.at\/orte\/hv\/hv-mo-17-1\/\"><img loading=\"lazy\" decoding=\"async\" class=\"alignnone wp-image-533 size-full\" src=\"https:\/\/www.topohvar.at\/wp-content\/uploads\/2018\/07\/push-l-30.jpg\" alt=\"\" width=\"61\" height=\"30\" \/><\/a> <a href=\"https:\/\/www.topohvar.at\/orte\/hv\/\"><img loading=\"lazy\" decoding=\"async\" class=\"alignnone wp-image-535 size-full\" src=\"https:\/\/www.topohvar.at\/wp-content\/uploads\/2018\/07\/push-o-30.jpg\" alt=\"\" width=\"61\" height=\"30\" \/><\/a> <a href=\"https:\/\/www.topohvar.at\/orte\/hv\/hv-mo-18-1\/\"><img loading=\"lazy\" decoding=\"async\" class=\"alignnone wp-image-536 size-full\" src=\"https:\/\/www.topohvar.at\/wp-content\/uploads\/2018\/07\/push-r-30.jpg\" alt=\"\" width=\"61\" height=\"30\" \/><\/a>\u00a0<\/strong><\/p>\n<hr \/>\n<p><strong>Adresa \/ Adresse<br \/>\n<\/strong>Grad Hvar,\u00a0Trg sv. Stjepana 26, katedrala sv. Stjepan I.<\/p>\n<p><strong>Lokacija<\/strong><strong> \/ Position<a href=\"https:\/\/goo.gl\/maps\/gEZhe7DubYE9gf5x7\"><img loading=\"lazy\" decoding=\"async\" class=\"alignright wp-image-15620\" src=\"https:\/\/www.topohvar.at\/wp-content\/uploads\/2019\/01\/1010.jpg\" alt=\"\" width=\"134\" height=\"100\" \/><\/a><br \/>\n<\/strong><span style=\"color: #3366ff;\"><a style=\"color: #3366ff;\" href=\"https:\/\/goo.gl\/maps\/gEZhe7DubYE9gf5x7\">Latitude: N 43,17218\u00b0\u00a0 \u00a0Longitude: E 16,44353\u00b0<\/a> <\/span><strong><br \/>\n<\/strong>Visina \/ H\u00f6he: 4 m<\/p>\n<p><strong>Katastarska <\/strong><strong>\u010d<\/strong><strong>estica <\/strong><strong>\/ Grundst\u00fccke<br \/>\n<\/strong>*173, *174<div class='content-column one_half'><div style=\"padding-right:6px;\"><p><strong>Datum snimanja \/ Erfassungsdatum<br \/>\n<\/strong>24.02.2017 16:05:00<\/p>\n<hr \/>\n<p><strong>Informacije<\/strong><\/p>\n<p>U povodu 350. obljetnice dolaska relikvije sv. Pro\u0161pera u Hvar i na kraju osmog dana devetnice hvarskom suza\u0161titniku u \u010dast na pro\u010delju hvarske katedrale, u luneti povrh tzv. &#8218;malih vrata&#8216; u subotu 8. svibnja otkriven je kip sv. Pro\u0161pera, rad poznatog hrvatskog kipara, akademika i Hvaranina Kuzme Kova\u010di\u0107a i asocira na bistu koja je izra\u0111ena prije vi\u0161e od 100 godina.<\/p><\/div><\/div><div class='content-column one_half last_column'><div style=\"padding-right:0px;padding-left:6px;\"><p><strong>Stupanj za\u0161tite<\/strong><strong> \/ Schutzstellung<br \/>\n<\/strong>&#8211;<\/p>\n<hr \/>\n<p><strong>Info<\/strong><\/p>\n<p>Anl\u00e4sslich des 350. Jahrestages der Ankunft der Reliquien des hl. Pro\u0161per wurde\u00a0 zu Ehren des Hvarer Mitpatrons an der Vorderseite der Kathedrale von Hvar, in derL\u00fcnette \u00fcber dem sogenannten &#8222;kleinen Tor&#8220; am Samstag den 8. Mai 2021 die eine B\u00fcste des hl. Pro\u0161per enth\u00fcllt. Sie ist das Werk des ber\u00fchmten kroatischen Bildhauers, Akademikers und Einwohners von Hvar Kuzma Kova\u010di\u0107 und erinnert direkt an eine \u00fcber 100 Jahre alte B\u00fcste.<\/p><\/div><\/div><div class='clear_column'><\/div><\/p>\n<p style=\"text-align: center;\"><em>(Izvor: \/ Quelle: <span style=\"color: #3366ff;\"><a style=\"color: #3366ff;\" href=\"https:\/\/ika.hkm.hr\/novosti\/u-hvaru-otkriven-kip-sv-prospera-rad-akademika-kuzme-kovacica\/\">Informativna Katoli\u010dka Agencija<\/a><\/span>)<\/em><\/p>\n<p style=\"text-align: right;\"><span style=\"color: #3366ff;\"><a style=\"color: #3366ff;\" href=\"#seite_oben\">natrag na vrh \/ Seitenanfang<\/a><\/span><\/p>\n<hr \/>\n<p><strong>Linkovi \/ Links<\/strong><\/p>\n<p><span style=\"color: #3366ff;\"><a style=\"color: #3366ff;\" href=\"https:\/\/www.topohvar.at\/orte\/hv\/hv-ci-01-1\/\">Katedrala \u00bbSv. Stjepan I. papostola i mu\u010denik\u00ab \/ Kathedrale zum hl. Stephan<\/a><br \/>\n<a style=\"color: #3366ff;\" href=\"https:\/\/www.topohvar.at\/orte\/hv\/hv-mo-17-1\/\">Kip \u00bbSv. Papa Stjepan\u00ab \/ Statue \u2013 Papst Stefan<\/a><\/span><br \/>\n<span style=\"color: #3366ff;\"><a style=\"color: #3366ff;\" href=\"https:\/\/www.topohvar.at\/orte\/hv\/hv-is-42-1\/\">Spomen plo\u010da \u00bbPod desnoj ni\u0161i na pro\u010delju katedrale\u00ab \/ Gedenktafel unter der rechten Nische in der Kirchenfassade<\/a><\/span><br \/>\n<span style=\"color: #3366ff;\"><a style=\"color: #3366ff;\" href=\"https:\/\/www.topohvar.at\/orte\/hv\/hv-is-43-1\/\">Spomen plo\u010da \u00bbNa lijevoj ni\u0161i na pro\u010delju katedrale\u00ab \/\u00a0Gedenktafel unter der linken Nische in der Kirchenfassade<\/a><\/span><br \/>\n<span style=\"color: #3366ff;\"><a style=\"color: #3366ff;\" href=\"https:\/\/www.topohvar.at\/orte\/hv\/hv-ig-19-1\/\">Grb \u00bbIznad ulaza u zvoniku basilike\u00ab \/ Wappen \u00fcber dem Turmeingang<\/a><\/span><br \/>\n<span style=\"color: #3366ff;\"><a style=\"color: #3366ff;\" href=\"https:\/\/www.topohvar.at\/orte\/hv\/hv-is-01-1\/\">Spomen plo\u010da \u00bb850. obljetnice Hvarske Biskupije\u00ab \/ Gedenktafel zum 850. Jubil\u00e4ums des Bistums Hvar<\/a><\/span><br \/>\n<span style=\"color: #3366ff;\"><a style=\"color: #3366ff;\" href=\"https:\/\/www.topohvar.at\/orte\/hv\/hv-in-05-1\/\">Natpis \u00bbMDXIX \/ DIE XXVI SEPTEMBRIS\u00ab \/ Inschrift &#8211; 26. September 1519<\/a><\/span><\/p>\n","protected":false},"excerpt":{"rendered":"<p>Ime \/ Name Poprsje \u00bbSv. Pro\u0161pera\u00ab \/ B\u00fcste des hl. Pro\u0161per Code: HV-MO-19\u00a0 \u00a0 \u00a0 \u00a0 \u00a0 \u00a0 \u00a0 \u00a0 \u00a0 \u00a0 \u00a0 \u00a0 \u00a0 \u00a0 \u00a0 \u00a0 \u00a0 \u00a0 \u00a0 \u00a0 \u00a0 \u00a0 \u00a0 Adresa \/ Adresse Grad Hvar,\u00a0Trg &hellip; <a href=\"https:\/\/www.topohvar.at\/topo\/orte\/hv\/hv-mo-19-1\/\">Weiterlesen <span class=\"meta-nav\">&rarr;<\/span><\/a><\/p>\n","protected":false},"author":1,"featured_media":0,"parent":80,"menu_order":0,"comment_status":"closed","ping_status":"closed","template":"","meta":{"footnotes":""},"class_list":["post-56889","page","type-page","status-publish","hentry"],"_links":{"self":[{"href":"https:\/\/www.topohvar.at\/topo\/wp-json\/wp\/v2\/pages\/56889","targetHints":{"allow":["GET"]}}],"collection":[{"href":"https:\/\/www.topohvar.at\/topo\/wp-json\/wp\/v2\/pages"}],"about":[{"href":"https:\/\/www.topohvar.at\/topo\/wp-json\/wp\/v2\/types\/page"}],"author":[{"embeddable":true,"href":"https:\/\/www.topohvar.at\/topo\/wp-json\/wp\/v2\/users\/1"}],"replies":[{"embeddable":true,"href":"https:\/\/www.topohvar.at\/topo\/wp-json\/wp\/v2\/comments?post=56889"}],"version-history":[{"count":6,"href":"https:\/\/www.topohvar.at\/topo\/wp-json\/wp\/v2\/pages\/56889\/revisions"}],"predecessor-version":[{"id":56899,"href":"https:\/\/www.topohvar.at\/topo\/wp-json\/wp\/v2\/pages\/56889\/revisions\/56899"}],"up":[{"embeddable":true,"href":"https:\/\/www.topohvar.at\/topo\/wp-json\/wp\/v2\/pages\/80"}],"wp:attachment":[{"href":"https:\/\/www.topohvar.at\/topo\/wp-json\/wp\/v2\/media?parent=56889"}],"curies":[{"name":"wp","href":"https:\/\/api.w.org\/{rel}","templated":true}]}}