{"id":57004,"date":"2022-02-06T07:53:48","date_gmt":"2022-02-06T06:53:48","guid":{"rendered":"https:\/\/www.topohvar.at\/topo\/?page_id=57004"},"modified":"2023-12-02T16:33:19","modified_gmt":"2023-12-02T15:33:19","slug":"gj-tr-54-1","status":"publish","type":"page","link":"https:\/\/www.topohvar.at\/topo\/orte\/gj\/gj-tr-54-1\/","title":{"rendered":"GDINJ &#8211; Trim \u00bbGJ-TR-54\u00ab"},"content":{"rendered":"<p><a name=\"seite_oben\"><\/a><br \/>\n<strong><img loading=\"lazy\" decoding=\"async\" class=\"alignleft wp-image-64410 size-full\" src=\"https:\/\/www.topohvar.at\/wp-content\/uploads\/2023\/11\/gj-tr-54-2.jpg\" alt=\"\" width=\"1080\" height=\"530\" srcset=\"https:\/\/www.topohvar.at\/wp-content\/uploads\/2023\/11\/gj-tr-54-2.jpg 1080w, https:\/\/www.topohvar.at\/wp-content\/uploads\/2023\/11\/gj-tr-54-2-300x147.jpg 300w, https:\/\/www.topohvar.at\/wp-content\/uploads\/2023\/11\/gj-tr-54-2-1024x503.jpg 1024w, https:\/\/www.topohvar.at\/wp-content\/uploads\/2023\/11\/gj-tr-54-2-768x377.jpg 768w\" sizes=\"auto, (max-width: 1080px) 100vw, 1080px\" \/><\/strong><\/p>\n<p><strong>Ime \/ Name<br \/>\n<\/strong>Trim \u00bbGJ-TR-54\u00ab<\/p>\n<p><strong>Code: <\/strong>GJ-TR-54\u00a0 \u00a0 \u00a0 \u00a0 \u00a0 \u00a0 \u00a0 \u00a0 \u00a0 \u00a0 \u00a0 \u00a0 \u00a0 \u00a0 <a href=\"https:\/\/www.topohvar.at\/orte\/gj\/gj-tr-00-1\/\"><img loading=\"lazy\" decoding=\"async\" class=\"alignnone wp-image-12300 size-full\" src=\"https:\/\/www.topohvar.at\/wp-content\/uploads\/2018\/09\/push-vor-30.jpg\" alt=\"\" width=\"61\" height=\"30\" \/><\/a>\u00a0<strong><a href=\"https:\/\/www.topohvar.at\/orte\/gj\/gj-tr-53-1\/\"><img loading=\"lazy\" decoding=\"async\" class=\"alignnone wp-image-533 size-full\" src=\"https:\/\/www.topohvar.at\/wp-content\/uploads\/2018\/07\/push-l-30.jpg\" alt=\"\" width=\"61\" height=\"30\" \/><\/a> <a href=\"https:\/\/www.topohvar.at\/orte\/gj\/\"><img loading=\"lazy\" decoding=\"async\" class=\"alignnone wp-image-535 size-full\" src=\"https:\/\/www.topohvar.at\/wp-content\/uploads\/2018\/07\/push-o-30.jpg\" alt=\"\" width=\"61\" height=\"30\" \/><\/a> <a href=\"https:\/\/www.topohvar.at\/orte\/gj\/gj-tr-93-1\/\"><img loading=\"lazy\" decoding=\"async\" class=\"alignnone wp-image-536 size-full\" src=\"https:\/\/www.topohvar.at\/wp-content\/uploads\/2018\/07\/push-r-30.jpg\" alt=\"\" width=\"61\" height=\"30\" \/><\/a><\/strong><\/p>\n<hr \/>\n<p><strong>Adresa \/ Adresse<br \/>\n<\/strong>Gdinj, jugozapadno od Dugog Dolca \/ s\u00fcdwestlich von Dugi Dolac<\/p>\n<p><strong>Lokacija \/ Position<a href=\"https:\/\/goo.gl\/maps\/jXarQNnBDXU5TDUp8\"><img loading=\"lazy\" decoding=\"async\" class=\"alignright wp-image-43023\" src=\"https:\/\/www.topohvar.at\/wp-content\/uploads\/2020\/11\/2981.jpg\" alt=\"\" width=\"134\" height=\"100\" \/><\/a><br \/>\n<\/strong><a href=\"https:\/\/goo.gl\/maps\/jXarQNnBDXU5TDUp8\"><span style=\"color: #3366ff;\">Latitude: N 43,12690\u00b0\u00a0 \u00a0Longitude: E 16,91463\u00b0<\/span><\/a> <strong><br \/>\n<\/strong>Visina \/ H\u00f6he: 290 m<\/p>\n<p><strong>Katastarska \u010destica \/ Grundst\u00fccke<br \/>\n<\/strong>2614\/1<div class='content-column one_half'><div style=\"padding-right:6px;\"><p><strong>Datum snimanja \/ Erfassungsdatum<br \/>\n<\/strong>01.01.2000 00:00:00<\/p>\n<hr \/>\n<p><strong>Informacije<\/strong><\/p>\n<p>Trim se nalazi , te\u0161ko pristupa\u010dan,u gustom grmlju oko 1 km jugozapadno od Dugog Dolca. Trim je jako o\u0161te\u010den s desne i lijeve strane. Ve\u0107i dio njegove kupole se sru\u0161io.<\/p><\/div><\/div><div class='content-column one_half last_column'><div style=\"padding-right:0px;padding-left:6px;\"><p><strong>Stupanj za\u0161tite \/ Schutzstellung<br \/>\n<\/strong>&#8211;<\/p>\n<hr \/>\n<p><strong>Info<\/strong><\/p>\n<p>Der Trim befindet sich &#8211; schwer zug\u00e4nglich &#8211; im dichten Buschwerk etwa 1 km s\u00fcdwestlich von Dugi Dolac. Der Trim ist an seiner rechten und linken Seite stark besch\u00e4digt. Seine Kuppel ist gr\u00f6\u00dftenteils eingest\u00fcrzt.<\/p><\/div><\/div><div class='clear_column'><\/div><div class='content-column one_half'><div style=\"padding-right:6px;\"><p>Izvor: Hrvatska osnovna karta\u00a0&#8211; Geoportal DGU<\/p><\/div><\/div><div class='content-column one_half last_column'><div style=\"padding-right:0px;padding-left:6px;\"><p>Quelle: Grundkarte Kroatiens\u00a0&#8211; Geoportal DGU<\/p><\/div><\/div><div class='clear_column'><\/div><div class='content-column one_half'><div style=\"padding-right:6px;\"><div id=\"attachment_65048\" style=\"width: 310px\" class=\"wp-caption aligncenter\"><img loading=\"lazy\" decoding=\"async\" aria-describedby=\"caption-attachment-65048\" class=\"wp-image-65048 size-medium\" src=\"https:\/\/www.topohvar.at\/wp-content\/uploads\/2023\/11\/gj-tr-54-1-300x300.jpg\" alt=\"\" width=\"300\" height=\"300\" srcset=\"https:\/\/www.topohvar.at\/wp-content\/uploads\/2023\/11\/gj-tr-54-1-300x300.jpg 300w, https:\/\/www.topohvar.at\/wp-content\/uploads\/2023\/11\/gj-tr-54-1-150x150.jpg 150w, https:\/\/www.topohvar.at\/wp-content\/uploads\/2023\/11\/gj-tr-54-1.jpg 450w\" sizes=\"auto, (max-width: 300px) 100vw, 300px\" \/><p id=\"caption-attachment-65048\" class=\"wp-caption-text\">Ulaz \/ Eingang<\/p><\/div><\/div><\/div><div class='content-column one_half last_column'><div style=\"padding-right:0px;padding-left:6px;\"><div id=\"attachment_65049\" style=\"width: 310px\" class=\"wp-caption aligncenter\"><img loading=\"lazy\" decoding=\"async\" aria-describedby=\"caption-attachment-65049\" class=\"wp-image-65049 size-medium\" src=\"https:\/\/www.topohvar.at\/wp-content\/uploads\/2023\/11\/gj-tr-54-5-300x300.jpg\" alt=\"\" width=\"300\" height=\"300\" srcset=\"https:\/\/www.topohvar.at\/wp-content\/uploads\/2023\/11\/gj-tr-54-5-300x300.jpg 300w, https:\/\/www.topohvar.at\/wp-content\/uploads\/2023\/11\/gj-tr-54-5-150x150.jpg 150w, https:\/\/www.topohvar.at\/wp-content\/uploads\/2023\/11\/gj-tr-54-5.jpg 450w\" sizes=\"auto, (max-width: 300px) 100vw, 300px\" \/><p id=\"caption-attachment-65049\" class=\"wp-caption-text\">O\u0161te\u0107ena kupola \/ besch\u00e4digte Kuppel<\/p><\/div><\/div><\/div><div class='clear_column'><\/div><div class='content-column one_half'><div style=\"padding-right:6px;\"><p>Dana 24.10.2023 trim GJ-TR-54 je posje\u0107en i ustanovljeno je sljede\u0107e:<\/p>\n<p>Lokacija: grmlje<br \/>\nPodloga: ravna<br \/>\nPovezan s: samostoje\u0107i, izoliran<br \/>\nUpotreba: ne koristi se<br \/>\nStanje: kupola se djelomi\u010dno sru\u0161ila<br \/>\nBroj stepenica trima: 2<br \/>\nDodatni kameni prsten: nema prstena<br \/>\nStepeni\u0161te: nema<br \/>\nOblik kamena: uglast<br \/>\nPodru\u010dje ispred ulaza: zaraslo<br \/>\nOrijentacija ulaza: Z (270\u00b0)<br \/>\nPromjer trima (cm): 410<br \/>\nVisina trima (cm): ?<br \/>\nVisina stepenica (cm): stepenica 1: 130 , stepenica 2: ?<br \/>\nDebljina zida (cm): 80<br \/>\n\u0160irina vrata (cm): 70<br \/>\nVisina vrata (cm): 100<br \/>\n\u0160irina unutra (cm): 230 &#8211; 250<br \/>\nVisina unutra (cm): ?<br \/>\nVolumen iznutra (m3): ?<br \/>\nNema ni\u0161e<\/p><\/div><\/div><div class='content-column one_half last_column'><div style=\"padding-right:0px;padding-left:6px;\"><p>Am 24.10.2023 wurde der Trim GJ-TR-54 besucht und n\u00e4her untersucht:<\/p>\n<p>Standort: Buschwerk<br \/>\nUntergrund: eben<br \/>\nVerbunden mit: freistehend<br \/>\nNutzung: ungenutzt<br \/>\nZustand: Kuppel teilweise eingest\u00fcrzt<br \/>\nAnzahl der Trimstufen: 2<br \/>\nZus\u00e4tzlicher Steinring: kein Steinring<br \/>\nStiege: keine<br \/>\nSteinform: kantig<br \/>\nEingangsbereich: verwachsen<br \/>\nEingangsseite: W (270\u00b0)<br \/>\nTrimdurchmesser (cm): 410<br \/>\nTrimh\u00f6he (cm): ?<br \/>\nH\u00f6he der Trimstufen (cm): Stufe 1: 130 , Stufe 2: ?<br \/>\nWandst\u00e4rke (cm): 80<br \/>\nT\u00fcrbreite (cm): 70<br \/>\nT\u00fcrh\u00f6he (cm): 100<br \/>\nInnenraumbreite (cm): 230 &#8211; 250<br \/>\nInnenraumh\u00f6he (cm): ?<br \/>\nRaumvolumen (m3): ?<br \/>\nKeine Nische<\/p><\/div><\/div><div class='clear_column'><\/div><\/p>\n<p><img loading=\"lazy\" decoding=\"async\" class=\"aligncenter size-full wp-image-65070\" src=\"https:\/\/www.topohvar.at\/wp-content\/uploads\/2023\/12\/gj-tr-54-scan.jpg\" alt=\"\" width=\"900\" height=\"1306\" srcset=\"https:\/\/www.topohvar.at\/wp-content\/uploads\/2023\/12\/gj-tr-54-scan.jpg 900w, https:\/\/www.topohvar.at\/wp-content\/uploads\/2023\/12\/gj-tr-54-scan-207x300.jpg 207w, https:\/\/www.topohvar.at\/wp-content\/uploads\/2023\/12\/gj-tr-54-scan-706x1024.jpg 706w, https:\/\/www.topohvar.at\/wp-content\/uploads\/2023\/12\/gj-tr-54-scan-768x1114.jpg 768w\" sizes=\"auto, (max-width: 900px) 100vw, 900px\" \/><\/p>\n<p style=\"text-align: right;\"><a href=\"#seite_oben\">natrag na vrh \/ Seitenanfang<\/a><\/p>\n<hr \/>\n<p><strong>Linkovi \/ Links<\/strong><\/p>\n<p>&#8211;<\/p>\n","protected":false},"excerpt":{"rendered":"<p>Ime \/ Name Trim \u00bbGJ-TR-54\u00ab Code: GJ-TR-54\u00a0 \u00a0 \u00a0 \u00a0 \u00a0 \u00a0 \u00a0 \u00a0 \u00a0 \u00a0 \u00a0 \u00a0 \u00a0 \u00a0 \u00a0 Adresa \/ Adresse Gdinj, jugozapadno od Dugog Dolca \/ s\u00fcdwestlich von Dugi Dolac Lokacija \/ Position Latitude: N 43,12690\u00b0\u00a0 &hellip; <a href=\"https:\/\/www.topohvar.at\/topo\/orte\/gj\/gj-tr-54-1\/\">Weiterlesen <span class=\"meta-nav\">&rarr;<\/span><\/a><\/p>\n","protected":false},"author":1,"featured_media":0,"parent":72,"menu_order":0,"comment_status":"closed","ping_status":"closed","template":"","meta":{"footnotes":""},"class_list":["post-57004","page","type-page","status-publish","hentry"],"_links":{"self":[{"href":"https:\/\/www.topohvar.at\/topo\/wp-json\/wp\/v2\/pages\/57004","targetHints":{"allow":["GET"]}}],"collection":[{"href":"https:\/\/www.topohvar.at\/topo\/wp-json\/wp\/v2\/pages"}],"about":[{"href":"https:\/\/www.topohvar.at\/topo\/wp-json\/wp\/v2\/types\/page"}],"author":[{"embeddable":true,"href":"https:\/\/www.topohvar.at\/topo\/wp-json\/wp\/v2\/users\/1"}],"replies":[{"embeddable":true,"href":"https:\/\/www.topohvar.at\/topo\/wp-json\/wp\/v2\/comments?post=57004"}],"version-history":[{"count":8,"href":"https:\/\/www.topohvar.at\/topo\/wp-json\/wp\/v2\/pages\/57004\/revisions"}],"predecessor-version":[{"id":65071,"href":"https:\/\/www.topohvar.at\/topo\/wp-json\/wp\/v2\/pages\/57004\/revisions\/65071"}],"up":[{"embeddable":true,"href":"https:\/\/www.topohvar.at\/topo\/wp-json\/wp\/v2\/pages\/72"}],"wp:attachment":[{"href":"https:\/\/www.topohvar.at\/topo\/wp-json\/wp\/v2\/media?parent=57004"}],"curies":[{"name":"wp","href":"https:\/\/api.w.org\/{rel}","templated":true}]}}