{"id":6033,"date":"2018-08-18T07:30:29","date_gmt":"2018-08-18T05:30:29","guid":{"rendered":"https:\/\/www.topohvar.at\/?page_id=6033"},"modified":"2022-01-30T08:40:33","modified_gmt":"2022-01-30T07:40:33","slug":"va-ci-01-1","status":"publish","type":"page","link":"https:\/\/www.topohvar.at\/topo\/orte\/va\/va-ci-01-1\/","title":{"rendered":"VRBOSKA &#8211; \u017dupna crkva \u00bbSv. Lovrinca\u00ab"},"content":{"rendered":"<p><a name=\"seite_oben\"><\/a><br \/>\n<strong><img loading=\"lazy\" decoding=\"async\" class=\"alignnone wp-image-5964 size-large\" src=\"https:\/\/www.topohvar.at\/wp-content\/uploads\/2018\/08\/VA-CI-01-0-1024x503.jpg\" alt=\"\" width=\"640\" height=\"314\" srcset=\"https:\/\/www.topohvar.at\/wp-content\/uploads\/2018\/08\/VA-CI-01-0-1024x503.jpg 1024w, https:\/\/www.topohvar.at\/wp-content\/uploads\/2018\/08\/VA-CI-01-0-300x147.jpg 300w, https:\/\/www.topohvar.at\/wp-content\/uploads\/2018\/08\/VA-CI-01-0-768x377.jpg 768w, https:\/\/www.topohvar.at\/wp-content\/uploads\/2018\/08\/VA-CI-01-0.jpg 1080w\" sizes=\"auto, (max-width: 640px) 100vw, 640px\" \/><\/strong><\/p>\n<p><strong>Ime \/ Name<br \/>\n<\/strong>\u017dupna crkva \u00bbSv. Lovrinca\u00ab \/ Pfarrkirche zum hl. Laurentius<\/p>\n<p><strong>Code: <\/strong>VA-CI-01\u00a0 \u00a0 \u00a0 \u00a0 \u00a0 \u00a0 \u00a0 \u00a0 \u00a0 \u00a0 \u00a0 \u00a0 \u00a0<strong>\u00a0 \u00a0 \u00a0 \u00a0 \u00a0<a href=\"https:\/\/www.topohvar.at\/orte\/va\/va-ck-02-1\/\"><img loading=\"lazy\" decoding=\"async\" class=\"alignnone wp-image-533 size-full\" src=\"https:\/\/www.topohvar.at\/wp-content\/uploads\/2018\/07\/push-l-30.jpg\" alt=\"\" width=\"61\" height=\"30\" \/><\/a>\u00a0<a href=\"https:\/\/www.topohvar.at\/orte\/va\/\"><img loading=\"lazy\" decoding=\"async\" class=\"alignnone wp-image-535 size-full\" src=\"https:\/\/www.topohvar.at\/wp-content\/uploads\/2018\/07\/push-o-30.jpg\" alt=\"\" width=\"61\" height=\"30\" \/><\/a>\u00a0<a href=\"https:\/\/www.topohvar.at\/orte\/va\/va-ci-02-1\/\"><img loading=\"lazy\" decoding=\"async\" class=\"alignnone wp-image-536 size-full\" src=\"https:\/\/www.topohvar.at\/wp-content\/uploads\/2018\/07\/push-r-30.jpg\" alt=\"\" width=\"61\" height=\"30\" \/><\/a><\/strong><\/p>\n<hr \/>\n<p><strong>Adresa \/ Adresse<br \/>\n<\/strong>Vrboska<\/p>\n<p><strong>Lokalna polo\u017eaj \/ Position<a href=\"https:\/\/goo.gl\/maps\/y195vv1sBW2Dxe5U9\"><img loading=\"lazy\" decoding=\"async\" class=\"alignright wp-image-6172\" src=\"https:\/\/www.topohvar.at\/wp-content\/uploads\/2018\/08\/0837.jpg\" alt=\"\" width=\"134\" height=\"100\" \/><\/a><br \/>\n<\/strong><span style=\"color: #3366ff;\"><a style=\"color: #3366ff;\" href=\"https:\/\/goo.gl\/maps\/y195vv1sBW2Dxe5U9\">Latitude: N 43,18114\u00b0\u00a0 \u00a0 Longitude: E 16,67005\u00b0<\/a>\u00a0<\/span><strong><br \/>\n<\/strong>Visina \/ H\u00f6he: 8 m<\/p>\n<p><strong>Zemlji\u0161te \/ Grundst\u00fccke<br \/>\n<\/strong>*146, 1055, 1063<div class='content-column one_half'><div style=\"padding-right:6px;\"><p><strong>Datum snimanja \/ Erfassungsdatum<br \/>\n<\/strong>19.05.2013 11:39:59<\/p>\n<hr \/>\n<p><strong>Informacije<\/strong><\/p>\n<p>Naime, iz spomenutog dokumenta kanonika Nikole Starjani\u0107a iz 1504. godine doznaje se da su mje\u0161tani Vrboske htjeli sagraditi svoju crkvu, neovisnu od Vrbanja s pravom patronata te su od hvarskoga biskupa Lorenza Michielija zatra\u017eili dozvolu da sagrade novu crkvu u samoj uvali. Biskup Michieli odobrio je ovu molbu te se pretpostavlja da je crkva izgra\u0111ena za vrijeme njegovog biskupovanja ili dovr\u0161ena neposredno nakon toga, i to izme\u0111u 1473. i 1486. godine, te da je njemu u \u010dast posve\u0107ena njegovom imenjaku i za\u0161titniku svetom Lovri \u0111akonu.<\/p><\/div><\/div><div class='content-column one_half last_column'><div style=\"padding-right:0px;padding-left:6px;\"><p><strong>Za\u0161titni polo\u017eaj \/ Schutzstellung<br \/>\n<\/strong>Z-4942<\/p>\n<hr \/>\n<p><strong>Info<\/strong><\/p>\n<p>Aus einem Dokument des Kanonikers Nicholas Starjani\u0107 aus dem Jahr 1504 erfahren wir, dass die Menschen in Vrboska eine Kirche, unabh\u00e4ngig von Vrbanj unter deren Patronat sie standen, bauen wollten und den Bischof von Hvar Lorenzo Michieli um Erlaubnis baten, eine neue Kirche in der Bucht zu bauen. Bischof Michieli genehmigte diesen Antrag und es wird angenommen, dass die Kirche w\u00e4hrend seines Episkopats oder kurz danach fertiggestellt wurde, und dass sie zwischen 1473 und 1486 durch die Namensgebung des Schutzpatrons Laurentius eingesegnet wurde.<\/p><\/div><\/div><div class='clear_column'><\/div><div class='content-column one_half'><div style=\"padding-right:6px;\"><p>Crkva bila je jednobrodna pravokutna gra\u0111evina skromnih dimenzija vjerojatno s pravokutnom apsidom analogno tlocrtu drugih sakralnih gra\u0111evina u Vrboskoj. Perimetralnim zidovima obuhva\u0107ala je tek \u0161irinu dana\u0161njeg glavnog broda crkve \u0161to je o\u010dito iz tkanja kamene gra\u0111e na dana\u0161njem pro\u010delju crkve.<\/p><\/div><\/div><div class='content-column one_half last_column'><div style=\"padding-right:0px;padding-left:6px;\"><p>Die Kirche war ein einschiffiges rechteckiges Geb\u00e4ude von bescheidenen Dimensionen, wahrscheinlich mit rechteckiger Apsis analog des zweiten Sakralbaues in Vrboska. Die Umfassungsmauern umfassten nur die Breite des heutigen Hauptschiffs der Kirche, was an der heutigen Fassade der Kirche im Steinverbund ersichtlich ist.<\/p><\/div><\/div><div class='clear_column'><\/div><div class='content-column one_half'><div style=\"padding-right:6px;\"><p>Iz sa\u010duvanog zida njenog pro\u010delja \u010dija struktura se jasno razlikuje od ostatka pro\u010delja vidljivo je da je glavni otvor bio ni\u017ei ili druga\u010dijeg oblika od dana\u0161njeg, a da se nad sredi\u0161njim dijelom glavnog pro\u010delja, iznad okulusa izdizao zvonik na preslicu<\/p><\/div><\/div><div class='content-column one_half last_column'><div style=\"padding-right:0px;padding-left:6px;\"><p>Von der erhaltenen Fassade, deren Struktur sich deutlich vom Rest der Fassade unterscheidet ist offensichtlich, dass die Haupt\u00f6ffnung eine niedrigere oder andere Form als heute hatte, und dass \u00fcber dem zentralen Teil der Hauptfassade, oberhalb des Rundfensters, der Glockenturm aufragte.<\/p><\/div><\/div><div class='clear_column'><\/div><div class='content-column one_half'><div style=\"padding-right:6px;\"><p>Sigurno je crkva sv. Lovre nastradala tijekom pu\u010dkog ustanka 1512. godine kada je providur Giustiniani s hvarskim plemi\u0107ima poharao mjesto. Nakon \u0161to je poharana i 1538., nanovo je oplja\u010dkana i spaljena u kolovozu 1571. godine u napadu osmanskog vazala bega Ulu\u010d Alija. \u00a0Crkva je obnovljena i pro\u0161irena u razdoblju od 1572.-1576. godine u baroknom slogu, kada je pro\u0161irena izgradnjom bo\u010dnih brodova, a unutra\u0161njost je gra\u0111evine razdijeljena \u010detvrtastim stupovima i polukru\u017enim lukovima.<\/p><\/div><\/div><div class='content-column one_half last_column'><div style=\"padding-right:0px;padding-left:6px;\"><p>Mit Sicherheit wurde die Kirche w\u00e4hrend des Aufstandes im Jahr 1512 besch\u00e4digt, als der Providur (hoher venezianische Regierungsbeamter) Justinian und die Adligen der Stadt Hvar den Ort niederbrannten. Nach einer Verw\u00fcstung im Jahr 1538 wurde sie im August 1571 vom osmanischen Vasallen Ulu\u010d Alija ausgeraubt und niedergebrannt. \u00a0Die Kirche wurde in der Zeit von 1572 bis 1576 im Barockstil wieder aufgebaut. Der Bau wurde durch Seitenschiffe erweitert und das Innere des durch quadratische S\u00e4ulen und Halbkreisb\u00f6gen geteilt.<\/p><\/div><\/div><div class='clear_column'><\/div><div class='content-column one_half'><div style=\"padding-right:6px;\"><p>Crkvu sv. Lovre pohodio je 1579. godine apostolski vizitator veronski biskup Agostino Valier i prema njegovim rije\u010dima zatekao ju je skladnu i prostranu.\u00a0Premda je veronski biskup Valier izrazio pozitivan dojam s obzirom na izgled crkve, sukladno danas poznatim podacima iz kasnijih vizitacija, mo\u017eemo ustvrditi da je Valier prilikom svog obilaska Vrboske zatekao jednobrodnu crkvu skromnih dimenzija, a ne trobrodno zdanje kakvo danas zati\u010demo.<\/p><\/div><\/div><div class='content-column one_half last_column'><div style=\"padding-right:0px;padding-left:6px;\"><p>Die Kirche wurde 1579 vom Apostolischen Visitator, dem Bischof von Verona, Agostino Valier, besucht. Dieser fand sie harmonisch und ger\u00e4umig. Obwohl Bischof Valier einen positiven Eindruck hinsichtlich des Aussehens der Kirche hatte, m\u00fcssen wir nach heutigen Erkenntnissen und sp\u00e4teren Besuchen feststellen, dass Valier auf seiner Tour durch Vrboska eine einschiffige Kirche von bescheidenen Dimensionen und kein dreischiffiges Geb\u00e4ude wie wir es heute kennen, vorgefunden hat.<\/p><\/div><\/div><div class='clear_column'><\/div><div class='content-column one_half'><div style=\"padding-right:6px;\"><p>Valier je ovom prigodom naredio da se sagradi doli\u010dna sakristija koja je trebala biti osigurana re\u0161etkama i staklom na prozorskim otvorima koja me\u0111utim nije skoro sagra\u0111ena.\u00a0Dana\u0161nja sakristija je gra\u0111ena gotovo istovremeno s bo\u010dnim brodovima crkve te pravokutnim sveti\u0161tem. Prozorski otvori na bo\u010dnim zidovima apside istovjetni su prozorskim otvorima na za\u010delnom zidu sakristije.<\/p><\/div><\/div><div class='content-column one_half last_column'><div style=\"padding-right:0px;padding-left:6px;\"><p>Valier ordnete bei dieser Gelegenheit an, eine passende Sakristei zu bauen, deren Fenster\u00f6ffnungen durch Gitter und Glas gesichert werden sollten, was aber nicht ann\u00e4hernd geschah.\u00a0Die heutige Sakristei wurde fast gleichzeitig mit den Seitenschiffen der Kirche und dem rechteckigen Allerheiligsten gebaut. Die Fenster\u00f6ffnungen an den Seitenfenstern der Apsis sind identisch mit den Fenster\u00f6ffnungen an der Stirnseite der Sakristei.<\/p><\/div><\/div><div class='clear_column'><\/div><div class='content-column one_half'><div style=\"padding-right:6px;\"><p>U oba slu\u010daja radi se o blago \u0161iljato zaklju\u010denim visokim i uskim prozorskim otvorima s koso uvu\u010denim doprozornicima. Ovako oblikovane prozore nemogu\u0107e je preciznije datirati jer identi\u010dno oblikovane otvore nalazimo od kasnog srednjeg vijeka do 17. stolje\u0107a na brojnim crkvama srednje Dalmacije.<\/p><\/div><\/div><div class='content-column one_half last_column'><div style=\"padding-right:0px;padding-left:6px;\"><p>In beiden F\u00e4llen handelt es sich wohl um spitze, geschlossene und hohe Fenster\u00f6ffnungen mit schr\u00e4gen R\u00fcckseiten. Solche Formfenster k\u00f6nnen nicht genauer datiert werden, da identisch geformte \u00d6ffnungen vom sp\u00e4ten Mittelalter bis zum 17. Jahrhundert auf zahlreichen Kirchen in Mitteldalmatien zu finden sind.<\/p><\/div><\/div><div class='clear_column'><\/div><div class='content-column one_half'><div style=\"padding-right:6px;\"><p>Vicentinski biskup i apostolski vizitator Mihovil Priuli, obi\u0161av\u0161i crkvu sv. Lovre 7. sije\u010dnja 1603. godine donosi ne\u0161to preciznije podatke. On je primijetio da je crkva nadsvedena te da je njen pod izravnat. U crkvi su se osim skromnog glavnog oltara posve\u0107enog sv. Lovri tada nalazila jo\u0161 dva oltara, jedan posve\u0107en Presvetom Ru\u017eariju i drugi Presvetom Za\u010de\u0107u. Biskup je, osim ostalih izmjena, nalo\u017eio da se crkveni zidovi obijele, a da se na okrugli prozor na pro\u010delju crkve postavi \u017eeljezna re\u0161etka.<\/p><\/div><\/div><div class='content-column one_half last_column'><div style=\"padding-right:0px;padding-left:6px;\"><p>Der Besuch des Vicentiner Bischofs und Apostolischen Visitators Michael Priuli am 7. Januar 1603 brachte genaueres: Er bemerkte, dass die Kirche \u00fcberw\u00f6lbt und nicht unterteilt war. In der Kirche standen neben dem bescheidenen Hauptaltar des hl. Laurenzius noch zwei weitere Alt\u00e4re, von denen einer der Muttergottes vom Rosenkranz und der andere Maria Empf\u00e4ngnis geweiht war. Der Bischof ordnete neben anderen \u00c4nderungen an, dass die Kirchenw\u00e4nde ausgemalt werden sollen und dass das Rundfenster in der Kirchenfassade ein Eisengitter erhalten soll.<\/p><\/div><\/div><div class='clear_column'><\/div><div class='content-column one_half'><div style=\"padding-right:6px;\"><p>2. sije\u010dnja 1625. godine crkvu je pregledao zadarski nadbiskup i apostolski vizitator Oktavijan Garzadori te je u spisima vizitacije naveo da se u crkvi nalaze tri kamena oltara, glavni te dva bo\u010dna posve\u0107ena Svetom Kri\u017eu i Presvetom Ru\u017eariju. Nadbiskup Garzadori napominje da crkva nema sakristije \u010diju izgradnju je jo\u0161 1579. godine naredio vizitator Valier. Crkva je prema Garzadoriju dobro napravljena, ali je svojom veli\u010dinom neprikladna za potrebe stanovni\u0161tva Vrboske koji su vizitatoru iznijeli svoju namjeru da otvore kapelu (aperire cappellam) \u0161to nam pokazuje da je crkva prije naknadnog pro\u0161irenja imala barem jednu bo\u010dnu kapelu \u010dijom nadogradnjom se formirao bo\u010dni brod.<\/p><\/div><\/div><div class='content-column one_half last_column'><div style=\"padding-right:0px;padding-left:6px;\"><p>Am 2. Januar 1625 wurde die Kirche von Zadarer Erzbischof und Apostolischen Visitator Octavian Garzadori gepr\u00fcft und in den Niederschriften der Visitation steht, dass es in der Kirche drei Steinaltare gibt, einen Haupt- und zwei Seitenalt\u00e4re, die dem Heiligen Kreuz und der Muttergottes vom Rosenkranz gewidmet waren. Erzbischof Garzadori stellt fest, dass die Kirche keine Sakristei hat, deren Bau noch Valier im Jahr 1579 anordnete. Die Kirche ist laut Garzadori gut gemacht, aber in seiner Gr\u00f6\u00dfe nicht f\u00fcr die Bed\u00fcrfnisse der Bev\u00f6lkerung von Vrboska geeignet, sodass der Visitator seine Absicht bekundet, eine Kapelle zu \u00f6ffnen (aperire cappella), die uns zeigt, dass die Kirche vor der anschlie\u00dfenden Erweiterung zumindest eine Seitenkapelle hatte, durch deren Aufweitung ein Seitenschiff gebildet wurde.<\/p><\/div><\/div><div class='clear_column'><\/div><div class='content-column one_half'><div style=\"padding-right:6px;\"><p>Iz spisa vizitacije apostolskog vikara Petra Morarija doznaje se da je 1627. godine crkva bila u izgradnji. Stanovnici Vrboske su vjerojatno nedugo nakon 1625. godine zapo\u010deli s realizacijom namjere da pove\u0107aju crkvu. Naime, Morari je zabilje\u017eio 1627. godine da je cijela crkva u izgradnji zajedno sa krstionicom sjeverno od glavne la\u0111e \u010dije zidove zati\u010de od kamena i bez ukrasa. Ve\u0107 tada je postojala barem jedna bo\u010dna kapela uz glavni brod crkve ili \u010dak bo\u010dni brod s obzirom na podatak koji donosi Morari, a to je da je crkva imala, osim glavnog ulaza jo\u0161 troja vrata, od kojih su jedna bila na glavnom pro\u010delju. Tijekom 17. stolje\u0107a, osim \u0161to je crkva pove\u0107ana prigradnjom u vi\u0161e navrata s dva bo\u010dna broda, preoblikovano je i sveti\u0161te crkve. Novo, pravokutno sveti\u0161te je izgra\u0111eno vi\u0161e i du\u017ee od prvobitnog, s polukru\u017enim trijumfalnim lukom koji je u potpunosti iskoristio visinu glavne la\u0111e crkve. U unutra\u0161njosti je nadsvedeno \u010detverodijelnim kri\u017eno rebrastim svodom, a s njegove sjeverne strane mu je istovremeno prigra\u0111ena sakristija. Izgradnja bo\u010dnih brodova dovr\u0161ena je tijekom 18. ili 19. stolje\u0107a kada su traveji bo\u010dnih brodova nadsvedeni \u010de\u0161kom kapom.<\/p><\/div><\/div><div class='content-column one_half last_column'><div style=\"padding-right:0px;padding-left:6px;\"><p>Aus der Liste des Besuches des Apostolischen Vikars Petar Morari geht hervor, dass die Kirche im Jahre 1627 im Ausbau war. Die Bewohner von Vrboska begannen wahrscheinlich kurz nach 1625 mit der Verwirklichung der Absicht, die Kirche zu vergr\u00f6\u00dfern. Im Jahr 1627 schrieb Morari n\u00e4mlich, dass die ganze Kirche zusammen mit dem Baptisterium n\u00f6rdlich des Hauptschiffes ausgebaut wurde und die W\u00e4nde aus Stein und schmucklos waren. Schon damals gab es mindestens eine Seitenkapelle am Hauptschiff oder sogar ein Seitenschiff auf Grund der Tatsache, dass Morari sagt, dass die Kirche au\u00dfer dem Haupteingang noch drei T\u00fcren hatte, von denen eine an der Hauptfront war. Im 17. Jahrhundert wurde neben der Erweiterung durch zwei Seitenschiffe auch der Altarraum umgebaut. Das neue, rechteckige Allerheiligste wurde mehr und mehr ver\u00e4ndert und erhielt einen halbkreisf\u00f6rmigen Triumphbogen, der die H\u00f6he des Hauptschiffes der Kirche voll ausnutzte. Im Inneren wurde es von einem vierteiligen Kreuzrippengew\u00f6lbe \u00fcberlagert und an seiner Nordseite eine Sakristei angebaut. Der Bau der Seitenschiffe wurde im 18. oder 19. Jahrhundert abgeschlossen, als die Seitenschiffe mit \u201etschechischen Kappen\u201c \u00fcberw\u00f6lbt wurden.<\/p><\/div><\/div><div class='clear_column'><\/div><div class='content-column one_half'><div style=\"padding-right:6px;\"><p>Danas je glavna la\u0111a crkve nadsvedena \u0161iljatim ba\u010dvastim svodom s kamenim pojasnicama koje dijele svod na \u010detiri traveja, a oslanjaju se na kamene konzole. Gotovo identi\u010dan tip kasnosrednjovjekovnog konstrukcijskog sistema veoma je \u010dest i javlja se u Dalmaciji od 15. a ponegdje sve do 19. stolje\u0107a u crkvama na otocima Hvarske biskupije, Hvaru, Bra\u010du i Visu, ali i na kopnu izme\u0111u \u0160ibenika i Omi\u0161a. Na otoku Hvaru isti tip svoda nalazimo u koru hvarske katedrale izgra\u0111enom najvjerojatnije oko 1500. godine, ali i u obli\u017enjoj Jelsi, gdje je \u017eupna crkva Uznesenja Marijina pro\u0161irena i utvr\u0111ena 1535. godine te je unutra\u0161nje oblikovanje svoda i pojasnica napravljeno po uzoru na kor hvarske katedrale. \u00a0Za razliku od jel\u0161anske \u017eupne crkve i kora Hvarske katedrale, u crkvi u Vrboskoj danas ne nalazimo razdjelni vijenac izme\u0111u zida i svoda jer je glavni brod naknadno odijeljen od bo\u010dnih stupcima povezanim lukovima koji se\u017eu visoko, gotovo u krivulju svoda.<\/p><\/div><\/div><div class='content-column one_half last_column'><div style=\"padding-right:0px;padding-left:6px;\"><p>Heute wird das Hauptschiff der Kirche von einem spitzen Tonnengew\u00f6lbe mit Steingurten \u00fcberragt die auf Steinkonsolen ruhen und das Gew\u00f6lbe in vier Strahlen teilt. Diese Art sp\u00e4tmittelalterlicher Konstruktion ist sehr verbreitet und tritt in Dalmatien vom 15. bis zum 19. Jahrhundert auf den Inseln der Di\u00f6zese Hvar, Hvar, Bra\u010d und Vis, aber auch auf dem Festland zwischen Sibenik und Omis auf. Auf der Insel Hvar findet sich die gleiche Gew\u00f6lbeform im Chor der Kathedrale von Hvar, wahrscheinlich um 1500 gebaut, aber auch im nahe gelegenen Jelsa, wo die Pfarrkirche Mari\u00e4 Himmelfahrt 1535 erweitert und befestigt wurde, und die Innengestaltung des Gew\u00f6lbes nach Vorbild des Chores der Kathedrale von Hvar gestaltet wurde. Anders als in der Pfarrkirche von Jelsa und dem Chor der Kathedrale von Hvar, finden wir allerdings in der Kirche von Vrboska heute keinen teilenden Kranz zwischen Seitenwand und Gew\u00f6lbe, weil das Hauptschiff sp\u00e4ter von den Seitenschiffen durch B\u00f6gen getrennt wird, die hoch in die W\u00f6lbung des Hauptschiffes ragen.<\/p><\/div><\/div><div class='clear_column'><\/div><div class='content-column one_half'><div style=\"padding-right:6px;\"><p>U kona\u010dnici su dva bo\u010dna, ni\u017ea broda zajedno sa sakristijom i glavnim brodom prekrivena jedinstvenim, dvoslivnim krovom, bez izvana, iskazane visine pojedinih brodova li\u0161iv\u0161i je time bazilikalnih karakteristika. Pro\u010delje crkve zaklju\u010deno je jedinstvenim zabatom koji obuhva\u0107a sva tri crkvena broda, jednako kao i pro\u010delje dominikanske crkve sv. Marka u Hvaru koje je moglo poslu\u017eiti kao uzor.<\/p><\/div><\/div><div class='content-column one_half last_column'><div style=\"padding-right:0px;padding-left:6px;\"><p>Schlie\u00dflich wurden die beiden Seitenschiffe mit Sakristei und Hauptschiff, mit einem Satteldach \u00fcberdeckt, ohne dass an der Au\u00dfenseite die H\u00f6he der einzelnen Schiffe und damit die Merkmale einer Basilika ablesbar w\u00e4ren. Die Fassade der Kirche besteht aus einem einzigen Giebel, der alle drei Kirchenschiffe umfasst, ebenso wie die Fassade der Dominikanerkirche Sv. Marak in Hvar, die als Vorbild dienen k\u00f6nnte.<\/p><\/div><\/div><div class='clear_column'><\/div><div class='content-column one_half'><div style=\"padding-right:6px;\"><p>Najvjerojatnije u 18. stolje\u0107u iznad pro\u010delja crkve sagra\u0111en dana\u0161nji zvonik na preslicu, pojavila se ideja po\u010detkom 20. stolje\u0107a da se u Vrboskoj sagradi samostoje\u0107i zvonik, ali to se nije dogodilo. Na ju\u017enom pro\u010delju su vrata koja vode u crkvu, uz njih je ni\u0161a u kojoj je smje\u0161ten bunar, a u jugozapadnom uglu su vrata koja vode na kor.<\/p><\/div><\/div><div class='content-column one_half last_column'><div style=\"padding-right:0px;padding-left:6px;\"><p>Wahrscheinlich im 18. Jh. wurde \u00fcber der Fassade der Kirche, der heutige Glockenturm gebaut. Zu Beginn des 20. Jh. kam die Idee auf einen selbstst\u00e4ndigen Glockenturm zu bauen, dazu kam es aber nicht. In der S\u00fcdwand befinden sich eine T\u00fcr die in die Kirche f\u00fchrt und daneben eine Nische, in der sich der Brunnen befindet, und in der s\u00fcdwestlichen Ecke befindet sich eine T\u00fcr, die zum Chor f\u00fchrt.<\/p><\/div><\/div><div class='clear_column'><\/div><\/p>\n<p style=\"text-align: right;\"><span style=\"color: #3366ff;\"><a style=\"color: #3366ff;\" href=\"#seite_oben\">natrag na vrh \/ Seitenanfang<\/a><\/span><\/p>\n<hr \/>\n<div class='content-column one_half'><div style=\"padding-right:6px;\"><p>Unutra\u0161njost crkve skriva neprocjenjiva umjetni\u010dka blaga \u2013 jednu od najbogatijih umjetni\u010dkih zbirki u Dalmaciji.<\/p><\/div><\/div><div class='content-column one_half last_column'><div style=\"padding-right:0px;padding-left:6px;\"><p>Das Innere der Kirche birgt unsch\u00e4tzbare Kunstsch\u00e4tze &#8211; eine der reichsten Kunstsammlungen in Dalmatien.<\/p><\/div><\/div><div class='clear_column'><\/div><div class='content-column one_half'><div style=\"padding-right:6px;\"><p>Na glavnom oltaru \u017eupne crkve Sv. Lovrinca, rad Ivana Rendi\u0107a, nalazi se triptih Sv. Lovrinca rad Paola Veronesea. Na bo\u010dnom oltaru nalazi se &#8222;Gospa od Ruzarija&#8220; rad Jacopa Bassana.<\/p><\/div><\/div><div class='content-column one_half last_column'><div style=\"padding-right:0px;padding-left:6px;\"><p>Am Hauptaltar der Pfarrkirche des hl. Laurentius, ein Werk des Ivan Rendi\u0107, befindet sich ein Triptychon des hl. Laurentius, eine Arbeit von Paolo Veronese. Auf dem Seitenaltar findet sich &#8222;Unsere Liebe Frau vom Rosenkranz&#8220; ein Werk des Jacob Bassano.<\/p><\/div><\/div><div class='clear_column'><\/div><div class='content-column one_half'><div style=\"padding-right:6px;\"><p>U crkvi se nalaze &#8222;Sv. Ante&#8220;, &#8222;Bo\u017ei\u010dna no\u0107&#8220; i &#8222;Poklonstvo kraljeva&#8220; Celestina Medovi\u0107a. Zanimljiv je i barokni srebrni kri\u017e Tiziana Aspettia kojeg je napravio Benvenuto Cellina.<\/p><\/div><\/div><div class='content-column one_half last_column'><div style=\"padding-right:0px;padding-left:6px;\"><p>In der Kirche finden sich weiters die Gem\u00e4lde &#8222;St. Antonius&#8220;, &#8222;Weihnachtsnacht&#8220; und die &#8222;Anbetung der K\u00f6nige&#8220; des Celestin Medovi\u0107. Bemerkenswert ist auch ein barockes Silberkreuz des Tizian Aspettija hergestellt von Benvenuto Cellina.<\/p><\/div><\/div><div class='clear_column'><\/div><div class='content-column one_half'><div style=\"padding-right:6px;\"><p>Danas se u crkvi nalaze i umjetnine iz crkve-tvr\u00f1ave Sv. Marije. Njoj pripadaju &#8222;Ro\u00f1enje Bogorodice&#8220; Antonija Sciurija, &#8222;Gospa Karmelska&#8220; S. Celestija, &#8222;Uskrsnu\u0107e&#8220; i &#8222;polaganje u grob&#8220; Guiseppea Albardija, te slika Marka Ra\u0161ice &#8222;Gospa Karmelska&#8220; iz 1927. g.<\/p><\/div><\/div><div class='content-column one_half last_column'><div style=\"padding-right:0px;padding-left:6px;\"><p>Heute sind in der Kirche auch Kunstwerke aus der Wehrkirche der hl. Maria zu sehen. Dazu geh\u00f6ren &#8222;Die Geburt der Jungfrau&#8220; von Antonio Sciuri &#8222;Unsere Liebe Frau vom Berg Karmel&#8220; des S. Celesti, &#8222;Auferstehung&#8220; und &#8222;Grablegung&#8220; des Guiseppe Albardija und das Bild &#8222;Unsere Liebe Frau vom Berg Karmel&#8220; von Marko Ra\u0161ic aus dem Jahr 1927.<\/p><\/div><\/div><div class='clear_column'><\/div><div class='content-column one_half'><div style=\"padding-right:6px;\"><p>U crkvi je i kip Sv. Petra koji se nalazio u luneti portala crkvici Sv. Petri, a pripisan je radionici Nikole Firentinc.<\/p><\/div><\/div><div class='content-column one_half last_column'><div style=\"padding-right:0px;padding-left:6px;\"><p>In der Kirche steht auch eine Statue des Hl Petrus, die einst in der L\u00fcnette des Portals der kleinen Kirche zum hl. Petrus stand und aus Werkstatt des Nikolaus von Florenz stammen soll.<\/p><\/div><\/div><div class='clear_column'><\/div><div class='content-column one_half'><div style=\"padding-right:6px;\"><p>Strop crkve sadr\u017ei slike koje prikazuju Oca, Sina i &#8220;Marijinu krunidbu&#8220; koju okru\u017euju visoki crkveni slu\u017ebenici. Slike su djelo nepoznatog umjetnika iz XVIII. stolje\u0107a.<\/p><\/div><\/div><div class='content-column one_half last_column'><div style=\"padding-right:0px;padding-left:6px;\"><p>Die Decke der Kirche enth\u00e4lt Gem\u00e4lde, die Gottvater, den Gottessohn und Maria mit Krone, umgeben von hohen Kirchenbeamten, darstellen. Die Gem\u00e4lde sind das Werk eines unbekannten K\u00fcnstlers aus dem 18. Jh.<\/p><\/div><\/div><div class='clear_column'><\/div><\/p>\n<hr \/>\n<div class='content-column one_half'><div style=\"padding-right:6px;\"><p>Registar kulturnih dobara Republike Hrvatske br. 01\/2011.<br \/>\nDatum tiskanog izdanja: 04. 08. 2011.<br \/>\nBroj registra Z-4942<\/p><\/div><\/div><div class='content-column one_half last_column'><div style=\"padding-right:0px;padding-left:6px;\"><p>Register der Kulturg\u00fcter der Republik Kroatien Nr. 01\/2011.<br \/>\nVer\u00f6ffentlichungsdatum: 04. 08. 2011.<br \/>\nRegistriernummer: Z-4942<\/p><\/div><\/div><div class='clear_column'><\/div><\/p>\n<hr \/>\n<div class='content-column one_third'><div style=\"padding-right:6px;\"><p>10. kolovoza, Vrboska slavi blagdan sv. Lovre, \u0111akona, mu\u010denika i za\u0161titnika mjesta. Uz sve\u010danu misu i procesiju koja \u0107e sa sve\u010devim kipom pro\u0107i kroz mjesto, Vrbovljani \u0107e i u svojim domovima sve\u010dano obilje\u017eiti blagdan uz rodbinu i prijatelje.<\/p><\/div><\/div><div class='content-column one_third'><div style=\"padding-right:6px;\"><p><img loading=\"lazy\" decoding=\"async\" class=\"alignnone size-full wp-image-56921\" src=\"https:\/\/www.topohvar.at\/wp-content\/uploads\/2022\/01\/va-ci-01-10.jpg\" alt=\"\" width=\"183\" height=\"300\" \/><\/p><\/div><\/div><div class='content-column one_third last_column'><div style=\"padding-right:0px;padding-left:6px;\"><p>Vrboska feiert am 10. August das Fest des hl. Laurentius, Diakon, M\u00e4rtyrer und Schutzpatron.\u00a0Mit einer feierlichen Messe und der Prozession mit der Statue des Heiligen durch den Ort, feiern die Einwohner von Vrboska das Fest auch mit ihren Verwandten und Freunden in ihren H\u00e4usern.<\/p>\n<p>&nbsp;<\/p>\n<p style=\"text-align: right;\"><span style=\"color: #3366ff;\"><a style=\"color: #3366ff;\" href=\"#seite_oben\">natrag na vrh \/ Seitenanfang<\/a><\/span><\/p><\/div><\/div><div class='clear_column'><\/div><\/p>\n<hr \/>\n<p><strong>Linkovi \/ Links<\/strong><\/p>\n<p><span style=\"color: #3366ff;\"><a style=\"color: #3366ff;\" href=\"https:\/\/www.topohvar.at\/orte\/va\/va-op-01-1\/\">Bunar na ju\u017enom zidu \/ Brunnen in der S\u00fcdmauer<\/a><\/span><br \/>\n<span style=\"color: #3366ff;\"><a style=\"color: #3366ff;\" href=\"https:\/\/www.topohvar.at\/orte\/va\/va-is-04-1\/\">Spomen\u00a0plo\u010da uz bunara \/ Gedenktafel beim Brunnen<\/a><\/span><br \/>\n<span style=\"color: #3366ff;\"><a style=\"color: #3366ff;\" href=\"https:\/\/www.topohvar.at\/orte\/va\/va-ci-02-1\/\">Crkva trv\u0111ana \u00bbSv. Marije\u00ab \/ Wehrkirche der hl. Maria<\/a><\/span><br \/>\n<span style=\"color: #3366ff;\"><a style=\"color: #3366ff;\" href=\"https:\/\/www.topohvar.at\/orte\/va\/va-ck-01-1\/\">Crkvica \u00bbSv. Petra\u00ab \/ kleine Kirche des hl. Petrus<\/a><\/span><br \/>\n<span style=\"color: #3366ff;\"><a style=\"color: #3366ff;\" href=\"https:\/\/www.topohvar.at\/orte\/hv\/hv-ci-01-1\/\">Katedrala \u00bbSv. Stjepan I. papostola i mu\u010denik\u00ab \/ Kathedrale des hl. Stefan I., Papst und M\u00e4rtyrer (Hvar)<\/a><\/span><br \/>\n<span style=\"color: #3366ff;\"><a style=\"color: #3366ff;\" href=\"https:\/\/www.topohvar.at\/orte\/je\/je-ci-01-1\/\">\u017dupna crkva trv\u0111ana \u00bbSv. Marije Uznesenja\u00ab \/ Pfarr-\/Wehrkirche der hl. Maria (Jelsa)<\/a><\/span><\/p>\n","protected":false},"excerpt":{"rendered":"<p>Ime \/ Name \u017dupna crkva \u00bbSv. Lovrinca\u00ab \/ Pfarrkirche zum hl. Laurentius Code: VA-CI-01\u00a0 \u00a0 \u00a0 \u00a0 \u00a0 \u00a0 \u00a0 \u00a0 \u00a0 \u00a0 \u00a0 \u00a0 \u00a0\u00a0 \u00a0 \u00a0 \u00a0 \u00a0\u00a0\u00a0 Adresa \/ Adresse Vrboska Lokalna polo\u017eaj \/ Position Latitude: N &hellip; <a href=\"https:\/\/www.topohvar.at\/topo\/orte\/va\/va-ci-01-1\/\">Weiterlesen <span class=\"meta-nav\">&rarr;<\/span><\/a><\/p>\n","protected":false},"author":1,"featured_media":0,"parent":109,"menu_order":0,"comment_status":"closed","ping_status":"closed","template":"","meta":{"footnotes":""},"class_list":["post-6033","page","type-page","status-publish","hentry"],"_links":{"self":[{"href":"https:\/\/www.topohvar.at\/topo\/wp-json\/wp\/v2\/pages\/6033","targetHints":{"allow":["GET"]}}],"collection":[{"href":"https:\/\/www.topohvar.at\/topo\/wp-json\/wp\/v2\/pages"}],"about":[{"href":"https:\/\/www.topohvar.at\/topo\/wp-json\/wp\/v2\/types\/page"}],"author":[{"embeddable":true,"href":"https:\/\/www.topohvar.at\/topo\/wp-json\/wp\/v2\/users\/1"}],"replies":[{"embeddable":true,"href":"https:\/\/www.topohvar.at\/topo\/wp-json\/wp\/v2\/comments?post=6033"}],"version-history":[{"count":27,"href":"https:\/\/www.topohvar.at\/topo\/wp-json\/wp\/v2\/pages\/6033\/revisions"}],"predecessor-version":[{"id":56923,"href":"https:\/\/www.topohvar.at\/topo\/wp-json\/wp\/v2\/pages\/6033\/revisions\/56923"}],"up":[{"embeddable":true,"href":"https:\/\/www.topohvar.at\/topo\/wp-json\/wp\/v2\/pages\/109"}],"wp:attachment":[{"href":"https:\/\/www.topohvar.at\/topo\/wp-json\/wp\/v2\/media?parent=6033"}],"curies":[{"name":"wp","href":"https:\/\/api.w.org\/{rel}","templated":true}]}}