{"id":6040,"date":"2018-08-18T07:36:29","date_gmt":"2018-08-18T05:36:29","guid":{"rendered":"https:\/\/www.topohvar.at\/?page_id=6040"},"modified":"2024-07-31T14:51:25","modified_gmt":"2024-07-31T12:51:25","slug":"va-ck-01-1","status":"publish","type":"page","link":"https:\/\/www.topohvar.at\/topo\/orte\/va\/va-ck-01-1\/","title":{"rendered":"VRBOSKA &#8211; Crkvica \u00bbSv. Petra\u00ab"},"content":{"rendered":"<p><strong><img loading=\"lazy\" decoding=\"async\" class=\"alignnone wp-image-5967 size-large\" src=\"https:\/\/www.topohvar.at\/wp-content\/uploads\/2018\/08\/VA-CK-01-0-1024x503.jpg\" alt=\"\" width=\"640\" height=\"314\" srcset=\"https:\/\/www.topohvar.at\/wp-content\/uploads\/2018\/08\/VA-CK-01-0-1024x503.jpg 1024w, https:\/\/www.topohvar.at\/wp-content\/uploads\/2018\/08\/VA-CK-01-0-300x147.jpg 300w, https:\/\/www.topohvar.at\/wp-content\/uploads\/2018\/08\/VA-CK-01-0-768x377.jpg 768w, https:\/\/www.topohvar.at\/wp-content\/uploads\/2018\/08\/VA-CK-01-0.jpg 1080w\" sizes=\"auto, (max-width: 640px) 100vw, 640px\" \/><\/strong><\/p>\n<p><strong>Ime \/ Name<br \/>\n<\/strong>Crkvica \u00bbSv. Petra\u00ab \/ kleine Kirche des hl. Petrus<\/p>\n<p><strong>Code: <\/strong>VA-CK-01\u00a0 \u00a0 \u00a0 \u00a0 \u00a0 \u00a0 \u00a0 \u00a0<strong>\u00a0 \u00a0 \u00a0 \u00a0 \u00a0 \u00a0 \u00a0 \u00a0 \u00a0 \u00a0<a href=\"https:\/\/www.topohvar.at\/orte\/va\/va-ci-03-1\/\"><img loading=\"lazy\" decoding=\"async\" class=\"alignnone wp-image-533 size-full\" src=\"https:\/\/www.topohvar.at\/wp-content\/uploads\/2018\/07\/push-l-30.jpg\" alt=\"\" width=\"61\" height=\"30\" \/><\/a>\u00a0<a href=\"https:\/\/www.topohvar.at\/orte\/va\/\"><img loading=\"lazy\" decoding=\"async\" class=\"alignnone wp-image-535 size-full\" src=\"https:\/\/www.topohvar.at\/wp-content\/uploads\/2018\/07\/push-o-30.jpg\" alt=\"\" width=\"61\" height=\"30\" \/><\/a>\u00a0<a href=\"https:\/\/www.topohvar.at\/orte\/va\/va-ck-02-1\/\"><img loading=\"lazy\" decoding=\"async\" class=\"alignnone wp-image-536 size-full\" src=\"https:\/\/www.topohvar.at\/wp-content\/uploads\/2018\/07\/push-r-30.jpg\" alt=\"\" width=\"61\" height=\"30\" \/><\/a><\/strong><\/p>\n<hr \/>\n<p><strong>Adresa \/ Adresse<br \/>\n<\/strong>Vrboska,\u00a0u blizini marine \/ nahe der Marina<\/p>\n<p><strong>Lokalna polo\u017eaj \/ Position<a href=\"https:\/\/goo.gl\/maps\/kz1M5eyC9Q7yJY5x9\"><img loading=\"lazy\" decoding=\"async\" class=\"alignright wp-image-6188\" src=\"https:\/\/www.topohvar.at\/wp-content\/uploads\/2018\/08\/0840.jpg\" alt=\"\" width=\"134\" height=\"100\" \/><\/a><br \/>\n<\/strong><span style=\"color: #3366ff;\"><a style=\"color: #3366ff;\" href=\"https:\/\/goo.gl\/maps\/kz1M5eyC9Q7yJY5x9\">Latitude: N 43,17959\u00b0\u00a0 \u00a0 Longitude: E 16,67367\u00b0\u00a0<\/a><\/span><strong><br \/>\n<\/strong>Visina \/ H\u00f6he: 3 m<\/p>\n<p><strong>Zemlji\u0161te \/ Grundst\u00fccke<br \/>\n<\/strong>*302<div class='content-column one_half'><div style=\"padding-right:6px;\"><p><strong>Datum snimanja \/ Erfassungsdatum<br \/>\n<\/strong>19.05.2013 11:51:44<\/p>\n<hr \/>\n<p><strong>Informacije<\/strong><\/p>\n<p>Proces naseljavanja uvale koju danas obuhva\u0107a Vrboska po\u010deo je sporadi\u010dno mo\u017eda ve\u0107 tijekom 14., ali je bio intenzivniji u 15. stolje\u0107u. Geografski polo\u017eaj na kojem se danas nalazi Vrboska spominje se prvi put u Statutu hvarske komune iz 1331. godine te se naziva \u201eVrbanjska vala\u201c (vallis Varbagni).<\/p><\/div><\/div><div class='content-column one_half last_column'><div style=\"padding-right:0px;padding-left:6px;\"><p><strong>Za\u0161titni polo\u017eaj \/ Schutzstellung<br \/>\n<\/strong>Z-4788<\/p>\n<hr \/>\n<p><strong>Info<\/strong><\/p>\n<p>Der Prozess der Besiedlung der Bucht, die heute Vrboska umfasst, begann sporadisch vielleicht schon im 14. Jahrhundert, war aber im 15. Jahrhundert intensiver. Das Gebiet des heutigen Vrboska wurde erstmals in der Satzung von Hvar aus dem Jahr 1331 erw\u00e4hnt und wurde \u201eVrbanjska vala\u201c (vallis Varbagni) genannt.<\/p><\/div><\/div><div class='clear_column'><\/div><div class='content-column one_half'><div style=\"padding-right:6px;\"><p>U toj je uvali, kako Statut spominje, postojala crkva sv. Petra koja je ozna\u010davala granicu izme\u0111u teritorija Vrbanja i Pitava. Crkva sv. Petra, premda ne izvorne strukture, danas se ubicira na isto\u010dnom rubu naselja, a spominje se vi\u0161e od sto godina prije spomena naseljenog mjesta. Ova najstarija crkva u Vrboskoj nije gra\u0111ena s namjerom da postane mjesna crkva ve\u0107 tek kao kapela u povremeno kori\u0161tenoj luci na pustom mjestu.<\/p><\/div><\/div><div class='content-column one_half last_column'><div style=\"padding-right:0px;padding-left:6px;\"><p>In dieser Bucht, wie im Statut erw\u00e4hnt, gab es eine Kirche des hl. Petrus, die die Grenze zwischen den damaligen Gebieten von Vrbanj und Pitve markierte. Diese Kirche, obwohl nicht in ihrer urspr\u00fcnglichen Form, liegt heute am \u00f6stlichen Rand von Vrboska und wird hier schon mehr als hundert Jahre vor der Besiedelung erw\u00e4hnt. Diese \u00e4lteste Kirche in Vrboska wurde nicht als Ortskirche gebaut, sondern wurde fallweise als Kapelle im Hafen, in einem damals abgelegenen Gebiet verwendet.<\/p><\/div><\/div><div class='clear_column'><\/div><div class='content-column one_half'><div style=\"padding-right:6px;\"><p>Crkvica bila je pod patronatom patricija Hranoti\u0107a i Pireti\u0107a. Tijekom vremena je poru\u0161ena, no 1469. godine Hranoti\u0107i (de Chranchis) su je obnovili nagla\u0161avaju\u0107i da je grade na starim temeljima te se kao takva sa\u010duvala do danas s manjom obnovom iz 1999. godine.<\/p><\/div><\/div><div class='content-column one_half last_column'><div style=\"padding-right:0px;padding-left:6px;\"><p>Die kleine Kirche stand unter der Schirmherrschaft der Patrizier Hranoti\u0107 und Pireti\u0107. Sie wurde im Laufe der Zeit zerst\u00f6rt, aber im Jahr 1469 durch die Hranoti\u0107 (de Chranchis) auf ihren alten Fundamenten grundlegend restauriert und blieb als solche, mit einem kleineren Umbau im Jahr 1999, erhalten.<\/p><\/div><\/div><div class='clear_column'><\/div><div class='content-column one_half'><div style=\"padding-right:6px;\"><p>Radi se o malenoj, pravokutnoj gra\u0111evini s izvana pravokutnim, a unutra polukru\u017eno zaklju\u010denim sveti\u0161tem. Dimenzije su slijede\u0107e, la\u0111a 2,45 x 4,35, visina la\u0111e 3,53, a apside 2,85, dok je \u0161irina apside 1,93 te dubina 1,42. Zidovi su debljine 55 cm (zapadni zid) i 70 cm (bo\u010dni zidovi la\u0111e). Natkrivenoj je dvostre\u0161nim krovom od kamenih plo\u010da.<\/p><\/div><\/div><div class='content-column one_half last_column'><div style=\"padding-right:0px;padding-left:6px;\"><p>Die Kirche ist ein kleiner rechteckiger Bau mit einer au\u00dfen rechteckigen, innen aber halbkreisf\u00f6rmigen Apsis. Die Abmessungen sind: das Schiff 2,45 x 4,35, die H\u00f6he des Schiffes 3,53 und der Apsis 2,85, die Breite der Apsis 1,93 und deren Tiefe 1,42 m. Die W\u00e4nde sind 55 cm dick (Westwand) und 70 cm (Seitenw\u00e4nde des Schiffes). Das Satteldach ist mit Steinplatten gedeckt.<\/p><\/div><\/div><div class='clear_column'><\/div><div class='content-column one_half'><div style=\"padding-right:6px;\"><p>Jednostavna, o\u017ebukana i obijeljena unutra\u0161njost broda nadsvedena je \u0161iljatim ba\u010dvastim svodom, dok je sveti\u0161te nadsvedeno polukalotom. Nakon \u0161to je osamdesetih godina 20. stolje\u0107a, bez odobrenja konzervatorske slu\u017ebe, otu\u010dena \u017ebuka s unutra\u0161njih zidova crkve Darko Petrovi\u0107 je na osnovu tada vidljivih razli\u010ditih tehnika zidanja uspio raspoznati dvije razli\u010dite faze gradnje crkve.<\/p><\/div><\/div><div class='content-column one_half last_column'><div style=\"padding-right:0px;padding-left:6px;\"><p>Das einfache, verputzte und ausgemalte Kirchenschiff hat ein spitzes Tonnengew\u00f6lbe, die Apsis aber ein halbkugelf\u00f6rmiges Gew\u00f6lbe. In den achtziger Jahren des 20. Jahrhunderts konnte Darko Petrovi\u0107 ohne Genehmigung des Denkmalschutzes an Hand des verf\u00e4rbten M\u00f6rtels aus den Innenw\u00e4nden der Kirche und unterschiedlichen Mauertechniken zwei verschiedene Bauphasen der Kirche erkennen.<\/p><\/div><\/div><div class='clear_column'><\/div><div class='content-column one_half'><div style=\"padding-right:6px;\"><p>Analizom na\u010dina gradnje pojedinih zidnih ploha zaklju\u010dio je da je izvorna, romani\u010dka crkva sv. Petra izgra\u0111ena krajem 13. stolje\u0107a te da se njena struktura djelomi\u010dno sa\u010duvala u sklopu dana\u0161nje gra\u0111evine. Pravokutni brod romani\u010dke crkve sv. Petra, prema Petrovi\u0107u, u unutra\u0161njosti je bio nadsveden ba\u010dvastim svodom polukru\u017enog presjeka, dok je apsida s vanjske strane bila polukru\u017eno zaklju\u010dena.<\/p><\/div><\/div><div class='content-column one_half last_column'><div style=\"padding-right:0px;padding-left:6px;\"><p>In der Analyse kam er zu dem Schluss, dass durch die Art wie die Wandfl\u00e4chen errichtet sind, die urspr\u00fcngliche romanische Kirche aus dem Ende des 13. Jh. teilweise im heutigen Geb\u00e4ude noch erhalten ist. Nach Petrovi\u0107 war aber das rechteckige Schiff der romanischen Kirche mit einem halbkreisf\u00f6rmigen Tonnengew\u00f6lbe \u00fcberdacht, w\u00e4hrend die Apsis an der Au\u00dfenseite halbkreisf\u00f6rmig abgeschlossen war.<\/p><\/div><\/div><div class='clear_column'><\/div><div class='content-column one_half'><div style=\"padding-right:6px;\"><p><img loading=\"lazy\" decoding=\"async\" class=\"aligncenter size-full wp-image-69310\" src=\"https:\/\/www.topohvar.at\/wp-content\/uploads\/2024\/07\/va-ck-01-11.jpg\" alt=\"\" width=\"450\" height=\"450\" srcset=\"https:\/\/www.topohvar.at\/wp-content\/uploads\/2024\/07\/va-ck-01-11.jpg 450w, https:\/\/www.topohvar.at\/wp-content\/uploads\/2024\/07\/va-ck-01-11-300x300.jpg 300w, https:\/\/www.topohvar.at\/wp-content\/uploads\/2024\/07\/va-ck-01-11-150x150.jpg 150w\" sizes=\"auto, (max-width: 450px) 100vw, 450px\" \/><\/p><\/div><\/div><div class='content-column one_half last_column'><div style=\"padding-right:0px;padding-left:6px;\"><p style=\"text-align: center;\">Na o\u017ebukanom pro\u010delju dana\u0161nje crkvice nalazi se pravokutni ulaz i naknadno nadogra\u0111ena visoka preslica za zvono, dok se izme\u0111u njih, u naknadno formiranoj polukru\u017enoj ni\u0161i s renesansnom \u0161koljkom nalazi kip sveca za\u0161titnika sv. Petra.<br \/>\n-\/-<br \/>\nIn der verputzten Fassade der Kirche von heute ist der rechteckiger Eingang und dar\u00fcber ein hoher Glockenturm mit Glocke. Darunter befindet sich in der sp\u00e4ter gebildeten halbkreisf\u00f6rmigen Nische mit Renaissance-Muschel eine Statue des Schutzheiligen Petrus.<\/p><\/div><\/div><div class='clear_column'><\/div><div class='content-column one_half'><div style=\"padding-right:6px;\"><p>U njoj je bio kip istoimenog sveca koji se pripisuje radionici Nikole Firentinca.\u00a0Sada je u \u017eupnoj crkvi.<\/p><\/div><\/div><div class='content-column one_half last_column'><div style=\"padding-right:0px;padding-left:6px;\"><p>Im Innern befand sich ebenfalls eine Statue des Heiligen, die auf die Werkstatt des Nikolaus von Florenz zur\u00fcckgef\u00fchrt wird. Sie befindet sich heute in der Pfarrkirche.<\/p><\/div><\/div><div class='clear_column'><\/div><div class='content-column one_half'><div style=\"padding-right:6px;\"><p>Blagdan, Sv. Petar i Paval &#8211; Vrboska 29.06<\/p>\n<p>Registar kulturnih dobara Republike Hrvatske br. 01\/2011. Datum tiskanog izdanja: 04. 08. 2011. Broj registra Z-4788<\/p><\/div><\/div><div class='content-column one_half last_column'><div style=\"padding-right:0px;padding-left:6px;\"><p>Feiertag ist der 29. Juni &#8211; Peter und Paul<\/p>\n<p>Register der Kulturg\u00fcter der Republik Kroatien Nr. 01\/2011. Ver\u00f6ffentlichungsdatum: 04. 08. 2011. Registriernummer Z-4788<\/p><\/div><\/div><div class='clear_column'><\/div><img loading=\"lazy\" decoding=\"async\" class=\"aligncenter size-full wp-image-37857\" src=\"https:\/\/www.topohvar.at\/wp-content\/uploads\/2020\/05\/va-ck-01-10.jpg\" alt=\"\" width=\"640\" height=\"300\" srcset=\"https:\/\/www.topohvar.at\/wp-content\/uploads\/2020\/05\/va-ck-01-10.jpg 640w, https:\/\/www.topohvar.at\/wp-content\/uploads\/2020\/05\/va-ck-01-10-300x141.jpg 300w\" sizes=\"auto, (max-width: 640px) 100vw, 640px\" \/><\/p>\n<hr \/>\n<p><strong>Linkovi \/ Links<\/strong><\/p>\n<p><span style=\"color: #3366ff;\"><a style=\"color: #3366ff;\" href=\"https:\/\/www.topohvar.at\/orte\/va\/va-mo-04-1\/\">Kip Sv. Petra na pro\u010delju \/ Statue des hl. Petrus in der Fassade<\/a><br \/>\n<a style=\"color: #3366ff;\" href=\"https:\/\/www.topohvar.at\/orte\/va\/va-ci-01-1\/\">\u017dupna crkva \u00bbSv. Lovrinca\u00ab \/ Pfarrkirche zum hl. Laurentius<\/a>\u00a0<\/span><\/p>\n<p><span style=\"color: #3366ff;\">\u00a0<\/span><\/p>\n","protected":false},"excerpt":{"rendered":"<p>Ime \/ Name Crkvica \u00bbSv. Petra\u00ab \/ kleine Kirche des hl. Petrus Code: VA-CK-01\u00a0 \u00a0 \u00a0 \u00a0 \u00a0 \u00a0 \u00a0 \u00a0\u00a0 \u00a0 \u00a0 \u00a0 \u00a0 \u00a0 \u00a0 \u00a0 \u00a0 \u00a0\u00a0\u00a0 Adresa \/ Adresse Vrboska,\u00a0u blizini marine \/ nahe der Marina &hellip; <a href=\"https:\/\/www.topohvar.at\/topo\/orte\/va\/va-ck-01-1\/\">Weiterlesen <span class=\"meta-nav\">&rarr;<\/span><\/a><\/p>\n","protected":false},"author":1,"featured_media":0,"parent":109,"menu_order":0,"comment_status":"closed","ping_status":"closed","template":"","meta":{"footnotes":""},"class_list":["post-6040","page","type-page","status-publish","hentry"],"_links":{"self":[{"href":"https:\/\/www.topohvar.at\/topo\/wp-json\/wp\/v2\/pages\/6040","targetHints":{"allow":["GET"]}}],"collection":[{"href":"https:\/\/www.topohvar.at\/topo\/wp-json\/wp\/v2\/pages"}],"about":[{"href":"https:\/\/www.topohvar.at\/topo\/wp-json\/wp\/v2\/types\/page"}],"author":[{"embeddable":true,"href":"https:\/\/www.topohvar.at\/topo\/wp-json\/wp\/v2\/users\/1"}],"replies":[{"embeddable":true,"href":"https:\/\/www.topohvar.at\/topo\/wp-json\/wp\/v2\/comments?post=6040"}],"version-history":[{"count":18,"href":"https:\/\/www.topohvar.at\/topo\/wp-json\/wp\/v2\/pages\/6040\/revisions"}],"predecessor-version":[{"id":69311,"href":"https:\/\/www.topohvar.at\/topo\/wp-json\/wp\/v2\/pages\/6040\/revisions\/69311"}],"up":[{"embeddable":true,"href":"https:\/\/www.topohvar.at\/topo\/wp-json\/wp\/v2\/pages\/109"}],"wp:attachment":[{"href":"https:\/\/www.topohvar.at\/topo\/wp-json\/wp\/v2\/media?parent=6040"}],"curies":[{"name":"wp","href":"https:\/\/api.w.org\/{rel}","templated":true}]}}