{"id":6070,"date":"2018-08-18T08:05:47","date_gmt":"2018-08-18T06:05:47","guid":{"rendered":"https:\/\/www.topohvar.at\/?page_id=6070"},"modified":"2025-05-20T12:33:52","modified_gmt":"2025-05-20T10:33:52","slug":"va-is-03-1","status":"publish","type":"page","link":"https:\/\/www.topohvar.at\/topo\/orte\/va\/va-is-03-1\/","title":{"rendered":"VRBOSKA &#8211; Spomen plo\u010da \u00bbKu\u0107a Rajmund Kupareo\u00ab"},"content":{"rendered":"<p><strong><img loading=\"lazy\" decoding=\"async\" class=\"alignnone wp-image-5988 size-large\" src=\"https:\/\/www.topohvar.at\/wp-content\/uploads\/2018\/08\/VA-IS-03-0-1024x503.jpg\" alt=\"\" width=\"640\" height=\"314\" srcset=\"https:\/\/www.topohvar.at\/wp-content\/uploads\/2018\/08\/VA-IS-03-0-1024x503.jpg 1024w, https:\/\/www.topohvar.at\/wp-content\/uploads\/2018\/08\/VA-IS-03-0-300x147.jpg 300w, https:\/\/www.topohvar.at\/wp-content\/uploads\/2018\/08\/VA-IS-03-0-768x377.jpg 768w, https:\/\/www.topohvar.at\/wp-content\/uploads\/2018\/08\/VA-IS-03-0.jpg 1080w\" sizes=\"auto, (max-width: 640px) 100vw, 640px\" \/><\/strong><\/p>\n<p><strong>Ime \/ Name<br \/>\n<\/strong>Spomen plo\u010da \u00bbKu\u0107a Rajmund Kupareo\u00ab \/ Gedenktafel Haus\u00a0Raimund Kupareo<\/p>\n<p><strong>Code: <\/strong>VA-IS-03\u00a0 \u00a0 \u00a0 \u00a0 \u00a0 \u00a0 \u00a0 \u00a0 \u00a0 \u00a0 \u00a0 \u00a0 \u00a0<strong>\u00a0 \u00a0 \u00a0 \u00a0 \u00a0<a href=\"https:\/\/www.topohvar.at\/orte\/va\/va-ih-00-0\/\"><img loading=\"lazy\" decoding=\"async\" class=\"alignnone wp-image-12300 size-full\" src=\"https:\/\/www.topohvar.at\/wp-content\/uploads\/2018\/09\/push-vor-30.jpg\" alt=\"\" width=\"61\" height=\"30\" \/><\/a> <a href=\"https:\/\/www.topohvar.at\/orte\/va\/va-is-05-1\/\"><img loading=\"lazy\" decoding=\"async\" class=\"alignnone wp-image-533 size-full\" src=\"https:\/\/www.topohvar.at\/wp-content\/uploads\/2018\/07\/push-l-30.jpg\" alt=\"\" width=\"61\" height=\"30\" \/><\/a>\u00a0<a href=\"https:\/\/www.topohvar.at\/orte\/va\/\"><img loading=\"lazy\" decoding=\"async\" class=\"alignnone wp-image-535 size-full\" src=\"https:\/\/www.topohvar.at\/wp-content\/uploads\/2018\/07\/push-o-30.jpg\" alt=\"\" width=\"61\" height=\"30\" \/><\/a>\u00a0<a href=\"https:\/\/www.topohvar.at\/orte\/va\/va-is-01-1\/\"><img loading=\"lazy\" decoding=\"async\" class=\"alignnone wp-image-536 size-full\" src=\"https:\/\/www.topohvar.at\/wp-content\/uploads\/2018\/07\/push-r-30.jpg\" alt=\"\" width=\"61\" height=\"30\" \/><\/a><\/strong><\/p>\n<hr \/>\n<p><strong>Adresa \/ Adresse<br \/>\n<\/strong>Vrboska,\u00a0Riva, ku\u0107a Rajmund Kupareo<\/p>\n<p><strong>Lokalna polo\u017eaj \/ Position<a href=\"https:\/\/goo.gl\/maps\/zjf31Y3iCg5BXoV88\"><img loading=\"lazy\" decoding=\"async\" class=\"alignright wp-image-6252\" src=\"https:\/\/www.topohvar.at\/wp-content\/uploads\/2018\/08\/0855.jpg\" alt=\"\" width=\"134\" height=\"100\" \/><\/a><br \/>\n<\/strong><span style=\"color: #3366ff;\"><a style=\"color: #3366ff;\" href=\"https:\/\/goo.gl\/maps\/zjf31Y3iCg5BXoV88\">Latitude: N 43,18132\u00b0\u00a0 \u00a0 Longitude: E 16,67068\u00b0\u00a0<\/a><\/span><strong><br \/>\n<\/strong>Visina \/ H\u00f6he: 1 m<\/p>\n<p><strong>Zemlji\u0161te \/ Grundst\u00fccke<br \/>\n<\/strong>*349<div class='content-column one_half'><div style=\"padding-right:6px;\"><p><strong>Datum snimanja \/ Erfassungsdatum<br \/>\n<\/strong>08.10.2014 14:47:06<\/p>\n<hr \/>\n<p><strong>Informacije<\/strong><\/p>\n<p>Za obilje\u017eavanje 100. ro\u0111endana fra Rajmunda Kupareo, 26. rujna 2014. godine, na roditeljskoj je ku\u0107i na Rivi podignuta spomen-plo\u010da s natpisom:<\/p><\/div><\/div><div class='content-column one_half last_column'><div style=\"padding-right:0px;padding-left:6px;\"><p><strong>Za\u0161titni polo\u017eaj \/ Schutzstellung<br \/>\n<\/strong>&#8211;<\/p>\n<hr \/>\n<p><strong>Info<\/strong><\/p>\n<p>Im Zuge der Feierlichkeiten zum 100. Geburtstag von Pater Rajmund Kupareo wurden am, 26. September 2014 auf seinem Elternhaus auf der Riva eine Gedenktafel mit folgender Inschrift enth\u00fcllt.<\/p><\/div><\/div><div class='clear_column'><\/div><div class='content-column one_half'><div style=\"padding-right:6px;\"><p style=\"text-align: center;\">U OVOJ KU\u0106I<br \/>\nPROVEO JE DJETINJSTVO<br \/>\nRAJMUND KUPAREO<br \/>\n1914. &#8211; 1996.<br \/>\nDOMINIKANAC, FILOZOF, KNJI\u017dEVNIK,<br \/>\nSKLADATELJ I \u010cILEANSKI AKAEMIK<br \/>\nO STOJOJ OBLJETNICI RO\u0110ENJA<br \/>\nPOSTAVI\u0160E VRBOVLJANI<\/p><\/div><\/div><div class='content-column one_half last_column'><div style=\"padding-right:0px;padding-left:6px;\"><p style=\"text-align: center;\">In diesem Haus<br \/>\nverbrachte seine Kindheit.<br \/>\nRajmund Kupareo<br \/>\n1914 &#8211; 1996<br \/>\nDominikaner, Philosoph, Schriftsteller,<br \/>\nKomponist und \u010cileanski Akademiker.<br \/>\nAm Jahrestag seines Geburtstages von<br \/>\nden Bev\u00f6lkerung Vrboskas errichtet.<\/p><\/div><\/div><div class='clear_column'><\/div><div class='content-column one_half'><div style=\"padding-right:6px;\"><p>Fra Rajmund Kupareo je bio dominikanca, pisca, pjesnika, skladatelja i sveu\u010dili\u0161nog profesora kojeg je sve\u010deni\u010dki poziv i akademsko djelovanje odvelo daleko od rodne Vrboske.<\/p><\/div><\/div><div class='content-column one_half last_column'><div style=\"padding-right:0px;padding-left:6px;\"><p>Pater Rajmund Kupareo, war Dominikaner, Schriftsteller, Dichter, Komponist und Universit\u00e4tsprofessor, dessen Berufung zum Priestertum und akademische T\u00e4tigkeit weit \u00fcber seinen Geburtsort Vrboska gesch\u00e4tzt war.<\/p><\/div><\/div><div class='clear_column'><\/div><\/p>\n<hr \/>\n<p><strong>Linkovi \/ Links<\/strong><\/p>\n<p><span style=\"color: #3366ff;\"><a style=\"color: #3366ff;\" href=\"https:\/\/www.topohvar.at\/orte\/va\/va-tg-04-1\/\">Ku\u0107a Kupareo \/ Haus Kupareo<\/a><\/span><br \/>\n<span style=\"color: #3366ff;\"><a style=\"color: #3366ff;\" href=\"https:\/\/www.topohvar.at\/orte\/va\/va-mo-02-1\/\">Bista \u00bbDr. Fr. Rajmund Kupareo\u00ab \/ B\u00fcste des Raimund Kupareo<\/a><\/span><\/p>\n","protected":false},"excerpt":{"rendered":"<p>Ime \/ Name Spomen plo\u010da \u00bbKu\u0107a Rajmund Kupareo\u00ab \/ Gedenktafel Haus\u00a0Raimund Kupareo Code: VA-IS-03\u00a0 \u00a0 \u00a0 \u00a0 \u00a0 \u00a0 \u00a0 \u00a0 \u00a0 \u00a0 \u00a0 \u00a0 \u00a0\u00a0 \u00a0 \u00a0 \u00a0 \u00a0 \u00a0\u00a0 Adresa \/ Adresse Vrboska,\u00a0Riva, ku\u0107a Rajmund Kupareo Lokalna polo\u017eaj &hellip; <a href=\"https:\/\/www.topohvar.at\/topo\/orte\/va\/va-is-03-1\/\">Weiterlesen <span class=\"meta-nav\">&rarr;<\/span><\/a><\/p>\n","protected":false},"author":1,"featured_media":0,"parent":109,"menu_order":0,"comment_status":"closed","ping_status":"closed","template":"","meta":{"footnotes":""},"class_list":["post-6070","page","type-page","status-publish","hentry"],"_links":{"self":[{"href":"https:\/\/www.topohvar.at\/topo\/wp-json\/wp\/v2\/pages\/6070","targetHints":{"allow":["GET"]}}],"collection":[{"href":"https:\/\/www.topohvar.at\/topo\/wp-json\/wp\/v2\/pages"}],"about":[{"href":"https:\/\/www.topohvar.at\/topo\/wp-json\/wp\/v2\/types\/page"}],"author":[{"embeddable":true,"href":"https:\/\/www.topohvar.at\/topo\/wp-json\/wp\/v2\/users\/1"}],"replies":[{"embeddable":true,"href":"https:\/\/www.topohvar.at\/topo\/wp-json\/wp\/v2\/comments?post=6070"}],"version-history":[{"count":21,"href":"https:\/\/www.topohvar.at\/topo\/wp-json\/wp\/v2\/pages\/6070\/revisions"}],"predecessor-version":[{"id":72105,"href":"https:\/\/www.topohvar.at\/topo\/wp-json\/wp\/v2\/pages\/6070\/revisions\/72105"}],"up":[{"embeddable":true,"href":"https:\/\/www.topohvar.at\/topo\/wp-json\/wp\/v2\/pages\/109"}],"wp:attachment":[{"href":"https:\/\/www.topohvar.at\/topo\/wp-json\/wp\/v2\/media?parent=6070"}],"curies":[{"name":"wp","href":"https:\/\/api.w.org\/{rel}","templated":true}]}}