{"id":6072,"date":"2018-08-18T08:07:39","date_gmt":"2018-08-18T06:07:39","guid":{"rendered":"https:\/\/www.topohvar.at\/?page_id=6072"},"modified":"2025-05-20T12:30:51","modified_gmt":"2025-05-20T10:30:51","slug":"va-is-01-1","status":"publish","type":"page","link":"https:\/\/www.topohvar.at\/topo\/orte\/va\/va-is-01-1\/","title":{"rendered":"VRBOSKA &#8211; Spomen plo\u010da \u00bbCrvenoj komuni\u00ab"},"content":{"rendered":"<p><a name=\"seite_oben\"><\/a><br \/>\n<strong><img loading=\"lazy\" decoding=\"async\" class=\"alignnone wp-image-5986 size-large\" src=\"https:\/\/www.topohvar.at\/wp-content\/uploads\/2018\/08\/va-is-01-0-1024x503.jpg\" alt=\"\" width=\"640\" height=\"314\" srcset=\"https:\/\/www.topohvar.at\/wp-content\/uploads\/2018\/08\/va-is-01-0-1024x503.jpg 1024w, https:\/\/www.topohvar.at\/wp-content\/uploads\/2018\/08\/va-is-01-0-300x147.jpg 300w, https:\/\/www.topohvar.at\/wp-content\/uploads\/2018\/08\/va-is-01-0-768x377.jpg 768w, https:\/\/www.topohvar.at\/wp-content\/uploads\/2018\/08\/va-is-01-0.jpg 1080w\" sizes=\"auto, (max-width: 640px) 100vw, 640px\" \/><\/strong><\/p>\n<p><strong>Ime \/ Name<br \/>\n<\/strong>Spomen plo\u010da \u00bbCrvenoj komuni\u00ab \/ Gedenktafel Rote Kommune<\/p>\n<p><strong>Code: <\/strong>VA-IS-01\u00a0 \u00a0 \u00a0 \u00a0 \u00a0 \u00a0 \u00a0 \u00a0<strong>\u00a0 \u00a0 \u00a0 \u00a0 \u00a0 \u00a0 \u00a0 \u00a0 \u00a0 <a href=\"https:\/\/www.topohvar.at\/orte\/va\/va-ih-00-0\/\"><img loading=\"lazy\" decoding=\"async\" class=\"alignnone wp-image-12300 size-full\" src=\"https:\/\/www.topohvar.at\/wp-content\/uploads\/2018\/09\/push-vor-30.jpg\" alt=\"\" width=\"61\" height=\"30\" \/><\/a>\u00a0<a href=\"https:\/\/www.topohvar.at\/orte\/va\/va-is-03-1\/\"><img loading=\"lazy\" decoding=\"async\" class=\"alignnone wp-image-533 size-full\" src=\"https:\/\/www.topohvar.at\/wp-content\/uploads\/2018\/07\/push-l-30.jpg\" alt=\"\" width=\"61\" height=\"30\" \/><\/a>\u00a0<a href=\"https:\/\/www.topohvar.at\/orte\/va\/\"><img loading=\"lazy\" decoding=\"async\" class=\"alignnone wp-image-535 size-full\" src=\"https:\/\/www.topohvar.at\/wp-content\/uploads\/2018\/07\/push-o-30.jpg\" alt=\"\" width=\"61\" height=\"30\" \/><\/a>\u00a0<a href=\"https:\/\/www.topohvar.at\/orte\/va\/va-is-10-1\/\"><img loading=\"lazy\" decoding=\"async\" class=\"alignnone wp-image-536 size-full\" src=\"https:\/\/www.topohvar.at\/wp-content\/uploads\/2018\/07\/push-r-30.jpg\" alt=\"\" width=\"61\" height=\"30\" \/><\/a><\/strong><\/p>\n<hr \/>\n<p><strong>Adresa \/ Adresse<br \/>\n<\/strong>Vrboska,\u00a0Osnovne \u0161kole \/ Grundschule<\/p>\n<p><strong>Lokalna polo\u017eaj \/ Position<a href=\"https:\/\/goo.gl\/maps\/ZozkMtyEM3ex4LNE7\"><img loading=\"lazy\" decoding=\"async\" class=\"alignright wp-image-6258\" src=\"https:\/\/www.topohvar.at\/wp-content\/uploads\/2018\/08\/0851.jpg\" alt=\"\" width=\"134\" height=\"100\" \/><\/a><br \/>\n<\/strong><span style=\"color: #3366ff;\"><a style=\"color: #3366ff;\" href=\"https:\/\/goo.gl\/maps\/ZozkMtyEM3ex4LNE7\">Latitude: N 43,18147\u00b0\u00a0 \u00a0 Longitude: E 16,67010\u00b0\u00a0<\/a><\/span><strong><br \/>\n<\/strong>Visina \/ H\u00f6he: 2 m<\/p>\n<p><strong>Zemlji\u0161te \/ Grundst\u00fccke<br \/>\n<\/strong>*143<div class='content-column one_half'><div style=\"padding-right:6px;\"><p><strong>Datum snimanja \/ Erfassungsdatum<br \/>\n<\/strong>02.05.2014 16:02:34<\/p>\n<hr \/>\n<p><strong>Informacije<\/strong><\/p>\n<p>Spomen plo\u010da od crnog mramora, postavljena je na pro\u010delju zgrade Osnovne \u0161kole u Vrboskoj. Postavljena je u spomen \u010detrdesetogodi\u0161njice velike pobjede komunista na izborima za op\u0107inska vije\u0107a 1940. g.<\/p><\/div><\/div><div class='content-column one_half last_column'><div style=\"padding-right:0px;padding-left:6px;\"><p><strong>Za\u0161titni polo\u017eaj \/ Schutzstellung<br \/>\n<\/strong>&#8211;<\/p>\n<hr \/>\n<p><strong>Info<\/strong><\/p>\n<p>Die Gedenktafel aus schwarzem Marmor befindet sich an der Fassade der Grundschule von Vrboska. Sie wurde anl\u00e4sslich des vierzigsten Jahrestages des gro\u00dfen Sieges der Kommunisten bei der Gemeinderatswahlen im Jahre 1940 errichtet.<\/p><\/div><\/div><div class='clear_column'><\/div><div class='content-column one_half'><div style=\"padding-right:6px;\"><p>Natpis:<\/p>\n<p>DEVETNAESTOG SVIBNJA 1940 GODINE<br \/>\nU OVOJ ZGRADI \u2013 SJEDISTU ONDA\u0160NJE OP\u0106INE<br \/>\n&#8211; NA IZBORIMA ZA OP\u0106INSKA VIJE\u0106A<br \/>\nKOMUNISTI SU UPRKOS TERORU DOBILE DVIJE<br \/>\nTRE\u0106INE MANDATA I NOSTVARILI<br \/>\nVELIKU POLI\u010cKU POBJEDU<br \/>\nPROTUNARODNI RE\u017dIM PONI\u0160TAVA IZBORE<br \/>\nDA BI SPRIJE\u010cIO USPOSTAVLJANJE<br \/>\nCRVENE KOMUNE KOJU JE RADNI NAROD<br \/>\nPOD RUKOVODSTVOM KOMUNISTI\u010cKE PARTIJE<br \/>\nO\u017dIVOTVORIO U REVOLUCIONARNOJ<br \/>\nBORBI 1941 \u2013 1945 GODINE<\/p><\/div><\/div><div class='content-column one_half last_column'><div style=\"padding-right:0px;padding-left:6px;\"><p>Inschrift:<\/p>\n<p>Am 19. Mai 1940 erhielten in diesem<br \/>\nGeb\u00e4ude \u2013 am fr\u00fcheren Sitz der Gemeinde<br \/>\n\u2013 bei der Wahl der Gemeinder\u00e4te die<br \/>\nKommunisten trotz Terrors<br \/>\nzwei Drittel der Mandate und verzeichneten<br \/>\neinen gro\u00dfen politischen Sieg<br \/>\nGegen die Abstimmung erhob das<br \/>\nEstablishment Einspruch um die Gr\u00fcndung<br \/>\nder roten Gemeinde durch die Werkt\u00e4tigen<br \/>\nzu verhindern. Unter der Leitung der Kommunistischen<br \/>\nPartei wurde der revolution\u00e4re Kampf<br \/>\nin den Jahren 1941-1945 realisiert.<\/p><\/div><\/div><div class='clear_column'><\/div><div class='content-column one_half'><div style=\"padding-right:6px;\"><p>U POVODU \u010cETRDESETE OBLJETNICE TOGA<br \/>\nPOVIJESNOG DOGADAJA<br \/>\nOVU SPOMEN \u2013 PLOCU POSTAVI ODBOR ZA NJEGOVANJE<br \/>\nI RAZVIJANJE REVOLUCIONARNIH TRADICIJA OTOKA HVARA<\/p><\/div><\/div><div class='content-column one_half last_column'><div style=\"padding-right:0px;padding-left:6px;\"><p>Anl\u00e4sslich des vierzigsten Jubil\u00e4ums<br \/>\ndieses historischen Ereignisses.<br \/>\nDiese Gedenktafel errichtete der Ausschuss zur Pflege<br \/>\nund Entwicklung der revolution\u00e4ren Traditionen der Insel Hvar<\/p><\/div><\/div><div class='clear_column'><\/div><div class='content-column one_half'><div style=\"padding-right:6px;\"><p>Tekst spomen plo\u010de je sastavio knji\u017eevnik Jure Frani\u010devi\u0107 Plo\u010dar. Spomen plo\u010du je postavio Odbor za njegovanje revolucionarnih tradicija otoka Hvara, 10. decembra 1980. godine.<\/p><\/div><\/div><div class='content-column one_half last_column'><div style=\"padding-right:0px;padding-left:6px;\"><p>Der Text der Gedenktafel stammt vom Schriftsteller Jure Frani\u010devi\u0107 Plo\u010dar. Die Gedenktafel wurde vom Ausschuss zur F\u00f6rderung der revolution\u00e4ren Traditionen der Insel am 10. 12. 1980 errichtet.<\/p><\/div><\/div><div class='clear_column'><\/div><\/p>\n<p style=\"text-align: right;\"><span style=\"color: #3366ff;\"><a style=\"color: #3366ff;\" href=\"#seite_oben\">natrag na vrh \/ Seitenanfang<\/a><\/span><\/p>\n<hr \/>\n<p><strong>Linkovi \/ Links<\/strong><\/p>\n<p><span style=\"color: #3366ff;\"><a style=\"color: #3366ff;\" href=\"https:\/\/www.topohvar.at\/orte\/va\/va-tg-01-1\/\">Osnovna \u0161kola \/ Grundschule<\/a><\/span><\/p>\n","protected":false},"excerpt":{"rendered":"<p>Ime \/ Name Spomen plo\u010da \u00bbCrvenoj komuni\u00ab \/ Gedenktafel Rote Kommune Code: VA-IS-01\u00a0 \u00a0 \u00a0 \u00a0 \u00a0 \u00a0 \u00a0 \u00a0\u00a0 \u00a0 \u00a0 \u00a0 \u00a0 \u00a0 \u00a0 \u00a0 \u00a0 \u00a0\u00a0\u00a0 Adresa \/ Adresse Vrboska,\u00a0Osnovne \u0161kole \/ Grundschule Lokalna polo\u017eaj \/ Position &hellip; <a href=\"https:\/\/www.topohvar.at\/topo\/orte\/va\/va-is-01-1\/\">Weiterlesen <span class=\"meta-nav\">&rarr;<\/span><\/a><\/p>\n","protected":false},"author":1,"featured_media":0,"parent":109,"menu_order":0,"comment_status":"closed","ping_status":"closed","template":"","meta":{"footnotes":""},"class_list":["post-6072","page","type-page","status-publish","hentry"],"_links":{"self":[{"href":"https:\/\/www.topohvar.at\/topo\/wp-json\/wp\/v2\/pages\/6072","targetHints":{"allow":["GET"]}}],"collection":[{"href":"https:\/\/www.topohvar.at\/topo\/wp-json\/wp\/v2\/pages"}],"about":[{"href":"https:\/\/www.topohvar.at\/topo\/wp-json\/wp\/v2\/types\/page"}],"author":[{"embeddable":true,"href":"https:\/\/www.topohvar.at\/topo\/wp-json\/wp\/v2\/users\/1"}],"replies":[{"embeddable":true,"href":"https:\/\/www.topohvar.at\/topo\/wp-json\/wp\/v2\/comments?post=6072"}],"version-history":[{"count":16,"href":"https:\/\/www.topohvar.at\/topo\/wp-json\/wp\/v2\/pages\/6072\/revisions"}],"predecessor-version":[{"id":72106,"href":"https:\/\/www.topohvar.at\/topo\/wp-json\/wp\/v2\/pages\/6072\/revisions\/72106"}],"up":[{"embeddable":true,"href":"https:\/\/www.topohvar.at\/topo\/wp-json\/wp\/v2\/pages\/109"}],"wp:attachment":[{"href":"https:\/\/www.topohvar.at\/topo\/wp-json\/wp\/v2\/media?parent=6072"}],"curies":[{"name":"wp","href":"https:\/\/api.w.org\/{rel}","templated":true}]}}