{"id":617,"date":"2018-07-26T07:41:27","date_gmt":"2018-07-26T05:41:27","guid":{"rendered":"https:\/\/www.topohvar.at\/?page_id=617"},"modified":"2022-08-28T10:21:51","modified_gmt":"2022-08-28T08:21:51","slug":"bo-is-03-2","status":"publish","type":"page","link":"https:\/\/www.topohvar.at\/topo\/orte\/bo\/bo-is-03-2\/","title":{"rendered":"BOGOMOLJE &#8211; Spomen plo\u010da \u00bbLeopold Ne\u017ei\u0107\u00ab"},"content":{"rendered":"<p><a name=\"seite_oben\"><\/a><br \/>\n<strong><img loading=\"lazy\" decoding=\"async\" class=\"alignnone wp-image-620 size-large\" src=\"https:\/\/www.topohvar.at\/wp-content\/uploads\/2018\/07\/BO-IS-03-1-1024x503.jpg\" alt=\"\" width=\"640\" height=\"314\" srcset=\"https:\/\/www.topohvar.at\/wp-content\/uploads\/2018\/07\/BO-IS-03-1-1024x503.jpg 1024w, https:\/\/www.topohvar.at\/wp-content\/uploads\/2018\/07\/BO-IS-03-1-300x147.jpg 300w, https:\/\/www.topohvar.at\/wp-content\/uploads\/2018\/07\/BO-IS-03-1-768x377.jpg 768w\" sizes=\"auto, (max-width: 640px) 100vw, 640px\" \/><\/strong><\/p>\n<p><strong>Ime \/ Name<br \/>\n<\/strong>Spomen plo\u010da \u00bbLeopold Ne\u017ei\u0107\u00ab\u00a0\/ Gedenktafel \u00bbLeopold Ne\u017ei\u0107\u00ab<\/p>\n<p><strong>Code: <\/strong>BO-IS-03\u00a0 \u00a0 \u00a0 \u00a0 \u00a0 \u00a0 \u00a0 \u00a0 \u00a0 \u00a0 \u00a0 \u00a0 \u00a0 \u00a0 \u00a0 \u00a0\u00a0<strong><a href=\"https:\/\/www.topohvar.at\/orte\/bo\/bo-is-02-2\/\"><img loading=\"lazy\" decoding=\"async\" class=\"alignnone wp-image-533 size-full\" src=\"https:\/\/www.topohvar.at\/wp-content\/uploads\/2018\/07\/push-l-30.jpg\" alt=\"\" width=\"61\" height=\"30\" \/><\/a> <a href=\"https:\/\/www.topohvar.at\/orte\/bo\/\"><img loading=\"lazy\" decoding=\"async\" class=\"alignnone wp-image-535 size-full\" src=\"https:\/\/www.topohvar.at\/wp-content\/uploads\/2018\/07\/push-o-30.jpg\" alt=\"\" width=\"61\" height=\"30\" \/><\/a> <a href=\"https:\/\/www.topohvar.at\/orte\/bo\/bo-is-08-2\/\"><img loading=\"lazy\" decoding=\"async\" class=\"alignnone wp-image-536 size-full\" src=\"https:\/\/www.topohvar.at\/wp-content\/uploads\/2018\/07\/push-r-30.jpg\" alt=\"\" width=\"61\" height=\"30\" \/><\/a><\/strong><\/p>\n<hr \/>\n<p><strong>Adresa \/ Adresse<br \/>\n<\/strong>\u00a0Bogomolje, Selo, ku\u0107a Dinko Srhoj \/ Selo, Haus Dinko Srhoj<\/p>\n<p><strong>Lokacija \/ Position<a href=\"https:\/\/goo.gl\/maps\/pzX5VLLtGcSCQe1r6\"><img loading=\"lazy\" decoding=\"async\" class=\"alignright wp-image-470\" src=\"https:\/\/www.topohvar.at\/wp-content\/uploads\/2018\/07\/0014.jpg\" alt=\"\" width=\"134\" height=\"100\" \/><\/a><br \/>\n<\/strong><span style=\"color: #3366ff;\"><a style=\"color: #3366ff;\" href=\"https:\/\/goo.gl\/maps\/pzX5VLLtGcSCQe1r6\">Latitude: N 43,13082\u00b0 Longitude: E 16,99752\u00b0<\/a> <\/span><strong><br \/>\n<\/strong>Visina \/ H\u00f6he: 232 m<\/p>\n<p><strong>Katastarska \u010destica<\/strong><strong> \/ Grundst\u00fccke<br \/>\n<\/strong>*326<div class='content-column one_half'><div style=\"padding-right:6px;\"><p><strong>Datum snimanja \/ Erfassungsdatum<br \/>\n<\/strong>29.05.2014 10:39:25<\/p>\n<hr \/>\n<p><strong>Informacije<\/strong><\/p>\n<p>Spomen plo\u010da od bijelog mramora, postavljena je na ku\u0107i Dinka Srhoja, na mjestu gdje je ubijen, student Leopold Ne\u017ei\u0107, 26. XII 1938. godine.<\/p><\/div><\/div><div class='content-column one_half last_column'><div style=\"padding-right:0px;padding-left:6px;\"><p><strong>Stupanj za\u0161tite<\/strong><strong> \/ Schutzstellung<br \/>\n<\/strong>&#8211;<\/p>\n<hr \/>\n<p><strong>Info<\/strong><\/p>\n<p>Die Gedenktafel aus wei\u00dfem Marmor befindet sich am Haus des Dinko Srhoj, an der Stelle wo der Student Leopold Ne\u017ei\u0107 am 26.12.1938 get\u00f6tet wurde.<\/p><\/div><\/div><div class='clear_column'><\/div><div class='content-column one_half'><div style=\"padding-right:6px;\"><p>Postavio je Saveza boraca, 27.7.1951. g. povodom proslave Dana ustanka naroda Hrvatske.<\/p><\/div><\/div><div class='content-column one_half last_column'><div style=\"padding-right:0px;padding-left:6px;\"><p>Errichtet am 27.7.1951 von der Soldatenvereinigung anl\u00e4sslich des Feiertags des Aufstands des kroatischen Volkes.<\/p><\/div><\/div><div class='clear_column'><\/div><div class='content-column one_half'><div style=\"padding-right:6px;\"><p>Natpis:<\/p>\n<p style=\"text-align: center;\">NA OVOM MJESTU<br \/>\nMU\u010cKI JE UBIJEN<br \/>\n<strong>LEOPOLD NE\u017dI\u0106<\/strong><br \/>\nNAPREDNI STUDENT<br \/>\nPOGO\u0189EN \u017dANDARMERIJSKIM<br \/>\nMECIMA<br \/>\nDANA 26. XII 1938.<br \/>\nSAVEZ BORACA BOGOMOLJE<\/p><\/div><\/div><div class='content-column one_half last_column'><div style=\"padding-right:0px;padding-left:6px;\"><p>Inschrift:<\/p>\n<p style=\"text-align: center;\">An dieser Stelle<br \/>\nwurde get\u00f6tet<br \/>\n<strong>Leopold Ne\u017ei\u0107<\/strong><br \/>\nfortschrittlicher Student<br \/>\nvon Kugeln der Gendarmerie<br \/>\ngetroffen<br \/>\nam 26.12.1938.<br \/>\nVereinigung der Soldaten von Bogomolje<\/p><\/div><\/div><div class='clear_column'><\/div><div class='content-column one_half'><div style=\"padding-right:6px;\"><p>Na zidu ku\u0107e nalazi se jo\u0161 jedna plo\u010da \u00bbu\u010de\u0161\u0107u iseljenika u izgradnji spomenika\u00ab<\/p><\/div><\/div><div class='content-column one_half last_column'><div style=\"padding-right:0px;padding-left:6px;\"><p>An der Hauswand befindet sich eine weiter Gedenktafel die an die Beteiligung der Emigranten am Denkmalbau erinnert.<\/p><\/div><\/div><div class='clear_column'><\/div><\/p>\n<p style=\"text-align: right;\"><a href=\"#seite_oben\">natrag na vrh \/ Seitenanfang<\/a><\/p>\n<hr \/>\n<p><strong>Linkovi \/ Links<\/strong><\/p>\n<p><span style=\"color: #3366ff;\"><a style=\"color: #3366ff;\" href=\"https:\/\/www.topohvar.at\/topo\/orte\/bo\/bo-is-02-2\/\">Spomen plo\u010da \u00bbU\u010de\u0161\u0107u iseljenika u izgradnji spomenika\u00ab\u00a0\/ Gedenktafel \u00bbBeteiligung der Emigranten am Denkmalbau\u00ab<\/a><\/span><\/p>\n","protected":false},"excerpt":{"rendered":"<p>Ime \/ Name Spomen plo\u010da \u00bbLeopold Ne\u017ei\u0107\u00ab\u00a0\/ Gedenktafel \u00bbLeopold Ne\u017ei\u0107\u00ab Code: BO-IS-03\u00a0 \u00a0 \u00a0 \u00a0 \u00a0 \u00a0 \u00a0 \u00a0 \u00a0 \u00a0 \u00a0 \u00a0 \u00a0 \u00a0 \u00a0 \u00a0\u00a0 Adresa \/ Adresse \u00a0Bogomolje, Selo, ku\u0107a Dinko Srhoj \/ Selo, Haus Dinko Srhoj &hellip; <a href=\"https:\/\/www.topohvar.at\/topo\/orte\/bo\/bo-is-03-2\/\">Weiterlesen <span class=\"meta-nav\">&rarr;<\/span><\/a><\/p>\n","protected":false},"author":1,"featured_media":0,"parent":63,"menu_order":0,"comment_status":"closed","ping_status":"closed","template":"","meta":{"footnotes":""},"class_list":["post-617","page","type-page","status-publish","hentry"],"_links":{"self":[{"href":"https:\/\/www.topohvar.at\/topo\/wp-json\/wp\/v2\/pages\/617","targetHints":{"allow":["GET"]}}],"collection":[{"href":"https:\/\/www.topohvar.at\/topo\/wp-json\/wp\/v2\/pages"}],"about":[{"href":"https:\/\/www.topohvar.at\/topo\/wp-json\/wp\/v2\/types\/page"}],"author":[{"embeddable":true,"href":"https:\/\/www.topohvar.at\/topo\/wp-json\/wp\/v2\/users\/1"}],"replies":[{"embeddable":true,"href":"https:\/\/www.topohvar.at\/topo\/wp-json\/wp\/v2\/comments?post=617"}],"version-history":[{"count":14,"href":"https:\/\/www.topohvar.at\/topo\/wp-json\/wp\/v2\/pages\/617\/revisions"}],"predecessor-version":[{"id":60523,"href":"https:\/\/www.topohvar.at\/topo\/wp-json\/wp\/v2\/pages\/617\/revisions\/60523"}],"up":[{"embeddable":true,"href":"https:\/\/www.topohvar.at\/topo\/wp-json\/wp\/v2\/pages\/63"}],"wp:attachment":[{"href":"https:\/\/www.topohvar.at\/topo\/wp-json\/wp\/v2\/media?parent=617"}],"curies":[{"name":"wp","href":"https:\/\/api.w.org\/{rel}","templated":true}]}}