{"id":62582,"date":"2023-05-28T17:22:20","date_gmt":"2023-05-28T15:22:20","guid":{"rendered":"https:\/\/www.topohvar.at\/topo\/?page_id=62582"},"modified":"2023-08-10T16:52:05","modified_gmt":"2023-08-10T14:52:05","slug":"za-tr-c0-1","status":"publish","type":"page","link":"https:\/\/www.topohvar.at\/topo\/orte\/za\/za-tr-c0-1\/","title":{"rendered":"ZASTRA\u017dI\u0160\u0106E \u2013 Trim \u00bbZA-TR-C0\u00ab"},"content":{"rendered":"<p><a name=\"seite_oben\"><\/a><br \/>\n<strong><img loading=\"lazy\" decoding=\"async\" class=\"aligncenter wp-image-62586 size-full\" src=\"https:\/\/www.topohvar.at\/wp-content\/uploads\/2023\/05\/za-tr-c0-0.jpg\" alt=\"\" width=\"1080\" height=\"530\" srcset=\"https:\/\/www.topohvar.at\/wp-content\/uploads\/2023\/05\/za-tr-c0-0.jpg 1080w, https:\/\/www.topohvar.at\/wp-content\/uploads\/2023\/05\/za-tr-c0-0-300x147.jpg 300w, https:\/\/www.topohvar.at\/wp-content\/uploads\/2023\/05\/za-tr-c0-0-1024x503.jpg 1024w, https:\/\/www.topohvar.at\/wp-content\/uploads\/2023\/05\/za-tr-c0-0-768x377.jpg 768w\" sizes=\"auto, (max-width: 1080px) 100vw, 1080px\" \/><\/strong><\/p>\n<p><strong>Ime \/ Name<br \/>\n<\/strong>Trim \u00bbZA-TR-C0\u00ab<\/p>\n<p><strong>Code: <\/strong>ZA-TR-C0\u00a0 \u00a0 \u00a0 \u00a0 \u00a0 \u00a0 \u00a0 \u00a0 \u00a0 \u00a0 \u00a0 \u00a0 \u00a0 <a href=\"https:\/\/www.topohvar.at\/orte\/za\/za-tr-00-00\/\"><img loading=\"lazy\" decoding=\"async\" class=\"alignnone wp-image-12300 size-full\" src=\"https:\/\/www.topohvar.at\/wp-content\/uploads\/2018\/09\/push-vor-30.jpg\" alt=\"\" width=\"61\" height=\"30\" \/><\/a>\u00a0<strong><a href=\"https:\/\/www.topohvar.at\/orte\/za\/za-tr-b1-1\/\"><img loading=\"lazy\" decoding=\"async\" class=\"alignnone wp-image-533 size-full\" src=\"https:\/\/www.topohvar.at\/wp-content\/uploads\/2018\/07\/push-l-30.jpg\" alt=\"\" width=\"61\" height=\"30\" \/><\/a> <a href=\"https:\/\/www.topohvar.at\/orte\/za\/\"><img loading=\"lazy\" decoding=\"async\" class=\"alignnone wp-image-535 size-full\" src=\"https:\/\/www.topohvar.at\/wp-content\/uploads\/2018\/07\/push-o-30.jpg\" alt=\"\" width=\"61\" height=\"30\" \/><\/a> <a href=\"https:\/\/www.topohvar.at\/orte\/za\/za-tr-15-1\/\"><img loading=\"lazy\" decoding=\"async\" class=\"alignnone wp-image-536 size-full\" src=\"https:\/\/www.topohvar.at\/wp-content\/uploads\/2018\/07\/push-r-30.jpg\" alt=\"\" width=\"61\" height=\"30\" \/><\/a><\/strong><\/p>\n<hr \/>\n<p><strong>Adresa \/ Adresse<br \/>\n<\/strong>Zastra\u017ei\u0161\u0107e, Vrh<\/p>\n<p><strong>Lokacija \/ Position<a href=\"https:\/\/goo.gl\/maps\/HmoHH72deVzNiSCr9\"><img loading=\"lazy\" decoding=\"async\" class=\"alignright wp-image-62583\" src=\"https:\/\/www.topohvar.at\/wp-content\/uploads\/2023\/05\/3816.jpg\" alt=\"\" width=\"134\" height=\"100\" \/><\/a><br \/>\n<\/strong><a href=\"https:\/\/goo.gl\/maps\/HmoHH72deVzNiSCr9\"><span style=\"color: #3366ff;\">Latitude: N 43,13337\u00b0\u00a0 \u00a0Longitude: E 16,84427\u00b0<\/span><\/a> <strong><br \/>\n<\/strong>Visina \/ H\u00f6he: 315 m<\/p>\n<p><strong>Katastarska \u010destica \/ Grundst\u00fccke<br \/>\n<\/strong>2036\/144<div class='content-column one_half'><div style=\"padding-right:6px;\"><p><strong>Datum snimanja \/ Erfassungsdatum<br \/>\n<\/strong>12.05.2023 11:57:00<\/p>\n<hr \/>\n<p><strong>Informacije<\/strong><\/p>\n<p>Trim se nalazi u grmlju biv\u0161e poljoprivredne povr\u0161ine na podru\u010dju Vrha. Jako je o\u0161te\u0107ena, kupola joj je ve\u0107im dijelom uru\u0161ena, a djelomi\u010dno su joj o\u0161te\u0107eni lijevi bok i stra\u017enja strana. Desna strana je oja\u010dana kamenim prstenom koji se prote\u017ee prema stra\u017enjoj strani. Prstenasta armatura tako\u0111er po\u010dinje lijevo od ulaza. Trapezoidni ulaz vodi u unutra\u0161njost posutu kamenom.<\/p><\/div><\/div><div class='content-column one_half last_column'><div style=\"padding-right:0px;padding-left:6px;\"><p><strong>Stupanj za\u0161tite \/ Schutzstellung<br \/>\n<\/strong>&#8211;<\/p>\n<hr \/>\n<p><strong>Info<\/strong><\/p>\n<p>Der Trim befindet sich im Buschwerk eines ehemals landwirtschaftlich gepr\u00e4gten Bereichs in der Gegend Vrh. Er ist stark besch\u00e4digt, Seine Kuppel ist gr\u00f6\u00dftenteils eingest\u00fcrzt, auch seine linke Seite und die R\u00fcckseite sind zum Teil besch\u00e4digt. Die rechte Seite wird durch ein Steinring verst\u00e4rkt, der sich bis zur R\u00fcckseite erstreckt. Auch links vom Eingang beginnt eine ringf\u00f6rmige Verst\u00e4rkung. Durch den trapezf\u00f6rmigen Eingang gelangt man in den mit Steinen \u00fcbers\u00e4ten Innenraum.<\/p><\/div><\/div><div class='clear_column'><\/div><div class='content-column one_half'><div style=\"padding-right:6px;\"><div id=\"attachment_63650\" style=\"width: 310px\" class=\"wp-caption aligncenter\"><img loading=\"lazy\" decoding=\"async\" aria-describedby=\"caption-attachment-63650\" class=\"size-medium wp-image-63650\" src=\"https:\/\/www.topohvar.at\/wp-content\/uploads\/2023\/06\/za-tr-c0-11-300x300.jpg\" alt=\"\" width=\"300\" height=\"300\" srcset=\"https:\/\/www.topohvar.at\/wp-content\/uploads\/2023\/06\/za-tr-c0-11-300x300.jpg 300w, https:\/\/www.topohvar.at\/wp-content\/uploads\/2023\/06\/za-tr-c0-11-150x150.jpg 150w, https:\/\/www.topohvar.at\/wp-content\/uploads\/2023\/06\/za-tr-c0-11.jpg 450w\" sizes=\"auto, (max-width: 300px) 100vw, 300px\" \/><p id=\"caption-attachment-63650\" class=\"wp-caption-text\">ulaz \/ Eingang<\/p><\/div>\n<p>Dana 12.05.2023 trim ZA-TR-C0 je posje\u0107en i ustanovljeno je sljede\u0107e:<\/p>\n<p>Lokacija: grmlje<br \/>\nPodloga: ravna<br \/>\nPovezan s: kamenim zidom<br \/>\nUpotreba: ne koristi se<br \/>\nStanje: kupola se djelomi\u010dno sru\u0161ila<br \/>\nBroj stepenica trima: ?<br \/>\nDodatni kameni prsten: ure\u0111eni prsten<br \/>\nStepeni\u0161te: nema<br \/>\nOblik kamena: uglast<br \/>\nPodru\u010dje ispred ulaza: lako dostupno<br \/>\nOrijentacija ulaza: J (200\u00b0)<br \/>\nPromjer trima (cm): 490<br \/>\nVisina trima (cm): ?<br \/>\nVisina stepenica (cm): stepenica 1: ?<br \/>\nDebljina zida (cm): 0<br \/>\n\u0160irina vrata (cm): 55<br \/>\nVisina vrata (cm): 135<br \/>\n\u0160irina unutra (cm): 260 &#8211; 290<br \/>\nVisina unutra (cm): ?<br \/>\nVolumen iznutra (m3): ?<br \/>\nNema ni\u0161e<\/p><\/div><\/div><div class='content-column one_half last_column'><div style=\"padding-right:0px;padding-left:6px;\"><div id=\"attachment_63651\" style=\"width: 310px\" class=\"wp-caption aligncenter\"><img loading=\"lazy\" decoding=\"async\" aria-describedby=\"caption-attachment-63651\" class=\"size-medium wp-image-63651\" src=\"https:\/\/www.topohvar.at\/wp-content\/uploads\/2023\/06\/za-tr-c0-12-300x300.jpg\" alt=\"\" width=\"300\" height=\"300\" srcset=\"https:\/\/www.topohvar.at\/wp-content\/uploads\/2023\/06\/za-tr-c0-12-300x300.jpg 300w, https:\/\/www.topohvar.at\/wp-content\/uploads\/2023\/06\/za-tr-c0-12-150x150.jpg 150w, https:\/\/www.topohvar.at\/wp-content\/uploads\/2023\/06\/za-tr-c0-12.jpg 450w\" sizes=\"auto, (max-width: 300px) 100vw, 300px\" \/><p id=\"caption-attachment-63651\" class=\"wp-caption-text\">pogled prema jugu \/ Blick gegen S\u00fcden<\/p><\/div>\n<p>Am 12.05.2023 wurde der Trim ZA-TR-C0 besucht und n\u00e4her untersucht:<\/p>\n<p>Standort: Buschwerk<br \/>\nUntergrund: eben<br \/>\nVerbunden mit: Steinmauer<br \/>\nNutzung: ungenutzt<br \/>\nZustand: Kuppel teilweise eingest\u00fcrzt<br \/>\nAnzahl der Trimstufen: ?<br \/>\nZus\u00e4tzlicher Steinring: Steinring geordnet<br \/>\nStiege: keine<br \/>\nSteinform: kantig<br \/>\nEingangsbereich: frei<br \/>\nEingangsseite: S (200\u00b0)<br \/>\nTrimdurchmesser (cm): 490<br \/>\nTrimh\u00f6he (cm): ?<br \/>\nH\u00f6he der Trimstufen (cm): Stufe 1: ?<br \/>\nWandst\u00e4rke (cm): 100<br \/>\nT\u00fcrbreite (cm): 55<br \/>\nT\u00fcrh\u00f6he (cm): 135<br \/>\nInnenraumbreite (cm): 260 &#8211; 290<br \/>\nInnenraumh\u00f6he (cm): ?<br \/>\nRaumvolumen (m3): ?<br \/>\nKeine Nische<\/p><\/div><\/div><div class='clear_column'><\/div><br \/>\n<img loading=\"lazy\" decoding=\"async\" class=\"aligncenter size-full wp-image-63955\" src=\"https:\/\/www.topohvar.at\/wp-content\/uploads\/2023\/08\/za-tr-c0-sca.jpg\" alt=\"\" width=\"640\" height=\"962\" srcset=\"https:\/\/www.topohvar.at\/wp-content\/uploads\/2023\/08\/za-tr-c0-sca.jpg 640w, https:\/\/www.topohvar.at\/wp-content\/uploads\/2023\/08\/za-tr-c0-sca-200x300.jpg 200w\" sizes=\"auto, (max-width: 640px) 100vw, 640px\" \/><\/p>\n<p style=\"text-align: right;\"><a href=\"#seite_oben\">natrag na vrh \/ Seitenanfang<\/a><\/p>\n<hr \/>\n<p><strong>Linkovi \/ Links<\/strong><\/p>\n<p>&#8211;<\/p>\n","protected":false},"excerpt":{"rendered":"<p>Ime \/ Name Trim \u00bbZA-TR-C0\u00ab Code: ZA-TR-C0\u00a0 \u00a0 \u00a0 \u00a0 \u00a0 \u00a0 \u00a0 \u00a0 \u00a0 \u00a0 \u00a0 \u00a0 \u00a0 \u00a0 Adresa \/ Adresse Zastra\u017ei\u0161\u0107e, Vrh Lokacija \/ Position Latitude: N 43,13337\u00b0\u00a0 \u00a0Longitude: E 16,84427\u00b0 Visina \/ H\u00f6he: 315 m Katastarska &hellip; <a href=\"https:\/\/www.topohvar.at\/topo\/orte\/za\/za-tr-c0-1\/\">Weiterlesen <span class=\"meta-nav\">&rarr;<\/span><\/a><\/p>\n","protected":false},"author":1,"featured_media":0,"parent":115,"menu_order":0,"comment_status":"closed","ping_status":"closed","template":"","meta":{"footnotes":""},"class_list":["post-62582","page","type-page","status-publish","hentry"],"_links":{"self":[{"href":"https:\/\/www.topohvar.at\/topo\/wp-json\/wp\/v2\/pages\/62582","targetHints":{"allow":["GET"]}}],"collection":[{"href":"https:\/\/www.topohvar.at\/topo\/wp-json\/wp\/v2\/pages"}],"about":[{"href":"https:\/\/www.topohvar.at\/topo\/wp-json\/wp\/v2\/types\/page"}],"author":[{"embeddable":true,"href":"https:\/\/www.topohvar.at\/topo\/wp-json\/wp\/v2\/users\/1"}],"replies":[{"embeddable":true,"href":"https:\/\/www.topohvar.at\/topo\/wp-json\/wp\/v2\/comments?post=62582"}],"version-history":[{"count":7,"href":"https:\/\/www.topohvar.at\/topo\/wp-json\/wp\/v2\/pages\/62582\/revisions"}],"predecessor-version":[{"id":63957,"href":"https:\/\/www.topohvar.at\/topo\/wp-json\/wp\/v2\/pages\/62582\/revisions\/63957"}],"up":[{"embeddable":true,"href":"https:\/\/www.topohvar.at\/topo\/wp-json\/wp\/v2\/pages\/115"}],"wp:attachment":[{"href":"https:\/\/www.topohvar.at\/topo\/wp-json\/wp\/v2\/media?parent=62582"}],"curies":[{"name":"wp","href":"https:\/\/api.w.org\/{rel}","templated":true}]}}