{"id":635,"date":"2018-07-26T08:33:34","date_gmt":"2018-07-26T06:33:34","guid":{"rendered":"https:\/\/www.topohvar.at\/?page_id=635"},"modified":"2022-10-02T16:07:38","modified_gmt":"2022-10-02T14:07:38","slug":"bo-is-06-2","status":"publish","type":"page","link":"https:\/\/www.topohvar.at\/topo\/orte\/bo\/bo-is-06-2\/","title":{"rendered":"BOGOMOLJE &#8211; Spomen plo\u010da \u00bbPetar Matija\u0161evi\u0107-P.\u00ab"},"content":{"rendered":"<p><a name=\"seite_oben\"><\/a><br \/>\n<strong><img loading=\"lazy\" decoding=\"async\" class=\"alignnone wp-image-639 size-large\" src=\"https:\/\/www.topohvar.at\/wp-content\/uploads\/2018\/07\/BO-IS-06-1-1024x535.jpg\" alt=\"\" width=\"640\" height=\"334\" srcset=\"https:\/\/www.topohvar.at\/wp-content\/uploads\/2018\/07\/BO-IS-06-1-1024x535.jpg 1024w, https:\/\/www.topohvar.at\/wp-content\/uploads\/2018\/07\/BO-IS-06-1-300x157.jpg 300w, https:\/\/www.topohvar.at\/wp-content\/uploads\/2018\/07\/BO-IS-06-1-768x401.jpg 768w\" sizes=\"auto, (max-width: 640px) 100vw, 640px\" \/><\/strong><\/p>\n<p><strong>Ime \/ Name<br \/>\n<\/strong>Spomen plo\u010da \u00bbPetar Matija\u0161evi\u0107-P.\u00ab \/ Gedenktafel\u00a0\u00bbPetar Matija\u0161evi\u0107-P.\u00ab<\/p>\n<p><strong>Code: <\/strong>BO-IS-06\u00a0 \u00a0 \u00a0 \u00a0 \u00a0 \u00a0 \u00a0 \u00a0 \u00a0 \u00a0 \u00a0 \u00a0 \u00a0 \u00a0 \u00a0 \u00a0\u00a0<strong><a href=\"https:\/\/www.topohvar.at\/orte\/bo\/bo-is-05-2\/\"><img loading=\"lazy\" decoding=\"async\" class=\"alignnone wp-image-533 size-full\" src=\"https:\/\/www.topohvar.at\/wp-content\/uploads\/2018\/07\/push-l-30.jpg\" alt=\"\" width=\"61\" height=\"30\" \/><\/a> <a href=\"https:\/\/www.topohvar.at\/orte\/bo\/\"><img loading=\"lazy\" decoding=\"async\" class=\"alignnone wp-image-535 size-full\" src=\"https:\/\/www.topohvar.at\/wp-content\/uploads\/2018\/07\/push-o-30.jpg\" alt=\"\" width=\"61\" height=\"30\" \/><\/a> <a href=\"https:\/\/www.topohvar.at\/orte\/bo\/bo-is-09-1\/\"><img loading=\"lazy\" decoding=\"async\" class=\"alignnone wp-image-536 size-full\" src=\"https:\/\/www.topohvar.at\/wp-content\/uploads\/2018\/07\/push-r-30.jpg\" alt=\"\" width=\"61\" height=\"30\" \/><\/a><\/strong><\/p>\n<hr \/>\n<p><strong>Adresa \/ Adresse<br \/>\n<\/strong>Bogomolje-Glava<\/p>\n<p><strong>Lokacija<\/strong><strong> \/ Position<a href=\"https:\/\/goo.gl\/maps\/x2RBxSwKri3Qq4ox7\"><img loading=\"lazy\" decoding=\"async\" class=\"alignright wp-image-472\" src=\"https:\/\/www.topohvar.at\/wp-content\/uploads\/2018\/07\/0018.jpg\" alt=\"\" width=\"134\" height=\"100\" \/><\/a><br \/>\n<\/strong><a href=\"https:\/\/goo.gl\/maps\/x2RBxSwKri3Qq4ox7\">Latitude: N 43,13458\u00b0\u00a0 \u00a0Longitude: E 17,00434\u00b0<\/a> <strong><br \/>\n<\/strong>Visina \/ H\u00f6he: 250 m<\/p>\n<p><strong>Katastarska \u010destica <\/strong><strong>\/ Grundst\u00fccke<br \/>\n<\/strong>3687<div class='content-column one_half'><div style=\"padding-right:6px;\"><p><strong>Datum snimanja \/ Erfassungsdatum<br \/>\n<\/strong>27.10.2014 10:14:22<\/p>\n<hr \/>\n<p><strong>Informacije<\/strong><\/p>\n<p>Na bo\u010dne strane staze nalazi se minijaturna kapela. Na prednjoj strani je pri\u010dvr\u0161\u0107ena plo\u010da sa sljede\u0107im natpisom.<\/p><\/div><\/div><div class='content-column one_half last_column'><div style=\"padding-right:0px;padding-left:6px;\"><p><strong>Stupanj za\u0161tite<\/strong><strong> \/ Schutzstellung<br \/>\n<\/strong>&#8211;<\/p>\n<hr \/>\n<p><strong>Info<\/strong><\/p>\n<p>Die Gedenktafel am Wegrand ist an der Vorderseite einer Miniaturkapelle befestigt und hat folgende Inschrift:<\/p><\/div><\/div><div class='clear_column'><\/div><div class='content-column one_half'><div style=\"padding-right:6px;\"><p style=\"text-align: center;\"><strong>MATIJA\u0160EVI\u0106-P.<\/strong><br \/>\n<strong>PETAR<\/strong><br \/>\n21.V.1877-13.I.1951<br \/>\nTRAGI\u010cNO STRADAO<br \/>\nPRILIKOM PADA<br \/>\nNA OVOM MJESTU<br \/>\nOVO SPOMEN<br \/>\nOBELE\u017dJE U ZNAK<br \/>\nSJE\u0106ANJA I<br \/>\nZAHVALNOSTI<br \/>\nBOGOMOLJE\u00a0 \u00a0 \u00a0 \u00a0 \u00a0 \u00a0 \u00a0 \u00a0 \u00a0 \u00a0PODI\u017dE<br \/>\n13.I.1991 GOD.\u00a0 \u00a0 \u00a0 \u00a0 \u00a0 \u00a0 SIN ZORAN.<\/p>\n<p style=\"text-align: left;\"><\/div><\/div><div class='content-column one_half last_column'><div style=\"padding-right:0px;padding-left:6px;\"><p style=\"text-align: center;\"><strong>Peter Matija\u0161evi\u0107-P.<\/strong><br \/>\n<strong>Peter<\/strong><br \/>\n21.5.1877 &#8211; 13.1.1951,<br \/>\nstarb auf tragische Weise<br \/>\nbei einem Sturz<br \/>\nan diesem Ort.<br \/>\nDieses Denkmal<br \/>\nist ein Zeichen<br \/>\nder Erinnerung<br \/>\nund Dankbarkeit.<br \/>\nBogomolje\u00a0 \u00a0 \u00a0 \u00a0 \u00a0 \u00a0 \u00a0 \u00a0 \u00a0errichtet von<br \/>\nam 13.1.1991.\u00a0 \u00a0 \u00a0 \u00a0 \u00a0 \u00a0 \u00a0Sohn Zoran<\/p><\/div><\/div><div class='clear_column'><\/div><\/p>\n<p style=\"text-align: right;\"><a href=\"#seite_oben\">natrag na vrh \/ Seitenanfang<\/a><\/p>\n<hr \/>\n<p><strong>Linkovi \/ Links<\/strong><\/p>\n<p>&#8211;<\/p>\n","protected":false},"excerpt":{"rendered":"<p>Ime \/ Name Spomen plo\u010da \u00bbPetar Matija\u0161evi\u0107-P.\u00ab \/ Gedenktafel\u00a0\u00bbPetar Matija\u0161evi\u0107-P.\u00ab Code: BO-IS-06\u00a0 \u00a0 \u00a0 \u00a0 \u00a0 \u00a0 \u00a0 \u00a0 \u00a0 \u00a0 \u00a0 \u00a0 \u00a0 \u00a0 \u00a0 \u00a0\u00a0 Adresa \/ Adresse Bogomolje-Glava Lokacija \/ Position Latitude: N 43,13458\u00b0\u00a0 \u00a0Longitude: E 17,00434\u00b0 &hellip; <a href=\"https:\/\/www.topohvar.at\/topo\/orte\/bo\/bo-is-06-2\/\">Weiterlesen <span class=\"meta-nav\">&rarr;<\/span><\/a><\/p>\n","protected":false},"author":1,"featured_media":0,"parent":63,"menu_order":0,"comment_status":"closed","ping_status":"closed","template":"","meta":{"footnotes":""},"class_list":["post-635","page","type-page","status-publish","hentry"],"_links":{"self":[{"href":"https:\/\/www.topohvar.at\/topo\/wp-json\/wp\/v2\/pages\/635","targetHints":{"allow":["GET"]}}],"collection":[{"href":"https:\/\/www.topohvar.at\/topo\/wp-json\/wp\/v2\/pages"}],"about":[{"href":"https:\/\/www.topohvar.at\/topo\/wp-json\/wp\/v2\/types\/page"}],"author":[{"embeddable":true,"href":"https:\/\/www.topohvar.at\/topo\/wp-json\/wp\/v2\/users\/1"}],"replies":[{"embeddable":true,"href":"https:\/\/www.topohvar.at\/topo\/wp-json\/wp\/v2\/comments?post=635"}],"version-history":[{"count":12,"href":"https:\/\/www.topohvar.at\/topo\/wp-json\/wp\/v2\/pages\/635\/revisions"}],"predecessor-version":[{"id":60979,"href":"https:\/\/www.topohvar.at\/topo\/wp-json\/wp\/v2\/pages\/635\/revisions\/60979"}],"up":[{"embeddable":true,"href":"https:\/\/www.topohvar.at\/topo\/wp-json\/wp\/v2\/pages\/63"}],"wp:attachment":[{"href":"https:\/\/www.topohvar.at\/topo\/wp-json\/wp\/v2\/media?parent=635"}],"curies":[{"name":"wp","href":"https:\/\/api.w.org\/{rel}","templated":true}]}}