{"id":64495,"date":"2023-11-02T17:07:42","date_gmt":"2023-11-02T16:07:42","guid":{"rendered":"https:\/\/www.topohvar.at\/topo\/?page_id=64495"},"modified":"2024-02-04T09:59:20","modified_gmt":"2024-02-04T08:59:20","slug":"za-tr-c6-1","status":"publish","type":"page","link":"https:\/\/www.topohvar.at\/topo\/orte\/za\/za-tr-c6-1\/","title":{"rendered":"ZASTRA\u017dI\u0160\u0106E &#8211; Trim \u00bbZA-TR-C6\u00ab"},"content":{"rendered":"<p><a name=\"seite_oben\"><\/a><br \/>\n<strong><img loading=\"lazy\" decoding=\"async\" class=\"alignleft wp-image-64541 size-full\" src=\"https:\/\/www.topohvar.at\/wp-content\/uploads\/2023\/11\/za-tr-c6-2.jpg\" alt=\"\" width=\"1080\" height=\"530\" srcset=\"https:\/\/www.topohvar.at\/wp-content\/uploads\/2023\/11\/za-tr-c6-2.jpg 1080w, https:\/\/www.topohvar.at\/wp-content\/uploads\/2023\/11\/za-tr-c6-2-300x147.jpg 300w, https:\/\/www.topohvar.at\/wp-content\/uploads\/2023\/11\/za-tr-c6-2-1024x503.jpg 1024w, https:\/\/www.topohvar.at\/wp-content\/uploads\/2023\/11\/za-tr-c6-2-768x377.jpg 768w\" sizes=\"auto, (max-width: 1080px) 100vw, 1080px\" \/><\/strong><\/p>\n<p><strong>Ime \/ Name<br \/>\n<\/strong>Trim \u00bbZA-TR-C6\u00ab<\/p>\n<p><strong>Code: <\/strong>ZA-TR-C6\u00a0 \u00a0 \u00a0 \u00a0 \u00a0 \u00a0 \u00a0 \u00a0 \u00a0 \u00a0 \u00a0 \u00a0 \u00a0 \u00a0 <a href=\"https:\/\/www.topohvar.at\/orte\/za\/za-tr-00-00\/\"><img loading=\"lazy\" decoding=\"async\" class=\"alignnone wp-image-12300 size-full\" src=\"https:\/\/www.topohvar.at\/wp-content\/uploads\/2018\/09\/push-vor-30.jpg\" alt=\"\" width=\"61\" height=\"30\" \/><\/a>\u00a0<strong><a href=\"https:\/\/www.topohvar.at\/orte\/za\/za-tr-38-1\/\"><img loading=\"lazy\" decoding=\"async\" class=\"alignnone wp-image-533 size-full\" src=\"https:\/\/www.topohvar.at\/wp-content\/uploads\/2018\/07\/push-l-30.jpg\" alt=\"\" width=\"61\" height=\"30\" \/><\/a> <a href=\"https:\/\/www.topohvar.at\/orte\/za\/\"><img loading=\"lazy\" decoding=\"async\" class=\"alignnone wp-image-535 size-full\" src=\"https:\/\/www.topohvar.at\/wp-content\/uploads\/2018\/07\/push-o-30.jpg\" alt=\"\" width=\"61\" height=\"30\" \/><\/a> <a href=\"https:\/\/www.topohvar.at\/orte\/za\/za-tr-37-1\/\"><img loading=\"lazy\" decoding=\"async\" class=\"alignnone wp-image-536 size-full\" src=\"https:\/\/www.topohvar.at\/wp-content\/uploads\/2018\/07\/push-r-30.jpg\" alt=\"\" width=\"61\" height=\"30\" \/><\/a><\/strong><\/p>\n<hr \/>\n<p><strong>Adresa \/ Adresse<br \/>\n<\/strong>Zastra\u017ei\u0161\u0107e, izme\u0111u Grudca i Dugog Dolca \/ zwischen Grudac und Dugo Dolac<\/p>\n<p><strong>Lokacija \/ Position<a href=\"https:\/\/maps.app.goo.gl\/DxcCoCHyecSQhDkLA\"><img loading=\"lazy\" decoding=\"async\" class=\"alignright wp-image-43763\" src=\"https:\/\/www.topohvar.at\/wp-content\/uploads\/2020\/11\/3009.jpg\" alt=\"\" width=\"134\" height=\"100\" \/><\/a><br \/>\n<\/strong><a href=\"https:\/\/maps.app.goo.gl\/DxcCoCHyecSQhDkLA\"><span style=\"color: #3366ff;\">Latitude: N 43,13711\u00b0\u00a0 \u00a0Longitude: E 16,88589\u00b0<\/span><\/a> <strong><br \/>\n<\/strong>Visina \/ H\u00f6he: 188 m<\/p>\n<p><strong>Katastarska \u010destica \/ Grundst\u00fccke<br \/>\n<\/strong>&#8211;<div class='content-column one_half'><div style=\"padding-right:6px;\"><p><strong>Datum snimanja \/ Erfassungsdatum<br \/>\n<\/strong>12.10.2023 12:45:17<\/p>\n<hr \/>\n<p><strong>Informacije<\/strong><\/p>\n<p>Trim se nalazi u dolini koja se uzdi\u017ee od uvale Pokrivenik prema jugu, a potom prema istoku od dr\u017eavne ceste DC-116. Trim je oblo\u017een grmljem i pristup do njega je ote\u017ean. Vjerojatno je to bio dvostupanjski trim zidan od uglatog kamenja. Jako je o\u0161te\u010den. Pro\u010delje i kupola su sru\u0161eni. Unutra\u0161njost je kru\u017ena.<\/p><\/div><\/div><div class='content-column one_half last_column'><div style=\"padding-right:0px;padding-left:6px;\"><p><strong>Stupanj za\u0161tite \/ Schutzstellung<br \/>\n<\/strong>&#8211;<\/p>\n<hr \/>\n<p><strong>Info<\/strong><\/p>\n<p>Der Trim befindet sich im Buschwerk, schwer zug\u00e4nglich, im Tal, das von der Bucht Pokrivenik \u2013 zuerst in Richtung S\u00fcden, dann in Richtung Osten &#8211; zur Staatsstra\u00dfe DC-116 ansteigt. Der aus kantigen Steinen errichtete vermutlich zweistufige Trim ist schwer besch\u00e4digt. Vorderseite und Kuppel sind eingebrochen. Der Innenraum ist kreisrund.<\/p><\/div><\/div><div class='clear_column'><\/div><div class='content-column one_half'><div style=\"padding-right:6px;\"><p>Izvor: Hrvatska osnovna karta\u00a0&#8211; Geoportal DGU<\/p><\/div><\/div><div class='content-column one_half last_column'><div style=\"padding-right:0px;padding-left:6px;\"><p>Quelle: Grundkarte Kroatiens\u00a0&#8211; Geoportal DGU<\/p><\/div><\/div><div class='clear_column'><\/div><div class='content-column one_half'><div style=\"padding-right:6px;\"><div id=\"attachment_64950\" style=\"width: 310px\" class=\"wp-caption aligncenter\"><img loading=\"lazy\" decoding=\"async\" aria-describedby=\"caption-attachment-64950\" class=\"wp-image-64950 size-medium\" src=\"https:\/\/www.topohvar.at\/wp-content\/uploads\/2023\/11\/za-tr-c6-3-300x300.jpg\" alt=\"\" width=\"300\" height=\"300\" srcset=\"https:\/\/www.topohvar.at\/wp-content\/uploads\/2023\/11\/za-tr-c6-3-300x300.jpg 300w, https:\/\/www.topohvar.at\/wp-content\/uploads\/2023\/11\/za-tr-c6-3-150x150.jpg 150w, https:\/\/www.topohvar.at\/wp-content\/uploads\/2023\/11\/za-tr-c6-3.jpg 450w\" sizes=\"auto, (max-width: 300px) 100vw, 300px\" \/><p id=\"caption-attachment-64950\" class=\"wp-caption-text\">Desna strana trima \/ rechte Seite des Trims<\/p><\/div><\/div><\/div><div class='content-column one_half last_column'><div style=\"padding-right:0px;padding-left:6px;\"><div id=\"attachment_64951\" style=\"width: 310px\" class=\"wp-caption aligncenter\"><img loading=\"lazy\" decoding=\"async\" aria-describedby=\"caption-attachment-64951\" class=\"wp-image-64951 size-medium\" src=\"https:\/\/www.topohvar.at\/wp-content\/uploads\/2023\/11\/za-tr-c6-5-300x300.jpg\" alt=\"\" width=\"300\" height=\"300\" srcset=\"https:\/\/www.topohvar.at\/wp-content\/uploads\/2023\/11\/za-tr-c6-5-300x300.jpg 300w, https:\/\/www.topohvar.at\/wp-content\/uploads\/2023\/11\/za-tr-c6-5-150x150.jpg 150w, https:\/\/www.topohvar.at\/wp-content\/uploads\/2023\/11\/za-tr-c6-5.jpg 450w\" sizes=\"auto, (max-width: 300px) 100vw, 300px\" \/><p id=\"caption-attachment-64951\" class=\"wp-caption-text\">Stra\u017enja strana trima \/ R\u00fcckseite des trims<\/p><\/div><\/div><\/div><div class='clear_column'><\/div><div class='content-column one_half'><div style=\"padding-right:6px;\"><p>Dana 12.10.2023 trim ZA-TR-C6 je posje\u0107en i ustanovljeno je sljede\u0107e:<\/p>\n<p>Lokacija: grmlje<br \/>\nPodloga: ravna<br \/>\nPovezan s: kamenim zidom<br \/>\nUpotreba: ne koristi se<br \/>\nStanje: kupola se djelomi\u010dno sru\u0161ila<br \/>\nBroj stepenica trima: 2<br \/>\nDodatni kameni prsten: ure\u0111eni prsten<br \/>\nStepeni\u0161te: nema<br \/>\nOblik kamena: uglast<br \/>\nPodru\u010dje ispred ulaza: kamenito<br \/>\nOrijentacija ulaza: Z (270\u00b0)<br \/>\nPromjer trima (cm): 450<br \/>\nVisina trima (cm): 330<br \/>\nVisina stepenica (cm): stepenica 1: 250 , stepenica 2: 310<br \/>\nDebljina zida (cm): 100<br \/>\n\u0160irina vrata (cm): 65<br \/>\nVisina vrata (cm): ?<br \/>\n\u0160irina unutra (cm): 250<br \/>\nVisina unutra (cm): 320<br \/>\nVolumen iznutra (m3): 8,41<br \/>\nNema ni\u0161e<\/p><\/div><\/div><div class='content-column one_half last_column'><div style=\"padding-right:0px;padding-left:6px;\"><p>Am 12.10.2023 wurde der Trim ZA-TR-C6 besucht und n\u00e4her untersucht:<\/p>\n<p>Standort: Buschwerk<br \/>\nUntergrund: eben<br \/>\nVerbunden mit: Steinmauer<br \/>\nNutzung: ungenutzt<br \/>\nZustand: Kuppel teilweise eingest\u00fcrzt<br \/>\nAnzahl der Trimstufen: 2<br \/>\nZus\u00e4tzlicher Steinring: Steinring geordnet<br \/>\nStiege: keine<br \/>\nSteinform: kantig<br \/>\nEingangsbereich: Steine<br \/>\nEingangsseite: W (270\u00b0)<br \/>\nTrimdurchmesser (cm): 450<br \/>\nTrimh\u00f6he (cm): 330<br \/>\nH\u00f6he der Trimstufen (cm): Stufe 1: 250 , Stufe 2: 310<br \/>\nWandst\u00e4rke (cm): 100<br \/>\nT\u00fcrbreite (cm): 65<br \/>\nT\u00fcrh\u00f6he (cm): ?<br \/>\nInnenraumbreite (cm): 250<br \/>\nInnenraumh\u00f6he (cm): 320<br \/>\nRaumvolumen (m3): 8,41<br \/>\nKeine Nische<\/p><\/div><\/div><div class='clear_column'><\/div><\/p>\n<p><img loading=\"lazy\" decoding=\"async\" class=\"aligncenter size-full wp-image-65180\" src=\"https:\/\/www.topohvar.at\/wp-content\/uploads\/2023\/12\/za-tr-c6-scan.jpg\" alt=\"\" width=\"900\" height=\"1383\" srcset=\"https:\/\/www.topohvar.at\/wp-content\/uploads\/2023\/12\/za-tr-c6-scan.jpg 900w, https:\/\/www.topohvar.at\/wp-content\/uploads\/2023\/12\/za-tr-c6-scan-195x300.jpg 195w, https:\/\/www.topohvar.at\/wp-content\/uploads\/2023\/12\/za-tr-c6-scan-666x1024.jpg 666w, https:\/\/www.topohvar.at\/wp-content\/uploads\/2023\/12\/za-tr-c6-scan-768x1180.jpg 768w\" sizes=\"auto, (max-width: 900px) 100vw, 900px\" \/><\/p>\n<p style=\"text-align: right;\"><a href=\"#seite_oben\">natrag na vrh \/ Seitenanfang<\/a><\/p>\n<hr \/>\n<p><strong>Linkovi \/ Links<\/strong><\/p>\n<p>&#8211;<\/p>\n","protected":false},"excerpt":{"rendered":"<p>Ime \/ Name Trim \u00bbZA-TR-C6\u00ab Code: ZA-TR-C6\u00a0 \u00a0 \u00a0 \u00a0 \u00a0 \u00a0 \u00a0 \u00a0 \u00a0 \u00a0 \u00a0 \u00a0 \u00a0 \u00a0 \u00a0 Adresa \/ Adresse Zastra\u017ei\u0161\u0107e, izme\u0111u Grudca i Dugog Dolca \/ zwischen Grudac und Dugo Dolac Lokacija \/ Position Latitude: &hellip; <a href=\"https:\/\/www.topohvar.at\/topo\/orte\/za\/za-tr-c6-1\/\">Weiterlesen <span class=\"meta-nav\">&rarr;<\/span><\/a><\/p>\n","protected":false},"author":1,"featured_media":0,"parent":115,"menu_order":0,"comment_status":"closed","ping_status":"closed","template":"","meta":{"footnotes":""},"class_list":["post-64495","page","type-page","status-publish","hentry"],"_links":{"self":[{"href":"https:\/\/www.topohvar.at\/topo\/wp-json\/wp\/v2\/pages\/64495","targetHints":{"allow":["GET"]}}],"collection":[{"href":"https:\/\/www.topohvar.at\/topo\/wp-json\/wp\/v2\/pages"}],"about":[{"href":"https:\/\/www.topohvar.at\/topo\/wp-json\/wp\/v2\/types\/page"}],"author":[{"embeddable":true,"href":"https:\/\/www.topohvar.at\/topo\/wp-json\/wp\/v2\/users\/1"}],"replies":[{"embeddable":true,"href":"https:\/\/www.topohvar.at\/topo\/wp-json\/wp\/v2\/comments?post=64495"}],"version-history":[{"count":9,"href":"https:\/\/www.topohvar.at\/topo\/wp-json\/wp\/v2\/pages\/64495\/revisions"}],"predecessor-version":[{"id":65420,"href":"https:\/\/www.topohvar.at\/topo\/wp-json\/wp\/v2\/pages\/64495\/revisions\/65420"}],"up":[{"embeddable":true,"href":"https:\/\/www.topohvar.at\/topo\/wp-json\/wp\/v2\/pages\/115"}],"wp:attachment":[{"href":"https:\/\/www.topohvar.at\/topo\/wp-json\/wp\/v2\/media?parent=64495"}],"curies":[{"name":"wp","href":"https:\/\/api.w.org\/{rel}","templated":true}]}}