{"id":66148,"date":"2024-04-12T12:48:10","date_gmt":"2024-04-12T10:48:10","guid":{"rendered":"https:\/\/www.topohvar.at\/topo\/?page_id=66148"},"modified":"2024-04-12T13:09:42","modified_gmt":"2024-04-12T11:09:42","slug":"sg-is-57-1","status":"publish","type":"page","link":"https:\/\/www.topohvar.at\/topo\/orte\/sg\/sg-is-57-1\/","title":{"rendered":"STARI GRAD &#8211; Spomen plo\u010da \u00bbRenato Dedi\u0107\u00ab"},"content":{"rendered":"<p><a name=\"seite_oben\"><\/a><br \/>\n<img loading=\"lazy\" decoding=\"async\" class=\"aligncenter wp-image-66151 size-full\" src=\"https:\/\/www.topohvar.at\/wp-content\/uploads\/2024\/04\/SG-IS-57-11.jpg\" alt=\"\" width=\"1080\" height=\"530\" srcset=\"https:\/\/www.topohvar.at\/wp-content\/uploads\/2024\/04\/SG-IS-57-11.jpg 1080w, https:\/\/www.topohvar.at\/wp-content\/uploads\/2024\/04\/SG-IS-57-11-300x147.jpg 300w, https:\/\/www.topohvar.at\/wp-content\/uploads\/2024\/04\/SG-IS-57-11-1024x503.jpg 1024w, https:\/\/www.topohvar.at\/wp-content\/uploads\/2024\/04\/SG-IS-57-11-768x377.jpg 768w\" sizes=\"auto, (max-width: 1080px) 100vw, 1080px\" \/><\/p>\n<p><strong>Ime \/ Name<br \/>\n<\/strong>Spomen plo\u010da \u00bbRenato Dedi\u0107\u00ab \/ Gedenktafel Renato Dedi\u0107<\/p>\n<p><strong>Code: <\/strong>SG-IS-57\u00a0 \u00a0 \u00a0 \u00a0 \u00a0 \u00a0 \u00a0 \u00a0 \u00a0 \u00a0 \u00a0 \u00a0 \u00a0 \u00a0 \u00a0 \u00a0 \u00a0 \u00a0 <strong><a href=\"https:\/\/www.topohvar.at\/orte\/sg\/sg-ip-01-2\/\"><img loading=\"lazy\" decoding=\"async\" class=\"alignnone wp-image-12300 size-full\" src=\"https:\/\/www.topohvar.at\/wp-content\/uploads\/2018\/09\/push-vor-30.jpg\" alt=\"\" width=\"61\" height=\"30\" \/><\/a>\u00a0<a href=\"https:\/\/www.topohvar.at\/orte\/sg\/sg-is-13-2\/\"><img loading=\"lazy\" decoding=\"async\" class=\"alignnone wp-image-533 size-full\" src=\"https:\/\/www.topohvar.at\/wp-content\/uploads\/2018\/07\/push-l-30.jpg\" alt=\"\" width=\"61\" height=\"30\" \/><\/a> <a href=\"https:\/\/www.topohvar.at\/orte\/sg\/\"><img loading=\"lazy\" decoding=\"async\" class=\"alignnone wp-image-535 size-full\" src=\"https:\/\/www.topohvar.at\/wp-content\/uploads\/2018\/07\/push-o-30.jpg\" alt=\"\" width=\"61\" height=\"30\" \/><\/a> <a href=\"https:\/\/www.topohvar.at\/orte\/sg\/sg-is-21-2\/\"><img loading=\"lazy\" decoding=\"async\" class=\"alignnone wp-image-536 size-full\" src=\"https:\/\/www.topohvar.at\/wp-content\/uploads\/2018\/07\/push-r-30.jpg\" alt=\"\" width=\"61\" height=\"30\" \/><\/a><\/strong><\/p>\n<hr \/>\n<p><strong>Adresa \/ Adresse<br \/>\n<\/strong>Stari Grad, DC-116 \/\u00a0 Hauptstra\u00dfe DC-116<\/p>\n<p><strong>Lokacija \/ Position<a href=\"https:\/\/maps.app.goo.gl\/M5xD5CUtc6dPFrTd6\"><img loading=\"lazy\" decoding=\"async\" class=\"alignright wp-image-66152\" src=\"https:\/\/www.topohvar.at\/wp-content\/uploads\/2024\/04\/3980.jpg\" alt=\"\" width=\"133\" height=\"100\" \/><\/a><br \/>\n<\/strong><a href=\"https:\/\/maps.app.goo.gl\/M5xD5CUtc6dPFrTd6\"><span style=\"color: #3366ff;\">Latitude: N 43,18002\u00b0\u00a0 \u00a0Longitude: E 16,58423\u00b0 <\/span><\/a><strong><br \/>\n<\/strong>Visina \/ H\u00f6he: 29 m<\/p>\n<p><strong>Katastarska \u010destica \/ Grundst\u00fccke<br \/>\n<\/strong>2864\/2<div class='content-column one_half'><div style=\"padding-right:6px;\"><p><strong>Datum snimanja \/ Erfassungsdatum<br \/>\n<\/strong>05.03.2024 10:13:00<\/p>\n<hr \/>\n<p><strong>Informacije<\/strong><\/p>\n<p>Spomen plo\u010da nalazi se na dr\u017eavnoj cesti DC-116, nedaleko od raskri\u017eja s cestom za Selca\/Brusje.<\/p><\/div><\/div><div class='content-column one_half last_column'><div style=\"padding-right:0px;padding-left:6px;\"><p><strong>Stupanj za\u0161tite \/ Schutzstellung<br \/>\n<\/strong>&#8211;<\/p>\n<hr \/>\n<p><strong>Info<\/strong><\/p>\n<p>Die Gedenktafel befindet sich an der Hauptstra\u00dfe DC-116, unweit der Kreuzung mit der Stra\u00dfe nach Selca\/Brusje.<\/p><\/div><\/div><div class='clear_column'><\/div><div class='content-column one_half'><div style=\"padding-right:6px;\"><p>Natpis:<\/p>\n<p style=\"text-align: center;\">RENATO DEDI\u0106<br \/>\n1970 &#8211; 2021<\/p>\n<p style=\"text-align: center;\">PO\u010cIVAO U MIRU<br \/>\nBO\u017dIJEM<\/p><\/div><\/div><div class='content-column one_half last_column'><div style=\"padding-right:0px;padding-left:6px;\"><p>Inschrift:<\/p>\n<p style=\"text-align: center;\">RENATO DEDI\u0106<br \/>\n1970 &#8211; 2021<\/p>\n<p style=\"text-align: center;\">RUHE IN FRIEDEN<br \/>\nMIT GOTT<\/p><\/div><\/div><div class='clear_column'><\/div><\/p>\n<p style=\"text-align: right;\"><a href=\"#seite_oben\">natrag na vrh \/ Seitenanfang<\/a><\/p>\n<hr \/>\n<p><strong>Linkovi \/ Links<\/strong><\/p>\n<p><span style=\"color: #3366ff;\">&#8211;<\/span><\/p>\n","protected":false},"excerpt":{"rendered":"<p>Ime \/ Name Spomen plo\u010da \u00bbRenato Dedi\u0107\u00ab \/ Gedenktafel Renato Dedi\u0107 Code: SG-IS-57\u00a0 \u00a0 \u00a0 \u00a0 \u00a0 \u00a0 \u00a0 \u00a0 \u00a0 \u00a0 \u00a0 \u00a0 \u00a0 \u00a0 \u00a0 \u00a0 \u00a0 \u00a0 \u00a0 Adresa \/ Adresse Stari Grad, DC-116 \/\u00a0 Hauptstra\u00dfe DC-116 &hellip; <a href=\"https:\/\/www.topohvar.at\/topo\/orte\/sg\/sg-is-57-1\/\">Weiterlesen <span class=\"meta-nav\">&rarr;<\/span><\/a><\/p>\n","protected":false},"author":1,"featured_media":0,"parent":99,"menu_order":0,"comment_status":"closed","ping_status":"closed","template":"","meta":{"footnotes":""},"class_list":["post-66148","page","type-page","status-publish","hentry"],"_links":{"self":[{"href":"https:\/\/www.topohvar.at\/topo\/wp-json\/wp\/v2\/pages\/66148","targetHints":{"allow":["GET"]}}],"collection":[{"href":"https:\/\/www.topohvar.at\/topo\/wp-json\/wp\/v2\/pages"}],"about":[{"href":"https:\/\/www.topohvar.at\/topo\/wp-json\/wp\/v2\/types\/page"}],"author":[{"embeddable":true,"href":"https:\/\/www.topohvar.at\/topo\/wp-json\/wp\/v2\/users\/1"}],"replies":[{"embeddable":true,"href":"https:\/\/www.topohvar.at\/topo\/wp-json\/wp\/v2\/comments?post=66148"}],"version-history":[{"count":4,"href":"https:\/\/www.topohvar.at\/topo\/wp-json\/wp\/v2\/pages\/66148\/revisions"}],"predecessor-version":[{"id":66156,"href":"https:\/\/www.topohvar.at\/topo\/wp-json\/wp\/v2\/pages\/66148\/revisions\/66156"}],"up":[{"embeddable":true,"href":"https:\/\/www.topohvar.at\/topo\/wp-json\/wp\/v2\/pages\/99"}],"wp:attachment":[{"href":"https:\/\/www.topohvar.at\/topo\/wp-json\/wp\/v2\/media?parent=66148"}],"curies":[{"name":"wp","href":"https:\/\/api.w.org\/{rel}","templated":true}]}}