{"id":66386,"date":"2024-04-18T16:21:57","date_gmt":"2024-04-18T14:21:57","guid":{"rendered":"https:\/\/www.topohvar.at\/topo\/?page_id=66386"},"modified":"2025-01-06T18:57:32","modified_gmt":"2025-01-06T17:57:32","slug":"archiv-2021-10","status":"publish","type":"page","link":"https:\/\/www.topohvar.at\/topo\/archiv\/archiv-2021-10\/","title":{"rendered":"Archiv-2021-10"},"content":{"rendered":"<p><a name=\"seite_oben\"><\/a><\/p>\n<hr \/>\n<p style=\"text-align: center;\">Arhiva pregleda\u00a0 \u00a0\u00a0 <strong><a href=\"https:\/\/www.topohvar.at\/topo\/archiv\/\"><img loading=\"lazy\" decoding=\"async\" class=\"alignnone wp-image-535 size-full\" src=\"https:\/\/www.topohvar.at\/wp-content\/uploads\/2018\/07\/push-o-30.jpg\" alt=\"\" width=\"61\" height=\"30\" \/><\/a>\u00a0 \u00a0 <\/strong>\u00dcbersicht Archiv<\/p>\n<hr \/>\n<p><div class='content-column one_half'><div style=\"padding-right:6px;\"><strong>U listopadu 2021. 177 objekti su uklju\u010deni ili dodani na web stranicu:<\/strong><\/p><\/div><\/div><div class='content-column one_half last_column'><div style=\"padding-right:0px;padding-left:6px;\"><p><strong>Im Oktober 2021 wurden 177 Objekte in die Website aufgenommen oder erg\u00e4nzt:<\/strong><\/p><\/div><\/div><div class='clear_column'><\/div><\/p>\n<hr \/>\n<h2><strong><span style=\"color: #ff0000;\">Kapele \/ Kapellen<\/span><\/strong><\/h2>\n<p><strong><a href=\"https:\/\/www.topohvar.at\/orte\/zv\/zv-cp-02-1\/\"><img loading=\"lazy\" decoding=\"async\" class=\"alignleft wp-image-52865\" src=\"https:\/\/www.topohvar.at\/wp-content\/uploads\/2021\/10\/zv-cp-04-30.jpg\" sizes=\"auto, (max-width: 114px) 100vw, 114px\" srcset=\"https:\/\/www.topohvar.at\/wp-content\/uploads\/2021\/10\/zv-cp-04-30.jpg 1080w, https:\/\/www.topohvar.at\/wp-content\/uploads\/2021\/10\/zv-cp-04-30-300x147.jpg 300w, https:\/\/www.topohvar.at\/wp-content\/uploads\/2021\/10\/zv-cp-04-30-1024x503.jpg 1024w, https:\/\/www.topohvar.at\/wp-content\/uploads\/2021\/10\/zv-cp-04-30-768x377.jpg 768w\" alt=\"\" width=\"114\" height=\"56\" \/><\/a>Kapela \u00bbSv. Petar Verinskog\u00ab<br \/>\n<\/strong>ZV-CP-02 \/ Zavala, Ulica Veli Dvor 83<\/p>\n<p><strong><a href=\"https:\/\/www.topohvar.at\/orte\/zv\/zv-cp-04-1\/\"><img loading=\"lazy\" decoding=\"async\" class=\"alignleft wp-image-52853\" src=\"https:\/\/www.topohvar.at\/wp-content\/uploads\/2021\/10\/zv-cp-04-1.jpg\" sizes=\"auto, (max-width: 114px) 100vw, 114px\" srcset=\"https:\/\/www.topohvar.at\/wp-content\/uploads\/2021\/10\/zv-cp-04-1.jpg 1080w, https:\/\/www.topohvar.at\/wp-content\/uploads\/2021\/10\/zv-cp-04-1-300x147.jpg 300w, https:\/\/www.topohvar.at\/wp-content\/uploads\/2021\/10\/zv-cp-04-1-1024x503.jpg 1024w, https:\/\/www.topohvar.at\/wp-content\/uploads\/2021\/10\/zv-cp-04-1-768x377.jpg 768w\" alt=\"\" width=\"114\" height=\"56\" \/><\/a>Kapela \u00bbSv. ??\u00ab<br \/>\n<\/strong>ZV-CP-04 \/ Zavala 103<\/p>\n<hr \/>\n<h2><strong><span style=\"color: #ff0000;\">Kapelice \/ Bildst\u00f6cke<\/span><\/strong><\/h2>\n<p><strong><a href=\"https:\/\/www.topohvar.at\/orte\/za\/za-cs-08-1\/\"><img loading=\"lazy\" decoding=\"async\" class=\"alignleft wp-image-10648\" src=\"https:\/\/www.topohvar.at\/wp-content\/uploads\/2018\/09\/za-cs-08-0-1024x503.jpg\" sizes=\"auto, (max-width: 114px) 100vw, 114px\" srcset=\"https:\/\/www.topohvar.at\/wp-content\/uploads\/2018\/09\/za-cs-08-0-1024x503.jpg 1024w, https:\/\/www.topohvar.at\/wp-content\/uploads\/2018\/09\/za-cs-08-0-300x147.jpg 300w, https:\/\/www.topohvar.at\/wp-content\/uploads\/2018\/09\/za-cs-08-0-768x377.jpg 768w, https:\/\/www.topohvar.at\/wp-content\/uploads\/2018\/09\/za-cs-08-0.jpg 1080w\" alt=\"\" width=\"114\" height=\"56\" \/><\/a>Kapelica \u00bbSv. Miho\/Mihovila\u00ab<br \/>\n<\/strong>ZA-CS-08 \/ Zastra\u017ei\u0161\u0107e, Postranje<\/p>\n<hr \/>\n<h2><strong><span style=\"color: #ff0000;\">Natpisi \/ Inschriften<\/span><\/strong><\/h2>\n<p><strong><a href=\"https:\/\/www.topohvar.at\/orte\/sg\/sg-in-38-1\/\"><img loading=\"lazy\" decoding=\"async\" class=\"alignleft wp-image-54919\" src=\"https:\/\/www.topohvar.at\/wp-content\/uploads\/2021\/12\/sg-in-38-1-300x147.jpg\" sizes=\"auto, (max-width: 114px) 100vw, 114px\" srcset=\"https:\/\/www.topohvar.at\/wp-content\/uploads\/2021\/12\/sg-in-38-1-300x147.jpg 300w, https:\/\/www.topohvar.at\/wp-content\/uploads\/2021\/12\/sg-in-38-1-1024x503.jpg 1024w, https:\/\/www.topohvar.at\/wp-content\/uploads\/2021\/12\/sg-in-38-1-768x377.jpg 768w, https:\/\/www.topohvar.at\/wp-content\/uploads\/2021\/12\/sg-in-38-1.jpg 1080w\" alt=\"\" width=\"114\" height=\"56\" \/><\/a>Zavjetni i spomen natpis \u00bbIHS \u2013 1851\u00ab<br \/>\n<\/strong>SG -IN-38 \/ Maslinica, ku\u0107a Ili\u0107<\/p>\n<hr \/>\n<h2><span style=\"color: #ff0000;\"><strong>Kri\u017eevi \/ Kreuze<\/strong><\/span><\/h2>\n<p><strong><a href=\"https:\/\/www.topohvar.at\/orte\/gv\/gv-cz-05-1\/\"><img loading=\"lazy\" decoding=\"async\" class=\"alignleft wp-image-52935\" src=\"https:\/\/www.topohvar.at\/wp-content\/uploads\/2021\/10\/gv-cz-05-11.jpg\" sizes=\"auto, (max-width: 114px) 100vw, 114px\" srcset=\"https:\/\/www.topohvar.at\/wp-content\/uploads\/2021\/10\/gv-cz-05-11.jpg 1080w, https:\/\/www.topohvar.at\/wp-content\/uploads\/2021\/10\/gv-cz-05-11-300x147.jpg 300w, https:\/\/www.topohvar.at\/wp-content\/uploads\/2021\/10\/gv-cz-05-11-1024x503.jpg 1024w, https:\/\/www.topohvar.at\/wp-content\/uploads\/2021\/10\/gv-cz-05-11-768x377.jpg 768w\" alt=\"\" width=\"114\" height=\"56\" \/><\/a>Kri\u017e \u00bbJurja Tudora (5)\u00ab<br \/>\n<\/strong>GV-CZ-05 \/ Velo Grablje, staro put Malo Grablje \u2013 Velo Grablje<\/p>\n<hr \/>\n<p><strong><a href=\"https:\/\/www.topohvar.at\/orte\/va\/va-cz-04-1\/\"><img loading=\"lazy\" decoding=\"async\" class=\"alignleft wp-image-53091\" src=\"https:\/\/www.topohvar.at\/wp-content\/uploads\/2021\/10\/va-cz-04-1.jpg\" sizes=\"auto, (max-width: 114px) 100vw, 114px\" srcset=\"https:\/\/www.topohvar.at\/wp-content\/uploads\/2021\/10\/va-cz-04-1.jpg 1080w, https:\/\/www.topohvar.at\/wp-content\/uploads\/2021\/10\/va-cz-04-1-300x147.jpg 300w, https:\/\/www.topohvar.at\/wp-content\/uploads\/2021\/10\/va-cz-04-1-1024x503.jpg 1024w, https:\/\/www.topohvar.at\/wp-content\/uploads\/2021\/10\/va-cz-04-1-768x377.jpg 768w\" alt=\"\" width=\"114\" height=\"56\" \/><\/a>Kri\u017e \u00bbPut Kri\u017eono\u0161a\u00ab<br \/>\n<\/strong>VA-CZ-04 \/ Vrboska, Polje<\/p>\n<hr \/>\n<h2><span style=\"color: #ff0000;\"><strong>Plo\u010de \/ Tafeln<\/strong><\/span><\/h2>\n<p><strong><a href=\"https:\/\/www.topohvar.at\/orte\/je\/je-ip-01-1\/\"><img loading=\"lazy\" decoding=\"async\" class=\"alignleft wp-image-8567\" src=\"https:\/\/www.topohvar.at\/wp-content\/uploads\/2018\/08\/JE-IP-01-0-1024x503.jpg\" sizes=\"auto, (max-width: 114px) 100vw, 114px\" srcset=\"https:\/\/www.topohvar.at\/wp-content\/uploads\/2018\/08\/JE-IP-01-0-1024x503.jpg 1024w, https:\/\/www.topohvar.at\/wp-content\/uploads\/2018\/08\/JE-IP-01-0-300x147.jpg 300w, https:\/\/www.topohvar.at\/wp-content\/uploads\/2018\/08\/JE-IP-01-0-768x377.jpg 768w, https:\/\/www.topohvar.at\/wp-content\/uploads\/2018\/08\/JE-IP-01-0.jpg 1080w\" alt=\"\" width=\"114\" height=\"56\" \/><\/a>Informativna plo\u010da \u00bbOp\u0107ina Jelsa\u00ab<br \/>\n<\/strong>JE-IP-01 \/ Jelsa, Riva<\/p>\n<hr \/>\n<p><strong><a href=\"https:\/\/www.topohvar.at\/orte\/sg\/sg-is-54-1\/\"><img loading=\"lazy\" decoding=\"async\" class=\"alignleft wp-image-53083\" src=\"https:\/\/www.topohvar.at\/wp-content\/uploads\/2021\/10\/sg-is-54-1.jpg\" sizes=\"auto, (max-width: 114px) 100vw, 114px\" srcset=\"https:\/\/www.topohvar.at\/wp-content\/uploads\/2021\/10\/sg-is-54-1.jpg 1080w, https:\/\/www.topohvar.at\/wp-content\/uploads\/2021\/10\/sg-is-54-1-300x147.jpg 300w, https:\/\/www.topohvar.at\/wp-content\/uploads\/2021\/10\/sg-is-54-1-1024x503.jpg 1024w, https:\/\/www.topohvar.at\/wp-content\/uploads\/2021\/10\/sg-is-54-1-768x377.jpg 768w\" alt=\"\" width=\"114\" height=\"56\" \/><\/a>Spomen plo\u010da \u00bbLewis Ponsford\u00ab<br \/>\n<\/strong>SG-IS-16 \/ Stari Grad, Riva 5<\/p>\n<p><strong><a href=\"https:\/\/www.topohvar.at\/orte\/sg\/sg-is-55-1\/\"><img loading=\"lazy\" decoding=\"async\" class=\"alignleft wp-image-52925\" src=\"https:\/\/www.topohvar.at\/wp-content\/uploads\/2021\/10\/sg-is-55-1.jpg\" sizes=\"auto, (max-width: 114px) 100vw, 114px\" srcset=\"https:\/\/www.topohvar.at\/wp-content\/uploads\/2021\/10\/sg-is-55-1.jpg 1080w, https:\/\/www.topohvar.at\/wp-content\/uploads\/2021\/10\/sg-is-55-1-300x147.jpg 300w, https:\/\/www.topohvar.at\/wp-content\/uploads\/2021\/10\/sg-is-55-1-1024x503.jpg 1024w, https:\/\/www.topohvar.at\/wp-content\/uploads\/2021\/10\/sg-is-55-1-768x377.jpg 768w\" alt=\"\" width=\"114\" height=\"56\" \/><\/a>Spomen plo\u010da \u00bbIngrid Bali\u0107\u00ab<br \/>\n<\/strong>SG-IS-55 \/ Stari Grad, na putu do trajektne luke<\/p>\n<hr \/>\n<p><strong><a href=\"https:\/\/www.topohvar.at\/orte\/va\/va-ip-04-1\/\"><img loading=\"lazy\" decoding=\"async\" class=\"alignleft wp-image-53113\" src=\"https:\/\/www.topohvar.at\/wp-content\/uploads\/2021\/10\/va-ip-04-1.jpg\" sizes=\"auto, (max-width: 114px) 100vw, 114px\" srcset=\"https:\/\/www.topohvar.at\/wp-content\/uploads\/2021\/10\/va-ip-04-1.jpg 1080w, https:\/\/www.topohvar.at\/wp-content\/uploads\/2021\/10\/va-ip-04-1-300x147.jpg 300w, https:\/\/www.topohvar.at\/wp-content\/uploads\/2021\/10\/va-ip-04-1-1024x503.jpg 1024w, https:\/\/www.topohvar.at\/wp-content\/uploads\/2021\/10\/va-ip-04-1-768x377.jpg 768w\" alt=\"\" width=\"114\" height=\"56\" \/><\/a>I<\/strong><strong>nformativna plo\u010da \u00bbDobrodo\u0161li \u2013 Starogradsko polje\u00ab<br \/>\n<\/strong>VA-IP-04 \/ Vrboska, na raskri\u017eju cesta Stari Grad \u2013 Vrboska i DC-116<\/p>\n<hr \/>\n<p><strong><a href=\"https:\/\/www.topohvar.at\/orte\/zv\/zv-is-02-1\/\"><img loading=\"lazy\" decoding=\"async\" class=\"alignleft wp-image-11858\" src=\"https:\/\/www.topohvar.at\/wp-content\/uploads\/2018\/09\/zv-tg-02-0.jpg\" sizes=\"auto, (max-width: 114px) 100vw, 114px\" srcset=\"https:\/\/www.topohvar.at\/wp-content\/uploads\/2018\/09\/zv-tg-02-0.jpg 1080w, https:\/\/www.topohvar.at\/wp-content\/uploads\/2018\/09\/zv-tg-02-0-300x147.jpg 300w, https:\/\/www.topohvar.at\/wp-content\/uploads\/2018\/09\/zv-tg-02-0-768x377.jpg 768w, https:\/\/www.topohvar.at\/wp-content\/uploads\/2018\/09\/zv-tg-02-0-1024x503.jpg 1024w\" alt=\"\" width=\"114\" height=\"56\" \/><\/a>Spomen plo\u010da \u00bbRadu \u0161tamparije i politi\u010dke \u0161kole\u00ab<br \/>\n<\/strong>ZV-IS-02 \/ Zavala, na kuci pok. Jure Dubokovica \u2013 Vrboska<\/p>\n<hr \/>\n<h2><strong><span style=\"color: #ff0000;\">Reljefi \/ Reliefs<\/span><\/strong><\/h2>\n<p><strong><a href=\"https:\/\/www.topohvar.at\/orte\/va\/va-ir-05-1\/\"><img loading=\"lazy\" decoding=\"async\" class=\"alignleft wp-image-53128\" src=\"https:\/\/www.topohvar.at\/wp-content\/uploads\/2021\/10\/va-ir-05-1.jpg\" sizes=\"auto, (max-width: 114px) 100vw, 114px\" srcset=\"https:\/\/www.topohvar.at\/wp-content\/uploads\/2021\/10\/va-ir-05-1.jpg 1080w, https:\/\/www.topohvar.at\/wp-content\/uploads\/2021\/10\/va-ir-05-1-300x147.jpg 300w, https:\/\/www.topohvar.at\/wp-content\/uploads\/2021\/10\/va-ir-05-1-1024x503.jpg 1024w, https:\/\/www.topohvar.at\/wp-content\/uploads\/2021\/10\/va-ir-05-1-768x377.jpg 768w\" alt=\"\" width=\"114\" height=\"56\" \/><\/a>Rimski reljef (liven)<br \/>\n<\/strong>VA-IR-05 \/ Vrboska 410, Riva<\/p>\n<hr \/>\n<h2><strong><span style=\"color: #ff0000;\">Objekti \/ Objekte<\/span><\/strong><\/h2>\n<p><strong><a href=\"https:\/\/www.topohvar.at\/orte\/je\/je-ob-03-1\/\"><img loading=\"lazy\" decoding=\"async\" class=\"alignleft wp-image-24068\" src=\"https:\/\/www.topohvar.at\/wp-content\/uploads\/2019\/08\/je-ob-03-1-1024x503.jpg\" sizes=\"auto, (max-width: 114px) 100vw, 114px\" srcset=\"https:\/\/www.topohvar.at\/wp-content\/uploads\/2019\/08\/je-ob-03-1-1024x503.jpg 1024w, https:\/\/www.topohvar.at\/wp-content\/uploads\/2019\/08\/je-ob-03-1-300x147.jpg 300w, https:\/\/www.topohvar.at\/wp-content\/uploads\/2019\/08\/je-ob-03-1-768x377.jpg 768w, https:\/\/www.topohvar.at\/wp-content\/uploads\/2019\/08\/je-ob-03-1.jpg 1080w\" alt=\"\" width=\"114\" height=\"56\" \/><\/a>Objekt \u00bbPismo J E L S A\u00ab<br \/>\n<\/strong>JE-OB-03 \/ Jelsa,\u00a0Riva<\/p>\n<p><strong><a href=\"https:\/\/www.topohvar.at\/orte\/je\/je-ob-08-1\/\"><img loading=\"lazy\" decoding=\"async\" class=\"alignleft wp-image-53194\" src=\"https:\/\/www.topohvar.at\/wp-content\/uploads\/2021\/11\/je-ob-08-1-300x147.jpg\" sizes=\"auto, (max-width: 114px) 100vw, 114px\" srcset=\"https:\/\/www.topohvar.at\/wp-content\/uploads\/2021\/11\/je-ob-08-1-300x147.jpg 300w, https:\/\/www.topohvar.at\/wp-content\/uploads\/2021\/11\/je-ob-08-1-1024x503.jpg 1024w, https:\/\/www.topohvar.at\/wp-content\/uploads\/2021\/11\/je-ob-08-1-768x377.jpg 768w, https:\/\/www.topohvar.at\/wp-content\/uploads\/2021\/11\/je-ob-08-1.jpg 1080w\" alt=\"\" width=\"114\" height=\"56\" \/><\/a>Objekt \u00bbKamene u\u0161ice\u00ab<br \/>\n<\/strong>JE-OB-08 \/ Jelsa, Riva\/Molo Bonda<\/p>\n<p><strong><a href=\"https:\/\/www.topohvar.at\/orte\/je\/je-oi-00-1\/\"><img loading=\"lazy\" decoding=\"async\" class=\"alignleft wp-image-55018\" src=\"https:\/\/www.topohvar.at\/wp-content\/uploads\/2021\/12\/je-oi-00.jpg\" sizes=\"auto, (max-width: 114px) 100vw, 114px\" srcset=\"https:\/\/www.topohvar.at\/wp-content\/uploads\/2021\/12\/je-oi-00.jpg 1080w, https:\/\/www.topohvar.at\/wp-content\/uploads\/2021\/12\/je-oi-00-300x147.jpg 300w, https:\/\/www.topohvar.at\/wp-content\/uploads\/2021\/12\/je-oi-00-1024x503.jpg 1024w, https:\/\/www.topohvar.at\/wp-content\/uploads\/2021\/12\/je-oi-00-768x377.jpg 768w\" alt=\"\" width=\"114\" height=\"56\" \/><\/a>Objekt \u00bbBitve u luci Jelsa\u00ab<br \/>\n<\/strong>JE-OI-01\/05 \/ Jelsa, Luka<\/p>\n<p><strong><a href=\"https:\/\/www.topohvar.at\/orte\/je\/je-ok-01-1\/\"><img loading=\"lazy\" decoding=\"async\" class=\"alignleft wp-image-41423\" src=\"https:\/\/www.topohvar.at\/wp-content\/uploads\/2020\/09\/je-ok-01-1..jpg\" sizes=\"auto, (max-width: 114px) 100vw, 114px\" srcset=\"https:\/\/www.topohvar.at\/wp-content\/uploads\/2020\/09\/je-ok-01-1..jpg 1080w, https:\/\/www.topohvar.at\/wp-content\/uploads\/2020\/09\/je-ok-01-1.-300x147.jpg 300w, https:\/\/www.topohvar.at\/wp-content\/uploads\/2020\/09\/je-ok-01-1.-1024x503.jpg 1024w, https:\/\/www.topohvar.at\/wp-content\/uploads\/2020\/09\/je-ok-01-1.-768x377.jpg 768w\" alt=\"\" width=\"114\" height=\"56\" \/><\/a>Objekt \u00bbKamp Mina\u00ab<br \/>\n<\/strong>JE-OK-01 \/ Jelsa<\/p>\n<p><strong><a href=\"https:\/\/www.topohvar.at\/orte\/je\/je-ok-02-1\/\"><img loading=\"lazy\" decoding=\"async\" class=\"alignleft wp-image-41433\" src=\"https:\/\/www.topohvar.at\/wp-content\/uploads\/2020\/09\/je-ok-02-2.jpg\" sizes=\"auto, (max-width: 114px) 100vw, 114px\" srcset=\"https:\/\/www.topohvar.at\/wp-content\/uploads\/2020\/09\/je-ok-02-2.jpg 1080w, https:\/\/www.topohvar.at\/wp-content\/uploads\/2020\/09\/je-ok-02-2-300x147.jpg 300w, https:\/\/www.topohvar.at\/wp-content\/uploads\/2020\/09\/je-ok-02-2-1024x503.jpg 1024w, https:\/\/www.topohvar.at\/wp-content\/uploads\/2020\/09\/je-ok-02-2-768x377.jpg 768w\" alt=\"\" width=\"114\" height=\"56\" \/><\/a>Objekt \u00bbCamp Grebi\u0161\u0107e\u00ab<br \/>\n<\/strong>JE-OK-02 \/ Jelsa, Veliki Park (Perivoj)<\/p>\n<p><strong><a href=\"https:\/\/www.topohvar.at\/orte\/je\/je-ok-03-1\/\"><img loading=\"lazy\" decoding=\"async\" class=\"alignleft wp-image-41441\" src=\"https:\/\/www.topohvar.at\/wp-content\/uploads\/2020\/09\/je-ok-03-1.jpg\" sizes=\"auto, (max-width: 114px) 100vw, 114px\" srcset=\"https:\/\/www.topohvar.at\/wp-content\/uploads\/2020\/09\/je-ok-03-1.jpg 1080w, https:\/\/www.topohvar.at\/wp-content\/uploads\/2020\/09\/je-ok-03-1-300x147.jpg 300w, https:\/\/www.topohvar.at\/wp-content\/uploads\/2020\/09\/je-ok-03-1-1024x503.jpg 1024w, https:\/\/www.topohvar.at\/wp-content\/uploads\/2020\/09\/je-ok-03-1-768x377.jpg 768w\" alt=\"\" width=\"114\" height=\"56\" \/><\/a>Objekt \u00bbKamp Holiday\u00ab<br \/>\n<\/strong>JE-OK-03 \/ Jelsa, Veliki Park (Perivoj)<\/p>\n<p><strong><a href=\"https:\/\/www.topohvar.at\/orte\/je\/je-on-01-1\/\"><img loading=\"lazy\" decoding=\"async\" class=\"alignleft wp-image-41041\" src=\"https:\/\/www.topohvar.at\/wp-content\/uploads\/2020\/09\/je-on-01-1.jpg\" sizes=\"auto, (max-width: 114px) 100vw, 114px\" srcset=\"https:\/\/www.topohvar.at\/wp-content\/uploads\/2020\/09\/je-on-01-1.jpg 1080w, https:\/\/www.topohvar.at\/wp-content\/uploads\/2020\/09\/je-on-01-1-300x147.jpg 300w, https:\/\/www.topohvar.at\/wp-content\/uploads\/2020\/09\/je-on-01-1-1024x503.jpg 1024w, https:\/\/www.topohvar.at\/wp-content\/uploads\/2020\/09\/je-on-01-1-768x377.jpg 768w\" alt=\"\" width=\"114\" height=\"56\" \/><\/a>Objekt \u00bbIgrali\u0161te\u00ab<br \/>\n<\/strong>JE-ON-01 \/ Jelsa, Pelinje<\/p>\n<p><strong><a href=\"https:\/\/www.topohvar.at\/orte\/je\/je-on-03-1\/\"><img loading=\"lazy\" decoding=\"async\" class=\"alignleft wp-image-53213\" src=\"https:\/\/www.topohvar.at\/wp-content\/uploads\/2021\/11\/je-on-03-1-300x147.jpg\" sizes=\"auto, (max-width: 114px) 100vw, 114px\" srcset=\"https:\/\/www.topohvar.at\/wp-content\/uploads\/2021\/11\/je-on-03-1-300x147.jpg 300w, https:\/\/www.topohvar.at\/wp-content\/uploads\/2021\/11\/je-on-03-1-1024x503.jpg 1024w, https:\/\/www.topohvar.at\/wp-content\/uploads\/2021\/11\/je-on-03-1-768x377.jpg 768w, https:\/\/www.topohvar.at\/wp-content\/uploads\/2021\/11\/je-on-03-1.jpg 1080w\" alt=\"\" width=\"114\" height=\"56\" \/><\/a>Objekt \u00bbDje\u010dje igrali\u0161te\u00ab<br \/>\n<\/strong>JE-ON-03 \/ Jelsa, Mali Park (Perivoj)<\/p>\n<hr \/>\n<p><strong><a href=\"https:\/\/www.topohvar.at\/topo\/orte\/sg\/sg-ob-12-2\/\"><img loading=\"lazy\" decoding=\"async\" class=\"wp-image-51845 alignleft\" src=\"https:\/\/www.topohvar.at\/wp-content\/uploads\/2021\/09\/sg-ob-12-1.jpg\" sizes=\"auto, (max-width: 114px) 100vw, 114px\" srcset=\"https:\/\/www.topohvar.at\/wp-content\/uploads\/2021\/09\/sg-ob-12-1.jpg 1080w, https:\/\/www.topohvar.at\/wp-content\/uploads\/2021\/09\/sg-ob-12-1-300x147.jpg 300w, https:\/\/www.topohvar.at\/wp-content\/uploads\/2021\/09\/sg-ob-12-1-1024x503.jpg 1024w, https:\/\/www.topohvar.at\/wp-content\/uploads\/2021\/09\/sg-ob-12-1-768x377.jpg 768w\" alt=\"\" width=\"114\" height=\"56\" \/><\/a>Objekt \u2013 rekonstruirana gajeta<br \/>\n<\/strong>SG-OB-12 \/ Stari Grad, Riva<\/p>\n<p><strong><a href=\"https:\/\/www.topohvar.at\/topo\/orte\/sg\/sg-oi-03-1\/\"><img loading=\"lazy\" decoding=\"async\" class=\"alignleft wp-image-62295\" src=\"https:\/\/www.topohvar.at\/wp-content\/uploads\/2022\/12\/sg-oi-03-1-300x147.jpg\" sizes=\"auto, (max-width: 114px) 100vw, 114px\" srcset=\"https:\/\/www.topohvar.at\/wp-content\/uploads\/2022\/12\/sg-oi-03-1-300x147.jpg 300w, https:\/\/www.topohvar.at\/wp-content\/uploads\/2022\/12\/sg-oi-03-1-1024x503.jpg 1024w, https:\/\/www.topohvar.at\/wp-content\/uploads\/2022\/12\/sg-oi-03-1-768x377.jpg 768w, https:\/\/www.topohvar.at\/wp-content\/uploads\/2022\/12\/sg-oi-03-1.jpg 1080w\" alt=\"\" width=\"114\" height=\"56\" \/><\/a>Objekt \u00bbBitve ispred Hotela Arkada\u00ab<br \/>\n<\/strong>SG-OI-31\/32 \/ Stari Grad, Hotel Arkada<\/p>\n<p><strong><a href=\"https:\/\/www.topohvar.at\/topo\/orte\/sg\/sg-oi-00-1\/\"><img loading=\"lazy\" decoding=\"async\" class=\"alignleft wp-image-55062\" src=\"https:\/\/www.topohvar.at\/wp-content\/uploads\/2021\/12\/sg-oi-00.jpg\" sizes=\"auto, (max-width: 114px) 100vw, 114px\" srcset=\"https:\/\/www.topohvar.at\/wp-content\/uploads\/2021\/12\/sg-oi-00.jpg 1080w, https:\/\/www.topohvar.at\/wp-content\/uploads\/2021\/12\/sg-oi-00-300x147.jpg 300w, https:\/\/www.topohvar.at\/wp-content\/uploads\/2021\/12\/sg-oi-00-1024x503.jpg 1024w, https:\/\/www.topohvar.at\/wp-content\/uploads\/2021\/12\/sg-oi-00-768x377.jpg 768w\" alt=\"\" width=\"114\" height=\"56\" \/><\/a>Objekt \u00bbBitve u starogradskoj luci\u00ab<br \/>\n<\/strong>SG-OI-01\/13 \/ Stari Grad, Luka<\/p>\n<p><strong><a href=\"https:\/\/www.topohvar.at\/topo\/orte\/sg\/sg-oi-00-1\/\"><img loading=\"lazy\" decoding=\"async\" class=\"alignleft wp-image-62303\" src=\"https:\/\/www.topohvar.at\/wp-content\/uploads\/2022\/12\/sg-oi-14-1-300x147.jpg\" sizes=\"auto, (max-width: 114px) 100vw, 114px\" srcset=\"https:\/\/www.topohvar.at\/wp-content\/uploads\/2022\/12\/sg-oi-14-1-300x147.jpg 300w, https:\/\/www.topohvar.at\/wp-content\/uploads\/2022\/12\/sg-oi-14-1-1024x503.jpg 1024w, https:\/\/www.topohvar.at\/wp-content\/uploads\/2022\/12\/sg-oi-14-1-768x377.jpg 768w, https:\/\/www.topohvar.at\/wp-content\/uploads\/2022\/12\/sg-oi-14-1.jpg 1080w\" alt=\"\" width=\"114\" height=\"56\" \/><\/a>Objekt \u00bbBitve na podru\u010dju Lu\u010dice\u00ab<br \/>\n<\/strong>SG-OI-14 \/ Stari Grad, Lu\u010dica<\/p>\n<p><a href=\"https:\/\/www.topohvar.at\/topo\/orte\/sg\/sg-oi-02-1\/\"><img loading=\"lazy\" decoding=\"async\" class=\"alignleft wp-image-62322\" src=\"https:\/\/www.topohvar.at\/wp-content\/uploads\/2022\/12\/sg-oi-20-300x148.jpg\" sizes=\"auto, (max-width: 111px) 100vw, 111px\" srcset=\"https:\/\/www.topohvar.at\/wp-content\/uploads\/2022\/12\/sg-oi-20-300x148.jpg 300w, https:\/\/www.topohvar.at\/wp-content\/uploads\/2022\/12\/sg-oi-20-1024x505.jpg 1024w, https:\/\/www.topohvar.at\/wp-content\/uploads\/2022\/12\/sg-oi-20-768x379.jpg 768w, https:\/\/www.topohvar.at\/wp-content\/uploads\/2022\/12\/sg-oi-20.jpg 1080w\" alt=\"\" width=\"111\" height=\"55\" \/><\/a><\/p>\n<p><strong>Objekt \u00bbBitve u trajektnoj luci\u00ab<br \/>\n<\/strong>SG-OI-21\/23 \/ Stari Grad, trajektna luka<\/p>\n<p><strong><a href=\"https:\/\/www.topohvar.at\/orte\/sg\/sg-ok-01-1\/\"><img loading=\"lazy\" decoding=\"async\" class=\"alignleft wp-image-41488\" src=\"https:\/\/www.topohvar.at\/wp-content\/uploads\/2020\/09\/sg-ok-01-1.jpg\" sizes=\"auto, (max-width: 114px) 100vw, 114px\" srcset=\"https:\/\/www.topohvar.at\/wp-content\/uploads\/2020\/09\/sg-ok-01-1.jpg 1080w, https:\/\/www.topohvar.at\/wp-content\/uploads\/2020\/09\/sg-ok-01-1-300x147.jpg 300w, https:\/\/www.topohvar.at\/wp-content\/uploads\/2020\/09\/sg-ok-01-1-1024x503.jpg 1024w, https:\/\/www.topohvar.at\/wp-content\/uploads\/2020\/09\/sg-ok-01-1-768x377.jpg 768w\" alt=\"\" width=\"114\" height=\"56\" \/><\/a>Objekt \u00bbKamp Jurjevac\u00ab<br \/>\n<\/strong>SG-OK-01 \/ Stari Grad, Ul. Kod Svete Mandaline 9<\/p>\n<p><strong><a href=\"https:\/\/www.topohvar.at\/orte\/sg\/sg-on-01-1\/\"><img loading=\"lazy\" decoding=\"async\" class=\"alignleft wp-image-51878\" src=\"https:\/\/www.topohvar.at\/wp-content\/uploads\/2021\/09\/sg-on-01-1.jpg\" sizes=\"auto, (max-width: 114px) 100vw, 114px\" srcset=\"https:\/\/www.topohvar.at\/wp-content\/uploads\/2021\/09\/sg-on-01-1.jpg 1080w, https:\/\/www.topohvar.at\/wp-content\/uploads\/2021\/09\/sg-on-01-1-300x147.jpg 300w, https:\/\/www.topohvar.at\/wp-content\/uploads\/2021\/09\/sg-on-01-1-1024x503.jpg 1024w, https:\/\/www.topohvar.at\/wp-content\/uploads\/2021\/09\/sg-on-01-1-768x377.jpg 768w\" alt=\"\" width=\"114\" height=\"56\" \/><\/a>Objekt \u00bbNogometno igrali\u0161te Dolci\u00ab<br \/>\n<\/strong>SG-ON-01 \/ Duolci, Stari Grad, Ulica Petra Kre\u0161imira IV \/ Put Rudine<\/p>\n<p><strong><a href=\"https:\/\/www.topohvar.at\/orte\/sg\/sg-on-02-1\/\"><img loading=\"lazy\" decoding=\"async\" class=\"alignleft wp-image-46936\" src=\"https:\/\/www.topohvar.at\/wp-content\/uploads\/2021\/03\/sg-on-02-1.jpg\" sizes=\"auto, (max-width: 114px) 100vw, 114px\" srcset=\"https:\/\/www.topohvar.at\/wp-content\/uploads\/2021\/03\/sg-on-02-1.jpg 1080w, https:\/\/www.topohvar.at\/wp-content\/uploads\/2021\/03\/sg-on-02-1-300x147.jpg 300w, https:\/\/www.topohvar.at\/wp-content\/uploads\/2021\/03\/sg-on-02-1-1024x503.jpg 1024w, https:\/\/www.topohvar.at\/wp-content\/uploads\/2021\/03\/sg-on-02-1-768x377.jpg 768w\" alt=\"\" width=\"114\" height=\"56\" \/><\/a>Objekt \u00bbBalote Put Rudine\u00ab<br \/>\n<\/strong>SG-ON-02 \/ Duolci, Stari Grad \/ Put Rudine<\/p>\n<p><strong><a href=\"https:\/\/www.topohvar.at\/orte\/sg\/sg-on-03-1\/\"><img loading=\"lazy\" decoding=\"async\" class=\"alignleft wp-image-48349\" src=\"https:\/\/www.topohvar.at\/wp-content\/uploads\/2021\/04\/sg-on-03-11.jpg\" sizes=\"auto, (max-width: 114px) 100vw, 114px\" srcset=\"https:\/\/www.topohvar.at\/wp-content\/uploads\/2021\/04\/sg-on-03-11.jpg 1080w, https:\/\/www.topohvar.at\/wp-content\/uploads\/2021\/04\/sg-on-03-11-300x147.jpg 300w, https:\/\/www.topohvar.at\/wp-content\/uploads\/2021\/04\/sg-on-03-11-1024x503.jpg 1024w, https:\/\/www.topohvar.at\/wp-content\/uploads\/2021\/04\/sg-on-03-11-768x377.jpg 768w\" alt=\"\" width=\"114\" height=\"56\" \/><\/a>Objekt \u00bbBalote \u0160iberija\u00ab<br \/>\n<\/strong>SG-ON-03 \/ Stari Grad, Ulica \u0160iberija<\/p>\n<p><strong><a href=\"https:\/\/www.topohvar.at\/orte\/sg\/sg-on-04-1\/\"><img loading=\"lazy\" decoding=\"async\" class=\"alignleft wp-image-51861\" src=\"https:\/\/www.topohvar.at\/wp-content\/uploads\/2021\/09\/sg-on-04-1.jpg\" sizes=\"auto, (max-width: 114px) 100vw, 114px\" srcset=\"https:\/\/www.topohvar.at\/wp-content\/uploads\/2021\/09\/sg-on-04-1.jpg 1080w, https:\/\/www.topohvar.at\/wp-content\/uploads\/2021\/09\/sg-on-04-1-300x147.jpg 300w, https:\/\/www.topohvar.at\/wp-content\/uploads\/2021\/09\/sg-on-04-1-1024x503.jpg 1024w, https:\/\/www.topohvar.at\/wp-content\/uploads\/2021\/09\/sg-on-04-1-768x377.jpg 768w\" alt=\"\" width=\"114\" height=\"56\" \/><\/a>Objekt \u00bbDje\u010dje igrali\u0161te\u00ab<br \/>\n<\/strong>SG-ON-04 \/ Stari Grad, Park Vorba<\/p>\n<p><strong><a href=\"https:\/\/www.topohvar.at\/orte\/sg\/sg-on-05-1\/\"><img loading=\"lazy\" decoding=\"async\" class=\"alignleft wp-image-51864\" src=\"https:\/\/www.topohvar.at\/wp-content\/uploads\/2021\/09\/sg-on-05-1.jpg\" sizes=\"auto, (max-width: 114px) 100vw, 114px\" srcset=\"https:\/\/www.topohvar.at\/wp-content\/uploads\/2021\/09\/sg-on-05-1.jpg 1080w, https:\/\/www.topohvar.at\/wp-content\/uploads\/2021\/09\/sg-on-05-1-300x147.jpg 300w, https:\/\/www.topohvar.at\/wp-content\/uploads\/2021\/09\/sg-on-05-1-1024x503.jpg 1024w, https:\/\/www.topohvar.at\/wp-content\/uploads\/2021\/09\/sg-on-05-1-768x377.jpg 768w\" alt=\"\" width=\"114\" height=\"56\" \/><\/a>Objekt \u00bbOprema za fitnes\u00ab<br \/>\n<\/strong>SG-ON-05 \/ Stari Grad, Park Vorba<\/p>\n<p><strong><a href=\"https:\/\/www.topohvar.at\/orte\/sg\/sg-ov-03-2\/\"><img loading=\"lazy\" decoding=\"async\" class=\"alignleft wp-image-51880\" src=\"https:\/\/www.topohvar.at\/wp-content\/uploads\/2021\/09\/sg-ov-03-1.jpg\" sizes=\"auto, (max-width: 114px) 100vw, 114px\" srcset=\"https:\/\/www.topohvar.at\/wp-content\/uploads\/2021\/09\/sg-ov-03-1.jpg 1080w, https:\/\/www.topohvar.at\/wp-content\/uploads\/2021\/09\/sg-ov-03-1-300x147.jpg 300w, https:\/\/www.topohvar.at\/wp-content\/uploads\/2021\/09\/sg-ov-03-1-1024x503.jpg 1024w, https:\/\/www.topohvar.at\/wp-content\/uploads\/2021\/09\/sg-ov-03-1-768x377.jpg 768w\" alt=\"\" width=\"114\" height=\"56\" \/><\/a>Objekt \u00bbPark kod spomen palim borcima\u00ab<br \/>\n<\/strong>SG-OV-03 \/ Stari Grad, Obala Hrvatskih Branitelja<\/p>\n<p><strong><a href=\"https:\/\/www.topohvar.at\/orte\/sn\/sn-ob-01-1\/\"><img loading=\"lazy\" decoding=\"async\" class=\"alignleft wp-image-52279\" src=\"https:\/\/www.topohvar.at\/wp-content\/uploads\/2021\/10\/sn-ob-01-1.jpg\" sizes=\"auto, (max-width: 114px) 100vw, 114px\" srcset=\"https:\/\/www.topohvar.at\/wp-content\/uploads\/2021\/10\/sn-ob-01-1.jpg 1080w, https:\/\/www.topohvar.at\/wp-content\/uploads\/2021\/10\/sn-ob-01-1-300x147.jpg 300w, https:\/\/www.topohvar.at\/wp-content\/uploads\/2021\/10\/sn-ob-01-1-1024x503.jpg 1024w, https:\/\/www.topohvar.at\/wp-content\/uploads\/2021\/10\/sn-ob-01-1-768x377.jpg 768w\" alt=\"\" width=\"114\" height=\"56\" \/><\/a>Objekt \u00bbMlin za masline\u00ab<br \/>\n<\/strong>SN-OB-01 \/ Sveta Nedjelja<\/p>\n<hr \/>\n<p><strong><a href=\"https:\/\/www.topohvar.at\/orte\/va\/va-ob-04-1\/\"><img loading=\"lazy\" decoding=\"async\" class=\"alignleft wp-image-53147\" src=\"https:\/\/www.topohvar.at\/wp-content\/uploads\/2021\/10\/va-ob-04-1.jpg\" sizes=\"auto, (max-width: 114px) 100vw, 114px\" srcset=\"https:\/\/www.topohvar.at\/wp-content\/uploads\/2021\/10\/va-ob-04-1.jpg 1080w, https:\/\/www.topohvar.at\/wp-content\/uploads\/2021\/10\/va-ob-04-1-300x147.jpg 300w, https:\/\/www.topohvar.at\/wp-content\/uploads\/2021\/10\/va-ob-04-1-1024x503.jpg 1024w, https:\/\/www.topohvar.at\/wp-content\/uploads\/2021\/10\/va-ob-04-1-768x377.jpg 768w\" alt=\"\" width=\"114\" height=\"56\" \/><\/a>Objekt \u00bbVeliki most\u00ab<br \/>\n<\/strong>VA-OB-04 \/ Vrboska<\/p>\n<p><strong><a href=\"https:\/\/www.topohvar.at\/orte\/va\/va-on-01-1\/\"><img loading=\"lazy\" decoding=\"async\" class=\"alignleft wp-image-53162\" src=\"https:\/\/www.topohvar.at\/wp-content\/uploads\/2021\/10\/va-on-01-1.jpg\" sizes=\"auto, (max-width: 114px) 100vw, 114px\" srcset=\"https:\/\/www.topohvar.at\/wp-content\/uploads\/2021\/10\/va-on-01-1.jpg 1080w, https:\/\/www.topohvar.at\/wp-content\/uploads\/2021\/10\/va-on-01-1-300x147.jpg 300w, https:\/\/www.topohvar.at\/wp-content\/uploads\/2021\/10\/va-on-01-1-1024x503.jpg 1024w, https:\/\/www.topohvar.at\/wp-content\/uploads\/2021\/10\/va-on-01-1-768x377.jpg 768w\" alt=\"\" width=\"114\" height=\"56\" \/><\/a>Objekt \u00bbBalote Vrboska\u00ab<br \/>\n<\/strong>VA-ON-01 \/ Vrboska, na sjevernoj strani luke<\/p>\n<p><strong><a href=\"https:\/\/www.topohvar.at\/orte\/va\/va-on-02-1\/\"><img loading=\"lazy\" decoding=\"async\" class=\"alignleft wp-image-53169\" src=\"https:\/\/www.topohvar.at\/wp-content\/uploads\/2021\/10\/va-on-02-1.jpg\" sizes=\"auto, (max-width: 114px) 100vw, 114px\" srcset=\"https:\/\/www.topohvar.at\/wp-content\/uploads\/2021\/10\/va-on-02-1.jpg 1080w, https:\/\/www.topohvar.at\/wp-content\/uploads\/2021\/10\/va-on-02-1-300x147.jpg 300w, https:\/\/www.topohvar.at\/wp-content\/uploads\/2021\/10\/va-on-02-1-1024x503.jpg 1024w, https:\/\/www.topohvar.at\/wp-content\/uploads\/2021\/10\/va-on-02-1-768x377.jpg 768w\" alt=\"\" width=\"114\" height=\"56\" \/><\/a>Objekt \u00bbIgrali\u0161te\/ko\u0161arka\u00ab<br \/>\n<\/strong>VA-ON-02 \/ Vrboska, na sjevernoj strani luke<\/p>\n<p><strong><a href=\"https:\/\/www.topohvar.at\/orte\/va\/va-on-02-1\/\"><img loading=\"lazy\" decoding=\"async\" class=\"alignleft wp-image-53175\" src=\"https:\/\/www.topohvar.at\/wp-content\/uploads\/2021\/10\/va-on-03-1-300x147.jpg\" sizes=\"auto, (max-width: 114px) 100vw, 114px\" srcset=\"https:\/\/www.topohvar.at\/wp-content\/uploads\/2021\/10\/va-on-03-1-300x147.jpg 300w, https:\/\/www.topohvar.at\/wp-content\/uploads\/2021\/10\/va-on-03-1-1024x503.jpg 1024w, https:\/\/www.topohvar.at\/wp-content\/uploads\/2021\/10\/va-on-03-1-768x377.jpg 768w, https:\/\/www.topohvar.at\/wp-content\/uploads\/2021\/10\/va-on-03-1.jpg 1080w\" alt=\"\" width=\"114\" height=\"56\" \/><\/a>Objekt \u00bbDje\u010dje igrali\u0161te\u00ab<br \/>\n<\/strong>VA-ON-03 \/ Vrboska, na sjevernoj strani luke<\/p>\n<hr \/>\n<p><strong><a href=\"https:\/\/www.topohvar.at\/orte\/za\/za-ob-05-1\/\"><img loading=\"lazy\" decoding=\"async\" class=\"alignleft wp-image-52678\" src=\"https:\/\/www.topohvar.at\/wp-content\/uploads\/2021\/10\/za-ob-05-1.jpg\" sizes=\"auto, (max-width: 114px) 100vw, 114px\" srcset=\"https:\/\/www.topohvar.at\/wp-content\/uploads\/2021\/10\/za-ob-05-1.jpg 1080w, https:\/\/www.topohvar.at\/wp-content\/uploads\/2021\/10\/za-ob-05-1-300x147.jpg 300w, https:\/\/www.topohvar.at\/wp-content\/uploads\/2021\/10\/za-ob-05-1-1024x503.jpg 1024w, https:\/\/www.topohvar.at\/wp-content\/uploads\/2021\/10\/za-ob-05-1-768x377.jpg 768w\" alt=\"\" width=\"114\" height=\"56\" \/><\/a>Objekt \u00bbGumno 3\u00ab (prostor za vr\u0161enje)<br \/>\n<\/strong>ZA-OB-05 \/ Zastra\u017ei\u0161\u0107e, Humi\u0107<\/p>\n<p><strong><a href=\"https:\/\/www.topohvar.at\/orte\/za\/za-ob-06-1\/\"><img loading=\"lazy\" decoding=\"async\" class=\"alignleft wp-image-52665\" src=\"https:\/\/www.topohvar.at\/wp-content\/uploads\/2021\/10\/za-ob-06-4.jpg\" sizes=\"auto, (max-width: 114px) 100vw, 114px\" srcset=\"https:\/\/www.topohvar.at\/wp-content\/uploads\/2021\/10\/za-ob-06-4.jpg 1080w, https:\/\/www.topohvar.at\/wp-content\/uploads\/2021\/10\/za-ob-06-4-300x147.jpg 300w, https:\/\/www.topohvar.at\/wp-content\/uploads\/2021\/10\/za-ob-06-4-1024x503.jpg 1024w, https:\/\/www.topohvar.at\/wp-content\/uploads\/2021\/10\/za-ob-06-4-768x377.jpg 768w\" alt=\"\" width=\"114\" height=\"56\" \/><\/a>Objekt \u00bbMlin za masline 2\u00ab<br \/>\n<\/strong>ZA-OB-06 \/ Zastra\u017ei\u0161\u0107e<\/p>\n<p><strong><a href=\"https:\/\/www.topohvar.at\/orte\/za\/za-ob-07-1\/\"><img loading=\"lazy\" decoding=\"async\" class=\"alignleft wp-image-52645\" src=\"https:\/\/www.topohvar.at\/wp-content\/uploads\/2021\/10\/za-ob-07-1.jpg\" sizes=\"auto, (max-width: 114px) 100vw, 114px\" srcset=\"https:\/\/www.topohvar.at\/wp-content\/uploads\/2021\/10\/za-ob-07-1.jpg 1080w, https:\/\/www.topohvar.at\/wp-content\/uploads\/2021\/10\/za-ob-07-1-300x147.jpg 300w, https:\/\/www.topohvar.at\/wp-content\/uploads\/2021\/10\/za-ob-07-1-1024x503.jpg 1024w, https:\/\/www.topohvar.at\/wp-content\/uploads\/2021\/10\/za-ob-07-1-768x377.jpg 768w\" alt=\"\" width=\"114\" height=\"56\" \/><\/a>Objekt \u00bbGumno 4\u00ab (prostor za vr\u0161enje)<br \/>\n<\/strong>ZA-OB-07 \/ Zastra\u017ei\u0161\u0107e, Humi\u0107<\/p>\n<hr \/>\n<p><strong><a href=\"https:\/\/www.topohvar.at\/orte\/zv\/zv-on-01-1\/\"><img loading=\"lazy\" decoding=\"async\" class=\"alignleft wp-image-52886\" src=\"https:\/\/www.topohvar.at\/wp-content\/uploads\/2021\/10\/zv-on-01-1.jpg\" sizes=\"auto, (max-width: 114px) 100vw, 114px\" srcset=\"https:\/\/www.topohvar.at\/wp-content\/uploads\/2021\/10\/zv-on-01-1.jpg 1080w, https:\/\/www.topohvar.at\/wp-content\/uploads\/2021\/10\/zv-on-01-1-300x147.jpg 300w, https:\/\/www.topohvar.at\/wp-content\/uploads\/2021\/10\/zv-on-01-1-1024x503.jpg 1024w, https:\/\/www.topohvar.at\/wp-content\/uploads\/2021\/10\/zv-on-01-1-768x377.jpg 768w\" alt=\"\" width=\"114\" height=\"56\" \/><\/a>Objekt \u00bbBalote Zavala\u00ab<br \/>\n<\/strong>ZV-ON-01 \/ Zavala<\/p>\n<p><strong><a href=\"https:\/\/www.topohvar.at\/orte\/zv\/zv-ob-01-1\/\"><img loading=\"lazy\" decoding=\"async\" class=\"alignleft wp-image-52877\" src=\"https:\/\/www.topohvar.at\/wp-content\/uploads\/2021\/10\/zv-ob-01-1.jpg\" sizes=\"auto, (max-width: 114px) 100vw, 114px\" srcset=\"https:\/\/www.topohvar.at\/wp-content\/uploads\/2021\/10\/zv-ob-01-1.jpg 1080w, https:\/\/www.topohvar.at\/wp-content\/uploads\/2021\/10\/zv-ob-01-1-300x147.jpg 300w, https:\/\/www.topohvar.at\/wp-content\/uploads\/2021\/10\/zv-ob-01-1-1024x503.jpg 1024w, https:\/\/www.topohvar.at\/wp-content\/uploads\/2021\/10\/zv-ob-01-1-768x377.jpg 768w\" alt=\"\" width=\"114\" height=\"56\" \/><\/a>Objekt \u00bbDvostruka pre\u0161a za vino\u00ab<br \/>\n<\/strong>ZV-OB-01 \/ Zavala 37<\/p>\n<hr \/>\n<h2><strong><span style=\"color: #ff0000;\">Cisterne i to\u010dka vode \/ Zisternen und Wasserstellen<\/span><\/strong><\/h2>\n<p><strong><a href=\"https:\/\/www.topohvar.at\/topo\/orte\/do\/do-op-00-1-2\/#op-11\"><img loading=\"lazy\" decoding=\"async\" class=\"alignleft wp-image-52947\" src=\"https:\/\/www.topohvar.at\/wp-content\/uploads\/2021\/10\/do-op-11-1.jpg\" sizes=\"auto, (max-width: 114px) 100vw, 114px\" srcset=\"https:\/\/www.topohvar.at\/wp-content\/uploads\/2021\/10\/do-op-11-1.jpg 1080w, https:\/\/www.topohvar.at\/wp-content\/uploads\/2021\/10\/do-op-11-1-300x147.jpg 300w, https:\/\/www.topohvar.at\/wp-content\/uploads\/2021\/10\/do-op-11-1-1024x503.jpg 1024w, https:\/\/www.topohvar.at\/wp-content\/uploads\/2021\/10\/do-op-11-1-768x377.jpg 768w\" alt=\"\" width=\"114\" height=\"56\" \/><\/a>Objekt \u00bbGustirna (11)\u00ab<br \/>\n<\/strong>DO-OP-11 \/ Dol, na ceste sv. Ane<\/p>\n<p><strong><a href=\"https:\/\/www.topohvar.at\/topo\/orte\/do\/do-op-00-1-2\/#op-12\"><img loading=\"lazy\" decoding=\"async\" class=\"alignleft wp-image-52953\" src=\"https:\/\/www.topohvar.at\/wp-content\/uploads\/2021\/10\/do-op-12-1.jpg\" sizes=\"auto, (max-width: 114px) 100vw, 114px\" srcset=\"https:\/\/www.topohvar.at\/wp-content\/uploads\/2021\/10\/do-op-12-1.jpg 1080w, https:\/\/www.topohvar.at\/wp-content\/uploads\/2021\/10\/do-op-12-1-300x147.jpg 300w, https:\/\/www.topohvar.at\/wp-content\/uploads\/2021\/10\/do-op-12-1-1024x503.jpg 1024w, https:\/\/www.topohvar.at\/wp-content\/uploads\/2021\/10\/do-op-12-1-768x377.jpg 768w\" alt=\"\" width=\"114\" height=\"56\" \/><\/a>Objekt \u00bbGustirna (12)\u00ab<br \/>\n<\/strong>DO-OP-12 \/ Dol, u blizini ceste za sv. Ane<\/p>\n<p><strong><a href=\"https:\/\/www.topohvar.at\/topo\/orte\/do\/do-op-00-1-2\/#op-13\"><img loading=\"lazy\" decoding=\"async\" class=\"alignleft wp-image-52963\" src=\"https:\/\/www.topohvar.at\/wp-content\/uploads\/2021\/10\/do-op-13-1.jpg\" sizes=\"auto, (max-width: 114px) 100vw, 114px\" srcset=\"https:\/\/www.topohvar.at\/wp-content\/uploads\/2021\/10\/do-op-13-1.jpg 1080w, https:\/\/www.topohvar.at\/wp-content\/uploads\/2021\/10\/do-op-13-1-300x147.jpg 300w, https:\/\/www.topohvar.at\/wp-content\/uploads\/2021\/10\/do-op-13-1-1024x503.jpg 1024w, https:\/\/www.topohvar.at\/wp-content\/uploads\/2021\/10\/do-op-13-1-768x377.jpg 768w\" alt=\"\" width=\"114\" height=\"56\" \/><\/a>Objekt \u00bbGustirna (13)\u00ab<br \/>\n<\/strong>DO-OP-13 \/ Dol \u2013 na ceste sv. Ane<\/p>\n<p><strong><a href=\"https:\/\/www.topohvar.at\/topo\/orte\/do\/do-op-00-1-2\/#op-14\"><img loading=\"lazy\" decoding=\"async\" class=\"alignleft wp-image-52969\" src=\"https:\/\/www.topohvar.at\/wp-content\/uploads\/2021\/10\/do-op-14-1.jpg\" sizes=\"auto, (max-width: 114px) 100vw, 114px\" srcset=\"https:\/\/www.topohvar.at\/wp-content\/uploads\/2021\/10\/do-op-14-1.jpg 1080w, https:\/\/www.topohvar.at\/wp-content\/uploads\/2021\/10\/do-op-14-1-300x147.jpg 300w, https:\/\/www.topohvar.at\/wp-content\/uploads\/2021\/10\/do-op-14-1-1024x503.jpg 1024w, https:\/\/www.topohvar.at\/wp-content\/uploads\/2021\/10\/do-op-14-1-768x377.jpg 768w\" alt=\"\" width=\"114\" height=\"56\" \/><\/a>Objekt \u00bbGustirna (14)\u00ab<br \/>\n<\/strong>DO-OP-14 \/ Dol \u2013 na ceste sv. Ane<\/p>\n<p><strong><a href=\"https:\/\/www.topohvar.at\/topo\/orte\/do\/do-op-00-1-2\/#op-15\"><img loading=\"lazy\" decoding=\"async\" class=\"alignleft wp-image-52976\" src=\"https:\/\/www.topohvar.at\/wp-content\/uploads\/2021\/10\/do-op-15-1.jpg\" sizes=\"auto, (max-width: 114px) 100vw, 114px\" srcset=\"https:\/\/www.topohvar.at\/wp-content\/uploads\/2021\/10\/do-op-15-1.jpg 1080w, https:\/\/www.topohvar.at\/wp-content\/uploads\/2021\/10\/do-op-15-1-300x147.jpg 300w, https:\/\/www.topohvar.at\/wp-content\/uploads\/2021\/10\/do-op-15-1-1024x503.jpg 1024w, https:\/\/www.topohvar.at\/wp-content\/uploads\/2021\/10\/do-op-15-1-768x377.jpg 768w\" alt=\"\" width=\"114\" height=\"56\" \/><\/a>Objekt \u00bbGustirna (15) kod ku\u0107e Gojava 9\u00ab<br \/>\n<\/strong>DO-OP-15 \/ Dol, Gojava br. 9<\/p>\n<p><strong><a href=\"https:\/\/www.topohvar.at\/topo\/orte\/do\/do-op-00-1-2\/#op-16\"><img loading=\"lazy\" decoding=\"async\" class=\"alignleft wp-image-52981\" src=\"https:\/\/www.topohvar.at\/wp-content\/uploads\/2021\/10\/do-op-16-1.jpg\" sizes=\"auto, (max-width: 114px) 100vw, 114px\" srcset=\"https:\/\/www.topohvar.at\/wp-content\/uploads\/2021\/10\/do-op-16-1.jpg 1080w, https:\/\/www.topohvar.at\/wp-content\/uploads\/2021\/10\/do-op-16-1-300x147.jpg 300w, https:\/\/www.topohvar.at\/wp-content\/uploads\/2021\/10\/do-op-16-1-1024x503.jpg 1024w, https:\/\/www.topohvar.at\/wp-content\/uploads\/2021\/10\/do-op-16-1-768x377.jpg 768w\" alt=\"\" width=\"114\" height=\"56\" \/><\/a>Objekt \u00bbGustirna (16) kod ku\u0107e Gojava 5\u00ab<br \/>\n<\/strong>DO-OP-16 \/ Dol, Gojava br. 5<\/p>\n<p><strong><a href=\"https:\/\/www.topohvar.at\/topo\/orte\/do\/do-op-00-1-2\/#op-17\"><img loading=\"lazy\" decoding=\"async\" class=\"alignleft wp-image-52985\" src=\"https:\/\/www.topohvar.at\/wp-content\/uploads\/2021\/10\/do-op-17-1.jpg\" sizes=\"auto, (max-width: 114px) 100vw, 114px\" srcset=\"https:\/\/www.topohvar.at\/wp-content\/uploads\/2021\/10\/do-op-17-1.jpg 1080w, https:\/\/www.topohvar.at\/wp-content\/uploads\/2021\/10\/do-op-17-1-300x147.jpg 300w, https:\/\/www.topohvar.at\/wp-content\/uploads\/2021\/10\/do-op-17-1-1024x503.jpg 1024w, https:\/\/www.topohvar.at\/wp-content\/uploads\/2021\/10\/do-op-17-1-768x377.jpg 768w\" alt=\"\" width=\"114\" height=\"56\" \/><\/a>Objekt \u00bbGustirna (17) nasuprot ku\u0107e Gojava 6\u00ab<br \/>\n<\/strong>DO-OP-17 \/ Dol, Gojava br. 6<\/p>\n<p><strong><a href=\"https:\/\/www.topohvar.at\/topo\/orte\/do\/do-op-00-1-2\/#op-18\"><img loading=\"lazy\" decoding=\"async\" class=\"alignleft wp-image-52993\" src=\"https:\/\/www.topohvar.at\/wp-content\/uploads\/2021\/10\/do-op-18-1.jpg\" sizes=\"auto, (max-width: 114px) 100vw, 114px\" srcset=\"https:\/\/www.topohvar.at\/wp-content\/uploads\/2021\/10\/do-op-18-1.jpg 1080w, https:\/\/www.topohvar.at\/wp-content\/uploads\/2021\/10\/do-op-18-1-300x147.jpg 300w, https:\/\/www.topohvar.at\/wp-content\/uploads\/2021\/10\/do-op-18-1-1024x503.jpg 1024w, https:\/\/www.topohvar.at\/wp-content\/uploads\/2021\/10\/do-op-18-1-768x377.jpg 768w\" alt=\"\" width=\"114\" height=\"56\" \/><\/a>Objekt \u00bbGustirna (18) kod ku\u0107a Gojava 3 i 4\u00ab<br \/>\n<\/strong>DO-OP-18 \/ Dol, Gojava br. 3 i 4<\/p>\n<p><strong><a href=\"https:\/\/www.topohvar.at\/topo\/orte\/do\/do-op-00-1-2\/#op-19\"><img loading=\"lazy\" decoding=\"async\" class=\"alignleft wp-image-53004\" src=\"https:\/\/www.topohvar.at\/wp-content\/uploads\/2021\/10\/do-op-19-1.jpg\" sizes=\"auto, (max-width: 114px) 100vw, 114px\" srcset=\"https:\/\/www.topohvar.at\/wp-content\/uploads\/2021\/10\/do-op-19-1.jpg 1080w, https:\/\/www.topohvar.at\/wp-content\/uploads\/2021\/10\/do-op-19-1-300x147.jpg 300w, https:\/\/www.topohvar.at\/wp-content\/uploads\/2021\/10\/do-op-19-1-1024x503.jpg 1024w, https:\/\/www.topohvar.at\/wp-content\/uploads\/2021\/10\/do-op-19-1-768x377.jpg 768w\" alt=\"\" width=\"114\" height=\"56\" \/><\/a>Objekt \u00bbGustirna (19) kod ku\u0107e Glavica 2\u00ab<br \/>\n<\/strong>DO-OP-19 \/ Dol, Glavica br. 2<\/p>\n<p><strong><a href=\"https:\/\/www.topohvar.at\/topo\/orte\/do\/do-op-00-1-2\/#op-20\"><img loading=\"lazy\" decoding=\"async\" class=\"alignleft wp-image-53017\" src=\"https:\/\/www.topohvar.at\/wp-content\/uploads\/2021\/10\/do-op-20-1.jpg\" sizes=\"auto, (max-width: 114px) 100vw, 114px\" srcset=\"https:\/\/www.topohvar.at\/wp-content\/uploads\/2021\/10\/do-op-20-1.jpg 1080w, https:\/\/www.topohvar.at\/wp-content\/uploads\/2021\/10\/do-op-20-1-300x147.jpg 300w, https:\/\/www.topohvar.at\/wp-content\/uploads\/2021\/10\/do-op-20-1-1024x503.jpg 1024w, https:\/\/www.topohvar.at\/wp-content\/uploads\/2021\/10\/do-op-20-1-768x377.jpg 768w\" alt=\"\" width=\"114\" height=\"56\" \/><\/a>Objekt \u00bbGustirna (20) kod ku\u0107e Sansovi\u0107a dvora 43\u00ab<br \/>\n<\/strong>DO-OP-20 \/ Dol, Sansovi\u0107a dvor br. 43<\/p>\n<p><strong><a href=\"https:\/\/www.topohvar.at\/topo\/orte\/do\/do-op-00-1-2\/#op-21\"><img loading=\"lazy\" decoding=\"async\" class=\"alignleft wp-image-53023\" src=\"https:\/\/www.topohvar.at\/wp-content\/uploads\/2021\/10\/do-op-21-1.jpg\" sizes=\"auto, (max-width: 114px) 100vw, 114px\" srcset=\"https:\/\/www.topohvar.at\/wp-content\/uploads\/2021\/10\/do-op-21-1.jpg 1080w, https:\/\/www.topohvar.at\/wp-content\/uploads\/2021\/10\/do-op-21-1-300x147.jpg 300w, https:\/\/www.topohvar.at\/wp-content\/uploads\/2021\/10\/do-op-21-1-1024x503.jpg 1024w, https:\/\/www.topohvar.at\/wp-content\/uploads\/2021\/10\/do-op-21-1-768x377.jpg 768w\" alt=\"\" width=\"114\" height=\"56\" \/><\/a>Objekt \u00bbGustirna (21)\u00ab<br \/>\n<\/strong>DO-OP-21 \/ Dol \u2013 Sv. Marije<\/p>\n<p><strong><a href=\"https:\/\/www.topohvar.at\/topo\/orte\/do\/do-op-00-1-2\/#op-22\"><img loading=\"lazy\" decoding=\"async\" class=\"alignleft wp-image-53032\" src=\"https:\/\/www.topohvar.at\/wp-content\/uploads\/2021\/10\/do-op-22-1.jpg\" sizes=\"auto, (max-width: 114px) 100vw, 114px\" srcset=\"https:\/\/www.topohvar.at\/wp-content\/uploads\/2021\/10\/do-op-22-1.jpg 1080w, https:\/\/www.topohvar.at\/wp-content\/uploads\/2021\/10\/do-op-22-1-300x147.jpg 300w, https:\/\/www.topohvar.at\/wp-content\/uploads\/2021\/10\/do-op-22-1-1024x503.jpg 1024w, https:\/\/www.topohvar.at\/wp-content\/uploads\/2021\/10\/do-op-22-1-768x377.jpg 768w\" alt=\"\" width=\"114\" height=\"56\" \/><\/a>Objekt \u00bbGustirna (22) kod ku\u0107e Rado\u0161evi\u0107a dvor 5\u00ab<br \/>\n<\/strong>DO-OP-22 \/ Dol \u2013 Sv. Marije, Radosevica dvor br. 5<\/p>\n<p><strong><a href=\"https:\/\/www.topohvar.at\/topo\/orte\/do\/do-op-00-1-2\/#op-23\"><img loading=\"lazy\" decoding=\"async\" class=\"alignleft wp-image-53050\" src=\"https:\/\/www.topohvar.at\/wp-content\/uploads\/2021\/10\/do-op-23-1.jpg\" sizes=\"auto, (max-width: 114px) 100vw, 114px\" srcset=\"https:\/\/www.topohvar.at\/wp-content\/uploads\/2021\/10\/do-op-23-1.jpg 1080w, https:\/\/www.topohvar.at\/wp-content\/uploads\/2021\/10\/do-op-23-1-300x147.jpg 300w, https:\/\/www.topohvar.at\/wp-content\/uploads\/2021\/10\/do-op-23-1-1024x503.jpg 1024w, https:\/\/www.topohvar.at\/wp-content\/uploads\/2021\/10\/do-op-23-1-768x377.jpg 768w\" alt=\"\" width=\"114\" height=\"56\" \/><\/a>Objekt \u00bbGustirna (23)\u00ab<br \/>\n<\/strong>DO-OP-23 \/ Dol, u blizini ceste za Sv. Marije<\/p>\n<p><strong><a href=\"https:\/\/www.topohvar.at\/topo\/orte\/do\/do-op-00-1-2\/#op-24\"><img loading=\"lazy\" decoding=\"async\" class=\"alignleft wp-image-53045\" src=\"https:\/\/www.topohvar.at\/wp-content\/uploads\/2021\/10\/do-op-24-1.jpg\" sizes=\"auto, (max-width: 114px) 100vw, 114px\" srcset=\"https:\/\/www.topohvar.at\/wp-content\/uploads\/2021\/10\/do-op-24-1.jpg 1080w, https:\/\/www.topohvar.at\/wp-content\/uploads\/2021\/10\/do-op-24-1-300x147.jpg 300w, https:\/\/www.topohvar.at\/wp-content\/uploads\/2021\/10\/do-op-24-1-1024x503.jpg 1024w, https:\/\/www.topohvar.at\/wp-content\/uploads\/2021\/10\/do-op-24-1-768x377.jpg 768w\" alt=\"\" width=\"114\" height=\"56\" \/><\/a>Objekt \u00bbGustirna (24)\u00ab<br \/>\n<\/strong>DO-OP-24 \/ Dol, u blizini ceste za Sv. Marije<\/p>\n<p><strong><a href=\"https:\/\/www.topohvar.at\/topo\/orte\/do\/do-op-00-1-2\/#op-25\"><img loading=\"lazy\" decoding=\"async\" class=\"alignleft wp-image-53057\" src=\"https:\/\/www.topohvar.at\/wp-content\/uploads\/2021\/10\/do-op-25-1.jpg\" sizes=\"auto, (max-width: 114px) 100vw, 114px\" srcset=\"https:\/\/www.topohvar.at\/wp-content\/uploads\/2021\/10\/do-op-25-1.jpg 1080w, https:\/\/www.topohvar.at\/wp-content\/uploads\/2021\/10\/do-op-25-1-300x147.jpg 300w, https:\/\/www.topohvar.at\/wp-content\/uploads\/2021\/10\/do-op-25-1-1024x503.jpg 1024w, https:\/\/www.topohvar.at\/wp-content\/uploads\/2021\/10\/do-op-25-1-768x377.jpg 768w\" alt=\"\" width=\"114\" height=\"56\" \/><\/a>Objekt \u00bbGustirna (25)\u00ab<br \/>\n<\/strong>DO-OP-25 \/ Dol, u blizini ceste za Sv. Marije<\/p>\n<p><strong><a href=\"https:\/\/www.topohvar.at\/topo\/orte\/do\/do-op-00-1-2\/#op-26\"><img loading=\"lazy\" decoding=\"async\" class=\"alignleft wp-image-53062\" src=\"https:\/\/www.topohvar.at\/wp-content\/uploads\/2021\/10\/do-op-26-1.jpg\" sizes=\"auto, (max-width: 114px) 100vw, 114px\" srcset=\"https:\/\/www.topohvar.at\/wp-content\/uploads\/2021\/10\/do-op-26-1.jpg 1080w, https:\/\/www.topohvar.at\/wp-content\/uploads\/2021\/10\/do-op-26-1-300x147.jpg 300w, https:\/\/www.topohvar.at\/wp-content\/uploads\/2021\/10\/do-op-26-1-1024x503.jpg 1024w, https:\/\/www.topohvar.at\/wp-content\/uploads\/2021\/10\/do-op-26-1-768x377.jpg 768w\" alt=\"\" width=\"114\" height=\"56\" \/><\/a>Objekt \u00bbGustirna (26)\u00ab<br \/>\n<\/strong>DO-OP-26 \/ Dol, u blizini ceste za Vrbanj<\/p>\n<p><strong><a href=\"https:\/\/www.topohvar.at\/topo\/orte\/do\/do-op-00-1-2\/#op-43\"><img loading=\"lazy\" decoding=\"async\" class=\"alignleft wp-image-53078\" src=\"https:\/\/www.topohvar.at\/wp-content\/uploads\/2021\/10\/do-op-27-1.jpg\" sizes=\"auto, (max-width: 114px) 100vw, 114px\" srcset=\"https:\/\/www.topohvar.at\/wp-content\/uploads\/2021\/10\/do-op-27-1.jpg 1080w, https:\/\/www.topohvar.at\/wp-content\/uploads\/2021\/10\/do-op-27-1-300x147.jpg 300w, https:\/\/www.topohvar.at\/wp-content\/uploads\/2021\/10\/do-op-27-1-1024x503.jpg 1024w, https:\/\/www.topohvar.at\/wp-content\/uploads\/2021\/10\/do-op-27-1-768x377.jpg 768w\" alt=\"\" width=\"114\" height=\"56\" \/><\/a>Objekt \u00bbGustirna (43) kod ku\u0107e Glavica 6\u00ab<br \/>\n<\/strong>DO-OP-43 \/ Dol, Glavica br. 6<\/p>\n<hr \/>\n<p><strong><a href=\"https:\/\/www.topohvar.at\/topo\/orte\/gv\/gv-op-00-0\/#op-02\"><img loading=\"lazy\" decoding=\"async\" class=\"alignleft wp-image-9639\" src=\"https:\/\/www.topohvar.at\/wp-content\/uploads\/2018\/09\/gv-op-02-0-1024x503.jpg\" sizes=\"auto, (max-width: 114px) 100vw, 114px\" srcset=\"https:\/\/www.topohvar.at\/wp-content\/uploads\/2018\/09\/gv-op-02-0-1024x503.jpg 1024w, https:\/\/www.topohvar.at\/wp-content\/uploads\/2018\/09\/gv-op-02-0-300x147.jpg 300w, https:\/\/www.topohvar.at\/wp-content\/uploads\/2018\/09\/gv-op-02-0-768x377.jpg 768w, https:\/\/www.topohvar.at\/wp-content\/uploads\/2018\/09\/gv-op-02-0.jpg 1080w\" alt=\"\" width=\"114\" height=\"56\" \/><\/a>Objekt \u00bbVeliki pjover (02)\u00ab<br \/>\n<\/strong>GV-OP-02 \/ Velo Grablje, pjover<\/p>\n<p><strong><a href=\"https:\/\/www.topohvar.at\/topo\/orte\/gv\/gv-op-00-0\/#op-04\"><img loading=\"lazy\" decoding=\"async\" class=\"alignleft wp-image-46806\" src=\"https:\/\/www.topohvar.at\/wp-content\/uploads\/2021\/03\/gv-op-04-1.jpg\" sizes=\"auto, (max-width: 114px) 100vw, 114px\" srcset=\"https:\/\/www.topohvar.at\/wp-content\/uploads\/2021\/03\/gv-op-04-1.jpg 1080w, https:\/\/www.topohvar.at\/wp-content\/uploads\/2021\/03\/gv-op-04-1-300x147.jpg 300w, https:\/\/www.topohvar.at\/wp-content\/uploads\/2021\/03\/gv-op-04-1-1024x503.jpg 1024w, https:\/\/www.topohvar.at\/wp-content\/uploads\/2021\/03\/gv-op-04-1-768x377.jpg 768w\" alt=\"\" width=\"114\" height=\"56\" \/><\/a>Objekt \u00bbGustirna (04) kod zadruge\u00ab<br \/>\n<\/strong>GV-OP-04 \/ Velo Grablje 28<\/p>\n<p><strong><a href=\"https:\/\/www.topohvar.at\/topo\/orte\/gv\/gv-op-00-0\/#op-05\"><img loading=\"lazy\" decoding=\"async\" class=\"alignleft wp-image-46845\" src=\"https:\/\/www.topohvar.at\/wp-content\/uploads\/2021\/03\/gv-op-05-1.jpg\" sizes=\"auto, (max-width: 114px) 100vw, 114px\" srcset=\"https:\/\/www.topohvar.at\/wp-content\/uploads\/2021\/03\/gv-op-05-1.jpg 1080w, https:\/\/www.topohvar.at\/wp-content\/uploads\/2021\/03\/gv-op-05-1-300x147.jpg 300w, https:\/\/www.topohvar.at\/wp-content\/uploads\/2021\/03\/gv-op-05-1-1024x503.jpg 1024w, https:\/\/www.topohvar.at\/wp-content\/uploads\/2021\/03\/gv-op-05-1-768x377.jpg 768w\" alt=\"\" width=\"114\" height=\"56\" \/><\/a>Objekt \u00bbGustirna (05) kod ku\u0107e br. 21\u00ab<br \/>\n<\/strong>GV-OP-05 \/ Velo Grablje 21<\/p>\n<p><strong><a href=\"https:\/\/www.topohvar.at\/topo\/orte\/gv\/gv-op-00-0\/#op-06\"><img loading=\"lazy\" decoding=\"async\" class=\"alignleft wp-image-46839\" src=\"https:\/\/www.topohvar.at\/wp-content\/uploads\/2021\/03\/gv-op-06-1.jpg\" sizes=\"auto, (max-width: 114px) 100vw, 114px\" srcset=\"https:\/\/www.topohvar.at\/wp-content\/uploads\/2021\/03\/gv-op-06-1.jpg 1080w, https:\/\/www.topohvar.at\/wp-content\/uploads\/2021\/03\/gv-op-06-1-300x147.jpg 300w, https:\/\/www.topohvar.at\/wp-content\/uploads\/2021\/03\/gv-op-06-1-1024x503.jpg 1024w, https:\/\/www.topohvar.at\/wp-content\/uploads\/2021\/03\/gv-op-06-1-768x377.jpg 768w\" alt=\"\" width=\"114\" height=\"56\" \/><\/a>Objekt \u00bbGustirna (06) kod ku\u0107e br. 20\u00ab<br \/>\n<\/strong>GV-OP-06 \/ Velo Grablje 20<\/p>\n<p><strong><a href=\"https:\/\/www.topohvar.at\/topo\/orte\/gv\/gv-op-00-0\/#op-07\"><img loading=\"lazy\" decoding=\"async\" class=\"alignleft wp-image-46831\" src=\"https:\/\/www.topohvar.at\/wp-content\/uploads\/2021\/03\/gv-op-07-1.jpg\" sizes=\"auto, (max-width: 114px) 100vw, 114px\" srcset=\"https:\/\/www.topohvar.at\/wp-content\/uploads\/2021\/03\/gv-op-07-1.jpg 1080w, https:\/\/www.topohvar.at\/wp-content\/uploads\/2021\/03\/gv-op-07-1-300x147.jpg 300w, https:\/\/www.topohvar.at\/wp-content\/uploads\/2021\/03\/gv-op-07-1-1024x503.jpg 1024w, https:\/\/www.topohvar.at\/wp-content\/uploads\/2021\/03\/gv-op-07-1-768x377.jpg 768w\" alt=\"\" width=\"114\" height=\"56\" \/><\/a>Objekt \u00bbGustirna (07) kod ku\u0107e br. 33\u00ab<br \/>\n<\/strong>GV-OP-07 \/ Velo Grablje 33<\/p>\n<p><strong><a href=\"https:\/\/www.topohvar.at\/topo\/orte\/gv\/gv-op-00-0\/#op-08\"><img loading=\"lazy\" decoding=\"async\" class=\"alignleft wp-image-46834\" src=\"https:\/\/www.topohvar.at\/wp-content\/uploads\/2021\/03\/gv-op-08-1.jpg\" sizes=\"auto, (max-width: 114px) 100vw, 114px\" srcset=\"https:\/\/www.topohvar.at\/wp-content\/uploads\/2021\/03\/gv-op-08-1.jpg 1080w, https:\/\/www.topohvar.at\/wp-content\/uploads\/2021\/03\/gv-op-08-1-300x147.jpg 300w, https:\/\/www.topohvar.at\/wp-content\/uploads\/2021\/03\/gv-op-08-1-1024x503.jpg 1024w, https:\/\/www.topohvar.at\/wp-content\/uploads\/2021\/03\/gv-op-08-1-768x377.jpg 768w\" alt=\"\" width=\"114\" height=\"56\" \/><\/a>Objekt \u00bbGustirna (08) kod ku\u0107e br. 19\u00ab<br \/>\n<\/strong>GV-OP-08 \/ Velo Grablje 19<\/p>\n<p><strong><a href=\"https:\/\/www.topohvar.at\/topo\/orte\/gv\/gv-op-00-0\/#op-09\"><img loading=\"lazy\" decoding=\"async\" class=\"alignleft wp-image-46823\" src=\"https:\/\/www.topohvar.at\/wp-content\/uploads\/2021\/03\/gv-op-09-1.jpg\" sizes=\"auto, (max-width: 114px) 100vw, 114px\" srcset=\"https:\/\/www.topohvar.at\/wp-content\/uploads\/2021\/03\/gv-op-09-1.jpg 1080w, https:\/\/www.topohvar.at\/wp-content\/uploads\/2021\/03\/gv-op-09-1-300x147.jpg 300w, https:\/\/www.topohvar.at\/wp-content\/uploads\/2021\/03\/gv-op-09-1-1024x503.jpg 1024w, https:\/\/www.topohvar.at\/wp-content\/uploads\/2021\/03\/gv-op-09-1-768x377.jpg 768w\" alt=\"\" width=\"114\" height=\"56\" \/><\/a>Objekt \u00bbGustirna (09) kod ku\u0107e br. 32\u00ab<br \/>\n<\/strong>GV-OP-09 \/ Velo Grablje 32<\/p>\n<p><strong><a href=\"https:\/\/www.topohvar.at\/topo\/orte\/gv\/gv-op-00-0\/#op-10\"><img loading=\"lazy\" decoding=\"async\" class=\"alignleft wp-image-46818\" src=\"https:\/\/www.topohvar.at\/wp-content\/uploads\/2021\/03\/gv-op-10-1.jpg\" sizes=\"auto, (max-width: 114px) 100vw, 114px\" srcset=\"https:\/\/www.topohvar.at\/wp-content\/uploads\/2021\/03\/gv-op-10-1.jpg 1080w, https:\/\/www.topohvar.at\/wp-content\/uploads\/2021\/03\/gv-op-10-1-300x147.jpg 300w, https:\/\/www.topohvar.at\/wp-content\/uploads\/2021\/03\/gv-op-10-1-1024x503.jpg 1024w, https:\/\/www.topohvar.at\/wp-content\/uploads\/2021\/03\/gv-op-10-1-768x377.jpg 768w\" alt=\"\" width=\"114\" height=\"56\" \/><\/a>Objekt \u00bbGustirna (10) kod ku\u0107e br. 64\u00ab<br \/>\n<\/strong>GV-OP-10 \/ Velo Grablje 64<\/p>\n<p><strong><a href=\"https:\/\/www.topohvar.at\/topo\/orte\/gv\/gv-op-00-0\/#op-24\"><img loading=\"lazy\" decoding=\"async\" class=\"alignleft wp-image-52765\" src=\"https:\/\/www.topohvar.at\/wp-content\/uploads\/2021\/10\/gv-op-24-1.jpg\" sizes=\"auto, (max-width: 114px) 100vw, 114px\" srcset=\"https:\/\/www.topohvar.at\/wp-content\/uploads\/2021\/10\/gv-op-24-1.jpg 1080w, https:\/\/www.topohvar.at\/wp-content\/uploads\/2021\/10\/gv-op-24-1-300x147.jpg 300w, https:\/\/www.topohvar.at\/wp-content\/uploads\/2021\/10\/gv-op-24-1-1024x503.jpg 1024w, https:\/\/www.topohvar.at\/wp-content\/uploads\/2021\/10\/gv-op-24-1-768x377.jpg 768w\" alt=\"\" width=\"114\" height=\"56\" \/><\/a>Objekt \u00bbGustirna (24) nasuprot ku\u0107e br. 67\u00ab<br \/>\n<\/strong>GV-OP-24 \/ Velo Grablje 67<\/p>\n<p><strong><a href=\"https:\/\/www.topohvar.at\/topo\/orte\/gv\/gv-op-00-0\/#op-25\"><img loading=\"lazy\" decoding=\"async\" class=\"alignleft wp-image-52769\" src=\"https:\/\/www.topohvar.at\/wp-content\/uploads\/2021\/10\/gv-op-25-1.jpg\" sizes=\"auto, (max-width: 114px) 100vw, 114px\" srcset=\"https:\/\/www.topohvar.at\/wp-content\/uploads\/2021\/10\/gv-op-25-1.jpg 1080w, https:\/\/www.topohvar.at\/wp-content\/uploads\/2021\/10\/gv-op-25-1-300x147.jpg 300w, https:\/\/www.topohvar.at\/wp-content\/uploads\/2021\/10\/gv-op-25-1-1024x503.jpg 1024w, https:\/\/www.topohvar.at\/wp-content\/uploads\/2021\/10\/gv-op-25-1-768x377.jpg 768w\" alt=\"\" width=\"114\" height=\"56\" \/><\/a>Objekt \u00bbGustirna (25) kod ku\u0107e br. 67\u00ab<br \/>\n<\/strong>GV-OP-25 \/ Velo Grablje 67<\/p>\n<p><strong><a href=\"https:\/\/www.topohvar.at\/topo\/orte\/gv\/gv-op-00-0\/#op-26\"><img loading=\"lazy\" decoding=\"async\" class=\"alignleft wp-image-52777\" src=\"https:\/\/www.topohvar.at\/wp-content\/uploads\/2021\/10\/gv-op-26-1.jpg\" sizes=\"auto, (max-width: 114px) 100vw, 114px\" srcset=\"https:\/\/www.topohvar.at\/wp-content\/uploads\/2021\/10\/gv-op-26-1.jpg 1080w, https:\/\/www.topohvar.at\/wp-content\/uploads\/2021\/10\/gv-op-26-1-300x147.jpg 300w, https:\/\/www.topohvar.at\/wp-content\/uploads\/2021\/10\/gv-op-26-1-1024x503.jpg 1024w, https:\/\/www.topohvar.at\/wp-content\/uploads\/2021\/10\/gv-op-26-1-768x377.jpg 768w\" alt=\"\" width=\"114\" height=\"56\" \/><\/a>Objekt \u00bbGustirna (26) kod ku\u0107e br. 81\u00ab<br \/>\n<\/strong>GV-OP-26 \/ Velo Grablje 81<\/p>\n<p><strong><a href=\"https:\/\/www.topohvar.at\/topo\/orte\/gv\/gv-op-00-0\/#op-27\"><img loading=\"lazy\" decoding=\"async\" class=\"alignleft wp-image-52785\" src=\"https:\/\/www.topohvar.at\/wp-content\/uploads\/2021\/10\/gv-op-27-1.jpg\" sizes=\"auto, (max-width: 114px) 100vw, 114px\" srcset=\"https:\/\/www.topohvar.at\/wp-content\/uploads\/2021\/10\/gv-op-27-1.jpg 1080w, https:\/\/www.topohvar.at\/wp-content\/uploads\/2021\/10\/gv-op-27-1-300x147.jpg 300w, https:\/\/www.topohvar.at\/wp-content\/uploads\/2021\/10\/gv-op-27-1-1024x503.jpg 1024w, https:\/\/www.topohvar.at\/wp-content\/uploads\/2021\/10\/gv-op-27-1-768x377.jpg 768w\" alt=\"\" width=\"114\" height=\"56\" \/><\/a>Objekt \u00bbGustirna (27) kod ku\u0107e br. 79\u00ab<br \/>\n<\/strong>GV-OP-27 \/ Velo Grablje 79<\/p>\n<p><strong><a href=\"https:\/\/www.topohvar.at\/topo\/orte\/gv\/gv-op-00-0\/#op-28\"><img loading=\"lazy\" decoding=\"async\" class=\"alignleft wp-image-52793\" src=\"https:\/\/www.topohvar.at\/wp-content\/uploads\/2021\/10\/gv-op-28-1.jpg\" sizes=\"auto, (max-width: 114px) 100vw, 114px\" srcset=\"https:\/\/www.topohvar.at\/wp-content\/uploads\/2021\/10\/gv-op-28-1.jpg 1080w, https:\/\/www.topohvar.at\/wp-content\/uploads\/2021\/10\/gv-op-28-1-300x147.jpg 300w, https:\/\/www.topohvar.at\/wp-content\/uploads\/2021\/10\/gv-op-28-1-1024x503.jpg 1024w, https:\/\/www.topohvar.at\/wp-content\/uploads\/2021\/10\/gv-op-28-1-768x377.jpg 768w\" alt=\"\" width=\"114\" height=\"56\" \/><\/a>Objekt \u00bbGustirna (28) kod ku\u0107e br. 79\u00ab<br \/>\n<\/strong>GV-OP-28 \/ Velo Grablje 79<\/p>\n<p><strong><a href=\"https:\/\/www.topohvar.at\/topo\/orte\/gv\/gv-op-00-0\/#op-29\"><img loading=\"lazy\" decoding=\"async\" class=\"alignleft wp-image-52798\" src=\"https:\/\/www.topohvar.at\/wp-content\/uploads\/2021\/10\/gv-op-29-1.jpg\" sizes=\"auto, (max-width: 114px) 100vw, 114px\" srcset=\"https:\/\/www.topohvar.at\/wp-content\/uploads\/2021\/10\/gv-op-29-1.jpg 1080w, https:\/\/www.topohvar.at\/wp-content\/uploads\/2021\/10\/gv-op-29-1-300x147.jpg 300w, https:\/\/www.topohvar.at\/wp-content\/uploads\/2021\/10\/gv-op-29-1-1024x503.jpg 1024w, https:\/\/www.topohvar.at\/wp-content\/uploads\/2021\/10\/gv-op-29-1-768x377.jpg 768w\" alt=\"\" width=\"114\" height=\"56\" \/><\/a>Objekt \u00bbGustirna (29) iznad ku\u0107e br.79\u00ab<br \/>\n<\/strong>GV-OP-29 \/ Velo Grablje 79<\/p>\n<p><strong><a href=\"https:\/\/www.topohvar.at\/topo\/orte\/gv\/gv-op-00-0\/#op-30\"><img loading=\"lazy\" decoding=\"async\" class=\"alignleft wp-image-52744\" src=\"https:\/\/www.topohvar.at\/wp-content\/uploads\/2021\/10\/gv-op-30-1.jpg\" sizes=\"auto, (max-width: 114px) 100vw, 114px\" srcset=\"https:\/\/www.topohvar.at\/wp-content\/uploads\/2021\/10\/gv-op-30-1.jpg 1080w, https:\/\/www.topohvar.at\/wp-content\/uploads\/2021\/10\/gv-op-30-1-300x147.jpg 300w, https:\/\/www.topohvar.at\/wp-content\/uploads\/2021\/10\/gv-op-30-1-1024x503.jpg 1024w, https:\/\/www.topohvar.at\/wp-content\/uploads\/2021\/10\/gv-op-30-1-768x377.jpg 768w\" alt=\"\" width=\"114\" height=\"56\" \/><\/a>Objekt \u00bbGustirna (30) kod ku\u0107e br. 39\/40\u00ab<br \/>\n<\/strong>GV-OP-30 \/ Velo Grablje 39\/40<\/p>\n<p><strong><a href=\"https:\/\/www.topohvar.at\/topo\/orte\/gv\/gv-op-00-0\/#op-31\"><img loading=\"lazy\" decoding=\"async\" class=\"alignleft wp-image-66398\" src=\"https:\/\/www.topohvar.at\/wp-content\/uploads\/2024\/04\/gv-op-31-1-300x147.jpg\" sizes=\"auto, (max-width: 114px) 100vw, 114px\" srcset=\"https:\/\/www.topohvar.at\/wp-content\/uploads\/2024\/04\/gv-op-31-1-300x147.jpg 300w, https:\/\/www.topohvar.at\/wp-content\/uploads\/2024\/04\/gv-op-31-1-1024x503.jpg 1024w, https:\/\/www.topohvar.at\/wp-content\/uploads\/2024\/04\/gv-op-31-1-768x377.jpg 768w, https:\/\/www.topohvar.at\/wp-content\/uploads\/2024\/04\/gv-op-31-1.jpg 1080w\" alt=\"\" width=\"114\" height=\"56\" \/><\/a>Objekt \u00bbVelika gustirna (31)\u00ab<br \/>\n<\/strong>GV-OP-31 \/ Velo Grablje, na putu za M. Grablje<\/p>\n<p><strong><a href=\"https:\/\/www.topohvar.at\/topo\/orte\/gv\/gv-op-00-0\/#op-32\"><img loading=\"lazy\" decoding=\"async\" class=\"alignleft wp-image-52736\" src=\"https:\/\/www.topohvar.at\/wp-content\/uploads\/2021\/10\/gv-op-32-1.jpg\" sizes=\"auto, (max-width: 114px) 100vw, 114px\" srcset=\"https:\/\/www.topohvar.at\/wp-content\/uploads\/2021\/10\/gv-op-32-1.jpg 1080w, https:\/\/www.topohvar.at\/wp-content\/uploads\/2021\/10\/gv-op-32-1-300x147.jpg 300w, https:\/\/www.topohvar.at\/wp-content\/uploads\/2021\/10\/gv-op-32-1-1024x503.jpg 1024w, https:\/\/www.topohvar.at\/wp-content\/uploads\/2021\/10\/gv-op-32-1-768x377.jpg 768w\" alt=\"\" width=\"114\" height=\"56\" \/><\/a>Objekt \u00bbVelika gustirna (32)\u00ab<br \/>\n<\/strong>GV-OP-32 \/ Velo Grablje, na putu za M. Grablje<\/p>\n<p><strong><a href=\"https:\/\/www.topohvar.at\/topo\/orte\/gv\/gv-op-00-0\/#op-33\"><img loading=\"lazy\" decoding=\"async\" class=\"alignleft wp-image-52818\" src=\"https:\/\/www.topohvar.at\/wp-content\/uploads\/2021\/10\/gv-op-33-1.jpg\" sizes=\"auto, (max-width: 114px) 100vw, 114px\" srcset=\"https:\/\/www.topohvar.at\/wp-content\/uploads\/2021\/10\/gv-op-33-1.jpg 1080w, https:\/\/www.topohvar.at\/wp-content\/uploads\/2021\/10\/gv-op-33-1-300x147.jpg 300w, https:\/\/www.topohvar.at\/wp-content\/uploads\/2021\/10\/gv-op-33-1-1024x503.jpg 1024w, https:\/\/www.topohvar.at\/wp-content\/uploads\/2021\/10\/gv-op-33-1-768x377.jpg 768w\" alt=\"\" width=\"114\" height=\"56\" \/><\/a>Objekt \u00bbGustirna (33) ispod stijene plo\u010de\u00ab<br \/>\n<\/strong>GV-OP-33 \/ Velo Grablje, sjeverno od Napoleonske ceste<\/p>\n<p><strong><a href=\"https:\/\/www.topohvar.at\/topo\/orte\/gv\/gv-op-00-0\/#op-34\"><img loading=\"lazy\" decoding=\"async\" class=\"alignleft wp-image-46818\" src=\"https:\/\/www.topohvar.at\/wp-content\/uploads\/2021\/03\/gv-op-10-1.jpg\" sizes=\"auto, (max-width: 114px) 100vw, 114px\" srcset=\"https:\/\/www.topohvar.at\/wp-content\/uploads\/2021\/03\/gv-op-10-1.jpg 1080w, https:\/\/www.topohvar.at\/wp-content\/uploads\/2021\/03\/gv-op-10-1-300x147.jpg 300w, https:\/\/www.topohvar.at\/wp-content\/uploads\/2021\/03\/gv-op-10-1-1024x503.jpg 1024w, https:\/\/www.topohvar.at\/wp-content\/uploads\/2021\/03\/gv-op-10-1-768x377.jpg 768w\" alt=\"\" width=\"114\" height=\"56\" \/><\/a>Objekt \u00bbGustirna (34) kod ku\u0107e br. 64\u00ab<br \/>\n<\/strong>GV-OP-34 \/ Velo Grablje 64<\/p>\n<p><strong><a href=\"https:\/\/www.topohvar.at\/topo\/orte\/gv\/gv-op-00-0\/#op-60\"><img loading=\"lazy\" decoding=\"async\" class=\"alignleft wp-image-64634\" src=\"https:\/\/www.topohvar.at\/wp-content\/uploads\/2023\/11\/gv-op-60-1-300x147.jpg\" sizes=\"auto, (max-width: 114px) 100vw, 114px\" srcset=\"https:\/\/www.topohvar.at\/wp-content\/uploads\/2023\/11\/gv-op-60-1-300x147.jpg 300w, https:\/\/www.topohvar.at\/wp-content\/uploads\/2023\/11\/gv-op-60-1-1024x503.jpg 1024w, https:\/\/www.topohvar.at\/wp-content\/uploads\/2023\/11\/gv-op-60-1-768x377.jpg 768w, https:\/\/www.topohvar.at\/wp-content\/uploads\/2023\/11\/gv-op-60-1.jpg 1080w\" alt=\"\" width=\"114\" height=\"56\" \/><\/a>Objekt \u00bbGustirna (60)\u00ab<br \/>\n<\/strong>GV-OP-60 \/ Velo Grablje, \u00a0na putu za Sv. Vid<\/p>\n<hr \/>\n<p><strong><a href=\"https:\/\/www.topohvar.at\/orte\/je\/je-op-00-0\/#op-02\"><img loading=\"lazy\" decoding=\"async\" class=\"alignleft wp-image-8607\" src=\"https:\/\/www.topohvar.at\/wp-content\/uploads\/2018\/08\/je-op-02-0-300x147.jpg\" alt=\"\" width=\"114\" height=\"56\" srcset=\"https:\/\/www.topohvar.at\/wp-content\/uploads\/2018\/08\/je-op-02-0-300x147.jpg 300w, https:\/\/www.topohvar.at\/wp-content\/uploads\/2018\/08\/je-op-02-0-768x377.jpg 768w, https:\/\/www.topohvar.at\/wp-content\/uploads\/2018\/08\/je-op-02-0-1024x503.jpg 1024w, https:\/\/www.topohvar.at\/wp-content\/uploads\/2018\/08\/je-op-02-0.jpg 1080w\" sizes=\"auto, (max-width: 114px) 100vw, 114px\" \/><\/a>Objekt 02 \u00bbBunar na jugozapadnom dijelu pjaci\u00ab<br \/>\n<\/strong>JE-OP-02 \/ Jelsa,\u00a0Slatina<\/p>\n<hr \/>\n<p><strong><a href=\"https:\/\/www.topohvar.at\/orte\/sa\/sa-op-00-0\/#op-02\"><img loading=\"lazy\" decoding=\"async\" class=\"alignleft wp-image-52916\" src=\"https:\/\/www.topohvar.at\/wp-content\/uploads\/2021\/10\/sa-op-02-1.jpg\" sizes=\"auto, (max-width: 114px) 100vw, 114px\" srcset=\"https:\/\/www.topohvar.at\/wp-content\/uploads\/2021\/10\/sa-op-02-1.jpg 1080w, https:\/\/www.topohvar.at\/wp-content\/uploads\/2021\/10\/sa-op-02-1-300x147.jpg 300w, https:\/\/www.topohvar.at\/wp-content\/uploads\/2021\/10\/sa-op-02-1-1024x503.jpg 1024w, https:\/\/www.topohvar.at\/wp-content\/uploads\/2021\/10\/sa-op-02-1-768x377.jpg 768w\" alt=\"\" width=\"114\" height=\"56\" \/><\/a>Objekt \u00bbStari pjover\u00ab<br \/>\n<\/strong>SA-OP-02 \/ Selca, na ju\u017enom kraju sela<\/p>\n<p><strong><a href=\"https:\/\/www.topohvar.at\/orte\/sa\/sa-op-00-0\/#op-04\"><img loading=\"lazy\" decoding=\"async\" class=\"alignleft wp-image-52908\" src=\"https:\/\/www.topohvar.at\/wp-content\/uploads\/2021\/10\/sa-op-04-1.jpg\" sizes=\"auto, (max-width: 114px) 100vw, 114px\" srcset=\"https:\/\/www.topohvar.at\/wp-content\/uploads\/2021\/10\/sa-op-04-1.jpg 1080w, https:\/\/www.topohvar.at\/wp-content\/uploads\/2021\/10\/sa-op-04-1-300x147.jpg 300w, https:\/\/www.topohvar.at\/wp-content\/uploads\/2021\/10\/sa-op-04-1-1024x503.jpg 1024w, https:\/\/www.topohvar.at\/wp-content\/uploads\/2021\/10\/sa-op-04-1-768x377.jpg 768w\" alt=\"\" width=\"114\" height=\"56\" \/><\/a>Objekt \u00bbGustirna \u2013 pjover (4)\u00ab<br \/>\n<\/strong>SA-OP-04 \/ Selca, na sjevernom kraju sela<\/p>\n<hr \/>\n<p><strong><a href=\"https:\/\/www.topohvar.at\/orte\/sn\/sn-op-00-0\/#op-02\"><img loading=\"lazy\" decoding=\"async\" class=\"alignleft wp-image-52289\" src=\"https:\/\/www.topohvar.at\/wp-content\/uploads\/2021\/10\/sn-op-02-1.jpg\" sizes=\"auto, (max-width: 114px) 100vw, 114px\" srcset=\"https:\/\/www.topohvar.at\/wp-content\/uploads\/2021\/10\/sn-op-02-1.jpg 1080w, https:\/\/www.topohvar.at\/wp-content\/uploads\/2021\/10\/sn-op-02-1-300x147.jpg 300w, https:\/\/www.topohvar.at\/wp-content\/uploads\/2021\/10\/sn-op-02-1-1024x503.jpg 1024w, https:\/\/www.topohvar.at\/wp-content\/uploads\/2021\/10\/sn-op-02-1-768x377.jpg 768w\" alt=\"\" width=\"114\" height=\"56\" \/><\/a>Objekt \u00bbGustirna s pjoverom (02)\u00ab<br \/>\n<\/strong>SN-OP-02 \/ Sveta Nedjelja, sjeverno od mjesta<\/p>\n<p><strong><a href=\"https:\/\/www.topohvar.at\/orte\/sn\/sn-op-00-0\/#op-03\"><img loading=\"lazy\" decoding=\"async\" class=\"alignleft wp-image-52295\" src=\"https:\/\/www.topohvar.at\/wp-content\/uploads\/2021\/10\/sn-op-03-1.jpg\" sizes=\"auto, (max-width: 114px) 100vw, 114px\" srcset=\"https:\/\/www.topohvar.at\/wp-content\/uploads\/2021\/10\/sn-op-03-1.jpg 1080w, https:\/\/www.topohvar.at\/wp-content\/uploads\/2021\/10\/sn-op-03-1-300x147.jpg 300w, https:\/\/www.topohvar.at\/wp-content\/uploads\/2021\/10\/sn-op-03-1-1024x503.jpg 1024w, https:\/\/www.topohvar.at\/wp-content\/uploads\/2021\/10\/sn-op-03-1-768x377.jpg 768w\" alt=\"\" width=\"114\" height=\"56\" \/><\/a>Objekt \u00bbGustirna s pjoverom (03)\u00ab<br \/>\n<\/strong>SN-OP-03 \/ Sveta Nedjelja, sjeverno od mjesta<\/p>\n<p><strong><a href=\"https:\/\/www.topohvar.at\/orte\/sn\/sn-op-00-0\/#op-04\"><img loading=\"lazy\" decoding=\"async\" class=\"alignleft wp-image-52300\" src=\"https:\/\/www.topohvar.at\/wp-content\/uploads\/2021\/10\/sn-op-04-1.jpg\" sizes=\"auto, (max-width: 114px) 100vw, 114px\" srcset=\"https:\/\/www.topohvar.at\/wp-content\/uploads\/2021\/10\/sn-op-04-1.jpg 1080w, https:\/\/www.topohvar.at\/wp-content\/uploads\/2021\/10\/sn-op-04-1-300x147.jpg 300w, https:\/\/www.topohvar.at\/wp-content\/uploads\/2021\/10\/sn-op-04-1-1024x503.jpg 1024w, https:\/\/www.topohvar.at\/wp-content\/uploads\/2021\/10\/sn-op-04-1-768x377.jpg 768w\" alt=\"\" width=\"114\" height=\"56\" \/><\/a>Objekt \u00bbGustirna (04)\u00ab<br \/>\n<\/strong>SN-OP-04 \/ Sveta Nedjelja, sjeverno od mjesta<\/p>\n<p><strong><a href=\"https:\/\/www.topohvar.at\/orte\/sn\/sn-op-00-0\/#op-05\"><img loading=\"lazy\" decoding=\"async\" class=\"alignleft wp-image-52305\" src=\"https:\/\/www.topohvar.at\/wp-content\/uploads\/2021\/10\/sn-op-05-1.jpg\" sizes=\"auto, (max-width: 114px) 100vw, 114px\" srcset=\"https:\/\/www.topohvar.at\/wp-content\/uploads\/2021\/10\/sn-op-05-1.jpg 1080w, https:\/\/www.topohvar.at\/wp-content\/uploads\/2021\/10\/sn-op-05-1-300x147.jpg 300w, https:\/\/www.topohvar.at\/wp-content\/uploads\/2021\/10\/sn-op-05-1-1024x503.jpg 1024w, https:\/\/www.topohvar.at\/wp-content\/uploads\/2021\/10\/sn-op-05-1-768x377.jpg 768w\" alt=\"\" width=\"114\" height=\"56\" \/><\/a>Objekt \u00bbGustirna (05)\u00ab<br \/>\n<\/strong>SN-OP-05 \/ Sveta Nedjelja, u blizini crkvice Gospe od Zdravlja<\/p>\n<p><strong><a href=\"https:\/\/www.topohvar.at\/orte\/sn\/sn-op-00-0\/#op-06\"><img loading=\"lazy\" decoding=\"async\" class=\"alignleft wp-image-52312\" src=\"https:\/\/www.topohvar.at\/wp-content\/uploads\/2021\/10\/sn-op-06-1.jpg\" sizes=\"auto, (max-width: 114px) 100vw, 114px\" srcset=\"https:\/\/www.topohvar.at\/wp-content\/uploads\/2021\/10\/sn-op-06-1.jpg 1080w, https:\/\/www.topohvar.at\/wp-content\/uploads\/2021\/10\/sn-op-06-1-300x147.jpg 300w, https:\/\/www.topohvar.at\/wp-content\/uploads\/2021\/10\/sn-op-06-1-1024x503.jpg 1024w, https:\/\/www.topohvar.at\/wp-content\/uploads\/2021\/10\/sn-op-06-1-768x377.jpg 768w\" alt=\"\" width=\"114\" height=\"56\" \/><\/a>Objekt \u00bbGustirna (06)\u00ab<br \/>\n<\/strong>SN-OP-06 \/ Sveta Nedjelja, u blizini crkvice Gospe od Zdravlja<\/p>\n<p><strong><a href=\"https:\/\/www.topohvar.at\/orte\/sn\/sn-op-00-0\/#op-07\"><img loading=\"lazy\" decoding=\"async\" class=\"alignleft wp-image-52318\" src=\"https:\/\/www.topohvar.at\/wp-content\/uploads\/2021\/10\/sn-op-07-1.jpg\" sizes=\"auto, (max-width: 114px) 100vw, 114px\" srcset=\"https:\/\/www.topohvar.at\/wp-content\/uploads\/2021\/10\/sn-op-07-1.jpg 1080w, https:\/\/www.topohvar.at\/wp-content\/uploads\/2021\/10\/sn-op-07-1-300x147.jpg 300w, https:\/\/www.topohvar.at\/wp-content\/uploads\/2021\/10\/sn-op-07-1-1024x503.jpg 1024w, https:\/\/www.topohvar.at\/wp-content\/uploads\/2021\/10\/sn-op-07-1-768x377.jpg 768w\" alt=\"\" width=\"114\" height=\"56\" \/><\/a>Objekt \u00bbGustirna (07)\u00ab<br \/>\n<\/strong>SN-OP-07 \/ Sveta Nedjelja, u blizini konobe Kolumbi\u0107<\/p>\n<hr \/>\n<p><strong><a href=\"https:\/\/www.topohvar.at\/orte\/za\/za-op-00-0\/#op-09\"><img loading=\"lazy\" decoding=\"async\" class=\"alignleft wp-image-64713\" src=\"https:\/\/www.topohvar.at\/wp-content\/uploads\/2023\/11\/za-op-09-1-300x147.jpg\" alt=\"\" width=\"114\" height=\"56\" srcset=\"https:\/\/www.topohvar.at\/wp-content\/uploads\/2023\/11\/za-op-09-1-300x147.jpg 300w, https:\/\/www.topohvar.at\/wp-content\/uploads\/2023\/11\/za-op-09-1-1024x503.jpg 1024w, https:\/\/www.topohvar.at\/wp-content\/uploads\/2023\/11\/za-op-09-1-768x377.jpg 768w, https:\/\/www.topohvar.at\/wp-content\/uploads\/2023\/11\/za-op-09-1.jpg 1080w\" sizes=\"auto, (max-width: 114px) 100vw, 114px\" \/><\/a>Objekt 09 \u00bbGustirna\u00ab<br \/>\n<\/strong>ZA-OP-09 \/ Zastra\u017ei\u0161\u0107e, sjeverno od glavne ceste DC-116<\/p>\n<p><strong><a href=\"https:\/\/www.topohvar.at\/orte\/za\/za-op-00-0\/#op-10\"><img loading=\"lazy\" decoding=\"async\" class=\"alignleft wp-image-64714\" src=\"https:\/\/www.topohvar.at\/wp-content\/uploads\/2023\/11\/za-op-10-1-300x147.jpg\" alt=\"\" width=\"114\" height=\"56\" srcset=\"https:\/\/www.topohvar.at\/wp-content\/uploads\/2023\/11\/za-op-10-1-300x147.jpg 300w, https:\/\/www.topohvar.at\/wp-content\/uploads\/2023\/11\/za-op-10-1-1024x503.jpg 1024w, https:\/\/www.topohvar.at\/wp-content\/uploads\/2023\/11\/za-op-10-1-768x377.jpg 768w, https:\/\/www.topohvar.at\/wp-content\/uploads\/2023\/11\/za-op-10-1.jpg 1080w\" sizes=\"auto, (max-width: 114px) 100vw, 114px\" \/><\/a>Objekt 10 \u00bbGustirna\u00ab<br \/>\n<\/strong>ZA-OP-10 \/ Zastra\u017ei\u0161\u0107e, sjeverno od glavne ceste DC-116<\/p>\n<p><strong><a href=\"https:\/\/www.topohvar.at\/orte\/za\/za-op-00-0\/#op-11\"><img loading=\"lazy\" decoding=\"async\" class=\"alignleft wp-image-64715\" src=\"https:\/\/www.topohvar.at\/wp-content\/uploads\/2023\/11\/za-op-11-1-300x147.jpg\" alt=\"\" width=\"114\" height=\"56\" srcset=\"https:\/\/www.topohvar.at\/wp-content\/uploads\/2023\/11\/za-op-11-1-300x147.jpg 300w, https:\/\/www.topohvar.at\/wp-content\/uploads\/2023\/11\/za-op-11-1-1024x503.jpg 1024w, https:\/\/www.topohvar.at\/wp-content\/uploads\/2023\/11\/za-op-11-1-768x377.jpg 768w, https:\/\/www.topohvar.at\/wp-content\/uploads\/2023\/11\/za-op-11-1.jpg 1080w\" sizes=\"auto, (max-width: 114px) 100vw, 114px\" \/><\/a>Objekt 11 \u00bbGustirna uz trim ZA-TR-A2\u00ab<br \/>\n<\/strong>ZA-OP-11 \/ Zastra\u017ei\u0161\u0107e, Zla\u0107ine<\/p>\n<p><strong><a href=\"https:\/\/www.topohvar.at\/orte\/za\/za-op-00-0\/#op-11\"><img loading=\"lazy\" decoding=\"async\" class=\"alignleft wp-image-64716\" src=\"https:\/\/www.topohvar.at\/wp-content\/uploads\/2023\/11\/za-op-12-1-300x147.jpg\" alt=\"\" width=\"114\" height=\"56\" srcset=\"https:\/\/www.topohvar.at\/wp-content\/uploads\/2023\/11\/za-op-12-1-300x147.jpg 300w, https:\/\/www.topohvar.at\/wp-content\/uploads\/2023\/11\/za-op-12-1-1024x503.jpg 1024w, https:\/\/www.topohvar.at\/wp-content\/uploads\/2023\/11\/za-op-12-1-768x377.jpg 768w, https:\/\/www.topohvar.at\/wp-content\/uploads\/2023\/11\/za-op-12-1.jpg 1080w\" sizes=\"auto, (max-width: 114px) 100vw, 114px\" \/><\/a>Objekt 12 \u00bbGustirna &#8211; pjover\u00ab<br \/>\n<\/strong>ZA-OP-12 \/ Zastra\u017ei\u0161\u0107e, pored glavne ceste DC-116<\/p>\n<p><strong><a href=\"https:\/\/www.topohvar.at\/orte\/za\/za-op-00-0\/#op-13\"><img loading=\"lazy\" decoding=\"async\" class=\"alignleft wp-image-64717\" src=\"https:\/\/www.topohvar.at\/wp-content\/uploads\/2023\/11\/za-op-13-1-300x147.jpg\" alt=\"\" width=\"114\" height=\"56\" srcset=\"https:\/\/www.topohvar.at\/wp-content\/uploads\/2023\/11\/za-op-13-1-300x147.jpg 300w, https:\/\/www.topohvar.at\/wp-content\/uploads\/2023\/11\/za-op-13-1-1024x503.jpg 1024w, https:\/\/www.topohvar.at\/wp-content\/uploads\/2023\/11\/za-op-13-1-768x377.jpg 768w, https:\/\/www.topohvar.at\/wp-content\/uploads\/2023\/11\/za-op-13-1.jpg 1080w\" sizes=\"auto, (max-width: 114px) 100vw, 114px\" \/><\/a>Objekt 13 \u00bbGustirna &#8211; pjover\u00ab<br \/>\n<\/strong>ZA-OP-13 \/ Zastra\u017ei\u0161\u0107e, Peri\u0161ka glava<\/p>\n<p><strong><a href=\"https:\/\/www.topohvar.at\/orte\/za\/za-op-00-0\/#op-14\"><img loading=\"lazy\" decoding=\"async\" class=\"alignleft wp-image-64719\" src=\"https:\/\/www.topohvar.at\/wp-content\/uploads\/2023\/11\/za-op-14-1-300x147.jpg\" alt=\"\" width=\"114\" height=\"56\" srcset=\"https:\/\/www.topohvar.at\/wp-content\/uploads\/2023\/11\/za-op-14-1-300x147.jpg 300w, https:\/\/www.topohvar.at\/wp-content\/uploads\/2023\/11\/za-op-14-1-1024x503.jpg 1024w, https:\/\/www.topohvar.at\/wp-content\/uploads\/2023\/11\/za-op-14-1-768x377.jpg 768w, https:\/\/www.topohvar.at\/wp-content\/uploads\/2023\/11\/za-op-14-1.jpg 1080w\" sizes=\"auto, (max-width: 114px) 100vw, 114px\" \/><\/a>Objekt 14 \u00bbGustirna &#8211; pjover\u00ab<br \/>\n<\/strong>ZA-OP-14 \/ Zastra\u017ei\u0161\u0107e, sjeverozapadno od D. Polja<\/p>\n<p><strong><a href=\"https:\/\/www.topohvar.at\/orte\/za\/za-op-00-0\/#op-15\"><img loading=\"lazy\" decoding=\"async\" class=\"alignleft wp-image-64720\" src=\"https:\/\/www.topohvar.at\/wp-content\/uploads\/2023\/11\/za-op-15-1-300x147.jpg\" alt=\"\" width=\"114\" height=\"56\" srcset=\"https:\/\/www.topohvar.at\/wp-content\/uploads\/2023\/11\/za-op-15-1-300x147.jpg 300w, https:\/\/www.topohvar.at\/wp-content\/uploads\/2023\/11\/za-op-15-1-1024x503.jpg 1024w, https:\/\/www.topohvar.at\/wp-content\/uploads\/2023\/11\/za-op-15-1-768x377.jpg 768w, https:\/\/www.topohvar.at\/wp-content\/uploads\/2023\/11\/za-op-15-1.jpg 1080w\" sizes=\"auto, (max-width: 114px) 100vw, 114px\" \/><\/a>Objekt 15 \u00bbGustirna &#8211; pjover\u00ab<br \/>\n<\/strong>ZA-OP-15 \/ Zastra\u017ei\u0161\u0107e, sjeverno od glavne ceste DC-116<\/p>\n<p><strong><a href=\"https:\/\/www.topohvar.at\/orte\/za\/za-op-00-0\/#op-16\"><img loading=\"lazy\" decoding=\"async\" class=\"alignleft wp-image-64722\" src=\"https:\/\/www.topohvar.at\/wp-content\/uploads\/2023\/11\/za-op-16-1-300x147.jpg\" alt=\"\" width=\"114\" height=\"56\" srcset=\"https:\/\/www.topohvar.at\/wp-content\/uploads\/2023\/11\/za-op-16-1-300x147.jpg 300w, https:\/\/www.topohvar.at\/wp-content\/uploads\/2023\/11\/za-op-16-1-1024x503.jpg 1024w, https:\/\/www.topohvar.at\/wp-content\/uploads\/2023\/11\/za-op-16-1-768x377.jpg 768w, https:\/\/www.topohvar.at\/wp-content\/uploads\/2023\/11\/za-op-16-1.jpg 1080w\" sizes=\"auto, (max-width: 114px) 100vw, 114px\" \/><\/a>Objekt 16 \u00bbGustirna &#8211; pjover\u00ab<br \/>\n<\/strong>ZA-OP-16 \/ Zastra\u017ei\u0161\u0107e, sjeverno od glavne ceste DC-116<\/p>\n<p><strong><a href=\"https:\/\/www.topohvar.at\/orte\/za\/za-op-00-0\/#op-17\"><img loading=\"lazy\" decoding=\"async\" class=\"alignleft wp-image-64723\" src=\"https:\/\/www.topohvar.at\/wp-content\/uploads\/2023\/11\/za-op-17-1-300x147.jpg\" alt=\"\" width=\"114\" height=\"56\" srcset=\"https:\/\/www.topohvar.at\/wp-content\/uploads\/2023\/11\/za-op-17-1-300x147.jpg 300w, https:\/\/www.topohvar.at\/wp-content\/uploads\/2023\/11\/za-op-17-1-1024x503.jpg 1024w, https:\/\/www.topohvar.at\/wp-content\/uploads\/2023\/11\/za-op-17-1-768x377.jpg 768w, https:\/\/www.topohvar.at\/wp-content\/uploads\/2023\/11\/za-op-17-1.jpg 1080w\" sizes=\"auto, (max-width: 114px) 100vw, 114px\" \/><\/a>Objekt 17 \u00bbGustirna &#8211; pjover\u00ab<br \/>\n<\/strong>ZA-OP-17 \/ Zastra\u017ei\u0161\u0107e, glavica<\/p>\n<p><strong><a href=\"https:\/\/www.topohvar.at\/orte\/za\/za-op-00-0\/#op-18\"><img loading=\"lazy\" decoding=\"async\" class=\"alignleft wp-image-64724\" src=\"https:\/\/www.topohvar.at\/wp-content\/uploads\/2023\/11\/za-op-18-1-300x147.jpg\" alt=\"\" width=\"114\" height=\"56\" srcset=\"https:\/\/www.topohvar.at\/wp-content\/uploads\/2023\/11\/za-op-18-1-300x147.jpg 300w, https:\/\/www.topohvar.at\/wp-content\/uploads\/2023\/11\/za-op-18-1-1024x503.jpg 1024w, https:\/\/www.topohvar.at\/wp-content\/uploads\/2023\/11\/za-op-18-1-768x377.jpg 768w, https:\/\/www.topohvar.at\/wp-content\/uploads\/2023\/11\/za-op-18-1.jpg 1080w\" sizes=\"auto, (max-width: 114px) 100vw, 114px\" \/><\/a>Objekt 18 \u00bbGustirna &#8211; pjover\u00ab<br \/>\n<\/strong>ZA-OP-18 \/ Zastra\u017ei\u0161\u0107e, glavica<\/p>\n<p><strong><a href=\"https:\/\/www.topohvar.at\/orte\/za\/za-op-00-0\/#op-19\"><img loading=\"lazy\" decoding=\"async\" class=\"alignleft wp-image-63456\" src=\"https:\/\/www.topohvar.at\/wp-content\/uploads\/2023\/06\/za-op-19-1-300x147.jpg\" alt=\"\" width=\"114\" height=\"56\" srcset=\"https:\/\/www.topohvar.at\/wp-content\/uploads\/2023\/06\/za-op-19-1-300x147.jpg 300w, https:\/\/www.topohvar.at\/wp-content\/uploads\/2023\/06\/za-op-19-1-1024x503.jpg 1024w, https:\/\/www.topohvar.at\/wp-content\/uploads\/2023\/06\/za-op-19-1-768x377.jpg 768w, https:\/\/www.topohvar.at\/wp-content\/uploads\/2023\/06\/za-op-19-1.jpg 1080w\" sizes=\"auto, (max-width: 114px) 100vw, 114px\" \/><\/a>Objekt 19 \u00bbGustirna uz trim ZA-TR-A5\u00ab<br \/>\n<\/strong>ZA-OP-19 \/ Zastra\u017ei\u0161\u0107e, u blizini crkvice sv. Barbare<\/p>\n<p><strong><a href=\"https:\/\/www.topohvar.at\/orte\/za\/za-op-00-0\/#op-20\"><img loading=\"lazy\" decoding=\"async\" class=\"alignleft wp-image-64725\" src=\"https:\/\/www.topohvar.at\/wp-content\/uploads\/2023\/11\/za-op-20-1-300x147.jpg\" alt=\"\" width=\"114\" height=\"56\" srcset=\"https:\/\/www.topohvar.at\/wp-content\/uploads\/2023\/11\/za-op-20-1-300x147.jpg 300w, https:\/\/www.topohvar.at\/wp-content\/uploads\/2023\/11\/za-op-20-1-1024x503.jpg 1024w, https:\/\/www.topohvar.at\/wp-content\/uploads\/2023\/11\/za-op-20-1-768x377.jpg 768w, https:\/\/www.topohvar.at\/wp-content\/uploads\/2023\/11\/za-op-20-1.jpg 1080w\" sizes=\"auto, (max-width: 114px) 100vw, 114px\" \/><\/a>Objekt 20 \u00bbGustirna\u00ab<br \/>\n<\/strong>ZA-OP-20 \/ Zastra\u017ei\u0161\u0107e, Postranje, sjeverno od glavne ceste DC-116<\/p>\n<p><strong><a href=\"https:\/\/www.topohvar.at\/orte\/za\/za-op-00-0\/#op-21\"><img loading=\"lazy\" decoding=\"async\" class=\"alignleft wp-image-64726\" src=\"https:\/\/www.topohvar.at\/wp-content\/uploads\/2023\/11\/za-op-21-1-300x147.jpg\" alt=\"\" width=\"114\" height=\"56\" srcset=\"https:\/\/www.topohvar.at\/wp-content\/uploads\/2023\/11\/za-op-21-1-300x147.jpg 300w, https:\/\/www.topohvar.at\/wp-content\/uploads\/2023\/11\/za-op-21-1-1024x503.jpg 1024w, https:\/\/www.topohvar.at\/wp-content\/uploads\/2023\/11\/za-op-21-1-768x377.jpg 768w, https:\/\/www.topohvar.at\/wp-content\/uploads\/2023\/11\/za-op-21-1.jpg 1080w\" sizes=\"auto, (max-width: 114px) 100vw, 114px\" \/><\/a>Objekt 21 \u00bbGustirna\u00ab<br \/>\n<\/strong>ZA-OP-21 \/ Zastra\u017ei\u0161\u0107e, Postranje, sjeverno od glavne ceste DC-116<\/p>\n<p><strong><a href=\"https:\/\/www.topohvar.at\/orte\/za\/za-op-00-0\/#op-22\"><img loading=\"lazy\" decoding=\"async\" class=\"alignleft wp-image-64727\" src=\"https:\/\/www.topohvar.at\/wp-content\/uploads\/2023\/11\/za-op-22-1-300x147.jpg\" alt=\"\" width=\"114\" height=\"56\" srcset=\"https:\/\/www.topohvar.at\/wp-content\/uploads\/2023\/11\/za-op-22-1-300x147.jpg 300w, https:\/\/www.topohvar.at\/wp-content\/uploads\/2023\/11\/za-op-22-1-1024x503.jpg 1024w, https:\/\/www.topohvar.at\/wp-content\/uploads\/2023\/11\/za-op-22-1-768x377.jpg 768w, https:\/\/www.topohvar.at\/wp-content\/uploads\/2023\/11\/za-op-22-1.jpg 1080w\" sizes=\"auto, (max-width: 114px) 100vw, 114px\" \/><\/a>Objekt 22 \u00bbGustirna\u00ab<br \/>\n<\/strong>ZA-OP-22 \/ Zastra\u017ei\u0161\u0107e, sjeveroisto\u010dno od Postranja<\/p>\n<p><strong><a href=\"https:\/\/www.topohvar.at\/orte\/za\/za-op-00-0\/#op-23\"><img loading=\"lazy\" decoding=\"async\" class=\"alignleft wp-image-64728\" src=\"https:\/\/www.topohvar.at\/wp-content\/uploads\/2023\/11\/za-op-23-1-300x147.jpg\" alt=\"\" width=\"114\" height=\"56\" srcset=\"https:\/\/www.topohvar.at\/wp-content\/uploads\/2023\/11\/za-op-23-1-300x147.jpg 300w, https:\/\/www.topohvar.at\/wp-content\/uploads\/2023\/11\/za-op-23-1-1024x503.jpg 1024w, https:\/\/www.topohvar.at\/wp-content\/uploads\/2023\/11\/za-op-23-1-768x377.jpg 768w, https:\/\/www.topohvar.at\/wp-content\/uploads\/2023\/11\/za-op-23-1.jpg 1080w\" sizes=\"auto, (max-width: 114px) 100vw, 114px\" \/><\/a>Objekt 23 \u00bbLokva\u00ab<br \/>\n<\/strong>ZA-OP-23 \/ Zastra\u017ei\u0161\u0107e, sjeveroisto\u010dno od Postranja<\/p>\n<p><strong><a href=\"https:\/\/www.topohvar.at\/orte\/za\/za-op-00-0\/#op-24\"><img loading=\"lazy\" decoding=\"async\" class=\"alignleft wp-image-64729\" src=\"https:\/\/www.topohvar.at\/wp-content\/uploads\/2023\/11\/za-op-24-1-300x147.jpg\" alt=\"\" width=\"114\" height=\"56\" srcset=\"https:\/\/www.topohvar.at\/wp-content\/uploads\/2023\/11\/za-op-24-1-300x147.jpg 300w, https:\/\/www.topohvar.at\/wp-content\/uploads\/2023\/11\/za-op-24-1-1024x503.jpg 1024w, https:\/\/www.topohvar.at\/wp-content\/uploads\/2023\/11\/za-op-24-1-768x377.jpg 768w, https:\/\/www.topohvar.at\/wp-content\/uploads\/2023\/11\/za-op-24-1.jpg 1080w\" sizes=\"auto, (max-width: 114px) 100vw, 114px\" \/><\/a>Objekt 24 \u00bbGustirna\u00ab<br \/>\n<\/strong>ZA-OP-24 \/ Zastra\u017ei\u0161\u0107e, Postranje<\/p>\n<p><strong><a href=\"https:\/\/www.topohvar.at\/orte\/za\/za-op-00-0\/#op-25\"><img loading=\"lazy\" decoding=\"async\" class=\"alignleft wp-image-64730\" src=\"https:\/\/www.topohvar.at\/wp-content\/uploads\/2023\/11\/za-op-25-1-300x147.jpg\" alt=\"\" width=\"114\" height=\"56\" srcset=\"https:\/\/www.topohvar.at\/wp-content\/uploads\/2023\/11\/za-op-25-1-300x147.jpg 300w, https:\/\/www.topohvar.at\/wp-content\/uploads\/2023\/11\/za-op-25-1-1024x503.jpg 1024w, https:\/\/www.topohvar.at\/wp-content\/uploads\/2023\/11\/za-op-25-1-768x377.jpg 768w, https:\/\/www.topohvar.at\/wp-content\/uploads\/2023\/11\/za-op-25-1.jpg 1080w\" sizes=\"auto, (max-width: 114px) 100vw, 114px\" \/><\/a>Objekt 25 \u00bbGustirna &#8211; pjover\u00ab<br \/>\n<\/strong>ZA-OP-25 \/ Zastra\u017ei\u0161\u0107e, sjeverno od Humi\u0107a<\/p>\n<p><strong><a href=\"https:\/\/www.topohvar.at\/orte\/za\/za-op-00-0\/#op-26\"><img loading=\"lazy\" decoding=\"async\" class=\"alignleft wp-image-64731\" src=\"https:\/\/www.topohvar.at\/wp-content\/uploads\/2023\/11\/za-op-26-1-300x147.jpg\" alt=\"\" width=\"114\" height=\"56\" srcset=\"https:\/\/www.topohvar.at\/wp-content\/uploads\/2023\/11\/za-op-26-1-300x147.jpg 300w, https:\/\/www.topohvar.at\/wp-content\/uploads\/2023\/11\/za-op-26-1-1024x503.jpg 1024w, https:\/\/www.topohvar.at\/wp-content\/uploads\/2023\/11\/za-op-26-1-768x377.jpg 768w, https:\/\/www.topohvar.at\/wp-content\/uploads\/2023\/11\/za-op-26-1.jpg 1080w\" sizes=\"auto, (max-width: 114px) 100vw, 114px\" \/><\/a>Objekt 26 \u00bbGustirna\u00ab<br \/>\n<\/strong>ZA-OP-26 \/ Zastra\u017ei\u0161\u0107e, sjeverno od Humi\u0107a<\/p>\n<p><strong><a href=\"https:\/\/www.topohvar.at\/orte\/za\/za-op-00-0\/#op-27\"><img loading=\"lazy\" decoding=\"async\" class=\"alignleft wp-image-64732\" src=\"https:\/\/www.topohvar.at\/wp-content\/uploads\/2023\/11\/za-op-27-1-300x147.jpg\" alt=\"\" width=\"114\" height=\"56\" srcset=\"https:\/\/www.topohvar.at\/wp-content\/uploads\/2023\/11\/za-op-27-1-300x147.jpg 300w, https:\/\/www.topohvar.at\/wp-content\/uploads\/2023\/11\/za-op-27-1-1024x503.jpg 1024w, https:\/\/www.topohvar.at\/wp-content\/uploads\/2023\/11\/za-op-27-1-768x377.jpg 768w, https:\/\/www.topohvar.at\/wp-content\/uploads\/2023\/11\/za-op-27-1.jpg 1080w\" sizes=\"auto, (max-width: 114px) 100vw, 114px\" \/><\/a>Objekt 27 \u00bbGustirna &#8211; pjover\u00ab<br \/>\n<\/strong>ZA-OP-27 \/ Zastra\u017ei\u0161\u0107e, sjeverno od Humi\u0107a<\/p>\n<p><strong><a href=\"https:\/\/www.topohvar.at\/orte\/za\/za-op-00-0\/#op-28\"><img loading=\"lazy\" decoding=\"async\" class=\"alignleft wp-image-64733\" src=\"https:\/\/www.topohvar.at\/wp-content\/uploads\/2023\/11\/za-op-28-1-300x147.jpg\" alt=\"\" width=\"114\" height=\"56\" srcset=\"https:\/\/www.topohvar.at\/wp-content\/uploads\/2023\/11\/za-op-28-1-300x147.jpg 300w, https:\/\/www.topohvar.at\/wp-content\/uploads\/2023\/11\/za-op-28-1-1024x503.jpg 1024w, https:\/\/www.topohvar.at\/wp-content\/uploads\/2023\/11\/za-op-28-1-768x377.jpg 768w, https:\/\/www.topohvar.at\/wp-content\/uploads\/2023\/11\/za-op-28-1.jpg 1080w\" sizes=\"auto, (max-width: 114px) 100vw, 114px\" \/><\/a>Objekt 28 \u00bbGustirna\u00ab<br \/>\n<\/strong>ZA-OP-28 \/ Zastra\u017ei\u0161\u0107e, isto\u010dno od Grudca<\/p>\n<p><strong><a href=\"https:\/\/www.topohvar.at\/orte\/za\/za-op-00-0\/#op-29\"><img loading=\"lazy\" decoding=\"async\" class=\"alignleft wp-image-64734\" src=\"https:\/\/www.topohvar.at\/wp-content\/uploads\/2023\/11\/za-op-29-1-300x147.jpg\" alt=\"\" width=\"114\" height=\"56\" srcset=\"https:\/\/www.topohvar.at\/wp-content\/uploads\/2023\/11\/za-op-29-1-300x147.jpg 300w, https:\/\/www.topohvar.at\/wp-content\/uploads\/2023\/11\/za-op-29-1-1024x503.jpg 1024w, https:\/\/www.topohvar.at\/wp-content\/uploads\/2023\/11\/za-op-29-1-768x377.jpg 768w, https:\/\/www.topohvar.at\/wp-content\/uploads\/2023\/11\/za-op-29-1.jpg 1080w\" sizes=\"auto, (max-width: 114px) 100vw, 114px\" \/><\/a>Objekt 29 \u00bbLokva i bazen\u00ab<br \/>\n<\/strong>ZA-OP-29 \/ Zastra\u017ei\u0161\u0107e, isto\u010dno od Grudca<\/p>\n<hr \/>\n<h2><strong><span style=\"color: #ff0000;\">Trimi \/ Trims<\/span><\/strong><\/h2>\n<p><strong><a href=\"https:\/\/www.topohvar.at\/orte\/gv\/gv-tr-71-1\/\"><img loading=\"lazy\" decoding=\"async\" class=\"alignleft wp-image-52051\" src=\"https:\/\/www.topohvar.at\/wp-content\/uploads\/2021\/10\/gv-tr-71-1-300x147.jpg\" sizes=\"auto, (max-width: 114px) 100vw, 114px\" srcset=\"https:\/\/www.topohvar.at\/wp-content\/uploads\/2021\/10\/gv-tr-71-1-300x147.jpg 300w, https:\/\/www.topohvar.at\/wp-content\/uploads\/2021\/10\/gv-tr-71-1-1024x503.jpg 1024w, https:\/\/www.topohvar.at\/wp-content\/uploads\/2021\/10\/gv-tr-71-1-768x377.jpg 768w, https:\/\/www.topohvar.at\/wp-content\/uploads\/2021\/10\/gv-tr-71-1.jpg 1080w\" alt=\"\" width=\"114\" height=\"56\" \/><\/a>Trim \u00bbGV-TR-71\u00ab<br \/>\n<\/strong>GV-TR-71 \/ Velo Grablje, sjeverno od Napoleonske<\/p>\n<p><strong><a href=\"https:\/\/www.topohvar.at\/orte\/gv\/gv-tr-73-1\/\"><img loading=\"lazy\" decoding=\"async\" class=\"alignleft wp-image-52062\" src=\"https:\/\/www.topohvar.at\/wp-content\/uploads\/2021\/10\/gv-tr-73-1-300x147.jpg\" sizes=\"auto, (max-width: 114px) 100vw, 114px\" srcset=\"https:\/\/www.topohvar.at\/wp-content\/uploads\/2021\/10\/gv-tr-73-1-300x147.jpg 300w, https:\/\/www.topohvar.at\/wp-content\/uploads\/2021\/10\/gv-tr-73-1-1024x503.jpg 1024w, https:\/\/www.topohvar.at\/wp-content\/uploads\/2021\/10\/gv-tr-73-1-768x377.jpg 768w, https:\/\/www.topohvar.at\/wp-content\/uploads\/2021\/10\/gv-tr-73-1.jpg 1080w\" alt=\"\" width=\"114\" height=\"56\" \/><\/a>Trim \u00bbGV-TR-73\u00ab<br \/>\n<\/strong>GV-TR-73 \/ Velo Grablje, zapadno od mjesta<\/p>\n<p><strong><a href=\"https:\/\/www.topohvar.at\/orte\/gv\/gv-tr-74-1\/\"><img loading=\"lazy\" decoding=\"async\" class=\"alignleft wp-image-52066\" src=\"https:\/\/www.topohvar.at\/wp-content\/uploads\/2021\/10\/gv-tr-74-1-300x147.jpg\" sizes=\"auto, (max-width: 114px) 100vw, 114px\" srcset=\"https:\/\/www.topohvar.at\/wp-content\/uploads\/2021\/10\/gv-tr-74-1-300x147.jpg 300w, https:\/\/www.topohvar.at\/wp-content\/uploads\/2021\/10\/gv-tr-74-1-1024x503.jpg 1024w, https:\/\/www.topohvar.at\/wp-content\/uploads\/2021\/10\/gv-tr-74-1-768x377.jpg 768w, https:\/\/www.topohvar.at\/wp-content\/uploads\/2021\/10\/gv-tr-74-1.jpg 1080w\" alt=\"\" width=\"114\" height=\"56\" \/><\/a>Trim \u00bbGV-TR-74\u00ab<br \/>\n<\/strong>GV-TR-74 \/ Velo Grablje, zapadno od mjesta<\/p>\n<p><strong><a href=\"https:\/\/www.topohvar.at\/orte\/gv\/gv-tr-75-1\/\"><img loading=\"lazy\" decoding=\"async\" class=\"alignleft wp-image-65706\" src=\"https:\/\/www.topohvar.at\/wp-content\/uploads\/2024\/03\/gv-tr-75-0-300x147.jpg\" sizes=\"auto, (max-width: 114px) 100vw, 114px\" srcset=\"https:\/\/www.topohvar.at\/wp-content\/uploads\/2024\/03\/gv-tr-75-0-300x147.jpg 300w, https:\/\/www.topohvar.at\/wp-content\/uploads\/2024\/03\/gv-tr-75-0-1024x503.jpg 1024w, https:\/\/www.topohvar.at\/wp-content\/uploads\/2024\/03\/gv-tr-75-0-768x377.jpg 768w, https:\/\/www.topohvar.at\/wp-content\/uploads\/2024\/03\/gv-tr-75-0.jpg 1080w\" alt=\"\" width=\"114\" height=\"56\" \/><\/a>Trim \u00bbGV-TR-75\u00ab<br \/>\n<\/strong>GV-TR-75 \/ Velo Grablje, Gomilica, put Dubovi dol \u2013 Sv. Nikola<\/p>\n<hr \/>\n<p><strong><a href=\"https:\/\/www.topohvar.at\/orte\/sg\/sg-tr-07-1\/\"><img loading=\"lazy\" decoding=\"async\" class=\"alignleft wp-image-4486\" src=\"https:\/\/www.topohvar.at\/wp-content\/uploads\/2018\/08\/sg-tr-07-0-1024x503.jpg\" sizes=\"auto, (max-width: 114px) 100vw, 114px\" srcset=\"https:\/\/www.topohvar.at\/wp-content\/uploads\/2018\/08\/sg-tr-07-0-1024x503.jpg 1024w, https:\/\/www.topohvar.at\/wp-content\/uploads\/2018\/08\/sg-tr-07-0-300x147.jpg 300w, https:\/\/www.topohvar.at\/wp-content\/uploads\/2018\/08\/sg-tr-07-0-768x377.jpg 768w, https:\/\/www.topohvar.at\/wp-content\/uploads\/2018\/08\/sg-tr-07-0.jpg 1080w\" alt=\"\" width=\"114\" height=\"56\" \/><\/a>Trim \u00bbSG-TR-07\u00ab<br \/>\n<\/strong>SG-TR-07 \/ Stari Grad, Polje<\/p>\n<p><strong><a href=\"https:\/\/www.topohvar.at\/orte\/sg\/sg-tr-69-1\/\"><img loading=\"lazy\" decoding=\"async\" class=\"alignleft wp-image-4547\" src=\"https:\/\/www.topohvar.at\/wp-content\/uploads\/2018\/08\/sg-tr-69-0-1024x503.jpg\" sizes=\"auto, (max-width: 114px) 100vw, 114px\" srcset=\"https:\/\/www.topohvar.at\/wp-content\/uploads\/2018\/08\/sg-tr-69-0-1024x503.jpg 1024w, https:\/\/www.topohvar.at\/wp-content\/uploads\/2018\/08\/sg-tr-69-0-300x147.jpg 300w, https:\/\/www.topohvar.at\/wp-content\/uploads\/2018\/08\/sg-tr-69-0-768x377.jpg 768w, https:\/\/www.topohvar.at\/wp-content\/uploads\/2018\/08\/sg-tr-69-0.jpg 1080w\" alt=\"\" width=\"114\" height=\"56\" \/><\/a>Trim \u00bbSG-TR-69\u00ab<br \/>\n<\/strong>SG-TR-69 \/ Stari Grad, Polje, Pre\u0161ice<\/p>\n<p><strong><a href=\"https:\/\/www.topohvar.at\/orte\/sg\/sg-tr-72-1\/\"><img loading=\"lazy\" decoding=\"async\" class=\"alignleft wp-image-4550\" src=\"https:\/\/www.topohvar.at\/wp-content\/uploads\/2018\/08\/sg-tr-72-0-1024x503.jpg\" sizes=\"auto, (max-width: 114px) 100vw, 114px\" srcset=\"https:\/\/www.topohvar.at\/wp-content\/uploads\/2018\/08\/sg-tr-72-0-1024x503.jpg 1024w, https:\/\/www.topohvar.at\/wp-content\/uploads\/2018\/08\/sg-tr-72-0-300x147.jpg 300w, https:\/\/www.topohvar.at\/wp-content\/uploads\/2018\/08\/sg-tr-72-0-768x377.jpg 768w, https:\/\/www.topohvar.at\/wp-content\/uploads\/2018\/08\/sg-tr-72-0.jpg 1080w\" alt=\"\" width=\"114\" height=\"56\" \/><\/a>Trim \u00bbSG-TR-72\u00ab<br \/>\n<\/strong>SG-TR-72 \/ Stari Grad, Polje, Ra\u0161nik<\/p>\n<hr \/>\n<p><strong><a href=\"https:\/\/www.topohvar.at\/orte\/sn\/sn-tr-04-1\/\"><img loading=\"lazy\" decoding=\"async\" class=\"alignleft wp-image-52239\" src=\"https:\/\/www.topohvar.at\/wp-content\/uploads\/2021\/10\/sn-tr-04-1-1.jpg\" sizes=\"auto, (max-width: 114px) 100vw, 114px\" srcset=\"https:\/\/www.topohvar.at\/wp-content\/uploads\/2021\/10\/sn-tr-04-1-1.jpg 1080w, https:\/\/www.topohvar.at\/wp-content\/uploads\/2021\/10\/sn-tr-04-1-1-300x147.jpg 300w, https:\/\/www.topohvar.at\/wp-content\/uploads\/2021\/10\/sn-tr-04-1-1-1024x503.jpg 1024w, https:\/\/www.topohvar.at\/wp-content\/uploads\/2021\/10\/sn-tr-04-1-1-768x377.jpg 768w\" alt=\"\" width=\"114\" height=\"56\" \/><\/a>Trim \u00bbSN-TR-04\u00ab<br \/>\n<\/strong>SN-TR-04 \/ Sveta Nedjelja, u blizini konobe Kolumbi\u0107<\/p>\n<p><strong><a href=\"https:\/\/www.topohvar.at\/orte\/sn\/sn-tr-05-1\/\"><img loading=\"lazy\" decoding=\"async\" class=\"alignleft wp-image-52040\" src=\"https:\/\/www.topohvar.at\/wp-content\/uploads\/2021\/10\/sn-tr-05-1.jpg\" sizes=\"auto, (max-width: 114px) 100vw, 114px\" srcset=\"https:\/\/www.topohvar.at\/wp-content\/uploads\/2021\/10\/sn-tr-05-1.jpg 1080w, https:\/\/www.topohvar.at\/wp-content\/uploads\/2021\/10\/sn-tr-05-1-300x147.jpg 300w, https:\/\/www.topohvar.at\/wp-content\/uploads\/2021\/10\/sn-tr-05-1-1024x503.jpg 1024w, https:\/\/www.topohvar.at\/wp-content\/uploads\/2021\/10\/sn-tr-05-1-768x377.jpg 768w\" alt=\"\" width=\"114\" height=\"56\" \/><\/a>Trim \u00bbSN-TR-05\u00ab<br \/>\n<\/strong>SN-TR-05 \/ Sveta Nedjelja, u blizini konobe Kolumbi\u0107<\/p>\n<p><strong><a href=\"https:\/\/www.topohvar.at\/orte\/sn\/sn-tr-06-1\/\"><img loading=\"lazy\" decoding=\"async\" class=\"alignleft wp-image-52233\" src=\"https:\/\/www.topohvar.at\/wp-content\/uploads\/2021\/10\/sn-tr-06-1.jpg\" sizes=\"auto, (max-width: 114px) 100vw, 114px\" srcset=\"https:\/\/www.topohvar.at\/wp-content\/uploads\/2021\/10\/sn-tr-06-1.jpg 1080w, https:\/\/www.topohvar.at\/wp-content\/uploads\/2021\/10\/sn-tr-06-1-300x147.jpg 300w, https:\/\/www.topohvar.at\/wp-content\/uploads\/2021\/10\/sn-tr-06-1-1024x503.jpg 1024w, https:\/\/www.topohvar.at\/wp-content\/uploads\/2021\/10\/sn-tr-06-1-768x377.jpg 768w\" alt=\"\" width=\"114\" height=\"56\" \/><\/a>Trim \u00bbSN-TR-06\u00ab<br \/>\n<\/strong>SN-TR-06 \/ Sveta Nedjelja, u blizini crkvice Gospe od Zdravlja<\/p>\n<p><strong data-wp-editing=\"1\"><a href=\"https:\/\/www.topohvar.at\/orte\/sn\/sn-tr-07-1\/\"><img loading=\"lazy\" decoding=\"async\" class=\"alignleft wp-image-52036\" src=\"https:\/\/www.topohvar.at\/wp-content\/uploads\/2021\/10\/sn-tr-04-1.jpg\" sizes=\"auto, (max-width: 114px) 100vw, 114px\" srcset=\"https:\/\/www.topohvar.at\/wp-content\/uploads\/2021\/10\/sn-tr-04-1.jpg 1080w, https:\/\/www.topohvar.at\/wp-content\/uploads\/2021\/10\/sn-tr-04-1-300x147.jpg 300w, https:\/\/www.topohvar.at\/wp-content\/uploads\/2021\/10\/sn-tr-04-1-1024x503.jpg 1024w, https:\/\/www.topohvar.at\/wp-content\/uploads\/2021\/10\/sn-tr-04-1-768x377.jpg 768w\" alt=\"\" width=\"114\" height=\"56\" \/><\/a>Trim \u00bbSN-TR-07\u00ab<br \/>\n<\/strong>SN-TR-07 \/ Sveta Nedjelja, u blizini crkvice Gospe od Zdravlja<\/p>\n<p><strong><a href=\"https:\/\/www.topohvar.at\/orte\/sn\/sn-tr-08-1\/\"><img loading=\"lazy\" decoding=\"async\" class=\"alignleft wp-image-52230\" src=\"https:\/\/www.topohvar.at\/wp-content\/uploads\/2021\/10\/sn-tr-08-1.jpg\" sizes=\"auto, (max-width: 114px) 100vw, 114px\" srcset=\"https:\/\/www.topohvar.at\/wp-content\/uploads\/2021\/10\/sn-tr-08-1.jpg 1080w, https:\/\/www.topohvar.at\/wp-content\/uploads\/2021\/10\/sn-tr-08-1-300x147.jpg 300w, https:\/\/www.topohvar.at\/wp-content\/uploads\/2021\/10\/sn-tr-08-1-1024x503.jpg 1024w, https:\/\/www.topohvar.at\/wp-content\/uploads\/2021\/10\/sn-tr-08-1-768x377.jpg 768w\" alt=\"\" width=\"114\" height=\"56\" \/><\/a>Trim \u00bbSN-TR-08\u00ab<br \/>\n<\/strong>SN-TR-08 \/ Sveta Nedjelja, u blizini crkvice Gospe od Zdravlja<\/p>\n<hr \/>\n<p><strong><a href=\"https:\/\/www.topohvar.at\/orte\/za\/za-tr-33-1\/\"><img loading=\"lazy\" decoding=\"async\" class=\"wp-image-51948 alignleft\" src=\"https:\/\/www.topohvar.at\/wp-content\/uploads\/2021\/10\/za-tr-33-1.jpg\" sizes=\"auto, (max-width: 114px) 100vw, 114px\" srcset=\"https:\/\/www.topohvar.at\/wp-content\/uploads\/2021\/10\/za-tr-33-1.jpg 1080w, https:\/\/www.topohvar.at\/wp-content\/uploads\/2021\/10\/za-tr-33-1-300x147.jpg 300w, https:\/\/www.topohvar.at\/wp-content\/uploads\/2021\/10\/za-tr-33-1-1024x503.jpg 1024w, https:\/\/www.topohvar.at\/wp-content\/uploads\/2021\/10\/za-tr-33-1-768x377.jpg 768w\" alt=\"\" width=\"114\" height=\"56\" \/><\/a>Trim \u00bbZA-TR-33\u00ab<br \/>\n<\/strong>ZA-TR-33 \/ Zastra\u017ei\u0161\u0107e, Pridinj<\/p>\n<p><strong><a href=\"https:\/\/www.topohvar.at\/orte\/za\/za-tr-42-1\/\"><img loading=\"lazy\" decoding=\"async\" class=\"alignleft wp-image-52105\" src=\"https:\/\/www.topohvar.at\/wp-content\/uploads\/2021\/10\/za-tr-42-1.jpg\" sizes=\"auto, (max-width: 114px) 100vw, 114px\" srcset=\"https:\/\/www.topohvar.at\/wp-content\/uploads\/2021\/10\/za-tr-42-1.jpg 1080w, https:\/\/www.topohvar.at\/wp-content\/uploads\/2021\/10\/za-tr-42-1-300x147.jpg 300w, https:\/\/www.topohvar.at\/wp-content\/uploads\/2021\/10\/za-tr-42-1-1024x503.jpg 1024w, https:\/\/www.topohvar.at\/wp-content\/uploads\/2021\/10\/za-tr-42-1-768x377.jpg 768w\" alt=\"\" width=\"114\" height=\"56\" \/><\/a>Trim \u00bbZA-TR-42\u00ab<br \/>\n<\/strong>ZA-TR-42 \/ Zastra\u017ei\u0161\u0107e, Glavica, na putu prema U. Smri\u010devica<\/p>\n<p><strong><a href=\"https:\/\/www.topohvar.at\/orte\/za\/za-tr-43-1\/\"><img loading=\"lazy\" decoding=\"async\" class=\"alignleft wp-image-52114\" src=\"https:\/\/www.topohvar.at\/wp-content\/uploads\/2021\/10\/za-tr-43-1.jpg\" sizes=\"auto, (max-width: 114px) 100vw, 114px\" srcset=\"https:\/\/www.topohvar.at\/wp-content\/uploads\/2021\/10\/za-tr-43-1.jpg 1080w, https:\/\/www.topohvar.at\/wp-content\/uploads\/2021\/10\/za-tr-43-1-300x147.jpg 300w, https:\/\/www.topohvar.at\/wp-content\/uploads\/2021\/10\/za-tr-43-1-1024x503.jpg 1024w, https:\/\/www.topohvar.at\/wp-content\/uploads\/2021\/10\/za-tr-43-1-768x377.jpg 768w\" alt=\"\" width=\"114\" height=\"56\" \/><\/a>Trim \u00bbZA-TR-43\u00ab<br \/>\n<\/strong>ZA-TR-43 \/ Zastra\u017ei\u0161\u0107e, na putu prema U. Klju\u0161na<\/p>\n<p><strong><a href=\"https:\/\/www.topohvar.at\/orte\/za\/za-tr-44-1\/\"><img loading=\"lazy\" decoding=\"async\" class=\"alignleft wp-image-52116\" src=\"https:\/\/www.topohvar.at\/wp-content\/uploads\/2021\/10\/za-tr-44-1.jpg\" sizes=\"auto, (max-width: 114px) 100vw, 114px\" srcset=\"https:\/\/www.topohvar.at\/wp-content\/uploads\/2021\/10\/za-tr-44-1.jpg 1080w, https:\/\/www.topohvar.at\/wp-content\/uploads\/2021\/10\/za-tr-44-1-300x147.jpg 300w, https:\/\/www.topohvar.at\/wp-content\/uploads\/2021\/10\/za-tr-44-1-1024x503.jpg 1024w, https:\/\/www.topohvar.at\/wp-content\/uploads\/2021\/10\/za-tr-44-1-768x377.jpg 768w\" alt=\"\" width=\"114\" height=\"56\" \/><\/a>Trim \u00bbZA-TR-44\u00ab<br \/>\n<\/strong>ZA-TR-44 \/ Zastra\u017ei\u0161\u0107e, na putu prema U. Klju\u0161na<\/p>\n<p><strong><a href=\"https:\/\/www.topohvar.at\/orte\/za\/za-tr-45-1\/\"><img loading=\"lazy\" decoding=\"async\" class=\"alignleft wp-image-52118\" src=\"https:\/\/www.topohvar.at\/wp-content\/uploads\/2021\/10\/za-tr-45-1.jpg\" sizes=\"auto, (max-width: 114px) 100vw, 114px\" srcset=\"https:\/\/www.topohvar.at\/wp-content\/uploads\/2021\/10\/za-tr-45-1.jpg 1080w, https:\/\/www.topohvar.at\/wp-content\/uploads\/2021\/10\/za-tr-45-1-300x147.jpg 300w, https:\/\/www.topohvar.at\/wp-content\/uploads\/2021\/10\/za-tr-45-1-1024x503.jpg 1024w, https:\/\/www.topohvar.at\/wp-content\/uploads\/2021\/10\/za-tr-45-1-768x377.jpg 768w\" alt=\"\" width=\"114\" height=\"56\" \/><\/a>Trim \u00bbZA-TR-45\u00ab<br \/>\n<\/strong>ZA-TR-45 \/ Zastra\u017ei\u0161\u0107e, Humi\u0107<\/p>\n<p><strong><a href=\"https:\/\/www.topohvar.at\/orte\/za\/za-tr-46-1\/\"><img loading=\"lazy\" decoding=\"async\" class=\"alignleft wp-image-52103\" src=\"https:\/\/www.topohvar.at\/wp-content\/uploads\/2021\/10\/za-tr-46-1.jpg\" sizes=\"auto, (max-width: 114px) 100vw, 114px\" srcset=\"https:\/\/www.topohvar.at\/wp-content\/uploads\/2021\/10\/za-tr-46-1.jpg 1080w, https:\/\/www.topohvar.at\/wp-content\/uploads\/2021\/10\/za-tr-46-1-300x147.jpg 300w, https:\/\/www.topohvar.at\/wp-content\/uploads\/2021\/10\/za-tr-46-1-1024x503.jpg 1024w, https:\/\/www.topohvar.at\/wp-content\/uploads\/2021\/10\/za-tr-46-1-768x377.jpg 768w\" alt=\"\" width=\"114\" height=\"56\" \/><\/a>Trim \u00bbZA-TR-46\u00ab<br \/>\n<\/strong>ZA-TR-46 \/ Zastra\u017ei\u0161\u0107e, na putu pema U. Milna<\/p>\n<p><strong><a href=\"https:\/\/www.topohvar.at\/orte\/za\/za-tr-47-1\/\"><img loading=\"lazy\" decoding=\"async\" class=\"alignleft wp-image-52101\" src=\"https:\/\/www.topohvar.at\/wp-content\/uploads\/2021\/10\/za-tr-47-1.jpg\" sizes=\"auto, (max-width: 114px) 100vw, 114px\" srcset=\"https:\/\/www.topohvar.at\/wp-content\/uploads\/2021\/10\/za-tr-47-1.jpg 1080w, https:\/\/www.topohvar.at\/wp-content\/uploads\/2021\/10\/za-tr-47-1-300x147.jpg 300w, https:\/\/www.topohvar.at\/wp-content\/uploads\/2021\/10\/za-tr-47-1-1024x503.jpg 1024w, https:\/\/www.topohvar.at\/wp-content\/uploads\/2021\/10\/za-tr-47-1-768x377.jpg 768w\" alt=\"\" width=\"114\" height=\"56\" \/><\/a>Trim \u00bbZA-TR-47\u00ab<br \/>\n<\/strong>ZA-TR-47 \/ Zastra\u017ei\u0161\u0107e, Humi\u0107<\/p>\n<p><strong><a href=\"https:\/\/www.topohvar.at\/orte\/za\/za-tr-48-1\/\"><img loading=\"lazy\" decoding=\"async\" class=\"alignleft wp-image-52112\" src=\"https:\/\/www.topohvar.at\/wp-content\/uploads\/2021\/10\/za-tr-48-1.jpg\" sizes=\"auto, (max-width: 114px) 100vw, 114px\" srcset=\"https:\/\/www.topohvar.at\/wp-content\/uploads\/2021\/10\/za-tr-48-1.jpg 1080w, https:\/\/www.topohvar.at\/wp-content\/uploads\/2021\/10\/za-tr-48-1-300x147.jpg 300w, https:\/\/www.topohvar.at\/wp-content\/uploads\/2021\/10\/za-tr-48-1-1024x503.jpg 1024w, https:\/\/www.topohvar.at\/wp-content\/uploads\/2021\/10\/za-tr-48-1-768x377.jpg 768w\" alt=\"\" width=\"114\" height=\"56\" \/><\/a>Trim \u00bbZA-TR-48\u00ab<br \/>\n<\/strong>ZA-TR-48 \/ Zastra\u017ei\u0161\u0107e, Humi\u0107<\/p>\n<p><strong><a href=\"https:\/\/www.topohvar.at\/orte\/za\/za-tr-49-1\/\"><img loading=\"lazy\" decoding=\"async\" class=\"alignleft wp-image-62634\" src=\"https:\/\/www.topohvar.at\/wp-content\/uploads\/2023\/05\/za-tr-49-0-300x147.jpg\" sizes=\"auto, (max-width: 114px) 100vw, 114px\" srcset=\"https:\/\/www.topohvar.at\/wp-content\/uploads\/2023\/05\/za-tr-49-0-300x147.jpg 300w, https:\/\/www.topohvar.at\/wp-content\/uploads\/2023\/05\/za-tr-49-0-1024x503.jpg 1024w, https:\/\/www.topohvar.at\/wp-content\/uploads\/2023\/05\/za-tr-49-0-768x377.jpg 768w, https:\/\/www.topohvar.at\/wp-content\/uploads\/2023\/05\/za-tr-49-0.jpg 1080w\" alt=\"\" width=\"114\" height=\"56\" \/><\/a>Trim \u00bbZA-TR-49\u00ab<br \/>\n<\/strong>ZA-TR-49 \/ Zastra\u017ei\u0161\u0107e, Glavica<\/p>\n<p><strong><a href=\"https:\/\/www.topohvar.at\/orte\/za\/za-tr-50-1\/\"><img loading=\"lazy\" decoding=\"async\" class=\"alignleft wp-image-52128\" src=\"https:\/\/www.topohvar.at\/wp-content\/uploads\/2021\/10\/za-tr-50-1.jpg\" sizes=\"auto, (max-width: 114px) 100vw, 114px\" srcset=\"https:\/\/www.topohvar.at\/wp-content\/uploads\/2021\/10\/za-tr-50-1.jpg 1080w, https:\/\/www.topohvar.at\/wp-content\/uploads\/2021\/10\/za-tr-50-1-300x147.jpg 300w, https:\/\/www.topohvar.at\/wp-content\/uploads\/2021\/10\/za-tr-50-1-1024x503.jpg 1024w, https:\/\/www.topohvar.at\/wp-content\/uploads\/2021\/10\/za-tr-50-1-768x377.jpg 768w\" alt=\"\" width=\"114\" height=\"56\" \/><\/a>Trim \u00bbZA-TR-50\u00ab<br \/>\n<\/strong>ZA-TR-50 \/ Zastra\u017ei\u0161\u0107e, Glavica<\/p>\n<p><strong><a href=\"https:\/\/www.topohvar.at\/orte\/za\/za-tr-54-1\/\"><img loading=\"lazy\" decoding=\"async\" class=\"alignleft wp-image-52204\" src=\"https:\/\/www.topohvar.at\/wp-content\/uploads\/2021\/10\/za-tr-54-1.jpg\" sizes=\"auto, (max-width: 114px) 100vw, 114px\" srcset=\"https:\/\/www.topohvar.at\/wp-content\/uploads\/2021\/10\/za-tr-54-1.jpg 1080w, https:\/\/www.topohvar.at\/wp-content\/uploads\/2021\/10\/za-tr-54-1-300x147.jpg 300w, https:\/\/www.topohvar.at\/wp-content\/uploads\/2021\/10\/za-tr-54-1-1024x503.jpg 1024w, https:\/\/www.topohvar.at\/wp-content\/uploads\/2021\/10\/za-tr-54-1-768x377.jpg 768w\" alt=\"\" width=\"114\" height=\"56\" \/><\/a>Trim \u00bbZA-TR-54\u00ab<br \/>\n<\/strong>ZA-TR-54 \/ Zastra\u017ei\u0161\u0107e, isto\u010dno od Grudaca<\/p>\n<p><strong><a href=\"https:\/\/www.topohvar.at\/orte\/za\/za-tr-55-1\/\"><img loading=\"lazy\" decoding=\"async\" class=\"alignleft wp-image-52202\" src=\"https:\/\/www.topohvar.at\/wp-content\/uploads\/2021\/10\/za-tr-55-1.jpg\" sizes=\"auto, (max-width: 114px) 100vw, 114px\" srcset=\"https:\/\/www.topohvar.at\/wp-content\/uploads\/2021\/10\/za-tr-55-1.jpg 1080w, https:\/\/www.topohvar.at\/wp-content\/uploads\/2021\/10\/za-tr-55-1-300x147.jpg 300w, https:\/\/www.topohvar.at\/wp-content\/uploads\/2021\/10\/za-tr-55-1-1024x503.jpg 1024w, https:\/\/www.topohvar.at\/wp-content\/uploads\/2021\/10\/za-tr-55-1-768x377.jpg 768w\" alt=\"\" width=\"114\" height=\"56\" \/><\/a>Trim \u00bbZA-TR-55\u00ab<br \/>\n<\/strong>ZA-TR-55 \/ Zastra\u017ei\u0161\u0107e, isto\u010dno od Grudaca<\/p>\n<p><strong><a href=\"https:\/\/www.topohvar.at\/orte\/za\/za-tr-57-1\/\"><img loading=\"lazy\" decoding=\"async\" class=\"alignleft wp-image-52188\" src=\"https:\/\/www.topohvar.at\/wp-content\/uploads\/2021\/10\/za-tr-57-1.jpg\" sizes=\"auto, (max-width: 114px) 100vw, 114px\" srcset=\"https:\/\/www.topohvar.at\/wp-content\/uploads\/2021\/10\/za-tr-57-1.jpg 1080w, https:\/\/www.topohvar.at\/wp-content\/uploads\/2021\/10\/za-tr-57-1-300x147.jpg 300w, https:\/\/www.topohvar.at\/wp-content\/uploads\/2021\/10\/za-tr-57-1-1024x503.jpg 1024w, https:\/\/www.topohvar.at\/wp-content\/uploads\/2021\/10\/za-tr-57-1-768x377.jpg 768w\" alt=\"\" width=\"114\" height=\"56\" \/><\/a>Trim \u00bbZA-TR-57\u00ab<br \/>\n<\/strong>ZA-TR-57 \/ Zastra\u017ei\u0161\u0107e, Grudac, u blizini glavne ceste DC-116<\/p>\n<p><strong><a href=\"https:\/\/www.topohvar.at\/orte\/za\/za-tr-58-1\/\"><img loading=\"lazy\" decoding=\"async\" class=\"alignleft wp-image-52190\" src=\"https:\/\/www.topohvar.at\/wp-content\/uploads\/2021\/10\/za-tr-58-1.jpg\" sizes=\"auto, (max-width: 114px) 100vw, 114px\" srcset=\"https:\/\/www.topohvar.at\/wp-content\/uploads\/2021\/10\/za-tr-58-1.jpg 1080w, https:\/\/www.topohvar.at\/wp-content\/uploads\/2021\/10\/za-tr-58-1-300x147.jpg 300w, https:\/\/www.topohvar.at\/wp-content\/uploads\/2021\/10\/za-tr-58-1-1024x503.jpg 1024w, https:\/\/www.topohvar.at\/wp-content\/uploads\/2021\/10\/za-tr-58-1-768x377.jpg 768w\" alt=\"\" width=\"114\" height=\"56\" \/><\/a>Trim \u00bbZA-TR-58\u00ab<br \/>\n<\/strong>ZA-TR-58 \/ Zastra\u017ei\u0161\u0107e, isto\u010dno od Grudaca, na glavnoj cesti DC-116<\/p>\n<p><strong><a href=\"https:\/\/www.topohvar.at\/orte\/za\/za-tr-59-1\/\"><img loading=\"lazy\" decoding=\"async\" class=\"alignleft wp-image-52192\" src=\"https:\/\/www.topohvar.at\/wp-content\/uploads\/2021\/10\/za-tr-59-1.jpg\" sizes=\"auto, (max-width: 114px) 100vw, 114px\" srcset=\"https:\/\/www.topohvar.at\/wp-content\/uploads\/2021\/10\/za-tr-59-1.jpg 1080w, https:\/\/www.topohvar.at\/wp-content\/uploads\/2021\/10\/za-tr-59-1-300x147.jpg 300w, https:\/\/www.topohvar.at\/wp-content\/uploads\/2021\/10\/za-tr-59-1-1024x503.jpg 1024w, https:\/\/www.topohvar.at\/wp-content\/uploads\/2021\/10\/za-tr-59-1-768x377.jpg 768w\" alt=\"\" width=\"114\" height=\"56\" \/><\/a>Trim \u00bbZA-TR-59\u00ab<br \/>\n<\/strong>ZA-TR-59 \/ Zastra\u017ei\u0161\u0107e, isto\u010dno od Grudaca, na glavnoj cesti DC-116<\/p>\n<p><strong><a href=\"https:\/\/www.topohvar.at\/orte\/za\/za-tr-62-1\/\"><img loading=\"lazy\" decoding=\"async\" class=\"alignleft wp-image-51950\" src=\"https:\/\/www.topohvar.at\/wp-content\/uploads\/2021\/10\/za-tr-62-1.jpg\" sizes=\"auto, (max-width: 114px) 100vw, 114px\" srcset=\"https:\/\/www.topohvar.at\/wp-content\/uploads\/2021\/10\/za-tr-62-1.jpg 1080w, https:\/\/www.topohvar.at\/wp-content\/uploads\/2021\/10\/za-tr-62-1-300x147.jpg 300w, https:\/\/www.topohvar.at\/wp-content\/uploads\/2021\/10\/za-tr-62-1-1024x503.jpg 1024w, https:\/\/www.topohvar.at\/wp-content\/uploads\/2021\/10\/za-tr-62-1-768x377.jpg 768w\" alt=\"\" width=\"114\" height=\"56\" \/><\/a>Trim \u00bbZA-TR-62\u00ab<br \/>\n<\/strong>ZA-TR-62 \/ Zastra\u017ei\u0161\u0107e<\/p>\n<p><strong><a href=\"https:\/\/www.topohvar.at\/orte\/za\/za-tr-63-1\/\"><img loading=\"lazy\" decoding=\"async\" class=\"alignleft wp-image-51993\" src=\"https:\/\/www.topohvar.at\/wp-content\/uploads\/2021\/10\/za-tr-63-1.jpg\" sizes=\"auto, (max-width: 114px) 100vw, 114px\" srcset=\"https:\/\/www.topohvar.at\/wp-content\/uploads\/2021\/10\/za-tr-63-1.jpg 1080w, https:\/\/www.topohvar.at\/wp-content\/uploads\/2021\/10\/za-tr-63-1-300x147.jpg 300w, https:\/\/www.topohvar.at\/wp-content\/uploads\/2021\/10\/za-tr-63-1-1024x503.jpg 1024w, https:\/\/www.topohvar.at\/wp-content\/uploads\/2021\/10\/za-tr-63-1-768x377.jpg 768w\" alt=\"\" width=\"114\" height=\"56\" \/><\/a>Trim \u00bbZA-TR-63\u00ab<br \/>\n<\/strong>ZA-TR-63 \/ Zastra\u017ei\u0161\u0107e, Glavica<\/p>\n<p><strong><a href=\"https:\/\/www.topohvar.at\/orte\/za\/za-tr-64-1\/\"><img loading=\"lazy\" decoding=\"async\" class=\"alignleft wp-image-52003\" src=\"https:\/\/www.topohvar.at\/wp-content\/uploads\/2021\/10\/za-tr-64-1.jpg\" sizes=\"auto, (max-width: 114px) 100vw, 114px\" srcset=\"https:\/\/www.topohvar.at\/wp-content\/uploads\/2021\/10\/za-tr-64-1.jpg 1080w, https:\/\/www.topohvar.at\/wp-content\/uploads\/2021\/10\/za-tr-64-1-300x147.jpg 300w, https:\/\/www.topohvar.at\/wp-content\/uploads\/2021\/10\/za-tr-64-1-1024x503.jpg 1024w, https:\/\/www.topohvar.at\/wp-content\/uploads\/2021\/10\/za-tr-64-1-768x377.jpg 768w\" alt=\"\" width=\"114\" height=\"56\" \/><\/a>Trim \u00bbZA-TR-64\u00ab<br \/>\n<\/strong>ZA-TR-64 \/ Zastra\u017ei\u0161\u0107e, na putu prema Glavici<\/p>\n<p><strong><a href=\"https:\/\/www.topohvar.at\/orte\/za\/za-tr-65-1\/\"><img loading=\"lazy\" decoding=\"async\" class=\"alignleft wp-image-52005\" src=\"https:\/\/www.topohvar.at\/wp-content\/uploads\/2021\/10\/za-tr-65-1.jpg\" sizes=\"auto, (max-width: 114px) 100vw, 114px\" srcset=\"https:\/\/www.topohvar.at\/wp-content\/uploads\/2021\/10\/za-tr-65-1.jpg 1080w, https:\/\/www.topohvar.at\/wp-content\/uploads\/2021\/10\/za-tr-65-1-300x147.jpg 300w, https:\/\/www.topohvar.at\/wp-content\/uploads\/2021\/10\/za-tr-65-1-1024x503.jpg 1024w, https:\/\/www.topohvar.at\/wp-content\/uploads\/2021\/10\/za-tr-65-1-768x377.jpg 768w\" alt=\"\" width=\"114\" height=\"56\" \/><\/a>Trim \u00bbZA-TR-65\u00ab<br \/>\n<\/strong>ZA-TR-65 \/ Zastra\u017ei\u0161\u0107e, isto\u010dno od Postranja<\/p>\n<p><strong><a href=\"https:\/\/www.topohvar.at\/orte\/za\/za-tr-66-1\/\"><img loading=\"lazy\" decoding=\"async\" class=\"alignleft wp-image-51991\" src=\"https:\/\/www.topohvar.at\/wp-content\/uploads\/2021\/10\/za-tr-66-1.jpg\" sizes=\"auto, (max-width: 114px) 100vw, 114px\" srcset=\"https:\/\/www.topohvar.at\/wp-content\/uploads\/2021\/10\/za-tr-66-1.jpg 1080w, https:\/\/www.topohvar.at\/wp-content\/uploads\/2021\/10\/za-tr-66-1-300x147.jpg 300w, https:\/\/www.topohvar.at\/wp-content\/uploads\/2021\/10\/za-tr-66-1-1024x503.jpg 1024w, https:\/\/www.topohvar.at\/wp-content\/uploads\/2021\/10\/za-tr-66-1-768x377.jpg 768w\" alt=\"\" width=\"114\" height=\"56\" \/><\/a>Trim \u00bbZA-TR-66\u00ab<br \/>\n<\/strong>ZA-TR-66 \/ Zastra\u017ei\u0161\u0107e, Glavica<\/p>\n<p><strong><a href=\"https:\/\/www.topohvar.at\/orte\/za\/za-tr-67-1\/\"><img loading=\"lazy\" decoding=\"async\" class=\"alignleft wp-image-52143\" src=\"https:\/\/www.topohvar.at\/wp-content\/uploads\/2021\/10\/za-tr-67-1.jpg\" sizes=\"auto, (max-width: 114px) 100vw, 114px\" srcset=\"https:\/\/www.topohvar.at\/wp-content\/uploads\/2021\/10\/za-tr-67-1.jpg 1080w, https:\/\/www.topohvar.at\/wp-content\/uploads\/2021\/10\/za-tr-67-1-300x147.jpg 300w, https:\/\/www.topohvar.at\/wp-content\/uploads\/2021\/10\/za-tr-67-1-1024x503.jpg 1024w, https:\/\/www.topohvar.at\/wp-content\/uploads\/2021\/10\/za-tr-67-1-768x377.jpg 768w\" alt=\"\" width=\"114\" height=\"56\" \/><\/a>Trim \u00bbZA-TR-67\u00ab<br \/>\n<\/strong>ZA-TR-67 \/ Zastra\u017ei\u0161\u0107e, sjeverno od Glavice<\/p>\n<p><strong><a href=\"https:\/\/www.topohvar.at\/orte\/za\/za-tr-68-1\/\"><img loading=\"lazy\" decoding=\"async\" class=\"alignleft wp-image-62632\" src=\"https:\/\/www.topohvar.at\/wp-content\/uploads\/2023\/05\/za-tr-68-0-300x147.jpg\" sizes=\"auto, (max-width: 114px) 100vw, 114px\" srcset=\"https:\/\/www.topohvar.at\/wp-content\/uploads\/2023\/05\/za-tr-68-0-300x147.jpg 300w, https:\/\/www.topohvar.at\/wp-content\/uploads\/2023\/05\/za-tr-68-0-1024x503.jpg 1024w, https:\/\/www.topohvar.at\/wp-content\/uploads\/2023\/05\/za-tr-68-0-768x377.jpg 768w, https:\/\/www.topohvar.at\/wp-content\/uploads\/2023\/05\/za-tr-68-0.jpg 1080w\" alt=\"\" width=\"114\" height=\"56\" \/><\/a>Trim \u00bbZA-TR-68\u00ab<br \/>\n<\/strong>ZA-TR-68 \/ Zastra\u017ei\u0161\u0107e, Vela gl.<\/p>\n<p><strong><a href=\"https:\/\/www.topohvar.at\/orte\/za\/za-tr-69-1\/\"><img loading=\"lazy\" decoding=\"async\" class=\"alignleft wp-image-51979\" src=\"https:\/\/www.topohvar.at\/wp-content\/uploads\/2021\/10\/za-tr-69-1.jpg\" sizes=\"auto, (max-width: 114px) 100vw, 114px\" srcset=\"https:\/\/www.topohvar.at\/wp-content\/uploads\/2021\/10\/za-tr-69-1.jpg 1080w, https:\/\/www.topohvar.at\/wp-content\/uploads\/2021\/10\/za-tr-69-1-300x147.jpg 300w, https:\/\/www.topohvar.at\/wp-content\/uploads\/2021\/10\/za-tr-69-1-1024x503.jpg 1024w, https:\/\/www.topohvar.at\/wp-content\/uploads\/2021\/10\/za-tr-69-1-768x377.jpg 768w\" alt=\"\" width=\"114\" height=\"56\" \/><\/a>Trim \u00bbZA-TR-69\u00ab<br \/>\n<\/strong>ZA-TR-69 \/ Zastra\u017ei\u0161\u0107e, Vela gl.<\/p>\n<p><strong><a href=\"https:\/\/www.topohvar.at\/orte\/za\/za-tr-70-1\/\"><img loading=\"lazy\" decoding=\"async\" class=\"alignleft wp-image-52082\" src=\"https:\/\/www.topohvar.at\/wp-content\/uploads\/2021\/10\/za-tr-70-1.jpg\" sizes=\"auto, (max-width: 114px) 100vw, 114px\" srcset=\"https:\/\/www.topohvar.at\/wp-content\/uploads\/2021\/10\/za-tr-70-1.jpg 1080w, https:\/\/www.topohvar.at\/wp-content\/uploads\/2021\/10\/za-tr-70-1-300x147.jpg 300w, https:\/\/www.topohvar.at\/wp-content\/uploads\/2021\/10\/za-tr-70-1-1024x503.jpg 1024w, https:\/\/www.topohvar.at\/wp-content\/uploads\/2021\/10\/za-tr-70-1-768x377.jpg 768w\" alt=\"\" width=\"114\" height=\"56\" \/><\/a>Trim \u00bbZA-TR-70\u00ab<br \/>\n<\/strong>ZA-TR-70 \/ Zastra\u017ei\u0161\u0107e, Vela gl.<\/p>\n<p><strong><a href=\"https:\/\/www.topohvar.at\/orte\/za\/za-tr-71-1\/\"><img loading=\"lazy\" decoding=\"async\" class=\"alignleft wp-image-51989\" src=\"https:\/\/www.topohvar.at\/wp-content\/uploads\/2021\/10\/za-tr-71-1.jpg\" sizes=\"auto, (max-width: 114px) 100vw, 114px\" srcset=\"https:\/\/www.topohvar.at\/wp-content\/uploads\/2021\/10\/za-tr-71-1.jpg 1080w, https:\/\/www.topohvar.at\/wp-content\/uploads\/2021\/10\/za-tr-71-1-300x147.jpg 300w, https:\/\/www.topohvar.at\/wp-content\/uploads\/2021\/10\/za-tr-71-1-1024x503.jpg 1024w, https:\/\/www.topohvar.at\/wp-content\/uploads\/2021\/10\/za-tr-71-1-768x377.jpg 768w\" alt=\"\" width=\"114\" height=\"56\" \/><\/a>Trim \u00bbZA-TR-71\u00ab<br \/>\n<\/strong>ZA-TR-71 \/ Zastra\u017ei\u0161\u0107e, Vela gl.<\/p>\n<p><strong><a href=\"https:\/\/www.topohvar.at\/orte\/za\/za-tr-72-1\/\"><img loading=\"lazy\" decoding=\"async\" class=\"alignleft wp-image-52080\" src=\"https:\/\/www.topohvar.at\/wp-content\/uploads\/2021\/10\/za-tr-72-1.jpg\" sizes=\"auto, (max-width: 114px) 100vw, 114px\" srcset=\"https:\/\/www.topohvar.at\/wp-content\/uploads\/2021\/10\/za-tr-72-1.jpg 1080w, https:\/\/www.topohvar.at\/wp-content\/uploads\/2021\/10\/za-tr-72-1-300x147.jpg 300w, https:\/\/www.topohvar.at\/wp-content\/uploads\/2021\/10\/za-tr-72-1-1024x503.jpg 1024w, https:\/\/www.topohvar.at\/wp-content\/uploads\/2021\/10\/za-tr-72-1-768x377.jpg 768w\" alt=\"\" width=\"114\" height=\"56\" \/><\/a>Trim \u00bbZA-TR-72\u00ab<br \/>\n<\/strong>ZA-TR-72 \/ Zastra\u017ei\u0161\u0107e, sjeveroisto\u010dno od Postranja<\/p>\n<p><strong><a href=\"https:\/\/www.topohvar.at\/orte\/za\/za-tr-73-1\/\"><img loading=\"lazy\" decoding=\"async\" class=\"alignleft wp-image-62630\" src=\"https:\/\/www.topohvar.at\/wp-content\/uploads\/2023\/05\/za-tr-73-00-300x147.jpg\" sizes=\"auto, (max-width: 114px) 100vw, 114px\" srcset=\"https:\/\/www.topohvar.at\/wp-content\/uploads\/2023\/05\/za-tr-73-00-300x147.jpg 300w, https:\/\/www.topohvar.at\/wp-content\/uploads\/2023\/05\/za-tr-73-00-1024x503.jpg 1024w, https:\/\/www.topohvar.at\/wp-content\/uploads\/2023\/05\/za-tr-73-00-768x377.jpg 768w, https:\/\/www.topohvar.at\/wp-content\/uploads\/2023\/05\/za-tr-73-00.jpg 1080w\" alt=\"\" width=\"114\" height=\"56\" \/><\/a>Trim \u00bbZA-TR-73\u00ab<br \/>\n<\/strong>ZA-TR-73 \/ Zastra\u017ei\u0161\u0107e, sjeveroisto\u010dno od Postranja<\/p>\n<p><strong><a href=\"https:\/\/www.topohvar.at\/orte\/za\/za-tr-76-1\/\"><img loading=\"lazy\" decoding=\"async\" class=\"alignleft wp-image-52173\" src=\"https:\/\/www.topohvar.at\/wp-content\/uploads\/2021\/10\/za-tr-76-1.jpg\" sizes=\"auto, (max-width: 114px) 100vw, 114px\" srcset=\"https:\/\/www.topohvar.at\/wp-content\/uploads\/2021\/10\/za-tr-76-1.jpg 1080w, https:\/\/www.topohvar.at\/wp-content\/uploads\/2021\/10\/za-tr-76-1-300x147.jpg 300w, https:\/\/www.topohvar.at\/wp-content\/uploads\/2021\/10\/za-tr-76-1-1024x503.jpg 1024w, https:\/\/www.topohvar.at\/wp-content\/uploads\/2021\/10\/za-tr-76-1-768x377.jpg 768w\" alt=\"\" width=\"114\" height=\"56\" \/><\/a>Trim \u00bbZA-TR-76\u00ab<br \/>\n<\/strong>ZA-TR-76 \/ Zastra\u017ei\u0161\u0107e, Vrh<\/p>\n<p><strong><a href=\"https:\/\/www.topohvar.at\/orte\/za\/za-tr-78-1\/\"><img loading=\"lazy\" decoding=\"async\" class=\"alignleft wp-image-52171\" src=\"https:\/\/www.topohvar.at\/wp-content\/uploads\/2021\/10\/za-tr-78-1.jpg\" sizes=\"auto, (max-width: 114px) 100vw, 114px\" srcset=\"https:\/\/www.topohvar.at\/wp-content\/uploads\/2021\/10\/za-tr-78-1.jpg 1080w, https:\/\/www.topohvar.at\/wp-content\/uploads\/2021\/10\/za-tr-78-1-300x147.jpg 300w, https:\/\/www.topohvar.at\/wp-content\/uploads\/2021\/10\/za-tr-78-1-1024x503.jpg 1024w, https:\/\/www.topohvar.at\/wp-content\/uploads\/2021\/10\/za-tr-78-1-768x377.jpg 768w\" alt=\"\" width=\"114\" height=\"56\" \/><\/a>Trim \u00bbZA-TR-78\u00ab<br \/>\n<\/strong>ZA-TR-78 \/ Zastra\u017ei\u0161\u0107e, Vino Polje<\/p>\n<p><strong><a href=\"https:\/\/www.topohvar.at\/orte\/za\/za-tr-80-1\/\"><img loading=\"lazy\" decoding=\"async\" class=\"wp-image-52161 alignleft\" src=\"https:\/\/www.topohvar.at\/wp-content\/uploads\/2021\/10\/za-tr-80-1.jpg\" sizes=\"auto, (max-width: 114px) 100vw, 114px\" srcset=\"https:\/\/www.topohvar.at\/wp-content\/uploads\/2021\/10\/za-tr-80-1.jpg 1080w, https:\/\/www.topohvar.at\/wp-content\/uploads\/2021\/10\/za-tr-80-1-300x147.jpg 300w, https:\/\/www.topohvar.at\/wp-content\/uploads\/2021\/10\/za-tr-80-1-1024x503.jpg 1024w, https:\/\/www.topohvar.at\/wp-content\/uploads\/2021\/10\/za-tr-80-1-768x377.jpg 768w\" alt=\"\" width=\"114\" height=\"56\" \/><\/a>Trim \u00bbZA-TR-80\u00ab<br \/>\n<\/strong>ZA-TR-80 \/ Zastra\u017ei\u0161\u0107e, Brijeg<\/p>\n<p><strong><a href=\"https:\/\/www.topohvar.at\/orte\/za\/za-tr-83-1\/\"><img loading=\"lazy\" decoding=\"async\" class=\"alignleft wp-image-52021\" src=\"https:\/\/www.topohvar.at\/wp-content\/uploads\/2021\/10\/za-tr-83-1.jpg\" sizes=\"auto, (max-width: 114px) 100vw, 114px\" srcset=\"https:\/\/www.topohvar.at\/wp-content\/uploads\/2021\/10\/za-tr-83-1.jpg 1080w, https:\/\/www.topohvar.at\/wp-content\/uploads\/2021\/10\/za-tr-83-1-300x147.jpg 300w, https:\/\/www.topohvar.at\/wp-content\/uploads\/2021\/10\/za-tr-83-1-1024x503.jpg 1024w, https:\/\/www.topohvar.at\/wp-content\/uploads\/2021\/10\/za-tr-83-1-768x377.jpg 768w\" alt=\"\" width=\"114\" height=\"56\" \/><\/a>Trim \u00bbZA-TR-83\u00ab<br \/>\n<\/strong>ZA-TR-83 \/ Zastra\u017ei\u0161\u0107e, Peri\u0161ka glava, sjeverno od D. Polja<\/p>\n<p><strong><a href=\"https:\/\/www.topohvar.at\/orte\/za\/za-tr-84-1\/\"><img loading=\"lazy\" decoding=\"async\" class=\"alignleft wp-image-52017\" src=\"https:\/\/www.topohvar.at\/wp-content\/uploads\/2021\/10\/za-tr-84-1.jpg\" sizes=\"auto, (max-width: 114px) 100vw, 114px\" srcset=\"https:\/\/www.topohvar.at\/wp-content\/uploads\/2021\/10\/za-tr-84-1.jpg 1080w, https:\/\/www.topohvar.at\/wp-content\/uploads\/2021\/10\/za-tr-84-1-300x147.jpg 300w, https:\/\/www.topohvar.at\/wp-content\/uploads\/2021\/10\/za-tr-84-1-1024x503.jpg 1024w, https:\/\/www.topohvar.at\/wp-content\/uploads\/2021\/10\/za-tr-84-1-768x377.jpg 768w\" alt=\"\" width=\"114\" height=\"56\" \/><\/a>Trim \u00bbZA-TR-84\u00ab<br \/>\n<\/strong>ZA-TR-84 \/ Zastra\u017ei\u0161\u0107e, u blizini sjeverne obale<\/p>\n<p><strong><a href=\"https:\/\/www.topohvar.at\/orte\/za\/za-tr-85-1\/\"><img loading=\"lazy\" decoding=\"async\" class=\"alignleft wp-image-52019\" src=\"https:\/\/www.topohvar.at\/wp-content\/uploads\/2021\/10\/za-tr-85-1.jpg\" sizes=\"auto, (max-width: 114px) 100vw, 114px\" srcset=\"https:\/\/www.topohvar.at\/wp-content\/uploads\/2021\/10\/za-tr-85-1.jpg 1080w, https:\/\/www.topohvar.at\/wp-content\/uploads\/2021\/10\/za-tr-85-1-300x147.jpg 300w, https:\/\/www.topohvar.at\/wp-content\/uploads\/2021\/10\/za-tr-85-1-1024x503.jpg 1024w, https:\/\/www.topohvar.at\/wp-content\/uploads\/2021\/10\/za-tr-85-1-768x377.jpg 768w\" alt=\"\" width=\"114\" height=\"56\" \/><\/a>Trim \u00bbZA-TR-85\u00ab<br \/>\n<\/strong>ZA-TR-85 \/ Zastra\u017ei\u0161\u0107e, sjeverno od D. Polja<\/p>\n<p><strong><a href=\"https:\/\/www.topohvar.at\/orte\/za\/za-tr-86-1\/\"><img loading=\"lazy\" decoding=\"async\" class=\"alignleft wp-image-52025\" src=\"https:\/\/www.topohvar.at\/wp-content\/uploads\/2021\/10\/za-tr-86-1.jpg\" sizes=\"auto, (max-width: 114px) 100vw, 114px\" srcset=\"https:\/\/www.topohvar.at\/wp-content\/uploads\/2021\/10\/za-tr-86-1.jpg 1080w, https:\/\/www.topohvar.at\/wp-content\/uploads\/2021\/10\/za-tr-86-1-300x147.jpg 300w, https:\/\/www.topohvar.at\/wp-content\/uploads\/2021\/10\/za-tr-86-1-1024x503.jpg 1024w, https:\/\/www.topohvar.at\/wp-content\/uploads\/2021\/10\/za-tr-86-1-768x377.jpg 768w\" alt=\"\" width=\"114\" height=\"56\" \/><\/a>Trim \u00bbZA-TR-86\u00ab<br \/>\n<\/strong>ZA-TR-86 \/ Zastra\u017ei\u0161\u0107e, sjeverno od D. Polja<\/p>\n<p><strong><a href=\"https:\/\/www.topohvar.at\/orte\/za\/za-tr-87-1\/\"><img loading=\"lazy\" decoding=\"async\" class=\"alignleft wp-image-52009\" src=\"https:\/\/www.topohvar.at\/wp-content\/uploads\/2021\/10\/za-tr-87-1.jpg\" sizes=\"auto, (max-width: 114px) 100vw, 114px\" srcset=\"https:\/\/www.topohvar.at\/wp-content\/uploads\/2021\/10\/za-tr-87-1.jpg 1080w, https:\/\/www.topohvar.at\/wp-content\/uploads\/2021\/10\/za-tr-87-1-300x147.jpg 300w, https:\/\/www.topohvar.at\/wp-content\/uploads\/2021\/10\/za-tr-87-1-1024x503.jpg 1024w, https:\/\/www.topohvar.at\/wp-content\/uploads\/2021\/10\/za-tr-87-1-768x377.jpg 768w\" alt=\"\" width=\"114\" height=\"56\" \/><\/a>Trim \u00bbZA-TR-87\u00ab<br \/>\n<\/strong>ZA-TR-87 \/ Zastra\u017ei\u0161\u0107e, Peri\u0161ka glava, sjeverno od D. Polja<\/p>\n<p><strong><a href=\"https:\/\/www.topohvar.at\/orte\/za\/za-tr-88-1\/\"><img loading=\"lazy\" decoding=\"async\" class=\"alignleft wp-image-52023\" src=\"https:\/\/www.topohvar.at\/wp-content\/uploads\/2021\/10\/za-tr-88-1.jpg\" sizes=\"auto, (max-width: 114px) 100vw, 114px\" srcset=\"https:\/\/www.topohvar.at\/wp-content\/uploads\/2021\/10\/za-tr-88-1.jpg 1080w, https:\/\/www.topohvar.at\/wp-content\/uploads\/2021\/10\/za-tr-88-1-300x147.jpg 300w, https:\/\/www.topohvar.at\/wp-content\/uploads\/2021\/10\/za-tr-88-1-1024x503.jpg 1024w, https:\/\/www.topohvar.at\/wp-content\/uploads\/2021\/10\/za-tr-88-1-768x377.jpg 768w\" alt=\"\" width=\"114\" height=\"56\" \/><\/a>Trim \u00bbZA-TR-88\u00ab<br \/>\n<\/strong>ZA-TR-88 \/ Zastra\u017ei\u0161\u0107e, Peri\u0161ka glava, sjeverno od D. Polja<\/p>\n<p><strong><a href=\"https:\/\/www.topohvar.at\/orte\/za\/za-tr-89-1\/\"><img loading=\"lazy\" decoding=\"async\" class=\"alignleft wp-image-52027\" src=\"https:\/\/www.topohvar.at\/wp-content\/uploads\/2021\/10\/za-tr-89-1.jpg\" sizes=\"auto, (max-width: 114px) 100vw, 114px\" srcset=\"https:\/\/www.topohvar.at\/wp-content\/uploads\/2021\/10\/za-tr-89-1.jpg 1080w, https:\/\/www.topohvar.at\/wp-content\/uploads\/2021\/10\/za-tr-89-1-300x147.jpg 300w, https:\/\/www.topohvar.at\/wp-content\/uploads\/2021\/10\/za-tr-89-1-1024x503.jpg 1024w, https:\/\/www.topohvar.at\/wp-content\/uploads\/2021\/10\/za-tr-89-1-768x377.jpg 768w\" alt=\"\" width=\"114\" height=\"56\" \/><\/a>Trim \u00bbZA-TR-89\u00ab<br \/>\n<\/strong>ZA-TR-89 \/ Zastra\u017ei\u0161\u0107e, sjeverno od D. Polja<\/p>\n<p><strong><a href=\"https:\/\/www.topohvar.at\/orte\/za\/za-tr-90-1\/\"><img loading=\"lazy\" decoding=\"async\" class=\"alignleft wp-image-52029\" src=\"https:\/\/www.topohvar.at\/wp-content\/uploads\/2021\/10\/za-tr-90-1.jpg\" sizes=\"auto, (max-width: 114px) 100vw, 114px\" srcset=\"https:\/\/www.topohvar.at\/wp-content\/uploads\/2021\/10\/za-tr-90-1.jpg 1080w, https:\/\/www.topohvar.at\/wp-content\/uploads\/2021\/10\/za-tr-90-1-300x147.jpg 300w, https:\/\/www.topohvar.at\/wp-content\/uploads\/2021\/10\/za-tr-90-1-1024x503.jpg 1024w, https:\/\/www.topohvar.at\/wp-content\/uploads\/2021\/10\/za-tr-90-1-768x377.jpg 768w\" alt=\"\" width=\"114\" height=\"56\" \/><\/a>Trim \u00bbZA-TR-90\u00ab<br \/>\n<\/strong>ZA-TR-90 \/ Zastra\u017ei\u0161\u0107e, sjeverozapadno od D. Polja<\/p>\n<p><strong><a href=\"https:\/\/www.topohvar.at\/orte\/za\/za-tr-91-2\/\"><img loading=\"lazy\" decoding=\"async\" class=\"alignleft wp-image-51952\" src=\"https:\/\/www.topohvar.at\/wp-content\/uploads\/2021\/10\/za-tr-91-1.jpg\" sizes=\"auto, (max-width: 114px) 100vw, 114px\" srcset=\"https:\/\/www.topohvar.at\/wp-content\/uploads\/2021\/10\/za-tr-91-1.jpg 1080w, https:\/\/www.topohvar.at\/wp-content\/uploads\/2021\/10\/za-tr-91-1-300x147.jpg 300w, https:\/\/www.topohvar.at\/wp-content\/uploads\/2021\/10\/za-tr-91-1-1024x503.jpg 1024w, https:\/\/www.topohvar.at\/wp-content\/uploads\/2021\/10\/za-tr-91-1-768x377.jpg 768w\" alt=\"\" width=\"114\" height=\"56\" \/><\/a>Trim \u00bbZA-TR-91\u00ab<br \/>\n<\/strong>ZA-TR-91 \/ Zastra\u017ei\u0161\u0107e<\/p>\n<p><strong><a href=\"https:\/\/www.topohvar.at\/orte\/za\/za-tr-92-1\/\"><img loading=\"lazy\" decoding=\"async\" class=\"alignleft wp-image-52159\" src=\"https:\/\/www.topohvar.at\/wp-content\/uploads\/2021\/10\/za-tr-92-1.jpg\" sizes=\"auto, (max-width: 114px) 100vw, 114px\" srcset=\"https:\/\/www.topohvar.at\/wp-content\/uploads\/2021\/10\/za-tr-92-1.jpg 1080w, https:\/\/www.topohvar.at\/wp-content\/uploads\/2021\/10\/za-tr-92-1-300x147.jpg 300w, https:\/\/www.topohvar.at\/wp-content\/uploads\/2021\/10\/za-tr-92-1-1024x503.jpg 1024w, https:\/\/www.topohvar.at\/wp-content\/uploads\/2021\/10\/za-tr-92-1-768x377.jpg 768w\" alt=\"\" width=\"114\" height=\"56\" \/><\/a>Trim \u00bbZA-TR-92\u00ab<br \/>\n<\/strong>ZA-TR-92 \/ Zastra\u017ei\u0161\u0107e, Vrh<\/p>\n<p><strong><a href=\"https:\/\/www.topohvar.at\/orte\/za\/za-tr-94-1\/\"><img loading=\"lazy\" decoding=\"async\" class=\"alignleft wp-image-52157\" src=\"https:\/\/www.topohvar.at\/wp-content\/uploads\/2021\/10\/za-tr-94-1.jpg\" sizes=\"auto, (max-width: 114px) 100vw, 114px\" srcset=\"https:\/\/www.topohvar.at\/wp-content\/uploads\/2021\/10\/za-tr-94-1.jpg 1080w, https:\/\/www.topohvar.at\/wp-content\/uploads\/2021\/10\/za-tr-94-1-300x147.jpg 300w, https:\/\/www.topohvar.at\/wp-content\/uploads\/2021\/10\/za-tr-94-1-1024x503.jpg 1024w, https:\/\/www.topohvar.at\/wp-content\/uploads\/2021\/10\/za-tr-94-1-768x377.jpg 768w\" alt=\"\" width=\"114\" height=\"56\" \/><\/a>Trim \u00bbZA-TR-94\u00ab<br \/>\n<\/strong>ZA-TR-94 \/ Zastra\u017ei\u0161\u0107e, Vrh<\/p>\n<p><strong><a href=\"https:\/\/www.topohvar.at\/orte\/za\/za-tr-95-1\/\"><img loading=\"lazy\" decoding=\"async\" class=\"alignleft wp-image-52155\" src=\"https:\/\/www.topohvar.at\/wp-content\/uploads\/2021\/10\/za-tr-95-1.jpg\" sizes=\"auto, (max-width: 114px) 100vw, 114px\" srcset=\"https:\/\/www.topohvar.at\/wp-content\/uploads\/2021\/10\/za-tr-95-1.jpg 1080w, https:\/\/www.topohvar.at\/wp-content\/uploads\/2021\/10\/za-tr-95-1-300x147.jpg 300w, https:\/\/www.topohvar.at\/wp-content\/uploads\/2021\/10\/za-tr-95-1-1024x503.jpg 1024w, https:\/\/www.topohvar.at\/wp-content\/uploads\/2021\/10\/za-tr-95-1-768x377.jpg 768w\" alt=\"\" width=\"114\" height=\"56\" \/><\/a>Trim \u00bbZA-TR-95\u00ab<br \/>\n<\/strong>ZA-TR-95 \/ Zastra\u017ei\u0161\u0107e, Vrh<\/p>\n<p><strong><a href=\"https:\/\/www.topohvar.at\/orte\/za\/za-tr-98-1\/\"><img loading=\"lazy\" decoding=\"async\" class=\"alignleft wp-image-52015\" src=\"https:\/\/www.topohvar.at\/wp-content\/uploads\/2021\/10\/za-tr-98-1.jpg\" sizes=\"auto, (max-width: 114px) 100vw, 114px\" srcset=\"https:\/\/www.topohvar.at\/wp-content\/uploads\/2021\/10\/za-tr-98-1.jpg 1080w, https:\/\/www.topohvar.at\/wp-content\/uploads\/2021\/10\/za-tr-98-1-300x147.jpg 300w, https:\/\/www.topohvar.at\/wp-content\/uploads\/2021\/10\/za-tr-98-1-1024x503.jpg 1024w, https:\/\/www.topohvar.at\/wp-content\/uploads\/2021\/10\/za-tr-98-1-768x377.jpg 768w\" alt=\"\" width=\"114\" height=\"56\" \/><\/a>Trim \u00bbZA-TR-98\u00ab<br \/>\n<\/strong>ZA-TR-98 \/ Zastra\u017ei\u0161\u0107e, iznad ceste za Vela Stiniva<\/p>\n<p><strong><a href=\"https:\/\/www.topohvar.at\/orte\/za\/za-tr-99-1\/\"><img loading=\"lazy\" decoding=\"async\" class=\"alignleft wp-image-52013\" src=\"https:\/\/www.topohvar.at\/wp-content\/uploads\/2021\/10\/za-tr-99-1.jpg\" sizes=\"auto, (max-width: 114px) 100vw, 114px\" srcset=\"https:\/\/www.topohvar.at\/wp-content\/uploads\/2021\/10\/za-tr-99-1.jpg 1080w, https:\/\/www.topohvar.at\/wp-content\/uploads\/2021\/10\/za-tr-99-1-300x147.jpg 300w, https:\/\/www.topohvar.at\/wp-content\/uploads\/2021\/10\/za-tr-99-1-1024x503.jpg 1024w, https:\/\/www.topohvar.at\/wp-content\/uploads\/2021\/10\/za-tr-99-1-768x377.jpg 768w\" alt=\"\" width=\"114\" height=\"56\" \/><\/a>Trim \u00bbZA-TR-99\u00ab<br \/>\n<\/strong>ZA-TR-99 \/ Zastra\u017ei\u0161\u0107e, sjeverozapadno od D. Polja<\/p>\n<p><strong><a href=\"https:\/\/www.topohvar.at\/orte\/za\/za-tr-a1-1\/\"><img loading=\"lazy\" decoding=\"async\" class=\"alignleft wp-image-52011\" src=\"https:\/\/www.topohvar.at\/wp-content\/uploads\/2021\/10\/za-tr-a1-1.jpg\" sizes=\"auto, (max-width: 114px) 100vw, 114px\" srcset=\"https:\/\/www.topohvar.at\/wp-content\/uploads\/2021\/10\/za-tr-a1-1.jpg 1080w, https:\/\/www.topohvar.at\/wp-content\/uploads\/2021\/10\/za-tr-a1-1-300x147.jpg 300w, https:\/\/www.topohvar.at\/wp-content\/uploads\/2021\/10\/za-tr-a1-1-1024x503.jpg 1024w, https:\/\/www.topohvar.at\/wp-content\/uploads\/2021\/10\/za-tr-a1-1-768x377.jpg 768w\" alt=\"\" width=\"114\" height=\"56\" \/><\/a>Trim \u00bbZA-TR-A1\u00ab<br \/>\n<\/strong>ZA-TR-A1 \/ Zastra\u017ei\u0161\u0107e, u blizini sjeverne obale<\/p>\n<p><strong><a href=\"https:\/\/www.topohvar.at\/orte\/za\/za-tr-a2-1\/\"><img loading=\"lazy\" decoding=\"async\" class=\"alignleft wp-image-51956\" src=\"https:\/\/www.topohvar.at\/wp-content\/uploads\/2021\/10\/za-tr-a2-1.jpg\" sizes=\"auto, (max-width: 114px) 100vw, 114px\" srcset=\"https:\/\/www.topohvar.at\/wp-content\/uploads\/2021\/10\/za-tr-a2-1.jpg 1080w, https:\/\/www.topohvar.at\/wp-content\/uploads\/2021\/10\/za-tr-a2-1-300x147.jpg 300w, https:\/\/www.topohvar.at\/wp-content\/uploads\/2021\/10\/za-tr-a2-1-1024x503.jpg 1024w, https:\/\/www.topohvar.at\/wp-content\/uploads\/2021\/10\/za-tr-a2-1-768x377.jpg 768w\" alt=\"\" width=\"114\" height=\"56\" \/><\/a>Trim \u00bbZA-TR-A2\u00ab<br \/>\n<\/strong>ZA-TR-A2 \/ Zastra\u017ei\u0161\u0107e, Zla\u0107ine, jugozapadno od D. Polja<\/p>\n<p><strong><a href=\"https:\/\/www.topohvar.at\/orte\/za\/za-tr-a3-1\/\"><img loading=\"lazy\" decoding=\"async\" class=\"alignleft wp-image-51962\" src=\"https:\/\/www.topohvar.at\/wp-content\/uploads\/2021\/10\/za-tr-a3-1.jpg\" sizes=\"auto, (max-width: 114px) 100vw, 114px\" srcset=\"https:\/\/www.topohvar.at\/wp-content\/uploads\/2021\/10\/za-tr-a3-1.jpg 1080w, https:\/\/www.topohvar.at\/wp-content\/uploads\/2021\/10\/za-tr-a3-1-300x147.jpg 300w, https:\/\/www.topohvar.at\/wp-content\/uploads\/2021\/10\/za-tr-a3-1-1024x503.jpg 1024w, https:\/\/www.topohvar.at\/wp-content\/uploads\/2021\/10\/za-tr-a3-1-768x377.jpg 768w\" alt=\"\" width=\"114\" height=\"56\" \/><\/a>Trim \u00bbZA-TR-A3\u00ab<br \/>\n<\/strong>ZA-TR-A3 \/ Zastra\u017ei\u0161\u0107e, Zla\u0107ine, jugozapadno od D. Polja<\/p>\n<p><strong data-wp-editing=\"1\"><a href=\"https:\/\/www.topohvar.at\/orte\/za\/za-tr-a4-1\/\"><img loading=\"lazy\" decoding=\"async\" class=\"alignleft wp-image-51999\" src=\"https:\/\/www.topohvar.at\/wp-content\/uploads\/2021\/10\/za-tr-a4-1.jpg\" sizes=\"auto, (max-width: 114px) 100vw, 114px\" srcset=\"https:\/\/www.topohvar.at\/wp-content\/uploads\/2021\/10\/za-tr-a4-1.jpg 1080w, https:\/\/www.topohvar.at\/wp-content\/uploads\/2021\/10\/za-tr-a4-1-300x147.jpg 300w, https:\/\/www.topohvar.at\/wp-content\/uploads\/2021\/10\/za-tr-a4-1-1024x503.jpg 1024w, https:\/\/www.topohvar.at\/wp-content\/uploads\/2021\/10\/za-tr-a4-1-768x377.jpg 768w\" alt=\"\" width=\"114\" height=\"56\" \/><\/a>Trim \u00bbZA-TR-A4\u00ab<br \/>\n<\/strong>ZA-TR-A4 \/ Zastra\u017ei\u0161\u0107e, Glavica<\/p>\n<p><strong><a href=\"https:\/\/www.topohvar.at\/orte\/za\/za-tr-a5-1\/\"><img loading=\"lazy\" decoding=\"async\" class=\"alignleft wp-image-51985\" src=\"https:\/\/www.topohvar.at\/wp-content\/uploads\/2021\/10\/za-tr-A5-1.jpg\" sizes=\"auto, (max-width: 114px) 100vw, 114px\" srcset=\"https:\/\/www.topohvar.at\/wp-content\/uploads\/2021\/10\/za-tr-A5-1.jpg 1080w, https:\/\/www.topohvar.at\/wp-content\/uploads\/2021\/10\/za-tr-A5-1-300x147.jpg 300w, https:\/\/www.topohvar.at\/wp-content\/uploads\/2021\/10\/za-tr-A5-1-1024x503.jpg 1024w, https:\/\/www.topohvar.at\/wp-content\/uploads\/2021\/10\/za-tr-A5-1-768x377.jpg 768w\" alt=\"\" width=\"114\" height=\"56\" \/><\/a>Trim \u00bbZA-TR-A5\u00ab<br \/>\n<\/strong>ZA-TR-A5 \/ Zastra\u017ei\u0161\u0107e, Vela gl.<\/p>\n<p><strong><a href=\"https:\/\/www.topohvar.at\/orte\/za\/za-tr-a6-1\/\"><img loading=\"lazy\" decoding=\"async\" class=\"alignleft wp-image-52087\" src=\"https:\/\/www.topohvar.at\/wp-content\/uploads\/2021\/10\/za-tr-a6-1.jpg\" sizes=\"auto, (max-width: 114px) 100vw, 114px\" srcset=\"https:\/\/www.topohvar.at\/wp-content\/uploads\/2021\/10\/za-tr-a6-1.jpg 1080w, https:\/\/www.topohvar.at\/wp-content\/uploads\/2021\/10\/za-tr-a6-1-300x147.jpg 300w, https:\/\/www.topohvar.at\/wp-content\/uploads\/2021\/10\/za-tr-a6-1-1024x503.jpg 1024w, https:\/\/www.topohvar.at\/wp-content\/uploads\/2021\/10\/za-tr-a6-1-768x377.jpg 768w\" alt=\"\" width=\"114\" height=\"56\" \/><\/a>Trim \u00bbZA-TR-A6\u00ab<br \/>\n<\/strong>ZA-TR-A6 \/ Zastra\u017ei\u0161\u0107e, Vela gl.<\/p>\n<p><strong data-wp-editing=\"1\"><a href=\"https:\/\/www.topohvar.at\/orte\/za\/za-tr-a7-1\/\"><img loading=\"lazy\" decoding=\"async\" class=\"alignleft wp-image-52092\" src=\"https:\/\/www.topohvar.at\/wp-content\/uploads\/2021\/10\/za-tr-a7-1.jpg\" sizes=\"auto, (max-width: 114px) 100vw, 114px\" srcset=\"https:\/\/www.topohvar.at\/wp-content\/uploads\/2021\/10\/za-tr-a7-1.jpg 1080w, https:\/\/www.topohvar.at\/wp-content\/uploads\/2021\/10\/za-tr-a7-1-300x147.jpg 300w, https:\/\/www.topohvar.at\/wp-content\/uploads\/2021\/10\/za-tr-a7-1-1024x503.jpg 1024w, https:\/\/www.topohvar.at\/wp-content\/uploads\/2021\/10\/za-tr-a7-1-768x377.jpg 768w\" alt=\"\" width=\"114\" height=\"56\" \/><\/a>Trim \u00bbZA-TR-A7\u00ab<br \/>\n<\/strong>ZA-TR-A7 \/ Zastra\u017ei\u0161\u0107e, Glavica<\/p>\n<p><strong data-wp-editing=\"1\"><a href=\"https:\/\/www.topohvar.at\/orte\/za\/za-tr-a8-1\/\"><img loading=\"lazy\" decoding=\"async\" class=\"alignleft wp-image-52131\" src=\"https:\/\/www.topohvar.at\/wp-content\/uploads\/2021\/10\/za-tr-a8-1.jpg\" sizes=\"auto, (max-width: 114px) 100vw, 114px\" srcset=\"https:\/\/www.topohvar.at\/wp-content\/uploads\/2021\/10\/za-tr-a8-1.jpg 1080w, https:\/\/www.topohvar.at\/wp-content\/uploads\/2021\/10\/za-tr-a8-1-300x147.jpg 300w, https:\/\/www.topohvar.at\/wp-content\/uploads\/2021\/10\/za-tr-a8-1-1024x503.jpg 1024w, https:\/\/www.topohvar.at\/wp-content\/uploads\/2021\/10\/za-tr-a8-1-768x377.jpg 768w\" alt=\"\" width=\"114\" height=\"56\" \/><\/a>Trim \u00bbZA-TR-A8\u00ab<br \/>\n<\/strong>ZA-TR-A8 \/ Zastra\u017ei\u0161\u0107e, Glavica<\/p>\n<p><strong><a href=\"https:\/\/www.topohvar.at\/orte\/za\/za-tr-a9-1\/\"><img loading=\"lazy\" decoding=\"async\" class=\"alignleft wp-image-52139\" src=\"https:\/\/www.topohvar.at\/wp-content\/uploads\/2021\/10\/za-tr-a9-1.jpg\" sizes=\"auto, (max-width: 114px) 100vw, 114px\" srcset=\"https:\/\/www.topohvar.at\/wp-content\/uploads\/2021\/10\/za-tr-a9-1.jpg 1080w, https:\/\/www.topohvar.at\/wp-content\/uploads\/2021\/10\/za-tr-a9-1-300x147.jpg 300w, https:\/\/www.topohvar.at\/wp-content\/uploads\/2021\/10\/za-tr-a9-1-1024x503.jpg 1024w, https:\/\/www.topohvar.at\/wp-content\/uploads\/2021\/10\/za-tr-a9-1-768x377.jpg 768w\" alt=\"\" width=\"114\" height=\"56\" \/><\/a>Trim \u00bbZA-TR-A9\u00ab<br \/>\n<\/strong>ZA-TR-A9 \/ Zastra\u017ei\u0161\u0107e, Glavica<\/p>\n<p><strong><a href=\"https:\/\/www.topohvar.at\/orte\/za\/za-tr-b0-1\/\"><img loading=\"lazy\" decoding=\"async\" class=\"alignleft wp-image-52147\" src=\"https:\/\/www.topohvar.at\/wp-content\/uploads\/2021\/10\/za-tr-b0-1.jpg\" sizes=\"auto, (max-width: 114px) 100vw, 114px\" srcset=\"https:\/\/www.topohvar.at\/wp-content\/uploads\/2021\/10\/za-tr-b0-1.jpg 1080w, https:\/\/www.topohvar.at\/wp-content\/uploads\/2021\/10\/za-tr-b0-1-300x147.jpg 300w, https:\/\/www.topohvar.at\/wp-content\/uploads\/2021\/10\/za-tr-b0-1-1024x503.jpg 1024w, https:\/\/www.topohvar.at\/wp-content\/uploads\/2021\/10\/za-tr-b0-1-768x377.jpg 768w\" alt=\"\" width=\"114\" height=\"56\" \/><\/a>Trim \u00bbZA-TR-B0\u00ab<br \/>\n<\/strong>ZA-TR-B0 \/ Zastra\u017ei\u0161\u0107e, Glavica<\/p>\n<p><strong><a href=\"https:\/\/www.topohvar.at\/orte\/za\/za-tr-b1-1\/\"><img loading=\"lazy\" decoding=\"async\" class=\"alignleft wp-image-52164\" src=\"https:\/\/www.topohvar.at\/wp-content\/uploads\/2021\/10\/za-tr-b1-1.jpg\" sizes=\"auto, (max-width: 114px) 100vw, 114px\" srcset=\"https:\/\/www.topohvar.at\/wp-content\/uploads\/2021\/10\/za-tr-b1-1.jpg 1080w, https:\/\/www.topohvar.at\/wp-content\/uploads\/2021\/10\/za-tr-b1-1-300x147.jpg 300w, https:\/\/www.topohvar.at\/wp-content\/uploads\/2021\/10\/za-tr-b1-1-1024x503.jpg 1024w, https:\/\/www.topohvar.at\/wp-content\/uploads\/2021\/10\/za-tr-b1-1-768x377.jpg 768w\" alt=\"\" width=\"114\" height=\"56\" \/><\/a>Trim \u00bbZA-TR-B1\u00ab<br \/>\n<\/strong>ZA-TR-B1 \/ Zastra\u017ei\u0161\u0107e, Brijeg<\/p>\n<p><strong><a href=\"https:\/\/www.topohvar.at\/orte\/za\/za-tr-b2-1\/\"><img loading=\"lazy\" decoding=\"async\" class=\"alignleft wp-image-52178\" src=\"https:\/\/www.topohvar.at\/wp-content\/uploads\/2021\/10\/za-tr-b2-1.jpg\" sizes=\"auto, (max-width: 114px) 100vw, 114px\" srcset=\"https:\/\/www.topohvar.at\/wp-content\/uploads\/2021\/10\/za-tr-b2-1.jpg 1080w, https:\/\/www.topohvar.at\/wp-content\/uploads\/2021\/10\/za-tr-b2-1-300x147.jpg 300w, https:\/\/www.topohvar.at\/wp-content\/uploads\/2021\/10\/za-tr-b2-1-1024x503.jpg 1024w, https:\/\/www.topohvar.at\/wp-content\/uploads\/2021\/10\/za-tr-b2-1-768x377.jpg 768w\" alt=\"\" width=\"114\" height=\"56\" \/><\/a>Trim \u00bbZA-TR-B2\u00ab<br \/>\n<\/strong>ZA-TR-B2 \/ Zastra\u017ei\u0161\u0107e, Vrh<\/p>\n<p><strong><a href=\"https:\/\/www.topohvar.at\/orte\/za\/za-tr-b3-1\/\"><img loading=\"lazy\" decoding=\"async\" class=\"alignleft wp-image-52195\" src=\"https:\/\/www.topohvar.at\/wp-content\/uploads\/2021\/10\/za-tr-b3-1.jpg\" sizes=\"auto, (max-width: 114px) 100vw, 114px\" srcset=\"https:\/\/www.topohvar.at\/wp-content\/uploads\/2021\/10\/za-tr-b3-1.jpg 1080w, https:\/\/www.topohvar.at\/wp-content\/uploads\/2021\/10\/za-tr-b3-1-300x147.jpg 300w, https:\/\/www.topohvar.at\/wp-content\/uploads\/2021\/10\/za-tr-b3-1-1024x503.jpg 1024w, https:\/\/www.topohvar.at\/wp-content\/uploads\/2021\/10\/za-tr-b3-1-768x377.jpg 768w\" alt=\"\" width=\"114\" height=\"56\" \/><\/a>Trim \u00bbZA-TR-B3\u00ab<br \/>\n<\/strong>ZA-TR-B3 \/ Zastra\u017ei\u0161\u0107e, isto\u010dno od Grudaca, na glavnoj cesti DC-116<\/p>\n<hr \/>\n<p style=\"text-align: right;\"><span style=\"color: #3366ff;\"><a style=\"color: #3366ff;\" href=\"#seite_oben\">natrag na vrh \/ Seitenanfang<\/a><\/span><\/p>\n","protected":false},"excerpt":{"rendered":"<p>Arhiva pregleda\u00a0 \u00a0\u00a0 \u00a0 \u00a0 \u00dcbersicht Archiv Kapele \/ Kapellen Kapela \u00bbSv. Petar Verinskog\u00ab ZV-CP-02 \/ Zavala, Ulica Veli Dvor 83 Kapela \u00bbSv. ??\u00ab ZV-CP-04 \/ Zavala 103 Kapelice \/ Bildst\u00f6cke Kapelica \u00bbSv. Miho\/Mihovila\u00ab ZA-CS-08 \/ Zastra\u017ei\u0161\u0107e, Postranje Natpisi \/ &hellip; <a href=\"https:\/\/www.topohvar.at\/topo\/archiv\/archiv-2021-10\/\">Weiterlesen <span class=\"meta-nav\">&rarr;<\/span><\/a><\/p>\n","protected":false},"author":1,"featured_media":0,"parent":46434,"menu_order":0,"comment_status":"closed","ping_status":"closed","template":"","meta":{"footnotes":""},"class_list":["post-66386","page","type-page","status-publish","hentry"],"_links":{"self":[{"href":"https:\/\/www.topohvar.at\/topo\/wp-json\/wp\/v2\/pages\/66386","targetHints":{"allow":["GET"]}}],"collection":[{"href":"https:\/\/www.topohvar.at\/topo\/wp-json\/wp\/v2\/pages"}],"about":[{"href":"https:\/\/www.topohvar.at\/topo\/wp-json\/wp\/v2\/types\/page"}],"author":[{"embeddable":true,"href":"https:\/\/www.topohvar.at\/topo\/wp-json\/wp\/v2\/users\/1"}],"replies":[{"embeddable":true,"href":"https:\/\/www.topohvar.at\/topo\/wp-json\/wp\/v2\/comments?post=66386"}],"version-history":[{"count":29,"href":"https:\/\/www.topohvar.at\/topo\/wp-json\/wp\/v2\/pages\/66386\/revisions"}],"predecessor-version":[{"id":70980,"href":"https:\/\/www.topohvar.at\/topo\/wp-json\/wp\/v2\/pages\/66386\/revisions\/70980"}],"up":[{"embeddable":true,"href":"https:\/\/www.topohvar.at\/topo\/wp-json\/wp\/v2\/pages\/46434"}],"wp:attachment":[{"href":"https:\/\/www.topohvar.at\/topo\/wp-json\/wp\/v2\/media?parent=66386"}],"curies":[{"name":"wp","href":"https:\/\/api.w.org\/{rel}","templated":true}]}}