{"id":6761,"date":"2018-08-21T15:37:56","date_gmt":"2018-08-21T13:37:56","guid":{"rendered":"https:\/\/www.topohvar.at\/?page_id=6761"},"modified":"2020-03-04T10:05:28","modified_gmt":"2020-03-04T09:05:28","slug":"vj-is-04-1","status":"publish","type":"page","link":"https:\/\/www.topohvar.at\/topo\/orte\/vj\/vj-is-04-1\/","title":{"rendered":"VRBANJ &#8211; Spomen plo\u010da \u00bbAkciji razoru\u017eanja \u017eandarmerijske stanice\u00ab"},"content":{"rendered":"<p><strong><img loading=\"lazy\" decoding=\"async\" class=\"alignnone wp-image-6601 size-large\" src=\"https:\/\/www.topohvar.at\/wp-content\/uploads\/2018\/08\/VJ-IS-04-0-1024x503.jpg\" alt=\"\" width=\"640\" height=\"314\" srcset=\"https:\/\/www.topohvar.at\/wp-content\/uploads\/2018\/08\/VJ-IS-04-0-1024x503.jpg 1024w, https:\/\/www.topohvar.at\/wp-content\/uploads\/2018\/08\/VJ-IS-04-0-300x147.jpg 300w, https:\/\/www.topohvar.at\/wp-content\/uploads\/2018\/08\/VJ-IS-04-0-768x377.jpg 768w, https:\/\/www.topohvar.at\/wp-content\/uploads\/2018\/08\/VJ-IS-04-0.jpg 1080w\" sizes=\"auto, (max-width: 640px) 100vw, 640px\" \/><\/strong><\/p>\n<p><strong>Ime \/ Name<br \/>\n<\/strong>Spomen plo\u010da \u00bbAkciji razoru\u017eanja \u017eandarmerijske stanice\u00ab \/ Gedenktafel an die Entwaffnung der Gendarmeriestation<\/p>\n<p><strong>Code: <\/strong>VJ-IS-04\u00a0 \u00a0 \u00a0 \u00a0 \u00a0 \u00a0 \u00a0 \u00a0<strong>\u00a0 \u00a0 \u00a0 \u00a0 \u00a0 \u00a0 \u00a0 \u00a0 \u00a0 <a href=\"https:\/\/www.topohvar.at\/orte\/vj\/vj-ip-01-1\/\"><img loading=\"lazy\" decoding=\"async\" class=\"alignnone wp-image-12300 size-full\" src=\"https:\/\/www.topohvar.at\/wp-content\/uploads\/2018\/09\/push-vor-30.jpg\" alt=\"\" width=\"61\" height=\"30\" \/><\/a>\u00a0<a href=\"https:\/\/www.topohvar.at\/orte\/vj\/vj-is-05-1\/\"><img loading=\"lazy\" decoding=\"async\" class=\"alignnone wp-image-533 size-full\" src=\"https:\/\/www.topohvar.at\/wp-content\/uploads\/2018\/07\/push-l-30.jpg\" alt=\"\" width=\"61\" height=\"30\" \/><\/a>\u00a0<a href=\"https:\/\/www.topohvar.at\/orte\/vj\/\"><img loading=\"lazy\" decoding=\"async\" class=\"alignnone wp-image-535 size-full\" src=\"https:\/\/www.topohvar.at\/wp-content\/uploads\/2018\/07\/push-o-30.jpg\" alt=\"\" width=\"61\" height=\"30\" \/><\/a>\u00a0<a href=\"https:\/\/www.topohvar.at\/orte\/vj\/vj-is-07-1\/\"><img loading=\"lazy\" decoding=\"async\" class=\"alignnone wp-image-536 size-full\" src=\"https:\/\/www.topohvar.at\/wp-content\/uploads\/2018\/07\/push-r-30.jpg\" alt=\"\" width=\"61\" height=\"30\" \/><\/a><\/strong><\/p>\n<hr \/>\n<p><strong>Adresa \/ Adresse<br \/>\n<\/strong>Vrbanj, Pjaca, Osnovna \u0161kola \/ am Schulgeb\u00e4ude<\/p>\n<p><strong>Lokalna polo\u017eaj \/ Position<a href=\"https:\/\/goo.gl\/maps\/uRVsN4jyMMfSZHG57\"><img loading=\"lazy\" decoding=\"async\" class=\"alignright wp-image-7055\" src=\"https:\/\/www.topohvar.at\/wp-content\/uploads\/2018\/08\/0889.jpg\" alt=\"\" width=\"134\" height=\"100\" \/><\/a><br \/>\n<\/strong><span style=\"color: #3366ff;\"><a style=\"color: #3366ff;\" href=\"https:\/\/goo.gl\/maps\/uRVsN4jyMMfSZHG57\">Latitude: N 43,16584\u00b0\u00a0 \u00a0 Longitude: E 16,64325\u00b0<\/a>\u00a0<\/span><strong><br \/>\n<\/strong>Visina \/ H\u00f6he: 90 m<\/p>\n<p><strong>Zemlji\u0161te \/ Grundst\u00fccke<br \/>\n<\/strong>*332<div class='content-column one_half'><div style=\"padding-right:6px;\"><p><strong>Datum snimanja \/ Erfassungsdatum<br \/>\n<\/strong>18.05.2014 15:40:00<\/p>\n<hr \/>\n<p><strong>Informacije<\/strong><\/p>\n<p>Spomen plo\u010da, od bijelog mramora, postavljena je na zgradi Osnovne \u0161kole Vrbanj, u kojoj je izvr\u0161ena akcija razoru\u017eanja \u017eandarmerijske stanice, koja je time nakon samo \u010detiri mjeseca postojanja likvidirana.<\/p><\/div><\/div><div class='content-column one_half last_column'><div style=\"padding-right:0px;padding-left:6px;\"><p><strong>Za\u0161titni polo\u017eaj \/ Schutzstellung<br \/>\n<\/strong>&#8211;<\/p>\n<hr \/>\n<p><strong>Info<\/strong><\/p>\n<p>Die Gedenktafel aus wei\u00dfem Marmor ist an der Grundschule von Vrbanj befestigt, wo die Liquidierung der Polizeistation durch die Widerstandsk\u00e4mpfer nach nur vier Monaten erfolgte.<\/p><\/div><\/div><div class='clear_column'><\/div><div class='content-column one_half'><div style=\"padding-right:6px;\"><p>Plo\u010da je postavilo mjesno rukovodstvo Partije boraca Vrbanja, 9. srpnja 1960. godine\u00a0i sadr\u017ei sljede\u0107i natpis:<\/p><\/div><\/div><div class='content-column one_half last_column'><div style=\"padding-right:0px;padding-left:6px;\"><p>Die Tafel wurde von der lokalen F\u00fchrung der Partei von K\u00e4mpfern aus Vrbanj am 9. Juli 1960 aufgeh\u00e4ngt und enth\u00e4lt folgende Inschrift:<\/p><\/div><\/div><div class='clear_column'><\/div><div class='content-column one_half'><div style=\"padding-right:6px;\"><p style=\"text-align: center;\">9 SRPNJA 1942. GODINE<br \/>\nPOD RUKOVODSTVOM KPJ<br \/>\nLIKVIDIRANA JE NA OVOM MJESTU<br \/>\n\u017dANDARMERIJSKA STANICA<br \/>\nKAO GLAVNO NEPRIJATELJSKO ORU\u017dANO<br \/>\nUPORI\u0160TE NAKOM \u010cETIRI MJESECA NJENA<br \/>\nPOSTOJANJA.<br \/>\nTAKO SU RODOLJUBI VRBANJA U<br \/>\nNAJJA\u010cEM JEKU II SVJETSKOG RATA<br \/>\nOSTVARIVALI PAROLU PARTIJE<br \/>\nSMRT FA\u0160ISMU \u2013 SLOBODA NARODU!<\/p>\n<p style=\"text-align: center;\">POVODOM 20- GODI\u0160NJICE USTANKA<br \/>\nNARODA JUGOSLAVIJE PODI\u017dE<br \/>\nSAVEZ BORACA NOR<br \/>\nVRBANJ<\/p><\/div><\/div><div class='content-column one_half last_column'><div style=\"padding-right:0px;padding-left:6px;\"><p style=\"text-align: center;\">Am 9. Juli 1942<br \/>\nwurde unter der Leitung der Kommunistischen Partei<br \/>\nan dieser Stelle<br \/>\ndie Gendarmeriestation<br \/>\nnach vier Monaten ihres Bestandes<br \/>\nals Hauptfeind liquidiert.<br \/>\nSo haben die Patrioten aus Vrbanj<br \/>\nmit st\u00e4rksten Schwung<br \/>\nim 2. Weltkrieg<br \/>\ndie Parole realisiert<br \/>\nTod des Faschismus \u2013 Freiheit den Menschen!<\/p>\n<p style=\"text-align: center;\">Errichtet anl\u00e4sslich des 20. Jahrestages<br \/>\ndes Widerstandes der V\u00f6lker Jugoslawiens.<br \/>\nVereinigung der K\u00e4mpfer des Nationalen Befreiungskampfes<br \/>\nVrbanj.<\/p><\/div><\/div><div class='clear_column'><\/div><\/p>\n<hr \/>\n<p><strong>Linkovi \/ Links<\/strong><\/p>\n<p><span style=\"color: #3366ff;\"><a style=\"color: #3366ff;\" href=\"https:\/\/www.topohvar.at\/orte\/vj\/vj-tg-02-1\/\">Osnovna \u0161kola \/ Schulgeb\u00e4ude<\/a><\/span><\/p>\n","protected":false},"excerpt":{"rendered":"<p>Ime \/ Name Spomen plo\u010da \u00bbAkciji razoru\u017eanja \u017eandarmerijske stanice\u00ab \/ Gedenktafel an die Entwaffnung der Gendarmeriestation Code: VJ-IS-04\u00a0 \u00a0 \u00a0 \u00a0 \u00a0 \u00a0 \u00a0 \u00a0\u00a0 \u00a0 \u00a0 \u00a0 \u00a0 \u00a0 \u00a0 \u00a0 \u00a0 \u00a0\u00a0\u00a0 Adresa \/ Adresse Vrbanj, Pjaca, Osnovna &hellip; <a href=\"https:\/\/www.topohvar.at\/topo\/orte\/vj\/vj-is-04-1\/\">Weiterlesen <span class=\"meta-nav\">&rarr;<\/span><\/a><\/p>\n","protected":false},"author":1,"featured_media":0,"parent":111,"menu_order":0,"comment_status":"closed","ping_status":"closed","template":"","meta":{"footnotes":""},"class_list":["post-6761","page","type-page","status-publish","hentry"],"_links":{"self":[{"href":"https:\/\/www.topohvar.at\/topo\/wp-json\/wp\/v2\/pages\/6761","targetHints":{"allow":["GET"]}}],"collection":[{"href":"https:\/\/www.topohvar.at\/topo\/wp-json\/wp\/v2\/pages"}],"about":[{"href":"https:\/\/www.topohvar.at\/topo\/wp-json\/wp\/v2\/types\/page"}],"author":[{"embeddable":true,"href":"https:\/\/www.topohvar.at\/topo\/wp-json\/wp\/v2\/users\/1"}],"replies":[{"embeddable":true,"href":"https:\/\/www.topohvar.at\/topo\/wp-json\/wp\/v2\/comments?post=6761"}],"version-history":[{"count":10,"href":"https:\/\/www.topohvar.at\/topo\/wp-json\/wp\/v2\/pages\/6761\/revisions"}],"predecessor-version":[{"id":32253,"href":"https:\/\/www.topohvar.at\/topo\/wp-json\/wp\/v2\/pages\/6761\/revisions\/32253"}],"up":[{"embeddable":true,"href":"https:\/\/www.topohvar.at\/topo\/wp-json\/wp\/v2\/pages\/111"}],"wp:attachment":[{"href":"https:\/\/www.topohvar.at\/topo\/wp-json\/wp\/v2\/media?parent=6761"}],"curies":[{"name":"wp","href":"https:\/\/api.w.org\/{rel}","templated":true}]}}