{"id":6767,"date":"2018-08-21T15:42:51","date_gmt":"2018-08-21T13:42:51","guid":{"rendered":"https:\/\/www.topohvar.at\/?page_id=6767"},"modified":"2020-03-04T10:07:08","modified_gmt":"2020-03-04T09:07:08","slug":"vj-is-09-1","status":"publish","type":"page","link":"https:\/\/www.topohvar.at\/topo\/orte\/vj\/vj-is-09-1\/","title":{"rendered":"VRBANJ &#8211; Spomen plo\u010da \u00bbVisko Pavi\u010di\u0107\u00ab"},"content":{"rendered":"<p><strong><img loading=\"lazy\" decoding=\"async\" class=\"alignnone wp-image-6606 size-large\" src=\"https:\/\/www.topohvar.at\/wp-content\/uploads\/2018\/08\/vj-is-09-0-1024x503.jpg\" alt=\"\" width=\"640\" height=\"314\" srcset=\"https:\/\/www.topohvar.at\/wp-content\/uploads\/2018\/08\/vj-is-09-0-1024x503.jpg 1024w, https:\/\/www.topohvar.at\/wp-content\/uploads\/2018\/08\/vj-is-09-0-300x147.jpg 300w, https:\/\/www.topohvar.at\/wp-content\/uploads\/2018\/08\/vj-is-09-0-768x377.jpg 768w, https:\/\/www.topohvar.at\/wp-content\/uploads\/2018\/08\/vj-is-09-0.jpg 1080w\" sizes=\"auto, (max-width: 640px) 100vw, 640px\" \/><\/strong><\/p>\n<p><strong>Ime \/ Name<br \/>\n<\/strong>Spomen plo\u010da \/ Gedenktafel \u00bbVisko Pavi\u010di\u0107\u00ab<\/p>\n<p><strong>Code: <\/strong>VJ-IS-09\u00a0 \u00a0 \u00a0 \u00a0 \u00a0 \u00a0 \u00a0 \u00a0<strong>\u00a0 \u00a0 \u00a0 \u00a0 \u00a0 \u00a0 \u00a0 \u00a0 \u00a0 <a href=\"https:\/\/www.topohvar.at\/orte\/vj\/vj-ip-01-1\/\"><img loading=\"lazy\" decoding=\"async\" class=\"alignnone wp-image-12300 size-full\" src=\"https:\/\/www.topohvar.at\/wp-content\/uploads\/2018\/09\/push-vor-30.jpg\" alt=\"\" width=\"61\" height=\"30\" \/><\/a>\u00a0<a href=\"https:\/\/www.topohvar.at\/orte\/vj\/vj-is-08-1\/\"><img loading=\"lazy\" decoding=\"async\" class=\"alignnone wp-image-533 size-full\" src=\"https:\/\/www.topohvar.at\/wp-content\/uploads\/2018\/07\/push-l-30.jpg\" alt=\"\" width=\"61\" height=\"30\" \/><\/a>\u00a0<a href=\"https:\/\/www.topohvar.at\/orte\/vj\/\"><img loading=\"lazy\" decoding=\"async\" class=\"alignnone wp-image-535 size-full\" src=\"https:\/\/www.topohvar.at\/wp-content\/uploads\/2018\/07\/push-o-30.jpg\" alt=\"\" width=\"61\" height=\"30\" \/><\/a>\u00a0<a href=\"https:\/\/www.topohvar.at\/orte\/vj\/vj-is-11-1\/\"><img loading=\"lazy\" decoding=\"async\" class=\"alignnone wp-image-536 size-full\" src=\"https:\/\/www.topohvar.at\/wp-content\/uploads\/2018\/07\/push-r-30.jpg\" alt=\"\" width=\"61\" height=\"30\" \/><\/a><\/strong><\/p>\n<hr \/>\n<p><strong>Adresa \/ Adresse<br \/>\n<\/strong>Vrbanj,\u00a0Pod Hum, kapela Sv. Mihovila \/ Kapelle des hl. Michael<\/p>\n<p><strong>Lokalna polo\u017eaj \/ Position<a href=\"https:\/\/goo.gl\/maps\/ZvmJTbxqgc2C3hnx5\"><img loading=\"lazy\" decoding=\"async\" class=\"alignright wp-image-6934\" src=\"https:\/\/www.topohvar.at\/wp-content\/uploads\/2018\/08\/0871.jpg\" alt=\"\" width=\"134\" height=\"100\" \/><\/a><br \/>\n<\/strong><span style=\"color: #3366ff;\"><a style=\"color: #3366ff;\" href=\"https:\/\/goo.gl\/maps\/ZvmJTbxqgc2C3hnx5\">Latitude: N 43,17138\u00b0\u00a0 \u00a0 Longitude: E 16,63818\u00b0\u00a0<\/a><\/span><strong><br \/>\n<\/strong>Visina \/ H\u00f6he: 68 m<\/p>\n<p><strong>Zemlji\u0161te \/ Grundst\u00fccke<br \/>\n<\/strong>*580<div class='content-column one_half'><div style=\"padding-right:6px;\"><p><strong>Datum snimanja \/ Erfassungsdatum<br \/>\n<\/strong>17.05.2012 15:19:20<\/p>\n<hr \/>\n<p><strong>Informacije<\/strong><\/p>\n<p>U unutra\u0161njosti kapele sv. Mijhovila je spomen plo\u010du oslikanu na drvu\u00a0sa sljede\u0107im natpisom:<\/p><\/div><\/div><div class='content-column one_half last_column'><div style=\"padding-right:0px;padding-left:6px;\"><p><strong>Za\u0161titni polo\u017eaj \/ Schutzstellung<br \/>\n<\/strong>&#8211;<\/p>\n<hr \/>\n<p><strong>Info<\/strong><\/p>\n<p>Auf Holz gemalte Gedenktafel im Inneren der Kapelle zum hl. Michael mit folgender Inschrift:<\/p><\/div><\/div><div class='clear_column'><\/div><div class='content-column one_half'><div style=\"padding-right:6px;\"><p style=\"text-align: center;\">U . LJUBAVI . I . HARNOSTI<br \/>\nGOSPODIN . VISKO,<br \/>\nPAVI\u0106I\u0106 . TRESI\u0106<br \/>\nSAGRADI . NA . SLAVU<br \/>\nBO\u017dJU . I . S: MIHOVILA<br \/>\nI . DU\u0160A . OD . PURGATO<br \/>\nRIA . \u00a0NA. 21\/5. 1886<\/p><\/div><\/div><div class='content-column one_half last_column'><div style=\"padding-right:0px;padding-left:6px;\"><p style=\"text-align: center;\">In Liebe und Dankbarkeit<br \/>\nvon Herrn Visko<br \/>\nPavi\u010di\u0107 Tresi\u0107<br \/>\nerrichtet zu Ehre<br \/>\nGottes, des hl. Michael<br \/>\nund der Seelen im Fegefeuer<br \/>\nam 21. Mai 1886<\/p><\/div><\/div><div class='clear_column'><\/div><\/p>\n<hr \/>\n<p><strong>Linkovi \/ Links<\/strong><\/p>\n<p><span style=\"color: #3366ff;\"><a style=\"color: #3366ff;\" href=\"https:\/\/www.topohvar.at\/orte\/vj\/vj-cp-02-1\/\">Kapele Sv. Mijhovila \/ Kapelle zum hl. Michael<\/a><\/span><\/p>\n","protected":false},"excerpt":{"rendered":"<p>Ime \/ Name Spomen plo\u010da \/ Gedenktafel \u00bbVisko Pavi\u010di\u0107\u00ab Code: VJ-IS-09\u00a0 \u00a0 \u00a0 \u00a0 \u00a0 \u00a0 \u00a0 \u00a0\u00a0 \u00a0 \u00a0 \u00a0 \u00a0 \u00a0 \u00a0 \u00a0 \u00a0 \u00a0\u00a0\u00a0 Adresa \/ Adresse Vrbanj,\u00a0Pod Hum, kapela Sv. Mihovila \/ Kapelle des hl. Michael &hellip; <a href=\"https:\/\/www.topohvar.at\/topo\/orte\/vj\/vj-is-09-1\/\">Weiterlesen <span class=\"meta-nav\">&rarr;<\/span><\/a><\/p>\n","protected":false},"author":1,"featured_media":0,"parent":111,"menu_order":0,"comment_status":"closed","ping_status":"closed","template":"","meta":{"footnotes":""},"class_list":["post-6767","page","type-page","status-publish","hentry"],"_links":{"self":[{"href":"https:\/\/www.topohvar.at\/topo\/wp-json\/wp\/v2\/pages\/6767","targetHints":{"allow":["GET"]}}],"collection":[{"href":"https:\/\/www.topohvar.at\/topo\/wp-json\/wp\/v2\/pages"}],"about":[{"href":"https:\/\/www.topohvar.at\/topo\/wp-json\/wp\/v2\/types\/page"}],"author":[{"embeddable":true,"href":"https:\/\/www.topohvar.at\/topo\/wp-json\/wp\/v2\/users\/1"}],"replies":[{"embeddable":true,"href":"https:\/\/www.topohvar.at\/topo\/wp-json\/wp\/v2\/comments?post=6767"}],"version-history":[{"count":11,"href":"https:\/\/www.topohvar.at\/topo\/wp-json\/wp\/v2\/pages\/6767\/revisions"}],"predecessor-version":[{"id":32256,"href":"https:\/\/www.topohvar.at\/topo\/wp-json\/wp\/v2\/pages\/6767\/revisions\/32256"}],"up":[{"embeddable":true,"href":"https:\/\/www.topohvar.at\/topo\/wp-json\/wp\/v2\/pages\/111"}],"wp:attachment":[{"href":"https:\/\/www.topohvar.at\/topo\/wp-json\/wp\/v2\/media?parent=6767"}],"curies":[{"name":"wp","href":"https:\/\/api.w.org\/{rel}","templated":true}]}}