{"id":6769,"date":"2018-08-21T15:44:50","date_gmt":"2018-08-21T13:44:50","guid":{"rendered":"https:\/\/www.topohvar.at\/?page_id=6769"},"modified":"2020-03-04T10:09:00","modified_gmt":"2020-03-04T09:09:00","slug":"vj-mo-01-1","status":"publish","type":"page","link":"https:\/\/www.topohvar.at\/topo\/orte\/vj\/vj-mo-01-1\/","title":{"rendered":"VRBANJ &#8211; Spomenik \u00bbPalim borcima I. sv. Rat\u00ab"},"content":{"rendered":"<p><strong><img loading=\"lazy\" decoding=\"async\" class=\"alignnone wp-image-6611 size-large\" src=\"https:\/\/www.topohvar.at\/wp-content\/uploads\/2018\/08\/VJ-MO-01-0-1024x503.jpg\" alt=\"\" width=\"640\" height=\"314\" srcset=\"https:\/\/www.topohvar.at\/wp-content\/uploads\/2018\/08\/VJ-MO-01-0-1024x503.jpg 1024w, https:\/\/www.topohvar.at\/wp-content\/uploads\/2018\/08\/VJ-MO-01-0-300x147.jpg 300w, https:\/\/www.topohvar.at\/wp-content\/uploads\/2018\/08\/VJ-MO-01-0-768x377.jpg 768w, https:\/\/www.topohvar.at\/wp-content\/uploads\/2018\/08\/VJ-MO-01-0.jpg 1080w\" sizes=\"auto, (max-width: 640px) 100vw, 640px\" \/><\/strong><\/p>\n<p><strong>Ime \/ Name<br \/>\n<\/strong>Spomenik \u00bbPalim borcima I. sv. Rat\u00ab \/ Denkmal f\u00fcr die Gefallenen des I. Weltkrieges<\/p>\n<p><strong>Code: <\/strong>VJ-MO-01\u00a0 \u00a0 \u00a0 \u00a0 \u00a0 \u00a0 \u00a0 \u00a0<strong>\u00a0 \u00a0 \u00a0 \u00a0 \u00a0 \u00a0 \u00a0 \u00a0 \u00a0 \u00a0 \u00a0\u00a0<a href=\"https:\/\/www.topohvar.at\/orte\/vj\/vj-mo-07-1\/\"><img loading=\"lazy\" decoding=\"async\" class=\"alignnone wp-image-533 size-full\" src=\"https:\/\/www.topohvar.at\/wp-content\/uploads\/2018\/07\/push-l-30.jpg\" alt=\"\" width=\"61\" height=\"30\" \/><\/a>\u00a0<a href=\"https:\/\/www.topohvar.at\/orte\/vj\/\"><img loading=\"lazy\" decoding=\"async\" class=\"alignnone wp-image-535 size-full\" src=\"https:\/\/www.topohvar.at\/wp-content\/uploads\/2018\/07\/push-o-30.jpg\" alt=\"\" width=\"61\" height=\"30\" \/><\/a>\u00a0<a href=\"https:\/\/www.topohvar.at\/orte\/vj\/vj-mo-02-1\/\"><img loading=\"lazy\" decoding=\"async\" class=\"alignnone wp-image-536 size-full\" src=\"https:\/\/www.topohvar.at\/wp-content\/uploads\/2018\/07\/push-r-30.jpg\" alt=\"\" width=\"61\" height=\"30\" \/><\/a><\/strong><\/p>\n<hr \/>\n<p><strong>Adresa \/ Adresse<br \/>\n<\/strong>Vrbanj,\u00a0Pod Hum, na staroj cesti prema Starom Gradu \/ an der alten Stra\u00dfe nach Stari Grad<\/p>\n<p><strong>Lokalna polo\u017eaj \/ Position<a href=\"https:\/\/goo.gl\/maps\/GrhQuG7fLXWRJ39c9\"><img loading=\"lazy\" decoding=\"async\" class=\"alignright wp-image-7088\" src=\"https:\/\/www.topohvar.at\/wp-content\/uploads\/2018\/08\/0892.jpg\" alt=\"\" width=\"134\" height=\"100\" \/><\/a><br \/>\n<\/strong><span style=\"color: #3366ff;\"><a style=\"color: #3366ff;\" href=\"https:\/\/goo.gl\/maps\/GrhQuG7fLXWRJ39c9\">Latitude: N 43,16977\u00b0\u00a0 \u00a0 Longitude: E 16,64068\u00b0\u00a0<\/a><\/span><strong><br \/>\n<\/strong>Visina \/ H\u00f6he: 85 m<\/p>\n<p><strong>Zemlji\u0161te \/ Grundst\u00fccke<br \/>\n<\/strong>2203<div class='content-column one_half'><div style=\"padding-right:6px;\"><p><strong>Datum snimanja \/ Erfassungsdatum<br \/>\n<\/strong>12.10.2014 10:04:27<\/p>\n<hr \/>\n<p><strong>Informacije<\/strong><\/p>\n<p>Godine 1928., u \u0161umi pokraj kapele sv. Josipe na staroj cesti prema Starom Gradu podigao je spomenik trideset i sedam poginulih vojnika Prvog svjetskog rata, 1914.-1918.<\/p><\/div><\/div><div class='content-column one_half last_column'><div style=\"padding-right:0px;padding-left:6px;\"><p><strong>Za\u0161titni polo\u017eaj \/ Schutzstellung<br \/>\n<\/strong>&#8211;<\/p>\n<hr \/>\n<p><strong>Info<\/strong><\/p>\n<p>Im Jahre 1928 wurde im Wald in der N\u00e4he der Kapelle des hl. Josef auf der alten Stra\u00dfe nach Stari Grad ein Denkmal f\u00fcr die siebenunddrei\u00dfig Gefallenen des Ersten Weltkriegs, 1914-1918, errichtet.<\/p><\/div><\/div><div class='clear_column'><\/div><div class='content-column one_half'><div style=\"padding-right:6px;\"><p>Natpis:<\/p>\n<p>POGINULMA I UMRLIM U SVJETSKOM RATU 1914 &#8211; 1918<\/p>\n<p>KUZMA BURATOVI\u0106 POK. IVANA<br \/>\nKUZMA BURATOVI\u0106 VICKOV<br \/>\nLUKA BURATOVI\u0106 POK. PETRA<br \/>\nNIKOLA BURATOVI\u0106 POK. NIKOLE<br \/>\n\u0110URO BRATANI\u0106 IVANOV<br \/>\nIVAN BRATANI\u0106 POK. NIKOLE ABIT.CIMN<br \/>\nJOSIP BRATANI\u0106 MIHOVILOV<br \/>\nIVAN HLADI\u0106 POK. VICKA<br \/>\nBO\u017dO LU\u0160I\u0106 POK. CVIETKA<br \/>\n\u0110URO LU\u0160I\u0106 NIKOLIN ABIT.CIMN<br \/>\nNINO LU\u0160I\u0106 POK. IVANA<br \/>\nIVAN LJUBI\u0106 JOSIPOV<br \/>\nANTE MATKOVI\u0106 POK. IVANA<br \/>\nJAKOV MATKOVI\u0106 MARKOV<br \/>\nNIKOLA MATKOVI\u0106 POK. ANTE<br \/>\nNIKOLA MATKOVI\u0106 TOMIN<br \/>\nNATKO PAVI\u010cI\u0106-DONKI\u0106 MARKOV<br \/>\nIVAN PAVI\u010cI\u0106-DONKI\u0106 NIKOLIN<br \/>\nSTJEPAN PAVI\u010cI\u0106-DONKI\u0106 NIKOLIN<\/p>\n<p>PO\u010cIVALI U MIRU!<br \/>\nPODIGO\u0160E IZ LJUBAVI MJE\u0160TANI\u00a0 1928<\/p><\/div><\/div><div class='content-column one_half last_column'><div style=\"padding-right:0px;padding-left:6px;\"><p>Inschrift:<\/p>\n<p>Gefallene und Gestorbene im Ersten Weltkrieg 1914 \u2013 1918<\/p>\n<p>ANTE PAVI\u010cI\u0106 PETROV<br \/>\nIVAN PAVI\u010cI\u0106 POK. JAKOVA<br \/>\nIVAN PAVI\u010cI\u0106 POK. MARKA<br \/>\nKRSTO PAVI\u010cI\u0106 JURJEV CIMN. VII. RAZ.<br \/>\nKUZMA PAVI\u010cI\u0106 JURJEV<br \/>\nMIJO PAVI\u010cI\u0106 MIHOVILOV<br \/>\nANTE RA\u010cI\u0106 STJEPANOV<br \/>\n\u0110URO RA\u010cI\u0106 IVANOV<br \/>\nNIKOLA RA\u010cI\u0106 IVANOV<br \/>\nPETAR REGOVI\u0106 NIKOLIN<br \/>\nPETAR REGOVI\u0106 PETROV<br \/>\nJERE RESTOVI\u0106<br \/>\nLUKA TRESI\u0106 POK. MATE<br \/>\nIVAN TRESI\u0106 POK. LUKE<br \/>\nANDRIJA VIDO\u0160EVI\u0106 POK. MARINA APSOL. PRAVA<br \/>\nNIKOLA VIDO\u0160EVI\u0106 POK. IVANA<br \/>\nMARKO VIDO\u0160EVI\u0106 POK. JAKOVA<br \/>\nIVAN VODANOVI\u0106 POK. JOSIPA<br \/>\n<span style=\"color: #ffffff;\">.<\/span><\/p>\n<p>Ruhet in Frieden!<br \/>\nErrichtet in Liebe die Bewohner, 1928<\/p><\/div><\/div><div class='clear_column'><\/div><\/p>\n<hr \/>\n<p><strong>Linkovi \/ Links<\/strong><\/p>\n<p>&#8211;<\/p>\n","protected":false},"excerpt":{"rendered":"<p>Ime \/ Name Spomenik \u00bbPalim borcima I. sv. Rat\u00ab \/ Denkmal f\u00fcr die Gefallenen des I. Weltkrieges Code: VJ-MO-01\u00a0 \u00a0 \u00a0 \u00a0 \u00a0 \u00a0 \u00a0 \u00a0\u00a0 \u00a0 \u00a0 \u00a0 \u00a0 \u00a0 \u00a0 \u00a0 \u00a0 \u00a0 \u00a0\u00a0\u00a0\u00a0 Adresa \/ Adresse Vrbanj,\u00a0Pod &hellip; <a href=\"https:\/\/www.topohvar.at\/topo\/orte\/vj\/vj-mo-01-1\/\">Weiterlesen <span class=\"meta-nav\">&rarr;<\/span><\/a><\/p>\n","protected":false},"author":1,"featured_media":0,"parent":111,"menu_order":0,"comment_status":"closed","ping_status":"closed","template":"","meta":{"footnotes":""},"class_list":["post-6769","page","type-page","status-publish","hentry"],"_links":{"self":[{"href":"https:\/\/www.topohvar.at\/topo\/wp-json\/wp\/v2\/pages\/6769","targetHints":{"allow":["GET"]}}],"collection":[{"href":"https:\/\/www.topohvar.at\/topo\/wp-json\/wp\/v2\/pages"}],"about":[{"href":"https:\/\/www.topohvar.at\/topo\/wp-json\/wp\/v2\/types\/page"}],"author":[{"embeddable":true,"href":"https:\/\/www.topohvar.at\/topo\/wp-json\/wp\/v2\/users\/1"}],"replies":[{"embeddable":true,"href":"https:\/\/www.topohvar.at\/topo\/wp-json\/wp\/v2\/comments?post=6769"}],"version-history":[{"count":10,"href":"https:\/\/www.topohvar.at\/topo\/wp-json\/wp\/v2\/pages\/6769\/revisions"}],"predecessor-version":[{"id":32259,"href":"https:\/\/www.topohvar.at\/topo\/wp-json\/wp\/v2\/pages\/6769\/revisions\/32259"}],"up":[{"embeddable":true,"href":"https:\/\/www.topohvar.at\/topo\/wp-json\/wp\/v2\/pages\/111"}],"wp:attachment":[{"href":"https:\/\/www.topohvar.at\/topo\/wp-json\/wp\/v2\/media?parent=6769"}],"curies":[{"name":"wp","href":"https:\/\/api.w.org\/{rel}","templated":true}]}}