{"id":6772,"date":"2018-08-21T15:46:51","date_gmt":"2018-08-21T13:46:51","guid":{"rendered":"https:\/\/www.topohvar.at\/?page_id=6772"},"modified":"2025-03-31T11:09:25","modified_gmt":"2025-03-31T09:09:25","slug":"vj-mo-02-1","status":"publish","type":"page","link":"https:\/\/www.topohvar.at\/topo\/orte\/vj\/vj-mo-02-1\/","title":{"rendered":"VRBANJ &#8211; Spomenik \u00bbPalim borcima II. sv. Rat\u00ab"},"content":{"rendered":"<p><a name=\"seite_oben\"><\/a><br \/>\n<strong><img loading=\"lazy\" decoding=\"async\" class=\"alignnone wp-image-6616 size-large\" src=\"https:\/\/www.topohvar.at\/wp-content\/uploads\/2018\/08\/VJ-MO-02-0-1024x503.jpg\" alt=\"\" width=\"640\" height=\"314\" srcset=\"https:\/\/www.topohvar.at\/wp-content\/uploads\/2018\/08\/VJ-MO-02-0-1024x503.jpg 1024w, https:\/\/www.topohvar.at\/wp-content\/uploads\/2018\/08\/VJ-MO-02-0-300x147.jpg 300w, https:\/\/www.topohvar.at\/wp-content\/uploads\/2018\/08\/VJ-MO-02-0-768x377.jpg 768w, https:\/\/www.topohvar.at\/wp-content\/uploads\/2018\/08\/VJ-MO-02-0.jpg 1080w\" sizes=\"auto, (max-width: 640px) 100vw, 640px\" \/><\/strong><\/p>\n<p><strong>Ime \/ Name<br \/>\n<\/strong>Spomenik \u00bbPalim borcima II. sv. Rat\u00ab \/ Denkmal f\u00fcr die Gefallenen des II. Weltkrieges<\/p>\n<p><strong>Code: <\/strong>VJ-MO-02\u00a0 \u00a0 \u00a0 \u00a0 \u00a0 \u00a0 \u00a0 \u00a0<strong>\u00a0 \u00a0 \u00a0 \u00a0 \u00a0 \u00a0 \u00a0 \u00a0 \u00a0 \u00a0<a href=\"https:\/\/www.topohvar.at\/orte\/vj\/vj-mo-01-1\/\"><img loading=\"lazy\" decoding=\"async\" class=\"alignnone wp-image-533 size-full\" src=\"https:\/\/www.topohvar.at\/wp-content\/uploads\/2018\/07\/push-l-30.jpg\" alt=\"\" width=\"61\" height=\"30\" \/><\/a>\u00a0<a href=\"https:\/\/www.topohvar.at\/orte\/vj\/\"><img loading=\"lazy\" decoding=\"async\" class=\"alignnone wp-image-535 size-full\" src=\"https:\/\/www.topohvar.at\/wp-content\/uploads\/2018\/07\/push-o-30.jpg\" alt=\"\" width=\"61\" height=\"30\" \/><\/a>\u00a0<a href=\"https:\/\/www.topohvar.at\/orte\/vj\/vj-mo-03-1\/\"><img loading=\"lazy\" decoding=\"async\" class=\"alignnone wp-image-536 size-full\" src=\"https:\/\/www.topohvar.at\/wp-content\/uploads\/2018\/07\/push-r-30.jpg\" alt=\"\" width=\"61\" height=\"30\" \/><\/a><\/strong><\/p>\n<hr \/>\n<p><strong>Adresa \/ Adresse<br \/>\n<\/strong>Vrbanj<\/p>\n<p><strong>Lokalna polo\u017eaj \/ Position<a href=\"https:\/\/goo.gl\/maps\/k9zQdfiL369Sr58r9\"><img loading=\"lazy\" decoding=\"async\" class=\"alignright wp-image-7092\" src=\"https:\/\/www.topohvar.at\/wp-content\/uploads\/2018\/08\/0893.jpg\" alt=\"\" width=\"134\" height=\"100\" \/><\/a><br \/>\n<\/strong><span style=\"color: #3366ff;\"><a style=\"color: #3366ff;\" href=\"https:\/\/goo.gl\/maps\/k9zQdfiL369Sr58r9\">Latitude: N 43,16681\u00b0\u00a0 \u00a0 Longitude: E 16,64404\u00b0\u00a0<\/a><\/span><strong><br \/>\n<\/strong>Visina \/ H\u00f6he: 72 m<\/p>\n<p><strong>Zemlji\u0161te \/ Grundst\u00fccke<br \/>\n<\/strong>2381\/2<div class='content-column one_half'><div style=\"padding-right:6px;\"><p><strong>Datum snimanja \/ Erfassungsdatum<br \/>\n<\/strong>07.05.2015 09:02:59<\/p>\n<hr \/>\n<p><strong>Informacije<\/strong><\/p>\n<p>Kao spomen na 48 mje\u0161tana poginulih kao borci NOR-a od 1941-1945 podignut. u \u201eSelima\u201d spomenik koji je isklesao Bra\u010danin Lovre Jak\u0161i\u0107. Spomenik je postavio Odbor NF Vrbanj 14. VIII 1949. godine. Zid sa upisanim imenima 48 poginulih boraca napravljen je naknadno i ukomponiran u kompleks spomenika 1980. godine, akcijom mje\u0161tana.<\/p><\/div><\/div><div class='content-column one_half last_column'><div style=\"padding-right:0px;padding-left:6px;\"><p><strong>Za\u0161titni polo\u017eaj \/ Schutzstellung<br \/>\n<\/strong>&#8211;<\/p>\n<hr \/>\n<p><strong>Info<\/strong><\/p>\n<p>Als Erinnerung an die 48 Dorfbewohner, die 1941 bis 1945 als Soldaten des Nationalen Befreiungskampfes ums Leben kamen, wurde das Denkmal in \u201eSelima&#8220; von Lovre Jak\u0161i\u0107 aus Bra\u010d errichtet. Das Denkmal wurde vom Verwaltungsrat NF Vrbanj am 14. August 1949 errichtet. Die Wand mit den Namen von 48 gefallenen Soldaten wurde gefertigt und anschlie\u00dfend in das Denkmal integriert. Eine Aktion der Bewohner im Jahr 1980.<\/p><\/div><\/div><div class='clear_column'><\/div><div class='content-column one_half'><div style=\"padding-right:6px;\"><p>Spomenik postavljen je u centru mjesta uz glavnu oto\u010dku cestu. Izra\u0111en je od bijelog kamena u obliku izdvojenog i kamenom ogrador ogra\u0111enog prostora na koji se dolazi sa 5 stepenica. U sredine je figura naoru\u017eanog borca koji pridr\u017eava drugog ranjenog borca; koja kompozicija je smje\u0161tena na visokom \u010detvrtastom postamentu, na \u010dijoj je prednjoj strani spomen plo\u010da od crnog mramora sa tekstom posvete poginulim borcima. Iza spomenika je cenotaph u obliku fino proporcianiranog zida, na kojem je plo\u010da sa urezanim imenima palih boraca, dimenzija dva puta 200 x 200, tj. lijevo i desno od spomeniika. Cijeli kompleks je u malom spomen parku.<\/p><\/div><\/div><div class='content-column one_half last_column'><div style=\"padding-right:0px;padding-left:6px;\"><p>Es befindet sich im Ortszentrum an der Hauptstra\u00dfe und ist aus wei\u00dfem Stein in Form eines separaten Steinblocks mit 5 Stufen erreicht. In der Mitte die Figur eines bewaffneten K\u00e4mpfers, mit einem anderen verwundeten Soldaten auf einem hohen quadratischen Postament. Auf dessen Vorderseite befindet sich eine Gedenktafel aus schwarzem Marmor mit einem Text zur Ehre der gefallenen Soldaten. Hinter dem Denkmal ist ein Kenotaph in Form einer feinproportionierten Wand, auf dem sich links und rechts vom Denkmal zwei Messingplatten im Ausma\u00df von 200 x 200 befinden in denen die Namen der Gefallenen eingraviert sind. Der gesamte Komplex ist in einem kleinen Gedenkpark.<\/p><\/div><\/div><div class='clear_column'><\/div><div class='content-column one_half'><div style=\"padding-right:6px;\"><p>Natpis:<\/p>\n<p>PALIM BORCIMA U NARODNO OSLOBOD ILA\u010cKOM RATU 1941-1945. GOD.<\/p>\n<p>VAMA VJERNIM SINOVIMA STE PREDVODJENI KPJ POLO\u017dILI SVOJE \u017dIVOTE ZA SLOBODU I SRE\u0106U SOCIJALISTI\u010cKE DOMOVINE. PODI\u017dIEMO OVAJ SPOMENIK U ZNAK DUBOKE ZAHVALNOSTI I PO\u0160TOVANJA.<\/p>\n<p>VA\u0160 SVIJETLI PRIMJER BITI \u0106E NAM POTUKAZ U DALNJOJ BORBI ZA OSTVARENJE VA\u0160EG VELIKOG ZAPO\u010cETOG DJELA, A BUDU\u0106IM GENERACIJAMA PRIMJER LJUBAVI PREMA SLOBODNOJ DOMOVINI.<br \/>\nN. F. VRBANJ 14. VIII. 1949.<\/p><\/div><\/div><div class='content-column one_half last_column'><div style=\"padding-right:0px;padding-left:6px;\"><p>Inschrift:<\/p>\n<p>Gefallene Soldarten des nationalen Befreiungskrieges 1941-1945<\/p>\n<p>Ihr seid getreue S\u00f6hne, angef\u00fchrt von der Kommunistischen Partei gabt ihr euer Leben f\u00fcr die Freiheit und das Gl\u00fcck des sozialistischen Vaterlandes. Wir haben dieses Denkmal im Zeichen tiefer Dankbarkeit errichtet.<\/p>\n<p>Euer leuchtendes Beispiel wird f\u00fcr uns und f\u00fcr k\u00fcnftige Generationen Ma\u00dfstab beim weiteren Kampf f\u00fcr die Verwirklichung eurer gro\u00dfen Taten und Beispiel der Liebe zur freien Heimat sein.<\/p>\n<p>N. F. VRBANJ, am 14. August. 1949.<\/p><\/div><\/div><div class='clear_column'><\/div><div class='content-column one_half'><div style=\"padding-right:6px;\"><p>Popis imena poginulih boraca Vrbanja na lijevoj plo\u010di spomenika:<\/p>\n<p style=\"padding-left: 10px;\">BRATANI\u0106 BUDIMIR MIHOVILA<br \/>\nBRATANI\u0106 DINKO NIKOLE<br \/>\nBULI\u0106 MARIJAN NIKOLE<br \/>\nBURATOVI\u0106 \u0160IMON GABRE<br \/>\nBURATOVI\u0106 IVAN JAKOVA<br \/>\nBURATOVI\u0106 NIKOLA TOME<br \/>\nBURATOVI\u0106 JURAJ MASKO ANTE<br \/>\n\u010cUBRE NIKOLA LUKE<br \/>\n\u010cUBRE LUKA LUKE<br \/>\n\u010cUBRE MILIVOJ JURJA<br \/>\n\u010cUBRE DUJKO LUKE<br \/>\nJUSTINIJANOVI\u0106 TOMKO \u0160PIRE<br \/>\nLIZATOVI\u0106 ANTE MARIJANA<br \/>\nLIZATOVI\u0106 JOSIP MARIJANA<br \/>\nLUSI\u0106 MATE MATE<br \/>\nLUSI\u0106 STJEPANA STJEPAN<br \/>\nLJUBI\u0106 ANDELO CVITANA<br \/>\nMATKOVI\u0106 NIKOLA ANDRIJE<br \/>\nMATKOVI\u0106 SERAFIN ANDRIJE<br \/>\nMATKOVI\u0106 MIHOVIL MATIJE<br \/>\nMATKOVI\u0106 JURAJ IVANA<br \/>\nMATKOVI\u0106 DRA\u017dICA ANTE IVANA<br \/>\nMATKOVI\u0106 DRA\u017dICA IVAN MATIJA<br \/>\nMATKOVI\u0106 DRA\u017dICA MARIN MATIJA<\/p>\n<p>Popis imena poginulih boraca Vrbanja na desnoj plo\u010di spomenika:<\/p>\n<p style=\"padding-left: 10px;\">MILO\u0160 NIKOLA IVANA<br \/>\nPAVI\u010cI\u0106 TOMA JAKOVA<br \/>\nPAVI\u010cI\u0106 MATE MIHOVILA<br \/>\nPAVI\u010cI\u0106 SLAVO MIHOVILA<br \/>\nPAVI\u010cI\u0106 MARKO MIHOVILA<br \/>\nPAVI\u010cI\u0106 LUKA MARIJANA<br \/>\nPAVI\u010cI\u0106 MATE MARIJANA<br \/>\nPAVI\u010cI\u0106 JOSIP KUZME<br \/>\nPAVI\u010cI\u0106 ANTE MATE Tribunol<br \/>\nPAVI\u010cI\u0106 IVELJA DRAGO ILIJE<br \/>\nPERI\u0106\u00a0 IVO JERKA<br \/>\nREZOVI\u0106 MILAN VICKA<br \/>\nSTIP\u0160I\u0106 JULIJAN JURE<br \/>\nTRESI\u0106 MATE PETRA<br \/>\nTRESI\u0106 LUKA MATE<br \/>\nVIDO\u0160EVI\u0106 JOSIP BLA\u017dA<br \/>\nVIDO\u0160EVI\u0106 MARKO MARKA<br \/>\nVITALI IVO ANTE<br \/>\nVODANOVI\u0106 IVAN ANTE<br \/>\nVODANOVI\u0106 JAKOV ANTE<br \/>\nVODANOVI\u0106 JOSIP NIKOLE<br \/>\nVODANOVI\u0106 MANDICA NIKOLE<br \/>\nVODANOVI\u0106 NIKOLA JAKOVA Mi\u0107e<br \/>\nVODANOVI\u0106 NIKOLA ANTE<\/p>\n<div id=\"attachment_22597\" style=\"width: 310px\" class=\"wp-caption aligncenter\"><img loading=\"lazy\" decoding=\"async\" aria-describedby=\"caption-attachment-22597\" class=\"wp-image-22597 size-medium\" src=\"https:\/\/www.topohvar.at\/wp-content\/uploads\/2019\/05\/vj-mo-02-12-300x300.jpg\" alt=\"\" width=\"300\" height=\"300\" srcset=\"https:\/\/www.topohvar.at\/wp-content\/uploads\/2019\/05\/vj-mo-02-12-300x300.jpg 300w, https:\/\/www.topohvar.at\/wp-content\/uploads\/2019\/05\/vj-mo-02-12-150x150.jpg 150w, https:\/\/www.topohvar.at\/wp-content\/uploads\/2019\/05\/vj-mo-02-12.jpg 450w\" sizes=\"auto, (max-width: 300px) 100vw, 300px\" \/><p id=\"caption-attachment-22597\" class=\"wp-caption-text\">Ploca sa natpisom \/ Tafel mit Inschrift<\/p><\/div><\/div><\/div><div class='content-column one_half last_column'><div style=\"padding-right:0px;padding-left:6px;\"><p>Liste der Namen der gefallenen Vrbanjer Soldaten auf der linken Tafel des Denkmals.<\/p>\n<p>1918-1944<br \/>\n1925-1944<br \/>\n1925-1944<br \/>\n1917-1943<br \/>\n1921-1945<br \/>\n1921-1945<br \/>\n1922-1942<br \/>\n1921-1944<br \/>\n1925-1945<br \/>\n1914-1944<br \/>\n1911-1944<br \/>\n1922-1943<br \/>\n1917-1943<br \/>\n1922-1943<br \/>\n1922-1942<br \/>\n1919-1944<br \/>\n1915-1944<br \/>\n1918-1943<br \/>\n1925-1944<br \/>\n1915-1943<br \/>\n1920-1943<br \/>\n1919-1943<br \/>\n1919-1944<br \/>\n1921-1944<\/p>\n<p>Liste der Namen der gefallenen Vrbanjer Soldaten auf der rechten Tafel.<\/p>\n<p>1921-1945<br \/>\n1914-1943<br \/>\n1921-1943<br \/>\n1922-1943<br \/>\n1924-1944<br \/>\n1920-1943<br \/>\n1921-1943<br \/>\n1923-1943<br \/>\n1923-1943<br \/>\n1922-1944<br \/>\n1919-1942<br \/>\n1923-1944<br \/>\n1921-1943<br \/>\n1920-1942<br \/>\n1920-1943<br \/>\n1919-1943<br \/>\n1922-1944<br \/>\n1921-1942<br \/>\n1920-1943<br \/>\n1923-1943<br \/>\n1918-1943<br \/>\n1920-1944<br \/>\n1924-1945<br \/>\n1924-1945<\/p>\n<div id=\"attachment_22595\" style=\"width: 310px\" class=\"wp-caption aligncenter\"><img loading=\"lazy\" decoding=\"async\" aria-describedby=\"caption-attachment-22595\" class=\"wp-image-22595 size-medium\" src=\"https:\/\/www.topohvar.at\/wp-content\/uploads\/2019\/05\/vj-mo-02-13-300x300.jpg\" alt=\"\" width=\"300\" height=\"300\" srcset=\"https:\/\/www.topohvar.at\/wp-content\/uploads\/2019\/05\/vj-mo-02-13-300x300.jpg 300w, https:\/\/www.topohvar.at\/wp-content\/uploads\/2019\/05\/vj-mo-02-13-150x150.jpg 150w, https:\/\/www.topohvar.at\/wp-content\/uploads\/2019\/05\/vj-mo-02-13.jpg 450w\" sizes=\"auto, (max-width: 300px) 100vw, 300px\" \/><p id=\"caption-attachment-22595\" class=\"wp-caption-text\">Cijeli kompleks \/ Gesamtanlage<\/p><\/div><\/div><\/div><div class='clear_column'><\/div><\/p>\n<hr \/>\n<div class='content-column one_half'><div style=\"padding-right:6px;\"><p>U spomen parku sa spomenikom postavljena je manja kamena ploca sa natpisom:<\/p>\n<p style=\"text-align: center;\">SAMODOPRINOSOM<br \/>\nPOSTAVIO 27. VII 1978<br \/>\nNAROD VRBANJA<\/p><\/div><\/div><div class='content-column one_half last_column'><div style=\"padding-right:0px;padding-left:6px;\"><p>Im Gedenkpark findet sich beim Denkmal weiters eine steinerne Tafel mit folgender Inschrift:<\/p>\n<p style=\"text-align: center;\">Mit Kommunalabgabe<br \/>\nerrichtet am 27. Juli 1978<br \/>\nDas Volk von Vrbanj<\/p><\/div><\/div><div class='clear_column'><\/div><\/p>\n<p><img loading=\"lazy\" decoding=\"async\" class=\"aligncenter size-full wp-image-71248\" src=\"https:\/\/www.topohvar.at\/wp-content\/uploads\/2025\/03\/vj-mo-02-20.jpg\" alt=\"\" width=\"1200\" height=\"600\" srcset=\"https:\/\/www.topohvar.at\/wp-content\/uploads\/2025\/03\/vj-mo-02-20.jpg 1200w, https:\/\/www.topohvar.at\/wp-content\/uploads\/2025\/03\/vj-mo-02-20-300x150.jpg 300w, https:\/\/www.topohvar.at\/wp-content\/uploads\/2025\/03\/vj-mo-02-20-1024x512.jpg 1024w, https:\/\/www.topohvar.at\/wp-content\/uploads\/2025\/03\/vj-mo-02-20-768x384.jpg 768w\" sizes=\"auto, (max-width: 1200px) 100vw, 1200px\" \/><\/p>\n<p style=\"text-align: right;\"><span style=\"color: #3366ff;\"><a style=\"color: #3366ff;\" href=\"#seite_oben\">natrag na vrh \/ Seitenanfang<\/a><\/span><\/p>\n<hr \/>\n<p><strong>Linkovi \/ Links<\/strong><\/p>\n<p>&#8211;<\/p>\n","protected":false},"excerpt":{"rendered":"<p>Ime \/ Name Spomenik \u00bbPalim borcima II. sv. Rat\u00ab \/ Denkmal f\u00fcr die Gefallenen des II. Weltkrieges Code: VJ-MO-02\u00a0 \u00a0 \u00a0 \u00a0 \u00a0 \u00a0 \u00a0 \u00a0\u00a0 \u00a0 \u00a0 \u00a0 \u00a0 \u00a0 \u00a0 \u00a0 \u00a0 \u00a0\u00a0\u00a0 Adresa \/ Adresse Vrbanj Lokalna &hellip; <a href=\"https:\/\/www.topohvar.at\/topo\/orte\/vj\/vj-mo-02-1\/\">Weiterlesen <span class=\"meta-nav\">&rarr;<\/span><\/a><\/p>\n","protected":false},"author":1,"featured_media":0,"parent":111,"menu_order":0,"comment_status":"closed","ping_status":"closed","template":"","meta":{"footnotes":""},"class_list":["post-6772","page","type-page","status-publish","hentry"],"_links":{"self":[{"href":"https:\/\/www.topohvar.at\/topo\/wp-json\/wp\/v2\/pages\/6772","targetHints":{"allow":["GET"]}}],"collection":[{"href":"https:\/\/www.topohvar.at\/topo\/wp-json\/wp\/v2\/pages"}],"about":[{"href":"https:\/\/www.topohvar.at\/topo\/wp-json\/wp\/v2\/types\/page"}],"author":[{"embeddable":true,"href":"https:\/\/www.topohvar.at\/topo\/wp-json\/wp\/v2\/users\/1"}],"replies":[{"embeddable":true,"href":"https:\/\/www.topohvar.at\/topo\/wp-json\/wp\/v2\/comments?post=6772"}],"version-history":[{"count":20,"href":"https:\/\/www.topohvar.at\/topo\/wp-json\/wp\/v2\/pages\/6772\/revisions"}],"predecessor-version":[{"id":71250,"href":"https:\/\/www.topohvar.at\/topo\/wp-json\/wp\/v2\/pages\/6772\/revisions\/71250"}],"up":[{"embeddable":true,"href":"https:\/\/www.topohvar.at\/topo\/wp-json\/wp\/v2\/pages\/111"}],"wp:attachment":[{"href":"https:\/\/www.topohvar.at\/topo\/wp-json\/wp\/v2\/media?parent=6772"}],"curies":[{"name":"wp","href":"https:\/\/api.w.org\/{rel}","templated":true}]}}