{"id":6778,"date":"2018-08-21T15:52:32","date_gmt":"2018-08-21T13:52:32","guid":{"rendered":"https:\/\/www.topohvar.at\/?page_id=6778"},"modified":"2021-06-30T08:17:22","modified_gmt":"2021-06-30T06:17:22","slug":"vj-mo-05-1","status":"publish","type":"page","link":"https:\/\/www.topohvar.at\/topo\/orte\/vj\/vj-mo-05-1\/","title":{"rendered":"VRBANJ &#8211; Kip \u00bbBl. Alojzija Stepinca\u00ab"},"content":{"rendered":"<p><a name=\"seite_oben\"><\/a><br \/>\n<strong><img loading=\"lazy\" decoding=\"async\" class=\"alignnone wp-image-6614 size-large\" src=\"https:\/\/www.topohvar.at\/wp-content\/uploads\/2018\/08\/vj-mo-05-0-1024x503.jpg\" alt=\"\" width=\"640\" height=\"314\" srcset=\"https:\/\/www.topohvar.at\/wp-content\/uploads\/2018\/08\/vj-mo-05-0-1024x503.jpg 1024w, https:\/\/www.topohvar.at\/wp-content\/uploads\/2018\/08\/vj-mo-05-0-300x147.jpg 300w, https:\/\/www.topohvar.at\/wp-content\/uploads\/2018\/08\/vj-mo-05-0-768x377.jpg 768w, https:\/\/www.topohvar.at\/wp-content\/uploads\/2018\/08\/vj-mo-05-0.jpg 1080w\" sizes=\"auto, (max-width: 640px) 100vw, 640px\" \/><\/strong><\/p>\n<p><strong>Ime \/ Name<br \/>\n<\/strong>Kip \u00bbBl. Alojzija Stepinca\u00ab \/ Statue des seligen Aloisius Stepenic<\/p>\n<p><strong>Code: <\/strong>VJ-MO-05\u00a0 \u00a0 \u00a0 \u00a0 \u00a0 \u00a0 \u00a0 \u00a0<strong>\u00a0 \u00a0 \u00a0 \u00a0 \u00a0 \u00a0 \u00a0 \u00a0 \u00a0 \u00a0<a href=\"https:\/\/www.topohvar.at\/orte\/vj\/vj-mo-04-1\/\"><img loading=\"lazy\" decoding=\"async\" class=\"alignnone wp-image-533 size-full\" src=\"https:\/\/www.topohvar.at\/wp-content\/uploads\/2018\/07\/push-l-30.jpg\" alt=\"\" width=\"61\" height=\"30\" \/><\/a>\u00a0<a href=\"https:\/\/www.topohvar.at\/orte\/vj\/\"><img loading=\"lazy\" decoding=\"async\" class=\"alignnone wp-image-535 size-full\" src=\"https:\/\/www.topohvar.at\/wp-content\/uploads\/2018\/07\/push-o-30.jpg\" alt=\"\" width=\"61\" height=\"30\" \/><\/a>\u00a0<a href=\"https:\/\/www.topohvar.at\/orte\/vj\/vj-mo-09-1\/\"><img loading=\"lazy\" decoding=\"async\" class=\"alignnone wp-image-536 size-full\" src=\"https:\/\/www.topohvar.at\/wp-content\/uploads\/2018\/07\/push-r-30.jpg\" alt=\"\" width=\"61\" height=\"30\" \/><\/a><\/strong><\/p>\n<hr \/>\n<p><strong>Adresa \/ Adresse<br \/>\n<\/strong>Vrbanj,\u00a0Sv. Duh, park \u017eupnog dvora \/ Park beim Pfarrhof<\/p>\n<p><strong>Lokacija \/ Position<a href=\"https:\/\/goo.gl\/maps\/BjjiLBmMeeQt5hR69\"><img loading=\"lazy\" decoding=\"async\" class=\"alignright wp-image-7105\" src=\"https:\/\/www.topohvar.at\/wp-content\/uploads\/2018\/08\/1743.jpg\" alt=\"\" width=\"134\" height=\"100\" \/><\/a><br \/>\n<\/strong><span style=\"color: #3366ff;\"><a style=\"color: #3366ff;\" href=\"https:\/\/goo.gl\/maps\/BjjiLBmMeeQt5hR69\">Latitude: N 43,16646\u00b0\u00a0 \u00a0 Longitude: E 16,64589\u00b0\u00a0<\/a><\/span><strong><br \/>\n<\/strong>Visina \/ H\u00f6he: 84 m<\/p>\n<p><strong>Katastarska \u010destica \/ Grundst\u00fccke<br \/>\n<\/strong>3022\/3<div class='content-column one_half'><div style=\"padding-right:6px;\"><p><strong>Datum snimanja \/ Erfassungsdatum<br \/>\n<\/strong>13.05.2018 10:22:28<\/p>\n<hr \/>\n<p><strong>Informacije<\/strong><\/p>\n<p>U vrtu \u017eupnog Vrbanja nalazi se bron\u010dani kip bla\u017eenog Alojzija Stepinca. Kip je podignut 2017. godine u okviru redizajna u vrtu.<\/p><\/div><\/div><div class='content-column one_half last_column'><div style=\"padding-right:0px;padding-left:6px;\"><p><strong>Stupanj za\u0161tite \/ Schutzstellung<br \/>\n<\/strong>&#8211;<\/p>\n<hr \/>\n<p><strong>Info<\/strong><\/p>\n<p>Im Garten des Pfarrhofes von Vrbanj steht die Bronzestatue des seligen Aloisius Stepinac. Die Statue wurde im Zuge der Neugestaltung des Gartes im Jahr 2017 aufgestellt.<\/p><\/div><\/div><div class='clear_column'><\/div><\/p>\n<hr \/>\n<div class='content-column one_half'><div style=\"padding-right:6px;\"><p><strong>Alojzije Viktor kardinal Stepinac<\/strong><\/p>\n<p>Ro\u0111en je 8. svibnja 1898. u Brezari\u0107u uz Kra\u0161i\u0107u, Austro-Ugarska, a umro 10. velja\u010de 1960. ibid. Bio je rimokatoli\u010dki teolog, kardinal, a od 1937. do 1960. i nadbiskup zagreba\u010dki. Stepinca je papa Ivan Pavao II blagoslovio 1998. kao mu\u010denik.<\/p><\/div><\/div><div class='content-column one_half last_column'><div style=\"padding-right:0px;padding-left:6px;\"><p><strong>Alois Viktor Kardinal Stepinac<\/strong><\/p>\n<p>Wurde am 8. Mai 1898 in Brezari\u0107 bei Kra\u0161i\u0107, \u00d6sterreich-Ungarn geboren und verstarb am 10. Februar 1960 ebenda. Er war ein r\u00f6misch-katholischer Theologe, Kardinal und von 1937 bis 1960 und Erzbischof von Zagreb. Stepinac wurde 1998 von Papst Johannes Paul II. als M\u00e4rtyrer seliggesprochen.<\/p><\/div><\/div><div class='clear_column'><\/div><\/p>\n<p style=\"text-align: right;\"><span style=\"color: #3366ff;\"><a style=\"color: #3366ff;\" href=\"#seite_oben\">Natrag na vrh \/ Seitenanfang<\/a><\/span><\/p>\n<hr \/>\n<p><strong>Linkovi \/ Links<\/strong><\/p>\n<p><span style=\"color: #3366ff;\"><a style=\"color: #3366ff;\" href=\"https:\/\/www.topohvar.at\/orte\/vj\/vj-ov-01-1\/\">Park Bla\u017eenog Alojzija Stepinca \/ Park Aloisius Stepenic<\/a><br \/>\n<a style=\"color: #3366ff;\" href=\"https:\/\/www.topohvar.at\/topo\/orte\/vj\/vj-mo-09-1\/\">Kip Djevice Marije \/ Marienstatue<\/a><br \/>\n<a style=\"color: #3366ff;\" href=\"https:\/\/www.topohvar.at\/topo\/orte\/vj\/vj-ip-05-1\/\">Informativna plo\u010da \u00bbFontana Vrba\u00ab \/ Infotafel &#8222;Weidenbrunnen&#8220;<\/a><br \/>\n<\/span><\/p>\n","protected":false},"excerpt":{"rendered":"<p>Ime \/ Name Kip \u00bbBl. Alojzija Stepinca\u00ab \/ Statue des seligen Aloisius Stepenic Code: VJ-MO-05\u00a0 \u00a0 \u00a0 \u00a0 \u00a0 \u00a0 \u00a0 \u00a0\u00a0 \u00a0 \u00a0 \u00a0 \u00a0 \u00a0 \u00a0 \u00a0 \u00a0 \u00a0\u00a0\u00a0 Adresa \/ Adresse Vrbanj,\u00a0Sv. Duh, park \u017eupnog dvora \/ &hellip; <a href=\"https:\/\/www.topohvar.at\/topo\/orte\/vj\/vj-mo-05-1\/\">Weiterlesen <span class=\"meta-nav\">&rarr;<\/span><\/a><\/p>\n","protected":false},"author":1,"featured_media":0,"parent":111,"menu_order":0,"comment_status":"closed","ping_status":"closed","template":"","meta":{"footnotes":""},"class_list":["post-6778","page","type-page","status-publish","hentry"],"_links":{"self":[{"href":"https:\/\/www.topohvar.at\/topo\/wp-json\/wp\/v2\/pages\/6778","targetHints":{"allow":["GET"]}}],"collection":[{"href":"https:\/\/www.topohvar.at\/topo\/wp-json\/wp\/v2\/pages"}],"about":[{"href":"https:\/\/www.topohvar.at\/topo\/wp-json\/wp\/v2\/types\/page"}],"author":[{"embeddable":true,"href":"https:\/\/www.topohvar.at\/topo\/wp-json\/wp\/v2\/users\/1"}],"replies":[{"embeddable":true,"href":"https:\/\/www.topohvar.at\/topo\/wp-json\/wp\/v2\/comments?post=6778"}],"version-history":[{"count":14,"href":"https:\/\/www.topohvar.at\/topo\/wp-json\/wp\/v2\/pages\/6778\/revisions"}],"predecessor-version":[{"id":50428,"href":"https:\/\/www.topohvar.at\/topo\/wp-json\/wp\/v2\/pages\/6778\/revisions\/50428"}],"up":[{"embeddable":true,"href":"https:\/\/www.topohvar.at\/topo\/wp-json\/wp\/v2\/pages\/111"}],"wp:attachment":[{"href":"https:\/\/www.topohvar.at\/topo\/wp-json\/wp\/v2\/media?parent=6778"}],"curies":[{"name":"wp","href":"https:\/\/api.w.org\/{rel}","templated":true}]}}