{"id":6784,"date":"2018-08-21T15:59:24","date_gmt":"2018-08-21T13:59:24","guid":{"rendered":"https:\/\/www.topohvar.at\/?page_id=6784"},"modified":"2023-08-19T15:35:09","modified_gmt":"2023-08-19T13:35:09","slug":"vj-pu-01-1","status":"publish","type":"page","link":"https:\/\/www.topohvar.at\/topo\/orte\/vj\/vj-pu-01-1\/","title":{"rendered":"VRBANJ &#8211; Objekt \u00bbPut Matija Ivani\u0107a\u00ab"},"content":{"rendered":"<p><strong><img loading=\"lazy\" decoding=\"async\" class=\"alignnone wp-image-6622 size-large\" src=\"https:\/\/www.topohvar.at\/wp-content\/uploads\/2018\/08\/VJ-PU-01-0-1024x503.jpg\" alt=\"\" width=\"640\" height=\"314\" srcset=\"https:\/\/www.topohvar.at\/wp-content\/uploads\/2018\/08\/VJ-PU-01-0-1024x503.jpg 1024w, https:\/\/www.topohvar.at\/wp-content\/uploads\/2018\/08\/VJ-PU-01-0-300x147.jpg 300w, https:\/\/www.topohvar.at\/wp-content\/uploads\/2018\/08\/VJ-PU-01-0-768x377.jpg 768w, https:\/\/www.topohvar.at\/wp-content\/uploads\/2018\/08\/VJ-PU-01-0.jpg 1080w\" sizes=\"auto, (max-width: 640px) 100vw, 640px\" \/><\/strong><\/p>\n<p><strong>Ime \/ Name<br \/>\n<\/strong>Objekt \u00bbPut Matija Ivani\u0107a\u00ab \/\u00a0Ivani\u0107-Weg<\/p>\n<p><strong>Code: <\/strong>VJ-PU-01\u00a0 \u00a0 \u00a0 \u00a0 \u00a0 \u00a0 \u00a0 \u00a0 \u00a0 \u00a0 \u00a0 \u00a0 \u00a0<strong>\u00a0 \u00a0 \u00a0 \u00a0 <a href=\"https:\/\/www.topohvar.at\/topo\/orte\/vj\/vj-ob-02-1\"><img loading=\"lazy\" decoding=\"async\" class=\"alignnone wp-image-12300 size-full\" src=\"https:\/\/www.topohvar.at\/wp-content\/uploads\/2018\/09\/push-vor-30.jpg\" alt=\"\" width=\"61\" height=\"30\" \/><\/a> <a href=\"https:\/\/www.topohvar.at\/orte\/vj\/vj-pu-06-1\/\"><img loading=\"lazy\" decoding=\"async\" class=\"alignnone wp-image-533 size-full\" src=\"https:\/\/www.topohvar.at\/wp-content\/uploads\/2018\/07\/push-l-30.jpg\" alt=\"\" width=\"61\" height=\"30\" \/><\/a>\u00a0<a href=\"https:\/\/www.topohvar.at\/orte\/vj\/\"><img loading=\"lazy\" decoding=\"async\" class=\"alignnone wp-image-535 size-full\" src=\"https:\/\/www.topohvar.at\/wp-content\/uploads\/2018\/07\/push-o-30.jpg\" alt=\"\" width=\"61\" height=\"30\" \/><\/a>\u00a0<a href=\"https:\/\/www.topohvar.at\/orte\/vj\/vj-pu-02-1\/\"><img loading=\"lazy\" decoding=\"async\" class=\"alignnone wp-image-536 size-full\" src=\"https:\/\/www.topohvar.at\/wp-content\/uploads\/2018\/07\/push-r-30.jpg\" alt=\"\" width=\"61\" height=\"30\" \/><\/a> <a href=\"https:\/\/www.topohvar.at\/topo\/orte\/vj\/vj-ov-01-1\"><img loading=\"lazy\" decoding=\"async\" class=\"alignnone wp-image-12299 size-full\" src=\"https:\/\/www.topohvar.at\/wp-content\/uploads\/2018\/09\/push-next-30.jpg\" alt=\"\" width=\"61\" height=\"30\" \/><\/a><\/strong><\/p>\n<hr \/>\n<p><strong>Adresa \/ Adresse<br \/>\n<\/strong>Vrbanj,\u00a0Polje, Radi\u0107a Njiva<\/p>\n<p><strong>Lokalna polo\u017eaj \/ Position<a href=\"https:\/\/goo.gl\/maps\/Hbw6QSXEjJtxqRak9\"><img loading=\"lazy\" decoding=\"async\" class=\"alignright wp-image-7111\" src=\"https:\/\/www.topohvar.at\/wp-content\/uploads\/2018\/08\/0900.jpg\" alt=\"\" width=\"134\" height=\"100\" \/><\/a><br \/>\n<\/strong><span style=\"color: #3366ff;\"><a style=\"color: #3366ff;\" href=\"https:\/\/goo.gl\/maps\/Hbw6QSXEjJtxqRak9\">Latitude: N 43,17586\u00b0\u00a0 \u00a0 Longitude: E 16,64347\u00b0\u00a0<\/a><\/span><strong><br \/>\n<\/strong>Visina \/ H\u00f6he: 26 m<\/p>\n<p><strong>Zemlji\u0161te \/ Grundst\u00fccke<br \/>\n<\/strong>4106\/2<div class='content-column one_half'><div style=\"padding-right:6px;\"><p><strong>Datum snimanja \/ Erfassungsdatum<br \/>\n<\/strong>15.05.2012 10:50:00<\/p>\n<hr \/>\n<p><strong>Informacije<\/strong><\/p>\n<p>Ovaj najljep\u0161i srednjovjekovni put, kojem se gotovo u cijeloj du\u017eini o\u010duvala kaldrma, nazvan je po Vrbanjaninu Matiju Ivani\u0107u.<\/p><\/div><\/div><div class='content-column one_half last_column'><div style=\"padding-right:0px;padding-left:6px;\"><p><strong>Za\u0161titni polo\u017eaj \/ Schutzstellung<br \/>\n<\/strong>&#8211;<\/p>\n<hr \/>\n<p><strong>Info<\/strong><\/p>\n<p>Dieser sehr sch\u00f6ne mittelalterliche Weg, auf dem sich fast in der gesamten L\u00e4nge das Pflaster erhaltenen hat, ist nach dem Vrbanjer Matij Ivani\u0107 benannt.<\/p><\/div><\/div><div class='clear_column'><\/div><div class='content-column one_half'><div style=\"padding-right:6px;\"><p>Put vodi od sela Vrbanja do izvora vode na pola\u017eaju Carevac i napola dijeli parcele gr\u010dke podjele zemlji\u0161ta Starogradskog polja, koje se tada zove Campus Sancti Stephani odnosno Polje Sv. Stjepana.<\/p><\/div><\/div><div class='content-column one_half last_column'><div style=\"padding-right:0px;padding-left:6px;\"><p>Der Weg f\u00fchrt vom Dorf Vrbanj zur Quelle bei Carevac und in die Mitte der griechischen Landteilung des Stari Grader Feldes, das fr\u00fcher Campus Sancti Stephani bzw. Polje Sv. Stjepana genannt wurde.<\/p><\/div><\/div><div class='clear_column'><\/div><\/p>\n<hr \/>\n<p><strong>Linkovi \/ Links<\/strong><\/p>\n<p><span style=\"color: #3366ff;\"><a style=\"color: #3366ff;\" href=\"https:\/\/www.topohvar.at\/topo\/orte\/vj\/vj-ip-01-1\/\">Vrbanj &#8211; Informativna plo\u010da \u00bbPut Matija Ivani\u0107a\u00ab \/ Infotafel Ivani\u0107-Weg<\/a><br \/>\n<a style=\"color: #3366ff;\" href=\"https:\/\/www.topohvar.at\/topo\/orte\/vj\/vj-is-03-1\/\">Vrbanj &#8211; Spomen plo\u010da \u00bbKu\u010da Matij Ivani\u0107a\u00ab \/ Gedenktafel Haus Matij Ivani\u0107<\/a>\u00a0<\/span><br \/>\n<span style=\"color: #3366ff;\"><a style=\"color: #3366ff;\" href=\"https:\/\/www.topohvar.at\/topo\/orte\/vj\/vj-tg-01-1\/\">Vrbanj &#8211; Ku\u0107a \u00bbDom Matij Ivani\u0107\u00ab \/ Kulturhaus Matij Ivani\u0107<\/a>\u00a0<\/span><br \/>\n<span style=\"color: #3366ff;\"><a style=\"color: #3366ff;\" href=\"https:\/\/www.topohvar.at\/topo\/orte\/vj\/vj-is-06-1\/\">Vrbanj &#8211; Spomen plo\u010da \u00bbMatij Ivani\u0107, na 444-tu godisnjicu pu\u010dana\u00ab \/ Gedenktafel Matij Ivani\u0107, zum 444. Jahrestag des Aufstandes<\/a>\u00a0<\/span><br \/>\n<span style=\"color: #3366ff;\"><a style=\"color: #3366ff;\" href=\"https:\/\/www.topohvar.at\/topo\/orte\/vj\/vj-is-05-1\/\">Vrbanj &#8211; Spomen plo\u010da \u00bbMatij Ivani\u0107, na 500-tu godisnjicu pu\u010dana\u00ab \/ Gedenktafel Matij Ivani\u0107, zum 500. Jahrestag des Aufstandes<\/a>\u00a0<\/span><\/p>\n<p><span style=\"color: #3366ff;\"><strong><a style=\"color: #3366ff;\" href=\"https:\/\/www.topohvar.at\/topo\/orte\/vj\/vj-tg-08-1\/\">Mehr \u00fcber <\/a><a style=\"color: #3366ff;\" href=\"https:\/\/www.topohvar.at\/topo\/orte\/vj\/vj-tg-08-1\/\">Matij Ivani\u0107<\/a><a style=\"color: #3366ff;\" href=\"https:\/\/www.topohvar.at\/topo\/orte\/vj\/vj-tg-08-1\/\">\u00a0\/ vi\u0161e o Matiji Ivani\u0107u<\/a><\/strong><\/span><\/p>\n<p><a style=\"color: #3366ff;\" href=\"https:\/\/www.topohvar.at\/orte\/hv\/hv-ci-03-1\/\">Hvar &#8211; Pri\u010da o Hvarskom Svetom Kri\u017ei\u0107u \/\u00a0\u00a0die Geschichte vom Heiligen Kreuz in Hvar<\/a><br \/>\n<a href=\"https:\/\/www.topohvar.at\/topo\/orte\/hv\/hv-is-12-1\/\"><span style=\"color: #3366ff;\">Hvar &#8211; Spomen plo\u010da \u00bbMatij Ivani\u0107\u00ab \/ Gedenktafel \u00bbMatij Ivani\u0107\u00ab<\/span><\/a><span style=\"color: #3366ff;\">\u00a0<\/span><br \/>\n<span style=\"color: #3366ff;\"><a style=\"color: #3366ff;\" href=\"https:\/\/www.topohvar.at\/topo\/orte\/hv\/hv-ci-03\/\">Hvar &#8211; Crkva \u00bbGospa Anuncijata\u00ab \/ Kirche Maria Verk\u00fcndigung<\/a>\u00a0<\/span><\/p>\n<p><span style=\"color: #3366ff;\"><a style=\"color: #3366ff;\" href=\"https:\/\/www.topohvar.at\/topo\/orte\/je\/je-is-05-1\/\">Jelsa &#8211; Spomen plo\u010da \u00bb\u0106eta Matij Ivani\u0107\u00ab \/ Gedenktafel Partisaneneinheit Matij Ivani\u0107<\/a>\u00a0<\/span><\/p>\n<p><span style=\"color: #3366ff;\"><a style=\"color: #3366ff;\" href=\"https:\/\/www.topohvar.at\/topo\/orte\/sg\/sg-is-08-2\/\">Stari Grad &#8211; Spomen plo\u010da \u00bbMatij Ivani\u0107, napad 1510\u00ab\/ Gedenktafel an den Aufstand des\u00a0Matij Ivani\u0107 im Jahr 1510<\/a><\/span><\/p>\n<p><span style=\"color: #3366ff;\"><a style=\"color: #3366ff;\" href=\"https:\/\/www.topohvar.at\/topo\/orte\/sv\/sv-cp-07-1\/\">Svir\u010de &#8211; Kapela \u00bbSv. Nikole od Planine\u00ab \/ Kapelle des hl. Nikolaus am Berg<\/a><\/span><\/p>\n<p><span style=\"color: #3366ff;\"><a style=\"color: #3366ff;\" href=\"https:\/\/www.topohvar.at\/topo\/orte\/va\/va-tg-05-1\/\">Vrboska &#8211; Ku\u0107a \u00bbMatije Ivani\u0107a\u00ab \/ Haus des\u00a0Matij Ivani\u0107<\/a>\u00a0<\/span><br \/>\n<span style=\"color: #3366ff;\"><a style=\"color: #3366ff;\" href=\"https:\/\/www.topohvar.at\/topo\/orte\/va\/va-is-02-1\/\">Vrboska &#8211; Spomen plo\u010da \u00bbKu\u0107a Matije Ivani\u0107a\u00ab \/ Gedenktafel Haus des Matij Ivani\u0107<\/a><\/span><\/p>\n","protected":false},"excerpt":{"rendered":"<p>Ime \/ Name Objekt \u00bbPut Matija Ivani\u0107a\u00ab \/\u00a0Ivani\u0107-Weg Code: VJ-PU-01\u00a0 \u00a0 \u00a0 \u00a0 \u00a0 \u00a0 \u00a0 \u00a0 \u00a0 \u00a0 \u00a0 \u00a0 \u00a0\u00a0 \u00a0 \u00a0 \u00a0 \u00a0\u00a0 Adresa \/ Adresse Vrbanj,\u00a0Polje, Radi\u0107a Njiva Lokalna polo\u017eaj \/ Position Latitude: N 43,17586\u00b0\u00a0 \u00a0 &hellip; <a href=\"https:\/\/www.topohvar.at\/topo\/orte\/vj\/vj-pu-01-1\/\">Weiterlesen <span class=\"meta-nav\">&rarr;<\/span><\/a><\/p>\n","protected":false},"author":1,"featured_media":0,"parent":111,"menu_order":0,"comment_status":"closed","ping_status":"closed","template":"","meta":{"footnotes":""},"class_list":["post-6784","page","type-page","status-publish","hentry"],"_links":{"self":[{"href":"https:\/\/www.topohvar.at\/topo\/wp-json\/wp\/v2\/pages\/6784","targetHints":{"allow":["GET"]}}],"collection":[{"href":"https:\/\/www.topohvar.at\/topo\/wp-json\/wp\/v2\/pages"}],"about":[{"href":"https:\/\/www.topohvar.at\/topo\/wp-json\/wp\/v2\/types\/page"}],"author":[{"embeddable":true,"href":"https:\/\/www.topohvar.at\/topo\/wp-json\/wp\/v2\/users\/1"}],"replies":[{"embeddable":true,"href":"https:\/\/www.topohvar.at\/topo\/wp-json\/wp\/v2\/comments?post=6784"}],"version-history":[{"count":16,"href":"https:\/\/www.topohvar.at\/topo\/wp-json\/wp\/v2\/pages\/6784\/revisions"}],"predecessor-version":[{"id":64312,"href":"https:\/\/www.topohvar.at\/topo\/wp-json\/wp\/v2\/pages\/6784\/revisions\/64312"}],"up":[{"embeddable":true,"href":"https:\/\/www.topohvar.at\/topo\/wp-json\/wp\/v2\/pages\/111"}],"wp:attachment":[{"href":"https:\/\/www.topohvar.at\/topo\/wp-json\/wp\/v2\/media?parent=6784"}],"curies":[{"name":"wp","href":"https:\/\/api.w.org\/{rel}","templated":true}]}}